{"id":2585,"date":"2020-01-08T14:18:00","date_gmt":"2020-01-08T14:18:00","guid":{"rendered":"https:\/\/effetquebec.ca\/?post_type=decouvertes&#038;p=2585"},"modified":"2021-08-31T17:31:35","modified_gmt":"2021-08-31T17:31:35","slug":"le-grand-froid-studio-element","status":"publish","type":"decouvertes","link":"https:\/\/effetquebec.ca\/en\/decouvertes\/le-grand-froid-studio-element\/","title":{"rendered":"Le Grand Froid, r\u00e9alis\u00e9 par Studio Element, Qu\u00e9bec."},"content":{"rendered":"\n<div class=\"alignfull wp-block-ugb-cta ugb-cta ugb-bf060b0 ugb-cta ugb-cta--v2 ugb-main-block ugb--has-custom-content-width ugb--has-custom-content-width-tablet ugb--has-custom-content-width-mobile ugb-main-block--inner-full ugb--has-block-background ugb--has-background-overlay\"><style>.ugb-bf060b0 .ugb-cta__title,.ugb-bf060b0 .ugb-cta__description,.ugb-bf060b0 .ugb-button-container{text-align:right !important}.ugb-bf060b0 .ugb-cta__item{background-color:rgba(0,0,0,1) !important}.ugb-bf060b0 .ugb-cta__item:before{background-color:#000000 !important}.ugb-bf060b0 .ugb-cta__title{font-family:\"Open Sans\",Sans-serif !important;font-size:3.5em !important;letter-spacing:1px !important;color:#ffffff}.ugb-bf060b0 .ugb-cta__description{font-size:20px !important;color:#ffffff}.ugb-bf060b0 .ugb-inner-block{text-align:right}.ugb-bf060b0.ugb-cta{min-height:90vh;justify-content:flex-start;background-image:url(https:\/\/effetquebec.ca\/wp-content\/uploads\/2021\/08\/le-grand-froid-studio-element-5.jpg)}.ugb-bf060b0.ugb-cta > .ugb-inner-block{max-width:52% !important}.ugb-bf060b0.ugb-cta:before{opacity:0.5}@media screen and (min-width:768px){.ugb-bf060b0.ugb-cta{padding-left:0px !important}.ugb-bf060b0 > .ugb-inner-block > .ugb-block-content > *{min-height:400px}}@media screen and (max-width:1025px){.ugb-bf060b0 .ugb-cta__title{font-size:2.5em !important}.ugb-bf060b0.ugb-cta > .ugb-inner-block{max-width:70% !important}}@media screen and (max-width:768px){.ugb-bf060b0 .ugb-cta__title,.ugb-bf060b0 .ugb-cta__description,.ugb-bf060b0 .ugb-button-container{text-align:right}.ugb-bf060b0 .ugb-cta__title{font-size:1.5em !important}.ugb-bf060b0 .ugb-cta__description{margin-bottom:0px !important;font-size:18px !important}.ugb-bf060b0 .ugb-inner-block{text-align:right}.ugb-bf060b0.ugb-cta{padding-right:18px !important;padding-left:0px !important;min-height:50vh;background-repeat:no-repeat}.ugb-bf060b0.ugb-cta > .ugb-inner-block{max-width:70% !important}}@media screen and (-ms-high-contrast:active),screen and (-ms-high-contrast:none){.ugb-bf060b0.ugb-cta{height:90vh}}@media screen and (min-width:768px){.ugb-bf060b0 > .ugb-inner-block > .ugb-block-content > *{padding-right:70px !important;padding-left:70px !important}}@media screen and (max-width:768px){.ugb-bf060b0 > .ugb-inner-block > .ugb-block-content > *{padding-top:8% !important;padding-right:8% !important;padding-bottom:8% !important;padding-left:8% !important}}<\/style><div class=\"ugb-inner-block ugb-inner-block--full\"><div class=\"ugb-block-content\"><div class=\"ugb-cta__item ugb--shadow-6\"><h2 class=\"ugb-cta__title\">Le Grand Froid<\/h2><p class=\"ugb-cta__description\">r\u00e9alis\u00e9 par Studio Element, Qu\u00e9bec<\/p><\/div><\/div><\/div><\/div>\n\n\n\n<div class=\"wp-block-ugb-divider ugb-divider ugb-ab090f3 ugb-divider--v2 ugb-divider--design-basic ugb-main-block\"><style>.ugb-ab090f3 hr.ugb-divider__hr{margin-left:auto !important;margin-right:auto !important}<\/style><div class=\"ugb-inner-block\"><div class=\"ugb-block-content\"><hr class=\"ugb-divider__hr\"\/><\/div><\/div><\/div>\n\n\n\n<div class=\"wp-block-ugb-columns ugb-columns ugb-1be07fd ugb-columns--design-plain ugb-columns--columns-2 ugb-main-block\"><style>.ugb-1be07fd > .ugb-inner-block > .ugb-block-content > .ugb-columns__item{grid-template-columns:0.48fr 1.52fr !important}.ugb-1be07fd-content-wrapper{grid-column-gap:45px !important}<\/style><div class=\"ugb-inner-block\"><div class=\"ugb-block-content\"><div class=\"ugb-columns__item ugb-1be07fd-content-wrapper\">\n<div class=\"wp-block-ugb-column ugb-column ugb-7bcaea4 ugb-column--design-plain ugb-main-block\"><style>.ugb-7bcaea4 .ugb-inner-block{text-align:left}@media screen and (max-width:768px){.ugb-7bcaea4 .ugb-inner-block{text-align:center}}<\/style><div class=\"ugb-inner-block\"><div class=\"ugb-block-content\"><div class=\"ugb-column__item ugb-7bcaea4-column-wrapper\"><div class=\"ugb-column__content-wrapper\">\n<p>Propos recueillis par :<\/p>\n\n\n\n<div class=\"wp-block-ugb-columns ugb-columns ugb-8269640 ugb-columns--design-plain ugb-columns--columns-2 ugb-main-block\"><style>@media screen and (max-width:768px){.ugb-8269640-content-wrapper{grid-row-gap:0 !important}.ugb-8269640 .ugb-inner-block{text-align:center}}<\/style><div class=\"ugb-inner-block\"><div class=\"ugb-block-content\"><div class=\"ugb-columns__item ugb-8269640-content-wrapper\">\n<div class=\"wp-block-ugb-column ugb-column ugb-09af8f7 ugb-column--design-plain ugb-main-block\"><div class=\"ugb-inner-block\"><div class=\"ugb-block-content\"><div class=\"ugb-column__item ugb-09af8f7-column-wrapper\"><div class=\"ugb-column__content-wrapper\"><\/div><\/div><\/div><\/div><\/div>\n\n\n\n<div class=\"wp-block-ugb-column ugb-column ugb-d2227a0 ugb-column--design-plain ugb-main-block\"><div class=\"ugb-inner-block\"><div class=\"ugb-block-content\"><div class=\"ugb-column__item ugb-d2227a0-column-wrapper\"><div class=\"ugb-column__content-wrapper\">\n<div class=\"wp-block-image is-style-default\"><figure class=\"aligncenter size-thumbnail\"><img loading=\"lazy\" decoding=\"async\" width=\"150\" height=\"150\" src=\"https:\/\/effetquebec.ca\/wp-content\/uploads\/2021\/08\/marine-leparc-150x150.jpg\" alt=\"\" class=\"wp-image-2252\" srcset=\"https:\/\/effetquebec.ca\/wp-content\/uploads\/2021\/08\/marine-leparc-150x150.jpg 150w, https:\/\/effetquebec.ca\/wp-content\/uploads\/2021\/08\/marine-leparc-250x250.jpg 250w, https:\/\/effetquebec.ca\/wp-content\/uploads\/2021\/08\/marine-leparc-120x120.jpg 120w, https:\/\/effetquebec.ca\/wp-content\/uploads\/2021\/08\/marine-leparc.jpg 356w\" sizes=\"auto, (max-width: 150px) 100vw, 150px\" \/><figcaption>Marine Leparc<\/figcaption><\/figure><\/div>\n<\/div><\/div><\/div><\/div><\/div>\n<\/div><\/div><\/div><\/div>\n\n\n\n<p><\/p>\n<\/div><\/div><\/div><\/div><\/div>\n\n\n\n<div class=\"wp-block-ugb-column ugb-column ugb-8875465 ugb-column--design-plain ugb-main-block\"><style>@media screen and (min-width:768px){.ugb-8875465.ugb-column{margin-bottom:60px !important}}<\/style><div class=\"ugb-inner-block\"><div class=\"ugb-block-content\"><div class=\"ugb-column__item ugb-8875465-column-wrapper\"><div class=\"ugb-column__content-wrapper\">\n<h2 class=\"wp-block-heading\" style=\"font-size:25px\">L&#8217;exp\u00e9rience <\/h2>\n\n\n\n<p id=\"e197\"><a href=\"https:\/\/www.legrandfroid.com\/\" target=\"_blank\" rel=\"noreferrer noopener\">Le Grand Froid<\/a>&nbsp;est une exp\u00e9rience de r\u00e9alit\u00e9 virtuelle in situ qui permet de prendre contact avec le patrimoine culturel du pass\u00e9, pr\u00e9sent et futur d\u2019un lieu, \u00e0 travers une oeuvre artistique ludique, po\u00e9tique et p\u00e9dagogique.<\/p>\n\n\n\n<p id=\"b127\">Deux it\u00e9rations ont eu lieu en 2018 et 2019 lors du Festival de la Ville de Qu\u00e9bec sur la place d\u2019Youville, cette derni\u00e8re \u00e9tant int\u00e9gralement mod\u00e9lis\u00e9e en 3D et replac\u00e9e virtuellement dans une nouvelle \u00e8re glaci\u00e8re, de laquelle les humains se prot\u00e8gent par des d\u00f4mes g\u00e9ants.<\/p>\n\n\n\n<p id=\"db9c\">L\u2019exp\u00e9rience a \u00e9t\u00e9 s\u00e9lectionn\u00e9e en 2019 aux&nbsp;<a href=\"https:\/\/numix.ca\/palmares\/2019\/\" target=\"_blank\" rel=\"noreferrer noopener\">Prix Numix<\/a>&nbsp;dans la cat\u00e9gorie production culturelle \u2014 production immersive<\/p>\n<\/div><\/div><\/div><\/div><\/div>\n<\/div><\/div><\/div><\/div>\n\n\n\n<div class=\"alignwide wp-block-ugb-image-box ugb-image-box ugb-1c61610 ugb-image-box--v4 ugb-image-box--columns-2 ugb-image-box--design-basic ugb-image-box--align-center ugb-main-block\"><style>.ugb-1c61610 .ugb-image-box__box{border-radius:0px !important}.ugb-1c61610 .ugb-image-box__item{height:400px !important;justify-content:center !important}.ugb-1c61610 .ugb-image-box__item1 .ugb-image-box__image{background-image:url(https:\/\/effetquebec.ca\/wp-content\/uploads\/2021\/08\/le-grand-froid-studio-element-4.jpg)}.ugb-1c61610 .ugb-image-box__item2 .ugb-image-box__image{background-image:url(https:\/\/effetquebec.ca\/wp-content\/uploads\/2021\/08\/le-grand-froid-studio-element-2.jpg)}.ugb-1c61610 .ugb-inner-block{text-align:center}.ugb-1c61610 .ugb-block-content{column-gap:10px !important}@media screen and (min-width:768px){.ugb-1c61610 > .ugb-inner-block > .ugb-block-content > *{justify-content:center}}@media screen and (min-width:768px) and (max-width:1025px){.ugb-1c61610 .ugb-image-box__item{height:300px !important}}@media screen and (max-width:768px){.ugb-1c61610 .ugb-image-box__item{height:300px !important}}<\/style><div class=\"ugb-inner-block\"><div class=\"ugb-block-content\"><div class=\"ugb-image-box__item ugb-image-box__item1 ugb-image-box__box ugb--shadow-0\"><div class=\"ugb-image-box__box ugb-image-box__image-wrapper\"><div class=\"ugb-image-box__box ugb-image-box__image\"><\/div><\/div><div class=\"ugb-image-box__content\"><\/div><\/div><div class=\"ugb-image-box__item ugb-image-box__item2 ugb-image-box__box ugb--shadow-0\"><div class=\"ugb-image-box__box ugb-image-box__image-wrapper\"><div class=\"ugb-image-box__box ugb-image-box__image\"><\/div><\/div><div class=\"ugb-image-box__content\"><\/div><\/div><\/div><\/div><\/div>\n\n\n\n<div class=\"wp-block-ugb-container ugb-container ugb-915cbd8 ugb-container--v2 ugb-container--design-basic ugb-main-block\"><style>.ugb-915cbd8-wrapper.ugb-container__wrapper{border-radius:0px !important;padding-top:0 !important;padding-bottom:0 !important}.ugb-915cbd8-wrapper > .ugb-container__side{padding-top:35px !important;padding-bottom:35px !important;align-items:flex-end !important}.ugb-915cbd8 .ugb-inner-block{text-align:left}@media screen and (min-width:768px){.ugb-915cbd8-content-wrapper.ugb-container__content-wrapper{width:73% !important}}<\/style><div class=\"ugb-inner-block\"><div class=\"ugb-block-content\"><div class=\"ugb-container__wrapper ugb-915cbd8-wrapper ugb--shadow-0\"><div class=\"ugb-container__side\"><div class=\"ugb-container__content-wrapper ugb-915cbd8-content-wrapper\">\n<h2 class=\"wp-block-heading\" style=\"font-size:25px\">Le temps consacr\u00e9 \u00e0 la production<\/h2>\n\n\n\n<div class=\"wp-block-ugb-divider ugb-divider ugb-360363e ugb-divider--v2 ugb-divider--design-basic ugb-main-block\"><style>.ugb-360363e hr.ugb-divider__hr{margin-left:0 !important;margin-right:auto !important}.ugb-360363e .ugb-inner-block{text-align:left}<\/style><div class=\"ugb-inner-block\"><div class=\"ugb-block-content\"><hr class=\"ugb-divider__hr\"\/><\/div><\/div><\/div>\n\n\n\n<p id=\"3555\">Pour la premi\u00e8re it\u00e9ration, environ 1500 h au total. Cela n\u2019inclut pas les heures de l\u2019\u00e9quipe pour la diffusion.<\/p>\n\n\n\n<p id=\"1832\">Environ 600 \u00e0 700 h pour la 2\u00e8me it\u00e9ration.<\/p>\n\n\n\n<div class=\"wp-block-ugb-spacer ugb-spacer ugb-45edf49 ugb-spacer--v2 ugb-main-block\"><style>@media screen and (min-width:768px){.ugb-45edf49.ugb-spacer{height:20px}}<\/style><div class=\"ugb-inner-block\"><div class=\"ugb-block-content\"><div class=\"ugb-spacer--inner\"><\/div><\/div><\/div><\/div>\n\n\n\n<h2 class=\"wp-block-heading\" style=\"font-size:25px\">La naissance de l&#8217;id\u00e9e<\/h2>\n\n\n\n<div class=\"wp-block-ugb-divider ugb-divider ugb-e092680 ugb-divider--v2 ugb-divider--design-basic ugb-main-block\"><style>.ugb-e092680 hr.ugb-divider__hr{margin-left:0 !important;margin-right:auto !important}.ugb-e092680 .ugb-inner-block{text-align:left}<\/style><div class=\"ugb-inner-block\"><div class=\"ugb-block-content\"><hr class=\"ugb-divider__hr\"\/><\/div><\/div><\/div>\n\n\n\n<p>D\u00e8s 2017, et \u00e0 la suite du nouveau film&nbsp;<a href=\"https:\/\/www.imdb.com\/title\/tt1856101\/\" target=\"_blank\" rel=\"noreferrer noopener\">Blade Runner 2049<\/a>, l\u2019\u00e9quipe souhaitait travailler avec ce nouveau m\u00e9dium qu\u2019est la r\u00e9alit\u00e9 virtuelle. Ils souhaitaient tout d\u2019abord mod\u00e9liser un espace, et l\u2019imaginer dans le futur. Par la suite, ils ont fait appel \u00e0 un artiste en art visuel pour raconter une histoire \u00e0 l\u2019int\u00e9rieur de cet espace..<\/p>\n\n\n\n<p id=\"571c\">Pour la deuxi\u00e8me \u00e9dition, l\u2019\u00e9quipe a fait appel \u00e0 trois artistes. L\u2019ensemble du projet int\u00e9grait de la r\u00e9alit\u00e9 virtuelle, mais \u00e9galement des \u00e9l\u00e9ments physiques et interactifs comme des ventilateurs, ou une chaufferette synchronis\u00e9s et un wagon qui donnait la sensation de bouger.<\/p>\n\n\n\n<div class=\"wp-block-ugb-spacer ugb-spacer ugb-9385ff3 ugb-spacer--v2 ugb-main-block\"><style>@media screen and (min-width:768px){.ugb-9385ff3.ugb-spacer{height:20px}}<\/style><div class=\"ugb-inner-block\"><div class=\"ugb-block-content\"><div class=\"ugb-spacer--inner\"><\/div><\/div><\/div><\/div>\n\n\n\n<h2 class=\"wp-block-heading\" style=\"font-size:25px\">Les aspects particuliers de la production<\/h2>\n\n\n\n<div class=\"wp-block-ugb-divider ugb-divider ugb-fa34f44 ugb-divider--v2 ugb-divider--design-basic ugb-main-block\"><style>.ugb-fa34f44 hr.ugb-divider__hr{margin-left:0 !important;margin-right:auto !important}.ugb-fa34f44 .ugb-inner-block{text-align:left}<\/style><div class=\"ugb-inner-block\"><div class=\"ugb-block-content\"><hr class=\"ugb-divider__hr\"\/><\/div><\/div><\/div>\n\n\n\n<p>Comme premier projet, il s\u2019agissait d\u2019un challenge assez important. L\u2019\u00e9quipe a fait le choix de l\u2019engin de jeu Unreal Engine pour donner un effet de parallaxe (qui permet de donner la sensation de se promener \u00e0 l\u2019int\u00e9rieur de l\u2019espace mod\u00e9lis\u00e9).<\/p>\n<\/div><\/div><\/div><\/div><\/div><\/div>\n\n\n\n<div class=\"wp-block-ugb-image-box ugb-image-box ugb-c366daa ugb-image-box--v4 ugb-image-box--columns-1 ugb-image-box--design-basic ugb-main-block\"><style>.ugb-c366daa .ugb-image-box__box{border-radius:0px !important}.ugb-c366daa .ugb-image-box__item{height:400px !important}.ugb-c366daa .ugb-image-box__item1 .ugb-image-box__image{background-image:url(https:\/\/effetquebec.ca\/wp-content\/uploads\/2021\/08\/video-le-grand-froid-studio-element.png)}@media screen and (min-width:768px) and (max-width:1025px){.ugb-c366daa .ugb-image-box__item{height:300px !important}}@media screen and (max-width:768px){.ugb-c366daa .ugb-image-box__item{height:300px !important}}<\/style><div class=\"ugb-inner-block\"><div class=\"ugb-block-content\"><div class=\"ugb-image-box__item ugb-image-box__item1 ugb-image-box__box ugb--shadow-0\"><div class=\"ugb-image-box__box ugb-image-box__image-wrapper\"><div class=\"ugb-image-box__box ugb-image-box__image\"><\/div><\/div><div class=\"ugb-image-box__content\"><\/div><a class=\"ugb-image-box__overlay-link\" href=\"https:\/\/vimeo.com\/311724281\" target=\"_blank\" rel=\"noopener noreferrer\" title=\"\" aria-label=\"\"><\/a><\/div><\/div><\/div><\/div>\n\n\n\n<div class=\"wp-block-ugb-container ugb-container ugb-cf3615d ugb-container--v2 ugb-container--design-basic ugb-main-block\"><style>.ugb-cf3615d-wrapper.ugb-container__wrapper{border-radius:0px !important;padding-top:0 !important;padding-bottom:0 !important}.ugb-cf3615d-wrapper > .ugb-container__side{padding-top:35px !important;padding-bottom:35px !important;align-items:flex-end !important}.ugb-cf3615d .ugb-inner-block{text-align:left}@media screen and (min-width:768px){.ugb-cf3615d-content-wrapper.ugb-container__content-wrapper{width:73% !important}}<\/style><div class=\"ugb-inner-block\"><div class=\"ugb-block-content\"><div class=\"ugb-container__wrapper ugb-cf3615d-wrapper ugb--shadow-0\"><div class=\"ugb-container__side\"><div class=\"ugb-container__content-wrapper ugb-cf3615d-content-wrapper\">\n<h2 class=\"wp-block-heading\" style=\"font-size:25px\">Itin\u00e9raire de l&#8217;exp\u00e9rience <\/h2>\n\n\n\n<div class=\"wp-block-ugb-divider ugb-divider ugb-fecf450 ugb-divider--v2 ugb-divider--design-basic ugb-main-block\"><style>.ugb-fecf450 hr.ugb-divider__hr{margin-left:0 !important;margin-right:auto !important}.ugb-fecf450 .ugb-inner-block{text-align:left}<\/style><div class=\"ugb-inner-block\"><div class=\"ugb-block-content\"><hr class=\"ugb-divider__hr\"\/><\/div><\/div><\/div>\n\n\n\n<p>L\u2019exp\u00e9rience a \u00e9t\u00e9 imagin\u00e9e pour se d\u00e9velopper dans diff\u00e9rents espaces : on pourrait imaginer une \u00e9dition au Quartier des Spectacles, \u00e0 la SAT ou encore \u00e0 Philadelphie (espace au Patrimoine Mondial de l\u2019UNESCO) par exemple. L\u2019id\u00e9e est que dans chaque espace, on peut cr\u00e9er un terrain de jeu avec un artiste citoyen.<\/p>\n\n\n\n<div class=\"wp-block-ugb-spacer ugb-spacer ugb-b4a0cd7 ugb-spacer--v2 ugb-main-block\"><style>@media screen and (min-width:768px){.ugb-b4a0cd7.ugb-spacer{height:20px}}<\/style><div class=\"ugb-inner-block\"><div class=\"ugb-block-content\"><div class=\"ugb-spacer--inner\"><\/div><\/div><\/div><\/div>\n\n\n\n<h2 class=\"wp-block-heading\" style=\"font-size:25px\">La r\u00e9action du public<\/h2>\n\n\n\n<div class=\"wp-block-ugb-divider ugb-divider ugb-77e2d2d ugb-divider--v2 ugb-divider--design-basic ugb-main-block\"><style>.ugb-77e2d2d hr.ugb-divider__hr{margin-left:0 !important;margin-right:auto !important}.ugb-77e2d2d .ugb-inner-block{text-align:left}<\/style><div class=\"ugb-inner-block\"><div class=\"ugb-block-content\"><hr class=\"ugb-divider__hr\"\/><\/div><\/div><\/div>\n\n\n\n<p>L\u2019exp\u00e9rience a \u00e9t\u00e9 en nomination aux prix G\u00e9meaux et Numix, ce qui d\u00e9note un certain int\u00e9r\u00eat du public.<\/p>\n\n\n\n<p id=\"38cb\">Le Minist\u00e8re de la Culture et des Communications du Qu\u00e9bec a \u00e9galement reconnu le projet comme \u00e9tant novateur et l\u2019\u00e9quipe a pr\u00e9sent\u00e9 une s\u00e9rie de 2 conf\u00e9rences devant les fonctionnaires.<\/p>\n\n\n\n<p id=\"158f\">L\u2019exp\u00e9rience \u00e9tait \u00e0 chaque fois payante : 5$. Environ 1 900 utilisateurs de 7 \u00e0 87 ans ont pu assister aux deux it\u00e9rations \u2014 et il n\u2019y a eu aucun retour de \u201cmotion sickness\u201d (cette l\u00e9g\u00e8re sensation de naus\u00e9e que l\u2019on peut exp\u00e9rimenter lorsque l\u2019individu exp\u00e9rimente un univers qui ne semble pas en phase avec son regard ou ses mouvements r\u00e9els).1 personne au total a dit n\u2019avoir pas aim\u00e9 car \u201cc\u2019\u00e9tait plus beau en 1967!\u201d.<\/p>\n<\/div><\/div><\/div><\/div><\/div><\/div>\n\n\n\n<div class=\"alignwide wp-block-ugb-image-box ugb-image-box ugb-49a62a2 ugb-image-box--v4 ugb-image-box--columns-2 ugb-image-box--design-basic ugb-image-box--align-center ugb-main-block\"><style>.ugb-49a62a2 .ugb-image-box__box{border-radius:0px !important}.ugb-49a62a2 .ugb-image-box__item{height:400px !important;justify-content:center !important}.ugb-49a62a2 .ugb-image-box__item1 .ugb-image-box__image{background-image:url(https:\/\/effetquebec.ca\/wp-content\/uploads\/2021\/08\/le-grand-froid-studio-element-1.jpg)}.ugb-49a62a2 .ugb-image-box__item2 .ugb-image-box__image{background-image:url(https:\/\/effetquebec.ca\/wp-content\/uploads\/2021\/08\/le_grand_froid_event_still_0-10.jpg)}.ugb-49a62a2 .ugb-inner-block{text-align:center}.ugb-49a62a2 .ugb-block-content{column-gap:10px !important}@media screen and (min-width:768px){.ugb-49a62a2.ugb-image-box{margin-top:45px !important;margin-bottom:45px !important}.ugb-49a62a2 > .ugb-inner-block > .ugb-block-content > *{justify-content:center}}@media screen and (min-width:768px) and (max-width:1025px){.ugb-49a62a2 .ugb-image-box__item{height:300px !important}}@media screen and (max-width:768px){.ugb-49a62a2 .ugb-image-box__item{height:300px !important}}<\/style><div class=\"ugb-inner-block\"><div class=\"ugb-block-content\"><div class=\"ugb-image-box__item ugb-image-box__item1 ugb-image-box__box ugb--shadow-0\"><div class=\"ugb-image-box__box ugb-image-box__image-wrapper\"><div class=\"ugb-image-box__box ugb-image-box__image\"><\/div><\/div><div class=\"ugb-image-box__content\"><\/div><\/div><div class=\"ugb-image-box__item ugb-image-box__item2 ugb-image-box__box ugb--shadow-0\"><div class=\"ugb-image-box__box ugb-image-box__image-wrapper\"><div class=\"ugb-image-box__box ugb-image-box__image\"><\/div><\/div><div class=\"ugb-image-box__content\"><\/div><\/div><\/div><\/div><\/div>\n\n\n\n<div class=\"wp-block-ugb-container ugb-container ugb-a72ddd8 ugb-container--v2 ugb-container--design-basic ugb-main-block\"><style>.ugb-a72ddd8-wrapper.ugb-container__wrapper{border-radius:0px !important;padding-top:0 !important;padding-bottom:0 !important}.ugb-a72ddd8-wrapper > .ugb-container__side{padding-top:35px !important;padding-bottom:35px !important;align-items:flex-end !important}.ugb-a72ddd8 .ugb-inner-block{text-align:left}@media screen and (min-width:768px){.ugb-a72ddd8-content-wrapper.ugb-container__content-wrapper{width:73% !important}}<\/style><div class=\"ugb-inner-block\"><div class=\"ugb-block-content\"><div class=\"ugb-container__wrapper ugb-a72ddd8-wrapper ugb--shadow-0\"><div class=\"ugb-container__side\"><div class=\"ugb-container__content-wrapper ugb-a72ddd8-content-wrapper\">\n<h2 class=\"wp-block-heading\" style=\"font-size:25px\">Les d\u00e9fis <\/h2>\n\n\n\n<div class=\"wp-block-ugb-divider ugb-divider ugb-38ac0ae ugb-divider--v2 ugb-divider--design-basic ugb-main-block\"><style>.ugb-38ac0ae hr.ugb-divider__hr{margin-left:0 !important;margin-right:auto !important}.ugb-38ac0ae .ugb-inner-block{text-align:left}<\/style><div class=\"ugb-inner-block\"><div class=\"ugb-block-content\"><hr class=\"ugb-divider__hr\"\/><\/div><\/div><\/div>\n\n\n\n<p>Le plus gros d\u00e9fis a \u00e9t\u00e9 d\u2019\u00eatre pr\u00e9sent en ext\u00e9rieur : les rayons de soleil ont occasionn\u00e9 des probl\u00e8mes pour les capteurs et le conteneur dans lequel \u00e9tait l\u2019exp\u00e9rience n\u2019\u00e9tait pas tr\u00e8s \u00e9tanche. Il est donc imp\u00e9ratif de consid\u00e9rer un endroit s\u00e9curitaire.<\/p>\n\n\n\n<div class=\"wp-block-ugb-spacer ugb-spacer ugb-264f588 ugb-spacer--v2 ugb-main-block\"><style>@media screen and (min-width:768px){.ugb-264f588.ugb-spacer{height:20px}}<\/style><div class=\"ugb-inner-block\"><div class=\"ugb-block-content\"><div class=\"ugb-spacer--inner\"><\/div><\/div><\/div><\/div>\n\n\n\n<h2 class=\"wp-block-heading\" style=\"font-size:25px\">Le budget <\/h2>\n\n\n\n<div class=\"wp-block-ugb-divider ugb-divider ugb-693f987 ugb-divider--v2 ugb-divider--design-basic ugb-main-block\"><style>.ugb-693f987 hr.ugb-divider__hr{margin-left:0 !important;margin-right:auto !important}.ugb-693f987 .ugb-inner-block{text-align:left}<\/style><div class=\"ugb-inner-block\"><div class=\"ugb-block-content\"><hr class=\"ugb-divider__hr\"\/><\/div><\/div><\/div>\n\n\n\n<p>Comme il est n\u00e9cessaire d\u2019attendre 2 ans pour aller au\u00a0<a rel=\"noreferrer noopener\" href=\"http:\/\/cmf-fmc.ca\/a-propos-du-fmc\" target=\"_blank\">Fond des M\u00e9dias du Canada<\/a>, l\u2019\u00e9quipe a d\u00fb aller chercher du financement ailleurs. La ville de Qu\u00e9bec, par l\u2019<a href=\"https:\/\/www.ville.quebec.qc.ca\/apropos\/programmes-subventions\/art-culture\/entente-developpement-culturel.aspx\" target=\"_blank\" rel=\"noreferrer noopener\">entente de d\u00e9veloppement culturel<\/a>\u00a0a pu subventionner le projet \u00e0 hauteur de 50k \u2014 en passant par le Festival de Cin\u00e9ma de la Ville de Qu\u00e9bec, partenaire diffuseur de l\u2019exp\u00e9rience.<\/p>\n\n\n\n<figure class=\"wp-block-image size-full\"><img loading=\"lazy\" decoding=\"async\" width=\"700\" height=\"482\" src=\"https:\/\/effetquebec.ca\/wp-content\/uploads\/2021\/08\/experience-vr-immersive-le-grand-froid.png\" alt=\"\" class=\"wp-image-2600\" srcset=\"https:\/\/effetquebec.ca\/wp-content\/uploads\/2021\/08\/experience-vr-immersive-le-grand-froid.png 700w, https:\/\/effetquebec.ca\/wp-content\/uploads\/2021\/08\/experience-vr-immersive-le-grand-froid-250x172.png 250w, https:\/\/effetquebec.ca\/wp-content\/uploads\/2021\/08\/experience-vr-immersive-le-grand-froid-120x83.png 120w\" sizes=\"auto, (max-width: 700px) 100vw, 700px\" \/><\/figure>\n<\/div><\/div><\/div><\/div><\/div><\/div>\n","protected":false},"excerpt":{"rendered":"Une exp\u00e9rience de r\u00e9alit\u00e9 virtuelle in situ qui permet de prendre contact avec le patrimoine culturel du pass\u00e9, pr\u00e9sent et futur d\u2019un lieu.","protected":false},"author":118,"featured_media":0,"template":"","meta":{"_acf_changed":false,"_links_to":"","_links_to_target":""},"class_list":["post-2585","decouvertes","type-decouvertes","status-publish","hentry"],"featured_image_urls_v2":{"full":"","thumbnail":"","medium":"","medium_large":"","large":"","1536x1536":"","2048x2048":"","small":"","custom-size":"","grille":"","gform-image-choice-sm":"","gform-image-choice-md":"","gform-image-choice-lg":""},"post_excerpt_stackable_v2":"Une exp\u00e9rience de r\u00e9alit\u00e9 virtuelle in situ qui permet de prendre contact avec le patrimoine culturel du pass\u00e9, pr\u00e9sent et futur d\u2019un lieu.","category_list_v2":"","author_info_v2":{"name":"Sara","url":"https:\/\/effetquebec.ca\/en\/author\/saraxnquebec-co\/"},"comments_num_v2":"0 comments","acf":[],"yoast_head":"<!-- This site is optimized with the Yoast SEO plugin v27.4 - https:\/\/yoast.com\/product\/yoast-seo-wordpress\/ -->\n<title>Le Grand Froid, r\u00e9alis\u00e9 par Studio Element, Qu\u00e9bec. - L\u2019Effet Qu\u00e9bec<\/title>\n<meta name=\"robots\" content=\"index, follow, max-snippet:-1, max-image-preview:large, max-video-preview:-1\" \/>\n<link rel=\"canonical\" href=\"https:\/\/effetquebec.ca\/en\/decouvertes\/le-grand-froid-studio-element\/\" \/>\n<meta property=\"og:locale\" content=\"en_US\" \/>\n<meta property=\"og:type\" content=\"article\" \/>\n<meta property=\"og:title\" content=\"Le Grand Froid, r\u00e9alis\u00e9 par Studio Element, Qu\u00e9bec. - L\u2019Effet Qu\u00e9bec\" \/>\n<meta property=\"og:description\" content=\"Une exp\u00e9rience de r\u00e9alit\u00e9 virtuelle in situ qui permet de prendre contact avec le patrimoine culturel du pass\u00e9, pr\u00e9sent et futur d\u2019un lieu.\" \/>\n<meta property=\"og:url\" content=\"https:\/\/effetquebec.ca\/en\/decouvertes\/le-grand-froid-studio-element\/\" \/>\n<meta property=\"og:site_name\" content=\"L\u2019Effet Qu\u00e9bec\" \/>\n<meta property=\"article:publisher\" content=\"https:\/\/www.facebook.com\/XnQuebec\" \/>\n<meta property=\"article:modified_time\" content=\"2021-08-31T17:31:35+00:00\" \/>\n<meta property=\"og:image\" content=\"https:\/\/effetquebec.ca\/wp-content\/uploads\/2021\/08\/marine-leparc-150x150.jpg\" \/>\n<meta name=\"twitter:card\" content=\"summary_large_image\" \/>\n<meta name=\"twitter:label1\" content=\"Est. reading time\" \/>\n\t<meta name=\"twitter:data1\" content=\"3 minutes\" \/>\n<script type=\"application\/ld+json\" class=\"yoast-schema-graph\">{\"@context\":\"https:\\\/\\\/schema.org\",\"@graph\":[{\"@type\":\"WebPage\",\"@id\":\"https:\\\/\\\/effetquebec.ca\\\/en\\\/decouvertes\\\/le-grand-froid-studio-element\\\/\",\"url\":\"https:\\\/\\\/effetquebec.ca\\\/en\\\/decouvertes\\\/le-grand-froid-studio-element\\\/\",\"name\":\"Le Grand Froid, r\u00e9alis\u00e9 par Studio Element, Qu\u00e9bec. - L\u2019Effet Qu\u00e9bec\",\"isPartOf\":{\"@id\":\"https:\\\/\\\/effetquebec.ca\\\/en\\\/#website\"},\"primaryImageOfPage\":{\"@id\":\"https:\\\/\\\/effetquebec.ca\\\/en\\\/decouvertes\\\/le-grand-froid-studio-element\\\/#primaryimage\"},\"image\":{\"@id\":\"https:\\\/\\\/effetquebec.ca\\\/en\\\/decouvertes\\\/le-grand-froid-studio-element\\\/#primaryimage\"},\"thumbnailUrl\":\"https:\\\/\\\/effetquebec.ca\\\/wp-content\\\/uploads\\\/2021\\\/08\\\/marine-leparc-150x150.jpg\",\"datePublished\":\"2020-01-08T14:18:00+00:00\",\"dateModified\":\"2021-08-31T17:31:35+00:00\",\"breadcrumb\":{\"@id\":\"https:\\\/\\\/effetquebec.ca\\\/en\\\/decouvertes\\\/le-grand-froid-studio-element\\\/#breadcrumb\"},\"inLanguage\":\"en-CA\",\"potentialAction\":[{\"@type\":\"ReadAction\",\"target\":[\"https:\\\/\\\/effetquebec.ca\\\/en\\\/decouvertes\\\/le-grand-froid-studio-element\\\/\"]}]},{\"@type\":\"ImageObject\",\"inLanguage\":\"en-CA\",\"@id\":\"https:\\\/\\\/effetquebec.ca\\\/en\\\/decouvertes\\\/le-grand-froid-studio-element\\\/#primaryimage\",\"url\":\"https:\\\/\\\/effetquebec.ca\\\/wp-content\\\/uploads\\\/2021\\\/08\\\/marine-leparc-150x150.jpg\",\"contentUrl\":\"https:\\\/\\\/effetquebec.ca\\\/wp-content\\\/uploads\\\/2021\\\/08\\\/marine-leparc-150x150.jpg\"},{\"@type\":\"BreadcrumbList\",\"@id\":\"https:\\\/\\\/effetquebec.ca\\\/en\\\/decouvertes\\\/le-grand-froid-studio-element\\\/#breadcrumb\",\"itemListElement\":[{\"@type\":\"ListItem\",\"position\":1,\"name\":\"Accueil\",\"item\":\"https:\\\/\\\/effetquebec.ca\\\/en\\\/\"},{\"@type\":\"ListItem\",\"position\":2,\"name\":\"Discoveries\",\"item\":\"https:\\\/\\\/effetquebec.ca\\\/en\\\/decouvertes\\\/\"},{\"@type\":\"ListItem\",\"position\":3,\"name\":\"Le Grand Froid, r\u00e9alis\u00e9 par Studio Element, Qu\u00e9bec.\"}]},{\"@type\":\"WebSite\",\"@id\":\"https:\\\/\\\/effetquebec.ca\\\/en\\\/#website\",\"url\":\"https:\\\/\\\/effetquebec.ca\\\/en\\\/\",\"name\":\"L\u2019Effet Qu\u00e9bec\",\"description\":\"P\u00f4le d\u2019expertise en exportation\",\"publisher\":{\"@id\":\"https:\\\/\\\/effetquebec.ca\\\/en\\\/#organization\"},\"potentialAction\":[{\"@type\":\"SearchAction\",\"target\":{\"@type\":\"EntryPoint\",\"urlTemplate\":\"https:\\\/\\\/effetquebec.ca\\\/en\\\/?s={search_term_string}\"},\"query-input\":{\"@type\":\"PropertyValueSpecification\",\"valueRequired\":true,\"valueName\":\"search_term_string\"}}],\"inLanguage\":\"en-CA\"},{\"@type\":\"Organization\",\"@id\":\"https:\\\/\\\/effetquebec.ca\\\/en\\\/#organization\",\"name\":\"L\u2019Effet Qu\u00e9bec\",\"url\":\"https:\\\/\\\/effetquebec.ca\\\/en\\\/\",\"logo\":{\"@type\":\"ImageObject\",\"inLanguage\":\"en-CA\",\"@id\":\"https:\\\/\\\/effetquebec.ca\\\/en\\\/#\\\/schema\\\/logo\\\/image\\\/\",\"url\":\"https:\\\/\\\/effetquebec.ca\\\/wp-content\\\/uploads\\\/2026\\\/04\\\/EffetQuebec.LogoVertical.RGB_.Noir-fav-1.png\",\"contentUrl\":\"https:\\\/\\\/effetquebec.ca\\\/wp-content\\\/uploads\\\/2026\\\/04\\\/EffetQuebec.LogoVertical.RGB_.Noir-fav-1.png\",\"width\":512,\"height\":512,\"caption\":\"L\u2019Effet Qu\u00e9bec\"},\"image\":{\"@id\":\"https:\\\/\\\/effetquebec.ca\\\/en\\\/#\\\/schema\\\/logo\\\/image\\\/\"},\"sameAs\":[\"https:\\\/\\\/www.facebook.com\\\/XnQuebec\",\"https:\\\/\\\/www.instagram.com\\\/xnquebec\\\/\",\"https:\\\/\\\/www.linkedin.com\\\/company\\\/xnquebec\\\/\"]}]}<\/script>\n<!-- \/ Yoast SEO plugin. -->","yoast_head_json":{"title":"Le Grand Froid, r\u00e9alis\u00e9 par Studio Element, Qu\u00e9bec. - L\u2019Effet Qu\u00e9bec","robots":{"index":"index","follow":"follow","max-snippet":"max-snippet:-1","max-image-preview":"max-image-preview:large","max-video-preview":"max-video-preview:-1"},"canonical":"https:\/\/effetquebec.ca\/en\/decouvertes\/le-grand-froid-studio-element\/","og_locale":"en_US","og_type":"article","og_title":"Le Grand Froid, r\u00e9alis\u00e9 par Studio Element, Qu\u00e9bec. - L\u2019Effet Qu\u00e9bec","og_description":"Une exp\u00e9rience de r\u00e9alit\u00e9 virtuelle in situ qui permet de prendre contact avec le patrimoine culturel du pass\u00e9, pr\u00e9sent et futur d\u2019un lieu.","og_url":"https:\/\/effetquebec.ca\/en\/decouvertes\/le-grand-froid-studio-element\/","og_site_name":"L\u2019Effet Qu\u00e9bec","article_publisher":"https:\/\/www.facebook.com\/XnQuebec","article_modified_time":"2021-08-31T17:31:35+00:00","og_image":[{"url":"https:\/\/effetquebec.ca\/wp-content\/uploads\/2021\/08\/marine-leparc-150x150.jpg","type":"","width":"","height":""}],"twitter_card":"summary_large_image","twitter_misc":{"Est. reading time":"3 minutes"},"schema":{"@context":"https:\/\/schema.org","@graph":[{"@type":"WebPage","@id":"https:\/\/effetquebec.ca\/en\/decouvertes\/le-grand-froid-studio-element\/","url":"https:\/\/effetquebec.ca\/en\/decouvertes\/le-grand-froid-studio-element\/","name":"Le Grand Froid, r\u00e9alis\u00e9 par Studio Element, Qu\u00e9bec. - L\u2019Effet Qu\u00e9bec","isPartOf":{"@id":"https:\/\/effetquebec.ca\/en\/#website"},"primaryImageOfPage":{"@id":"https:\/\/effetquebec.ca\/en\/decouvertes\/le-grand-froid-studio-element\/#primaryimage"},"image":{"@id":"https:\/\/effetquebec.ca\/en\/decouvertes\/le-grand-froid-studio-element\/#primaryimage"},"thumbnailUrl":"https:\/\/effetquebec.ca\/wp-content\/uploads\/2021\/08\/marine-leparc-150x150.jpg","datePublished":"2020-01-08T14:18:00+00:00","dateModified":"2021-08-31T17:31:35+00:00","breadcrumb":{"@id":"https:\/\/effetquebec.ca\/en\/decouvertes\/le-grand-froid-studio-element\/#breadcrumb"},"inLanguage":"en-CA","potentialAction":[{"@type":"ReadAction","target":["https:\/\/effetquebec.ca\/en\/decouvertes\/le-grand-froid-studio-element\/"]}]},{"@type":"ImageObject","inLanguage":"en-CA","@id":"https:\/\/effetquebec.ca\/en\/decouvertes\/le-grand-froid-studio-element\/#primaryimage","url":"https:\/\/effetquebec.ca\/wp-content\/uploads\/2021\/08\/marine-leparc-150x150.jpg","contentUrl":"https:\/\/effetquebec.ca\/wp-content\/uploads\/2021\/08\/marine-leparc-150x150.jpg"},{"@type":"BreadcrumbList","@id":"https:\/\/effetquebec.ca\/en\/decouvertes\/le-grand-froid-studio-element\/#breadcrumb","itemListElement":[{"@type":"ListItem","position":1,"name":"Accueil","item":"https:\/\/effetquebec.ca\/en\/"},{"@type":"ListItem","position":2,"name":"Discoveries","item":"https:\/\/effetquebec.ca\/en\/decouvertes\/"},{"@type":"ListItem","position":3,"name":"Le Grand Froid, r\u00e9alis\u00e9 par Studio Element, Qu\u00e9bec."}]},{"@type":"WebSite","@id":"https:\/\/effetquebec.ca\/en\/#website","url":"https:\/\/effetquebec.ca\/en\/","name":"L\u2019Effet Qu\u00e9bec","description":"P\u00f4le d\u2019expertise en exportation","publisher":{"@id":"https:\/\/effetquebec.ca\/en\/#organization"},"potentialAction":[{"@type":"SearchAction","target":{"@type":"EntryPoint","urlTemplate":"https:\/\/effetquebec.ca\/en\/?s={search_term_string}"},"query-input":{"@type":"PropertyValueSpecification","valueRequired":true,"valueName":"search_term_string"}}],"inLanguage":"en-CA"},{"@type":"Organization","@id":"https:\/\/effetquebec.ca\/en\/#organization","name":"L\u2019Effet Qu\u00e9bec","url":"https:\/\/effetquebec.ca\/en\/","logo":{"@type":"ImageObject","inLanguage":"en-CA","@id":"https:\/\/effetquebec.ca\/en\/#\/schema\/logo\/image\/","url":"https:\/\/effetquebec.ca\/wp-content\/uploads\/2026\/04\/EffetQuebec.LogoVertical.RGB_.Noir-fav-1.png","contentUrl":"https:\/\/effetquebec.ca\/wp-content\/uploads\/2026\/04\/EffetQuebec.LogoVertical.RGB_.Noir-fav-1.png","width":512,"height":512,"caption":"L\u2019Effet Qu\u00e9bec"},"image":{"@id":"https:\/\/effetquebec.ca\/en\/#\/schema\/logo\/image\/"},"sameAs":["https:\/\/www.facebook.com\/XnQuebec","https:\/\/www.instagram.com\/xnquebec\/","https:\/\/www.linkedin.com\/company\/xnquebec\/"]}]}},"_links":{"self":[{"href":"https:\/\/effetquebec.ca\/en\/wp-json\/wp\/v2\/decouvertes\/2585","targetHints":{"allow":["GET"]}}],"collection":[{"href":"https:\/\/effetquebec.ca\/en\/wp-json\/wp\/v2\/decouvertes"}],"about":[{"href":"https:\/\/effetquebec.ca\/en\/wp-json\/wp\/v2\/types\/decouvertes"}],"author":[{"embeddable":true,"href":"https:\/\/effetquebec.ca\/en\/wp-json\/wp\/v2\/users\/118"}],"wp:attachment":[{"href":"https:\/\/effetquebec.ca\/en\/wp-json\/wp\/v2\/media?parent=2585"}],"curies":[{"name":"wp","href":"https:\/\/api.w.org\/{rel}","templated":true}]}}