{"id":2626,"date":"2021-09-16T17:19:47","date_gmt":"2021-09-16T17:19:47","guid":{"rendered":"https:\/\/effetquebec.ca\/?post_type=decouvertes&#038;p=2626"},"modified":"2022-05-17T18:59:49","modified_gmt":"2022-05-17T18:59:49","slug":"linfini-felix-paul-studio-studio-phi","status":"publish","type":"decouvertes","link":"https:\/\/effetquebec.ca\/en\/decouvertes\/linfini-felix-paul-studio-studio-phi\/","title":{"rendered":"L&#8217;Infini, cr\u00e9\u00e9e par Felix &#038; Paul Studio et le Studio Phi"},"content":{"rendered":"\n<div class=\"alignfull wp-block-ugb-cta ugb-cta ugb-bf060b0 ugb-cta ugb-cta--v2 ugb-main-block ugb--has-custom-content-width ugb--has-custom-content-width-tablet ugb--has-custom-content-width-mobile ugb-main-block--inner-full ugb--has-block-background ugb--has-background-overlay\"><style>.ugb-bf060b0 .ugb-cta__title,.ugb-bf060b0 .ugb-cta__description,.ugb-bf060b0 .ugb-button-container{text-align:right !important}.ugb-bf060b0 .ugb-cta__item{background-color:rgba(0,0,0,1) !important}.ugb-bf060b0 .ugb-cta__item:before{background-color:#000000 !important}.ugb-bf060b0 .ugb-cta__title{font-family:\"Open Sans\",Sans-serif !important;font-size:3.5em !important;letter-spacing:1px !important;color:#ffffff}.ugb-bf060b0 .ugb-cta__description{font-size:20px !important;color:#ffffff}.ugb-bf060b0 .ugb-inner-block{text-align:right}.ugb-bf060b0.ugb-cta{min-height:90vh;justify-content:flex-start;background-image:url(https:\/\/effetquebec.ca\/wp-content\/uploads\/2021\/08\/infi-felix-et-paul-2.jpg)}.ugb-bf060b0.ugb-cta > .ugb-inner-block{max-width:52% !important}.ugb-bf060b0.ugb-cta:before{opacity:0.5}@media screen and (min-width:768px){.ugb-bf060b0.ugb-cta{padding-left:0px !important}.ugb-bf060b0 > .ugb-inner-block > .ugb-block-content > *{min-height:400px}}@media screen and (max-width:1025px){.ugb-bf060b0 .ugb-cta__title{font-size:2.5em !important}.ugb-bf060b0.ugb-cta > .ugb-inner-block{max-width:70% !important}}@media screen and (max-width:768px){.ugb-bf060b0 .ugb-cta__title,.ugb-bf060b0 .ugb-cta__description,.ugb-bf060b0 .ugb-button-container{text-align:right}.ugb-bf060b0 .ugb-cta__title{font-size:1.5em !important}.ugb-bf060b0 .ugb-cta__description{margin-bottom:0px !important;font-size:18px !important}.ugb-bf060b0 .ugb-inner-block{text-align:right}.ugb-bf060b0.ugb-cta{padding-right:18px !important;padding-left:0px !important;min-height:50vh;background-repeat:no-repeat}.ugb-bf060b0.ugb-cta > .ugb-inner-block{max-width:70% !important}}@media screen and (-ms-high-contrast:active),screen and (-ms-high-contrast:none){.ugb-bf060b0.ugb-cta{height:90vh}}@media screen and (min-width:768px){.ugb-bf060b0 > .ugb-inner-block > .ugb-block-content > *{padding-right:70px !important;padding-left:70px !important}}@media screen and (max-width:768px){.ugb-bf060b0 > .ugb-inner-block > .ugb-block-content > *{padding-top:8% !important;padding-right:8% !important;padding-bottom:8% !important;padding-left:8% !important}}<\/style><div class=\"ugb-inner-block ugb-inner-block--full\"><div class=\"ugb-block-content\"><div class=\"ugb-cta__item ugb--shadow-6\"><h2 class=\"ugb-cta__title\">L&#8217;Infini  <\/h2><p class=\"ugb-cta__description\">cr\u00e9\u00e9e par Felix &amp; Paul Studio et le Studio Phi en association avec TIME Studios <\/p><\/div><\/div><\/div><\/div>\n\n\n\n<div class=\"wp-block-ugb-divider ugb-divider ugb-ab090f3 ugb-divider--v2 ugb-divider--design-basic ugb-main-block\"><style>.ugb-ab090f3 hr.ugb-divider__hr{margin-left:auto !important;margin-right:auto !important}<\/style><div class=\"ugb-inner-block\"><div class=\"ugb-block-content\"><hr class=\"ugb-divider__hr\"\/><\/div><\/div><\/div>\n\n\n\n<div class=\"wp-block-ugb-columns ugb-columns ugb-1be07fd ugb-columns--design-plain ugb-columns--columns-2 ugb-main-block\"><style>.ugb-1be07fd > .ugb-inner-block > .ugb-block-content > .ugb-columns__item{grid-template-columns:0.48fr 1.52fr !important}.ugb-1be07fd-content-wrapper{grid-column-gap:45px !important}<\/style><div class=\"ugb-inner-block\"><div class=\"ugb-block-content\"><div class=\"ugb-columns__item ugb-1be07fd-content-wrapper\">\n<div class=\"wp-block-ugb-column ugb-column ugb-7bcaea4 ugb-column--design-plain ugb-main-block\"><style>.ugb-7bcaea4 .ugb-inner-block{text-align:left}@media screen and (max-width:768px){.ugb-7bcaea4 .ugb-inner-block{text-align:center}}<\/style><div class=\"ugb-inner-block\"><div class=\"ugb-block-content\"><div class=\"ugb-column__item ugb-7bcaea4-column-wrapper\"><div class=\"ugb-column__content-wrapper\">\n<p>Propos recueillis par :<\/p>\n\n\n\n<div class=\"wp-block-ugb-columns ugb-columns ugb-8269640 ugb-columns--design-plain ugb-columns--columns-2 ugb-main-block\"><style>@media screen and (max-width:768px){.ugb-8269640-content-wrapper{grid-row-gap:0 !important}.ugb-8269640 .ugb-inner-block{text-align:center}}<\/style><div class=\"ugb-inner-block\"><div class=\"ugb-block-content\"><div class=\"ugb-columns__item ugb-8269640-content-wrapper\">\n<div class=\"wp-block-ugb-column ugb-column ugb-09af8f7 ugb-column--design-plain ugb-main-block\"><div class=\"ugb-inner-block\"><div class=\"ugb-block-content\"><div class=\"ugb-column__item ugb-09af8f7-column-wrapper\"><div class=\"ugb-column__content-wrapper\">\n<div class=\"wp-block-image is-style-default\"><figure class=\"aligncenter size-thumbnail\"><img loading=\"lazy\" decoding=\"async\" width=\"150\" height=\"150\" src=\"https:\/\/effetquebec.ca\/wp-content\/uploads\/2021\/08\/philippe-bedard-150x150.jpg\" alt=\"\" class=\"wp-image-2250\" srcset=\"https:\/\/effetquebec.ca\/wp-content\/uploads\/2021\/08\/philippe-bedard-150x150.jpg 150w, https:\/\/effetquebec.ca\/wp-content\/uploads\/2021\/08\/philippe-bedard-250x250.jpg 250w, https:\/\/effetquebec.ca\/wp-content\/uploads\/2021\/08\/philippe-bedard-120x120.jpg 120w, https:\/\/effetquebec.ca\/wp-content\/uploads\/2021\/08\/philippe-bedard.jpg 356w\" sizes=\"auto, (max-width: 150px) 100vw, 150px\" \/><figcaption>Philippe B\u00e9dard<\/figcaption><\/figure><\/div>\n<\/div><\/div><\/div><\/div><\/div>\n\n\n\n<div class=\"wp-block-ugb-column ugb-column ugb-d2227a0 ugb-column--design-plain ugb-main-block\"><div class=\"ugb-inner-block\"><div class=\"ugb-block-content\"><div class=\"ugb-column__item ugb-d2227a0-column-wrapper\"><div class=\"ugb-column__content-wrapper\"><\/div><\/div><\/div><\/div><\/div>\n<\/div><\/div><\/div><\/div>\n<\/div><\/div><\/div><\/div><\/div>\n\n\n\n<div class=\"wp-block-ugb-column ugb-column ugb-8875465 ugb-column--design-plain ugb-main-block\"><style>@media screen and (min-width:768px){.ugb-8875465.ugb-column{margin-bottom:60px !important}}<\/style><div class=\"ugb-inner-block\"><div class=\"ugb-block-content\"><div class=\"ugb-column__item ugb-8875465-column-wrapper\"><div class=\"ugb-column__content-wrapper\">\n<p id=\"6bd4\">Rarement ai-je pleur\u00e9 en faisant une exp\u00e9rience de r\u00e9alit\u00e9 virtuelle. R\u00e9cemment, il y a eu&nbsp;<em>Le livre de la distance<\/em>&nbsp;(Randall Okita, 2020) et&nbsp;<em>Namoo<\/em>&nbsp;(Erick Oh, 2021). Maintenant, je peux rajouter&nbsp;<em>L\u2019INFINI<\/em>&nbsp;\u00e0 cette liste. Dans le cadre d\u2019une s\u00e9quence vid\u00e9o 360\u00b0 d\u2019une dizaine de minutes tourn\u00e9e \u00e0 bord de la coupole d\u2019observation panoramique de la Station Spatiale Internationale, j\u2019ai pu me mettre dans la peau d\u2019un astronaute et observer la terre d\u2019un point de vue que moins de 400 individus ont eu le privil\u00e8ge d\u2019occuper dans l\u2019histoire de l\u2019humanit\u00e9. Alors que j\u2019\u00e9tais confortablement install\u00e9 dans une usine convertie en galerie d\u2019art \u00e0 Griffintown, les images qu\u2019on me proposait me transportaient plut\u00f4t \u00e0 quelques 400 km de distance, en orbite de la terre. C\u2019est ainsi que j\u2019ai pu vivre (par procuration) ce qu\u2019on appelle \u00ab l\u2019effet de surplomb \u00bb, soit ce fameux choc cognitif qui frappe celles et ceux qui voient la terre depuis l\u2019espace et qui sont ainsi confront\u00e9s \u00e0 une perspective totalement nouvelle qui d\u00e9passe l\u2019entendement humain. Pour moi qui \u00e9tudie ce ph\u00e9nom\u00e8ne depuis plusieurs ann\u00e9es, la chance de voir ces images de mes propres yeux m\u2019a \u00e9mu \u00e0 un tel point que je n\u2019ai pas pu me retenir d\u2019en verser quelques larmes.<\/p>\n\n\n\n<p id=\"8fdf\">C\u2019est dans le cadre de&nbsp;<em>L\u2019INFINI<\/em>&nbsp;que j\u2019ai pu vivre cette exp\u00e9rience au sein d\u2019un parcours immersif tout en lumi\u00e8re totalisant plus de 1000 m<sup>2<\/sup>. Pr\u00e9sent\u00e9e \u00e0&nbsp;<strong>Arsenal Art Contemporain<\/strong>&nbsp;Montr\u00e9al du 21 juillet jusqu\u2019au 7 novembre 2021,&nbsp;<em>L\u2019INFINI<\/em>&nbsp;est une nouvelle exposition immersive r\u00e9alis\u00e9e par&nbsp;<strong>Felix &amp; Paul Studios<\/strong>&nbsp;et produite par&nbsp;<strong>PHI Studios<\/strong>, en partenariat avec&nbsp;<strong>Time Studios<\/strong>. Pendant une heure, celle-ci propose un parcours lumineux qui nous invite \u00e0 quitter la terre et \u00e0 explorer de nouveaux territoires, de nouvelles exp\u00e9riences et de nouvelles fa\u00e7ons de voir le monde. Bien que certaines des images tourn\u00e9es depuis quelque temps par le studio montr\u00e9alais \u00e0 bord de la Station Spatiale Internationale aient d\u00e9j\u00e0 \u00e9t\u00e9 pr\u00e9sent\u00e9es sous forme de vid\u00e9o 360\u00b0 dans le cadre de la s\u00e9rie&nbsp;<em>Space Explorers<\/em>, cette exposition offre une nouvelle fa\u00e7on de d\u00e9couvrir ces contenus en les int\u00e9grant \u00e0 un parcours lumineux que je me permets de vous d\u00e9crire dans ce compte rendu. <\/p>\n<\/div><\/div><\/div><\/div><\/div>\n<\/div><\/div><\/div><\/div>\n\n\n\n<div class=\"wp-block-group alignwide\"><div class=\"wp-block-group__inner-container is-layout-flow wp-block-group-is-layout-flow\">\n<div class=\"alignwide wp-block-ugb-image-box ugb-image-box ugb-1c61610 ugb-image-box--v4 ugb-image-box--columns-2 ugb-image-box--design-basic ugb-image-box--align-center ugb-main-block\"><style>.ugb-1c61610 .ugb-image-box__box{border-radius:0px !important}.ugb-1c61610 .ugb-image-box__item{height:400px !important;justify-content:center !important}.ugb-1c61610 .ugb-image-box__item1 .ugb-image-box__image{background-image:url(https:\/\/effetquebec.ca\/wp-content\/uploads\/2021\/08\/1625933523306-1-1536x722-1.jpeg)}.ugb-1c61610 .ugb-image-box__item2 .ugb-image-box__image{background-image:url(https:\/\/effetquebec.ca\/wp-content\/uploads\/2021\/08\/THE_INFINITE_map_seven_zones-1-1536x1037-1.jpg)}.ugb-1c61610 .ugb-inner-block{text-align:center}.ugb-1c61610 .ugb-block-content{column-gap:10px !important}@media screen and (min-width:768px){.ugb-1c61610 > .ugb-inner-block > .ugb-block-content > *{justify-content:center}}@media screen and (min-width:768px) and (max-width:1025px){.ugb-1c61610 .ugb-image-box__item{height:300px !important}}@media screen and (max-width:768px){.ugb-1c61610 .ugb-image-box__item{height:300px !important}}<\/style><div class=\"ugb-inner-block\"><div class=\"ugb-block-content\"><div class=\"ugb-image-box__item ugb-image-box__item1 ugb-image-box__box ugb--shadow-0\"><div class=\"ugb-image-box__box ugb-image-box__image-wrapper\"><div class=\"ugb-image-box__box ugb-image-box__image\" role=\"img\" aria-label=\" Rendu artistique du sas d'introduction de\u00a0L'INFINI. Source\u00a0: PHI.ca\"><\/div><\/div><div class=\"ugb-image-box__content\"><div class=\"ugb-image-box__header\"><div class=\"ugb-image-box__subtitle\"><mark style=\"background-color:rgba(0, 0, 0, 0)\" class=\"has-inline-color has-white-color\"> <em>Rendu artistique du sas d&#8217;introduction de\u00a0<em>L&#8217;INFINI<\/em>. <\/em><\/mark><br><mark style=\"background-color:rgba(0, 0, 0, 0)\" class=\"has-inline-color has-white-color\"><em>Source\u00a0: PHI.ca<\/em><\/mark><\/div><\/div><\/div><\/div><div class=\"ugb-image-box__item ugb-image-box__item2 ugb-image-box__box ugb--shadow-0\"><div class=\"ugb-image-box__box ugb-image-box__image-wrapper\"><div class=\"ugb-image-box__box ugb-image-box__image\" role=\"img\" aria-label=\"Repr\u00e9sentation des 1000 m2&nbsp;de&nbsp;&nbsp;L'INFINI. Source&nbsp;: PHI.ca \"><\/div><\/div><div class=\"ugb-image-box__content\"><div class=\"ugb-image-box__header\"><div class=\"ugb-image-box__subtitle\">Repr\u00e9sentation des 1000 m<sup>2<\/sup>&nbsp;de&nbsp;&nbsp;<em>L&#8217;INFINI<\/em>. <br>Source&nbsp;: PHI.ca <\/div><\/div><\/div><\/div><\/div><\/div><\/div>\n<\/div><\/div>\n\n\n\n<div class=\"wp-block-ugb-container ugb-container ugb-915cbd8 ugb-container--v2 ugb-container--design-basic ugb-main-block\"><style>.ugb-915cbd8-wrapper.ugb-container__wrapper{border-radius:0px !important;padding-top:0 !important;padding-bottom:0 !important}.ugb-915cbd8-wrapper > .ugb-container__side{padding-top:35px !important;padding-bottom:35px !important;align-items:flex-end !important}.ugb-915cbd8 .ugb-inner-block{text-align:left}@media screen and (min-width:768px){.ugb-915cbd8-content-wrapper.ugb-container__content-wrapper{width:73% !important}}<\/style><div class=\"ugb-inner-block\"><div class=\"ugb-block-content\"><div class=\"ugb-container__wrapper ugb-915cbd8-wrapper ugb--shadow-0\"><div class=\"ugb-container__side\"><div class=\"ugb-container__content-wrapper ugb-915cbd8-content-wrapper\">\n<h2 class=\"wp-block-heading\" style=\"font-size:25px\">Exploration spatiale <\/h2>\n\n\n\n<div class=\"wp-block-ugb-divider ugb-divider ugb-e5f19d7 ugb-divider--v2 ugb-divider--design-basic ugb-main-block\"><style>.ugb-e5f19d7 hr.ugb-divider__hr{margin-left:0 !important;margin-right:auto !important}.ugb-e5f19d7 .ugb-inner-block{text-align:left}<\/style><div class=\"ugb-inner-block\"><div class=\"ugb-block-content\"><hr class=\"ugb-divider__hr\"\/><\/div><\/div><\/div>\n\n\n\n<p>Bien qu\u2019elle soit \u00ab inspir\u00e9e par les missions de la NASA \u00bb et bien que le c\u0153ur de l\u2019exposition reste les images que Felix &amp; Paul ont ramen\u00e9es de la Station Spatiale Internationale,&nbsp;<em>L\u2019INFINI<\/em>&nbsp;n\u2019est pas qu\u2019\u00e0 propos de l\u2019espace. Comme le sugg\u00e8re la narration qui constitue le prologue de l\u2019exposition, le parcours qui nous est propos\u00e9 est \u00e9galement marqu\u00e9 par la d\u00e9couverte; spatiale, certes, mais aussi du monde, de ce qui nous anime et de ce qui nous unit.<\/p>\n\n\n\n<p>Pour&nbsp;<strong>F\u00e9lix Lajeunesse<\/strong>&nbsp;(Co-fondateur et directeur de la cr\u00e9ation du studio Felix &amp; Paul), \u00ab l\u2019exploration spatiale est un sujet infiniment vaste \u00bb.&nbsp;<em>L\u2019INFINI<\/em>&nbsp;invite donc le public \u00e0 aborder le sujet d\u2019un point de vue plus \u00e9motionnel, plus visc\u00e9ral, voire plus spirituel. L\u2019espace \u2014 de m\u00eame que l\u2019esprit de d\u00e9couverte qui nous y a men\u00e9s \u2014 est un sujet qui touche la majorit\u00e9 des gens et chaque personne risque d\u2019en retirer quelque chose d\u2019unique. Lajeunesse esp\u00e8re que cette exposition pourra permettre aux gens d\u2019\u00eatre connect\u00e9s de mani\u00e8re plus visc\u00e9rale au sujet que s\u2019ils l\u2019avaient d\u00e9couvert dans un plan\u00e9tarium ou un centre de science. Au final, l\u2019espoir est que le public puisse \u00eatre \u00e9mu, voire profond\u00e9ment transform\u00e9, par les \u0153uvres immersives propos\u00e9es et par leur traitement de la mati\u00e8re.<\/p>\n<\/div><\/div><\/div><\/div><\/div><\/div>\n\n\n\n<div class=\"wp-block-ugb-container ugb-container ugb-4ae5c99 ugb-container--v2 ugb-container--design-basic ugb-main-block\"><style>.ugb-4ae5c99-wrapper.ugb-container__wrapper{border-radius:0px !important;padding-top:0 !important;padding-bottom:0 !important}.ugb-4ae5c99-wrapper > .ugb-container__side{padding-top:35px !important;padding-bottom:35px !important;align-items:flex-end !important}.ugb-4ae5c99 .ugb-inner-block{text-align:left}@media screen and (min-width:768px){.ugb-4ae5c99-content-wrapper.ugb-container__content-wrapper{width:73% !important}}<\/style><div class=\"ugb-inner-block\"><div class=\"ugb-block-content\"><div class=\"ugb-container__wrapper ugb-4ae5c99-wrapper ugb--shadow-0\"><div class=\"ugb-container__side\"><div class=\"ugb-container__content-wrapper ugb-4ae5c99-content-wrapper\">\n<h2 class=\"wp-block-heading\" style=\"font-size:25px\">Itin\u00e9raire intersid\u00e9ral<\/h2>\n\n\n\n<div class=\"wp-block-ugb-divider ugb-divider ugb-37c977a ugb-divider--v2 ugb-divider--design-basic ugb-main-block\"><style>.ugb-37c977a hr.ugb-divider__hr{margin-left:0 !important;margin-right:auto !important}.ugb-37c977a .ugb-inner-block{text-align:left}<\/style><div class=\"ugb-inner-block\"><div class=\"ugb-block-content\"><hr class=\"ugb-divider__hr\"\/><\/div><\/div><\/div>\n\n\n\n<p><em>L\u2019INFINI<\/em>&nbsp;couvre une \u00e9tendue de plus de 1000 m<sup>2<\/sup>&nbsp;&nbsp;divis\u00e9e en sept zones qui marquent un trajet de la terre \u00e0 l\u2019espace, avant de retomber sur terre. Apr\u00e8s \u00eatre pass\u00e9s par un sas qui nous introduit \u00e0 l\u2019appel des \u00e9toiles et aux th\u00e9matiques de l\u2019exposition, on nous invite sur le quai d\u2019embarquement o\u00f9 une s\u00e9rie de casques de r\u00e9alit\u00e9 virtuelle sont pr\u00eats \u00e0 \u00eatre pris. En l\u2019occurrence, il s\u2019agit de casques&nbsp;<strong>Oculus Quest 2&nbsp;<\/strong>modifi\u00e9s pour les besoins de l\u2019exposition et fra\u00eechement sortis d\u2019une s\u00e9ance de d\u00e9sinfection aux rayons ultraviolets.<\/p>\n<\/div><\/div><\/div><\/div><\/div><\/div>\n\n\n\n<div class=\"wp-block-ugb-image-box ugb-image-box ugb-c366daa ugb-image-box--v4 ugb-image-box--columns-1 ugb-image-box--design-basic ugb-main-block\"><style>.ugb-c366daa .ugb-image-box__box{border-radius:0px !important}.ugb-c366daa .ugb-image-box__item{height:400px !important}.ugb-c366daa .ugb-image-box__item1 .ugb-image-box__image{background-image:url(https:\/\/effetquebec.ca\/wp-content\/uploads\/2021\/08\/video-infini-felix-et-paul.png)}@media screen and (min-width:768px) and (max-width:1025px){.ugb-c366daa .ugb-image-box__item{height:300px !important}}@media screen and (max-width:768px){.ugb-c366daa .ugb-image-box__item{height:300px !important}}<\/style><div class=\"ugb-inner-block\"><div class=\"ugb-block-content\"><div class=\"ugb-image-box__item ugb-image-box__item1 ugb-image-box__box ugb--shadow-0\"><div class=\"ugb-image-box__box ugb-image-box__image-wrapper\"><div class=\"ugb-image-box__box ugb-image-box__image\"><\/div><\/div><div class=\"ugb-image-box__content\"><\/div><a class=\"ugb-image-box__overlay-link\" href=\"https:\/\/youtu.be\/1Iw8Xz1iE0I\" target=\"_blank\" rel=\"noopener noreferrer\" title=\"\" aria-label=\"\"><\/a><\/div><\/div><\/div><\/div>\n\n\n\n<div class=\"wp-block-ugb-container ugb-container ugb-cf3615d ugb-container--v2 ugb-container--design-basic ugb-main-block\"><style>.ugb-cf3615d-wrapper.ugb-container__wrapper{border-radius:0px !important;padding-top:0 !important;padding-bottom:0 !important}.ugb-cf3615d-wrapper > .ugb-container__side{padding-top:35px !important;padding-bottom:35px !important;align-items:flex-end !important}.ugb-cf3615d .ugb-inner-block{text-align:left}@media screen and (min-width:768px){.ugb-cf3615d-content-wrapper.ugb-container__content-wrapper{width:73% !important}}<\/style><div class=\"ugb-inner-block\"><div class=\"ugb-block-content\"><div class=\"ugb-container__wrapper ugb-cf3615d-wrapper ugb--shadow-0\"><div class=\"ugb-container__side\"><div class=\"ugb-container__content-wrapper ugb-cf3615d-content-wrapper\">\n<p>Une fois les casques mis et configur\u00e9s par les guides de l\u2019exposition, un portail s\u2019ouvre vers le c\u0153ur de l\u2019exposition, soit l\u2019\u00e9tape d\u2019exploration spatiale \u00e0 proprement parler. Pendant plus d\u2019une demi-heure, on nous encourage \u00e0 nous promener librement au sein d\u2019une reproduction \u00e0 l\u2019\u00e9chelle de la Station Spatiale Internationale au sein de laquelle des bulles lumineuses sont parsem\u00e9es. Ce sont elles qui rec\u00e8lent les contenus vid\u00e9o 360\u00b0 film\u00e9s \u00e0 bord du laboratoire orbital gr\u00e2ce aux cam\u00e9ras construites \u00e0 l\u2019interne par les \u00e9quipes techniques de Felix &amp; Paul. Ces contenus vid\u00e9o (3DoF, donc immersifs mais pas interactifs) sont divis\u00e9s en quatre chapitres qui organisent les t\u00e9moignages des astronautes des diff\u00e9rentes agences spatiales en th\u00e9matiques communes (adaptation, progr\u00e8s, unit\u00e9, expansion). Ces chapitres sont aussi entrecoup\u00e9s d\u2019interm\u00e8des, dont une s\u00e9quence surnomm\u00e9e le \u00ab ballet cosmique \u00bb. Il est \u00e0 noter que la quantit\u00e9 et la dur\u00e9e de ces contenus d\u00e9passent largement les trente-cinq minutes allou\u00e9es \u00e0 l\u2019exploration libre de la station. Il y a donc de quoi faire plusieurs visites de l\u2019exposition.<\/p>\n<\/div><\/div><\/div><\/div><\/div><\/div>\n\n\n\n<div class=\"alignwide wp-block-ugb-image-box ugb-image-box ugb-49a62a2 ugb-image-box--v4 ugb-image-box--columns-2 ugb-image-box--design-basic ugb-image-box--align-center ugb-main-block\"><style>.ugb-49a62a2 .ugb-image-box__box{border-radius:0px !important}.ugb-49a62a2 .ugb-image-box__item{height:400px !important;justify-content:center !important}.ugb-49a62a2 .ugb-image-box__item1 .ugb-image-box__image{background-image:url(https:\/\/effetquebec.ca\/wp-content\/uploads\/2021\/08\/1625933521232-1-1536x768-1.jpeg)}.ugb-49a62a2 .ugb-image-box__item2 .ugb-image-box__image{background-image:url(https:\/\/effetquebec.ca\/wp-content\/uploads\/2021\/08\/b3da09e7c45e707c3ba16eb427c860823d109cbb-1-1536x864-1.png)}.ugb-49a62a2 .ugb-image-box__description{color:#ffffff !important}.ugb-49a62a2 .ugb-inner-block{text-align:center}.ugb-49a62a2 .ugb-block-content{column-gap:10px !important}@media screen and (min-width:768px){.ugb-49a62a2.ugb-image-box{margin-top:45px !important;margin-bottom:45px !important}.ugb-49a62a2 > .ugb-inner-block > .ugb-block-content > *{justify-content:center}}@media screen and (min-width:768px) and (max-width:1025px){.ugb-49a62a2 .ugb-image-box__item{height:300px !important}}@media screen and (max-width:768px){.ugb-49a62a2 .ugb-image-box__item{height:300px !important}}<\/style><div class=\"ugb-inner-block\"><div class=\"ugb-block-content\"><div class=\"ugb-image-box__item ugb-image-box__item1 ugb-image-box__box ugb--shadow-0\"><div class=\"ugb-image-box__box ugb-image-box__image-wrapper\"><div class=\"ugb-image-box__box ugb-image-box__image\" role=\"img\" aria-label=\"Rendu de l'exploration libre de&nbsp;L'INFINI. Source&nbsp;: PHI.ca\"><\/div><\/div><div class=\"ugb-image-box__content\"><p class=\"ugb-image-box__description\">Rendu de l&#8217;exploration libre de&nbsp;<em>L&#8217;INFINI<\/em>. <br>Source&nbsp;: PHI.ca<\/p><\/div><\/div><div class=\"ugb-image-box__item ugb-image-box__item2 ugb-image-box__box ugb--shadow-0\"><div class=\"ugb-image-box__box ugb-image-box__image-wrapper\"><div class=\"ugb-image-box__box ugb-image-box__image\" role=\"img\" aria-label=\"Avatars de&nbsp;L'INFINI. Source&nbsp;: PHI.ca\"><\/div><\/div><div class=\"ugb-image-box__content\"><p class=\"ugb-image-box__description\">Avatars de&nbsp;<em>L&#8217;INFINI<\/em>. <br>Source&nbsp;: PHI.ca<\/p><\/div><\/div><\/div><\/div><\/div>\n\n\n\n<div class=\"wp-block-ugb-container ugb-container ugb-5c41700 ugb-container--v2 ugb-container--design-basic ugb-main-block\"><style>.ugb-5c41700-wrapper.ugb-container__wrapper{border-radius:0px !important;padding-top:0 !important;padding-bottom:0 !important}.ugb-5c41700-wrapper > .ugb-container__side{padding-top:35px !important;padding-bottom:35px !important;align-items:flex-end !important}.ugb-5c41700 .ugb-inner-block{text-align:left}@media screen and (min-width:768px){.ugb-5c41700-content-wrapper.ugb-container__content-wrapper{width:73% !important}}<\/style><div class=\"ugb-inner-block\"><div class=\"ugb-block-content\"><div class=\"ugb-container__wrapper ugb-5c41700-wrapper ugb--shadow-0\"><div class=\"ugb-container__side\"><div class=\"ugb-container__content-wrapper ugb-5c41700-content-wrapper\">\n<h2 class=\"wp-block-heading\" style=\"font-size:25px\">Libre cours \u00e0 l&#8217;exploration<\/h2>\n\n\n\n<div class=\"wp-block-ugb-divider ugb-divider ugb-25ceabb ugb-divider--v2 ugb-divider--design-basic ugb-main-block\"><style>.ugb-25ceabb hr.ugb-divider__hr{margin-left:0 !important;margin-right:auto !important}.ugb-25ceabb .ugb-inner-block{text-align:left}<\/style><div class=\"ugb-inner-block\"><div class=\"ugb-block-content\"><hr class=\"ugb-divider__hr\"\/><\/div><\/div><\/div>\n\n\n\n<p id=\"6e46\">Puisqu\u2019il est impossible de tout voir en une seule visite \u2014 apr\u00e8s quatre visites je d\u00e9couvrais encore de nouvelles s\u00e9quences \u2014 je vous encourage \u00e0 sortir des sentiers battus et \u00e0 traverser d\u2019une capsule \u00e0 l\u2019autre en passant par le vide intersid\u00e9ral. Vous n\u2019aurez pas \u00e0 vous soucier du manque d\u2019oxyg\u00e8ne, mais faites tout de m\u00eame attention de ne pas bousculer les dizaines d\u2019autres personnes qui circulent elles aussi aveugl\u00e9ment dans cet espace. Heureusement, les \u00e9quipes techniques derri\u00e8re l\u2019exposition ont d\u00e9velopp\u00e9 un ing\u00e9nieux syst\u00e8me de suivi qui permet d\u2019identifier les gens qui nous entourent; d\u2019abord \u00e0 peine perceptibles comme des boules de lumi\u00e8re, ceux-ci se mat\u00e9rialisent en avatars \u00e9toil\u00e9s quand vient le temps d\u2019\u00e9viter les collisions.&nbsp;<\/p>\n\n\n\n<p id=\"122b\">Ce syst\u00e8me permet \u00e0 plus d\u2019une centaine de personnes \u00e0 l\u2019heure de se croiser sans jamais se bousculer. Les groupes d\u2019amis, les familles et les couples pourront aussi se reconna\u00eetre gr\u00e2ce \u00e0 leur teinte orang\u00e9e qui les distingue des autres personnes, pour leur part repr\u00e9sent\u00e9es par des avatars bleus. Par le fait m\u00eame, celles et ceux qui se sentiraient moins \u00e0 l\u2019aise avec la r\u00e9alit\u00e9 virtuelle et le principe d\u2019exploration libre \u00e0 l\u2019aveugle que propose&nbsp;<em>L\u2019INFINI<\/em>&nbsp;peuvent compter sur l\u2019accompagnement d\u2019un proche pour les guider.&nbsp;<strong>Coline Delbaere&nbsp;<\/strong>(Productrice, exp\u00e9rience interactive) m\u2019explique \u00e0 cet effet qu\u2019il n\u2019est pas rare de voir des couples se tenir par la main pour la dur\u00e9e du parcours.<\/p>\n<\/div><\/div><\/div><\/div><\/div><\/div>\n\n\n\n<div class=\"wp-block-ugb-container ugb-container ugb-a72ddd8 ugb-container--v2 ugb-container--design-basic ugb-main-block\"><style>.ugb-a72ddd8-wrapper.ugb-container__wrapper{border-radius:0px !important;padding-top:0 !important;padding-bottom:0 !important}.ugb-a72ddd8-wrapper > .ugb-container__side{padding-top:35px !important;padding-bottom:35px !important;align-items:flex-end !important}.ugb-a72ddd8 .ugb-inner-block{text-align:left}@media screen and (min-width:768px){.ugb-a72ddd8-content-wrapper.ugb-container__content-wrapper{width:73% !important}}<\/style><div class=\"ugb-inner-block\"><div class=\"ugb-block-content\"><div class=\"ugb-container__wrapper ugb-a72ddd8-wrapper ugb--shadow-0\"><div class=\"ugb-container__side\"><div class=\"ugb-container__content-wrapper ugb-a72ddd8-content-wrapper\">\n<h2 class=\"wp-block-heading\" style=\"font-size:25px\">Une vue \u00e0 couper le souffle<\/h2>\n\n\n\n<div class=\"wp-block-ugb-divider ugb-divider ugb-38ac0ae ugb-divider--v2 ugb-divider--design-basic ugb-main-block\"><style>.ugb-38ac0ae hr.ugb-divider__hr{margin-left:0 !important;margin-right:auto !important}.ugb-38ac0ae .ugb-inner-block{text-align:left}<\/style><div class=\"ugb-inner-block\"><div class=\"ugb-block-content\"><hr class=\"ugb-divider__hr\"\/><\/div><\/div><\/div>\n\n\n\n<p>Une fois la phase d\u2019exploration spatiale termin\u00e9e, un chemin lumineux nous guide vers la quatri\u00e8me composante du parcours, soit la s\u00e9quence film\u00e9e depuis la coupole panoramique d\u00e9crite en d\u00e9but de texte. Accompagn\u00e9e d\u2019une musique orchestrale inspirante digne des meilleurs films de science-fiction, cette s\u00e9quence vid\u00e9o propose une s\u00e9rie de plans-s\u00e9quences en vue plongeante sur la surface terrestre. Parfois, on y voit des territoires bien familiers \u2014 le lac Manicouagan et l\u2019\u00eele Ren\u00e9-Levasseur sont particuli\u00e8rement faciles \u00e0 reconna\u00eetre, de m\u00eame que la pointe de la Gasp\u00e9sie et les contours de Terre-Neuve \u2014 alors que parfois, on ne voit que des paysages \u00e0 perte de vue, parsem\u00e9s de nuages. Quelles que soient les images qu\u2019on nous montre, une seule chose demeure : l\u2019effet de surplomb et l\u2019incroyable remise en contexte de notre place dans le monde et dans l\u2019univers qu\u2019il impose. Il y a de quoi \u00eatre \u00e9mu.<\/p>\n<\/div><\/div><\/div><\/div><\/div><\/div>\n\n\n\n<div class=\"alignwide wp-block-ugb-image-box ugb-image-box ugb-5a3e7d1 ugb-image-box--v4 ugb-image-box--columns-2 ugb-image-box--design-basic ugb-image-box--align-center ugb-main-block\"><style>.ugb-5a3e7d1 .ugb-image-box__box{border-radius:0px !important}.ugb-5a3e7d1 .ugb-image-box__item{height:400px !important;justify-content:center !important}.ugb-5a3e7d1 .ugb-image-box__item1 .ugb-image-box__image{background-image:url(https:\/\/effetquebec.ca\/wp-content\/uploads\/2021\/08\/d97798b9b0e7b1343143e5b9209e63f4e5e26d20-1.jpeg)}.ugb-5a3e7d1 .ugb-image-box__item2 .ugb-image-box__image{background-image:url(https:\/\/effetquebec.ca\/wp-content\/uploads\/2021\/08\/THE_INFINITE_Ryoji_Ikeda_Contemporary_Art.jpg)}.ugb-5a3e7d1 .ugb-image-box__description{color:#ffffff !important}.ugb-5a3e7d1 .ugb-inner-block{text-align:center}.ugb-5a3e7d1 .ugb-block-content{column-gap:10px !important}@media screen and (min-width:768px){.ugb-5a3e7d1.ugb-image-box{margin-top:45px !important;margin-bottom:45px !important}.ugb-5a3e7d1 > .ugb-inner-block > .ugb-block-content > *{justify-content:center}}@media screen and (min-width:768px) and (max-width:1025px){.ugb-5a3e7d1 .ugb-image-box__item{height:300px !important}}@media screen and (max-width:768px){.ugb-5a3e7d1 .ugb-image-box__item{height:300px !important}}<\/style><div class=\"ugb-inner-block\"><div class=\"ugb-block-content\"><div class=\"ugb-image-box__item ugb-image-box__item1 ugb-image-box__box ugb--shadow-0\"><div class=\"ugb-image-box__box ugb-image-box__image-wrapper\"><div class=\"ugb-image-box__box ugb-image-box__image\" role=\"img\" aria-label=\"Source&nbsp;: PHI.ca\"><\/div><\/div><div class=\"ugb-image-box__content\"><p class=\"ugb-image-box__description\">Source&nbsp;: PHI.ca<\/p><\/div><\/div><div class=\"ugb-image-box__item ugb-image-box__item2 ugb-image-box__box ugb--shadow-0\"><div class=\"ugb-image-box__box ugb-image-box__image-wrapper\"><div class=\"ugb-image-box__box ugb-image-box__image\" role=\"img\" aria-label=\"The Universe within the Universe&nbsp;(Ryoji Ikeda, 2021). Source : PHI.ca\"><\/div><\/div><div class=\"ugb-image-box__content\"><p class=\"ugb-image-box__description\"><em>The Universe within the Universe<\/em>&nbsp;(Ryoji Ikeda, 2021). <br>Source : PHI.ca<\/p><\/div><\/div><\/div><\/div><\/div>\n\n\n\n<div class=\"wp-block-ugb-container ugb-container ugb-f8744d4 ugb-container--v2 ugb-container--design-basic ugb-main-block\"><style>.ugb-f8744d4-wrapper.ugb-container__wrapper{border-radius:0px !important;padding-top:0 !important;padding-bottom:0 !important}.ugb-f8744d4-wrapper > .ugb-container__side{padding-top:35px !important;padding-bottom:35px !important;align-items:flex-end !important}.ugb-f8744d4 .ugb-inner-block{text-align:left}@media screen and (min-width:768px){.ugb-f8744d4-content-wrapper.ugb-container__content-wrapper{width:73% !important}}<\/style><div class=\"ugb-inner-block\"><div class=\"ugb-block-content\"><div class=\"ugb-container__wrapper ugb-f8744d4-wrapper ugb--shadow-0\"><div class=\"ugb-container__side\"><div class=\"ugb-container__content-wrapper ugb-f8744d4-content-wrapper\">\n<h2 class=\"wp-block-heading\" style=\"font-size:25px\"> Le choc du retour<\/h2>\n\n\n\n<div class=\"wp-block-ugb-divider ugb-divider ugb-0094b18 ugb-divider--v2 ugb-divider--design-basic ugb-main-block\"><style>.ugb-0094b18 hr.ugb-divider__hr{margin-left:0 !important;margin-right:auto !important}.ugb-0094b18 .ugb-inner-block{text-align:left}<\/style><div class=\"ugb-inner-block\"><div class=\"ugb-block-content\"><hr class=\"ugb-divider__hr\"\/><\/div><\/div><\/div>\n\n\n\n<p>La portion en r\u00e9alit\u00e9 virtuelle maintenant termin\u00e9e, le parcours se poursuit avec un trio d\u2019installations immersives qui mettent en sc\u00e8ne un retour sur terre. La premi\u00e8re et la plus tape-\u00e0-l\u2019\u0153il des trois et une installation d\u2019art vid\u00e9o sign\u00e9e par l\u2019artiste&nbsp;<strong>Ryoji Ikeda<\/strong>. Intitul\u00e9e,&nbsp;<em>The Universe within the Universe<\/em>, l\u2019installation prend la forme d\u2019une pi\u00e8ce munie d\u2019un miroir circulaire au sol \u2014 tel un trou noir \u2014 et d\u2019un plafond enti\u00e8rement compos\u00e9 d\u2019\u00e9crans DEL qui illuminent la salle au gr\u00e9 des images d\u2019inspiration scientifique qui d\u00e9filent. L\u2019effet \u00e9blouissant de l\u2019esth\u00e9tique propre \u00e0 l\u2019artiste visuel \u2014 marqu\u00e9e par le clignotement de mati\u00e8res num\u00e9riques brutes \u2014 est potentiellement choquant suite \u00e0 l\u2019exploration spatiale tout en douceur qui marquait la premi\u00e8re moiti\u00e9 de l\u2019exposition. Malgr\u00e9 le potentiel choc visuel,&nbsp;<em>Universe<\/em>&nbsp;demeure une installation \u00e9patante qui compl\u00e9mente bien le souci d\u2019exploration spatiale et la fascination pour la lumi\u00e8re qui nous accompagne depuis notre entr\u00e9e dans l\u2019usine convertie qu\u2019occupe l\u2019exposition.<\/p>\n<\/div><\/div><\/div><\/div><\/div><\/div>\n\n\n\n<div class=\"alignwide wp-block-ugb-image-box ugb-image-box ugb-1f20596 ugb-image-box--v4 ugb-image-box--columns-2 ugb-image-box--design-basic ugb-image-box--align-center ugb-main-block\"><style>.ugb-1f20596 .ugb-image-box__box{border-radius:0px !important}.ugb-1f20596 .ugb-image-box__item{height:400px !important;justify-content:center !important}.ugb-1f20596 .ugb-image-box__item1 .ugb-image-box__image{background-image:url(https:\/\/effetquebec.ca\/wp-content\/uploads\/2021\/08\/1625933522676-1-1536x768-1.jpeg)}.ugb-1f20596 .ugb-image-box__item2 .ugb-image-box__image{background-image:url(https:\/\/effetquebec.ca\/wp-content\/uploads\/2021\/08\/THE_INFINITE_rendering_lobby-1-1536x865-1.jpg)}.ugb-1f20596 .ugb-image-box__description{color:#ffffff !important}.ugb-1f20596 .ugb-inner-block{text-align:center}.ugb-1f20596 .ugb-block-content{column-gap:10px !important}@media screen and (min-width:768px){.ugb-1f20596.ugb-image-box{margin-top:45px !important;margin-bottom:45px !important}.ugb-1f20596 > .ugb-inner-block > .ugb-block-content > *{justify-content:center}}@media screen and (min-width:768px) and (max-width:1025px){.ugb-1f20596 .ugb-image-box__item{height:300px !important}}@media screen and (max-width:768px){.ugb-1f20596 .ugb-image-box__item{height:300px !important}}<\/style><div class=\"ugb-inner-block\"><div class=\"ugb-block-content\"><div class=\"ugb-image-box__item ugb-image-box__item1 ugb-image-box__box ugb--shadow-0\"><div class=\"ugb-image-box__box ugb-image-box__image-wrapper\"><div class=\"ugb-image-box__box ugb-image-box__image\" role=\"img\" aria-label=\"Rendu artistique du retour sur terre de&nbsp;L'INFINI. Source&nbsp;: PHI.ca\"><\/div><\/div><div class=\"ugb-image-box__content\"><p class=\"ugb-image-box__description\">Rendu artistique du retour sur terre de&nbsp;<em>L&#8217;INFINI<\/em>. <br>Source&nbsp;: PHI.ca<\/p><\/div><\/div><div class=\"ugb-image-box__item ugb-image-box__item2 ugb-image-box__box ugb--shadow-0\"><div class=\"ugb-image-box__box ugb-image-box__image-wrapper\"><div class=\"ugb-image-box__box ugb-image-box__image\" role=\"img\" aria-label=\"Portail d'entr\u00e9e de&nbsp;L'INFINI. Source&nbsp;: PHI.ca\"><\/div><\/div><div class=\"ugb-image-box__content\"><p class=\"ugb-image-box__description\"><span style=\"color: #ffffff;\" class=\"ugb-highlight\">Portail d&#8217;entr\u00e9e de&nbsp;<em>L&#8217;INFINI<\/em>. <br>Source&nbsp;: PHI.ca<\/span><\/p><\/div><\/div><\/div><\/div><\/div>\n\n\n\n<div class=\"wp-block-ugb-columns ugb-columns ugb-f98daf2 ugb-columns--design-plain ugb-columns--columns-2 ugb-main-block\"><style>.ugb-f98daf2 > .ugb-inner-block > .ugb-block-content > .ugb-columns__item{grid-template-columns:0.48fr 1.52fr !important}.ugb-f98daf2-content-wrapper{grid-column-gap:45px !important}<\/style><div class=\"ugb-inner-block\"><div class=\"ugb-block-content\"><div class=\"ugb-columns__item ugb-f98daf2-content-wrapper\">\n<div class=\"wp-block-ugb-column ugb-column ugb-3ed4a2a ugb-column--design-plain ugb-main-block\"><div class=\"ugb-inner-block\"><div class=\"ugb-block-content\"><div class=\"ugb-column__item ugb-3ed4a2a-column-wrapper\"><div class=\"ugb-column__content-wrapper\"><\/div><\/div><\/div><\/div><\/div>\n\n\n\n<div class=\"wp-block-ugb-column ugb-column ugb-7251b63 ugb-column--design-plain ugb-main-block\"><div class=\"ugb-inner-block\"><div class=\"ugb-block-content\"><div class=\"ugb-column__item ugb-7251b63-column-wrapper\"><div class=\"ugb-column__content-wrapper\">\n<p>Le parcours se poursuit avec&nbsp;<em>DARKMATTER: Hypothetical form, supersymmetry&nbsp;<\/em>de&nbsp;<strong>George Fok<\/strong>, une \u0153uvre qui consiste en un corridor bord\u00e9 de miroirs et d\u2019\u00e9crans mettant en sc\u00e8ne un vortex qui nous ram\u00e8ne sur terre. Celle-ci est repr\u00e9sent\u00e9e par la derni\u00e8re installation lumineuse de l\u2019exposition, une pi\u00e8ce sombre dans laquelle un rayon de lumi\u00e8re venu du ciel trahit le retour en force de la nature.&nbsp; <\/p>\n\n\n\n<p>Dans la veine d\u2019installations telles&nbsp;<em>La poursuite du temps<\/em>&nbsp;(aussi de George Fok) qu\u2019on avait pu voir au Centre PHI dans le cadre de l\u2019exposition&nbsp;<strong>\u00c9mergences et convergences<\/strong>, ces deux derniers espaces nous immergent dans un autre espace-temps gr\u00e2ce \u00e0 leur utilisation de la lumi\u00e8re. Je ne serais pas surpris qu\u2019on en retrouve des tonnes de photos sur les r\u00e9seaux sociaux dans les mois \u00e0 venir.<\/p>\n<\/div><\/div><\/div><\/div><\/div>\n<\/div><\/div><\/div><\/div>\n\n\n\n<div class=\"wp-block-ugb-container ugb-container ugb-1c17f1a ugb-container--v2 ugb-container--design-basic ugb-main-block\"><style>.ugb-1c17f1a-wrapper.ugb-container__wrapper{border-radius:0px !important;padding-top:0 !important;padding-bottom:0 !important}.ugb-1c17f1a-wrapper > .ugb-container__side{padding-top:35px !important;padding-bottom:35px !important;align-items:flex-end !important}.ugb-1c17f1a .ugb-inner-block{text-align:left}@media screen and (min-width:768px){.ugb-1c17f1a-content-wrapper.ugb-container__content-wrapper{width:74% !important}}<\/style><div class=\"ugb-inner-block\"><div class=\"ugb-block-content\"><div class=\"ugb-container__wrapper ugb-1c17f1a-wrapper ugb--shadow-0\"><div class=\"ugb-container__side\"><div class=\"ugb-container__content-wrapper ugb-1c17f1a-content-wrapper\">\n<h2 class=\"wp-block-heading\" style=\"font-size:25px\">De retour sur terre<\/h2>\n\n\n\n<div class=\"wp-block-ugb-divider ugb-divider ugb-0552ed2 ugb-divider--v2 ugb-divider--design-basic ugb-main-block\"><style>.ugb-0552ed2 hr.ugb-divider__hr{margin-left:0 !important;margin-right:auto !important}.ugb-0552ed2 .ugb-inner-block{text-align:left}<\/style><div class=\"ugb-inner-block\"><div class=\"ugb-block-content\"><hr class=\"ugb-divider__hr\"\/><\/div><\/div><\/div>\n\n\n\n<p><em>L\u2019INFINI<\/em>&nbsp;est un tour de force en mati\u00e8re d\u2019exposition immersive et un exemple \u00e0 ce jour incomparable dans le monde la r\u00e9alit\u00e9 virtuelle. Outre les contenus vid\u00e9o 360\u00b0 film\u00e9s dans l\u2019espace qui sont impressionnants en soi et qui se sont d\u00e9j\u00e0 m\u00e9rit\u00e9s de nombreux prix \u00e0 travers le monde, c\u2019est le mariage entre les diff\u00e9rents paliers de l\u2019exp\u00e9rience qui met cette exposition \u00e0 part, que ce soit du domaine de la r\u00e9alit\u00e9 virtuelle ou du monde des installations immersives et interactives. Depuis la phase d\u2019embarquement qui donne le ton pour le reste de l\u2019itin\u00e9raire jusqu\u2019aux installations lumineuses qui nous raccompagnent sur terre en fin de parcours, le tout est pens\u00e9 pour accompagner le public \u00e0 travers une exploration quasi-mystique de l\u2019espace.&nbsp;<strong>Annabelle Fiset<\/strong>&nbsp;(Directrice de la cr\u00e9ation) explique justement qu\u2019il a fallu effectuer un travail de sc\u00e9nographie consid\u00e9rable afin de marier les diff\u00e9rentes composantes du spectacle, incluant des contenus autant 3DoF que 6DoF, plusieurs installations audiovisuelles, ainsi que des \u00e9l\u00e9ments logistiques qui ne pouvaient pas \u00eatre ignor\u00e9s.&nbsp;<\/p>\n\n\n\n<p>Mentionnons par exemple la station de traitement des casques qui permet \u00e0 tous les appareils remis \u00e0 la sortie du spectacle d\u2019\u00eatre d\u00e9sinfect\u00e9s et pr\u00e9par\u00e9s pour les prochains groupes, un processus qui fonctionne si bien qu\u2019il serait facile de le perdre de vue. Ajoutons \u00e0 cela la pr\u00e9sence d\u2019accompagnatrices et accompagnateurs qui assurent le bon roulement de l\u2019exposition en g\u00e9n\u00e9ral et de la phase d\u2019exploration libre VR en particulier. Tout est con\u00e7u pour assurer que l\u2019exp\u00e9rience soit fluide du d\u00e9but \u00e0 la fin, un succ\u00e8s en soi si l\u2019on consid\u00e8re l\u2019\u00e9tat encore exp\u00e9rimental des technologies de r\u00e9alit\u00e9 virtuelle d\u2019aujourd\u2019hui.<\/p>\n\n\n\n<p>Cela contribue \u00e0 l\u2019impression que, pour plusieurs,&nbsp;<em>L\u2019INFINI<\/em>&nbsp;pourrait servir de porte d\u2019entr\u00e9e vers le monde de la r\u00e9alit\u00e9 virtuelle. Comme l\u2019explique&nbsp;<strong>Pierre Blaizeau<\/strong>(Chef de la technologie, exp\u00e9rience interactive), l\u2019un des buts de l\u2019exposition est de rendre la r\u00e9alit\u00e9 virtuelle plus accessible, notamment aupr\u00e8s d\u2019un public plus large pour qui&nbsp;<em>L\u2019INFINI<\/em>&nbsp;risque d\u2019\u00eatre la premi\u00e8re rencontre avec cette technologie encore relativement nouvelle. Avec un sujet populaire comme l\u2019espace, on peut s\u2019imaginer qu\u2019une majorit\u00e9 du public, d\u2019abord attir\u00e9 par le sujet, risque aussi de d\u00e9couvrir ce nouveau m\u00e9dium pour la toute premi\u00e8re fois. Cela ajoute une part de responsabilit\u00e9 aux studios derri\u00e8re cette exposition.<\/p>\n<\/div><\/div><\/div><\/div><\/div><\/div>\n\n\n\n<div class=\"wp-block-ugb-container ugb-container ugb-1ea6977 ugb-container--v2 ugb-container--design-basic ugb-main-block\"><style>.ugb-1ea6977-wrapper.ugb-container__wrapper{border-radius:0px !important;padding-top:0 !important;padding-bottom:0 !important}.ugb-1ea6977-wrapper > .ugb-container__side{padding-top:35px !important;padding-bottom:35px !important;align-items:flex-end !important}.ugb-1ea6977 .ugb-inner-block{text-align:left}@media screen and (min-width:768px){.ugb-1ea6977-content-wrapper.ugb-container__content-wrapper{width:74% !important}}<\/style><div class=\"ugb-inner-block\"><div class=\"ugb-block-content\"><div class=\"ugb-container__wrapper ugb-1ea6977-wrapper ugb--shadow-0\"><div class=\"ugb-container__side\"><div class=\"ugb-container__content-wrapper ugb-1ea6977-content-wrapper\">\n<h2 class=\"wp-block-heading\" style=\"font-size:25px\">Un grand pas pour la communaut\u00e9 XR<\/h2>\n\n\n\n<div class=\"wp-block-ugb-divider ugb-divider ugb-b9e7ff1 ugb-divider--v2 ugb-divider--design-basic ugb-main-block\"><style>.ugb-b9e7ff1 hr.ugb-divider__hr{margin-left:0 !important;margin-right:auto !important}.ugb-b9e7ff1 .ugb-inner-block{text-align:left}<\/style><div class=\"ugb-inner-block\"><div class=\"ugb-block-content\"><hr class=\"ugb-divider__hr\"\/><\/div><\/div><\/div>\n\n\n\n<p>\u00c0 plusieurs \u00e9gards, les \u00e9quipes de Felix &amp; Paul et PHI sont des pionni\u00e8res. Or, comme&nbsp;<strong>Mads Damsbo<\/strong>&nbsp;(Makropol) nous l\u2019a racont\u00e9 dans le cadre de notre&nbsp;<a rel=\"noreferrer noopener\" href=\"https:\/\/quebeccanadaxr.co\/enquete\/\" target=\"_blank\">Enqu\u00eate sur la Distribution XR<\/a>&nbsp;: \u00ab Un pionnier ne sert \u00e0 rien s\u2019il ne revient pas pour nous raconter ce dont les choses ont l\u2019air l\u00e0-bas. \u00c7a ne sert \u00e0 rien d\u2019\u00eatre le premier arriv\u00e9 si ce n\u2019est pas pour guider les autres \u00bb. J\u2019esp\u00e8re donc que PHI, Felix &amp; Paul et toutes leurs \u00e9quipes pourront continuer \u00e0 d\u00e9fricher le terrain et \u00e0 nous partager leurs d\u00e9couvertes, de sorte que&nbsp;<em>L\u2019INFINI<\/em>&nbsp;repr\u00e9sente un grand pas pour l\u2019ensemble de la communaut\u00e9 XR.&nbsp;<\/p>\n\n\n\n<p>Entre temps, j\u2019esp\u00e8re aussi que de plus en plus de gens pourront d\u00e9couvrir la r\u00e9alit\u00e9 virtuelle \u00e0 travers cette exposition \u00e9blouissante. Ne ratez pas votre chance de faire l\u2019exp\u00e9rience de cette exposition immersive incomparable, pr\u00e9sent\u00e9e du <strong>21 juillet jusqu\u2019au 7 novembre 2021 \u00e0 Arsenal Art Contemporain Montr\u00e9al<\/strong>.<\/p>\n<\/div><\/div><\/div><\/div><\/div><\/div>\n","protected":false},"excerpt":{"rendered":"Bien qu\u2019elle soit \u00ab inspir\u00e9e par les missions de la NASA \u00bb et bien que le c\u0153ur de l\u2019exposition reste les images que Felix &#038; Paul ont ramen\u00e9es de la Station Spatiale Internationale,\u00a0L\u2019INFINI\u00a0n\u2019est pas qu\u2019\u00e0 propos de l\u2019espace.","protected":false},"author":118,"featured_media":6887,"template":"","meta":{"_acf_changed":false,"_links_to":"","_links_to_target":""},"class_list":["post-2626","decouvertes","type-decouvertes","status-publish","has-post-thumbnail","hentry"],"featured_image_urls_v2":{"full":["https:\/\/effetquebec.ca\/wp-content\/uploads\/2021\/09\/infini.jpg",600,600,false],"thumbnail":["https:\/\/effetquebec.ca\/wp-content\/uploads\/2021\/09\/infini-150x150.jpg",150,150,true],"medium":["https:\/\/effetquebec.ca\/wp-content\/uploads\/2021\/09\/infini-250x250.jpg",250,250,true],"medium_large":["https:\/\/effetquebec.ca\/wp-content\/uploads\/2021\/09\/infini.jpg",600,600,false],"large":["https:\/\/effetquebec.ca\/wp-content\/uploads\/2021\/09\/infini.jpg",600,600,false],"1536x1536":["https:\/\/effetquebec.ca\/wp-content\/uploads\/2021\/09\/infini.jpg",600,600,false],"2048x2048":["https:\/\/effetquebec.ca\/wp-content\/uploads\/2021\/09\/infini.jpg",600,600,false],"small":["https:\/\/effetquebec.ca\/wp-content\/uploads\/2021\/09\/infini-120x120.jpg",120,120,true],"custom-size":["https:\/\/effetquebec.ca\/wp-content\/uploads\/2021\/09\/infini-600x200.jpg",600,200,true],"grille":["https:\/\/effetquebec.ca\/wp-content\/uploads\/2021\/09\/infini-600x450.jpg",600,450,true],"gform-image-choice-sm":["https:\/\/effetquebec.ca\/wp-content\/uploads\/2021\/09\/infini.jpg",300,300,false],"gform-image-choice-md":["https:\/\/effetquebec.ca\/wp-content\/uploads\/2021\/09\/infini.jpg",400,400,false],"gform-image-choice-lg":["https:\/\/effetquebec.ca\/wp-content\/uploads\/2021\/09\/infini.jpg",600,600,false]},"post_excerpt_stackable_v2":"Bien qu\u2019elle soit \u00ab inspir\u00e9e par les missions de la NASA \u00bb et bien que le c\u0153ur de l\u2019exposition reste les images que Felix &#038; Paul ont ramen\u00e9es de la Station Spatiale Internationale,\u00a0L\u2019INFINI\u00a0n\u2019est pas qu\u2019\u00e0 propos de l\u2019espace.","category_list_v2":"","author_info_v2":{"name":"Sara","url":"https:\/\/effetquebec.ca\/en\/author\/saraxnquebec-co\/"},"comments_num_v2":"0 comments","acf":[],"yoast_head":"<!-- This site is optimized with the Yoast SEO plugin v27.5 - https:\/\/yoast.com\/product\/yoast-seo-wordpress\/ -->\n<title>L&#039;Infini, cr\u00e9\u00e9e par Felix &amp; Paul Studio et le Studio Phi - L\u2019Effet Qu\u00e9bec<\/title>\n<meta name=\"robots\" content=\"index, follow, max-snippet:-1, max-image-preview:large, max-video-preview:-1\" \/>\n<link rel=\"canonical\" href=\"https:\/\/effetquebec.ca\/en\/decouvertes\/linfini-felix-paul-studio-studio-phi\/\" \/>\n<meta property=\"og:locale\" content=\"en_US\" \/>\n<meta property=\"og:type\" content=\"article\" \/>\n<meta property=\"og:title\" content=\"L&#039;Infini, cr\u00e9\u00e9e par Felix &amp; Paul Studio et le Studio Phi - L\u2019Effet Qu\u00e9bec\" \/>\n<meta property=\"og:description\" content=\"Bien qu\u2019elle soit \u00ab inspir\u00e9e par les missions de la NASA \u00bb et bien que le c\u0153ur de l\u2019exposition reste les images que Felix &amp; Paul ont ramen\u00e9es de la Station Spatiale Internationale,\u00a0L\u2019INFINI\u00a0n\u2019est pas qu\u2019\u00e0 propos de l\u2019espace.\" \/>\n<meta property=\"og:url\" content=\"https:\/\/effetquebec.ca\/en\/decouvertes\/linfini-felix-paul-studio-studio-phi\/\" \/>\n<meta property=\"og:site_name\" content=\"L\u2019Effet Qu\u00e9bec\" \/>\n<meta property=\"article:publisher\" content=\"https:\/\/www.facebook.com\/XnQuebec\" \/>\n<meta property=\"article:modified_time\" content=\"2022-05-17T18:59:49+00:00\" \/>\n<meta property=\"og:image\" content=\"https:\/\/effetquebec.ca\/wp-content\/uploads\/2021\/09\/infini.jpg\" \/>\n\t<meta property=\"og:image:width\" content=\"600\" \/>\n\t<meta property=\"og:image:height\" content=\"600\" \/>\n\t<meta property=\"og:image:type\" content=\"image\/jpeg\" \/>\n<meta name=\"twitter:card\" content=\"summary_large_image\" \/>\n<meta name=\"twitter:label1\" content=\"Est. reading time\" \/>\n\t<meta name=\"twitter:data1\" content=\"13 minutes\" \/>\n<script type=\"application\/ld+json\" class=\"yoast-schema-graph\">{\"@context\":\"https:\\\/\\\/schema.org\",\"@graph\":[{\"@type\":\"WebPage\",\"@id\":\"https:\\\/\\\/effetquebec.ca\\\/en\\\/decouvertes\\\/linfini-felix-paul-studio-studio-phi\\\/\",\"url\":\"https:\\\/\\\/effetquebec.ca\\\/en\\\/decouvertes\\\/linfini-felix-paul-studio-studio-phi\\\/\",\"name\":\"L'Infini, cr\u00e9\u00e9e par Felix & Paul Studio et le Studio Phi - L\u2019Effet Qu\u00e9bec\",\"isPartOf\":{\"@id\":\"https:\\\/\\\/effetquebec.ca\\\/en\\\/#website\"},\"primaryImageOfPage\":{\"@id\":\"https:\\\/\\\/effetquebec.ca\\\/en\\\/decouvertes\\\/linfini-felix-paul-studio-studio-phi\\\/#primaryimage\"},\"image\":{\"@id\":\"https:\\\/\\\/effetquebec.ca\\\/en\\\/decouvertes\\\/linfini-felix-paul-studio-studio-phi\\\/#primaryimage\"},\"thumbnailUrl\":\"https:\\\/\\\/effetquebec.ca\\\/wp-content\\\/uploads\\\/2021\\\/09\\\/infini.jpg\",\"datePublished\":\"2021-09-16T17:19:47+00:00\",\"dateModified\":\"2022-05-17T18:59:49+00:00\",\"breadcrumb\":{\"@id\":\"https:\\\/\\\/effetquebec.ca\\\/en\\\/decouvertes\\\/linfini-felix-paul-studio-studio-phi\\\/#breadcrumb\"},\"inLanguage\":\"en-CA\",\"potentialAction\":[{\"@type\":\"ReadAction\",\"target\":[\"https:\\\/\\\/effetquebec.ca\\\/en\\\/decouvertes\\\/linfini-felix-paul-studio-studio-phi\\\/\"]}]},{\"@type\":\"ImageObject\",\"inLanguage\":\"en-CA\",\"@id\":\"https:\\\/\\\/effetquebec.ca\\\/en\\\/decouvertes\\\/linfini-felix-paul-studio-studio-phi\\\/#primaryimage\",\"url\":\"https:\\\/\\\/effetquebec.ca\\\/wp-content\\\/uploads\\\/2021\\\/09\\\/infini.jpg\",\"contentUrl\":\"https:\\\/\\\/effetquebec.ca\\\/wp-content\\\/uploads\\\/2021\\\/09\\\/infini.jpg\",\"width\":600,\"height\":600},{\"@type\":\"BreadcrumbList\",\"@id\":\"https:\\\/\\\/effetquebec.ca\\\/en\\\/decouvertes\\\/linfini-felix-paul-studio-studio-phi\\\/#breadcrumb\",\"itemListElement\":[{\"@type\":\"ListItem\",\"position\":1,\"name\":\"Accueil\",\"item\":\"https:\\\/\\\/effetquebec.ca\\\/en\\\/\"},{\"@type\":\"ListItem\",\"position\":2,\"name\":\"Discoveries\",\"item\":\"https:\\\/\\\/effetquebec.ca\\\/en\\\/decouvertes\\\/\"},{\"@type\":\"ListItem\",\"position\":3,\"name\":\"L&rsquo;Infini, cr\u00e9\u00e9e par Felix &#038; Paul Studio et le Studio Phi\"}]},{\"@type\":\"WebSite\",\"@id\":\"https:\\\/\\\/effetquebec.ca\\\/en\\\/#website\",\"url\":\"https:\\\/\\\/effetquebec.ca\\\/en\\\/\",\"name\":\"L\u2019Effet Qu\u00e9bec\",\"description\":\"P\u00f4le d\u2019expertise en exportation\",\"publisher\":{\"@id\":\"https:\\\/\\\/effetquebec.ca\\\/en\\\/#organization\"},\"potentialAction\":[{\"@type\":\"SearchAction\",\"target\":{\"@type\":\"EntryPoint\",\"urlTemplate\":\"https:\\\/\\\/effetquebec.ca\\\/en\\\/?s={search_term_string}\"},\"query-input\":{\"@type\":\"PropertyValueSpecification\",\"valueRequired\":true,\"valueName\":\"search_term_string\"}}],\"inLanguage\":\"en-CA\"},{\"@type\":\"Organization\",\"@id\":\"https:\\\/\\\/effetquebec.ca\\\/en\\\/#organization\",\"name\":\"L\u2019Effet Qu\u00e9bec\",\"url\":\"https:\\\/\\\/effetquebec.ca\\\/en\\\/\",\"logo\":{\"@type\":\"ImageObject\",\"inLanguage\":\"en-CA\",\"@id\":\"https:\\\/\\\/effetquebec.ca\\\/en\\\/#\\\/schema\\\/logo\\\/image\\\/\",\"url\":\"https:\\\/\\\/effetquebec.ca\\\/wp-content\\\/uploads\\\/2026\\\/04\\\/EffetQuebec.LogoVertical.RGB_.Noir-fav-1.png\",\"contentUrl\":\"https:\\\/\\\/effetquebec.ca\\\/wp-content\\\/uploads\\\/2026\\\/04\\\/EffetQuebec.LogoVertical.RGB_.Noir-fav-1.png\",\"width\":512,\"height\":512,\"caption\":\"L\u2019Effet Qu\u00e9bec\"},\"image\":{\"@id\":\"https:\\\/\\\/effetquebec.ca\\\/en\\\/#\\\/schema\\\/logo\\\/image\\\/\"},\"sameAs\":[\"https:\\\/\\\/www.facebook.com\\\/XnQuebec\",\"https:\\\/\\\/www.instagram.com\\\/xnquebec\\\/\",\"https:\\\/\\\/www.linkedin.com\\\/company\\\/xnquebec\\\/\"]}]}<\/script>\n<!-- \/ Yoast SEO plugin. -->","yoast_head_json":{"title":"L'Infini, cr\u00e9\u00e9e par Felix & Paul Studio et le Studio Phi - L\u2019Effet Qu\u00e9bec","robots":{"index":"index","follow":"follow","max-snippet":"max-snippet:-1","max-image-preview":"max-image-preview:large","max-video-preview":"max-video-preview:-1"},"canonical":"https:\/\/effetquebec.ca\/en\/decouvertes\/linfini-felix-paul-studio-studio-phi\/","og_locale":"en_US","og_type":"article","og_title":"L'Infini, cr\u00e9\u00e9e par Felix & Paul Studio et le Studio Phi - L\u2019Effet Qu\u00e9bec","og_description":"Bien qu\u2019elle soit \u00ab inspir\u00e9e par les missions de la NASA \u00bb et bien que le c\u0153ur de l\u2019exposition reste les images que Felix & Paul ont ramen\u00e9es de la Station Spatiale Internationale,\u00a0L\u2019INFINI\u00a0n\u2019est pas qu\u2019\u00e0 propos de l\u2019espace.","og_url":"https:\/\/effetquebec.ca\/en\/decouvertes\/linfini-felix-paul-studio-studio-phi\/","og_site_name":"L\u2019Effet Qu\u00e9bec","article_publisher":"https:\/\/www.facebook.com\/XnQuebec","article_modified_time":"2022-05-17T18:59:49+00:00","og_image":[{"width":600,"height":600,"url":"https:\/\/effetquebec.ca\/wp-content\/uploads\/2021\/09\/infini.jpg","type":"image\/jpeg"}],"twitter_card":"summary_large_image","twitter_misc":{"Est. reading time":"13 minutes"},"schema":{"@context":"https:\/\/schema.org","@graph":[{"@type":"WebPage","@id":"https:\/\/effetquebec.ca\/en\/decouvertes\/linfini-felix-paul-studio-studio-phi\/","url":"https:\/\/effetquebec.ca\/en\/decouvertes\/linfini-felix-paul-studio-studio-phi\/","name":"L'Infini, cr\u00e9\u00e9e par Felix & Paul Studio et le Studio Phi - L\u2019Effet Qu\u00e9bec","isPartOf":{"@id":"https:\/\/effetquebec.ca\/en\/#website"},"primaryImageOfPage":{"@id":"https:\/\/effetquebec.ca\/en\/decouvertes\/linfini-felix-paul-studio-studio-phi\/#primaryimage"},"image":{"@id":"https:\/\/effetquebec.ca\/en\/decouvertes\/linfini-felix-paul-studio-studio-phi\/#primaryimage"},"thumbnailUrl":"https:\/\/effetquebec.ca\/wp-content\/uploads\/2021\/09\/infini.jpg","datePublished":"2021-09-16T17:19:47+00:00","dateModified":"2022-05-17T18:59:49+00:00","breadcrumb":{"@id":"https:\/\/effetquebec.ca\/en\/decouvertes\/linfini-felix-paul-studio-studio-phi\/#breadcrumb"},"inLanguage":"en-CA","potentialAction":[{"@type":"ReadAction","target":["https:\/\/effetquebec.ca\/en\/decouvertes\/linfini-felix-paul-studio-studio-phi\/"]}]},{"@type":"ImageObject","inLanguage":"en-CA","@id":"https:\/\/effetquebec.ca\/en\/decouvertes\/linfini-felix-paul-studio-studio-phi\/#primaryimage","url":"https:\/\/effetquebec.ca\/wp-content\/uploads\/2021\/09\/infini.jpg","contentUrl":"https:\/\/effetquebec.ca\/wp-content\/uploads\/2021\/09\/infini.jpg","width":600,"height":600},{"@type":"BreadcrumbList","@id":"https:\/\/effetquebec.ca\/en\/decouvertes\/linfini-felix-paul-studio-studio-phi\/#breadcrumb","itemListElement":[{"@type":"ListItem","position":1,"name":"Accueil","item":"https:\/\/effetquebec.ca\/en\/"},{"@type":"ListItem","position":2,"name":"Discoveries","item":"https:\/\/effetquebec.ca\/en\/decouvertes\/"},{"@type":"ListItem","position":3,"name":"L&rsquo;Infini, cr\u00e9\u00e9e par Felix &#038; Paul Studio et le Studio Phi"}]},{"@type":"WebSite","@id":"https:\/\/effetquebec.ca\/en\/#website","url":"https:\/\/effetquebec.ca\/en\/","name":"L\u2019Effet Qu\u00e9bec","description":"P\u00f4le d\u2019expertise en exportation","publisher":{"@id":"https:\/\/effetquebec.ca\/en\/#organization"},"potentialAction":[{"@type":"SearchAction","target":{"@type":"EntryPoint","urlTemplate":"https:\/\/effetquebec.ca\/en\/?s={search_term_string}"},"query-input":{"@type":"PropertyValueSpecification","valueRequired":true,"valueName":"search_term_string"}}],"inLanguage":"en-CA"},{"@type":"Organization","@id":"https:\/\/effetquebec.ca\/en\/#organization","name":"L\u2019Effet Qu\u00e9bec","url":"https:\/\/effetquebec.ca\/en\/","logo":{"@type":"ImageObject","inLanguage":"en-CA","@id":"https:\/\/effetquebec.ca\/en\/#\/schema\/logo\/image\/","url":"https:\/\/effetquebec.ca\/wp-content\/uploads\/2026\/04\/EffetQuebec.LogoVertical.RGB_.Noir-fav-1.png","contentUrl":"https:\/\/effetquebec.ca\/wp-content\/uploads\/2026\/04\/EffetQuebec.LogoVertical.RGB_.Noir-fav-1.png","width":512,"height":512,"caption":"L\u2019Effet Qu\u00e9bec"},"image":{"@id":"https:\/\/effetquebec.ca\/en\/#\/schema\/logo\/image\/"},"sameAs":["https:\/\/www.facebook.com\/XnQuebec","https:\/\/www.instagram.com\/xnquebec\/","https:\/\/www.linkedin.com\/company\/xnquebec\/"]}]}},"_links":{"self":[{"href":"https:\/\/effetquebec.ca\/en\/wp-json\/wp\/v2\/decouvertes\/2626","targetHints":{"allow":["GET"]}}],"collection":[{"href":"https:\/\/effetquebec.ca\/en\/wp-json\/wp\/v2\/decouvertes"}],"about":[{"href":"https:\/\/effetquebec.ca\/en\/wp-json\/wp\/v2\/types\/decouvertes"}],"author":[{"embeddable":true,"href":"https:\/\/effetquebec.ca\/en\/wp-json\/wp\/v2\/users\/118"}],"wp:featuredmedia":[{"embeddable":true,"href":"https:\/\/effetquebec.ca\/en\/wp-json\/wp\/v2\/media\/6887"}],"wp:attachment":[{"href":"https:\/\/effetquebec.ca\/en\/wp-json\/wp\/v2\/media?parent=2626"}],"curies":[{"name":"wp","href":"https:\/\/api.w.org\/{rel}","templated":true}]}}