{"id":8790,"date":"2022-06-23T15:03:02","date_gmt":"2022-06-23T15:03:02","guid":{"rendered":"https:\/\/effetquebec.ca\/?post_type=decouvertes&#038;p=8790"},"modified":"2022-09-09T14:41:53","modified_gmt":"2022-09-09T14:41:53","slug":"compte-rendu-de-tribeca-immersive-10-au-19-juin-2022","status":"publish","type":"decouvertes","link":"https:\/\/effetquebec.ca\/en\/decouvertes\/compte-rendu-de-tribeca-immersive-10-au-19-juin-2022\/","title":{"rendered":"Compte rendu de Tribeca Immersive &#8211; 10 au 19 juin 2022"},"content":{"rendered":"\n<div class=\"alignfull wp-block-ugb-cta ugb-cta ugb-bf060b0 ugb-cta ugb-cta--v2 ugb-main-block ugb--has-custom-content-width ugb--has-custom-content-width-tablet ugb--has-custom-content-width-mobile ugb-main-block--inner-full ugb--has-block-background ugb--has-background-overlay\"><style>.ugb-bf060b0 .ugb-cta__title,.ugb-bf060b0 .ugb-cta__description,.ugb-bf060b0 .ugb-button-container{text-align:right !important}.ugb-bf060b0 .ugb-cta__item{background-color:rgba(0,0,0,1) !important}.ugb-bf060b0 .ugb-cta__item:before{background-color:#000000 !important}.ugb-bf060b0 .ugb-cta__title{font-family:\"Open Sans\",Sans-serif !important;font-size:3.5em !important;letter-spacing:1px !important;color:#ffffff}.ugb-bf060b0 .ugb-cta__description{font-size:20px !important;color:#ffffff}.ugb-bf060b0 .ugb-inner-block{text-align:right}.ugb-bf060b0.ugb-cta{min-height:90vh;justify-content:flex-start;background-image:url(https:\/\/effetquebec.ca\/wp-content\/uploads\/2022\/06\/image7.jpg)}.ugb-bf060b0.ugb-cta > .ugb-inner-block{max-width:52% !important}.ugb-bf060b0.ugb-cta:before{opacity:0.5}@media screen and (min-width:768px){.ugb-bf060b0.ugb-cta{padding-left:0px !important}.ugb-bf060b0 > .ugb-inner-block > .ugb-block-content > *{min-height:400px}}@media screen and (max-width:1025px){.ugb-bf060b0 .ugb-cta__title{font-size:2.5em !important}.ugb-bf060b0.ugb-cta > .ugb-inner-block{max-width:70% !important}}@media screen and (max-width:768px){.ugb-bf060b0 .ugb-cta__title,.ugb-bf060b0 .ugb-cta__description,.ugb-bf060b0 .ugb-button-container{text-align:right}.ugb-bf060b0 .ugb-cta__title{font-size:1.5em !important}.ugb-bf060b0 .ugb-cta__description{margin-bottom:0px !important;font-size:18px !important}.ugb-bf060b0 .ugb-inner-block{text-align:right}.ugb-bf060b0.ugb-cta{padding-right:18px !important;padding-left:0px !important;min-height:50vh;background-repeat:no-repeat}.ugb-bf060b0.ugb-cta > .ugb-inner-block{max-width:70% !important}}@media screen and (-ms-high-contrast:active),screen and (-ms-high-contrast:none){.ugb-bf060b0.ugb-cta{height:90vh}}@media screen and (min-width:768px){.ugb-bf060b0 > .ugb-inner-block > .ugb-block-content > *{padding-right:70px !important;padding-left:70px !important}}@media screen and (max-width:768px){.ugb-bf060b0 > .ugb-inner-block > .ugb-block-content > *{padding-top:8% !important;padding-right:8% !important;padding-bottom:8% !important;padding-left:8% !important}}<\/style><div class=\"ugb-inner-block ugb-inner-block--full\"><div class=\"ugb-block-content\"><div class=\"ugb-cta__item ugb--shadow-6\"><h2 class=\"ugb-cta__title\">Tribeca Immersive  <\/h2><p class=\"ugb-cta__description\"> <\/p><\/div><\/div><\/div><\/div>\n\n\n\n<div class=\"wp-block-ugb-divider ugb-divider ugb-ab090f3 ugb-divider--v2 ugb-divider--design-basic ugb-main-block\"><style>.ugb-ab090f3 hr.ugb-divider__hr{margin-left:auto !important;margin-right:auto !important}<\/style><div class=\"ugb-inner-block\"><div class=\"ugb-block-content\"><hr class=\"ugb-divider__hr\"\/><\/div><\/div><\/div>\n\n\n\n<div class=\"wp-block-ugb-columns ugb-columns ugb-1be07fd ugb-columns--design-plain ugb-columns--columns-2 ugb-main-block\"><style>.ugb-1be07fd > .ugb-inner-block > .ugb-block-content > .ugb-columns__item{grid-template-columns:0.48fr 1.52fr !important}.ugb-1be07fd-content-wrapper{grid-column-gap:45px !important}<\/style><div class=\"ugb-inner-block\"><div class=\"ugb-block-content\"><div class=\"ugb-columns__item ugb-1be07fd-content-wrapper\">\n<div class=\"wp-block-ugb-column ugb-column ugb-7bcaea4 ugb-column--design-plain ugb-main-block\"><style>.ugb-7bcaea4 .ugb-inner-block{text-align:left}@media screen and (max-width:768px){.ugb-7bcaea4 .ugb-inner-block{text-align:center}}<\/style><div class=\"ugb-inner-block\"><div class=\"ugb-block-content\"><div class=\"ugb-column__item ugb-7bcaea4-column-wrapper\"><div class=\"ugb-column__content-wrapper\">\n<p>Compte rendu r\u00e9dig\u00e9 par :<\/p>\n\n\n\n<div class=\"wp-block-ugb-columns ugb-columns ugb-8269640 ugb-columns--design-plain ugb-columns--columns-2 ugb-main-block\"><style>@media screen and (max-width:768px){.ugb-8269640-content-wrapper{grid-row-gap:0 !important}.ugb-8269640 .ugb-inner-block{text-align:center}}<\/style><div class=\"ugb-inner-block\"><div class=\"ugb-block-content\"><div class=\"ugb-columns__item ugb-8269640-content-wrapper\">\n<div class=\"wp-block-ugb-column ugb-column ugb-09af8f7 ugb-column--design-plain ugb-main-block\"><div class=\"ugb-inner-block\"><div class=\"ugb-block-content\"><div class=\"ugb-column__item ugb-09af8f7-column-wrapper\"><div class=\"ugb-column__content-wrapper\"><div class=\"wp-block-image is-style-default\">\n<figure class=\"aligncenter size-thumbnail\"><img loading=\"lazy\" decoding=\"async\" width=\"150\" height=\"150\" src=\"https:\/\/effetquebec.ca\/wp-content\/uploads\/2021\/08\/philippe-bedard-150x150.jpg\" alt=\"\" class=\"wp-image-2250\" srcset=\"https:\/\/effetquebec.ca\/wp-content\/uploads\/2021\/08\/philippe-bedard-150x150.jpg 150w, https:\/\/effetquebec.ca\/wp-content\/uploads\/2021\/08\/philippe-bedard-250x250.jpg 250w, https:\/\/effetquebec.ca\/wp-content\/uploads\/2021\/08\/philippe-bedard-120x120.jpg 120w, https:\/\/effetquebec.ca\/wp-content\/uploads\/2021\/08\/philippe-bedard.jpg 356w\" sizes=\"auto, (max-width: 150px) 100vw, 150px\" \/><figcaption>Philippe B\u00e9dard<\/figcaption><\/figure>\n<\/div><\/div><\/div><\/div><\/div><\/div>\n\n\n\n<div class=\"wp-block-ugb-column ugb-column ugb-d2227a0 ugb-column--design-plain ugb-main-block\"><div class=\"ugb-inner-block\"><div class=\"ugb-block-content\"><div class=\"ugb-column__item ugb-d2227a0-column-wrapper\"><div class=\"ugb-column__content-wrapper\"><\/div><\/div><\/div><\/div><\/div>\n<\/div><\/div><\/div><\/div>\n\n\n\n<p><\/p>\n<\/div><\/div><\/div><\/div><\/div>\n\n\n\n<div class=\"wp-block-ugb-column ugb-column ugb-8875465 ugb-column--design-plain ugb-main-block\"><style>@media screen and (min-width:768px){.ugb-8875465.ugb-column{margin-bottom:60px !important}}<\/style><div class=\"ugb-inner-block\"><div class=\"ugb-block-content\"><div class=\"ugb-column__item ugb-8875465-column-wrapper\"><div class=\"ugb-column__content-wrapper\">\n<p id=\"6bd4\">Le festival du film de <a href=\"https:\/\/www.tribecafilm.com\/immersive-selections\">Tribeca<\/a> s\u2019est d\u00e9roul\u00e9 du 10\u201319 juin dernier. Consid\u00e9r\u00e9 par plusieurs comme l\u2019un des \u00e9v\u00e9nements les plus importants de l\u2019ann\u00e9e pour le secteur de la XR, cette ann\u00e9e le festival proposait trois grandes cat\u00e9gories&nbsp;: la comp\u00e9tition officielle, la comp\u00e9tition \u00ab&nbsp;New Voices&nbsp;\u00bb ainsi qu\u2019une s\u00e9lection d\u2019\u0153uvres qui se sont d\u00e9j\u00e0 m\u00e9rit\u00e9es des \u00e9loges sur le circuit des festivals ces derniers mois. Parmi ces trois cat\u00e9gories, une dizaine d\u2019\u0153uvres \u00e9taient accessibles en ligne via le <a href=\"https:\/\/www.museumor.com\/blog\/mor-x-tribeca-immersive-2022\">Museum of Other Realities<\/a> (MOR). <\/p>\n\n\n\n<p id=\"6bd4\">C\u2019est ainsi que j\u2019ai visit\u00e9 le pavillon Tribeca Immersive du MOR&nbsp;\u2014&nbsp;faute de pouvoir me rendre \u00e0 New York en personne&nbsp;\u2014&nbsp;pour vous proposer le compte rendu suivant.<\/p>\n\n\n\n<p><\/p>\n<\/div><\/div><\/div><\/div><\/div>\n<\/div><\/div><\/div><\/div>\n\n\n\n<div class=\"alignwide wp-block-ugb-image-box ugb-image-box ugb-1c61610 ugb-image-box--v4 ugb-image-box--columns-1 ugb-image-box--design-basic ugb-image-box--align-center ugb-main-block\"><style>.ugb-1c61610 .ugb-image-box__box{border-radius:0px !important}.ugb-1c61610 .ugb-image-box__item{height:400px !important;justify-content:center !important}.ugb-1c61610 .ugb-image-box__item1 .ugb-image-box__image{background-image:url(https:\/\/effetquebec.ca\/wp-content\/uploads\/2022\/06\/627ee8d03afd941dd78dc081_MOR-Tribeca-2022-hero.jpg)}.ugb-1c61610 .ugb-image-box__item2 .ugb-image-box__image{background-image:url(https:\/\/effetquebec.ca\/wp-content\/uploads\/2022\/06\/627ee8d03afd941dd78dc081_MOR-Tribeca-2022-hero.jpg)}.ugb-1c61610 .ugb-inner-block{text-align:center}.ugb-1c61610 .ugb-block-content{column-gap:10px !important}@media screen and (min-width:768px){.ugb-1c61610 > .ugb-inner-block > .ugb-block-content > *{justify-content:center}}@media screen and (min-width:768px) and (max-width:1025px){.ugb-1c61610 .ugb-image-box__item{height:300px !important}}@media screen and (max-width:768px){.ugb-1c61610 .ugb-image-box__item{height:300px !important}}<\/style><div class=\"ugb-inner-block\"><div class=\"ugb-block-content\"><div class=\"ugb-image-box__item ugb-image-box__item1 ugb-image-box__box ugb--shadow-0\"><div class=\"ugb-image-box__box ugb-image-box__image-wrapper\"><div class=\"ugb-image-box__box ugb-image-box__image\"><\/div><\/div><div class=\"ugb-image-box__content\"><\/div><\/div><\/div><\/div><\/div>\n\n\n\n<div class=\"wp-block-ugb-container ugb-container ugb-915cbd8 ugb-container--v2 ugb-container--design-basic ugb-main-block\"><style>.ugb-915cbd8-wrapper.ugb-container__wrapper{border-radius:0px !important;padding-top:0 !important;padding-bottom:0 !important}.ugb-915cbd8-wrapper > .ugb-container__side{padding-top:35px !important;padding-bottom:35px !important;align-items:flex-end !important}.ugb-915cbd8 .ugb-inner-block{text-align:left}@media screen and (min-width:768px){.ugb-915cbd8-content-wrapper.ugb-container__content-wrapper{width:73% !important}}<\/style><div class=\"ugb-inner-block\"><div class=\"ugb-block-content\"><div class=\"ugb-container__wrapper ugb-915cbd8-wrapper ugb--shadow-0\"><div class=\"ugb-container__side\"><div class=\"ugb-container__content-wrapper ugb-915cbd8-content-wrapper\">\n<p><strong>La s\u00e9lection<\/strong><\/p>\n\n\n\n<p>Contrairement \u00e0 d\u2019autres festivals et aux \u00e9ditions pass\u00e9es du festival new-yorkais, cette fois-ci Tribeca s\u2019est donn\u00e9 pour mission de proposer une s\u00e9lection marqu\u00e9e par une coh\u00e9rence th\u00e9matique, soit une s\u00e9lection \u00ab&nbsp;d\u2019exp\u00e9riences qui abordent notre relation avec la nature, la soci\u00e9t\u00e9 et avec nous-m\u00eames \u00e0 travers l\u2019art num\u00e9rique et la technologie de pointe&nbsp;\u00bb (<a href=\"https:\/\/www.tribecafilm.com\/immersive-selections#about\">source<\/a>).&nbsp;<\/p>\n\n\n\n<p>La comp\u00e9tition principale mettait en lumi\u00e8re les projets qui ont su combler l\u2019\u00e9cart entre la technologie et la narration, proposant des exp\u00e9riences innovantes et percutantes. On y retrouvait notamment <em>Evolver<\/em>, une collaboration entre le r\u00e9alisateur Terrence Malick et les studios Atlas V et Marshmallow Laser Feast. L\u2019exp\u00e9rience sonore immersive <em>Intravene<\/em> faisait \u00e9galement partie de la comp\u00e9tition.&nbsp; Cette coproduction Canada\u2013Royaume-Uni est l\u2019une des premi\u00e8res exp\u00e9riences \u00e0 sortir du programme d\u2019\u00e9change \u00ab&nbsp;<strong>Immersive Exchange<\/strong>&nbsp;\u00bb, le tout premier programme de coproduction canado-britannique en narration immersive (<a href=\"https:\/\/cmf-fmc.ca\/fr\/news\/lancement-du-tout-premier-programme-de-coproduction-canado-britannique-en-narration-immersive\/\">source<\/a>).<\/p>\n\n\n<div class=\"wp-block-image\">\n<figure class=\"aligncenter size-large\"><img loading=\"lazy\" decoding=\"async\" width=\"700\" height=\"394\" src=\"https:\/\/effetquebec.ca\/wp-content\/uploads\/2022\/06\/intravene-700x394.jpg\" alt=\"\" class=\"wp-image-8803\" srcset=\"https:\/\/effetquebec.ca\/wp-content\/uploads\/2022\/06\/intravene-700x394.jpg 700w, https:\/\/effetquebec.ca\/wp-content\/uploads\/2022\/06\/intravene-250x141.jpg 250w, https:\/\/effetquebec.ca\/wp-content\/uploads\/2022\/06\/intravene-768x432.jpg 768w, https:\/\/effetquebec.ca\/wp-content\/uploads\/2022\/06\/intravene-1536x864.jpg 1536w, https:\/\/effetquebec.ca\/wp-content\/uploads\/2022\/06\/intravene-120x68.jpg 120w, https:\/\/effetquebec.ca\/wp-content\/uploads\/2022\/06\/intravene-800x450.jpg 800w, https:\/\/effetquebec.ca\/wp-content\/uploads\/2022\/06\/intravene.jpg 1920w\" sizes=\"auto, (max-width: 700px) 100vw, 700px\" \/><figcaption><em><\/em><center><em>Intravene <\/em>(Darkfield, Crackdown, Brand Longfellow)<\/center><\/figcaption><\/figure>\n<\/div>\n\n\n<p>\u00ab&nbsp;New Voices&nbsp;\u00bb est une nouvelle cat\u00e9gorie en comp\u00e9tition au festival Tribeca qui r\u00e9compense des projets venant d\u2019artistes qui en sont \u00e0 leur premi\u00e8re ou deuxi\u00e8me cr\u00e9ation. Les \u0153uvres r\u00e9unies dans cette cat\u00e9gorie allaient de la r\u00e9alit\u00e9 virtuelle (<em>Plastisapiens<\/em>, <em>Ceci n\u2019est pas une c\u00e9r\u00e9monie<\/em>, <em>Planet City VR<\/em>, etc<em>.<\/em>) \u00e0 la r\u00e9alit\u00e9 augment\u00e9e (<em>Iago&nbsp;: The Green Eyed Monster<\/em>, <em>Emerging Radiance<\/em>, etc.), en passant par des exp\u00e9riences plus difficiles \u00e0 cat\u00e9goriser. Par exemple, le <em>LGBTQ+ VR Museum<\/em> d\u2019Antonia Forster et Thomas Terkildsen est d\u00e9crit comme le premier mus\u00e9e virtuel pens\u00e9 pour c\u00e9l\u00e9brer l\u2019histoire et l\u2019art de la communaut\u00e9 LGBTQ. La galerie regroupe autant des \u0153uvres d\u2019art cr\u00e9\u00e9es par des artistes de la communaut\u00e9 que des objets personnels accompagn\u00e9s de t\u00e9moignages des individus auxquels ils appartiennent. L\u2019\u0153uvre s\u2019est d\u2019ailleurs m\u00e9rit\u00e9 le premier prix \u00ab&nbsp;New Voices \u00bb.<\/p>\n\n\n<div class=\"wp-block-image\">\n<figure class=\"aligncenter size-large\"><img loading=\"lazy\" decoding=\"async\" width=\"700\" height=\"366\" src=\"https:\/\/effetquebec.ca\/wp-content\/uploads\/2022\/06\/lgbtq-vr-museum-700x366.jpg\" alt=\"\" class=\"wp-image-8806\" srcset=\"https:\/\/effetquebec.ca\/wp-content\/uploads\/2022\/06\/lgbtq-vr-museum-700x366.jpg 700w, https:\/\/effetquebec.ca\/wp-content\/uploads\/2022\/06\/lgbtq-vr-museum-250x131.jpg 250w, https:\/\/effetquebec.ca\/wp-content\/uploads\/2022\/06\/lgbtq-vr-museum-768x402.jpg 768w, https:\/\/effetquebec.ca\/wp-content\/uploads\/2022\/06\/lgbtq-vr-museum-1536x803.jpg 1536w, https:\/\/effetquebec.ca\/wp-content\/uploads\/2022\/06\/lgbtq-vr-museum-120x63.jpg 120w, https:\/\/effetquebec.ca\/wp-content\/uploads\/2022\/06\/lgbtq-vr-museum.jpg 1920w\" sizes=\"auto, (max-width: 700px) 100vw, 700px\" \/><figcaption><center><em>LGBTQ+ VR Museum<\/em> (Antonia Forster et Thomas Terkildsen)<\/center><\/figcaption><\/figure>\n<\/div>\n\n\n<p>En parall\u00e8le, le projet <em>Black Movement Library \u2013 Movement Portraits<\/em> de LaJun\u00e9 McMillian proposait lui aussi de nouvelles mani\u00e8res d\u2019acc\u00e9der \u00e0 des donn\u00e9es et des exp\u00e9riences que l\u2019on ne retrouverait pas dans une galerie, un mus\u00e9e ou une archive traditionnelle.&nbsp; L\u2019\u0153uvre en question pr\u00e9sente quatre portraits dansants d\u2019artistes capt\u00e9s dans le cadre de la <em>Black Movement Library<\/em>. Ici, la capture de mouvement servait \u00e0 documenter des fa\u00e7ons bien particuli\u00e8res de bouger et de danser. Par le fait m\u00eame, c\u2019est une histoire personnelle, culturelle et partag\u00e9e que le projet cherchait \u00e0 documenter et \u00e0 faire conna\u00eetre.<\/p>\n\n\n\n<p><strong>M\u00e9moire<\/strong><\/p>\n\n\n\n<p>En plus de ces deux projets qui souhaitaient pr\u00e9senter des collections d\u2019art\u00e9facts \u00e9ph\u00e9m\u00e8res provenant de communaut\u00e9s marginalis\u00e9es, il faut reconna\u00eetre que le lien au pass\u00e9, \u00e0 la m\u00e9moire et au souci de pr\u00e9servation \u00e9taitest un th\u00e8me central de la s\u00e9lection Tribeca Immersive 2022. Par exemple, <em>End of Night <\/em>du studio danois Makropol nous m\u00e8ne sur un trajet \u00e0 travers les souvenirs d\u2019un homme troubl\u00e9 par son pass\u00e9 lors de la Seconde Guerre mondiale.&nbsp;<\/p>\n\n\n<div class=\"wp-block-image\">\n<figure class=\"aligncenter size-large\"><img loading=\"lazy\" decoding=\"async\" width=\"700\" height=\"394\" src=\"https:\/\/effetquebec.ca\/wp-content\/uploads\/2022\/06\/image4-2-700x394.png\" alt=\"\" class=\"wp-image-8822\" srcset=\"https:\/\/effetquebec.ca\/wp-content\/uploads\/2022\/06\/image4-2-700x394.png 700w, https:\/\/effetquebec.ca\/wp-content\/uploads\/2022\/06\/image4-2-250x141.png 250w, https:\/\/effetquebec.ca\/wp-content\/uploads\/2022\/06\/image4-2-768x432.png 768w, https:\/\/effetquebec.ca\/wp-content\/uploads\/2022\/06\/image4-2-120x68.png 120w, https:\/\/effetquebec.ca\/wp-content\/uploads\/2022\/06\/image4-2-800x450.png 800w, https:\/\/effetquebec.ca\/wp-content\/uploads\/2022\/06\/image4-2.png 1429w\" sizes=\"auto, (max-width: 700px) 100vw, 700px\" \/><figcaption><center><em>Ceci n&#8217;est pas une c\u00e9r\u00e9monie<\/em> (Ahnahksipiitaa)<\/center><\/figcaption><\/figure>\n<\/div>\n\n\n<p id=\"block-52f2ccdd-549b-41b3-8071-fb7ba94d60bf\">Pour sa part, <em>Emerging Radiance <\/em>est une murale qui prend vie gr\u00e2ce \u00e0 la r\u00e9alit\u00e9 augment\u00e9e pour raconter l\u2019histoire de trois survivant.e.s des incarc\u00e9rations de japonais.e.s am\u00e9ricain.e.s durant la Guerre. Finalement, <a href=\"https:\/\/www.onf.ca\/interactif\/pasuneceremonie\/\"><em>Ceci n\u2019est pas une c\u00e9r\u00e9monie<\/em><\/a> d\u2019Ahnahksipiitaa (Colin Van Loon) invite le public \u00e0 \u00eatre t\u00e9moin de deux histoires&nbsp;\u2014&nbsp;parmi tant d\u2019autres&nbsp;\u2014&nbsp;des souffrances v\u00e9cues par les peuples autochtones aux mains du gouvernement canadien. La question avec laquelle nous laisse l\u2019exp\u00e9rience pourrait s\u2019appliquer \u00e0 tous ces autres projets qui traitent de m\u00e9moire&nbsp;: \u00ab\u2009Maintenant que vous savez, qu\u2019est-ce que vous comptez faire \u00e0 ce propos\u2009?\u2009\u00bb<\/p>\n\n\n\n<p id=\"block-1cd8bd6e-0adc-499c-a6b1-0d556297575e\"><strong>Futur<\/strong><\/p>\n\n\n\n<p id=\"block-730ae59b-b9ab-4a40-897b-c03e9325a74b\">Une autre tendance dans la s\u00e9lection immersive du festival en 2022 \u00e9tait le regard vers le futur. Bien s\u00fbr, quand il est question de technologies immersives, il ne faut pas s\u2019\u00e9tonner que la science-fiction et la prospection soient au menu. En l\u2019occurrence,&nbsp;les deux projets les plus futuristes traitaient de questions qui nous touchent aussi aujourd\u2019hui. <em>Planet City<\/em>, par exemple, imagine un futur lointain o\u00f9 tous les 10 millions d\u2019habitant.e.s de la Terre se seraient relocalis\u00e9.e.s dans une seule ville pour laisser le reste de la plan\u00e8te retourner \u00e0 son \u00e9tat naturel.<\/p>\n\n\n\n<p id=\"block-aaace5be-2f54-4667-a2b1-58959bedfb5c\"><br>Pour leur part, l\u2019Office national du film du Canada, Dpt. et Lalibela pr\u00e9sentaient la premi\u00e8re de <a href=\"https:\/\/espacemedia.onf.ca\/epk\/plastisapiens\/\"><em>Plastisapiens<\/em><\/a>, une \u00ab&nbsp;\u00e9cofiction surr\u00e9aliste&nbsp;\u00bb qui nous demande d\u2019imaginer un futur o\u00f9 l\u2019humain aurait \u00e9volu\u00e9 en raison de l\u2019impact des plastiques que nous consommons, respirons et buvons d\u00e9j\u00e0 tous les jours. Bien qu\u2019on pourrait s\u2019attendre \u00e0 un traitement dystopique du sujet, le ton est m\u00e9ditatif, voire ludique. Le projet nous invite \u00e0 trouver de la qui\u00e9tude dans ce nouveau monde et \u00e0 nous approprier ce nouveau corps devenu plastique.&nbsp;<\/p>\n\n\n<div class=\"wp-block-image\">\n<figure class=\"aligncenter\" id=\"block-7614919b-0609-4393-8bd9-28206c418f12\"><img decoding=\"async\" src=\"https:\/\/effetquebec.ca\/wp-content\/uploads\/2022\/06\/image3-700x394.jpg\" alt=\"L\u2019attribut alt de cette image est vide, son nom de fichier est image3-700x394.jpg.\"\/><figcaption><center><em>Plastisapiens<\/em> (Office national du film du Canada, Dpt. et Lalibela)<\/center><\/figcaption><\/figure>\n<\/div>\n\n\n<p id=\"block-6c309def-6ff1-4d08-b197-fce02b81b205\"><strong>Le festival<\/strong><\/p>\n\n\n\n<p>R\u00e9cemment, le festival Tribeca s\u2019est dot\u00e9 d\u2019une nouvelle directrice de programmation pour sa section immersive. Ana Brzezi\u0144ska reprend ainsi le flambeau de Loren Hammonds. Alors qu\u2019elle travaillait chez Kaleidoscope, Brzezi\u0144ska a accompagn\u00e9 plusieurs festivals et \u00e9v\u00e9nements dans leur transition vers le virtuel, notamment en collaboration avec le MOR. C\u2019est sous sa gouverne que les festivals VIFF, Cannes XR, Tribeca, et NewImages, de m\u00eame que la collection \u00ab Immersive Arcade \u00bb et la \u00ab <a href=\"https:\/\/effetquebec.ca\/decouvertes\/museum-of-other-realities\/\" target=\"_blank\" rel=\"noreferrer noopener\">Collection Canadienne<\/a> \u00bb furent pr\u00e9sent\u00e9s sur cette plateforme virtuelle ind\u00e9pendante.<\/p>\n\n\n\n<p>Or, deux ans apr\u00e8s le virage virtuel, il ne serait pas surprenant de voir que Tribeca est l\u2019un des derniers festivals \u00e0 proposer une partie de sa s\u00e9lection en ligne. Et bien que l\u2019id\u00e9e de revenir \u00e0 des \u00e9v\u00e9nements 100 % pr\u00e9sentiels ait ses avantages, je ne peux pas m\u2019emp\u00eacher de regretter la fin de cette pratique. La fin des festivals virtuels et des \u00e9v\u00e9nements satellites marque aussi pour moi la fin d\u2019une p\u00e9riode d\u2019accessibilit\u00e9 in\u00e9gal\u00e9e \u00e0 des contenus de qualit\u00e9, dont certains ne seront plus accessibles hors du circuit des festivals.<\/p>\n\n\n<div class=\"wp-block-image\">\n<figure class=\"aligncenter\" id=\"block-dbca51cf-a613-4837-9484-dc1f6795555a\"><img decoding=\"async\" src=\"https:\/\/effetquebec.ca\/wp-content\/uploads\/2022\/06\/image7-1-700x394.jpg\" alt=\"L\u2019attribut alt de cette image est vide, son nom de fichier est image7-1-700x394.jpg.\"\/><figcaption><center>Festival Tribeca &#8211; Exposition virtuelle<\/center><\/figcaption><\/figure>\n<\/div><\/div><\/div><\/div><\/div><\/div><\/div>\n","protected":false},"excerpt":{"rendered":"Tribeca Immersive Compte rendu r\u00e9dig\u00e9 par : Le festival du film de Tribeca s\u2019est d\u00e9roul\u00e9 du 10\u201319 juin dernier. Consid\u00e9r\u00e9 par plusieurs comme l\u2019un des \u00e9v\u00e9nements les plus importants de l\u2019ann\u00e9e pour le secteur de la XR, cette ann\u00e9e le festival proposait trois grandes cat\u00e9gories&nbsp;: la comp\u00e9tition officielle, la comp\u00e9tition \u00ab&nbsp;New Voices&nbsp;\u00bb ainsi qu\u2019une s\u00e9lection&#8230; <a class=\"view-article\" href=\"https:\/\/effetquebec.ca\/en\/decouvertes\/compte-rendu-de-tribeca-immersive-10-au-19-juin-2022\/\"><\/a>","protected":false},"author":118,"featured_media":8941,"template":"","meta":{"_acf_changed":false,"_links_to":"","_links_to_target":""},"class_list":["post-8790","decouvertes","type-decouvertes","status-publish","has-post-thumbnail","hentry"],"featured_image_urls_v2":{"full":["https:\/\/effetquebec.ca\/wp-content\/uploads\/2022\/06\/tribeca-sq.jpg",803,804,false],"thumbnail":["https:\/\/effetquebec.ca\/wp-content\/uploads\/2022\/06\/tribeca-sq-150x150.jpg",150,150,true],"medium":["https:\/\/effetquebec.ca\/wp-content\/uploads\/2022\/06\/tribeca-sq-250x250.jpg",250,250,true],"medium_large":["https:\/\/effetquebec.ca\/wp-content\/uploads\/2022\/06\/tribeca-sq-768x769.jpg",768,769,true],"large":["https:\/\/effetquebec.ca\/wp-content\/uploads\/2022\/06\/tribeca-sq-700x701.jpg",700,701,true],"1536x1536":["https:\/\/effetquebec.ca\/wp-content\/uploads\/2022\/06\/tribeca-sq.jpg",803,804,false],"2048x2048":["https:\/\/effetquebec.ca\/wp-content\/uploads\/2022\/06\/tribeca-sq.jpg",803,804,false],"small":["https:\/\/effetquebec.ca\/wp-content\/uploads\/2022\/06\/tribeca-sq-120x120.jpg",120,120,true],"custom-size":["https:\/\/effetquebec.ca\/wp-content\/uploads\/2022\/06\/tribeca-sq-700x200.jpg",700,200,true],"grille":["https:\/\/effetquebec.ca\/wp-content\/uploads\/2022\/06\/tribeca-sq-800x450.jpg",800,450,true],"gform-image-choice-sm":["https:\/\/effetquebec.ca\/wp-content\/uploads\/2022\/06\/tribeca-sq.jpg",300,300,false],"gform-image-choice-md":["https:\/\/effetquebec.ca\/wp-content\/uploads\/2022\/06\/tribeca-sq.jpg",400,400,false],"gform-image-choice-lg":["https:\/\/effetquebec.ca\/wp-content\/uploads\/2022\/06\/tribeca-sq.jpg",600,600,false]},"post_excerpt_stackable_v2":"Tribeca Immersive Compte rendu r\u00e9dig\u00e9 par : Philippe B\u00e9dard Le festival du film de Tribeca s\u2019est d\u00e9roul\u00e9 du 10\u201319 juin dernier. Consid\u00e9r\u00e9 par plusieurs comme l\u2019un des \u00e9v\u00e9nements les plus importants de l\u2019ann\u00e9e pour le secteur de la XR, cette ann\u00e9e le festival proposait trois grandes cat\u00e9gories&nbsp;: la comp\u00e9tition officielle, la comp\u00e9tition \u00ab&nbsp;New Voices&nbsp;\u00bb ainsi qu\u2019une s\u00e9lection d\u2019\u0153uvres qui se sont d\u00e9j\u00e0 m\u00e9rit\u00e9es des \u00e9loges sur le circuit des festivals ces derniers mois. Parmi ces trois cat\u00e9gories, une dizaine d\u2019\u0153uvres \u00e9taient accessibles en ligne via le Museum of Other Realities (MOR). C\u2019est ainsi que j\u2019ai visit\u00e9 le pavillon Tribeca Immersive&hellip;","category_list_v2":"","author_info_v2":{"name":"Sara","url":"https:\/\/effetquebec.ca\/en\/author\/saraxnquebec-co\/"},"comments_num_v2":"0 comments","acf":[],"yoast_head":"<!-- This site is optimized with the Yoast SEO plugin v27.5 - https:\/\/yoast.com\/product\/yoast-seo-wordpress\/ -->\n<title>Compte rendu de Tribeca Immersive - 10 au 19 juin 2022 - L\u2019Effet Qu\u00e9bec<\/title>\n<meta name=\"description\" content=\"Compte rendu de la programmation en ligne de Tribeca Immersive - rendu disponible via le Museum of Other Realities.\" \/>\n<meta name=\"robots\" content=\"index, follow, max-snippet:-1, max-image-preview:large, max-video-preview:-1\" \/>\n<link rel=\"canonical\" href=\"https:\/\/effetquebec.ca\/en\/decouvertes\/compte-rendu-de-tribeca-immersive-10-au-19-juin-2022\/\" \/>\n<meta property=\"og:locale\" content=\"en_US\" \/>\n<meta property=\"og:type\" content=\"article\" \/>\n<meta property=\"og:title\" content=\"Compte rendu de Tribeca Immersive - 10 au 19 juin 2022 - L\u2019Effet Qu\u00e9bec\" \/>\n<meta property=\"og:description\" content=\"Compte rendu de la programmation en ligne de Tribeca Immersive - rendu disponible via le Museum of Other Realities.\" \/>\n<meta property=\"og:url\" content=\"https:\/\/effetquebec.ca\/en\/decouvertes\/compte-rendu-de-tribeca-immersive-10-au-19-juin-2022\/\" \/>\n<meta property=\"og:site_name\" content=\"L\u2019Effet Qu\u00e9bec\" \/>\n<meta property=\"article:publisher\" content=\"https:\/\/www.facebook.com\/XnQuebec\" \/>\n<meta property=\"article:modified_time\" content=\"2022-09-09T14:41:53+00:00\" \/>\n<meta property=\"og:image\" content=\"https:\/\/effetquebec.ca\/wp-content\/uploads\/2022\/06\/tribeca-sq.jpg\" \/>\n\t<meta property=\"og:image:width\" content=\"803\" \/>\n\t<meta property=\"og:image:height\" content=\"804\" \/>\n\t<meta property=\"og:image:type\" content=\"image\/jpeg\" \/>\n<meta name=\"twitter:card\" content=\"summary_large_image\" \/>\n<meta name=\"twitter:label1\" content=\"Est. reading time\" \/>\n\t<meta name=\"twitter:data1\" content=\"8 minutes\" \/>\n<script type=\"application\/ld+json\" class=\"yoast-schema-graph\">{\"@context\":\"https:\\\/\\\/schema.org\",\"@graph\":[{\"@type\":\"WebPage\",\"@id\":\"https:\\\/\\\/effetquebec.ca\\\/en\\\/decouvertes\\\/compte-rendu-de-tribeca-immersive-10-au-19-juin-2022\\\/\",\"url\":\"https:\\\/\\\/effetquebec.ca\\\/en\\\/decouvertes\\\/compte-rendu-de-tribeca-immersive-10-au-19-juin-2022\\\/\",\"name\":\"Compte rendu de Tribeca Immersive - 10 au 19 juin 2022 - L\u2019Effet Qu\u00e9bec\",\"isPartOf\":{\"@id\":\"https:\\\/\\\/effetquebec.ca\\\/en\\\/#website\"},\"primaryImageOfPage\":{\"@id\":\"https:\\\/\\\/effetquebec.ca\\\/en\\\/decouvertes\\\/compte-rendu-de-tribeca-immersive-10-au-19-juin-2022\\\/#primaryimage\"},\"image\":{\"@id\":\"https:\\\/\\\/effetquebec.ca\\\/en\\\/decouvertes\\\/compte-rendu-de-tribeca-immersive-10-au-19-juin-2022\\\/#primaryimage\"},\"thumbnailUrl\":\"https:\\\/\\\/effetquebec.ca\\\/wp-content\\\/uploads\\\/2022\\\/06\\\/tribeca-sq.jpg\",\"datePublished\":\"2022-06-23T15:03:02+00:00\",\"dateModified\":\"2022-09-09T14:41:53+00:00\",\"description\":\"Compte rendu de la programmation en ligne de Tribeca Immersive - rendu disponible via le Museum of Other Realities.\",\"breadcrumb\":{\"@id\":\"https:\\\/\\\/effetquebec.ca\\\/en\\\/decouvertes\\\/compte-rendu-de-tribeca-immersive-10-au-19-juin-2022\\\/#breadcrumb\"},\"inLanguage\":\"en-CA\",\"potentialAction\":[{\"@type\":\"ReadAction\",\"target\":[\"https:\\\/\\\/effetquebec.ca\\\/en\\\/decouvertes\\\/compte-rendu-de-tribeca-immersive-10-au-19-juin-2022\\\/\"]}]},{\"@type\":\"ImageObject\",\"inLanguage\":\"en-CA\",\"@id\":\"https:\\\/\\\/effetquebec.ca\\\/en\\\/decouvertes\\\/compte-rendu-de-tribeca-immersive-10-au-19-juin-2022\\\/#primaryimage\",\"url\":\"https:\\\/\\\/effetquebec.ca\\\/wp-content\\\/uploads\\\/2022\\\/06\\\/tribeca-sq.jpg\",\"contentUrl\":\"https:\\\/\\\/effetquebec.ca\\\/wp-content\\\/uploads\\\/2022\\\/06\\\/tribeca-sq.jpg\",\"width\":803,\"height\":804},{\"@type\":\"BreadcrumbList\",\"@id\":\"https:\\\/\\\/effetquebec.ca\\\/en\\\/decouvertes\\\/compte-rendu-de-tribeca-immersive-10-au-19-juin-2022\\\/#breadcrumb\",\"itemListElement\":[{\"@type\":\"ListItem\",\"position\":1,\"name\":\"Accueil\",\"item\":\"https:\\\/\\\/effetquebec.ca\\\/en\\\/\"},{\"@type\":\"ListItem\",\"position\":2,\"name\":\"Discoveries\",\"item\":\"https:\\\/\\\/effetquebec.ca\\\/en\\\/decouvertes\\\/\"},{\"@type\":\"ListItem\",\"position\":3,\"name\":\"Compte rendu de Tribeca Immersive &#8211; 10 au 19 juin 2022\"}]},{\"@type\":\"WebSite\",\"@id\":\"https:\\\/\\\/effetquebec.ca\\\/en\\\/#website\",\"url\":\"https:\\\/\\\/effetquebec.ca\\\/en\\\/\",\"name\":\"L\u2019Effet Qu\u00e9bec\",\"description\":\"P\u00f4le d\u2019expertise en exportation\",\"publisher\":{\"@id\":\"https:\\\/\\\/effetquebec.ca\\\/en\\\/#organization\"},\"potentialAction\":[{\"@type\":\"SearchAction\",\"target\":{\"@type\":\"EntryPoint\",\"urlTemplate\":\"https:\\\/\\\/effetquebec.ca\\\/en\\\/?s={search_term_string}\"},\"query-input\":{\"@type\":\"PropertyValueSpecification\",\"valueRequired\":true,\"valueName\":\"search_term_string\"}}],\"inLanguage\":\"en-CA\"},{\"@type\":\"Organization\",\"@id\":\"https:\\\/\\\/effetquebec.ca\\\/en\\\/#organization\",\"name\":\"L\u2019Effet Qu\u00e9bec\",\"url\":\"https:\\\/\\\/effetquebec.ca\\\/en\\\/\",\"logo\":{\"@type\":\"ImageObject\",\"inLanguage\":\"en-CA\",\"@id\":\"https:\\\/\\\/effetquebec.ca\\\/en\\\/#\\\/schema\\\/logo\\\/image\\\/\",\"url\":\"https:\\\/\\\/effetquebec.ca\\\/wp-content\\\/uploads\\\/2026\\\/04\\\/EffetQuebec.LogoVertical.RGB_.Noir-fav-1.png\",\"contentUrl\":\"https:\\\/\\\/effetquebec.ca\\\/wp-content\\\/uploads\\\/2026\\\/04\\\/EffetQuebec.LogoVertical.RGB_.Noir-fav-1.png\",\"width\":512,\"height\":512,\"caption\":\"L\u2019Effet Qu\u00e9bec\"},\"image\":{\"@id\":\"https:\\\/\\\/effetquebec.ca\\\/en\\\/#\\\/schema\\\/logo\\\/image\\\/\"},\"sameAs\":[\"https:\\\/\\\/www.facebook.com\\\/XnQuebec\",\"https:\\\/\\\/www.instagram.com\\\/xnquebec\\\/\",\"https:\\\/\\\/www.linkedin.com\\\/company\\\/xnquebec\\\/\"]}]}<\/script>\n<!-- \/ Yoast SEO plugin. -->","yoast_head_json":{"title":"Compte rendu de Tribeca Immersive - 10 au 19 juin 2022 - L\u2019Effet Qu\u00e9bec","description":"Compte rendu de la programmation en ligne de Tribeca Immersive - rendu disponible via le Museum of Other Realities.","robots":{"index":"index","follow":"follow","max-snippet":"max-snippet:-1","max-image-preview":"max-image-preview:large","max-video-preview":"max-video-preview:-1"},"canonical":"https:\/\/effetquebec.ca\/en\/decouvertes\/compte-rendu-de-tribeca-immersive-10-au-19-juin-2022\/","og_locale":"en_US","og_type":"article","og_title":"Compte rendu de Tribeca Immersive - 10 au 19 juin 2022 - L\u2019Effet Qu\u00e9bec","og_description":"Compte rendu de la programmation en ligne de Tribeca Immersive - rendu disponible via le Museum of Other Realities.","og_url":"https:\/\/effetquebec.ca\/en\/decouvertes\/compte-rendu-de-tribeca-immersive-10-au-19-juin-2022\/","og_site_name":"L\u2019Effet Qu\u00e9bec","article_publisher":"https:\/\/www.facebook.com\/XnQuebec","article_modified_time":"2022-09-09T14:41:53+00:00","og_image":[{"width":803,"height":804,"url":"https:\/\/effetquebec.ca\/wp-content\/uploads\/2022\/06\/tribeca-sq.jpg","type":"image\/jpeg"}],"twitter_card":"summary_large_image","twitter_misc":{"Est. reading time":"8 minutes"},"schema":{"@context":"https:\/\/schema.org","@graph":[{"@type":"WebPage","@id":"https:\/\/effetquebec.ca\/en\/decouvertes\/compte-rendu-de-tribeca-immersive-10-au-19-juin-2022\/","url":"https:\/\/effetquebec.ca\/en\/decouvertes\/compte-rendu-de-tribeca-immersive-10-au-19-juin-2022\/","name":"Compte rendu de Tribeca Immersive - 10 au 19 juin 2022 - L\u2019Effet Qu\u00e9bec","isPartOf":{"@id":"https:\/\/effetquebec.ca\/en\/#website"},"primaryImageOfPage":{"@id":"https:\/\/effetquebec.ca\/en\/decouvertes\/compte-rendu-de-tribeca-immersive-10-au-19-juin-2022\/#primaryimage"},"image":{"@id":"https:\/\/effetquebec.ca\/en\/decouvertes\/compte-rendu-de-tribeca-immersive-10-au-19-juin-2022\/#primaryimage"},"thumbnailUrl":"https:\/\/effetquebec.ca\/wp-content\/uploads\/2022\/06\/tribeca-sq.jpg","datePublished":"2022-06-23T15:03:02+00:00","dateModified":"2022-09-09T14:41:53+00:00","description":"Compte rendu de la programmation en ligne de Tribeca Immersive - rendu disponible via le Museum of Other Realities.","breadcrumb":{"@id":"https:\/\/effetquebec.ca\/en\/decouvertes\/compte-rendu-de-tribeca-immersive-10-au-19-juin-2022\/#breadcrumb"},"inLanguage":"en-CA","potentialAction":[{"@type":"ReadAction","target":["https:\/\/effetquebec.ca\/en\/decouvertes\/compte-rendu-de-tribeca-immersive-10-au-19-juin-2022\/"]}]},{"@type":"ImageObject","inLanguage":"en-CA","@id":"https:\/\/effetquebec.ca\/en\/decouvertes\/compte-rendu-de-tribeca-immersive-10-au-19-juin-2022\/#primaryimage","url":"https:\/\/effetquebec.ca\/wp-content\/uploads\/2022\/06\/tribeca-sq.jpg","contentUrl":"https:\/\/effetquebec.ca\/wp-content\/uploads\/2022\/06\/tribeca-sq.jpg","width":803,"height":804},{"@type":"BreadcrumbList","@id":"https:\/\/effetquebec.ca\/en\/decouvertes\/compte-rendu-de-tribeca-immersive-10-au-19-juin-2022\/#breadcrumb","itemListElement":[{"@type":"ListItem","position":1,"name":"Accueil","item":"https:\/\/effetquebec.ca\/en\/"},{"@type":"ListItem","position":2,"name":"Discoveries","item":"https:\/\/effetquebec.ca\/en\/decouvertes\/"},{"@type":"ListItem","position":3,"name":"Compte rendu de Tribeca Immersive &#8211; 10 au 19 juin 2022"}]},{"@type":"WebSite","@id":"https:\/\/effetquebec.ca\/en\/#website","url":"https:\/\/effetquebec.ca\/en\/","name":"L\u2019Effet Qu\u00e9bec","description":"P\u00f4le d\u2019expertise en exportation","publisher":{"@id":"https:\/\/effetquebec.ca\/en\/#organization"},"potentialAction":[{"@type":"SearchAction","target":{"@type":"EntryPoint","urlTemplate":"https:\/\/effetquebec.ca\/en\/?s={search_term_string}"},"query-input":{"@type":"PropertyValueSpecification","valueRequired":true,"valueName":"search_term_string"}}],"inLanguage":"en-CA"},{"@type":"Organization","@id":"https:\/\/effetquebec.ca\/en\/#organization","name":"L\u2019Effet Qu\u00e9bec","url":"https:\/\/effetquebec.ca\/en\/","logo":{"@type":"ImageObject","inLanguage":"en-CA","@id":"https:\/\/effetquebec.ca\/en\/#\/schema\/logo\/image\/","url":"https:\/\/effetquebec.ca\/wp-content\/uploads\/2026\/04\/EffetQuebec.LogoVertical.RGB_.Noir-fav-1.png","contentUrl":"https:\/\/effetquebec.ca\/wp-content\/uploads\/2026\/04\/EffetQuebec.LogoVertical.RGB_.Noir-fav-1.png","width":512,"height":512,"caption":"L\u2019Effet Qu\u00e9bec"},"image":{"@id":"https:\/\/effetquebec.ca\/en\/#\/schema\/logo\/image\/"},"sameAs":["https:\/\/www.facebook.com\/XnQuebec","https:\/\/www.instagram.com\/xnquebec\/","https:\/\/www.linkedin.com\/company\/xnquebec\/"]}]}},"_links":{"self":[{"href":"https:\/\/effetquebec.ca\/en\/wp-json\/wp\/v2\/decouvertes\/8790","targetHints":{"allow":["GET"]}}],"collection":[{"href":"https:\/\/effetquebec.ca\/en\/wp-json\/wp\/v2\/decouvertes"}],"about":[{"href":"https:\/\/effetquebec.ca\/en\/wp-json\/wp\/v2\/types\/decouvertes"}],"author":[{"embeddable":true,"href":"https:\/\/effetquebec.ca\/en\/wp-json\/wp\/v2\/users\/118"}],"wp:featuredmedia":[{"embeddable":true,"href":"https:\/\/effetquebec.ca\/en\/wp-json\/wp\/v2\/media\/8941"}],"wp:attachment":[{"href":"https:\/\/effetquebec.ca\/en\/wp-json\/wp\/v2\/media?parent=8790"}],"curies":[{"name":"wp","href":"https:\/\/api.w.org\/{rel}","templated":true}]}}