{"id":14695,"date":"2023-06-20T10:51:22","date_gmt":"2023-06-20T14:51:22","guid":{"rendered":"https:\/\/effetquebec.ca\/?post_type=etudes&#038;p=14695"},"modified":"2023-07-10T11:40:52","modified_gmt":"2023-07-10T15:40:52","slug":"des-balancoires-qui-connectent","status":"publish","type":"etudes","link":"https:\/\/effetquebec.ca\/en\/studies\/des-balancoires-qui-connectent\/","title":{"rendered":"Des balan\u00e7oires qui connectent"},"content":{"rendered":"\n<div class=\"alignfull wp-block-ugb-cta ugb-cta ugb-bf060b0 ugb-cta ugb-cta--v2 ugb-main-block ugb--has-custom-content-width ugb--has-custom-content-width-tablet ugb--has-custom-content-width-mobile ugb-main-block--inner-full ugb--has-block-background ugb--has-background-overlay\"><style>.ugb-bf060b0 .ugb-cta__title,.ugb-bf060b0 .ugb-cta__description,.ugb-bf060b0 .ugb-button-container{text-align:right !important}.ugb-bf060b0 .ugb-cta__item{background-color:rgba(0,0,0,1) !important}.ugb-bf060b0 .ugb-cta__item:before{background-color:#000000 !important}.ugb-bf060b0 .ugb-cta__title{font-family:\"Open Sans\",Sans-serif !important;font-size:3.5em !important;letter-spacing:1px !important;color:#ffffff}.ugb-bf060b0 .ugb-cta__description{font-size:20px !important;color:#ffffff}.ugb-bf060b0 .ugb-inner-block{text-align:right}.ugb-bf060b0.ugb-cta{min-height:90vh;justify-content:flex-start;background-image:url(https:\/\/effetquebec.ca\/wp-content\/uploads\/2023\/06\/daily-fond.jpg)}.ugb-bf060b0.ugb-cta > .ugb-inner-block{max-width:52% !important}.ugb-bf060b0.ugb-cta:before{opacity:0.5}@media screen and (min-width:768px){.ugb-bf060b0.ugb-cta{padding-left:0px !important}.ugb-bf060b0 > .ugb-inner-block > .ugb-block-content > *{min-height:400px}}@media screen and (max-width:1025px){.ugb-bf060b0 .ugb-cta__title{font-size:2.5em !important}.ugb-bf060b0.ugb-cta > .ugb-inner-block{max-width:70% !important}}@media screen and (max-width:768px){.ugb-bf060b0 .ugb-cta__title,.ugb-bf060b0 .ugb-cta__description,.ugb-bf060b0 .ugb-button-container{text-align:right}.ugb-bf060b0 .ugb-cta__title{font-size:1.5em !important}.ugb-bf060b0 .ugb-cta__description{margin-bottom:0px !important;font-size:18px !important}.ugb-bf060b0 .ugb-inner-block{text-align:right}.ugb-bf060b0.ugb-cta{padding-right:18px !important;padding-left:0px !important;min-height:50vh;background-repeat:no-repeat}.ugb-bf060b0.ugb-cta > .ugb-inner-block{max-width:70% !important}}@media screen and (-ms-high-contrast:active),screen and (-ms-high-contrast:none){.ugb-bf060b0.ugb-cta{height:90vh}}@media screen and (min-width:768px){.ugb-bf060b0 > .ugb-inner-block > .ugb-block-content > *{padding-right:70px !important;padding-left:70px !important}}@media screen and (max-width:768px){.ugb-bf060b0 > .ugb-inner-block > .ugb-block-content > *{padding-top:8% !important;padding-right:8% !important;padding-bottom:8% !important;padding-left:8% !important}}<\/style><div class=\"ugb-inner-block ugb-inner-block--full\"><div class=\"ugb-block-content\"><div class=\"ugb-cta__item ugb--shadow-6\"><h2 class=\"ugb-cta__title\">\u00c9tude de cas <\/h2><p class=\"ugb-cta__description\">Les balan\u00e7oires musicales de Daily tous les jours<\/p><\/div><\/div><\/div><\/div>\n\n\n\n<p class=\"has-text-align-center has-small-font-size\">@Daily tous les jours, cr\u00e9dit photo : Thomas Kimmel<\/p>\n\n\n\n<div class=\"wp-block-ugb-columns ugb-columns ugb-1be07fd ugb-columns--design-plain ugb-columns--columns-2 ugb-main-block\"><style>.ugb-1be07fd > .ugb-inner-block > .ugb-block-content > .ugb-columns__item{grid-template-columns:0.48fr 1.52fr !important}.ugb-1be07fd-content-wrapper{grid-column-gap:45px !important}<\/style><div class=\"ugb-inner-block\"><div class=\"ugb-block-content\"><div class=\"ugb-columns__item ugb-1be07fd-content-wrapper\">\n<div class=\"wp-block-ugb-column ugb-column ugb-7bcaea4 ugb-column--design-plain ugb-main-block\"><style>.ugb-7bcaea4 .ugb-inner-block{text-align:left}@media screen and (max-width:768px){.ugb-7bcaea4 .ugb-inner-block{text-align:center}}<\/style><div class=\"ugb-inner-block\"><div class=\"ugb-block-content\"><div class=\"ugb-column__item ugb-7bcaea4-column-wrapper\"><div class=\"ugb-column__content-wrapper\">\n<p>\u00c9tude de cas r\u00e9alis\u00e9e par :<\/p>\n\n\n\n<div class=\"wp-block-ugb-columns ugb-columns ugb-8269640 ugb-columns--design-plain ugb-columns--columns-2 ugb-main-block\"><style>@media screen and (max-width:768px){.ugb-8269640-content-wrapper{grid-row-gap:0 !important}.ugb-8269640 .ugb-inner-block{text-align:center}}<\/style><div class=\"ugb-inner-block\"><div class=\"ugb-block-content\"><div class=\"ugb-columns__item ugb-8269640-content-wrapper\">\n<div class=\"wp-block-ugb-column ugb-column ugb-09af8f7 ugb-column--design-plain ugb-main-block\"><div class=\"ugb-inner-block\"><div class=\"ugb-block-content\"><div class=\"ugb-column__item ugb-09af8f7-column-wrapper\"><div class=\"ugb-column__content-wrapper\"><div class=\"wp-block-image is-style-default\">\n<figure class=\"aligncenter size-full\"><img loading=\"lazy\" decoding=\"async\" width=\"500\" height=\"500\" src=\"https:\/\/effetquebec.ca\/wp-content\/uploads\/2023\/03\/1548198227913.jpeg\" alt=\"\" class=\"wp-image-13097\" srcset=\"https:\/\/effetquebec.ca\/wp-content\/uploads\/2023\/03\/1548198227913.jpeg 500w, https:\/\/effetquebec.ca\/wp-content\/uploads\/2023\/03\/1548198227913-250x250.jpeg 250w, https:\/\/effetquebec.ca\/wp-content\/uploads\/2023\/03\/1548198227913-150x150.jpeg 150w, https:\/\/effetquebec.ca\/wp-content\/uploads\/2023\/03\/1548198227913-120x120.jpeg 120w\" sizes=\"auto, (max-width: 500px) 100vw, 500px\" \/><figcaption class=\"wp-element-caption\">Danielle Desjardins, La Fabrique de sens<\/figcaption><\/figure>\n<\/div><\/div><\/div><\/div><\/div><\/div>\n\n\n\n<div class=\"wp-block-ugb-column ugb-column ugb-d2227a0 ugb-column--design-plain ugb-main-block\"><div class=\"ugb-inner-block\"><div class=\"ugb-block-content\"><div class=\"ugb-column__item ugb-d2227a0-column-wrapper\"><div class=\"ugb-column__content-wrapper\"><\/div><\/div><\/div><\/div><\/div>\n<\/div><\/div><\/div><\/div>\n\n\n\n<p><em>Entretien r\u00e9alis\u00e9 avec Melissa Mongiat<\/em>,<em> cofondatrice et  codirectrice, Daily tous les jours, et No\u00e9mie Rivi\u00e8re, responsable du d\u00e9veloppement et des partenariats, Daily tous les jours. <\/em><\/p>\n<\/div><\/div><\/div><\/div><\/div>\n\n\n\n<div class=\"wp-block-ugb-column ugb-column ugb-8875465 ugb-column--design-plain ugb-main-block\"><style>@media screen and (min-width:768px){.ugb-8875465.ugb-column{margin-bottom:60px !important}}<\/style><div class=\"ugb-inner-block\"><div class=\"ugb-block-content\"><div class=\"ugb-column__item ugb-8875465-column-wrapper\"><div class=\"ugb-column__content-wrapper\">\n<p id=\"6bd4\"><strong>D\u00c9FI<\/strong> : Construire une installation publique cr\u00e9ant des connexions entre des personnes de tout \u00e2ge et de toute provenance un peu partout dans le monde.<\/p>\n\n\n\n<p id=\"8fdf\"><strong>ACTEUR<\/strong> : <a href=\"https:\/\/www.dailytouslesjours.com\/fr\" target=\"_blank\" rel=\"noreferrer noopener\">Daily tous les jours<\/a>, un studio d\u2019art et de design montr\u00e9alais alliant technologie, narration et performance dans l\u2019espace public.<\/p>\n\n\n\n<p><strong>CAS<\/strong> : <a href=\"https:\/\/www.dailytouslesjours.com\/fr\/projets\/balancoires-musicales\" target=\"_blank\" rel=\"noreferrer noopener nofollow\">Les Balan\u00e7oires musicales<\/a>, installation interactive qui a, tous les printemps pendant dix ans, invit\u00e9 les passants \u00e0 jouer spontan\u00e9ment de la musique ensemble \u00e0 l&#8217;aide d&#8217;un instrument g\u00e9ant ; des balan\u00e7oires accroch\u00e9es sur la <a href=\"https:\/\/www.quartierdesspectacles.com\/fr\/lieu\/107\/promenade-des-artistes\/\" target=\"_blank\" rel=\"noreferrer noopener nofollow\">promenade des artistes du Quartier des spectacles<\/a> de Montr\u00e9al.<\/p>\n\n\n\n<p><strong>SOLUTION<\/strong> : Cr\u00e9er une \u0153uvre \u00e0 caract\u00e8re universel, facilement adaptable au lieu o\u00f9 elle est install\u00e9e, afin d&#8217;attirer des personnes aux profils diversifi\u00e9s \u00e0 jouer spontan\u00e9ment ensemble et \u00e0 collaborer pour atteindre de meilleurs r\u00e9sultats.<\/p>\n<\/div><\/div><\/div><\/div><\/div>\n<\/div><\/div><\/div><\/div>\n\n\n\n<div class=\"wp-block-columns is-layout-flex wp-container-core-columns-is-layout-9d6595d7 wp-block-columns-is-layout-flex\">\n<div class=\"wp-block-column is-layout-flow wp-block-column-is-layout-flow\">\n<figure class=\"wp-block-image size-full\"><img loading=\"lazy\" decoding=\"async\" width=\"700\" height=\"467\" src=\"https:\/\/effetquebec.ca\/wp-content\/uploads\/2023\/06\/daily-tous-les-jours1.jpg\" alt=\"\" class=\"wp-image-14701\" srcset=\"https:\/\/effetquebec.ca\/wp-content\/uploads\/2023\/06\/daily-tous-les-jours1.jpg 700w, https:\/\/effetquebec.ca\/wp-content\/uploads\/2023\/06\/daily-tous-les-jours1-250x167.jpg 250w, https:\/\/effetquebec.ca\/wp-content\/uploads\/2023\/06\/daily-tous-les-jours1-120x80.jpg 120w\" sizes=\"auto, (max-width: 700px) 100vw, 700px\" \/><figcaption class=\"wp-element-caption\"><center>@Daily tous les jours, cr\u00e9dit photo : Olivier Blouin<\/center><\/figcaption><\/figure>\n<\/div>\n\n\n\n<div class=\"wp-block-column is-layout-flow wp-block-column-is-layout-flow\">\n<figure class=\"wp-block-image size-full is-resized\"><img loading=\"lazy\" decoding=\"async\" src=\"https:\/\/effetquebec.ca\/wp-content\/uploads\/2023\/06\/daily-tous-les-jours3.jpg\" alt=\"\" class=\"wp-image-14709\" width=\"700\" height=\"467\" srcset=\"https:\/\/effetquebec.ca\/wp-content\/uploads\/2023\/06\/daily-tous-les-jours3.jpg 700w, https:\/\/effetquebec.ca\/wp-content\/uploads\/2023\/06\/daily-tous-les-jours3-250x167.jpg 250w, https:\/\/effetquebec.ca\/wp-content\/uploads\/2023\/06\/daily-tous-les-jours3-120x80.jpg 120w\" sizes=\"auto, (max-width: 700px) 100vw, 700px\" \/><figcaption class=\"wp-element-caption\"><center>@Daily tous les jours, cr\u00e9dit photo : Olivier Blouin<\/center><\/figcaption><\/figure>\n<\/div>\n<\/div>\n\n\n\n<div class=\"wp-block-ugb-container ugb-container ugb-915cbd8 ugb-container--v2 ugb-container--design-basic ugb-main-block\"><style>.ugb-915cbd8-wrapper.ugb-container__wrapper{border-radius:0px !important;padding-top:0 !important;padding-bottom:0 !important}.ugb-915cbd8-wrapper > .ugb-container__side{padding-top:35px !important;padding-bottom:35px !important;align-items:flex-end !important}.ugb-915cbd8 .ugb-inner-block{text-align:left}@media screen and (min-width:768px){.ugb-915cbd8-content-wrapper.ugb-container__content-wrapper{width:73% !important}}<\/style><div class=\"ugb-inner-block\"><div class=\"ugb-block-content\"><div class=\"ugb-container__wrapper ugb-915cbd8-wrapper ugb--shadow-0\"><div class=\"ugb-container__side\"><div class=\"ugb-container__content-wrapper ugb-915cbd8-content-wrapper\">\n<p>Quiconque est pass\u00e9 par le Quartier des spectacles de Montr\u00e9al au cours des printemps de la derni\u00e8re d\u00e9cennie conna\u00eet les Balan\u00e7oires musicales. Apr\u00e8s tout, des millions de Montr\u00e9alais.e.s s\u2019y sont balanc\u00e9s plus de 8 500 fois pour faire retentir les notes d\u2019un instrument classique, soit un piano, une guitare, une harpe ou un vibraphone, selon la balan\u00e7oire choisie.<\/p>\n\n\n\n<figure class=\"wp-block-pullquote has-text-align-left has-medium-font-size\" style=\"border-style:none;border-width:0px;font-style:normal;font-weight:400\"><blockquote><p>\u00ab Lorsque les balan\u00e7oires se balancent toutes ensemble, elles composent une pi\u00e8ce musicale unique, dont certaines m\u00e9lodies \u00e9mergent gr\u00e2ce \u00e0 la collaboration entre les participantes et les participants.<br>La coop\u00e9ration est r\u00e9compens\u00e9e lorsque l\u2019on se balance de fa\u00e7on synchronis\u00e9e, en d\u00e9clenchant des m\u00e9lodies \u00ab secr\u00e8tes \u00bb, plus complexes. L\u2019exp\u00e9rience repose sur ce jeu intuitif, qui ne requiert aucune connaissance musicale. Toutefois, la corr\u00e9lation entre la m\u00e9lodie cr\u00e9\u00e9e et le mouvement des balan\u00e7oires transforment les participantes et les participants en de r\u00e9els musiciens. Au fil des balancements, ils deviennent coauteur.rice.s d\u2019une pi\u00e8ce en constante \u00e9volution \u00bb.<\/p><cite>Source : <a href=\"https:\/\/www.dailytouslesjours.com\/fr\/projets\/balancoires-musicales\" target=\"_blank\" rel=\"noreferrer noopener nofollow\">Site web de Daily tous les jours<\/a><\/cite><\/blockquote><\/figure>\n\n\n\n<p>Les cofondatrices de Daily tous les jours, Mouna Andraos et Melissa Mongiat ont toutes deux fait des \u00e9tudes sup\u00e9rieures \u00e0 l\u2019ext\u00e9rieur du pays \u2013 la premi\u00e8re au sein d&#8217;une ma\u00eetrise en T\u00e9l\u00e9communications interactives de la NYU \u00e0 New York et la deuxi\u00e8me dans une ma\u00eetrise en Environnements narratifs au Central Saint Martins College of Art and Design \u00e0 Londres.<\/p>\n\n\n\n<p>Revenues \u00e0 Montr\u00e9al arm\u00e9es de ces dipl\u00f4mes qui conjuguent art, technologie et impact social, Mouna et Melissa ont \u00e9tabli leur pratique chacune de leur c\u00f4t\u00e9. Elles ne se connaissaient pas, mais leur travail, \u00e0 la fois innovateur et singulier, pr\u00e9sentait tellement de points communs que \u00ab tout le monde nous disait qu\u2019on devrait se rencontrer ! \u00c7a a un peu \u00e9t\u00e9 la gen\u00e8se du studio \u00bb, raconte Melissa.<\/p>\n\n\n\n<p>Les Balan\u00e7oires ont \u00e9t\u00e9 l\u2019un des premiers projets sur lequel elles ont collabor\u00e9. C\u2019est l\u2019\u0153uvre qui a contribu\u00e9 \u00e0 b\u00e2tir la notori\u00e9t\u00e9 internationale de Daily tous les jours, tout en structurant leurs m\u00e9thodes de travail et leurs mod\u00e8les d\u2019affaires.<\/p>\n\n\n\n<h3 class=\"wp-block-heading\" style=\"text-transform:none\"><strong>Un rituel printanier montr\u00e9alais\u2026 <\/strong><\/h3>\n\n\n\n<p>En 2010, le Quartier des spectacles invitait les cr\u00e9ateur.rice.s de Daily tous les jours \u00e0 concevoir une installation repr\u00e9sentative du quartier et suffisamment attrayante pour devenir un rendez-vous printanier pour les Montr\u00e9alaises et les Montr\u00e9alais. Il s\u2019agissait d\u2019animer la promenade des Artistes, un terrain \u00e9troit situ\u00e9 derri\u00e8re la Place des Arts et encadr\u00e9 par des \u00ab vitrines \u00e9v\u00e9nements \u00bb, douze structures en m\u00e9tal o\u00f9 \u00e9taient notamment expos\u00e9es des photos. Daily tous les jours a propos\u00e9 d\u2019y accrocher ses 21 Balan\u00e7oires, et la suite fait maintenant partie de l\u2019histoire du Quartier des spectacles. R\u00e9install\u00e9es chaque printemps de 2011 \u00e0 2019, elles sont rapidement devenues des figures embl\u00e9matiques de Montr\u00e9al.<\/p>\n\n\n\n<h3 class=\"wp-block-heading\" style=\"text-transform:none\"><strong>\u2026 qui deviendra une exp\u00e9rience de connexion humaine partout dans le monde<\/strong><\/h3>\n\n\n\n<p>\u00ab Au fil des ann\u00e9es, raconte No\u00e9mie Rivi\u00e8re, responsable du d\u00e9veloppement et des partenariats chez Daily tous les jours, les Balan\u00e7oires ont gagn\u00e9 en performance technologique et en visibilit\u00e9 parce qu&#8217;elles ont re\u00e7u une reconnaissance internationale, et ce gr\u00e2ce \u00e0 des prix en design. Mouna et Melissa ont \u00e9t\u00e9 invit\u00e9es \u00e0 intervenir dans des conversations portant sur la magie qui est produite par les Balan\u00e7oires, la connexion qu\u2019elles cr\u00e9ent entre les individus et comment on doit concevoir les villes, mais aussi ce qui doit \u00eatre pris en compte pour r\u00e9aliser des espaces urbains en pensant \u00e0 la qualit\u00e9 de vie et des interactions sociales \u00bb.<\/p>\n\n\n\n<p>Les Balan\u00e7oires sont sorties du Quartier des spectacles pour la premi\u00e8re fois en 2014 pour participer au <a href=\"https:\/\/greenboxarts.org\/\" target=\"_blank\" rel=\"noreferrer noopener nofollow\">Green Box Arts Festival<\/a> qui se tient \u00e0 Green Mountain Falls, une petite municipalit\u00e9 du Colorado. Une version itin\u00e9rante compos\u00e9e de 10 balan\u00e7oires, financ\u00e9e par un m\u00e9c\u00e8ne qui voulait voir les Balan\u00e7oires au festival, a \u00e9t\u00e9 cr\u00e9\u00e9e pour l\u2019occasion.<\/p>\n\n\n\n<figure class=\"wp-block-pullquote has-text-align-left has-medium-font-size\"><blockquote><p>\u00ab Ce collectionneur d\u2019art ne voulait pas garder la structure de fa\u00e7on permanente. Comme on avait ce kit-l\u00e0 qui pouvait \u00eatre install\u00e9 ailleurs, et aussi en partie gr\u00e2ce \u00e0 un concours qu\u2019on a gagn\u00e9 en 2014, le Knight Cities Challenge &#8211; Civic Innovators de la <a href=\"https:\/\/knightfoundation.org\/\" target=\"_blank\" rel=\"noreferrer noopener nofollow\">Knight Foundation<\/a><sup>1<\/sup>, qui est active dans diff\u00e9rentes villes, on a pu faire un partenariat avec trois villes am\u00e9ricaines pour commencer une tourn\u00e9e \u00bb. <\/p><cite>Melissa Mongiat<\/cite><\/blockquote><\/figure>\n\n\n\n<p>Depuis, les Balan\u00e7oires Musicales sont pass\u00e9es par New York, D\u00e9troit, West Palm Beach, Dhahran, Singapour, et continuent de tourner dans le monde entier. La premi\u00e8re \u00e9dition permanente a \u00e9t\u00e9 install\u00e9e \u00e0 Lawrence, Indiana en 2021. Une nouvelle \u00e9dition permanente sera envoy\u00e9e sous peu en Australie.<\/p>\n\n\n\n<p><em>Le concours Knight Cities Challenge \u2013 Civic Innovators est une invitation ouverte \u00e0 proposer des id\u00e9es pour rendre les villes plus performantes en contribuant notamment \u00e0 cr\u00e9er une culture de l\u2019engagement civique.<\/em><\/p>\n\n\n<div class=\"wp-block-image\">\n<figure class=\"aligncenter size-full\"><img loading=\"lazy\" decoding=\"async\" width=\"700\" height=\"467\" src=\"https:\/\/effetquebec.ca\/wp-content\/uploads\/2023\/06\/daily-tous-les-jours2.jpg\" alt=\"\" class=\"wp-image-14705\" srcset=\"https:\/\/effetquebec.ca\/wp-content\/uploads\/2023\/06\/daily-tous-les-jours2.jpg 700w, https:\/\/effetquebec.ca\/wp-content\/uploads\/2023\/06\/daily-tous-les-jours2-250x167.jpg 250w, https:\/\/effetquebec.ca\/wp-content\/uploads\/2023\/06\/daily-tous-les-jours2-120x80.jpg 120w\" sizes=\"auto, (max-width: 700px) 100vw, 700px\" \/><figcaption class=\"wp-element-caption\"><center>@Daily tous les jours, cr\u00e9dit photo : Leah Tribbett<\/center><\/figcaption><\/figure>\n<\/div><\/div><\/div><\/div><\/div><\/div><\/div>\n\n\n\n<div class=\"wp-block-ugb-container ugb-container ugb-cf3615d ugb-container--v2 ugb-container--design-basic ugb-main-block\"><style>.ugb-cf3615d-wrapper.ugb-container__wrapper{border-radius:0px !important;padding-top:0 !important;padding-bottom:0 !important}.ugb-cf3615d-wrapper > .ugb-container__side{padding-top:35px !important;padding-bottom:35px !important;align-items:flex-end !important}.ugb-cf3615d .ugb-inner-block{text-align:left}@media screen and (min-width:768px){.ugb-cf3615d-content-wrapper.ugb-container__content-wrapper{width:73% !important}}<\/style><div class=\"ugb-inner-block\"><div class=\"ugb-block-content\"><div class=\"ugb-container__wrapper ugb-cf3615d-wrapper ugb--shadow-0\"><div class=\"ugb-container__side\"><div class=\"ugb-container__content-wrapper ugb-cf3615d-content-wrapper\">\n<h3 class=\"wp-block-heading\" style=\"text-transform:none\">Des retomb\u00e9es financi\u00e8res, mais pas seulement<\/h3>\n\n\n\n<p>La Knight Foundation a \u00e9galement soutenu la r\u00e9alisation d\u2019une \u00e9tude d\u2019impact portant sur les retomb\u00e9es financi\u00e8res et sociales des Balan\u00e7oires sur les villes h\u00f4tes pendant la tourn\u00e9e de 2016, \u00e0 West Palm Beach, D\u00e9troit et San Jos\u00e9.<\/p>\n\n\n\n<p>Selon cette \u00e9tude, les retomb\u00e9es financi\u00e8res directes et indirectes ont repr\u00e9sent\u00e9 plus du triple des d\u00e9penses encourues par les villes h\u00f4tes pour l\u2019installation des Balan\u00e7oires. Les auteur.e.s sont arriv\u00e9.e.s \u00e0 ce r\u00e9sultat en compilant les d\u00e9penses totales des visiteurs et les taxes ainsi r\u00e9colt\u00e9es par les municipalit\u00e9s.<\/p>\n\n\n\n<p><\/p>\n\n\n\n<p>Ils ont \u00e9galement mesur\u00e9 les interactions sociales g\u00e9n\u00e9r\u00e9es par les Balan\u00e7oires, en accordant une attention particuli\u00e8re aux interactions entre des personnes qui ne se connaissaient pas. Les r\u00e9sultats obtenus dans les trois villes sont remarquablement similaires : entre 27% et 30% avaient entam\u00e9 une conversation avec une personne inconnue. Sans doute, conclut l\u2019\u00e9tude, parce que l\u2019universalit\u00e9 de l&#8217;exp\u00e9rience a \u00e9t\u00e9 appr\u00e9ci\u00e9e par tous les participant.e.s, quels que soient leur \u00e2ge, leur origine ethnique et leur revenu, et a cr\u00e9\u00e9 un cadre propice \u00e0 des interactions qui n&#8217;auraient probablement pas eu lieu autrement.<\/p>\n\n\n\n<figure class=\"wp-block-pullquote has-text-align-left has-medium-font-size\" style=\"border-style:none;border-width:0px;font-style:normal;font-weight:400\"><blockquote><p><span style=\"color: #000000;\" class=\"ugb-highlight\">\u00ab \u00c0 West Palm Beach qui est une ville en Floride o\u00f9 il y a les communaut\u00e9s les plus pauvres du pays qui cohabitent avec les communaut\u00e9s les plus riches du pays, les gens nous disaient qu\u2019ils savaient d\u2019o\u00f9 venaient les diff\u00e9rentes personnes qui se trouvaient sur le site et que c\u2019\u00e9tait tr\u00e8s rare de voir ces diff\u00e9rentes d\u00e9mographies-l\u00e0 \u2013 deux quartiers dans le fond \u2013 se rencontrer d&#8217;une fa\u00e7on toute normale en fait comme si c&#8217;\u00e9tait comme \u00e7a tous les jours \u00bb.<\/span><\/p><cite><em>Melissa Mongiat<\/em><\/cite><\/blockquote><\/figure>\n<\/div><\/div><\/div><\/div><\/div><\/div>\n\n\n\n<div class=\"wp-block-columns is-layout-flex wp-container-core-columns-is-layout-9d6595d7 wp-block-columns-is-layout-flex\">\n<div class=\"wp-block-column is-layout-flow wp-block-column-is-layout-flow\">\n<figure class=\"wp-block-image size-full\"><img loading=\"lazy\" decoding=\"async\" width=\"700\" height=\"467\" src=\"https:\/\/effetquebec.ca\/wp-content\/uploads\/2023\/06\/daily-tous-les-jours6.jpg\" alt=\"\" class=\"wp-image-14713\" srcset=\"https:\/\/effetquebec.ca\/wp-content\/uploads\/2023\/06\/daily-tous-les-jours6.jpg 700w, https:\/\/effetquebec.ca\/wp-content\/uploads\/2023\/06\/daily-tous-les-jours6-250x167.jpg 250w, https:\/\/effetquebec.ca\/wp-content\/uploads\/2023\/06\/daily-tous-les-jours6-120x80.jpg 120w\" sizes=\"auto, (max-width: 700px) 100vw, 700px\" \/><figcaption class=\"wp-element-caption\"><center><center>@Daily tous les jours, cr\u00e9dit photo : Leah Tribbett<\/center><\/center><\/figcaption><\/figure>\n<\/div>\n\n\n\n<div class=\"wp-block-column is-layout-flow wp-block-column-is-layout-flow\">\n<figure class=\"wp-block-image size-full\"><img loading=\"lazy\" decoding=\"async\" width=\"700\" height=\"467\" src=\"https:\/\/effetquebec.ca\/wp-content\/uploads\/2023\/06\/daily-tous-les-jours4.jpg\" alt=\"\" class=\"wp-image-14717\" srcset=\"https:\/\/effetquebec.ca\/wp-content\/uploads\/2023\/06\/daily-tous-les-jours4.jpg 700w, https:\/\/effetquebec.ca\/wp-content\/uploads\/2023\/06\/daily-tous-les-jours4-250x167.jpg 250w, https:\/\/effetquebec.ca\/wp-content\/uploads\/2023\/06\/daily-tous-les-jours4-120x80.jpg 120w\" sizes=\"auto, (max-width: 700px) 100vw, 700px\" \/><figcaption class=\"wp-element-caption\"><center><center>@Daily tous les jours, cr\u00e9dit photo : Leah Tribbett<\/center><\/center><\/figcaption><\/figure>\n<\/div>\n<\/div>\n\n\n\n<div class=\"wp-block-ugb-container ugb-container ugb-1244fb2 ugb-container--v2 ugb-container--design-basic ugb-main-block\"><style>.ugb-1244fb2-wrapper.ugb-container__wrapper{border-radius:0px !important;padding-top:0 !important;padding-bottom:0 !important}.ugb-1244fb2-wrapper > .ugb-container__side{padding-top:35px !important;padding-bottom:35px !important;align-items:flex-end !important}.ugb-1244fb2 .ugb-inner-block{text-align:left}@media screen and (min-width:768px){.ugb-1244fb2-content-wrapper.ugb-container__content-wrapper{width:73% !important}}<\/style><div class=\"ugb-inner-block\"><div class=\"ugb-block-content\"><div class=\"ugb-container__wrapper ugb-1244fb2-wrapper ugb--shadow-0\"><div class=\"ugb-container__side\"><div class=\"ugb-container__content-wrapper ugb-1244fb2-content-wrapper\">\n<h3 class=\"wp-block-heading\" style=\"text-transform:none\">Les Balan\u00e7oires : l\u2019\u0153uvre phare de Daily tous les jours<\/h3>\n\n\n\n<p>Pour Melissa, \u00ab toute l\u2019histoire \u2013 la gen\u00e8se du projet \u2013 est un bon exemple de notre mani\u00e8re de travailler et de capitaliser sur la propri\u00e9t\u00e9 intellectuelle du studio \u00bb.<\/p>\n\n\n\n<p>\u00ab Les Balan\u00e7oires ont servi de test, et tout le mod\u00e8le d&#8217;affaires du studio s&#8217;est structur\u00e9 gr\u00e2ce \u00e0 cette exp\u00e9rience \u00bb, ajoute No\u00e9mie.<\/p>\n\n\n\n<p>Quand Daily tous les jours travaille sur une \u0153uvre originale, la m\u00e9thode est toujours la m\u00eame : d\u2019abord une \u00e9tude de site, une \u00e9tude des histoires du site, donc des gens. Chaque fois, le studio essaie d\u2019impliquer la communaut\u00e9 concern\u00e9e dans son processus cr\u00e9atif.<\/p>\n\n\n\n<p>\u00ab On est capable d\u2019adapter un concept existant \u00e0 la r\u00e9alit\u00e9 d&#8217;autres sites et de toujours g\u00e9n\u00e9rer des interactions aussi pertinentes avec un impact toujours aussi positif sur le lieu et sur la communaut\u00e9 \u00bb, explique Melissa.<\/p>\n\n\n\n<p>\u00ab La plupart de nos projets sont des commandes d\u2019\u0153uvres in situ, donc on \u00e9tudie beaucoup le contexte et on finit par trouver quelque chose d\u2019universel dans la recherche, quelque chose qui est exportable si on veut. Dans certains cas, on change la configuration, on change le motif, on change la musique et \u00e7a raconte une nouvelle histoire. \u00c7a permet \u00e0 l\u2019id\u00e9e de base de se transformer et de toujours trouver une pertinence qui est vraiment locale \u00bb.<\/p>\n\n\n\n<p>Le projet <a href=\"https:\/\/www.google.com\/url?q=https:\/\/www.dailytouslesjours.com\/fr\/projets\/musical-shadows-mesa&amp;sa=D&amp;source=docs&amp;ust=1687285603716470&amp;usg=AOvVaw0qlgFSM6WUco7e8BuV0giV\" target=\"_blank\" rel=\"noreferrer noopener nofollow\">Mesa Musical Project <\/a>(Danser avec son ombre) illustre bien cette m\u00e9thode de travail.<\/p>\n\n\n\n<p>Pour ce projet de <a href=\"https:\/\/www.dailytouslesjours.com\/fr\/projets?flt=project_category%3Amusical_pavements\" target=\"_blank\" rel=\"noreferrer noopener nofollow\">pav\u00e9s musicaux<\/a> install\u00e9 \u00e0 Mesa en Arizona, \u00ab la grosse contrainte, \u00e7a a \u00e9t\u00e9 de travailler avec le soleil. Mesa est l\u2019une des villes les plus ensoleill\u00e9es aux \u00c9tats-Unis et c&#8217;est une vraie contrainte d\u2019aller chercher de l\u2019ombre. Finalement, on a essay\u00e9 de transformer cette contrainte en un facteur positif. Le pav\u00e9 musical r\u00e9agit aux ombres des utilisateurs et \u00e7a d\u00e9clenche de la musique. On cr\u00e9e donc \u00e0 la fois de la musique et une chor\u00e9graphie \u00bb.<\/p>\n\n\n\n<figure class=\"wp-block-pullquote has-text-align-left has-medium-font-size\"><blockquote><p>\u00ab On a re\u00e7u une demande plus tard de Duba\u00ef, un d\u00e9veloppeur immobilier qui aimait le concept et qui nous a demand\u00e9 de le reproduire chez lui. On a adapt\u00e9 toute l&#8217;histoire \u2013 toute la narration du projet \u2013 en s&#8217;inspirant de la tradition des p\u00eacheurs de perles de Duba\u00ef. \u00c0 partir de l\u00e0, on a travaill\u00e9 aussi sur une bande sonore locale avec des instruments locaux. On a transform\u00e9 le design, les couleurs, les mat\u00e9riaux du pav\u00e9 pour cr\u00e9er quelque chose d&#8217;unique au contexte dans lequel on travaillait \u00bb.<\/p><cite>Melissa Mongiat<\/cite><\/blockquote><\/figure>\n\n\n\n<p>Donc, conclut Melissa, \u00ab l&#8217;histoire des Balan\u00e7oires, finalement, se r\u00e9p\u00e8te un peu avec l&#8217;histoire des pav\u00e9s musicaux \u00bb.<\/p>\n\n\n\n<p><\/p>\n\n\n<div class=\"wp-block-image\">\n<figure class=\"aligncenter size-full\"><img loading=\"lazy\" decoding=\"async\" width=\"700\" height=\"467\" src=\"https:\/\/effetquebec.ca\/wp-content\/uploads\/2023\/06\/daily-tous-les-jours5.jpg\" alt=\"\" class=\"wp-image-14721\" srcset=\"https:\/\/effetquebec.ca\/wp-content\/uploads\/2023\/06\/daily-tous-les-jours5.jpg 700w, https:\/\/effetquebec.ca\/wp-content\/uploads\/2023\/06\/daily-tous-les-jours5-250x167.jpg 250w, https:\/\/effetquebec.ca\/wp-content\/uploads\/2023\/06\/daily-tous-les-jours5-120x80.jpg 120w\" sizes=\"auto, (max-width: 700px) 100vw, 700px\" \/><figcaption class=\"wp-element-caption\"><center>@Daily tous les jours, cr\u00e9dit photo : Leah Tribbett<\/center><\/figcaption><\/figure>\n<\/div><\/div><\/div><\/div><\/div><\/div><\/div>\n\n\n\n<div class=\"wp-block-ugb-container ugb-container ugb-3eabe67 ugb-container--v2 ugb-container--design-basic ugb-main-block\"><style>.ugb-3eabe67-wrapper.ugb-container__wrapper{border-radius:0px !important;padding-top:0 !important;padding-bottom:0 !important}.ugb-3eabe67-wrapper > .ugb-container__side{padding-top:35px !important;padding-bottom:35px !important;align-items:flex-end !important}.ugb-3eabe67 .ugb-inner-block{text-align:left}@media screen and (min-width:768px){.ugb-3eabe67-content-wrapper.ugb-container__content-wrapper{width:73% !important}}<\/style><div class=\"ugb-inner-block\"><div class=\"ugb-block-content\"><div class=\"ugb-container__wrapper ugb-3eabe67-wrapper ugb--shadow-0\"><div class=\"ugb-container__side\"><div class=\"ugb-container__content-wrapper ugb-3eabe67-content-wrapper\">\n<h3 class=\"wp-block-heading\" style=\"text-transform:none\">Comme des pigeons<\/h3>\n\n\n\n<p>Au d\u00e9part du d\u00e9veloppement du projet des Balan\u00e7oires, Daily a \u00e9tudi\u00e9 le concept de coop\u00e9ration avec Luc-Alain Giraldeau, professeur en comportement animal et Directeur g\u00e9n\u00e9ral de l\u2019INRS. Il \u00e9tudiait notamment les comportements de coop\u00e9ration entre les pigeons, nos autres voisins urbains.<\/p>\n\n\n\n<p>Le pigeon est commode \u00e0 \u00e9tudier, car tr\u00e8s proche de nous, explique Luc-Alain Giraldeau dans son livre <em>Dans l&#8217;\u0153il du pigeon : \u00e9volution, h\u00e9r\u00e9dit\u00e9 et culture<\/em><sup>2<\/sup>. Il se distingue par sa capacit\u00e9 \u00e0 s&#8217;adapter \u00e0 des environnements divers et changeants. La conclusion du professeur Giraldeau : un organisme culturel dont les membres collaborent au succ\u00e8s de l&#8217;ensemble fera l&#8217;affaire de la survie et la propagation des g\u00e8nes.<\/p>\n\n\n\n<p>Comme l\u2019explique Melissa, \u00ab on s\u2019est rendu compte du pouvoir qu\u2019avait le projet de cr\u00e9er une esp\u00e8ce de d\u00e9nominateur commun et de pouvoir, pendant un moment, enlever un peu des diff\u00e9rences, des clivages qu&#8217;il y a dans les villes. Et \u00e7a, \u00e7a nous a beaucoup anim\u00e9es \u00bb.<\/p>\n\n\n\n<p>\u00ab Puis en faisant des recherches aussi par rapport \u00e0 la synchronicit\u00e9 et \u00e0 la musique, on se rend compte qu&#8217;il y a une proximit\u00e9 sociale qui se cr\u00e9e quand plusieurs personnes per\u00e7oivent de la musique ensemble. Elles ressentent plus de connexion aux autres quand elles \u00e9coutent un concert de musique ensemble \u00bb.<\/p>\n<\/div><\/div><\/div><\/div><\/div><\/div>\n\n\n\n<p class=\"has-small-font-size\"><sup>&nbsp;1 <\/sup>Une fondation am\u00e9ricaine \u00e0 but non lucratif qui accorde des subventions au journalisme, aux communaut\u00e9s et aux arts.<br><sup>&nbsp;2 <\/sup>GIRALDEAU, Luc-Alain. Dans l&#8217;\u0153il du pigeon : \u00e9volution, h\u00e9r\u00e9dit\u00e9 et culture. Bor\u00e9al, 2016.<br><\/p>\n","protected":false},"excerpt":{"rendered":"\u00c9tude de cas r\u00e9alis\u00e9e par Danielle Desjardins, La Fabrique de sens. Entretien de Melissa Mongiat, cofondatrice, Daily tous les jours.","protected":false},"author":118,"featured_media":0,"template":"","meta":{"_acf_changed":false,"_links_to":"","_links_to_target":""},"class_list":["post-14695","etudes","type-etudes","status-publish","hentry"],"featured_image_urls_v2":{"full":"","thumbnail":"","medium":"","medium_large":"","large":"","1536x1536":"","2048x2048":"","small":"","custom-size":"","grille":"","gform-image-choice-sm":"","gform-image-choice-md":"","gform-image-choice-lg":""},"post_excerpt_stackable_v2":"\u00c9tude de cas r\u00e9alis\u00e9e par Danielle Desjardins, La Fabrique de sens. Entretien de Melissa Mongiat, cofondatrice, Daily tous les jours.","category_list_v2":"","author_info_v2":{"name":"Sara","url":"https:\/\/effetquebec.ca\/en\/author\/saraxnquebec-co\/"},"comments_num_v2":"0 comments","acf":[],"yoast_head":"<!-- This site is optimized with the Yoast SEO plugin v27.4 - https:\/\/yoast.com\/product\/yoast-seo-wordpress\/ -->\n<title>Des balan\u00e7oires qui connectent - L\u2019Effet Qu\u00e9bec<\/title>\n<meta name=\"description\" content=\"Construire une installation publique qui cr\u00e9e des connexions entre des gens de tout \u00e2ge et de toute provenance un peu partout dans le monde.\" \/>\n<meta name=\"robots\" content=\"index, follow, max-snippet:-1, max-image-preview:large, max-video-preview:-1\" \/>\n<link rel=\"canonical\" href=\"https:\/\/effetquebec.ca\/en\/studies\/des-balancoires-qui-connectent\/\" \/>\n<meta property=\"og:locale\" content=\"en_US\" \/>\n<meta property=\"og:type\" content=\"article\" \/>\n<meta property=\"og:title\" content=\"Les balan\u00e7oires musicales de Daily tous les jours\" \/>\n<meta property=\"og:description\" content=\"Construire une installation publique qui cr\u00e9e des connexions entre des gens de tout \u00e2ge et de toute provenance un peu partout dans le monde.\" \/>\n<meta property=\"og:url\" content=\"https:\/\/effetquebec.ca\/en\/studies\/des-balancoires-qui-connectent\/\" \/>\n<meta property=\"og:site_name\" content=\"L\u2019Effet Qu\u00e9bec\" \/>\n<meta property=\"article:publisher\" content=\"https:\/\/www.facebook.com\/XnQuebec\" \/>\n<meta property=\"article:modified_time\" content=\"2023-07-10T15:40:52+00:00\" \/>\n<meta property=\"og:image\" content=\"https:\/\/effetquebec.ca\/wp-content\/uploads\/2023\/06\/daily-tous-les-jours6.jpg\" \/>\n\t<meta property=\"og:image:width\" content=\"700\" \/>\n\t<meta property=\"og:image:height\" content=\"467\" \/>\n\t<meta property=\"og:image:type\" content=\"image\/jpeg\" \/>\n<meta name=\"twitter:card\" content=\"summary_large_image\" \/>\n<meta name=\"twitter:title\" content=\"Les balan\u00e7oires musicales de Daily tous les jours\" \/>\n<meta name=\"twitter:image\" content=\"https:\/\/effetquebec.ca\/wp-content\/uploads\/2023\/06\/daily-tous-les-jours6.jpg\" \/>\n<meta name=\"twitter:label1\" content=\"Est. reading time\" \/>\n\t<meta name=\"twitter:data1\" content=\"9 minutes\" \/>\n<script type=\"application\/ld+json\" class=\"yoast-schema-graph\">{\"@context\":\"https:\\\/\\\/schema.org\",\"@graph\":[{\"@type\":\"WebPage\",\"@id\":\"https:\\\/\\\/effetquebec.ca\\\/en\\\/studies\\\/des-balancoires-qui-connectent\\\/\",\"url\":\"https:\\\/\\\/effetquebec.ca\\\/en\\\/studies\\\/des-balancoires-qui-connectent\\\/\",\"name\":\"Des balan\u00e7oires qui connectent - L\u2019Effet Qu\u00e9bec\",\"isPartOf\":{\"@id\":\"https:\\\/\\\/effetquebec.ca\\\/en\\\/#website\"},\"primaryImageOfPage\":{\"@id\":\"https:\\\/\\\/effetquebec.ca\\\/en\\\/studies\\\/des-balancoires-qui-connectent\\\/#primaryimage\"},\"image\":{\"@id\":\"https:\\\/\\\/effetquebec.ca\\\/en\\\/studies\\\/des-balancoires-qui-connectent\\\/#primaryimage\"},\"thumbnailUrl\":\"https:\\\/\\\/effetquebec.ca\\\/wp-content\\\/uploads\\\/2023\\\/03\\\/1548198227913.jpeg\",\"datePublished\":\"2023-06-20T14:51:22+00:00\",\"dateModified\":\"2023-07-10T15:40:52+00:00\",\"description\":\"Construire une installation publique qui cr\u00e9e des connexions entre des gens de tout \u00e2ge et de toute provenance un peu partout dans le monde.\",\"breadcrumb\":{\"@id\":\"https:\\\/\\\/effetquebec.ca\\\/en\\\/studies\\\/des-balancoires-qui-connectent\\\/#breadcrumb\"},\"inLanguage\":\"en-CA\",\"potentialAction\":[{\"@type\":\"ReadAction\",\"target\":[\"https:\\\/\\\/effetquebec.ca\\\/en\\\/studies\\\/des-balancoires-qui-connectent\\\/\"]}]},{\"@type\":\"ImageObject\",\"inLanguage\":\"en-CA\",\"@id\":\"https:\\\/\\\/effetquebec.ca\\\/en\\\/studies\\\/des-balancoires-qui-connectent\\\/#primaryimage\",\"url\":\"https:\\\/\\\/effetquebec.ca\\\/wp-content\\\/uploads\\\/2023\\\/03\\\/1548198227913.jpeg\",\"contentUrl\":\"https:\\\/\\\/effetquebec.ca\\\/wp-content\\\/uploads\\\/2023\\\/03\\\/1548198227913.jpeg\"},{\"@type\":\"BreadcrumbList\",\"@id\":\"https:\\\/\\\/effetquebec.ca\\\/en\\\/studies\\\/des-balancoires-qui-connectent\\\/#breadcrumb\",\"itemListElement\":[{\"@type\":\"ListItem\",\"position\":1,\"name\":\"Accueil\",\"item\":\"https:\\\/\\\/effetquebec.ca\\\/en\\\/\"},{\"@type\":\"ListItem\",\"position\":2,\"name\":\"Studies\",\"item\":\"https:\\\/\\\/effetquebec.ca\\\/en\\\/studies\\\/\"},{\"@type\":\"ListItem\",\"position\":3,\"name\":\"Des balan\u00e7oires qui connectent\"}]},{\"@type\":\"WebSite\",\"@id\":\"https:\\\/\\\/effetquebec.ca\\\/en\\\/#website\",\"url\":\"https:\\\/\\\/effetquebec.ca\\\/en\\\/\",\"name\":\"L\u2019Effet Qu\u00e9bec\",\"description\":\"P\u00f4le d\u2019expertise en exportation\",\"publisher\":{\"@id\":\"https:\\\/\\\/effetquebec.ca\\\/en\\\/#organization\"},\"potentialAction\":[{\"@type\":\"SearchAction\",\"target\":{\"@type\":\"EntryPoint\",\"urlTemplate\":\"https:\\\/\\\/effetquebec.ca\\\/en\\\/?s={search_term_string}\"},\"query-input\":{\"@type\":\"PropertyValueSpecification\",\"valueRequired\":true,\"valueName\":\"search_term_string\"}}],\"inLanguage\":\"en-CA\"},{\"@type\":\"Organization\",\"@id\":\"https:\\\/\\\/effetquebec.ca\\\/en\\\/#organization\",\"name\":\"L\u2019Effet Qu\u00e9bec\",\"url\":\"https:\\\/\\\/effetquebec.ca\\\/en\\\/\",\"logo\":{\"@type\":\"ImageObject\",\"inLanguage\":\"en-CA\",\"@id\":\"https:\\\/\\\/effetquebec.ca\\\/en\\\/#\\\/schema\\\/logo\\\/image\\\/\",\"url\":\"https:\\\/\\\/effetquebec.ca\\\/wp-content\\\/uploads\\\/2026\\\/04\\\/EffetQuebec.LogoVertical.RGB_.Noir-fav-1.png\",\"contentUrl\":\"https:\\\/\\\/effetquebec.ca\\\/wp-content\\\/uploads\\\/2026\\\/04\\\/EffetQuebec.LogoVertical.RGB_.Noir-fav-1.png\",\"width\":512,\"height\":512,\"caption\":\"L\u2019Effet Qu\u00e9bec\"},\"image\":{\"@id\":\"https:\\\/\\\/effetquebec.ca\\\/en\\\/#\\\/schema\\\/logo\\\/image\\\/\"},\"sameAs\":[\"https:\\\/\\\/www.facebook.com\\\/XnQuebec\",\"https:\\\/\\\/www.instagram.com\\\/xnquebec\\\/\",\"https:\\\/\\\/www.linkedin.com\\\/company\\\/xnquebec\\\/\"]}]}<\/script>\n<!-- \/ Yoast SEO plugin. -->","yoast_head_json":{"title":"Des balan\u00e7oires qui connectent - L\u2019Effet Qu\u00e9bec","description":"Construire une installation publique qui cr\u00e9e des connexions entre des gens de tout \u00e2ge et de toute provenance un peu partout dans le monde.","robots":{"index":"index","follow":"follow","max-snippet":"max-snippet:-1","max-image-preview":"max-image-preview:large","max-video-preview":"max-video-preview:-1"},"canonical":"https:\/\/effetquebec.ca\/en\/studies\/des-balancoires-qui-connectent\/","og_locale":"en_US","og_type":"article","og_title":"Les balan\u00e7oires musicales de Daily tous les jours","og_description":"Construire une installation publique qui cr\u00e9e des connexions entre des gens de tout \u00e2ge et de toute provenance un peu partout dans le monde.","og_url":"https:\/\/effetquebec.ca\/en\/studies\/des-balancoires-qui-connectent\/","og_site_name":"L\u2019Effet Qu\u00e9bec","article_publisher":"https:\/\/www.facebook.com\/XnQuebec","article_modified_time":"2023-07-10T15:40:52+00:00","og_image":[{"width":700,"height":467,"url":"https:\/\/effetquebec.ca\/wp-content\/uploads\/2023\/06\/daily-tous-les-jours6.jpg","type":"image\/jpeg"}],"twitter_card":"summary_large_image","twitter_title":"Les balan\u00e7oires musicales de Daily tous les jours","twitter_image":"https:\/\/effetquebec.ca\/wp-content\/uploads\/2023\/06\/daily-tous-les-jours6.jpg","twitter_misc":{"Est. reading time":"9 minutes"},"schema":{"@context":"https:\/\/schema.org","@graph":[{"@type":"WebPage","@id":"https:\/\/effetquebec.ca\/en\/studies\/des-balancoires-qui-connectent\/","url":"https:\/\/effetquebec.ca\/en\/studies\/des-balancoires-qui-connectent\/","name":"Des balan\u00e7oires qui connectent - L\u2019Effet Qu\u00e9bec","isPartOf":{"@id":"https:\/\/effetquebec.ca\/en\/#website"},"primaryImageOfPage":{"@id":"https:\/\/effetquebec.ca\/en\/studies\/des-balancoires-qui-connectent\/#primaryimage"},"image":{"@id":"https:\/\/effetquebec.ca\/en\/studies\/des-balancoires-qui-connectent\/#primaryimage"},"thumbnailUrl":"https:\/\/effetquebec.ca\/wp-content\/uploads\/2023\/03\/1548198227913.jpeg","datePublished":"2023-06-20T14:51:22+00:00","dateModified":"2023-07-10T15:40:52+00:00","description":"Construire une installation publique qui cr\u00e9e des connexions entre des gens de tout \u00e2ge et de toute provenance un peu partout dans le monde.","breadcrumb":{"@id":"https:\/\/effetquebec.ca\/en\/studies\/des-balancoires-qui-connectent\/#breadcrumb"},"inLanguage":"en-CA","potentialAction":[{"@type":"ReadAction","target":["https:\/\/effetquebec.ca\/en\/studies\/des-balancoires-qui-connectent\/"]}]},{"@type":"ImageObject","inLanguage":"en-CA","@id":"https:\/\/effetquebec.ca\/en\/studies\/des-balancoires-qui-connectent\/#primaryimage","url":"https:\/\/effetquebec.ca\/wp-content\/uploads\/2023\/03\/1548198227913.jpeg","contentUrl":"https:\/\/effetquebec.ca\/wp-content\/uploads\/2023\/03\/1548198227913.jpeg"},{"@type":"BreadcrumbList","@id":"https:\/\/effetquebec.ca\/en\/studies\/des-balancoires-qui-connectent\/#breadcrumb","itemListElement":[{"@type":"ListItem","position":1,"name":"Accueil","item":"https:\/\/effetquebec.ca\/en\/"},{"@type":"ListItem","position":2,"name":"Studies","item":"https:\/\/effetquebec.ca\/en\/studies\/"},{"@type":"ListItem","position":3,"name":"Des balan\u00e7oires qui connectent"}]},{"@type":"WebSite","@id":"https:\/\/effetquebec.ca\/en\/#website","url":"https:\/\/effetquebec.ca\/en\/","name":"L\u2019Effet Qu\u00e9bec","description":"P\u00f4le d\u2019expertise en exportation","publisher":{"@id":"https:\/\/effetquebec.ca\/en\/#organization"},"potentialAction":[{"@type":"SearchAction","target":{"@type":"EntryPoint","urlTemplate":"https:\/\/effetquebec.ca\/en\/?s={search_term_string}"},"query-input":{"@type":"PropertyValueSpecification","valueRequired":true,"valueName":"search_term_string"}}],"inLanguage":"en-CA"},{"@type":"Organization","@id":"https:\/\/effetquebec.ca\/en\/#organization","name":"L\u2019Effet Qu\u00e9bec","url":"https:\/\/effetquebec.ca\/en\/","logo":{"@type":"ImageObject","inLanguage":"en-CA","@id":"https:\/\/effetquebec.ca\/en\/#\/schema\/logo\/image\/","url":"https:\/\/effetquebec.ca\/wp-content\/uploads\/2026\/04\/EffetQuebec.LogoVertical.RGB_.Noir-fav-1.png","contentUrl":"https:\/\/effetquebec.ca\/wp-content\/uploads\/2026\/04\/EffetQuebec.LogoVertical.RGB_.Noir-fav-1.png","width":512,"height":512,"caption":"L\u2019Effet Qu\u00e9bec"},"image":{"@id":"https:\/\/effetquebec.ca\/en\/#\/schema\/logo\/image\/"},"sameAs":["https:\/\/www.facebook.com\/XnQuebec","https:\/\/www.instagram.com\/xnquebec\/","https:\/\/www.linkedin.com\/company\/xnquebec\/"]}]}},"_links":{"self":[{"href":"https:\/\/effetquebec.ca\/en\/wp-json\/wp\/v2\/etudes\/14695","targetHints":{"allow":["GET"]}}],"collection":[{"href":"https:\/\/effetquebec.ca\/en\/wp-json\/wp\/v2\/etudes"}],"about":[{"href":"https:\/\/effetquebec.ca\/en\/wp-json\/wp\/v2\/types\/etudes"}],"author":[{"embeddable":true,"href":"https:\/\/effetquebec.ca\/en\/wp-json\/wp\/v2\/users\/118"}],"wp:attachment":[{"href":"https:\/\/effetquebec.ca\/en\/wp-json\/wp\/v2\/media?parent=14695"}],"curies":[{"name":"wp","href":"https:\/\/api.w.org\/{rel}","templated":true}]}}