{"id":14292,"date":"2023-05-18T09:55:47","date_gmt":"2023-05-18T13:55:47","guid":{"rendered":"https:\/\/effetquebec.ca\/?post_type=evenements&#038;p=14292"},"modified":"2023-06-16T10:39:53","modified_gmt":"2023-06-16T14:39:53","slug":"us-planetarium-conference-2023","status":"publish","type":"evenements","link":"https:\/\/effetquebec.ca\/en\/eventlist\/us-planetarium-conference-2023\/","title":{"rendered":"Qu\u00e9bec Immersive Film Showcase at Stars for All US Planetarium Conference 2023"},"content":{"rendered":"\n<div class=\"alignfull wp-block-ugb-feature ugb-feature ugb-0db8740 ugb-feature--v2 ugb-feature--design-half ugb-feature--invert ugb-main-block ugb-main-block--inner-full ugb--has-block-background\"><style>.ugb-0db8740 .ugb-feature__item{border-radius:0px !important;height:700px !important}.ugb-0db8740 .ugb-feature__content{background-color:#000000 !important}.ugb-0db8740 .ugb-feature__content:before{background-color:#000000 !important}.ugb-0db8740 .ugb-feature__image{background-image:url(https:\/\/effetquebec.ca\/wp-content\/uploads\/2023\/05\/XnQuebec_Stars-for-all_Banner-Blank-Website_1200x675px_C.jpg)}.ugb-0db8740 .ugb-feature__title{font-family:\"Archivo Black\",Sans-serif !important;color:#ffffff;margin-bottom:100px !important}.ugb-0db8740 .ugb-feature__description{color:#ffffff}.ugb-0db8740 .ugb-inner-block{text-align:left}.ugb-0db8740{padding:0 !important}@media screen and (min-width:768px){.ugb-0db8740 .ugb-feature__item{grid-template-columns:1.10fr 0.90fr !important}}@media screen and (max-width:768px){.ugb-0db8740 .ugb-feature__title{margin-bottom:50px !important}}<\/style><div class=\"ugb-inner-block ugb-inner-block--full\"><div class=\"ugb-block-content\"><div class=\"ugb-feature__item ugb--shadow-0\"><div class=\"ugb-feature__content\"><h2 class=\"ugb-feature__title\">US Planetarium Conference<\/h2><p class=\"ugb-feature__description\">June 20-24, 2023<br>Kingsport, Tennessee (USA).<br><br>During the Stars for All US Planetarium Conference, l&#8217;<strong>Effet Qu\u00e9bec &#8211; The Export expertise cluster<\/strong>, in collaboration with the <strong>Qu\u00e9bec Government Office in New York<\/strong>, will present ten (10) 360\u00b0 immersive films produced for the domes and ready for distribution. <br><br><\/p><\/div><div class=\"ugb-feature__image\"><\/div><\/div><\/div><\/div><\/div>\n\n\n\n<div style=\"height:29px\" aria-hidden=\"true\" class=\"wp-block-spacer\"><\/div>\n\n\n\n<div class=\"wp-block-columns is-layout-flex wp-container-core-columns-is-layout-9d6595d7 wp-block-columns-is-layout-flex\">\n<div class=\"wp-block-column is-layout-flow wp-block-column-is-layout-flow\"><div class=\"wp-block-image\">\n<figure class=\"aligncenter size-full\"><img loading=\"lazy\" decoding=\"async\" width=\"250\" height=\"110\" src=\"https:\/\/effetquebec.ca\/wp-content\/uploads\/2023\/05\/eq-eng.jpg\" alt=\"\" class=\"wp-image-14344\" srcset=\"https:\/\/effetquebec.ca\/wp-content\/uploads\/2023\/05\/eq-eng.jpg 250w, https:\/\/effetquebec.ca\/wp-content\/uploads\/2023\/05\/eq-eng-120x53.jpg 120w\" sizes=\"auto, (max-width: 250px) 100vw, 250px\" \/><\/figure>\n<\/div><\/div>\n\n\n\n<div class=\"wp-block-column is-layout-flow wp-block-column-is-layout-flow\"><div class=\"wp-block-image\">\n<figure class=\"aligncenter size-full\"><img loading=\"lazy\" decoding=\"async\" width=\"250\" height=\"110\" src=\"https:\/\/effetquebec.ca\/wp-content\/uploads\/2022\/04\/MAPS_-xn-quebec.png\" alt=\"\" class=\"wp-image-6226\" srcset=\"https:\/\/effetquebec.ca\/wp-content\/uploads\/2022\/04\/MAPS_-xn-quebec.png 250w, https:\/\/effetquebec.ca\/wp-content\/uploads\/2022\/04\/MAPS_-xn-quebec-120x53.png 120w\" sizes=\"auto, (max-width: 250px) 100vw, 250px\" \/><\/figure>\n<\/div><\/div>\n\n\n\n<div class=\"wp-block-column is-layout-flow wp-block-column-is-layout-flow\"><div class=\"wp-block-image\">\n<figure class=\"aligncenter size-full\"><img loading=\"lazy\" decoding=\"async\" width=\"250\" height=\"110\" src=\"https:\/\/effetquebec.ca\/wp-content\/uploads\/2022\/04\/Delegation-generale-new-york-xn-quebec.png\" alt=\"\" class=\"wp-image-6228\" srcset=\"https:\/\/effetquebec.ca\/wp-content\/uploads\/2022\/04\/Delegation-generale-new-york-xn-quebec.png 250w, https:\/\/effetquebec.ca\/wp-content\/uploads\/2022\/04\/Delegation-generale-new-york-xn-quebec-120x53.png 120w\" sizes=\"auto, (max-width: 250px) 100vw, 250px\" \/><\/figure>\n<\/div><\/div>\n<\/div>\n\n\n\n<div class=\"alignfull wp-block-ugb-feature-grid ugb-feature-grid ugb-2c1f9fe ugb-feature-grid--v2 ugb-feature-grid--columns-2 ugb-feature-grid--design-zigzag ugb-main-block ugb--has-custom-content-width ugb-main-block--inner-wide ugb--has-block-background\"><style>.ugb-2c1f9fe .ugb-feature-grid__item{border-radius:0px !important;background-color:#000000 !important}.ugb-2c1f9fe .ugb-feature-grid__item:before{background-color:#000000 !important}.ugb-2c1f9fe .ugb-img{width:390px;height:auto !important}.ugb-2c1f9fe .ugb-img,.ugb-2c1f9fe .ugb-feature-grid__image{margin-left:0 !important;margin-right:auto !important}.ugb-2c1f9fe .ugb-feature-grid__title{color:#ffffff;text-align:left}.ugb-2c1f9fe .ugb-feature-grid__description{color:#ffffff;text-align:left}.ugb-2c1f9fe .ugb-inner-block{text-align:left}.ugb-2c1f9fe.ugb-feature-grid{background-color:#000000}.ugb-2c1f9fe.ugb-feature-grid > .ugb-inner-block{min-width:auto !important;max-width:60% !important}.ugb-2c1f9fe.ugb-feature-grid:before{background-color:#000000}.ugb-2c1f9fe .ugb-block-title{font-family:\"Archivo Black\",Sans-serif !important;color:#ffffff}<\/style><div class=\"ugb-inner-block ugb-inner-block--wide\"><h3 class=\"ugb-block-title\"><strong><span style=\"color: #ffffff;\" class=\"ugb-highlight\">SELECTED FILMS<\/span><\/strong><\/h3><div class=\"ugb-block-content\"><div class=\"ugb-feature-grid__item ugb-feature-grid__item1 ugb--shadow-0\"><div class=\"ugb-feature-grid__image\"><img decoding=\"async\" class=\"ugb-img wp-image-14298\" src=\"https:\/\/effetquebec.ca\/wp-content\/uploads\/2023\/05\/MIMI-VR-poster_01_EN-3.png\" alt=\"Feature Grid 1\" width=\"390\" srcset=\"https:\/\/effetquebec.ca\/wp-content\/uploads\/2023\/05\/MIMI-VR-poster_01_EN-3.png 2400w, https:\/\/effetquebec.ca\/wp-content\/uploads\/2023\/05\/MIMI-VR-poster_01_EN-3-250x375.png 250w, https:\/\/effetquebec.ca\/wp-content\/uploads\/2023\/05\/MIMI-VR-poster_01_EN-3-700x1050.png 700w, https:\/\/effetquebec.ca\/wp-content\/uploads\/2023\/05\/MIMI-VR-poster_01_EN-3-768x1152.png 768w, https:\/\/effetquebec.ca\/wp-content\/uploads\/2023\/05\/MIMI-VR-poster_01_EN-3-1024x1536.png 1024w, https:\/\/effetquebec.ca\/wp-content\/uploads\/2023\/05\/MIMI-VR-poster_01_EN-3-1365x2048.png 1365w, https:\/\/effetquebec.ca\/wp-content\/uploads\/2023\/05\/MIMI-VR-poster_01_EN-3-120x180.png 120w\" sizes=\"(max-width: 2400px) 100vw, 2400px\" \/><\/div><div class=\"ugb-feature-grid__content\"><h5 class=\"ugb-feature-grid__title\">ONCE UPON&#8230; MY STORY<\/h5><p class=\"ugb-feature-grid__description\">\u25b6 Trailer (not yet available)<br><br><em>Once upon a time&#8230;<\/em> children telling tales from their own imagination in their own words. Brought to life in glorious animation, these stories brimming with charm, humour, and adventure blend reality and fantasy and plunge us into the unbridled imaginings of children. <br><br><strong>Director:<\/strong> Francis G\u00e9linas<br><strong>Duration: <\/strong>22 minutes, 30 sec.<br><strong>Company:<\/strong> <a href=\"https:\/\/makimedia.tv\/en\/\" target=\"_blank\" rel=\"noreferrer noopener\">Maki Media<\/a><br><strong>Distributor:<\/strong> <a href=\"https:\/\/effetquebec.ca\/entreprises\/hubblo-immersion\/\" target=\"_blank\" rel=\"noreferrer noopener\">Hubblo<\/a><\/p><\/div><\/div><div class=\"ugb-feature-grid__item ugb-feature-grid__item2 ugb--shadow-0\"><div class=\"ugb-feature-grid__image\"><img decoding=\"async\" class=\"ugb-img wp-image-14302\" src=\"https:\/\/effetquebec.ca\/wp-content\/uploads\/2023\/05\/SG360-One-Sky-Feature-Film-POSTER-A1-132dpi-221115.png\" alt=\"Feature Grid 2\" width=\"390\" srcset=\"https:\/\/effetquebec.ca\/wp-content\/uploads\/2023\/05\/SG360-One-Sky-Feature-Film-POSTER-A1-132dpi-221115.png 3087w, https:\/\/effetquebec.ca\/wp-content\/uploads\/2023\/05\/SG360-One-Sky-Feature-Film-POSTER-A1-132dpi-221115-250x354.png 250w, https:\/\/effetquebec.ca\/wp-content\/uploads\/2023\/05\/SG360-One-Sky-Feature-Film-POSTER-A1-132dpi-221115-700x991.png 700w, https:\/\/effetquebec.ca\/wp-content\/uploads\/2023\/05\/SG360-One-Sky-Feature-Film-POSTER-A1-132dpi-221115-768x1087.png 768w, https:\/\/effetquebec.ca\/wp-content\/uploads\/2023\/05\/SG360-One-Sky-Feature-Film-POSTER-A1-132dpi-221115-1085x1536.png 1085w, https:\/\/effetquebec.ca\/wp-content\/uploads\/2023\/05\/SG360-One-Sky-Feature-Film-POSTER-A1-132dpi-221115-1446x2048.png 1446w, https:\/\/effetquebec.ca\/wp-content\/uploads\/2023\/05\/SG360-One-Sky-Feature-Film-POSTER-A1-132dpi-221115-120x170.png 120w\" sizes=\"(max-width: 3087px) 100vw, 3087px\" \/><\/div><div class=\"ugb-feature-grid__content\"><h5 class=\"ugb-feature-grid__title\">ONE SKY<\/h5><p class=\"ugb-feature-grid__description\">\u25b6 <a href=\"https:\/\/www.sebastien360.com\/onesky\" target=\"_blank\" rel=\"noreferrer noopener\">Trailer<\/a><br><br>Award-winning movie <em>One Sky <\/em>is a collection of beautiful short films about constellations, astronomical instruments and scientific knowledge from various cultures around the world. Each chapter is presented in an original and engaging way with its own artistic style featuring the work of international artists. <br><br><strong><strong>Director<\/strong><\/strong>s<strong>:<\/strong> S\u00e9bastien Gauthier &amp; al.<br><strong>Duration:<\/strong> 43 minutes, 36 sec.<br><strong><strong>Company<\/strong>:<\/strong> <a href=\"https:\/\/www.sebastien360.com\/about\" target=\"_blank\" rel=\"noreferrer noopener\">S\u00e9bastien Gauthier 360 Productions<\/a><br><strong><strong>Distributor<\/strong>:<\/strong> <a href=\"https:\/\/noirlab.edu\/public\/\" target=\"_blank\" rel=\"noreferrer noopener\">NOIRLab<\/a><\/p><\/div><\/div><\/div><\/div><\/div>\n\n\n\n<div style=\"height:50px\" aria-hidden=\"true\" class=\"wp-block-spacer\"><\/div>\n\n\n\n<div class=\"alignfull wp-block-ugb-feature-grid ugb-feature-grid ugb-28d58ba ugb-feature-grid--v2 ugb-feature-grid--columns-2 ugb-feature-grid--design-zigzag ugb-main-block ugb--has-custom-content-width ugb-main-block--inner-wide ugb--has-block-background\"><style>.ugb-28d58ba .ugb-feature-grid__item{border-radius:0px !important;background-color:#000000 !important}.ugb-28d58ba .ugb-feature-grid__item:before{background-color:#000000 !important}.ugb-28d58ba .ugb-img{width:390px;height:auto !important}.ugb-28d58ba .ugb-img,.ugb-28d58ba .ugb-feature-grid__image{margin-left:0 !important;margin-right:auto !important}.ugb-28d58ba .ugb-feature-grid__title{color:#ffffff;text-align:left}.ugb-28d58ba .ugb-feature-grid__description{color:#ffffff;text-align:left}.ugb-28d58ba .ugb-inner-block{text-align:left}.ugb-28d58ba.ugb-feature-grid{background-color:#000000}.ugb-28d58ba.ugb-feature-grid > .ugb-inner-block{min-width:auto !important;max-width:60% !important}.ugb-28d58ba.ugb-feature-grid:before{background-color:#000000}<\/style><div class=\"ugb-inner-block ugb-inner-block--wide\"><div class=\"ugb-block-content\"><div class=\"ugb-feature-grid__item ugb-feature-grid__item1 ugb--shadow-0\"><div class=\"ugb-feature-grid__image\"><img decoding=\"async\" class=\"ugb-img wp-image-14334\" src=\"https:\/\/effetquebec.ca\/wp-content\/uploads\/2023\/05\/LANDS-OF-THE-AMERICAS.jpg\" alt=\"Feature Grid 1\" width=\"390\" srcset=\"https:\/\/effetquebec.ca\/wp-content\/uploads\/2023\/05\/LANDS-OF-THE-AMERICAS.jpg 1640w, https:\/\/effetquebec.ca\/wp-content\/uploads\/2023\/05\/LANDS-OF-THE-AMERICAS-250x373.jpg 250w, https:\/\/effetquebec.ca\/wp-content\/uploads\/2023\/05\/LANDS-OF-THE-AMERICAS-700x1044.jpg 700w, https:\/\/effetquebec.ca\/wp-content\/uploads\/2023\/05\/LANDS-OF-THE-AMERICAS-768x1145.jpg 768w, https:\/\/effetquebec.ca\/wp-content\/uploads\/2023\/05\/LANDS-OF-THE-AMERICAS-1030x1536.jpg 1030w, https:\/\/effetquebec.ca\/wp-content\/uploads\/2023\/05\/LANDS-OF-THE-AMERICAS-1374x2048.jpg 1374w, https:\/\/effetquebec.ca\/wp-content\/uploads\/2023\/05\/LANDS-OF-THE-AMERICAS-120x179.jpg 120w\" sizes=\"(max-width: 1640px) 100vw, 1640px\" \/><\/div><div class=\"ugb-feature-grid__content\"><h5 class=\"ugb-feature-grid__title\">LANDS OF THE AMERICAS<\/h5><p class=\"ugb-feature-grid__description\">\u25b6 <a href=\"https:\/\/vimeo.com\/631424496\" target=\"_blank\" rel=\"noreferrer noopener\">Trailer<\/a><br><br>Like a travel diary, <em>Lands of the Americas<\/em> journeys through the works of <strong>Ren\u00e9 Derouin<\/strong> and the lands he has explored. Experienced in an immersive dome or through virtual reality glasses, this 360\u00b0 film revolves around the artist\u2019s quest for identity, which spanned his 60-year career.<br><br><strong>Director:<\/strong> Patrick Boss\u00e9<br><strong>Duration: <\/strong>45 minutes<br><strong>Company:<\/strong> <a href=\"http:\/\/fig55.com\" target=\"_blank\" rel=\"noreferrer noopener\">fig55<\/a><br><strong>Distributor:<\/strong> <a href=\"https:\/\/effetquebec.ca\/entreprises\/hubblo-immersion\/\" target=\"_blank\" rel=\"noreferrer noopener\">Hubblo<\/a><\/p><\/div><\/div><div class=\"ugb-feature-grid__item ugb-feature-grid__item2 ugb--shadow-0\"><div class=\"ugb-feature-grid__image\"><img decoding=\"async\" class=\"ugb-img wp-image-14330\" src=\"https:\/\/effetquebec.ca\/wp-content\/uploads\/2023\/05\/BEBE-SYMPHONIQUE.jpg\" alt=\"Feature Grid 2\" width=\"390\" srcset=\"https:\/\/effetquebec.ca\/wp-content\/uploads\/2023\/05\/BEBE-SYMPHONIQUE.jpg 1641w, https:\/\/effetquebec.ca\/wp-content\/uploads\/2023\/05\/BEBE-SYMPHONIQUE-250x372.jpg 250w, https:\/\/effetquebec.ca\/wp-content\/uploads\/2023\/05\/BEBE-SYMPHONIQUE-700x1043.jpg 700w, https:\/\/effetquebec.ca\/wp-content\/uploads\/2023\/05\/BEBE-SYMPHONIQUE-768x1144.jpg 768w, https:\/\/effetquebec.ca\/wp-content\/uploads\/2023\/05\/BEBE-SYMPHONIQUE-1031x1536.jpg 1031w, https:\/\/effetquebec.ca\/wp-content\/uploads\/2023\/05\/BEBE-SYMPHONIQUE-1375x2048.jpg 1375w, https:\/\/effetquebec.ca\/wp-content\/uploads\/2023\/05\/BEBE-SYMPHONIQUE-120x179.jpg 120w\" sizes=\"(max-width: 1641px) 100vw, 1641px\" \/><\/div><div class=\"ugb-feature-grid__content\"><h5 class=\"ugb-feature-grid__title\">B\u00c9B\u00c9 SYMPHONIQUE<\/h5><p class=\"ugb-feature-grid__description\">\u25b6 <a href=\"https:\/\/www.facebook.com\/Espacepourlavie\/videos\/483452760048418\/?extid=CL-UNK-UNK-UNK-IOS_GK0T-GK1C\" target=\"_blank\" rel=\"noreferrer noopener\">Teaser<\/a><br><br>Combining 2D, 3D and frame-by-frame animation, this multimedia show transports children from birth to 18 months and their parents into a marvelous universe of shapes, colors and textures, designed to capture their attention.<br><br><strong>Director: <\/strong>Noisy Head<br><strong>Duration: <\/strong>33 minutes<br><strong>Company:<\/strong> <a href=\"https:\/\/www.bebesymphonique.com\/en\/home.html?gclid=CjwKCAjwrqqSBhBbEiwAlQeqGjqGmRXMh0OSBbXpuAW-DKhGcof13-1OFwmHo_IJW9khu0owhMGD9hoC484QAvD_BwE\" target=\"_blank\" rel=\"noreferrer noopener\">GSI Musique<\/a><br><strong>Distributor:<\/strong> <a href=\"https:\/\/effetquebec.ca\/entreprises\/hubblo-immersion\/\" target=\"_blank\" rel=\"noreferrer noopener\">Hubblo<\/a><\/p><\/div><\/div><\/div><\/div><\/div>\n\n\n\n<div style=\"height:50px\" aria-hidden=\"true\" class=\"wp-block-spacer\"><\/div>\n\n\n\n<div class=\"alignfull wp-block-ugb-feature-grid ugb-feature-grid ugb-5a6a21c ugb-feature-grid--v2 ugb-feature-grid--columns-2 ugb-feature-grid--design-zigzag ugb-main-block ugb--has-custom-content-width ugb-main-block--inner-wide ugb--has-block-background\"><style>.ugb-5a6a21c .ugb-feature-grid__item{border-radius:0px !important;background-color:#000000 !important}.ugb-5a6a21c .ugb-feature-grid__item:before{background-color:#000000 !important}.ugb-5a6a21c .ugb-img{width:390px;height:auto !important}.ugb-5a6a21c .ugb-img,.ugb-5a6a21c .ugb-feature-grid__image{margin-left:0 !important;margin-right:auto !important}.ugb-5a6a21c .ugb-feature-grid__title{color:#ffffff;text-align:left}.ugb-5a6a21c .ugb-feature-grid__description{color:#ffffff;text-align:left}.ugb-5a6a21c .ugb-inner-block{text-align:left}.ugb-5a6a21c.ugb-feature-grid{background-color:#000000}.ugb-5a6a21c.ugb-feature-grid > .ugb-inner-block{min-width:auto !important;max-width:60% !important}.ugb-5a6a21c.ugb-feature-grid:before{background-color:#000000}<\/style><div class=\"ugb-inner-block ugb-inner-block--wide\"><div class=\"ugb-block-content\"><div class=\"ugb-feature-grid__item ugb-feature-grid__item1 ugb--shadow-0\"><div class=\"ugb-feature-grid__image\"><img decoding=\"async\" class=\"ugb-img wp-image-14322\" src=\"https:\/\/effetquebec.ca\/wp-content\/uploads\/2023\/05\/Untouched_Dome_Portrait.jpg\" alt=\"Feature Grid 1\" width=\"390\" srcset=\"https:\/\/effetquebec.ca\/wp-content\/uploads\/2023\/05\/Untouched_Dome_Portrait.jpg 1080w, https:\/\/effetquebec.ca\/wp-content\/uploads\/2023\/05\/Untouched_Dome_Portrait-250x444.jpg 250w, https:\/\/effetquebec.ca\/wp-content\/uploads\/2023\/05\/Untouched_Dome_Portrait-700x1244.jpg 700w, https:\/\/effetquebec.ca\/wp-content\/uploads\/2023\/05\/Untouched_Dome_Portrait-768x1365.jpg 768w, https:\/\/effetquebec.ca\/wp-content\/uploads\/2023\/05\/Untouched_Dome_Portrait-864x1536.jpg 864w, https:\/\/effetquebec.ca\/wp-content\/uploads\/2023\/05\/Untouched_Dome_Portrait-120x213.jpg 120w\" sizes=\"(max-width: 1080px) 100vw, 1080px\" \/><\/div><div class=\"ugb-feature-grid__content\"><h5 class=\"ugb-feature-grid__title\">UNTOUCHED<\/h5><p class=\"ugb-feature-grid__description\">\u25b6 Trailer (not yet available) <br><br><em>Untouched<\/em> is an artistic look at life during the pandemic. Bonds between people crumble as society drifts. There&#8217;s a powerful urge to touch and be touched. Everything seems so out of reach. <em>Untouched<\/em> is an experimental film by director Michel Lemieux. It is a short and immersive film imagined by the artist while living in isolation due to the pandemic in 2020. <br><br><strong>Director:<\/strong> Michel Lemieux<br><strong>Duration: <\/strong>4 minutes, 50 sec.<br><strong>Company:<\/strong> <a href=\"https:\/\/effetquebec.ca\/en\/entreprises\/lemieux-pilon-4d-art\/\" target=\"_blank\" rel=\"noreferrer noopener\">4DArt<\/a><br><strong>Distributor:<\/strong> <a href=\"https:\/\/effetquebec.ca\/en\/entreprises\/lemieux-pilon-4d-art\/\" target=\"_blank\" rel=\"noreferrer noopener\">4DArt<\/a><\/p><\/div><\/div><div class=\"ugb-feature-grid__item ugb-feature-grid__item2 ugb--shadow-0\"><div class=\"ugb-feature-grid__image\"><img decoding=\"async\" class=\"ugb-img wp-image-14310\" src=\"https:\/\/effetquebec.ca\/wp-content\/uploads\/2023\/05\/22.7-31-scaled.jpg\" alt=\"Feature Grid 2\" width=\"390\" srcset=\"https:\/\/effetquebec.ca\/wp-content\/uploads\/2023\/05\/22.7-31-scaled.jpg 1707w, https:\/\/effetquebec.ca\/wp-content\/uploads\/2023\/05\/22.7-31-250x375.jpg 250w, https:\/\/effetquebec.ca\/wp-content\/uploads\/2023\/05\/22.7-31-700x1050.jpg 700w, https:\/\/effetquebec.ca\/wp-content\/uploads\/2023\/05\/22.7-31-768x1152.jpg 768w, https:\/\/effetquebec.ca\/wp-content\/uploads\/2023\/05\/22.7-31-1024x1536.jpg 1024w, https:\/\/effetquebec.ca\/wp-content\/uploads\/2023\/05\/22.7-31-1365x2048.jpg 1365w, https:\/\/effetquebec.ca\/wp-content\/uploads\/2023\/05\/22.7-31-120x180.jpg 120w\" sizes=\"(max-width: 1707px) 100vw, 1707px\" \/><\/div><div class=\"ugb-feature-grid__content\"><h5 class=\"ugb-feature-grid__title\">-22.7\u00b0C<\/h5><p class=\"ugb-feature-grid__description\">\u25b6 <a href=\"https:\/\/vimeo.com\/673444334\" target=\"_blank\" rel=\"noreferrer noopener\">Trailer<\/a><br><br>This film is an immersive experience in the Arctic Circle inspired by the adventure of the musician <strong>Mol\u00e9cule<\/strong>. The viewer will experience the musical creation of the artist in an extreme environment and explore the Arctic, a hostile world made of mystical sounds and vibrations.<br><br><strong>Directors:<\/strong> Mol\u00e9cule, Dirty Monitor<br><strong>Duration: <\/strong>37 minutes<br><strong>Companies :<\/strong> <a href=\"http:\/\/fig55.com\" target=\"_blank\" rel=\"noreferrer noopener\">fig55<\/a>, <a href=\"https:\/\/poolpio.com\" target=\"_blank\" rel=\"noreferrer noopener\">Poolpio<\/a>, <a href=\"https:\/\/www.zorbaproduction.com\" target=\"_blank\" rel=\"noreferrer noopener\">Zorba production<\/a><br><strong>US distributor:<\/strong> <a href=\"https:\/\/effetquebec.ca\/entreprises\/hubblo-immersion\/\" target=\"_blank\" rel=\"noreferrer noopener\">Hubblo<\/a><br><strong>European distributor:<\/strong> <a href=\"https:\/\/fr.diversioncinema.com\/home\" target=\"_blank\" rel=\"noreferrer noopener\">Diversion cinema<\/a><\/p><\/div><\/div><\/div><\/div><\/div>\n\n\n\n<div style=\"height:50px\" aria-hidden=\"true\" class=\"wp-block-spacer\"><\/div>\n\n\n\n<div class=\"alignfull wp-block-ugb-feature-grid ugb-feature-grid ugb-30ec8c6 ugb-feature-grid--v2 ugb-feature-grid--columns-2 ugb-feature-grid--design-zigzag ugb-main-block ugb--has-custom-content-width ugb-main-block--inner-wide ugb--has-block-background\"><style>.ugb-30ec8c6 .ugb-feature-grid__item{border-radius:0px !important;background-color:#000000 !important}.ugb-30ec8c6 .ugb-feature-grid__item:before{background-color:#000000 !important}.ugb-30ec8c6 .ugb-img{width:390px;height:auto !important}.ugb-30ec8c6 .ugb-img,.ugb-30ec8c6 .ugb-feature-grid__image{margin-left:0 !important;margin-right:auto !important}.ugb-30ec8c6 .ugb-feature-grid__title{color:#ffffff;text-align:left}.ugb-30ec8c6 .ugb-feature-grid__description{color:#ffffff;text-align:left}.ugb-30ec8c6 .ugb-inner-block{text-align:left}.ugb-30ec8c6.ugb-feature-grid{background-color:#000000}.ugb-30ec8c6.ugb-feature-grid > .ugb-inner-block{min-width:auto !important;max-width:60% !important}.ugb-30ec8c6.ugb-feature-grid:before{background-color:#000000}<\/style><div class=\"ugb-inner-block ugb-inner-block--wide\"><div class=\"ugb-block-content\"><div class=\"ugb-feature-grid__item ugb-feature-grid__item1 ugb--shadow-0\"><div class=\"ugb-feature-grid__image\"><img decoding=\"async\" class=\"ugb-img wp-image-14338\" src=\"https:\/\/effetquebec.ca\/wp-content\/uploads\/2023\/05\/Introductory-Econometrics.jpg\" alt=\"Feature Grid 1\" width=\"390\" srcset=\"https:\/\/effetquebec.ca\/wp-content\/uploads\/2023\/05\/Introductory-Econometrics.jpg 1641w, https:\/\/effetquebec.ca\/wp-content\/uploads\/2023\/05\/Introductory-Econometrics-250x372.jpg 250w, https:\/\/effetquebec.ca\/wp-content\/uploads\/2023\/05\/Introductory-Econometrics-700x1043.jpg 700w, https:\/\/effetquebec.ca\/wp-content\/uploads\/2023\/05\/Introductory-Econometrics-768x1144.jpg 768w, https:\/\/effetquebec.ca\/wp-content\/uploads\/2023\/05\/Introductory-Econometrics-1031x1536.jpg 1031w, https:\/\/effetquebec.ca\/wp-content\/uploads\/2023\/05\/Introductory-Econometrics-1375x2048.jpg 1375w, https:\/\/effetquebec.ca\/wp-content\/uploads\/2023\/05\/Introductory-Econometrics-120x179.jpg 120w\" sizes=\"(max-width: 1641px) 100vw, 1641px\" \/><\/div><div class=\"ugb-feature-grid__content\"><h5 class=\"ugb-feature-grid__title\">INTRODUCTORY ECONOMETRICS<\/h5><p class=\"ugb-feature-grid__description\">\u25b6 Trailer (not yet available)<br><br><em>Introduction to Econometrics <\/em>is an animated film that explores how various aspects of economic modelling can be creatively visualized. Taking an off-kilter approach to the subject, it frees curves from the bounds of theory and allows them to roam in a living and complex data universe, where graphical grid-like surfaces evolve to create new spaces, vast walls, and ceilings like a canopy of stars. <br><br><strong>Director:<\/strong> Lydia Yakonowsky<br><strong>Duration: <\/strong>3 minutes, 45 sec.<br><strong>Company:<\/strong> <a href=\"https:\/\/www.facebook.com\/SATmontreal\/photos\/pcb.10159638403515250\/10159638410830250\/?type=3&amp;eid=ARABZ37vqp00RnrRUmBIxoxQReboWaBPw_HP-hOoTdbtrMBNDXtPcJksAkJig7Q0_iW5O0DCqxf5fVrT&amp;paipv=0&amp;eav=AfbzQNuHXt-lgDR0owZiWDR-bPK-JxQSJLy26o2ugGhLBn46MX7vUadICM5wGIwXCMQ&amp;_rdr\" target=\"_blank\" rel=\"noreferrer noopener\">Lydia Yakonowsky<\/a><br><strong>Distributor:<\/strong> <a href=\"https:\/\/www.diversioncinema.com\/distribution\" target=\"_blank\" rel=\"noreferrer noopener\">SAS DIVRSION<\/a><\/p><\/div><\/div><div class=\"ugb-feature-grid__item ugb-feature-grid__item2 ugb--shadow-0\"><div class=\"ugb-feature-grid__image\"><img decoding=\"async\" class=\"ugb-img wp-image-14318\" src=\"https:\/\/effetquebec.ca\/wp-content\/uploads\/2023\/05\/502_Mondes-de-glace_Affiche-scaled.jpg\" alt=\"Feature Grid 2\" width=\"390\" srcset=\"https:\/\/effetquebec.ca\/wp-content\/uploads\/2023\/05\/502_Mondes-de-glace_Affiche-scaled.jpg 1713w, https:\/\/effetquebec.ca\/wp-content\/uploads\/2023\/05\/502_Mondes-de-glace_Affiche-250x374.jpg 250w, https:\/\/effetquebec.ca\/wp-content\/uploads\/2023\/05\/502_Mondes-de-glace_Affiche-700x1046.jpg 700w, https:\/\/effetquebec.ca\/wp-content\/uploads\/2023\/05\/502_Mondes-de-glace_Affiche-768x1148.jpg 768w, https:\/\/effetquebec.ca\/wp-content\/uploads\/2023\/05\/502_Mondes-de-glace_Affiche-1028x1536.jpg 1028w, https:\/\/effetquebec.ca\/wp-content\/uploads\/2023\/05\/502_Mondes-de-glace_Affiche-1370x2048.jpg 1370w, https:\/\/effetquebec.ca\/wp-content\/uploads\/2023\/05\/502_Mondes-de-glace_Affiche-120x179.jpg 120w\" sizes=\"(max-width: 1713px) 100vw, 1713px\" \/><\/div><div class=\"ugb-feature-grid__content\"><h5 class=\"ugb-feature-grid__title\">WORLDS OF ICE<\/h5><p class=\"ugb-feature-grid__description\">\u25b6 <a href=\"https:\/\/vimeo.com\/673444334\" target=\"_blank\" rel=\"noreferrer noopener\">Trailer<\/a><br><br><em><em>Worlds of Ice<\/em> <\/em>is a 360\u02da contemporary full-dome film that envelops the spectator within worlds of ice that oscillate between the deeply familiar, the unconventional and the transformative. 34 minutes in length, <em>Worlds of Ice<\/em> is an immersive unravelling that reveals the many universes of ice.<br><br><strong>Directors:<\/strong> Philippe Baylaucq<br><strong>Duration: <\/strong>34 minutes<br><strong>Company :<\/strong> <a href=\"https:\/\/www.nfb.ca\" target=\"_blank\" rel=\"noreferrer noopener\">NFB<\/a> (National Film  Board of Canada) <br><strong>Distributor:<\/strong> <a href=\"https:\/\/effetquebec.ca\/entreprises\/hubblo-immersion\/\" target=\"_blank\" rel=\"noreferrer noopener\">Hubblo<\/a><\/p><\/div><\/div><\/div><\/div><\/div>\n\n\n\n<div class=\"alignfull wp-block-ugb-feature-grid ugb-feature-grid ugb-b79407e ugb-feature-grid--v2 ugb-feature-grid--columns-2 ugb-feature-grid--design-zigzag ugb-main-block ugb--has-custom-content-width ugb-main-block--inner-wide ugb--has-block-background\"><style>.ugb-b79407e .ugb-feature-grid__item{border-radius:0px !important;background-color:#000000 !important}.ugb-b79407e .ugb-feature-grid__item:before{background-color:#000000 !important}.ugb-b79407e .ugb-img{width:390px;height:auto !important}.ugb-b79407e .ugb-img,.ugb-b79407e .ugb-feature-grid__image{margin-left:0 !important;margin-right:auto !important}.ugb-b79407e .ugb-feature-grid__title{color:#ffffff;text-align:left}.ugb-b79407e .ugb-feature-grid__description{color:#ffffff;text-align:left}.ugb-b79407e .ugb-inner-block{text-align:left}.ugb-b79407e.ugb-feature-grid{background-color:#000000}.ugb-b79407e.ugb-feature-grid > .ugb-inner-block{min-width:auto !important;max-width:60% !important}.ugb-b79407e.ugb-feature-grid:before{background-color:#000000}<\/style><div class=\"ugb-inner-block ugb-inner-block--wide\"><div class=\"ugb-block-content\"><div class=\"ugb-feature-grid__item ugb-feature-grid__item1 ugb--shadow-0\"><div class=\"ugb-feature-grid__image\"><img decoding=\"async\" class=\"ugb-img wp-image-14619\" src=\"https:\/\/effetquebec.ca\/wp-content\/uploads\/2023\/05\/Jupiter-devant-le-Soleil-Extrait-Continuum-spectacle-de-Michel-Lemieux-et-Victor-Pilon-scaled.jpg\" alt=\"Feature Grid 1\" width=\"390\" srcset=\"https:\/\/effetquebec.ca\/wp-content\/uploads\/2023\/05\/Jupiter-devant-le-Soleil-Extrait-Continuum-spectacle-de-Michel-Lemieux-et-Victor-Pilon-scaled.jpg 2560w, https:\/\/effetquebec.ca\/wp-content\/uploads\/2023\/05\/Jupiter-devant-le-Soleil-Extrait-Continuum-spectacle-de-Michel-Lemieux-et-Victor-Pilon-250x250.jpg 250w, https:\/\/effetquebec.ca\/wp-content\/uploads\/2023\/05\/Jupiter-devant-le-Soleil-Extrait-Continuum-spectacle-de-Michel-Lemieux-et-Victor-Pilon-700x700.jpg 700w, https:\/\/effetquebec.ca\/wp-content\/uploads\/2023\/05\/Jupiter-devant-le-Soleil-Extrait-Continuum-spectacle-de-Michel-Lemieux-et-Victor-Pilon-150x150.jpg 150w, https:\/\/effetquebec.ca\/wp-content\/uploads\/2023\/05\/Jupiter-devant-le-Soleil-Extrait-Continuum-spectacle-de-Michel-Lemieux-et-Victor-Pilon-768x768.jpg 768w, https:\/\/effetquebec.ca\/wp-content\/uploads\/2023\/05\/Jupiter-devant-le-Soleil-Extrait-Continuum-spectacle-de-Michel-Lemieux-et-Victor-Pilon-1536x1536.jpg 1536w, https:\/\/effetquebec.ca\/wp-content\/uploads\/2023\/05\/Jupiter-devant-le-Soleil-Extrait-Continuum-spectacle-de-Michel-Lemieux-et-Victor-Pilon-2048x2048.jpg 2048w, https:\/\/effetquebec.ca\/wp-content\/uploads\/2023\/05\/Jupiter-devant-le-Soleil-Extrait-Continuum-spectacle-de-Michel-Lemieux-et-Victor-Pilon-120x120.jpg 120w\" sizes=\"(max-width: 2560px) 100vw, 2560px\" \/><\/div><div class=\"ugb-feature-grid__content\"><h5 class=\"ugb-feature-grid__title\">CONTINUUM<\/h5><p class=\"ugb-feature-grid__description\">\u25b6 <a href=\"https:\/\/vimeo.com\/86367800\" target=\"_blank\" rel=\"noreferrer noopener\">Trailer<\/a><br><br>This show offers emotional and striking images, with technical and inventive processes, through an immersive experience that catches the visitor and transports him among the beauties of space. We make our way through the galaxy, discovering nebulae across immense space!<br><br><strong>Directors:<\/strong> Michel Lemieux and Victor Pilon<br><strong>Duration: <\/strong>25 minutes<br><strong>Music:<\/strong> Philip Glass<br><strong>Producer:<\/strong> Montreal Space for Life\u2019s Rio Tinto Alcan Planetarium<br><strong>Company:<\/strong> <a href=\"https:\/\/effetquebec.ca\/en\/entreprises\/lemieux-pilon-4d-art\/\" target=\"_blank\" rel=\"noreferrer noopener\">4DArt<\/a><br><strong>Distributor:<\/strong> <a href=\"https:\/\/www.nfb.ca\" target=\"_blank\" rel=\"noreferrer noopener\">NFB<\/a> (National Film Board of Canada) <\/p><\/div><\/div><div class=\"ugb-feature-grid__item ugb-feature-grid__item2 ugb--shadow-0\"><div class=\"ugb-feature-grid__image\"><img decoding=\"async\" class=\"ugb-img wp-image-14623\" src=\"https:\/\/effetquebec.ca\/wp-content\/uploads\/2023\/05\/QROD-3.png\" alt=\"Feature Grid 2\" width=\"390\" srcset=\"https:\/\/effetquebec.ca\/wp-content\/uploads\/2023\/05\/QROD-3.png 934w, https:\/\/effetquebec.ca\/wp-content\/uploads\/2023\/05\/QROD-3-250x249.png 250w, https:\/\/effetquebec.ca\/wp-content\/uploads\/2023\/05\/QROD-3-700x699.png 700w, https:\/\/effetquebec.ca\/wp-content\/uploads\/2023\/05\/QROD-3-150x150.png 150w, https:\/\/effetquebec.ca\/wp-content\/uploads\/2023\/05\/QROD-3-768x766.png 768w, https:\/\/effetquebec.ca\/wp-content\/uploads\/2023\/05\/QROD-3-120x120.png 120w\" sizes=\"(max-width: 934px) 100vw, 934px\" \/><\/div><div class=\"ugb-feature-grid__content\"><h5 class=\"ugb-feature-grid__title\">QUIET RIVER OF DUST: A DOME SHOW (Vol. 2)<\/h5><p class=\"ugb-feature-grid__description\">\u25b6 Trailer (not yet available)<br><br><em>The Quiet River of Dust: A Dome Show<\/em> is a 360 film in 2 Volumes, accompanied by the namesake solo albums by Richard Reed Parry, the polymath multi-instrumentalist at the heart of Arcade Fire. Set in a sonically and visually immersive dome environment enveloping audiences in larger than life experiences of nature, it features a collection of songs uniting elements of Richard&#8217;s previous work with the folk music aesthetics of his childhood, and elements perhaps overlooked in his career so far &#8211; exploring gentle, quiet and hypnotic corners of the world of sound. <br><br><strong>Conception:<\/strong> Richard Reed Parry &amp; Ryhna Thompson<br><strong>Directors:<\/strong> Richard Reed Parry &amp; JF Lalonde<br><strong>Duration: <\/strong>36 minutes<br><strong>Producers: <\/strong>Ryhna Thompson, <a href=\"https:\/\/www.envisionmanagement.com\" target=\"_blank\" rel=\"noreferrer noopener\">Envision Management and Production<\/a><br><\/p><\/div><\/div><\/div><\/div><\/div>\n\n\n\n<div style=\"height:50px\" aria-hidden=\"true\" class=\"wp-block-spacer\"><\/div>\n","protected":false},"excerpt":{"rendered":"During the Stars for All US Planetarium Conference, l&#8217;Effet Qu\u00e9bec &#8211; The Export expertise cluster, in collaboration with the Qu\u00e9bec Government Office in New York, will present ten (10) 360\u00b0 immersive films produced for the domes and ready for distribution. ","protected":false},"author":118,"featured_media":0,"template":"","meta":{"_acf_changed":false,"_links_to":"","_links_to_target":""},"class_list":["post-14292","evenements","type-evenements","status-publish","hentry"],"featured_image_urls_v2":{"full":"","thumbnail":"","medium":"","medium_large":"","large":"","1536x1536":"","2048x2048":"","small":"","custom-size":"","grille":"","gform-image-choice-sm":"","gform-image-choice-md":"","gform-image-choice-lg":""},"post_excerpt_stackable_v2":"During the Stars for All US Planetarium Conference, l&#8217;Effet Qu\u00e9bec &#8211; The Export expertise cluster, in collaboration with the Qu\u00e9bec Government Office in New York, will present ten (10) 360\u00b0 immersive films produced for the domes and ready for distribution. ","category_list_v2":"","author_info_v2":{"name":"Sara","url":"https:\/\/effetquebec.ca\/en\/author\/saraxnquebec-co\/"},"comments_num_v2":"0 comments","acf":[],"yoast_head":"<!-- This site is optimized with the Yoast SEO plugin v27.4 - https:\/\/yoast.com\/product\/yoast-seo-wordpress\/ -->\n<title>Qu\u00e9bec Immersive Film Showcase at Stars for All US Planetarium Conference 2023 - L\u2019Effet Qu\u00e9bec<\/title>\n<meta name=\"robots\" content=\"index, follow, max-snippet:-1, max-image-preview:large, max-video-preview:-1\" \/>\n<link rel=\"canonical\" href=\"https:\/\/effetquebec.ca\/en\/eventlist\/us-planetarium-conference-2023\/\" \/>\n<meta property=\"og:locale\" content=\"en_US\" \/>\n<meta property=\"og:type\" content=\"article\" \/>\n<meta property=\"og:title\" content=\"Qu\u00e9bec Immersive Film Showcase at Stars for All US Planetarium Conference 2023 - L\u2019Effet Qu\u00e9bec\" \/>\n<meta property=\"og:description\" content=\"During the Stars for All US Planetarium Conference, l&#039;Effet Qu\u00e9bec - The Export expertise cluster, in collaboration with the Qu\u00e9bec Government Office in New York, will present ten (10) 360\u00b0 immersive films produced for the domes and ready for distribution.\" \/>\n<meta property=\"og:url\" content=\"https:\/\/effetquebec.ca\/en\/eventlist\/us-planetarium-conference-2023\/\" \/>\n<meta property=\"og:site_name\" content=\"L\u2019Effet Qu\u00e9bec\" \/>\n<meta property=\"article:publisher\" content=\"https:\/\/www.facebook.com\/XnQuebec\" \/>\n<meta property=\"article:modified_time\" content=\"2023-06-16T14:39:53+00:00\" \/>\n<meta property=\"og:image\" content=\"https:\/\/effetquebec.ca\/wp-content\/uploads\/2023\/05\/eq-eng.jpg\" \/>\n<meta name=\"twitter:card\" content=\"summary_large_image\" \/>\n<meta name=\"twitter:label1\" content=\"Est. reading time\" \/>\n\t<meta name=\"twitter:data1\" content=\"6 minutes\" \/>\n<script type=\"application\/ld+json\" class=\"yoast-schema-graph\">{\"@context\":\"https:\\\/\\\/schema.org\",\"@graph\":[{\"@type\":\"Article\",\"@id\":\"https:\\\/\\\/effetquebec.ca\\\/en\\\/eventlist\\\/us-planetarium-conference-2023\\\/#article\",\"isPartOf\":{\"@id\":\"https:\\\/\\\/effetquebec.ca\\\/en\\\/eventlist\\\/us-planetarium-conference-2023\\\/\"},\"author\":{\"name\":\"Sara\",\"@id\":\"https:\\\/\\\/effetquebec.ca\\\/en\\\/#\\\/schema\\\/person\\\/940ef39453e3e18284e90f021ae27fae\"},\"headline\":\"Qu\u00e9bec Immersive Film Showcase at Stars for All US Planetarium Conference 2023\",\"datePublished\":\"2023-05-18T13:55:47+00:00\",\"dateModified\":\"2023-06-16T14:39:53+00:00\",\"mainEntityOfPage\":{\"@id\":\"https:\\\/\\\/effetquebec.ca\\\/en\\\/eventlist\\\/us-planetarium-conference-2023\\\/\"},\"wordCount\":784,\"publisher\":{\"@id\":\"https:\\\/\\\/effetquebec.ca\\\/en\\\/#organization\"},\"image\":{\"@id\":\"https:\\\/\\\/effetquebec.ca\\\/en\\\/eventlist\\\/us-planetarium-conference-2023\\\/#primaryimage\"},\"thumbnailUrl\":\"https:\\\/\\\/effetquebec.ca\\\/wp-content\\\/uploads\\\/2023\\\/05\\\/eq-eng.jpg\",\"inLanguage\":\"en-CA\"},{\"@type\":\"WebPage\",\"@id\":\"https:\\\/\\\/effetquebec.ca\\\/en\\\/eventlist\\\/us-planetarium-conference-2023\\\/\",\"url\":\"https:\\\/\\\/effetquebec.ca\\\/en\\\/eventlist\\\/us-planetarium-conference-2023\\\/\",\"name\":\"Qu\u00e9bec Immersive Film Showcase at Stars for All US Planetarium Conference 2023 - L\u2019Effet Qu\u00e9bec\",\"isPartOf\":{\"@id\":\"https:\\\/\\\/effetquebec.ca\\\/en\\\/#website\"},\"primaryImageOfPage\":{\"@id\":\"https:\\\/\\\/effetquebec.ca\\\/en\\\/eventlist\\\/us-planetarium-conference-2023\\\/#primaryimage\"},\"image\":{\"@id\":\"https:\\\/\\\/effetquebec.ca\\\/en\\\/eventlist\\\/us-planetarium-conference-2023\\\/#primaryimage\"},\"thumbnailUrl\":\"https:\\\/\\\/effetquebec.ca\\\/wp-content\\\/uploads\\\/2023\\\/05\\\/eq-eng.jpg\",\"datePublished\":\"2023-05-18T13:55:47+00:00\",\"dateModified\":\"2023-06-16T14:39:53+00:00\",\"breadcrumb\":{\"@id\":\"https:\\\/\\\/effetquebec.ca\\\/en\\\/eventlist\\\/us-planetarium-conference-2023\\\/#breadcrumb\"},\"inLanguage\":\"en-CA\",\"potentialAction\":[{\"@type\":\"ReadAction\",\"target\":[\"https:\\\/\\\/effetquebec.ca\\\/en\\\/eventlist\\\/us-planetarium-conference-2023\\\/\"]}]},{\"@type\":\"ImageObject\",\"inLanguage\":\"en-CA\",\"@id\":\"https:\\\/\\\/effetquebec.ca\\\/en\\\/eventlist\\\/us-planetarium-conference-2023\\\/#primaryimage\",\"url\":\"https:\\\/\\\/effetquebec.ca\\\/wp-content\\\/uploads\\\/2023\\\/05\\\/eq-eng.jpg\",\"contentUrl\":\"https:\\\/\\\/effetquebec.ca\\\/wp-content\\\/uploads\\\/2023\\\/05\\\/eq-eng.jpg\"},{\"@type\":\"BreadcrumbList\",\"@id\":\"https:\\\/\\\/effetquebec.ca\\\/en\\\/eventlist\\\/us-planetarium-conference-2023\\\/#breadcrumb\",\"itemListElement\":[{\"@type\":\"ListItem\",\"position\":1,\"name\":\"Accueil\",\"item\":\"https:\\\/\\\/effetquebec.ca\\\/en\\\/\"},{\"@type\":\"ListItem\",\"position\":2,\"name\":\"Events\",\"item\":\"https:\\\/\\\/effetquebec.ca\\\/en\\\/eventlist\\\/\"},{\"@type\":\"ListItem\",\"position\":3,\"name\":\"Qu\u00e9bec Immersive Film Showcase at Stars for All US Planetarium Conference 2023\"}]},{\"@type\":\"WebSite\",\"@id\":\"https:\\\/\\\/effetquebec.ca\\\/en\\\/#website\",\"url\":\"https:\\\/\\\/effetquebec.ca\\\/en\\\/\",\"name\":\"L\u2019Effet Qu\u00e9bec\",\"description\":\"P\u00f4le d\u2019expertise en exportation\",\"publisher\":{\"@id\":\"https:\\\/\\\/effetquebec.ca\\\/en\\\/#organization\"},\"potentialAction\":[{\"@type\":\"SearchAction\",\"target\":{\"@type\":\"EntryPoint\",\"urlTemplate\":\"https:\\\/\\\/effetquebec.ca\\\/en\\\/?s={search_term_string}\"},\"query-input\":{\"@type\":\"PropertyValueSpecification\",\"valueRequired\":true,\"valueName\":\"search_term_string\"}}],\"inLanguage\":\"en-CA\"},{\"@type\":\"Organization\",\"@id\":\"https:\\\/\\\/effetquebec.ca\\\/en\\\/#organization\",\"name\":\"L\u2019Effet Qu\u00e9bec\",\"url\":\"https:\\\/\\\/effetquebec.ca\\\/en\\\/\",\"logo\":{\"@type\":\"ImageObject\",\"inLanguage\":\"en-CA\",\"@id\":\"https:\\\/\\\/effetquebec.ca\\\/en\\\/#\\\/schema\\\/logo\\\/image\\\/\",\"url\":\"https:\\\/\\\/effetquebec.ca\\\/wp-content\\\/uploads\\\/2026\\\/04\\\/EffetQuebec.LogoVertical.RGB_.Noir-fav-1.png\",\"contentUrl\":\"https:\\\/\\\/effetquebec.ca\\\/wp-content\\\/uploads\\\/2026\\\/04\\\/EffetQuebec.LogoVertical.RGB_.Noir-fav-1.png\",\"width\":512,\"height\":512,\"caption\":\"L\u2019Effet Qu\u00e9bec\"},\"image\":{\"@id\":\"https:\\\/\\\/effetquebec.ca\\\/en\\\/#\\\/schema\\\/logo\\\/image\\\/\"},\"sameAs\":[\"https:\\\/\\\/www.facebook.com\\\/XnQuebec\",\"https:\\\/\\\/www.instagram.com\\\/xnquebec\\\/\",\"https:\\\/\\\/www.linkedin.com\\\/company\\\/xnquebec\\\/\"]},{\"@type\":\"Person\",\"@id\":\"https:\\\/\\\/effetquebec.ca\\\/en\\\/#\\\/schema\\\/person\\\/940ef39453e3e18284e90f021ae27fae\",\"name\":\"Sara\",\"image\":{\"@type\":\"ImageObject\",\"inLanguage\":\"en-CA\",\"@id\":\"https:\\\/\\\/secure.gravatar.com\\\/avatar\\\/2ac530a97fc9db59566fed92cc6d8dd1c6429dd06f37b16d3c1eb34cd2ef8ebf?s=96&d=mm&r=g\",\"url\":\"https:\\\/\\\/secure.gravatar.com\\\/avatar\\\/2ac530a97fc9db59566fed92cc6d8dd1c6429dd06f37b16d3c1eb34cd2ef8ebf?s=96&d=mm&r=g\",\"contentUrl\":\"https:\\\/\\\/secure.gravatar.com\\\/avatar\\\/2ac530a97fc9db59566fed92cc6d8dd1c6429dd06f37b16d3c1eb34cd2ef8ebf?s=96&d=mm&r=g\",\"caption\":\"Sara\"}}]}<\/script>\n<!-- \/ Yoast SEO plugin. -->","yoast_head_json":{"title":"Qu\u00e9bec Immersive Film Showcase at Stars for All US Planetarium Conference 2023 - L\u2019Effet Qu\u00e9bec","robots":{"index":"index","follow":"follow","max-snippet":"max-snippet:-1","max-image-preview":"max-image-preview:large","max-video-preview":"max-video-preview:-1"},"canonical":"https:\/\/effetquebec.ca\/en\/eventlist\/us-planetarium-conference-2023\/","og_locale":"en_US","og_type":"article","og_title":"Qu\u00e9bec Immersive Film Showcase at Stars for All US Planetarium Conference 2023 - L\u2019Effet Qu\u00e9bec","og_description":"During the Stars for All US Planetarium Conference, l'Effet Qu\u00e9bec - The Export expertise cluster, in collaboration with the Qu\u00e9bec Government Office in New York, will present ten (10) 360\u00b0 immersive films produced for the domes and ready for distribution.","og_url":"https:\/\/effetquebec.ca\/en\/eventlist\/us-planetarium-conference-2023\/","og_site_name":"L\u2019Effet Qu\u00e9bec","article_publisher":"https:\/\/www.facebook.com\/XnQuebec","article_modified_time":"2023-06-16T14:39:53+00:00","og_image":[{"url":"https:\/\/effetquebec.ca\/wp-content\/uploads\/2023\/05\/eq-eng.jpg","type":"","width":"","height":""}],"twitter_card":"summary_large_image","twitter_misc":{"Est. reading time":"6 minutes"},"schema":{"@context":"https:\/\/schema.org","@graph":[{"@type":"Article","@id":"https:\/\/effetquebec.ca\/en\/eventlist\/us-planetarium-conference-2023\/#article","isPartOf":{"@id":"https:\/\/effetquebec.ca\/en\/eventlist\/us-planetarium-conference-2023\/"},"author":{"name":"Sara","@id":"https:\/\/effetquebec.ca\/en\/#\/schema\/person\/940ef39453e3e18284e90f021ae27fae"},"headline":"Qu\u00e9bec Immersive Film Showcase at Stars for All US Planetarium Conference 2023","datePublished":"2023-05-18T13:55:47+00:00","dateModified":"2023-06-16T14:39:53+00:00","mainEntityOfPage":{"@id":"https:\/\/effetquebec.ca\/en\/eventlist\/us-planetarium-conference-2023\/"},"wordCount":784,"publisher":{"@id":"https:\/\/effetquebec.ca\/en\/#organization"},"image":{"@id":"https:\/\/effetquebec.ca\/en\/eventlist\/us-planetarium-conference-2023\/#primaryimage"},"thumbnailUrl":"https:\/\/effetquebec.ca\/wp-content\/uploads\/2023\/05\/eq-eng.jpg","inLanguage":"en-CA"},{"@type":"WebPage","@id":"https:\/\/effetquebec.ca\/en\/eventlist\/us-planetarium-conference-2023\/","url":"https:\/\/effetquebec.ca\/en\/eventlist\/us-planetarium-conference-2023\/","name":"Qu\u00e9bec Immersive Film Showcase at Stars for All US Planetarium Conference 2023 - L\u2019Effet Qu\u00e9bec","isPartOf":{"@id":"https:\/\/effetquebec.ca\/en\/#website"},"primaryImageOfPage":{"@id":"https:\/\/effetquebec.ca\/en\/eventlist\/us-planetarium-conference-2023\/#primaryimage"},"image":{"@id":"https:\/\/effetquebec.ca\/en\/eventlist\/us-planetarium-conference-2023\/#primaryimage"},"thumbnailUrl":"https:\/\/effetquebec.ca\/wp-content\/uploads\/2023\/05\/eq-eng.jpg","datePublished":"2023-05-18T13:55:47+00:00","dateModified":"2023-06-16T14:39:53+00:00","breadcrumb":{"@id":"https:\/\/effetquebec.ca\/en\/eventlist\/us-planetarium-conference-2023\/#breadcrumb"},"inLanguage":"en-CA","potentialAction":[{"@type":"ReadAction","target":["https:\/\/effetquebec.ca\/en\/eventlist\/us-planetarium-conference-2023\/"]}]},{"@type":"ImageObject","inLanguage":"en-CA","@id":"https:\/\/effetquebec.ca\/en\/eventlist\/us-planetarium-conference-2023\/#primaryimage","url":"https:\/\/effetquebec.ca\/wp-content\/uploads\/2023\/05\/eq-eng.jpg","contentUrl":"https:\/\/effetquebec.ca\/wp-content\/uploads\/2023\/05\/eq-eng.jpg"},{"@type":"BreadcrumbList","@id":"https:\/\/effetquebec.ca\/en\/eventlist\/us-planetarium-conference-2023\/#breadcrumb","itemListElement":[{"@type":"ListItem","position":1,"name":"Accueil","item":"https:\/\/effetquebec.ca\/en\/"},{"@type":"ListItem","position":2,"name":"Events","item":"https:\/\/effetquebec.ca\/en\/eventlist\/"},{"@type":"ListItem","position":3,"name":"Qu\u00e9bec Immersive Film Showcase at Stars for All US Planetarium Conference 2023"}]},{"@type":"WebSite","@id":"https:\/\/effetquebec.ca\/en\/#website","url":"https:\/\/effetquebec.ca\/en\/","name":"L\u2019Effet Qu\u00e9bec","description":"P\u00f4le d\u2019expertise en exportation","publisher":{"@id":"https:\/\/effetquebec.ca\/en\/#organization"},"potentialAction":[{"@type":"SearchAction","target":{"@type":"EntryPoint","urlTemplate":"https:\/\/effetquebec.ca\/en\/?s={search_term_string}"},"query-input":{"@type":"PropertyValueSpecification","valueRequired":true,"valueName":"search_term_string"}}],"inLanguage":"en-CA"},{"@type":"Organization","@id":"https:\/\/effetquebec.ca\/en\/#organization","name":"L\u2019Effet Qu\u00e9bec","url":"https:\/\/effetquebec.ca\/en\/","logo":{"@type":"ImageObject","inLanguage":"en-CA","@id":"https:\/\/effetquebec.ca\/en\/#\/schema\/logo\/image\/","url":"https:\/\/effetquebec.ca\/wp-content\/uploads\/2026\/04\/EffetQuebec.LogoVertical.RGB_.Noir-fav-1.png","contentUrl":"https:\/\/effetquebec.ca\/wp-content\/uploads\/2026\/04\/EffetQuebec.LogoVertical.RGB_.Noir-fav-1.png","width":512,"height":512,"caption":"L\u2019Effet Qu\u00e9bec"},"image":{"@id":"https:\/\/effetquebec.ca\/en\/#\/schema\/logo\/image\/"},"sameAs":["https:\/\/www.facebook.com\/XnQuebec","https:\/\/www.instagram.com\/xnquebec\/","https:\/\/www.linkedin.com\/company\/xnquebec\/"]},{"@type":"Person","@id":"https:\/\/effetquebec.ca\/en\/#\/schema\/person\/940ef39453e3e18284e90f021ae27fae","name":"Sara","image":{"@type":"ImageObject","inLanguage":"en-CA","@id":"https:\/\/secure.gravatar.com\/avatar\/2ac530a97fc9db59566fed92cc6d8dd1c6429dd06f37b16d3c1eb34cd2ef8ebf?s=96&d=mm&r=g","url":"https:\/\/secure.gravatar.com\/avatar\/2ac530a97fc9db59566fed92cc6d8dd1c6429dd06f37b16d3c1eb34cd2ef8ebf?s=96&d=mm&r=g","contentUrl":"https:\/\/secure.gravatar.com\/avatar\/2ac530a97fc9db59566fed92cc6d8dd1c6429dd06f37b16d3c1eb34cd2ef8ebf?s=96&d=mm&r=g","caption":"Sara"}}]}},"_links":{"self":[{"href":"https:\/\/effetquebec.ca\/en\/wp-json\/wp\/v2\/evenements\/14292","targetHints":{"allow":["GET"]}}],"collection":[{"href":"https:\/\/effetquebec.ca\/en\/wp-json\/wp\/v2\/evenements"}],"about":[{"href":"https:\/\/effetquebec.ca\/en\/wp-json\/wp\/v2\/types\/evenements"}],"author":[{"embeddable":true,"href":"https:\/\/effetquebec.ca\/en\/wp-json\/wp\/v2\/users\/118"}],"wp:attachment":[{"href":"https:\/\/effetquebec.ca\/en\/wp-json\/wp\/v2\/media?parent=14292"}],"curies":[{"name":"wp","href":"https:\/\/api.w.org\/{rel}","templated":true}]}}