{"id":14293,"date":"2023-06-16T11:03:34","date_gmt":"2023-06-16T15:03:34","guid":{"rendered":"https:\/\/effetquebec.ca\/?post_type=evenements&#038;p=14293"},"modified":"2023-06-16T16:35:07","modified_gmt":"2023-06-16T20:35:07","slug":"carte-blanche-xn-au-festival-sunny-side-of-the-doc-a-la-rochelle-en-france","status":"publish","type":"evenements","link":"https:\/\/effetquebec.ca\/en\/eventlist\/carte-blanche-xn-au-festival-sunny-side-of-the-doc-a-la-rochelle-en-france\/","title":{"rendered":"Carte blanche Xn au Festival Sunny Side of the Doc, \u00e0 la Rochelle, en France"},"content":{"rendered":"\n<div class=\"alignfull wp-block-ugb-feature ugb-feature ugb-0db8740 ugb-feature--v2 ugb-feature--design-half ugb-feature--invert ugb-main-block ugb-main-block--inner-full ugb--has-block-background\"><style>.ugb-0db8740 .ugb-feature__item{border-radius:0px !important;height:700px !important}.ugb-0db8740 .ugb-feature__content{background-color:#000000 !important}.ugb-0db8740 .ugb-feature__content:before{background-color:#000000 !important}.ugb-0db8740 .ugb-feature__image{background-image:url(https:\/\/effetquebec.ca\/wp-content\/uploads\/2023\/06\/\u00a9FARID-MAKLHOUF-La-Rochelle-Tourisme-et-Evenements-Sunny-Side-The-Doc-HD-206-min-scaled-1.jpg)}.ugb-0db8740 .ugb-feature__title{font-family:\"Archivo Black\",Sans-serif !important;color:#ffffff;margin-bottom:100px !important}.ugb-0db8740 .ugb-feature__description{color:#ffffff}.ugb-0db8740 .ugb-inner-block{text-align:left}.ugb-0db8740{padding:0 !important}@media screen and (min-width:768px){.ugb-0db8740 .ugb-feature__item{grid-template-columns:1.10fr 0.90fr !important}.ugb-0db8740.ugb-feature{margin-bottom:0px !important;padding-right:35px !important;padding-left:35px !important}}@media screen and (max-width:768px){.ugb-0db8740 .ugb-feature__title{margin-bottom:50px !important}}<\/style><div class=\"ugb-inner-block ugb-inner-block--full\"><div class=\"ugb-block-content\"><div class=\"ugb-feature__item ugb--shadow-0\"><div class=\"ugb-feature__content\"><h2 class=\"ugb-feature__title\">Sunny Side of the Doc 2023<\/h2><p class=\"ugb-feature__description\">Du 19 au 22 juin 2023,<br>La Rochelle (FR).<br><br>Fond\u00e9 en 1990, le march\u00e9 <a href=\"https:\/\/www.sunnysideofthedoc.com\/fr\/\" target=\"_blank\" rel=\"noreferrer noopener\">Sunny Side of the Doc<\/a> est devenu l\u2019\u00e9v\u00e9nement professionnel&nbsp; international de r\u00e9f\u00e9rence en mati\u00e8re de financement de coproductions et de circulation de programmes achev\u00e9s, tant pour les documentaires lin\u00e9aires ainsi que pour les r\u00e9cits num\u00e9riques et les exp\u00e9riences immersives.<br><br>Dans l&#8217;optique de poursuivre nos relations avec ce festival qui existe depuis plus de 30 ans, Xn Qu\u00e9bec &#8211; \u00e0 travers l&#8217;Effet Qu\u00e9bec &#8211; a la chance d&#8217;avoir une carte blanche pour une s\u00e9lection d&#8217;\u0153uvres VR qui seront pr\u00e9sent\u00e9es \u00e0 l&#8217;<strong>Innovative Studio<\/strong>, dans l&#8217;Espace Encan. <br><\/p><\/div><div class=\"ugb-feature__image\"><\/div><\/div><\/div><\/div><\/div>\n\n\n\n<div class=\"wp-block-group alignfull\"><div class=\"wp-block-group__inner-container is-layout-constrained wp-block-group-is-layout-constrained\">\n<div class=\"alignfull wp-block-ugb-container ugb-container ugb-fcc9065 ugb-container--v2 ugb-container--design-plain ugb-main-block\"><style>.ugb-fcc9065 > .ugb-inner-block > .ugb-block-content > *{justify-content:flex-start !important}@media screen and (min-width:768px){.ugb-fcc9065 > .ugb-inner-block > .ugb-block-content > *{padding-top:0px !important;padding-bottom:0px !important;padding-right:0px !important;padding-left:0px !important}}<\/style><div class=\"ugb-inner-block\"><div class=\"ugb-block-content\"><div class=\"ugb-container__wrapper ugb-fcc9065-wrapper\"><div class=\"ugb-container__side\"><div class=\"ugb-container__content-wrapper ugb-fcc9065-content-wrapper\">\n<p class=\"has-text-align-left has-cyan-bluish-gray-color has-text-color\" style=\"font-size:11px\">Photo \u00a9FARID-MAKLHOUF<\/p>\n<\/div><\/div><\/div><\/div><\/div><\/div>\n<\/div><\/div>\n\n\n\n<div class=\"wp-block-columns is-layout-flex wp-container-core-columns-is-layout-9d6595d7 wp-block-columns-is-layout-flex\">\n<div class=\"wp-block-column is-layout-flow wp-block-column-is-layout-flow\"><div class=\"wp-block-image\">\n<figure class=\"aligncenter size-full is-resized\"><img decoding=\"async\" src=\"https:\/\/effetquebec.ca\/wp-content\/uploads\/2022\/04\/XnQUEBEC_FR_rgb.jpg\" alt=\"\" class=\"wp-image-6218\" width=\"250\" srcset=\"https:\/\/effetquebec.ca\/wp-content\/uploads\/2022\/04\/XnQUEBEC_FR_rgb.jpg 851w, https:\/\/effetquebec.ca\/wp-content\/uploads\/2022\/04\/XnQUEBEC_FR_rgb-250x95.jpg 250w, https:\/\/effetquebec.ca\/wp-content\/uploads\/2022\/04\/XnQUEBEC_FR_rgb-700x267.jpg 700w, https:\/\/effetquebec.ca\/wp-content\/uploads\/2022\/04\/XnQUEBEC_FR_rgb-768x292.jpg 768w, https:\/\/effetquebec.ca\/wp-content\/uploads\/2022\/04\/XnQUEBEC_FR_rgb-120x46.jpg 120w\" sizes=\"(max-width: 851px) 100vw, 851px\" \/><\/figure>\n<\/div><\/div>\n\n\n\n<div class=\"wp-block-column is-layout-flow wp-block-column-is-layout-flow\"><div class=\"wp-block-image\">\n<figure class=\"aligncenter size-full is-resized\"><img loading=\"lazy\" decoding=\"async\" src=\"https:\/\/effetquebec.ca\/wp-content\/uploads\/2023\/06\/logo-effet-quebec_BLACK-1.png\" alt=\"\" class=\"wp-image-14675\" width=\"112\" height=\"129\" srcset=\"https:\/\/effetquebec.ca\/wp-content\/uploads\/2023\/06\/logo-effet-quebec_BLACK-1.png 449w, https:\/\/effetquebec.ca\/wp-content\/uploads\/2023\/06\/logo-effet-quebec_BLACK-1-250x286.png 250w, https:\/\/effetquebec.ca\/wp-content\/uploads\/2023\/06\/logo-effet-quebec_BLACK-1-120x137.png 120w\" sizes=\"auto, (max-width: 112px) 100vw, 112px\" \/><\/figure>\n<\/div><\/div>\n\n\n\n<div class=\"wp-block-column is-layout-flow wp-block-column-is-layout-flow\"><div class=\"wp-block-image\">\n<figure class=\"aligncenter size-full is-resized\"><img loading=\"lazy\" decoding=\"async\" src=\"https:\/\/effetquebec.ca\/wp-content\/uploads\/2023\/06\/sunnyside.jpg\" alt=\"\" class=\"wp-image-14671\" width=\"166\" height=\"108\" srcset=\"https:\/\/effetquebec.ca\/wp-content\/uploads\/2023\/06\/sunnyside.jpg 662w, https:\/\/effetquebec.ca\/wp-content\/uploads\/2023\/06\/sunnyside-250x163.jpg 250w, https:\/\/effetquebec.ca\/wp-content\/uploads\/2023\/06\/sunnyside-120x78.jpg 120w\" sizes=\"auto, (max-width: 166px) 100vw, 166px\" \/><\/figure>\n<\/div><\/div>\n<\/div>\n\n\n\n<div class=\"alignfull wp-block-ugb-feature-grid ugb-feature-grid ugb-2c1f9fe ugb-feature-grid--v2 ugb-feature-grid--columns-2 ugb-feature-grid--design-zigzag ugb-main-block ugb--has-custom-content-width ugb-main-block--inner-wide ugb--has-block-background\"><style>.ugb-2c1f9fe .ugb-feature-grid__item{border-radius:0px !important;background-color:#000000 !important}.ugb-2c1f9fe .ugb-feature-grid__item:before{background-color:#000000 !important}.ugb-2c1f9fe .ugb-img{width:390px;height:auto !important}.ugb-2c1f9fe .ugb-img,.ugb-2c1f9fe .ugb-feature-grid__image{margin-left:0 !important;margin-right:auto !important}.ugb-2c1f9fe .ugb-feature-grid__title{color:#ffffff;text-align:left}.ugb-2c1f9fe .ugb-feature-grid__description{color:#ffffff;text-align:left}.ugb-2c1f9fe .ugb-inner-block{text-align:left}.ugb-2c1f9fe.ugb-feature-grid{background-color:#000000}.ugb-2c1f9fe.ugb-feature-grid > .ugb-inner-block{min-width:auto !important;max-width:60% !important}.ugb-2c1f9fe.ugb-feature-grid:before{background-color:#000000}.ugb-2c1f9fe .ugb-block-title{font-family:\"Archivo Black\",Sans-serif !important;color:#ffffff}<\/style><div class=\"ugb-inner-block ugb-inner-block--wide\"><h3 class=\"ugb-block-title\">FILMS VR SELECTIONN\u00c9S<br><br><\/h3><div class=\"ugb-block-content\"><div class=\"ugb-feature-grid__item ugb-feature-grid__item1 ugb--shadow-0\"><div class=\"ugb-feature-grid__image\"><img decoding=\"async\" class=\"ugb-img wp-image-14639\" src=\"https:\/\/effetquebec.ca\/wp-content\/uploads\/2023\/06\/entanglement_story1.jpg\" alt=\"Feature Grid 1\" width=\"390\" srcset=\"https:\/\/effetquebec.ca\/wp-content\/uploads\/2023\/06\/entanglement_story1.jpg 696w, https:\/\/effetquebec.ca\/wp-content\/uploads\/2023\/06\/entanglement_story1-250x445.jpg 250w, https:\/\/effetquebec.ca\/wp-content\/uploads\/2023\/06\/entanglement_story1-120x213.jpg 120w\" sizes=\"(max-width: 696px) 100vw, 696px\" \/><\/div><div class=\"ugb-feature-grid__content\"><h5 class=\"ugb-feature-grid__title\">ENTANGLEMENT XR<\/h5><p class=\"ugb-feature-grid__description\">Une \u0153uvre lumineuse qui transpose les th\u00e9ories de la physique quantique en exp\u00e9rience sensorielle plongeante. Elle interpr\u00e8te le concept de l&#8217;enchev\u00eatrement, un ph\u00e9nom\u00e8ne scientifique qui d\u00e9fie toute explication. L&#8217;\u0153uvre vacille entre quatre th\u00e9ories : la fluidit\u00e9 du temps, le multivers, l&#8217;interpr\u00e9tation de Copenhague et la d\u00e9coh\u00e9rence. Ces notions complexes sont canalis\u00e9es dans une radieuse exp\u00e9rience visuelle et sonore &#8211; entre science et sensibilit\u00e9.<br><br>France Jobin est une artiste audio, compositrice et commissaire. Markus Heckmann est un artiste visuel et directeur technique de Derivative (TouchDesigner).<br><br><strong>Cr\u00e9ateur.rice.s <\/strong>: France Jobin &amp; Markus Heckmann<br><strong>Producteur :<\/strong> <a href=\"https:\/\/montreal.mutek.org\/fr\/\" target=\"_blank\" rel=\"noreferrer noopener\">MUTEK<\/a><br><strong>Dur\u00e9e : <\/strong>16 minutes<br><strong>Distributeur :<\/strong> <a href=\"https:\/\/astreaimmersive.io\" target=\"_blank\" rel=\"noreferrer noopener\">Astrea Immersive<\/a><br><a href=\"https:\/\/montreal.mutek.org\/fr\/collection-immersive\" target=\"_blank\" rel=\"noreferrer noopener\">Pour la Collection immersive MUTEK.<\/a> <\/p><\/div><\/div><div class=\"ugb-feature-grid__item ugb-feature-grid__item2 ugb--shadow-0\"><div class=\"ugb-feature-grid__image\"><img decoding=\"async\" class=\"ugb-img wp-image-14643\" src=\"https:\/\/effetquebec.ca\/wp-content\/uploads\/2023\/06\/Invisible-poster_FR_portrait.jpg\" alt=\"Feature Grid 2\" width=\"390\" srcset=\"https:\/\/effetquebec.ca\/wp-content\/uploads\/2023\/06\/Invisible-poster_FR_portrait.jpg 1198w, https:\/\/effetquebec.ca\/wp-content\/uploads\/2023\/06\/Invisible-poster_FR_portrait-250x333.jpg 250w, https:\/\/effetquebec.ca\/wp-content\/uploads\/2023\/06\/Invisible-poster_FR_portrait-700x934.jpg 700w, https:\/\/effetquebec.ca\/wp-content\/uploads\/2023\/06\/Invisible-poster_FR_portrait-768x1024.jpg 768w, https:\/\/effetquebec.ca\/wp-content\/uploads\/2023\/06\/Invisible-poster_FR_portrait-1152x1536.jpg 1152w, https:\/\/effetquebec.ca\/wp-content\/uploads\/2023\/06\/Invisible-poster_FR_portrait-120x160.jpg 120w\" sizes=\"(max-width: 1198px) 100vw, 1198px\" \/><\/div><div class=\"ugb-feature-grid__content\"><h5 class=\"ugb-feature-grid__title\">INVISIBLE<\/h5><p class=\"ugb-feature-grid__description\">Dans un monde \u00e9nigmatique o\u00f9 tout s&#8217;\u00e9croule, un vieil homme se retrouve face \u00e0 lui-m\u00eame et se s\u00e9pare de sa r\u00e9alit\u00e9. Au fur et \u00e0 mesure que le temps passe, son environnement semble s&#8217;estomper et se d\u00e9sint\u00e9grer en grains de poussi\u00e8re. Seul, guid\u00e9 de mani\u00e8re ludique par sa conscience, il erre dans les profondeurs de son moi int\u00e9rieur.<br>Dans son dernier film VR, l&#8217;artiste acclam\u00e9 Michel Lemieux fait preuve de la sensibilit\u00e9 et de l&#8217;humanit\u00e9 qui le caract\u00e9risent. Au bout du compte, que reste-t-il ? De la poussi\u00e8re, une lueur et le rire d&#8217;un homme invisible.<br><br><strong>R\u00e9alisateur :<\/strong> Michel Lemieux<br><strong>Compagnie :<\/strong> <a href=\"https:\/\/4dart.com\/fr\/\" target=\"_blank\" rel=\"noreferrer noopener\">4DArt<\/a><br><strong>Direction artistique :<\/strong> Victor Pilon<br><strong>Dur\u00e9e :<\/strong> 8 minutes, 30 secondes<br><strong>Distributeur :<\/strong> <a href=\"https:\/\/hubblo.ca\" target=\"_blank\" rel=\"noreferrer noopener\">Hubblo<\/a><\/p><\/div><\/div><\/div><\/div><\/div>\n\n\n\n<div style=\"height:50px\" aria-hidden=\"true\" class=\"wp-block-spacer\"><\/div>\n\n\n\n<div class=\"alignfull wp-block-ugb-feature-grid ugb-feature-grid ugb-28d58ba ugb-feature-grid--v2 ugb-feature-grid--columns-2 ugb-feature-grid--design-zigzag ugb-main-block ugb--has-custom-content-width ugb-main-block--inner-wide ugb--has-block-background\"><style>.ugb-28d58ba .ugb-feature-grid__item{border-radius:0px !important;background-color:#000000 !important}.ugb-28d58ba .ugb-feature-grid__item:before{background-color:#000000 !important}.ugb-28d58ba .ugb-img{width:390px;height:auto !important}.ugb-28d58ba .ugb-img,.ugb-28d58ba .ugb-feature-grid__image{margin-left:0 !important;margin-right:auto !important}.ugb-28d58ba .ugb-feature-grid__title{color:#ffffff;text-align:left}.ugb-28d58ba .ugb-feature-grid__description{color:#ffffff;text-align:left}.ugb-28d58ba .ugb-inner-block{text-align:left}.ugb-28d58ba.ugb-feature-grid{background-color:#000000}.ugb-28d58ba.ugb-feature-grid > .ugb-inner-block{min-width:auto !important;max-width:60% !important}.ugb-28d58ba.ugb-feature-grid:before{background-color:#000000}<\/style><div class=\"ugb-inner-block ugb-inner-block--wide\"><div class=\"ugb-block-content\"><div class=\"ugb-feature-grid__item ugb-feature-grid__item1 ugb--shadow-0\"><div class=\"ugb-feature-grid__image\"><img decoding=\"async\" class=\"ugb-img wp-image-14647\" src=\"https:\/\/effetquebec.ca\/wp-content\/uploads\/2023\/06\/POSTER-FINAL_-V2-logo_LOU_FR_ENG.png\" alt=\"Feature Grid 1\" width=\"390\" srcset=\"https:\/\/effetquebec.ca\/wp-content\/uploads\/2023\/06\/POSTER-FINAL_-V2-logo_LOU_FR_ENG.png 3300w, https:\/\/effetquebec.ca\/wp-content\/uploads\/2023\/06\/POSTER-FINAL_-V2-logo_LOU_FR_ENG-250x364.png 250w, https:\/\/effetquebec.ca\/wp-content\/uploads\/2023\/06\/POSTER-FINAL_-V2-logo_LOU_FR_ENG-700x1018.png 700w, https:\/\/effetquebec.ca\/wp-content\/uploads\/2023\/06\/POSTER-FINAL_-V2-logo_LOU_FR_ENG-768x1117.png 768w, https:\/\/effetquebec.ca\/wp-content\/uploads\/2023\/06\/POSTER-FINAL_-V2-logo_LOU_FR_ENG-1056x1536.png 1056w, https:\/\/effetquebec.ca\/wp-content\/uploads\/2023\/06\/POSTER-FINAL_-V2-logo_LOU_FR_ENG-1408x2048.png 1408w, https:\/\/effetquebec.ca\/wp-content\/uploads\/2023\/06\/POSTER-FINAL_-V2-logo_LOU_FR_ENG-120x175.png 120w\" sizes=\"(max-width: 3300px) 100vw, 3300px\" \/><\/div><div class=\"ugb-feature-grid__content\"><h5 class=\"ugb-feature-grid__title\">LOU, LES PIEDS EN HAUT<\/h5><p class=\"ugb-feature-grid__description\">Lou est un personnage fictif cr\u00e9\u00e9 \u00e0 partir de t\u00e9moignages de personnes autistes et inspir\u00e9 des enfants autistes des deux r\u00e9alisatrices, Martine Asselin et Annick Daigneault. Vous serez t\u00e9moin de quelques jours dans la vie de cette personne charmante et vuln\u00e9rable, de son 5e anniversaire \u00e0 son premier jour d\u2019\u00e9cole secondaire. Lou fait tout ce qu\u2019il peut pour s\u2019adapter au monde neurotypique.<br>Au cours de cette exp\u00e9rience de r\u00e9alit\u00e9 virtuelle m\u00e9taphorique et ludique, vous exp\u00e9rimenterez le monde avec la sensibilit\u00e9 de Lou. \u00c0 travers sa sensibilit\u00e9 et ses int\u00e9r\u00eats sp\u00e9cifiques, vous \u00e9prouverez tour \u00e0 tour fascination, surcharge sensorielle et effondrement autistique.<br><br><strong>Sc\u00e9nario et r\u00e9alisation : <\/strong>Martine Asselin et Annick Daigneault<br><strong>Collaborateur \u00e0 la sc\u00e9narisation\u00a0:<\/strong> Louis-Fran\u00e7ois Archambault-<br>Therrien<br><strong>Producteur.rice.s\u00a0:<\/strong> Martine Asselin, S\u00e9bastien Gros &amp; John Hamilton <a href=\"https:\/\/www.go-unlimited.co\/?lang=fr\" target=\"_blank\" rel=\"noreferrer noopener\">(UNLTD)<\/a><br><strong>Design et Fabrication :<\/strong> <a href=\"https:\/\/dpt.co\/fr\/\" target=\"_blank\" rel=\"noreferrer noopener\">Dpt.<\/a> <br><strong>Dur\u00e9e : <\/strong>15 minutes (chaque chapitre)<br><strong>Distributeur :<\/strong> <a href=\"https:\/\/effetquebec.ca\/entreprises\/hubblo-immersion\/\" target=\"_blank\" rel=\"noreferrer noopener\">Hubblo<\/a><\/p><\/div><\/div><div class=\"ugb-feature-grid__item ugb-feature-grid__item2 ugb--shadow-0\"><div class=\"ugb-feature-grid__image\"><img decoding=\"async\" class=\"ugb-img wp-image-14660\" src=\"https:\/\/effetquebec.ca\/wp-content\/uploads\/2023\/06\/Plastisapiens.jpg\" alt=\"PLASTISAPIENS\" width=\"390\" srcset=\"https:\/\/effetquebec.ca\/wp-content\/uploads\/2023\/06\/Plastisapiens.jpg 1000w, https:\/\/effetquebec.ca\/wp-content\/uploads\/2023\/06\/Plastisapiens-250x370.jpg 250w, https:\/\/effetquebec.ca\/wp-content\/uploads\/2023\/06\/Plastisapiens-700x1036.jpg 700w, https:\/\/effetquebec.ca\/wp-content\/uploads\/2023\/06\/Plastisapiens-768x1137.jpg 768w, https:\/\/effetquebec.ca\/wp-content\/uploads\/2023\/06\/Plastisapiens-120x178.jpg 120w\" sizes=\"(max-width: 1000px) 100vw, 1000px\" \/><\/div><div class=\"ugb-feature-grid__content\"><h5 class=\"ugb-feature-grid__title\">PLASTISAPIENS<\/h5><p class=\"ugb-feature-grid__description\">Prenez une grande respiration. Expirez. Inspirez. Expirez. D\u00e9tendez-vous et contemplez un monde o\u00f9 le plastique fait corps avec l\u2019environnement.&nbsp;<strong><em>Plastisapiens&nbsp;<\/em><\/strong>est une exp\u00e9rience m\u00e9ditative de r\u00e9alit\u00e9 virtuelle, un univers o\u00f9 plonger avec curiosit\u00e9 et o\u00f9 jouer avec l\u2019inattendu. Prenant appui sur la science, le r\u00e9cit bifurque vers une fable \u00e9cofuturiste d\u2019une beaut\u00e9 \u00e9trange et ironique, un voyage \u00e0 travers le temps et l\u2019\u00e9volution, vers un avenir imagin\u00e9 de toutes pi\u00e8ces.<br><br><strong>\u00c9crit et r\u00e9alis\u00e9 par <\/strong>: Miri&nbsp;Chekhanovich&nbsp;et \u00c9dith Jorisch<br><strong>Direction artistique, conception, sc\u00e9nario, design et programmation : <\/strong><a href=\"https:\/\/dpt.co\/fr\/\" target=\"_blank\" rel=\"noreferrer noopener\">Dpt.<\/a><br><strong>Producteurs : <\/strong>Dpt., <a href=\"https:\/\/www.onf.ca\" target=\"_blank\" rel=\"noreferrer noopener\">Office national du film du Canada<\/a>&nbsp;et Lalibela Productions<br><strong>Dur\u00e9e :<\/strong> 15 minutes<br><strong>Distributeur :<\/strong> Office national du film du Canada<\/p><\/div><\/div><\/div><\/div><\/div>\n\n\n\n<div style=\"height:50px\" aria-hidden=\"true\" class=\"wp-block-spacer\"><\/div>\n\n\n\n<div class=\"alignfull wp-block-ugb-feature-grid ugb-feature-grid ugb-5a6a21c ugb-feature-grid--v2 ugb-feature-grid--columns-2 ugb-feature-grid--design-zigzag ugb-main-block ugb--has-custom-content-width ugb-main-block--inner-wide ugb--has-block-background\"><style>.ugb-5a6a21c .ugb-feature-grid__item{border-radius:0px !important;background-color:#000000 !important}.ugb-5a6a21c .ugb-feature-grid__item:before{background-color:#000000 !important}.ugb-5a6a21c .ugb-img{width:390px;height:auto !important}.ugb-5a6a21c .ugb-img,.ugb-5a6a21c .ugb-feature-grid__image{margin-left:0 !important;margin-right:auto !important}.ugb-5a6a21c .ugb-feature-grid__title{color:#ffffff;text-align:left}.ugb-5a6a21c .ugb-feature-grid__description{color:#ffffff;text-align:left}.ugb-5a6a21c .ugb-inner-block{text-align:left}.ugb-5a6a21c.ugb-feature-grid{background-color:#000000}.ugb-5a6a21c.ugb-feature-grid > .ugb-inner-block{min-width:auto !important;max-width:60% !important}.ugb-5a6a21c.ugb-feature-grid:before{background-color:#000000}<\/style><div class=\"ugb-inner-block ugb-inner-block--wide\"><div class=\"ugb-block-content\"><div class=\"ugb-feature-grid__item ugb-feature-grid__item1 ugb--shadow-0\"><div class=\"ugb-feature-grid__image\"><img decoding=\"async\" class=\"ugb-img wp-image-14665\" src=\"https:\/\/effetquebec.ca\/wp-content\/uploads\/2023\/06\/THIS-IS-NOT-A-CEREMONY.jpg\" alt=\"THIS IS NOT A CEREMONY \/ CECI N'EST PAS UNE C\u00c9R\u00c9MONIE\" width=\"390\" srcset=\"https:\/\/effetquebec.ca\/wp-content\/uploads\/2023\/06\/THIS-IS-NOT-A-CEREMONY.jpg 1000w, https:\/\/effetquebec.ca\/wp-content\/uploads\/2023\/06\/THIS-IS-NOT-A-CEREMONY-250x375.jpg 250w, https:\/\/effetquebec.ca\/wp-content\/uploads\/2023\/06\/THIS-IS-NOT-A-CEREMONY-700x1050.jpg 700w, https:\/\/effetquebec.ca\/wp-content\/uploads\/2023\/06\/THIS-IS-NOT-A-CEREMONY-768x1152.jpg 768w, https:\/\/effetquebec.ca\/wp-content\/uploads\/2023\/06\/THIS-IS-NOT-A-CEREMONY-120x180.jpg 120w\" sizes=\"(max-width: 1000px) 100vw, 1000px\" \/><\/div><div class=\"ugb-feature-grid__content\"><h5 class=\"ugb-feature-grid__title\">THIS IS <em>NOT<\/em> A CEREMONY \/ CECI N&#8217;EST <em>PAS<\/em> UNE C\u00c9R\u00c9MONIE<\/h5><p class=\"ugb-feature-grid__description\">Le sc\u00e9nariste et r\u00e9alisateur niitsitapi Ahnahktsipiitaa (Colin Van Loon) nous emm\u00e8ne par-del\u00e0 l\u2019\u00e9cran des m\u00e9dias traditionnels pour nous transporter tout droit dans un autre royaume. L\u00e0, le pass\u00e9, le pr\u00e9sent et le futur ne font qu\u2019un, les r\u00e8gles coloniales et les pr\u00e9somptions sont oubli\u00e9es, et on peut enfin aller au fond des choses.<br>Cette passionnante exp\u00e9rience cin\u00e9matographique en r\u00e9alit\u00e9 virtuelle nous plonge au c\u0153ur d\u2019un r\u00e9cit qui se d\u00e9ploie tout autour de nous, dans une dimension onirique de l\u2019existence o\u00f9 le temps et les esprits flottent et se confondent, o\u00f9 les histoires s\u2019animent et dansent devant nos yeux.&nbsp;<br><br><strong>\u00c9crit et r\u00e9alis\u00e9 par&nbsp;:<\/strong> Colin Van Loon \/ Ahnahktsipiitaa<br><strong>Production :<\/strong><em> <\/em><a href=\"https:\/\/www.onf.ca\" target=\"_blank\" rel=\"noreferrer noopener\">Office national du film du Canada<\/a><br><strong>Dur\u00e9e : <\/strong>20 minutes, 56 secondes<br><strong>Distributeur :<\/strong> Office national du film du Canada<\/p><\/div><\/div><div class=\"ugb-feature-grid__item ugb-feature-grid__item2 ugb--shadow-0\"><div class=\"ugb-feature-grid__image\"><img decoding=\"async\" class=\"ugb-img wp-image-14651\" src=\"https:\/\/effetquebec.ca\/wp-content\/uploads\/2023\/06\/SpEx_Spacewalkers_KeyArt_vertical_v009.png\" alt=\"Feature Grid 2\" width=\"390\" srcset=\"https:\/\/effetquebec.ca\/wp-content\/uploads\/2023\/06\/SpEx_Spacewalkers_KeyArt_vertical_v009.png 4642w, https:\/\/effetquebec.ca\/wp-content\/uploads\/2023\/06\/SpEx_Spacewalkers_KeyArt_vertical_v009-250x347.png 250w, https:\/\/effetquebec.ca\/wp-content\/uploads\/2023\/06\/SpEx_Spacewalkers_KeyArt_vertical_v009-700x973.png 700w, https:\/\/effetquebec.ca\/wp-content\/uploads\/2023\/06\/SpEx_Spacewalkers_KeyArt_vertical_v009-768x1067.png 768w, https:\/\/effetquebec.ca\/wp-content\/uploads\/2023\/06\/SpEx_Spacewalkers_KeyArt_vertical_v009-1105x1536.png 1105w, https:\/\/effetquebec.ca\/wp-content\/uploads\/2023\/06\/SpEx_Spacewalkers_KeyArt_vertical_v009-1474x2048.png 1474w, https:\/\/effetquebec.ca\/wp-content\/uploads\/2023\/06\/SpEx_Spacewalkers_KeyArt_vertical_v009-120x167.png 120w\" sizes=\"(max-width: 4642px) 100vw, 4642px\" \/><\/div><div class=\"ugb-feature-grid__content\"><h5 class=\"ugb-feature-grid__title\">SPACE EXPLORERS &#8211; SPACEWALKERS EXTENDED<\/h5><p class=\"ugb-feature-grid__description\">Dans cette version longue de Spacewalkers, assistez \u00e0 la toute premi\u00e8re sortie spatiale jamais captur\u00e9e en r\u00e9alit\u00e9 virtuelle cin\u00e9matographique.<br>Joignez-vous aux astronautes lors de leur sortie hors de la Station spatiale internationale et vivez la sensation incomparable de flotter en apesanteur dans l\u2019immensit\u00e9 de l\u2019espace. D\u00e9couvrez comment les astronautes se pr\u00e9parent pour cette exp\u00e9rience transformatrice et soyez t\u00e9moin de toutes les communications entre les \u00e9quipages sur Terre et en orbite.<br>Cet \u00e9pisode s\u2019inscrit dans l\u2019ambitieuse s\u00e9rie Space Explorers, laur\u00e9ate d\u2019un prix Emmy.<br><br><strong>R\u00e9alisateurs :<\/strong> F\u00e9lix Lajeunesse et Paul Rapha\u00ebl&nbsp;<br><strong>Soci\u00e9t\u00e9 de production :<\/strong> <a href=\"https:\/\/www.felixandpaul.com\/index-fr.html\" target=\"_blank\" rel=\"noreferrer noopener\">Felix &amp; Paul Studios<\/a><br><strong>En association avec<\/strong> : <a href=\"https:\/\/time.com\/studios\/\" target=\"_blank\" rel=\"noreferrer noopener\">Time Studios<\/a><br><strong>Dur\u00e9e : <\/strong>19 minutes<br><strong>Distributeur : <\/strong>Meta<\/p><\/div><\/div><\/div><\/div><\/div>\n\n\n\n<div style=\"height:50px\" aria-hidden=\"true\" class=\"wp-block-spacer\"><\/div>\n\n\n\n<div class=\"alignfull wp-block-ugb-feature-grid ugb-feature-grid ugb-99a4cca ugb-feature-grid--v2 ugb-feature-grid--columns-1 ugb-feature-grid--design-zigzag ugb-main-block ugb--has-custom-content-width ugb-main-block--inner-wide ugb--has-block-background\"><style>.ugb-99a4cca .ugb-feature-grid__item{border-radius:0px !important;background-color:#000000 !important}.ugb-99a4cca .ugb-feature-grid__item:before{background-color:#000000 !important}.ugb-99a4cca .ugb-img{width:390px;height:auto !important}.ugb-99a4cca .ugb-img,.ugb-99a4cca .ugb-feature-grid__image{margin-left:0 !important;margin-right:auto !important}.ugb-99a4cca .ugb-feature-grid__title{color:#ffffff;text-align:left}.ugb-99a4cca .ugb-feature-grid__description{color:#ffffff;text-align:left}.ugb-99a4cca .ugb-inner-block{text-align:left}.ugb-99a4cca.ugb-feature-grid{background-color:#000000}.ugb-99a4cca.ugb-feature-grid > .ugb-inner-block{min-width:auto !important;max-width:60% !important}.ugb-99a4cca.ugb-feature-grid:before{background-color:#000000}@media screen and (min-width:768px){.ugb-99a4cca > .ugb-inner-block > .ugb-block-content > *{padding-top:10% !important;padding-bottom:10% !important;padding-right:30% !important;padding-left:30% !important}}<\/style><div class=\"ugb-inner-block ugb-inner-block--wide\"><div class=\"ugb-block-content\"><div class=\"ugb-feature-grid__item ugb-feature-grid__item1 ugb--shadow-0\"><div class=\"ugb-feature-grid__image\"><img decoding=\"async\" class=\"ugb-img wp-image-14655\" src=\"https:\/\/effetquebec.ca\/wp-content\/uploads\/2023\/06\/unnamed-1.png\" alt=\"Feature Grid 1\" width=\"390\" srcset=\"https:\/\/effetquebec.ca\/wp-content\/uploads\/2023\/06\/unnamed-1.png 1000w, https:\/\/effetquebec.ca\/wp-content\/uploads\/2023\/06\/unnamed-1-250x354.png 250w, https:\/\/effetquebec.ca\/wp-content\/uploads\/2023\/06\/unnamed-1-700x990.png 700w, https:\/\/effetquebec.ca\/wp-content\/uploads\/2023\/06\/unnamed-1-768x1086.png 768w, https:\/\/effetquebec.ca\/wp-content\/uploads\/2023\/06\/unnamed-1-120x170.png 120w\" sizes=\"(max-width: 1000px) 100vw, 1000px\" \/><\/div><div class=\"ugb-feature-grid__content\"><h5 class=\"ugb-feature-grid__title\">OTO&#8217;S PLANET (prototype)<\/h5><p class=\"ugb-feature-grid__description\">Oto\u2019s Planet est une exp\u00e9rience interactive en r\u00e9alit\u00e9 virtuelle st\u00e9r\u00e9oscopique (6Dof) qui nous place en position de spectateur omniscient et nous raconte l\u2019histoire d\u2019Oto, dont la vie paisible sur une minuscule plan\u00e8te est troubl\u00e9e par l\u2019arriv\u00e9e d\u2019Exo, un petit cosmonaute envahissant. Tout au long de l\u2019exp\u00e9rience, l\u2019utilisateur pourra choisir son point de vue et influencer l\u00e9g\u00e8rement l\u2019histoire pour faire progresser le r\u00e9cit.<br><br>Ce qu\u2019Oto aime par-dessus tout, c\u2019est se pr\u00e9lasser sur son hamac en mangeant les fruits de l\u2019unique arbre de son petit monde, accompagn\u00e9 dans ses jeux par son animal de compagnie, Skippy. Leur calme paisible est troubl\u00e9 par l\u2019atterrissage forc\u00e9 d\u2019un petit vaisseau spatial dont sort Exo, un petit cosmonaute hyperactif et encombrant. La communication et la cohabitation entre les deux nouveaux colocataires s\u2019av\u00e8rent difficiles&#8230;<br><br><strong>Sc\u00e9nariste :<\/strong> Gwenael Fran\u00e7ois<br><strong>R\u00e9alisation :<\/strong> Gwenael Fran\u00e7ois<br><strong>Production : <\/strong><a href=\"https:\/\/skilllab.net\" target=\"_blank\" rel=\"noreferrer noopener\">Skill Lab<\/a> &#8211; Julien Becker, <a href=\"https:\/\/dpt.co\/fr\/\" target=\"_blank\" rel=\"noreferrer noopener\">Dpt.<\/a> &#8211; Nicolas S. Roy (coproduction Qu\u00e9bec &#8211; Luxembourg). <\/p><\/div><\/div><\/div><\/div><\/div>\n\n\n\n<div style=\"height:50px\" aria-hidden=\"true\" class=\"wp-block-spacer\"><\/div>\n","protected":false},"excerpt":{"rendered":"Fond\u00e9 en 1990, le march\u00e9 Sunny Side of the Doc est devenu l\u2019\u00e9v\u00e9nement professionnel\u00a0 international de r\u00e9f\u00e9rence en mati\u00e8re de financement de coproductions et de circulation de programmes achev\u00e9s, tant pour les documentaires lin\u00e9aires ainsi que pour les r\u00e9cits num\u00e9riques et les exp\u00e9riences immersives.","protected":false},"author":118,"featured_media":0,"template":"","meta":{"_acf_changed":false,"_links_to":"","_links_to_target":""},"class_list":["post-14293","evenements","type-evenements","status-publish","hentry"],"featured_image_urls_v2":{"full":"","thumbnail":"","medium":"","medium_large":"","large":"","1536x1536":"","2048x2048":"","small":"","custom-size":"","grille":"","gform-image-choice-sm":"","gform-image-choice-md":"","gform-image-choice-lg":""},"post_excerpt_stackable_v2":"Fond\u00e9 en 1990, le march\u00e9 Sunny Side of the Doc est devenu l\u2019\u00e9v\u00e9nement professionnel\u00a0 international de r\u00e9f\u00e9rence en mati\u00e8re de financement de coproductions et de circulation de programmes achev\u00e9s, tant pour les documentaires lin\u00e9aires ainsi que pour les r\u00e9cits num\u00e9riques et les exp\u00e9riences immersives.","category_list_v2":"","author_info_v2":{"name":"Sara","url":"https:\/\/effetquebec.ca\/en\/author\/saraxnquebec-co\/"},"comments_num_v2":"0 comments","acf":[],"yoast_head":"<!-- This site is optimized with the Yoast SEO plugin v27.5 - https:\/\/yoast.com\/product\/yoast-seo-wordpress\/ -->\n<title>Carte blanche Xn au Festival Sunny Side of the Doc, \u00e0 la Rochelle, en France - L\u2019Effet Qu\u00e9bec<\/title>\n<meta name=\"robots\" content=\"index, follow, max-snippet:-1, max-image-preview:large, max-video-preview:-1\" \/>\n<link rel=\"canonical\" href=\"https:\/\/effetquebec.ca\/en\/eventlist\/carte-blanche-xn-au-festival-sunny-side-of-the-doc-a-la-rochelle-en-france\/\" \/>\n<meta property=\"og:locale\" content=\"en_US\" \/>\n<meta property=\"og:type\" content=\"article\" \/>\n<meta property=\"og:title\" content=\"Carte blanche Xn au Festival Sunny Side of the Doc, \u00e0 la Rochelle, en France - L\u2019Effet Qu\u00e9bec\" \/>\n<meta property=\"og:description\" content=\"Fond\u00e9 en 1990, le march\u00e9 Sunny Side of the Doc est devenu l\u2019\u00e9v\u00e9nement professionnel\u00a0 international de r\u00e9f\u00e9rence en mati\u00e8re de financement de coproductions et de circulation de programmes achev\u00e9s, tant pour les documentaires lin\u00e9aires ainsi que pour les r\u00e9cits num\u00e9riques et les exp\u00e9riences immersives.\" \/>\n<meta property=\"og:url\" content=\"https:\/\/effetquebec.ca\/en\/eventlist\/carte-blanche-xn-au-festival-sunny-side-of-the-doc-a-la-rochelle-en-france\/\" \/>\n<meta property=\"og:site_name\" content=\"L\u2019Effet Qu\u00e9bec\" \/>\n<meta property=\"article:publisher\" content=\"https:\/\/www.facebook.com\/XnQuebec\" \/>\n<meta property=\"article:modified_time\" content=\"2023-06-16T20:35:07+00:00\" \/>\n<meta property=\"og:image\" content=\"https:\/\/effetquebec.ca\/wp-content\/uploads\/2022\/04\/XnQUEBEC_FR_rgb.jpg\" \/>\n<meta name=\"twitter:card\" content=\"summary_large_image\" \/>\n<meta name=\"twitter:label1\" content=\"Est. reading time\" \/>\n\t<meta name=\"twitter:data1\" content=\"7 minutes\" \/>\n<script type=\"application\/ld+json\" class=\"yoast-schema-graph\">{\"@context\":\"https:\\\/\\\/schema.org\",\"@graph\":[{\"@type\":\"Article\",\"@id\":\"https:\\\/\\\/effetquebec.ca\\\/en\\\/eventlist\\\/carte-blanche-xn-au-festival-sunny-side-of-the-doc-a-la-rochelle-en-france\\\/#article\",\"isPartOf\":{\"@id\":\"https:\\\/\\\/effetquebec.ca\\\/en\\\/eventlist\\\/carte-blanche-xn-au-festival-sunny-side-of-the-doc-a-la-rochelle-en-france\\\/\"},\"author\":{\"name\":\"Sara\",\"@id\":\"https:\\\/\\\/effetquebec.ca\\\/en\\\/#\\\/schema\\\/person\\\/940ef39453e3e18284e90f021ae27fae\"},\"headline\":\"Carte blanche Xn au Festival Sunny Side of the Doc, \u00e0 la Rochelle, en France\",\"datePublished\":\"2023-06-16T15:03:34+00:00\",\"dateModified\":\"2023-06-16T20:35:07+00:00\",\"mainEntityOfPage\":{\"@id\":\"https:\\\/\\\/effetquebec.ca\\\/en\\\/eventlist\\\/carte-blanche-xn-au-festival-sunny-side-of-the-doc-a-la-rochelle-en-france\\\/\"},\"wordCount\":1139,\"publisher\":{\"@id\":\"https:\\\/\\\/effetquebec.ca\\\/en\\\/#organization\"},\"image\":{\"@id\":\"https:\\\/\\\/effetquebec.ca\\\/en\\\/eventlist\\\/carte-blanche-xn-au-festival-sunny-side-of-the-doc-a-la-rochelle-en-france\\\/#primaryimage\"},\"thumbnailUrl\":\"https:\\\/\\\/effetquebec.ca\\\/wp-content\\\/uploads\\\/2022\\\/04\\\/XnQUEBEC_FR_rgb.jpg\",\"inLanguage\":\"en-CA\"},{\"@type\":\"WebPage\",\"@id\":\"https:\\\/\\\/effetquebec.ca\\\/en\\\/eventlist\\\/carte-blanche-xn-au-festival-sunny-side-of-the-doc-a-la-rochelle-en-france\\\/\",\"url\":\"https:\\\/\\\/effetquebec.ca\\\/en\\\/eventlist\\\/carte-blanche-xn-au-festival-sunny-side-of-the-doc-a-la-rochelle-en-france\\\/\",\"name\":\"Carte blanche Xn au Festival Sunny Side of the Doc, \u00e0 la Rochelle, en France - L\u2019Effet Qu\u00e9bec\",\"isPartOf\":{\"@id\":\"https:\\\/\\\/effetquebec.ca\\\/en\\\/#website\"},\"primaryImageOfPage\":{\"@id\":\"https:\\\/\\\/effetquebec.ca\\\/en\\\/eventlist\\\/carte-blanche-xn-au-festival-sunny-side-of-the-doc-a-la-rochelle-en-france\\\/#primaryimage\"},\"image\":{\"@id\":\"https:\\\/\\\/effetquebec.ca\\\/en\\\/eventlist\\\/carte-blanche-xn-au-festival-sunny-side-of-the-doc-a-la-rochelle-en-france\\\/#primaryimage\"},\"thumbnailUrl\":\"https:\\\/\\\/effetquebec.ca\\\/wp-content\\\/uploads\\\/2022\\\/04\\\/XnQUEBEC_FR_rgb.jpg\",\"datePublished\":\"2023-06-16T15:03:34+00:00\",\"dateModified\":\"2023-06-16T20:35:07+00:00\",\"breadcrumb\":{\"@id\":\"https:\\\/\\\/effetquebec.ca\\\/en\\\/eventlist\\\/carte-blanche-xn-au-festival-sunny-side-of-the-doc-a-la-rochelle-en-france\\\/#breadcrumb\"},\"inLanguage\":\"en-CA\",\"potentialAction\":[{\"@type\":\"ReadAction\",\"target\":[\"https:\\\/\\\/effetquebec.ca\\\/en\\\/eventlist\\\/carte-blanche-xn-au-festival-sunny-side-of-the-doc-a-la-rochelle-en-france\\\/\"]}]},{\"@type\":\"ImageObject\",\"inLanguage\":\"en-CA\",\"@id\":\"https:\\\/\\\/effetquebec.ca\\\/en\\\/eventlist\\\/carte-blanche-xn-au-festival-sunny-side-of-the-doc-a-la-rochelle-en-france\\\/#primaryimage\",\"url\":\"https:\\\/\\\/effetquebec.ca\\\/wp-content\\\/uploads\\\/2022\\\/04\\\/XnQUEBEC_FR_rgb.jpg\",\"contentUrl\":\"https:\\\/\\\/effetquebec.ca\\\/wp-content\\\/uploads\\\/2022\\\/04\\\/XnQUEBEC_FR_rgb.jpg\"},{\"@type\":\"BreadcrumbList\",\"@id\":\"https:\\\/\\\/effetquebec.ca\\\/en\\\/eventlist\\\/carte-blanche-xn-au-festival-sunny-side-of-the-doc-a-la-rochelle-en-france\\\/#breadcrumb\",\"itemListElement\":[{\"@type\":\"ListItem\",\"position\":1,\"name\":\"Accueil\",\"item\":\"https:\\\/\\\/effetquebec.ca\\\/en\\\/\"},{\"@type\":\"ListItem\",\"position\":2,\"name\":\"Events\",\"item\":\"https:\\\/\\\/effetquebec.ca\\\/en\\\/eventlist\\\/\"},{\"@type\":\"ListItem\",\"position\":3,\"name\":\"Carte blanche Xn au Festival Sunny Side of the Doc, \u00e0 la Rochelle, en France\"}]},{\"@type\":\"WebSite\",\"@id\":\"https:\\\/\\\/effetquebec.ca\\\/en\\\/#website\",\"url\":\"https:\\\/\\\/effetquebec.ca\\\/en\\\/\",\"name\":\"L\u2019Effet Qu\u00e9bec\",\"description\":\"P\u00f4le d\u2019expertise en exportation\",\"publisher\":{\"@id\":\"https:\\\/\\\/effetquebec.ca\\\/en\\\/#organization\"},\"potentialAction\":[{\"@type\":\"SearchAction\",\"target\":{\"@type\":\"EntryPoint\",\"urlTemplate\":\"https:\\\/\\\/effetquebec.ca\\\/en\\\/?s={search_term_string}\"},\"query-input\":{\"@type\":\"PropertyValueSpecification\",\"valueRequired\":true,\"valueName\":\"search_term_string\"}}],\"inLanguage\":\"en-CA\"},{\"@type\":\"Organization\",\"@id\":\"https:\\\/\\\/effetquebec.ca\\\/en\\\/#organization\",\"name\":\"L\u2019Effet Qu\u00e9bec\",\"url\":\"https:\\\/\\\/effetquebec.ca\\\/en\\\/\",\"logo\":{\"@type\":\"ImageObject\",\"inLanguage\":\"en-CA\",\"@id\":\"https:\\\/\\\/effetquebec.ca\\\/en\\\/#\\\/schema\\\/logo\\\/image\\\/\",\"url\":\"https:\\\/\\\/effetquebec.ca\\\/wp-content\\\/uploads\\\/2026\\\/04\\\/EffetQuebec.LogoVertical.RGB_.Noir-fav-1.png\",\"contentUrl\":\"https:\\\/\\\/effetquebec.ca\\\/wp-content\\\/uploads\\\/2026\\\/04\\\/EffetQuebec.LogoVertical.RGB_.Noir-fav-1.png\",\"width\":512,\"height\":512,\"caption\":\"L\u2019Effet Qu\u00e9bec\"},\"image\":{\"@id\":\"https:\\\/\\\/effetquebec.ca\\\/en\\\/#\\\/schema\\\/logo\\\/image\\\/\"},\"sameAs\":[\"https:\\\/\\\/www.facebook.com\\\/XnQuebec\",\"https:\\\/\\\/www.instagram.com\\\/xnquebec\\\/\",\"https:\\\/\\\/www.linkedin.com\\\/company\\\/xnquebec\\\/\"]},{\"@type\":\"Person\",\"@id\":\"https:\\\/\\\/effetquebec.ca\\\/en\\\/#\\\/schema\\\/person\\\/940ef39453e3e18284e90f021ae27fae\",\"name\":\"Sara\",\"image\":{\"@type\":\"ImageObject\",\"inLanguage\":\"en-CA\",\"@id\":\"https:\\\/\\\/secure.gravatar.com\\\/avatar\\\/2ac530a97fc9db59566fed92cc6d8dd1c6429dd06f37b16d3c1eb34cd2ef8ebf?s=96&d=mm&r=g\",\"url\":\"https:\\\/\\\/secure.gravatar.com\\\/avatar\\\/2ac530a97fc9db59566fed92cc6d8dd1c6429dd06f37b16d3c1eb34cd2ef8ebf?s=96&d=mm&r=g\",\"contentUrl\":\"https:\\\/\\\/secure.gravatar.com\\\/avatar\\\/2ac530a97fc9db59566fed92cc6d8dd1c6429dd06f37b16d3c1eb34cd2ef8ebf?s=96&d=mm&r=g\",\"caption\":\"Sara\"}}]}<\/script>\n<!-- \/ Yoast SEO plugin. -->","yoast_head_json":{"title":"Carte blanche Xn au Festival Sunny Side of the Doc, \u00e0 la Rochelle, en France - L\u2019Effet Qu\u00e9bec","robots":{"index":"index","follow":"follow","max-snippet":"max-snippet:-1","max-image-preview":"max-image-preview:large","max-video-preview":"max-video-preview:-1"},"canonical":"https:\/\/effetquebec.ca\/en\/eventlist\/carte-blanche-xn-au-festival-sunny-side-of-the-doc-a-la-rochelle-en-france\/","og_locale":"en_US","og_type":"article","og_title":"Carte blanche Xn au Festival Sunny Side of the Doc, \u00e0 la Rochelle, en France - L\u2019Effet Qu\u00e9bec","og_description":"Fond\u00e9 en 1990, le march\u00e9 Sunny Side of the Doc est devenu l\u2019\u00e9v\u00e9nement professionnel\u00a0 international de r\u00e9f\u00e9rence en mati\u00e8re de financement de coproductions et de circulation de programmes achev\u00e9s, tant pour les documentaires lin\u00e9aires ainsi que pour les r\u00e9cits num\u00e9riques et les exp\u00e9riences immersives.","og_url":"https:\/\/effetquebec.ca\/en\/eventlist\/carte-blanche-xn-au-festival-sunny-side-of-the-doc-a-la-rochelle-en-france\/","og_site_name":"L\u2019Effet Qu\u00e9bec","article_publisher":"https:\/\/www.facebook.com\/XnQuebec","article_modified_time":"2023-06-16T20:35:07+00:00","og_image":[{"url":"https:\/\/effetquebec.ca\/wp-content\/uploads\/2022\/04\/XnQUEBEC_FR_rgb.jpg","type":"","width":"","height":""}],"twitter_card":"summary_large_image","twitter_misc":{"Est. reading time":"7 minutes"},"schema":{"@context":"https:\/\/schema.org","@graph":[{"@type":"Article","@id":"https:\/\/effetquebec.ca\/en\/eventlist\/carte-blanche-xn-au-festival-sunny-side-of-the-doc-a-la-rochelle-en-france\/#article","isPartOf":{"@id":"https:\/\/effetquebec.ca\/en\/eventlist\/carte-blanche-xn-au-festival-sunny-side-of-the-doc-a-la-rochelle-en-france\/"},"author":{"name":"Sara","@id":"https:\/\/effetquebec.ca\/en\/#\/schema\/person\/940ef39453e3e18284e90f021ae27fae"},"headline":"Carte blanche Xn au Festival Sunny Side of the Doc, \u00e0 la Rochelle, en France","datePublished":"2023-06-16T15:03:34+00:00","dateModified":"2023-06-16T20:35:07+00:00","mainEntityOfPage":{"@id":"https:\/\/effetquebec.ca\/en\/eventlist\/carte-blanche-xn-au-festival-sunny-side-of-the-doc-a-la-rochelle-en-france\/"},"wordCount":1139,"publisher":{"@id":"https:\/\/effetquebec.ca\/en\/#organization"},"image":{"@id":"https:\/\/effetquebec.ca\/en\/eventlist\/carte-blanche-xn-au-festival-sunny-side-of-the-doc-a-la-rochelle-en-france\/#primaryimage"},"thumbnailUrl":"https:\/\/effetquebec.ca\/wp-content\/uploads\/2022\/04\/XnQUEBEC_FR_rgb.jpg","inLanguage":"en-CA"},{"@type":"WebPage","@id":"https:\/\/effetquebec.ca\/en\/eventlist\/carte-blanche-xn-au-festival-sunny-side-of-the-doc-a-la-rochelle-en-france\/","url":"https:\/\/effetquebec.ca\/en\/eventlist\/carte-blanche-xn-au-festival-sunny-side-of-the-doc-a-la-rochelle-en-france\/","name":"Carte blanche Xn au Festival Sunny Side of the Doc, \u00e0 la Rochelle, en France - L\u2019Effet Qu\u00e9bec","isPartOf":{"@id":"https:\/\/effetquebec.ca\/en\/#website"},"primaryImageOfPage":{"@id":"https:\/\/effetquebec.ca\/en\/eventlist\/carte-blanche-xn-au-festival-sunny-side-of-the-doc-a-la-rochelle-en-france\/#primaryimage"},"image":{"@id":"https:\/\/effetquebec.ca\/en\/eventlist\/carte-blanche-xn-au-festival-sunny-side-of-the-doc-a-la-rochelle-en-france\/#primaryimage"},"thumbnailUrl":"https:\/\/effetquebec.ca\/wp-content\/uploads\/2022\/04\/XnQUEBEC_FR_rgb.jpg","datePublished":"2023-06-16T15:03:34+00:00","dateModified":"2023-06-16T20:35:07+00:00","breadcrumb":{"@id":"https:\/\/effetquebec.ca\/en\/eventlist\/carte-blanche-xn-au-festival-sunny-side-of-the-doc-a-la-rochelle-en-france\/#breadcrumb"},"inLanguage":"en-CA","potentialAction":[{"@type":"ReadAction","target":["https:\/\/effetquebec.ca\/en\/eventlist\/carte-blanche-xn-au-festival-sunny-side-of-the-doc-a-la-rochelle-en-france\/"]}]},{"@type":"ImageObject","inLanguage":"en-CA","@id":"https:\/\/effetquebec.ca\/en\/eventlist\/carte-blanche-xn-au-festival-sunny-side-of-the-doc-a-la-rochelle-en-france\/#primaryimage","url":"https:\/\/effetquebec.ca\/wp-content\/uploads\/2022\/04\/XnQUEBEC_FR_rgb.jpg","contentUrl":"https:\/\/effetquebec.ca\/wp-content\/uploads\/2022\/04\/XnQUEBEC_FR_rgb.jpg"},{"@type":"BreadcrumbList","@id":"https:\/\/effetquebec.ca\/en\/eventlist\/carte-blanche-xn-au-festival-sunny-side-of-the-doc-a-la-rochelle-en-france\/#breadcrumb","itemListElement":[{"@type":"ListItem","position":1,"name":"Accueil","item":"https:\/\/effetquebec.ca\/en\/"},{"@type":"ListItem","position":2,"name":"Events","item":"https:\/\/effetquebec.ca\/en\/eventlist\/"},{"@type":"ListItem","position":3,"name":"Carte blanche Xn au Festival Sunny Side of the Doc, \u00e0 la Rochelle, en France"}]},{"@type":"WebSite","@id":"https:\/\/effetquebec.ca\/en\/#website","url":"https:\/\/effetquebec.ca\/en\/","name":"L\u2019Effet Qu\u00e9bec","description":"P\u00f4le d\u2019expertise en exportation","publisher":{"@id":"https:\/\/effetquebec.ca\/en\/#organization"},"potentialAction":[{"@type":"SearchAction","target":{"@type":"EntryPoint","urlTemplate":"https:\/\/effetquebec.ca\/en\/?s={search_term_string}"},"query-input":{"@type":"PropertyValueSpecification","valueRequired":true,"valueName":"search_term_string"}}],"inLanguage":"en-CA"},{"@type":"Organization","@id":"https:\/\/effetquebec.ca\/en\/#organization","name":"L\u2019Effet Qu\u00e9bec","url":"https:\/\/effetquebec.ca\/en\/","logo":{"@type":"ImageObject","inLanguage":"en-CA","@id":"https:\/\/effetquebec.ca\/en\/#\/schema\/logo\/image\/","url":"https:\/\/effetquebec.ca\/wp-content\/uploads\/2026\/04\/EffetQuebec.LogoVertical.RGB_.Noir-fav-1.png","contentUrl":"https:\/\/effetquebec.ca\/wp-content\/uploads\/2026\/04\/EffetQuebec.LogoVertical.RGB_.Noir-fav-1.png","width":512,"height":512,"caption":"L\u2019Effet Qu\u00e9bec"},"image":{"@id":"https:\/\/effetquebec.ca\/en\/#\/schema\/logo\/image\/"},"sameAs":["https:\/\/www.facebook.com\/XnQuebec","https:\/\/www.instagram.com\/xnquebec\/","https:\/\/www.linkedin.com\/company\/xnquebec\/"]},{"@type":"Person","@id":"https:\/\/effetquebec.ca\/en\/#\/schema\/person\/940ef39453e3e18284e90f021ae27fae","name":"Sara","image":{"@type":"ImageObject","inLanguage":"en-CA","@id":"https:\/\/secure.gravatar.com\/avatar\/2ac530a97fc9db59566fed92cc6d8dd1c6429dd06f37b16d3c1eb34cd2ef8ebf?s=96&d=mm&r=g","url":"https:\/\/secure.gravatar.com\/avatar\/2ac530a97fc9db59566fed92cc6d8dd1c6429dd06f37b16d3c1eb34cd2ef8ebf?s=96&d=mm&r=g","contentUrl":"https:\/\/secure.gravatar.com\/avatar\/2ac530a97fc9db59566fed92cc6d8dd1c6429dd06f37b16d3c1eb34cd2ef8ebf?s=96&d=mm&r=g","caption":"Sara"}}]}},"_links":{"self":[{"href":"https:\/\/effetquebec.ca\/en\/wp-json\/wp\/v2\/evenements\/14293","targetHints":{"allow":["GET"]}}],"collection":[{"href":"https:\/\/effetquebec.ca\/en\/wp-json\/wp\/v2\/evenements"}],"about":[{"href":"https:\/\/effetquebec.ca\/en\/wp-json\/wp\/v2\/types\/evenements"}],"author":[{"embeddable":true,"href":"https:\/\/effetquebec.ca\/en\/wp-json\/wp\/v2\/users\/118"}],"wp:attachment":[{"href":"https:\/\/effetquebec.ca\/en\/wp-json\/wp\/v2\/media?parent=14293"}],"curies":[{"name":"wp","href":"https:\/\/api.w.org\/{rel}","templated":true}]}}