{"id":16832,"date":"2024-03-25T17:00:32","date_gmt":"2024-03-25T21:00:32","guid":{"rendered":"https:\/\/effetquebec.ca\/?post_type=evenements&#038;p=16832"},"modified":"2024-03-26T09:48:13","modified_gmt":"2024-03-26T13:48:13","slug":"mutek-bcn-2024-quebec-delegation","status":"publish","type":"evenements","link":"https:\/\/effetquebec.ca\/en\/eventlist\/mutek-bcn-2024-quebec-delegation\/","title":{"rendered":"MUTEK BCN &#8211; 2024 Qu\u00e9bec delegation"},"content":{"rendered":"\n<div class=\"alignfull wp-block-ugb-container ugb-container ugb-4902473 ugb-container--v2 ugb-container--design-basic ugb-main-block\"><style>.ugb-4902473-wrapper.ugb-container__wrapper{background-color:#000000 !important}.ugb-4902473-wrapper.ugb-container__wrapper:before{background-color:#000000 !important}.ugb-4902473-content-wrapper > h1,.ugb-4902473-content-wrapper > h2,.ugb-4902473-content-wrapper > h3,.ugb-4902473-content-wrapper > h4,.ugb-4902473-content-wrapper > h5,.ugb-4902473-content-wrapper > h6{color:#ffffff}.ugb-4902473-content-wrapper > p,.ugb-4902473-content-wrapper > ol li,.ugb-4902473-content-wrapper > ul li{color:#ffffff}@media screen and (min-width:768px){.ugb-4902473.ugb-container{margin-top:0px !important;padding-top:0px !important;padding-right:0px !important;padding-bottom:35px !important;padding-left:0px !important}}@media screen and (min-width:768px){.ugb-4902473 > .ugb-inner-block > .ugb-block-content > *{padding-top:0px !important;padding-bottom:0px !important;padding-right:0px !important;padding-left:0px !important}}<\/style><div class=\"ugb-inner-block\"><div class=\"ugb-block-content\"><div class=\"ugb-container__wrapper ugb-4902473-wrapper ugb--shadow-0\"><div class=\"ugb-container__side\"><div class=\"ugb-container__content-wrapper ugb-4902473-content-wrapper\">\n<div class=\"alignwide wp-block-ugb-container ugb-container ugb-3b907d8 ugb-container--v2 ugb-container--design-basic ugb-main-block\"><style>.ugb-3b907d8-wrapper.ugb-container__wrapper{background-color:#000000 !important}.ugb-3b907d8-wrapper.ugb-container__wrapper:before{background-color:#000000 !important}.ugb-3b907d8 h1,.ugb-3b907d8 h2,.ugb-3b907d8 h3,.ugb-3b907d8 h4,.ugb-3b907d8 h5,.ugb-3b907d8 h6{color:#ffffff}.ugb-3b907d8 p,.ugb-3b907d8 li,.ugb-3b907d8 label,.ugb-3b907d8 table{color:#ffffff}.ugb-3b907d8-content-wrapper > h1,.ugb-3b907d8-content-wrapper > h2,.ugb-3b907d8-content-wrapper > h3,.ugb-3b907d8-content-wrapper > h4,.ugb-3b907d8-content-wrapper > h5,.ugb-3b907d8-content-wrapper > h6{color:#ffffff}.ugb-3b907d8-content-wrapper > p,.ugb-3b907d8-content-wrapper > ol li,.ugb-3b907d8-content-wrapper > ul li{color:#ffffff}@media screen and (min-width:768px){.ugb-3b907d8-content-wrapper.ugb-container__content-wrapper{width:90% !important}.ugb-3b907d8.ugb-container{margin-top:35px !important;padding-top:35px !important;padding-right:35px !important;padding-bottom:35px !important;padding-left:35px !important}}@media screen and (min-width:768px){.ugb-3b907d8 > .ugb-inner-block > .ugb-block-content > *{padding-top:0px !important;padding-bottom:0px !important;padding-right:0px !important;padding-left:0px !important}}<\/style><div class=\"ugb-inner-block\"><div class=\"ugb-block-content\"><div class=\"ugb-container__wrapper ugb-3b907d8-wrapper ugb--shadow-0\"><div class=\"ugb-container__side\"><div class=\"ugb-container__content-wrapper ugb-3b907d8-content-wrapper\"><div class=\"wp-block-image is-style-default\">\n<figure data-wp-context=\"{&quot;imageId&quot;:&quot;69f36e26c2ff9&quot;}\" data-wp-interactive=\"core\/image\" data-wp-key=\"69f36e26c2ff9\" class=\"alignleft size-full is-resized wp-lightbox-container\"><img loading=\"lazy\" decoding=\"async\" width=\"1789\" height=\"1789\" data-wp-class--hide=\"state.isContentHidden\" data-wp-class--show=\"state.isContentVisible\" data-wp-init=\"callbacks.setButtonStyles\" data-wp-on--click=\"actions.showLightbox\" data-wp-on--load=\"callbacks.setButtonStyles\" data-wp-on-window--resize=\"callbacks.setButtonStyles\" src=\"https:\/\/effetquebec.ca\/wp-content\/uploads\/2024\/03\/MUTEK-ES-2024-top-sq.jpg\" alt=\"\" class=\"wp-image-16824\" style=\"width:500px\" srcset=\"https:\/\/effetquebec.ca\/wp-content\/uploads\/2024\/03\/MUTEK-ES-2024-top-sq.jpg 1789w, https:\/\/effetquebec.ca\/wp-content\/uploads\/2024\/03\/MUTEK-ES-2024-top-sq-250x250.jpg 250w, https:\/\/effetquebec.ca\/wp-content\/uploads\/2024\/03\/MUTEK-ES-2024-top-sq-700x700.jpg 700w, https:\/\/effetquebec.ca\/wp-content\/uploads\/2024\/03\/MUTEK-ES-2024-top-sq-150x150.jpg 150w, https:\/\/effetquebec.ca\/wp-content\/uploads\/2024\/03\/MUTEK-ES-2024-top-sq-768x768.jpg 768w, https:\/\/effetquebec.ca\/wp-content\/uploads\/2024\/03\/MUTEK-ES-2024-top-sq-1536x1536.jpg 1536w, https:\/\/effetquebec.ca\/wp-content\/uploads\/2024\/03\/MUTEK-ES-2024-top-sq-120x120.jpg 120w\" sizes=\"auto, (max-width: 1789px) 100vw, 1789px\" \/><button\n\t\t\tclass=\"lightbox-trigger\"\n\t\t\ttype=\"button\"\n\t\t\taria-haspopup=\"dialog\"\n\t\t\taria-label=\"Enlarge\"\n\t\t\tdata-wp-init=\"callbacks.initTriggerButton\"\n\t\t\tdata-wp-on--click=\"actions.showLightbox\"\n\t\t\tdata-wp-style--right=\"state.imageButtonRight\"\n\t\t\tdata-wp-style--top=\"state.imageButtonTop\"\n\t\t>\n\t\t\t<svg xmlns=\"http:\/\/www.w3.org\/2000\/svg\" width=\"12\" height=\"12\" fill=\"none\" viewBox=\"0 0 12 12\">\n\t\t\t\t<path fill=\"#fff\" d=\"M2 0a2 2 0 0 0-2 2v2h1.5V2a.5.5 0 0 1 .5-.5h2V0H2Zm2 10.5H2a.5.5 0 0 1-.5-.5V8H0v2a2 2 0 0 0 2 2h2v-1.5ZM8 12v-1.5h2a.5.5 0 0 0 .5-.5V8H12v2a2 2 0 0 1-2 2H8Zm2-12a2 2 0 0 1 2 2v2h-1.5V2a.5.5 0 0 0-.5-.5H8V0h2Z\" \/>\n\t\t\t<\/svg>\n\t\t<\/button><\/figure>\n<\/div>\n\n\n<h1 class=\"wp-block-heading has-x-large-font-size\"><span style=\"color: #ffffff;\" class=\"ugb-highlight\">MUTEK<\/span><br><span style=\"color: #ffffff;\" class=\"ugb-highlight\">BARCELONA 2024<\/span><\/h1>\n\n\n\n<p class=\"has-medium-font-size\"><br>MUTEK, in collaboration with l\u2019Effet Qu\u00e9bec &#8211; The Export expertise cluster, and the Qu\u00e9bec office in Barcelona, has put together a Qu\u00e9bec delegation of digital-content creators, producers, broadcasters, distributors, and cultural venues to take part in the MUTEK.ES anniversary edition. Come and be inspired, extend your professional network, and take advantage of this opportunity to showcase your projects and expertise.<\/p>\n\n\n\n<p class=\"has-medium-font-size\">The festival will also feature two days of meetings and exchanges designed to forge links with the creative ecosystem in Barcelona and with the professionals from around the world who will be in attendance.<\/p>\n\n\n\n<p class=\"has-medium-font-size\">This mission is being undertaken in collaboration with MUTEK Montr\u00e9al, thanks to the support of Qu\u00e9bec\u2019s Minist\u00e8re de la Culture et des Communications (MCC), Xn Qu\u00e9bec, Conseil des arts et des lettres du Qu\u00e9bec, the Qu\u00e9bec office in Barcelona, Institut Catal\u00e0 de les Empreses Culturals, Instituto de Cultura de Barcelona, and Acci\u00f3n Cultural Espa\u00f1ola (AC\/E) through its program (known as PICE in Spanish) for promoting Spanish culture on the world stage.<\/p>\n\n\n\n<div style=\"height:41px\" aria-hidden=\"true\" class=\"wp-block-spacer\"><\/div>\n<\/div><\/div><\/div><\/div><\/div><\/div>\n<\/div><\/div><\/div><\/div><\/div><\/div>\n\n\n\n<div style=\"height:32px\" aria-hidden=\"true\" class=\"wp-block-spacer\"><\/div>\n\n\n\n<div class=\"wp-block-columns alignwide are-vertically-aligned-center is-layout-flex wp-container-core-columns-is-layout-9d6595d7 wp-block-columns-is-layout-flex\">\n<div class=\"wp-block-column is-vertically-aligned-center is-layout-flow wp-block-column-is-layout-flow\"><div class=\"wp-block-image\">\n<figure class=\"aligncenter size-full is-resized\"><img loading=\"lazy\" decoding=\"async\" width=\"851\" height=\"324\" src=\"https:\/\/effetquebec.ca\/wp-content\/uploads\/2022\/04\/XnQUEBEC_FR_rgb.jpg\" alt=\"\" class=\"wp-image-6218\" style=\"width:192px;height:auto\" srcset=\"https:\/\/effetquebec.ca\/wp-content\/uploads\/2022\/04\/XnQUEBEC_FR_rgb.jpg 851w, https:\/\/effetquebec.ca\/wp-content\/uploads\/2022\/04\/XnQUEBEC_FR_rgb-250x95.jpg 250w, https:\/\/effetquebec.ca\/wp-content\/uploads\/2022\/04\/XnQUEBEC_FR_rgb-700x267.jpg 700w, https:\/\/effetquebec.ca\/wp-content\/uploads\/2022\/04\/XnQUEBEC_FR_rgb-768x292.jpg 768w, https:\/\/effetquebec.ca\/wp-content\/uploads\/2022\/04\/XnQUEBEC_FR_rgb-120x46.jpg 120w\" sizes=\"auto, (max-width: 851px) 100vw, 851px\" \/><\/figure>\n<\/div><\/div>\n\n\n\n<div class=\"wp-block-column is-vertically-aligned-center is-layout-flow wp-block-column-is-layout-flow\"><div class=\"wp-block-image\">\n<figure class=\"aligncenter size-full is-resized\"><img loading=\"lazy\" decoding=\"async\" width=\"449\" height=\"514\" src=\"https:\/\/effetquebec.ca\/wp-content\/uploads\/2023\/06\/logo-effet-quebec_BLACK-1.png\" alt=\"\" class=\"wp-image-14675\" style=\"aspect-ratio:0.8682170542635659;width:76px;height:auto\" srcset=\"https:\/\/effetquebec.ca\/wp-content\/uploads\/2023\/06\/logo-effet-quebec_BLACK-1.png 449w, https:\/\/effetquebec.ca\/wp-content\/uploads\/2023\/06\/logo-effet-quebec_BLACK-1-250x286.png 250w, https:\/\/effetquebec.ca\/wp-content\/uploads\/2023\/06\/logo-effet-quebec_BLACK-1-120x137.png 120w\" sizes=\"auto, (max-width: 449px) 100vw, 449px\" \/><\/figure>\n<\/div><\/div>\n\n\n\n<div class=\"wp-block-column is-vertically-aligned-center is-layout-flow wp-block-column-is-layout-flow\"><div class=\"wp-block-image is-style-default\">\n<figure class=\"aligncenter size-full is-resized\"><img loading=\"lazy\" decoding=\"async\" width=\"1940\" height=\"329\" src=\"https:\/\/effetquebec.ca\/wp-content\/uploads\/2024\/03\/LOGO_MUTEK_2017.png\" alt=\"\" class=\"wp-image-16604\" style=\"aspect-ratio:1.537037037037037;object-fit:contain;width:166px;height:auto\" srcset=\"https:\/\/effetquebec.ca\/wp-content\/uploads\/2024\/03\/LOGO_MUTEK_2017.png 1940w, https:\/\/effetquebec.ca\/wp-content\/uploads\/2024\/03\/LOGO_MUTEK_2017-250x42.png 250w, https:\/\/effetquebec.ca\/wp-content\/uploads\/2024\/03\/LOGO_MUTEK_2017-700x119.png 700w, https:\/\/effetquebec.ca\/wp-content\/uploads\/2024\/03\/LOGO_MUTEK_2017-768x130.png 768w, https:\/\/effetquebec.ca\/wp-content\/uploads\/2024\/03\/LOGO_MUTEK_2017-1536x260.png 1536w, https:\/\/effetquebec.ca\/wp-content\/uploads\/2024\/03\/LOGO_MUTEK_2017-120x20.png 120w\" sizes=\"auto, (max-width: 1940px) 100vw, 1940px\" \/><\/figure>\n<\/div><\/div>\n\n\n\n<div class=\"wp-block-column is-vertically-aligned-center is-layout-flow wp-block-column-is-layout-flow\"><div class=\"wp-block-image\">\n<figure class=\"aligncenter size-full is-resized\"><img loading=\"lazy\" decoding=\"async\" width=\"550\" height=\"290\" src=\"https:\/\/effetquebec.ca\/wp-content\/uploads\/2024\/03\/Quebec-Logo-1.png\" alt=\"\" class=\"wp-image-16628\" style=\"width:197px;height:auto\" srcset=\"https:\/\/effetquebec.ca\/wp-content\/uploads\/2024\/03\/Quebec-Logo-1.png 550w, https:\/\/effetquebec.ca\/wp-content\/uploads\/2024\/03\/Quebec-Logo-1-250x132.png 250w, https:\/\/effetquebec.ca\/wp-content\/uploads\/2024\/03\/Quebec-Logo-1-120x63.png 120w\" sizes=\"auto, (max-width: 550px) 100vw, 550px\" \/><\/figure>\n<\/div><\/div>\n<\/div>\n\n\n\n<div class=\"wp-block-ugb-container ugb-container ugb-3da682a ugb-container--v2 ugb-container--design-plain ugb-main-block\"><style>@media screen and (min-width:768px){.ugb-3da682a-content-wrapper.ugb-container__content-wrapper{width:80% !important}}<\/style><div class=\"ugb-inner-block\"><div class=\"ugb-block-content\"><div class=\"ugb-container__wrapper ugb-3da682a-wrapper\"><div class=\"ugb-container__side\"><div class=\"ugb-container__content-wrapper ugb-3da682a-content-wrapper\">\n<div class=\"wp-block-ugb-accordion ugb-accordion ugb-b332568 ugb-accordion--v2 ugb-accordion--design-plain ugb-accordion--open ugb-main-block\" aria-expanded=\"true\"><style>.ugb-b332568 .ugb-accordion__heading{flex-direction:row-reverse}.ugb-b332568 .ugb-accordion__title{font-family:\"Archivo Black\",Sans-serif !important;font-size:26px !important;color:#000000}.ugb-b332568.ugb-accordion{opacity:1 !important}<\/style><div class=\"ugb-inner-block\"><div class=\"ugb-block-content\"><div class=\"ugb-accordion__item\"><div class=\"ugb-accordion__heading\" role=\"button\" tabindex=\"0\"><h4 class=\"ugb-accordion__title\">A MUTEK.ES anniversary edition!<\/h4><svg viewBox=\"0 0 20 20\" xmlns=\"http:\/\/www.w3.org\/2000\/svg\" class=\"ugb-accordion__arrow\" width=\"20\" height=\"20\"><path d=\"M16.7 3.3L10 10 3.3 3.4 0 6.7l10 10v-.1l10-9.9z\"><\/path><\/svg><\/div><div class=\"ugb-accordion__content\" role=\"region\"><div class=\"ugb-accordion__content-inner\">\n<p>For the past 15 years, MUTEK, the international festival of digital creativity, has been cultivating links between Montr\u00e9al and Barcelona and between Qu\u00e9bec and Catalonia, thanks to the creation of the MUTEK.ES festival in 2009. This special anniversary edition of this singular MUTEK network satellite in Europe will take place from April 9 to 13, 2024.<br><br>Year after tear, MUTEK.ES has renewed its commitment to developing avant-garde and daring programming, helping to position Barcelona as a platform for discussion of new trends in digital creativity and technology, both locally and globally. For Qu\u00e9bec creators, the event provides a privileged gateway to the European continent while connecting them to artistic trends from around the world.<\/p>\n<\/div><\/div><\/div><\/div><\/div><\/div>\n\n\n\n<div class=\"wp-block-ugb-accordion ugb-accordion ugb-3ac76bc ugb-accordion--v2 ugb-accordion--design-plain ugb-accordion--open ugb-main-block\" aria-expanded=\"true\"><style>.ugb-3ac76bc .ugb-accordion__heading{flex-direction:row-reverse}.ugb-3ac76bc .ugb-accordion__title{font-family:\"Archivo Black\",Sans-serif !important;font-size:26px !important;color:#000000}.ugb-3ac76bc.ugb-accordion{opacity:1 !important}<\/style><div class=\"ugb-inner-block\"><div class=\"ugb-block-content\"><div class=\"ugb-accordion__item\"><div class=\"ugb-accordion__heading\" role=\"button\" tabindex=\"0\"><h4 class=\"ugb-accordion__title\">MUTEK.ES Symposium<\/h4><svg viewBox=\"0 0 20 20\" xmlns=\"http:\/\/www.w3.org\/2000\/svg\" class=\"ugb-accordion__arrow\" width=\"20\" height=\"20\"><path d=\"M16.7 3.3L10 10 3.3 3.4 0 6.7l10 10v-.1l10-9.9z\"><\/path><\/svg><\/div><div class=\"ugb-accordion__content\" role=\"region\"><div class=\"ugb-accordion__content-inner\">\n<p>Three days of professional activities devoted to \u201cNurturing Networks in Digital Creativity\u201d!<br><br>After announcing its full line-up a few weeks ago, the festival is now unveiling the first details of the MUTEK Symposium, a program of professional activities (in English) developed in collaboration with MUTEK Montr\u00e9al, which will take place from April 10 to 12 at the Roca Barcelona gallery, at Antigua F\u00e1brica Estrella Damm, and at BAU Centro Universitario de Artes y Dise\u00f1o.<\/p>\n\n\n\n<p>In addition, on the opening day of the festival, to be held on the afternoon of April 10 at the Roca Barcelona gallery, Qu\u00e9bec artists Martin Messier (QC\/CA) and DATUM CUT (QC\/CA) will be featured in the Sculpt\u00e9 avec la lumi\u00e8re et le son (Sculpted with light and sound) cycle, in which artists and contributors explore the relationship between space, light, and sound. The cycle celebrates its fifth anniversary this year. This collaboration involves a three-pronged artistic offering that includes an artistic installation, a live audiovisual performance, and a networking opportunity bringing together institutions, artists, collectives, and partners in conjunction with MUTEK Match.<\/p>\n\n\n\n<p>The fourth edition of the MUTEK Barcelona Symposium, dedicated to Nurturing Networks in Digital Creativity, will take place on Friday, April 12 at Antigua F\u00e1brica Estrella Damm and include discussions and analysis of the impact of networks in promoting a favourable digital creativity ecosystem. It will also explore the key role of cultural diplomacy in the dynamic landscape of digital creativity and celebrate the collaboration between Catalonia and Qu\u00e9bec, which is creating spaces where knowledge, concepts, and values converge to enhance the fabric of collective creative endeavours.<\/p>\n\n\n\n<p>The MUTEK Symposium will also engage in essential dialogue, highlighting avant-garde projects from Catalonia, Qu\u00e9bec, and elsewhere. Over the course of three days, panels, conferences, performances, and networks will provide opportunities to engage in discussion and analysis of what can be achieved, setting new standards for promoting parity, diversity, and sustainability in the field of digital innovation and creativity in general.<\/p>\n<\/div><\/div><\/div><\/div><\/div><\/div>\n<\/div><\/div><\/div><\/div><\/div><\/div>\n\n\n\n<div class=\"wp-block-ugb-heading ugb-heading ugb-35d6d33 ugb-main-block ugb--has-custom-content-width\"><style>.ugb-35d6d33 .ugb-heading__title{font-size:32px !important;line-height:1.4em !important;text-align:left}.ugb-35d6d33 .ugb-heading__top-line{margin-left:0 !important;margin-right:auto !important}.ugb-35d6d33 .ugb-inner-block{text-align:left}.ugb-35d6d33.ugb-heading > .ugb-inner-block{max-width:80% !important}@media screen and (max-width:768px){.ugb-35d6d33 .ugb-heading__title{font-size:21px !important}}<\/style><div class=\"ugb-inner-block\"><div class=\"ugb-block-content\"><div class=\"ugb-heading__top-line\"><\/div><h2 class=\"ugb-heading__title\">Selection of Qu\u00e9bec studios and creators to take part in this mission<\/h2><\/div><\/div><\/div>\n\n\n\n<div class=\"alignfull wp-block-ugb-feature ugb-feature ugb-4633cab ugb-feature--v2 ugb-feature--design-half ugb-feature--invert ugb-main-block ugb-main-block--inner-full ugb--has-block-background\"><style>.ugb-4633cab .ugb-feature__item{border-radius:0px !important;height:800px !important}.ugb-4633cab .ugb-feature__content{background-color:#000000 !important}.ugb-4633cab .ugb-feature__content:before{background-color:#000000 !important}.ugb-4633cab .ugb-feature__image{background-image:url(https:\/\/effetquebec.ca\/wp-content\/uploads\/2024\/03\/ac_credits_SebastienRoy.jpg)}.ugb-4633cab .ugb-feature__title{font-family:\"Archivo Black\",Sans-serif !important;font-weight:500 !important;color:var(--stk-global-color-88711,#313131)}.ugb-4633cab .ugb-feature__description{color:#ffffff;margin-bottom:16px !important}.ugb-4633cab .ugb-button .ugb-button--inner{font-family:\"Lato\",Sans-serif !important}.ugb-4633cab .ugb-button{background-color:var(--stk-global-color-37811,#732fb7);border-radius:100px !important}.ugb-4633cab .ugb-button .ugb-button--inner,.ugb-4633cab .ugb-button svg:not(.ugb-custom-icon){color:#ffffff !important}.ugb-4633cab .ugb-button:before{border-radius:100px !important}.ugb-4633cab.ugb-feature{background-color:rgba(0,0,0,1)}.ugb-4633cab{padding:0 !important}.ugb-4633cab.ugb-feature:before{background-color:#000000}@media screen and (min-width:768px){.ugb-4633cab.ugb-feature{margin-bottom:-29px !important;padding-right:0px !important;padding-left:0px !important}}<\/style><div class=\"ugb-inner-block ugb-inner-block--full\"><div class=\"ugb-block-content\"><div class=\"ugb-feature__item ugb--shadow-0\"><div class=\"ugb-feature__content\"><h3 class=\"ugb-feature__title\"><span style=\"color: #ffffff;\" class=\"ugb-highlight\">Alexandre Castonguay<\/span><\/h3><p class=\"ugb-feature__description\">Professor, digital arts at UQAM and artist. <br><br>Alexandre Castonguay is a quiet activist and darkness designer whose works and performances explore how technology can be used to assert human ties. Formerly a professor of electronic arts at the University of Ottawa, where he co-founded the Artengine centre for art and technology, he has been teaching at \u00c9cole des arts visuels et m\u00e9diatiques at Universit\u00e9 du Qu\u00e9bec \u00e0 Montr\u00e9al since 2009. His work can be found in the collections of the Los Angeles County Museum of Art, Mus\u00e9e d\u2019art contemporain de Montr\u00e9al, and Mus\u00e9e du Qu\u00e9bec. Abroad, his work has been shown in Beijing, Berlin, Brussels, Cali, Casablanca, Madrid, Mexico City, and New York, among other locations.<br><span style=\"color: #ffffff;\" class=\"ugb-highlight\"><br>Expertises: programming, electronic art, participatory art, and installations. <\/span><br><br>Featured project: <a href=\"https:\/\/github.com\/alx-1\/technologies-de-la-fete\/wiki\" target=\"_blank\" rel=\"noreferrer noopener\"><strong>Technologies de la f\u00ea<\/strong><\/a><strong><a href=\"https:\/\/github.com\/alx-1\/technologies-de-la-fete\/wiki\" target=\"_blank\" rel=\"noreferrer noopener\">te<\/a><\/strong><\/p><div class=\"ugb-button-container\"><a class=\"ugb-button ugb-button--size-small ugb--hover-effect-lift\" href=\"https:\/\/artengine.ca\/acastonguay\/\" target=\"_blank\" rel=\"noopener noreferrer nofollow\" title=\"\"><span class=\"ugb-button--inner\">READ MORE<\/span><\/a><\/div><\/div><div class=\"ugb-feature__image\"><\/div><\/div><\/div><\/div><\/div>\n\n\n\n<div class=\"alignfull wp-block-ugb-feature ugb-feature ugb-05d1073 ugb-feature--v2 ugb-feature--design-half ugb-main-block ugb-main-block--inner-full ugb--has-block-background\"><style>.ugb-05d1073 .ugb-feature__item{border-radius:0px !important;height:800px !important}.ugb-05d1073 .ugb-feature__content{background-color:#000000 !important}.ugb-05d1073 .ugb-feature__content:before{background-color:#000000 !important}.ugb-05d1073 .ugb-feature__image{background-image:url(https:\/\/effetquebec.ca\/wp-content\/uploads\/2024\/03\/Screenshot-2024-03-25-at-3.48.13\u202fPM.jpeg)}.ugb-05d1073 .ugb-feature__title{font-family:\"Archivo Black\",Sans-serif !important;font-weight:500 !important;color:var(--stk-global-color-88711,#313131)}.ugb-05d1073 .ugb-feature__description{color:#ffffff}.ugb-05d1073 .ugb-button .ugb-button--inner{font-family:\"Lato\",Sans-serif !important}.ugb-05d1073 .ugb-button{background-color:var(--stk-global-color-37811,#732fb7);border-radius:100px !important}.ugb-05d1073 .ugb-button .ugb-button--inner,.ugb-05d1073 .ugb-button svg:not(.ugb-custom-icon){color:#ffffff !important}.ugb-05d1073 .ugb-button:before{border-radius:100px !important}.ugb-05d1073.ugb-feature{background-color:rgba(0,0,0,1)}.ugb-05d1073{padding:0 !important}.ugb-05d1073.ugb-feature:before{background-color:#000000}@media screen and (min-width:768px){.ugb-05d1073.ugb-feature{margin-bottom:-29px !important}}<\/style><div class=\"ugb-inner-block ugb-inner-block--full\"><div class=\"ugb-block-content\"><div class=\"ugb-feature__item ugb--shadow-0\"><div class=\"ugb-feature__content\"><h3 class=\"ugb-feature__title\"><span style=\"color: #ffffff;\" class=\"ugb-highlight\">International digital arts<\/span> <span style=\"color: #ffffff;\" class=\"ugb-highlight\">alliance<\/span> <span style=\"color: #ffffff;\" class=\"ugb-highlight\">(IDAA)<\/span><\/h3><p class=\"ugb-feature__description\"><strong>Isabella Salas<\/strong> (Co-founder of IDAA | Interdisciplinary artist and producer) and <strong>Alexandre \u00c9mond-Turcotte<\/strong> (Co-founder of IDAA | Creative director and content writer). <br><br>IDAA was created to bring together and cultivate a borderless network of professional digital artists, technology researchers, and cultural and creative institutions to collaborate on documenting their work.<span style=\"color: #ffffff;\" class=\"ugb-highlight\"><br><\/span>Our mission is to catalyze connections, educate, and promote sustainable practices for the long-term growth and viability of the digital arts.<br><br>Featured project: <strong>smART<\/strong> <strong>: LA M\u00c9MOIRE COLLECTIVE DES ARTS NUM\u00c9RIQUES. <\/strong><br>smART is a collaborative, public platform for documenting and listing digital works, making it easier for artists to document, publicize, and promote their work.<br>Best described at the future IMDB of the digital arts, the platform aims to become the largest database of digital art to which both artists and institutions can contribute simultaneously, creating a one-stop shop for the arts sector and the cultural and creative industries.<br><br>COLLABORATE. EDUCATE. REPRESENT. <\/p><div class=\"ugb-button-container\"><a class=\"ugb-button ugb-button--size-small ugb--hover-effect-lift\" href=\"https:\/\/www.digitalartsalliance.online\/\" target=\"_blank\" rel=\"noopener noreferrer nofollow\" title=\"\"><span class=\"ugb-button--inner\">READ MORE<\/span><\/a><\/div><\/div><div class=\"ugb-feature__image\"><\/div><\/div><\/div><\/div><\/div>\n\n\n\n<div class=\"alignfull wp-block-ugb-feature ugb-feature ugb-acd8857 ugb-feature--v2 ugb-feature--design-half ugb-feature--invert ugb-main-block ugb-main-block--inner-full ugb--has-block-background\"><style>.ugb-acd8857 .ugb-feature__item{border-radius:2px !important;height:800px !important}.ugb-acd8857 .ugb-feature__content{background-color:#000000 !important}.ugb-acd8857 .ugb-feature__content:before{background-color:#000000 !important}.ugb-acd8857 .ugb-feature__image{background-image:url(https:\/\/effetquebec.ca\/wp-content\/uploads\/2024\/03\/1.png)}.ugb-acd8857 .ugb-feature__title{font-family:\"Archivo Black\",Sans-serif !important;font-weight:500 !important;color:var(--stk-global-color-88711,#313131)}.ugb-acd8857 .ugb-feature__description{color:#ffffff}.ugb-acd8857 .ugb-button .ugb-button--inner{font-family:\"Lato\",Sans-serif !important}.ugb-acd8857 .ugb-button{background-color:var(--stk-global-color-37811,#732fb7);border-radius:100px !important}.ugb-acd8857 .ugb-button .ugb-button--inner,.ugb-acd8857 .ugb-button svg:not(.ugb-custom-icon){color:#ffffff !important}.ugb-acd8857 .ugb-button:before{border-radius:100px !important}.ugb-acd8857.ugb-feature{background-color:rgba(0,0,0,1)}.ugb-acd8857{padding:0 !important}.ugb-acd8857.ugb-feature:before{background-color:#000000}@media screen and (min-width:768px){.ugb-acd8857.ugb-feature{margin-bottom:-29px !important}}<\/style><div class=\"ugb-inner-block ugb-inner-block--full\"><div class=\"ugb-block-content\"><div class=\"ugb-feature__item ugb--shadow-0\"><div class=\"ugb-feature__content\"><h3 class=\"ugb-feature__title\"><span style=\"color: #ffffff;\" class=\"ugb-highlight\">Amanda Guti\u00e9rrez<\/span><\/h3><p class=\"ugb-feature__description\">Multimedia artist<br><br>Amanda Guti\u00e9rrez (born in 1978 in Mexico City) explores the experience of political attentiveness and gender studies, focusing on sonic practices implemented through augmented reality. At present, she is honing her work\u2019s academic attributes as a doctoral candidate at Concordia University\u2019s Arts and Humanities program.<br><br>Featured project: <strong>Soundwalks<\/strong><br>The artist will focus on her soundwalks in augmented reality, which have highlighted the voices and experimental musical productions of communities identified as female and LGBTQIA2+ in South America.<\/p><div class=\"ugb-button-container\"><a class=\"ugb-button ugb-button--size-small ugb--hover-effect-lift\" href=\"http:\/\/www.amandagutierrez.net\/eng\/\" target=\"_blank\" rel=\"noopener noreferrer\" title=\"\"><span class=\"ugb-button--inner\">READ MORE<\/span><\/a><\/div><\/div><div class=\"ugb-feature__image\"><\/div><\/div><\/div><\/div><\/div>\n\n\n\n<div class=\"alignfull wp-block-ugb-feature ugb-feature ugb-6a40ecc ugb-feature--v2 ugb-feature--design-half ugb-main-block ugb-main-block--inner-full ugb--has-block-background\"><style>.ugb-6a40ecc .ugb-feature__item{border-radius:0px !important;height:800px !important}.ugb-6a40ecc .ugb-feature__content{background-color:#000000 !important}.ugb-6a40ecc .ugb-feature__content:before{background-color:#000000 !important}.ugb-6a40ecc .ugb-feature__image{background-image:url(https:\/\/effetquebec.ca\/wp-content\/uploads\/2024\/03\/SPRLUA_Portraits-10.jpg)}.ugb-6a40ecc .ugb-feature__title{font-family:\"Archivo Black\",Sans-serif !important;font-weight:500 !important;color:var(--stk-global-color-88711,#313131)}.ugb-6a40ecc .ugb-feature__description{color:#ffffff}.ugb-6a40ecc .ugb-button .ugb-button--inner{font-family:\"Lato\",Sans-serif !important}.ugb-6a40ecc .ugb-button{background-color:var(--stk-global-color-37811,#732fb7);border-radius:100px !important}.ugb-6a40ecc .ugb-button .ugb-button--inner,.ugb-6a40ecc .ugb-button svg:not(.ugb-custom-icon){color:#ffffff !important}.ugb-6a40ecc .ugb-button:before{border-radius:100px !important}.ugb-6a40ecc.ugb-feature{background-color:rgba(0,0,0,1)}.ugb-6a40ecc{padding:0 !important}.ugb-6a40ecc.ugb-feature:before{background-color:#000000}@media screen and (min-width:768px){.ugb-6a40ecc.ugb-feature{margin-bottom:-29px !important}}<\/style><div class=\"ugb-inner-block ugb-inner-block--full\"><div class=\"ugb-block-content\"><div class=\"ugb-feature__item ugb--shadow-0\"><div class=\"ugb-feature__content\"><h3 class=\"ugb-feature__title\"><span style=\"color: #ffffff;\" class=\"ugb-highlight\">FEZIHAUS \u2122<\/span><\/h3><p class=\"ugb-feature__description\"><strong>Samito Matsinhe<\/strong> (Founder). <br><br>FEZIHAUS\u2122 is a Montr\u00e9al-based company that Samito founded in 2020. Occasionally described as a workshop inspired by the \u201clabel\u201d concept or by public outreach, it aims to use music as a means of uniting creators from diverse backgrounds at the nexus of exploration, fair ownership, and well-being.<br><br>Featured project: <strong>CONVERSAS<\/strong> : <strong>Qui manque dans cette pi\u00e8ce<\/strong>. <br>This series of conversations aims to address deep-rooted resource imbalances arising from historical disparities, including impediments to access to new technologies and new monetization models.<\/p><div class=\"ugb-button-container\"><a class=\"ugb-button ugb-button--size-small ugb--hover-effect-lift\" href=\"https:\/\/www.fezihaus.com\/\" target=\"_blank\" rel=\"noopener noreferrer\" title=\"\"><span class=\"ugb-button--inner\">READ MORE<\/span><\/a><\/div><\/div><div class=\"ugb-feature__image\"><\/div><\/div><\/div><\/div><\/div>\n\n\n\n<div class=\"alignfull wp-block-ugb-feature ugb-feature ugb-89bd40d ugb-feature--v2 ugb-feature--design-half ugb-feature--invert ugb-main-block ugb-main-block--inner-full ugb--has-block-background\"><style>.ugb-89bd40d .ugb-feature__item{border-radius:0px !important;height:800px !important}.ugb-89bd40d .ugb-feature__content{background-color:#000000 !important}.ugb-89bd40d .ugb-feature__content:before{background-color:#000000 !important}.ugb-89bd40d .ugb-feature__image{background-image:url(https:\/\/effetquebec.ca\/wp-content\/uploads\/2024\/03\/Stich-May-2023.jpg)}.ugb-89bd40d .ugb-feature__title{font-family:\"Archivo Black\",Sans-serif !important;font-weight:500 !important;color:var(--stk-global-color-88711,#313131)}.ugb-89bd40d .ugb-feature__description{color:#ffffff}.ugb-89bd40d .ugb-button .ugb-button--inner{font-family:\"Lato\",Sans-serif !important}.ugb-89bd40d .ugb-button{background-color:var(--stk-global-color-37811,#732fb7);border-radius:100px !important}.ugb-89bd40d .ugb-button .ugb-button--inner,.ugb-89bd40d .ugb-button svg:not(.ugb-custom-icon){color:#ffffff !important}.ugb-89bd40d .ugb-button:before{border-radius:100px !important}.ugb-89bd40d.ugb-feature{background-color:rgba(0,0,0,1)}.ugb-89bd40d{padding:0 !important}.ugb-89bd40d.ugb-feature:before{background-color:#000000}@media screen and (min-width:768px){.ugb-89bd40d.ugb-feature{margin-bottom:-29px !important}}<\/style><div class=\"ugb-inner-block ugb-inner-block--full\"><div class=\"ugb-block-content\"><div class=\"ugb-feature__item ugb--shadow-0\"><div class=\"ugb-feature__content\"><h3 class=\"ugb-feature__title\"><span style=\"color: #ffffff;\" class=\"ugb-highlight\">HINTER LIVE<\/span><\/h3><p class=\"ugb-feature__description\"><strong>Steven Dagenais<\/strong> (Sound designer, producer, and creative director). <br><br><strong>hinter live <\/strong>is a Montreal based organization working at the intersection of arts and climate action. The project started in 2021 as an initiative to support live music and its relation with the climate emergency. The project recorded over <strong>14 episodes of live music<\/strong> performances by filmed outdoors in the great Canadian and Quebecois national parks. These sessions feature breathtaking locations including remote islands, the great north american forests, mountain tops, frozen lakes and sub-zero conditions that contribute to the reforestation of <strong>500 trees per live session and have planted over 8.000 trees<\/strong> in the British Columbia&#8217;s affected forests with the support of the <strong>NGO One Tree Planted and FACTOR Canada<\/strong>.<span style=\"color: #ffffff;\" class=\"ugb-highlight\"><br><br><\/span><strong>hinter live <\/strong>was recognized by the Music Cities Awards as one of the <strong>Best Initiatives Using Music to Support Environmental Sustainability of 2023<\/strong> and it&#8217;s announcing an artist residency and the second edition of <strong>Earth Night Montr\u00e9al<\/strong>.<\/p><div class=\"ugb-button-container\"><a class=\"ugb-button ugb-button--size-small ugb--hover-effect-lift\" href=\"https:\/\/www.hinter.live\/\" target=\"_blank\" rel=\"noopener noreferrer nofollow\" title=\"\"><span class=\"ugb-button--inner\">READ MORE<\/span><\/a><\/div><\/div><div class=\"ugb-feature__image\"><\/div><\/div><\/div><\/div><\/div>\n\n\n\n<div class=\"alignfull wp-block-ugb-feature ugb-feature ugb-373f9bb ugb-feature--v2 ugb-feature--design-half ugb-main-block ugb-main-block--inner-full ugb--has-block-background\"><style>.ugb-373f9bb .ugb-feature__item{border-radius:0px !important;height:800px !important}.ugb-373f9bb .ugb-feature__content{background-color:#000000 !important}.ugb-373f9bb .ugb-feature__content:before{background-color:#000000 !important}.ugb-373f9bb .ugb-feature__image{background-image:url(https:\/\/effetquebec.ca\/wp-content\/uploads\/2024\/03\/2023-10-16-HUB-Montreal-2023-@-Palais-des-Congres-90-scaled-2-scaled.jpg);background-position:top center !important}.ugb-373f9bb .ugb-feature__title{font-family:\"Archivo Black\",Sans-serif !important;font-weight:500 !important;color:var(--stk-global-color-88711,#313131)}.ugb-373f9bb .ugb-feature__description{color:#ffffff}.ugb-373f9bb .ugb-button .ugb-button--inner{font-family:\"Lato\",Sans-serif !important}.ugb-373f9bb .ugb-button{background-color:var(--stk-global-color-37811,#732fb7);border-radius:100px !important}.ugb-373f9bb .ugb-button .ugb-button--inner,.ugb-373f9bb .ugb-button svg:not(.ugb-custom-icon){color:#ffffff !important}.ugb-373f9bb .ugb-button:before{border-radius:100px !important}.ugb-373f9bb.ugb-feature{background-color:rgba(0,0,0,1)}.ugb-373f9bb{padding:0 !important}.ugb-373f9bb.ugb-feature:before{background-color:#000000}@media screen and (min-width:768px){.ugb-373f9bb.ugb-feature{margin-bottom:-29px !important}}<\/style><div class=\"ugb-inner-block ugb-inner-block--full\"><div class=\"ugb-block-content\"><div class=\"ugb-feature__item ugb--shadow-0\"><div class=\"ugb-feature__content\"><h3 class=\"ugb-feature__title\"><span style=\"color: #ffffff;\" class=\"ugb-highlight\">HUB Montr\u00e9al<\/span><\/h3><p class=\"ugb-feature__description\"><strong>Rachel Parent <\/strong>(Executive director). <br><br>HUB Montr\u00e9al, Canada\u2019s first business accelerator for the digital creative industry, has quickly become a must-attend event on the global calendar in just a few short years.<br><br>HUB Montr\u00e9al provides an outstanding market for the expansion and business development of digital creative companies working primarily in the cultural, entertainment, and experiential marketing sectors, and in all areas at the crossroads of art, technology, and their commercial applications. Every year, it brings together 750 local and international creative industry leaders to take part in a jam-packed program of events that foster business opportunities, explore the latest innovations, and unite creative minds for the future.<\/p><div class=\"ugb-button-container\"><a class=\"ugb-button ugb-button--size-small ugb--hover-effect-lift\" href=\"https:\/\/hubmontreal.com\/en\" target=\"_blank\" rel=\"noopener noreferrer nofollow\" title=\"\"><span class=\"ugb-button--inner\">READ MORE<\/span><\/a><\/div><\/div><div class=\"ugb-feature__image\"><\/div><\/div><\/div><\/div><\/div>\n\n\n\n<div class=\"alignfull wp-block-ugb-feature ugb-feature ugb-4d7e0ac ugb-feature--v2 ugb-feature--design-half ugb-feature--invert ugb-main-block ugb-main-block--inner-full ugb--has-block-background\"><style>.ugb-4d7e0ac .ugb-feature__item{border-radius:0px !important;height:800px !important}.ugb-4d7e0ac .ugb-feature__content{background-color:#000000 !important}.ugb-4d7e0ac .ugb-feature__content:before{background-color:#000000 !important}.ugb-4d7e0ac .ugb-feature__image{background-image:url(https:\/\/effetquebec.ca\/wp-content\/uploads\/2024\/03\/3-DSC02461-scaled.jpg)}.ugb-4d7e0ac .ugb-feature__title{font-family:\"Archivo Black\",Sans-serif !important;font-weight:500 !important;color:var(--stk-global-color-88711,#313131)}.ugb-4d7e0ac .ugb-feature__description{color:#ffffff}.ugb-4d7e0ac .ugb-button .ugb-button--inner{font-family:\"Lato\",Sans-serif !important}.ugb-4d7e0ac .ugb-button{background-color:var(--stk-global-color-37811,#732fb7);border-radius:100px !important}.ugb-4d7e0ac .ugb-button .ugb-button--inner,.ugb-4d7e0ac .ugb-button svg:not(.ugb-custom-icon){color:#ffffff !important}.ugb-4d7e0ac .ugb-button:before{border-radius:100px !important}.ugb-4d7e0ac.ugb-feature{background-color:rgba(0,0,0,1)}.ugb-4d7e0ac{padding:0 !important}.ugb-4d7e0ac.ugb-feature:before{background-color:#000000}@media screen and (min-width:768px){.ugb-4d7e0ac.ugb-feature{margin-bottom:-29px !important}}<\/style><div class=\"ugb-inner-block ugb-inner-block--full\"><div class=\"ugb-block-content\"><div class=\"ugb-feature__item ugb--shadow-0\"><div class=\"ugb-feature__content\"><h3 class=\"ugb-feature__title\"><span style=\"color: #ffffff;\" class=\"ugb-highlight\">Isotone Studio<\/span><\/h3><p class=\"ugb-feature__description\"><strong>Bar Rubinstein<\/strong> (Co-founder and digital artist) and <strong>F\u00e9lix Bonjour<\/strong> (Co-founder and digital artist). <br><br>Using intention as direction and moving from point to form and from technology to emotion, Isotone explores digital frontiers in search of new creative horizons.<br><span style=\"color: #ffffff;\" class=\"ugb-highlight\"><br><\/span>Founded in Montreal in 2018, Isotone is made up of Bar Rubinstein, Lilian Guiran, Hugo Fournier, and F\u00e9lix Bonjour. Their creations are shaped by experimentation and wandering freely through multiple digital-arts skill sets. Through their diverse artistic backgrounds, they seek to weave a unique practice linked by the manifold interactions that make up their experiences. From visual creation to musical composition, from programming to painting, they always harness technology to showcase feeling. This is digital art in a quest for poetry. Like an extension of the ties that bind them, their projects bear the hallmarks of attentiveness, respect, and consideration.<br><br>Featured project: <strong>NUANCES<\/strong><br>NUANCES is a real-time immersive audiovisual installation created in May 2023.<\/p><div class=\"ugb-button-container\"><a class=\"ugb-button ugb-button--size-small ugb--hover-effect-lift\" href=\"https:\/\/www.isotonestudio.com\/\" target=\"_blank\" rel=\"noopener noreferrer nofollow\" title=\"\"><span class=\"ugb-button--inner\">READ MORE<\/span><\/a><\/div><\/div><div class=\"ugb-feature__image\"><\/div><\/div><\/div><\/div><\/div>\n\n\n\n<div class=\"alignfull wp-block-ugb-feature ugb-feature ugb-e6524db ugb-feature--v2 ugb-feature--design-half ugb-main-block ugb-main-block--inner-full ugb--has-block-background\"><style>.ugb-e6524db .ugb-feature__item{border-radius:0px !important;height:800px !important}.ugb-e6524db .ugb-feature__content{background-color:#000000 !important}.ugb-e6524db .ugb-feature__content:before{background-color:#000000 !important}.ugb-e6524db .ugb-feature__image{background-image:url(https:\/\/effetquebec.ca\/wp-content\/uploads\/2024\/03\/Esplanade-Tranquille_PQDS_2022_Projection-interactive-Test-Au-bord-du-lac-Tranquille_\u00a9Ulysse-Lemerise-OSA_web_3.jpg)}.ugb-e6524db .ugb-feature__title{font-family:\"Archivo Black\",Sans-serif !important;font-weight:500 !important;color:var(--stk-global-color-88711,#313131)}.ugb-e6524db .ugb-feature__description{color:#ffffff}.ugb-e6524db .ugb-button .ugb-button--inner{font-family:\"Lato\",Sans-serif !important}.ugb-e6524db .ugb-button{background-color:var(--stk-global-color-37811,#732fb7);border-radius:100px !important}.ugb-e6524db .ugb-button .ugb-button--inner,.ugb-e6524db .ugb-button svg:not(.ugb-custom-icon){color:#ffffff !important}.ugb-e6524db .ugb-button:before{border-radius:100px !important}.ugb-e6524db.ugb-feature{background-color:rgba(0,0,0,1)}.ugb-e6524db{padding:0 !important}.ugb-e6524db.ugb-feature:before{background-color:#000000}@media screen and (min-width:768px){.ugb-e6524db.ugb-feature{margin-bottom:-29px !important}}<\/style><div class=\"ugb-inner-block ugb-inner-block--full\"><div class=\"ugb-block-content\"><div class=\"ugb-feature__item ugb--shadow-0\"><div class=\"ugb-feature__content\"><h3 class=\"ugb-feature__title\"><span style=\"color: #ffffff;\" class=\"ugb-highlight\">Normal Studio<\/span><\/h3><p class=\"ugb-feature__description\"><strong>S\u00e9bastien Grenier-Cartier<\/strong> (Partner and Executive director) and <strong>Philippe Belhumeur<\/strong> (Partner and Creative director). <br><br>Normal is a multidisciplinary creative studio based in Montr\u00e9al, Canada. From captivating narratives to evocative set designs brimming with fascinating images, light, and sound, each project is an adventure that begins with an opportunity for envisioning new paths between what is and what can be. Our true destination is to make amazing things happen along the way.<br><br>We create legendary journeys, one project at a time.<br><br>Featured project: <strong><a href=\"https:\/\/normal.studio\/fr\/projets\/au-bord-du-lac-tranquille\/\">Au bord du lac tranquille<\/a><\/strong><\/p><div class=\"ugb-button-container\"><a class=\"ugb-button ugb-button--size-small ugb--hover-effect-lift\" href=\"https:\/\/normal.studio\/en\/\" target=\"_blank\" rel=\"noopener noreferrer nofollow\" title=\"\"><span class=\"ugb-button--inner\">READ MORE<\/span><\/a><\/div><\/div><div class=\"ugb-feature__image\"><\/div><\/div><\/div><\/div><\/div>\n\n\n\n<div class=\"alignfull wp-block-ugb-feature ugb-feature ugb-7bd30f6 ugb-feature--v2 ugb-feature--design-half ugb-feature--invert ugb-main-block ugb-main-block--inner-full ugb--has-block-background\"><style>.ugb-7bd30f6 .ugb-feature__item{border-radius:0px !important;height:800px !important}.ugb-7bd30f6 .ugb-feature__content{background-color:#000000 !important}.ugb-7bd30f6 .ugb-feature__content:before{background-color:#000000 !important}.ugb-7bd30f6 .ugb-feature__image{background-image:url(https:\/\/effetquebec.ca\/wp-content\/uploads\/2024\/03\/0218_media_0070-scaled.jpg)}.ugb-7bd30f6 .ugb-feature__title{font-family:\"Archivo Black\",Sans-serif !important;font-weight:500 !important;color:var(--stk-global-color-88711,#313131)}.ugb-7bd30f6 .ugb-feature__description{color:#ffffff}.ugb-7bd30f6 .ugb-button .ugb-button--inner{font-family:\"Lato\",Sans-serif !important}.ugb-7bd30f6 .ugb-button{background-color:var(--stk-global-color-37811,#732fb7);border-radius:100px !important}.ugb-7bd30f6 .ugb-button .ugb-button--inner,.ugb-7bd30f6 .ugb-button svg:not(.ugb-custom-icon){color:#ffffff !important}.ugb-7bd30f6 .ugb-button:before{border-radius:100px !important}.ugb-7bd30f6.ugb-feature{background-color:rgba(0,0,0,1)}.ugb-7bd30f6{padding:0 !important}.ugb-7bd30f6.ugb-feature:before{background-color:#000000}@media screen and (min-width:768px){.ugb-7bd30f6.ugb-feature{margin-bottom:-29px !important}}<\/style><div class=\"ugb-inner-block ugb-inner-block--full\"><div class=\"ugb-block-content\"><div class=\"ugb-feature__item ugb--shadow-0\"><div class=\"ugb-feature__content\"><h3 class=\"ugb-feature__title\"><span style=\"color: #ffffff;\" class=\"ugb-highlight\">Mus\u00e9e de la civilisation<\/span><\/h3><p class=\"ugb-feature__description\"><strong>Isa Mailloux <\/strong>(Digital and technological project manager). <br><br>As one of the leading national and international museums, Mus\u00e9e de la civilisation stands out for its societal and multidisciplinary approach, which places people at the heart of its activities.<br><br>Featured project: <strong>Sur paroles<\/strong><br>The \u201cSur paroles\u201d exhibition is an augmented-sound reality tour. The sound of rap queb combines music, testimonials, and archives in a moving composition that gives voice to a marginalized community.<\/p><div class=\"ugb-button-container\"><a class=\"ugb-button ugb-button--size-small ugb--hover-effect-lift\" href=\"https:\/\/mcq.org\/en\/\" target=\"_blank\" rel=\"noopener noreferrer nofollow\" title=\"\"><span class=\"ugb-button--inner\">READ MORE<\/span><\/a><\/div><\/div><div class=\"ugb-feature__image\"><\/div><\/div><\/div><\/div><\/div>\n\n\n\n<div class=\"alignfull wp-block-ugb-feature ugb-feature ugb-45684a1 ugb-feature--v2 ugb-feature--design-half ugb-main-block ugb-main-block--inner-full ugb--has-block-background\"><style>.ugb-45684a1 .ugb-feature__item{border-radius:0px !important;height:800px !important}.ugb-45684a1 .ugb-feature__content{background-color:#000000 !important}.ugb-45684a1 .ugb-feature__content:before{background-color:#000000 !important}.ugb-45684a1 .ugb-feature__image{background-image:url(https:\/\/effetquebec.ca\/wp-content\/uploads\/2024\/03\/Impulsion-Adelaide-Australie-2022-\u00a9-Xplorer-Studio-2-scaled.jpg)}.ugb-45684a1 .ugb-feature__title{font-family:\"Archivo Black\",Sans-serif !important;font-weight:500 !important;color:var(--stk-global-color-88711,#313131)}.ugb-45684a1 .ugb-feature__description{color:#ffffff}.ugb-45684a1 .ugb-button .ugb-button--inner{font-family:\"Lato\",Sans-serif !important}.ugb-45684a1 .ugb-button{background-color:var(--stk-global-color-37811,#732fb7);border-radius:100px !important}.ugb-45684a1 .ugb-button .ugb-button--inner,.ugb-45684a1 .ugb-button svg:not(.ugb-custom-icon){color:#ffffff !important}.ugb-45684a1 .ugb-button:before{border-radius:100px !important}.ugb-45684a1.ugb-feature{background-color:rgba(0,0,0,1)}.ugb-45684a1{padding:0 !important}.ugb-45684a1.ugb-feature:before{background-color:#000000}@media screen and (min-width:768px){.ugb-45684a1.ugb-feature{margin-bottom:-29px !important}}<\/style><div class=\"ugb-inner-block ugb-inner-block--full\"><div class=\"ugb-block-content\"><div class=\"ugb-feature__item ugb--shadow-0\"><div class=\"ugb-feature__content\"><h3 class=\"ugb-feature__title\"><span style=\"color: #ffffff;\" class=\"ugb-highlight\">Quartier des spectacles international<\/span> <span style=\"color: #ffffff;\" class=\"ugb-highlight\">(QDSi)<\/span> <\/h3><p class=\"ugb-feature__description\"><strong>Guillaume Aniort\u00e9<\/strong> (Executive director). <br><br>QDSinternational is an organization affiliated with Quartier des spectacles de Montr\u00e9al that produces and distributes participatory installations for public spaces, in collaboration with creative partners, co-producers, and broadcasters around the world.<br><span style=\"color: #ffffff;\" class=\"ugb-highlight\"><br><\/span>Present in over 70 cities across 12 countries, our installations benefit from know-how acquired over many years and the many works that have brightened North America\u2019s largest cultural district and captured the imagination of millions of visitors. This track record translates into cutting-edge expertise in the design and development of robust and safe products designed both for people of all ages and year-round travel all over the world.<br><br>Featured projects: <a href=\"https:\/\/qdsinternational.com\/en\/installations\/loop\/\" target=\"_blank\" rel=\"noreferrer noopener\">Loop<\/a> and <a href=\"https:\/\/qdsinternational.com\/en\/installations\/impulse\/\" target=\"_blank\" rel=\"noreferrer noopener\">Impulse<\/a><\/p><div class=\"ugb-button-container\"><a class=\"ugb-button ugb-button--size-small ugb--hover-effect-lift\" href=\"https:\/\/qdsinternational.com\/en\/\" target=\"_blank\" rel=\"noopener noreferrer nofollow\" title=\"\"><span class=\"ugb-button--inner\">READ MORE<\/span><\/a><\/div><\/div><div class=\"ugb-feature__image\"><\/div><\/div><\/div><\/div><\/div>\n\n\n\n<div class=\"alignfull wp-block-ugb-feature ugb-feature ugb-6914834 ugb-feature--v2 ugb-feature--design-half ugb-feature--invert ugb-main-block ugb-main-block--inner-full ugb--has-block-background\"><style>.ugb-6914834 .ugb-feature__item{border-radius:0px !important;height:800px !important}.ugb-6914834 .ugb-feature__content{background-color:#000000 !important}.ugb-6914834 .ugb-feature__content:before{background-color:#000000 !important}.ugb-6914834 .ugb-feature__image{background-image:url(https:\/\/effetquebec.ca\/wp-content\/uploads\/2024\/03\/S.A.T.-24h-Vinyl-24-03-02-Ash-KG-subtletherapy.com-18.jpg)}.ugb-6914834 .ugb-feature__title{font-family:\"Archivo Black\",Sans-serif !important;font-weight:500 !important;color:var(--stk-global-color-88711,#313131)}.ugb-6914834 .ugb-feature__description{color:#ffffff}.ugb-6914834 .ugb-button .ugb-button--inner{font-family:\"Lato\",Sans-serif !important}.ugb-6914834 .ugb-button{background-color:var(--stk-global-color-37811,#732fb7);border-radius:100px !important}.ugb-6914834 .ugb-button .ugb-button--inner,.ugb-6914834 .ugb-button svg:not(.ugb-custom-icon){color:#ffffff !important}.ugb-6914834 .ugb-button:before{border-radius:100px !important}.ugb-6914834.ugb-feature{background-color:rgba(0,0,0,1)}.ugb-6914834{padding:0 !important}.ugb-6914834.ugb-feature:before{background-color:#000000}@media screen and (min-width:768px){.ugb-6914834.ugb-feature{margin-bottom:-29px !important}}<\/style><div class=\"ugb-inner-block ugb-inner-block--full\"><div class=\"ugb-block-content\"><div class=\"ugb-feature__item ugb--shadow-0\"><div class=\"ugb-feature__content\"><h3 class=\"ugb-feature__title\"><span style=\"color: #ffffff;\" class=\"ugb-highlight\">Society for Arts and Technology [SAT]<\/span><\/h3><p class=\"ugb-feature__description\"><strong>Jenny Thibault<\/strong> (Executive director), <strong>Alexandra Marin<\/strong> (Manager, R&amp;D services), <strong>Marek Blotti\u00e8re<\/strong> (Project manager, R&amp;D) and <strong>Alexandre Auch\u00e9 <\/strong>(Programmer). <br><br>Founded in 1996, Society for Arts and Technology [SAT] is a not-for-profit organization dedicated to developing and supporting digital culture. SAT is internationally renowned for its active and pioneering role in developing technologies for immersive creation, telepresence, and mixed reality. Its cross-disciplinary approach and hybrid mission make it unique not only in Montr\u00e9al, but worldwide.<\/p><div class=\"ugb-button-container\"><a class=\"ugb-button ugb-button--size-small ugb--hover-effect-lift\" href=\"https:\/\/sat.qc.ca\/en\/\" target=\"_blank\" rel=\"noopener noreferrer nofollow\" title=\"\"><span class=\"ugb-button--inner\">READ MORE<\/span><\/a><\/div><\/div><div class=\"ugb-feature__image\"><\/div><\/div><\/div><\/div><\/div>\n","protected":false},"excerpt":{"rendered":"MUTEKBARCELONA 2024 MUTEK, in collaboration with l\u2019Effet Qu\u00e9bec &#8211; The Export expertise cluster, and the Qu\u00e9bec office in Barcelona, has put together a Qu\u00e9bec delegation of digital-content creators, producers, broadcasters, distributors, and cultural venues to take part in the MUTEK.ES anniversary edition. Come and be inspired, extend your professional network, and take advantage of this&#8230; <a class=\"view-article\" href=\"https:\/\/effetquebec.ca\/en\/eventlist\/mutek-bcn-2024-quebec-delegation\/\"><\/a>","protected":false},"author":1,"featured_media":0,"template":"","meta":{"_acf_changed":false,"_links_to":"","_links_to_target":""},"class_list":["post-16832","evenements","type-evenements","status-publish","hentry"],"featured_image_urls_v2":{"full":"","thumbnail":"","medium":"","medium_large":"","large":"","1536x1536":"","2048x2048":"","small":"","custom-size":"","grille":"","gform-image-choice-sm":"","gform-image-choice-md":"","gform-image-choice-lg":""},"post_excerpt_stackable_v2":"MUTEKBARCELONA 2024 MUTEK, in collaboration with l\u2019Effet Qu\u00e9bec &#8211; The Export expertise cluster, and the Qu\u00e9bec office in Barcelona, has put together a Qu\u00e9bec delegation of digital-content creators, producers, broadcasters, distributors, and cultural venues to take part in the MUTEK.ES anniversary edition. Come and be inspired, extend your professional network, and take advantage of this opportunity to showcase your projects and expertise. The festival will also feature two days of meetings and exchanges designed to forge links with the creative ecosystem in Barcelona and with the professionals from around the world who will be in attendance. This mission is being&hellip;","category_list_v2":"","author_info_v2":{"name":"machine","url":"https:\/\/effetquebec.ca\/en\/author\/machine\/"},"comments_num_v2":"0 comments","acf":[],"yoast_head":"<!-- This site is optimized with the Yoast SEO plugin v27.5 - https:\/\/yoast.com\/product\/yoast-seo-wordpress\/ -->\n<title>MUTEK BCN - 2024 Qu\u00e9bec delegation - L\u2019Effet Qu\u00e9bec<\/title>\n<meta name=\"robots\" content=\"index, follow, max-snippet:-1, max-image-preview:large, max-video-preview:-1\" \/>\n<link rel=\"canonical\" href=\"https:\/\/effetquebec.ca\/en\/eventlist\/mutek-bcn-2024-quebec-delegation\/\" \/>\n<meta property=\"og:locale\" content=\"en_US\" \/>\n<meta property=\"og:type\" content=\"article\" \/>\n<meta property=\"og:title\" content=\"MUTEK BCN - 2024 Qu\u00e9bec delegation - L\u2019Effet Qu\u00e9bec\" \/>\n<meta property=\"og:description\" content=\"MUTEKBARCELONA 2024 MUTEK, in collaboration with l\u2019Effet Qu\u00e9bec &#8211; The Export expertise cluster, and the Qu\u00e9bec office in Barcelona, has put together a Qu\u00e9bec delegation of digital-content creators, producers, broadcasters, distributors, and cultural venues to take part in the MUTEK.ES anniversary edition. Come and be inspired, extend your professional network, and take advantage of this...\" \/>\n<meta property=\"og:url\" content=\"https:\/\/effetquebec.ca\/en\/eventlist\/mutek-bcn-2024-quebec-delegation\/\" \/>\n<meta property=\"og:site_name\" content=\"L\u2019Effet Qu\u00e9bec\" \/>\n<meta property=\"article:publisher\" content=\"https:\/\/www.facebook.com\/XnQuebec\" \/>\n<meta property=\"article:modified_time\" content=\"2024-03-26T13:48:13+00:00\" \/>\n<meta property=\"og:image\" content=\"https:\/\/effetquebec.ca\/wp-content\/uploads\/2024\/03\/MUTEK-ES-2024-top-sq.jpg\" \/>\n<meta name=\"twitter:card\" content=\"summary_large_image\" \/>\n<meta name=\"twitter:label1\" content=\"Est. reading time\" \/>\n\t<meta name=\"twitter:data1\" content=\"10 minutes\" \/>\n<script type=\"application\/ld+json\" class=\"yoast-schema-graph\">{\"@context\":\"https:\\\/\\\/schema.org\",\"@graph\":[{\"@type\":\"Article\",\"@id\":\"https:\\\/\\\/effetquebec.ca\\\/en\\\/eventlist\\\/mutek-bcn-2024-quebec-delegation\\\/#article\",\"isPartOf\":{\"@id\":\"https:\\\/\\\/effetquebec.ca\\\/en\\\/eventlist\\\/mutek-bcn-2024-quebec-delegation\\\/\"},\"author\":{\"name\":\"machine\",\"@id\":\"https:\\\/\\\/effetquebec.ca\\\/en\\\/#\\\/schema\\\/person\\\/65046d1429eeae5e00cba8b859caf4c7\"},\"headline\":\"MUTEK BCN &#8211; 2024 Qu\u00e9bec delegation\",\"datePublished\":\"2024-03-25T21:00:32+00:00\",\"dateModified\":\"2024-03-26T13:48:13+00:00\",\"mainEntityOfPage\":{\"@id\":\"https:\\\/\\\/effetquebec.ca\\\/en\\\/eventlist\\\/mutek-bcn-2024-quebec-delegation\\\/\"},\"wordCount\":1926,\"publisher\":{\"@id\":\"https:\\\/\\\/effetquebec.ca\\\/en\\\/#organization\"},\"image\":{\"@id\":\"https:\\\/\\\/effetquebec.ca\\\/en\\\/eventlist\\\/mutek-bcn-2024-quebec-delegation\\\/#primaryimage\"},\"thumbnailUrl\":\"https:\\\/\\\/effetquebec.ca\\\/wp-content\\\/uploads\\\/2024\\\/03\\\/MUTEK-ES-2024-top-sq.jpg\",\"inLanguage\":\"en-CA\"},{\"@type\":\"WebPage\",\"@id\":\"https:\\\/\\\/effetquebec.ca\\\/en\\\/eventlist\\\/mutek-bcn-2024-quebec-delegation\\\/\",\"url\":\"https:\\\/\\\/effetquebec.ca\\\/en\\\/eventlist\\\/mutek-bcn-2024-quebec-delegation\\\/\",\"name\":\"MUTEK BCN - 2024 Qu\u00e9bec delegation - L\u2019Effet Qu\u00e9bec\",\"isPartOf\":{\"@id\":\"https:\\\/\\\/effetquebec.ca\\\/en\\\/#website\"},\"primaryImageOfPage\":{\"@id\":\"https:\\\/\\\/effetquebec.ca\\\/en\\\/eventlist\\\/mutek-bcn-2024-quebec-delegation\\\/#primaryimage\"},\"image\":{\"@id\":\"https:\\\/\\\/effetquebec.ca\\\/en\\\/eventlist\\\/mutek-bcn-2024-quebec-delegation\\\/#primaryimage\"},\"thumbnailUrl\":\"https:\\\/\\\/effetquebec.ca\\\/wp-content\\\/uploads\\\/2024\\\/03\\\/MUTEK-ES-2024-top-sq.jpg\",\"datePublished\":\"2024-03-25T21:00:32+00:00\",\"dateModified\":\"2024-03-26T13:48:13+00:00\",\"breadcrumb\":{\"@id\":\"https:\\\/\\\/effetquebec.ca\\\/en\\\/eventlist\\\/mutek-bcn-2024-quebec-delegation\\\/#breadcrumb\"},\"inLanguage\":\"en-CA\",\"potentialAction\":[{\"@type\":\"ReadAction\",\"target\":[\"https:\\\/\\\/effetquebec.ca\\\/en\\\/eventlist\\\/mutek-bcn-2024-quebec-delegation\\\/\"]}]},{\"@type\":\"ImageObject\",\"inLanguage\":\"en-CA\",\"@id\":\"https:\\\/\\\/effetquebec.ca\\\/en\\\/eventlist\\\/mutek-bcn-2024-quebec-delegation\\\/#primaryimage\",\"url\":\"https:\\\/\\\/effetquebec.ca\\\/wp-content\\\/uploads\\\/2024\\\/03\\\/MUTEK-ES-2024-top-sq.jpg\",\"contentUrl\":\"https:\\\/\\\/effetquebec.ca\\\/wp-content\\\/uploads\\\/2024\\\/03\\\/MUTEK-ES-2024-top-sq.jpg\"},{\"@type\":\"BreadcrumbList\",\"@id\":\"https:\\\/\\\/effetquebec.ca\\\/en\\\/eventlist\\\/mutek-bcn-2024-quebec-delegation\\\/#breadcrumb\",\"itemListElement\":[{\"@type\":\"ListItem\",\"position\":1,\"name\":\"Accueil\",\"item\":\"https:\\\/\\\/effetquebec.ca\\\/en\\\/\"},{\"@type\":\"ListItem\",\"position\":2,\"name\":\"Events\",\"item\":\"https:\\\/\\\/effetquebec.ca\\\/en\\\/eventlist\\\/\"},{\"@type\":\"ListItem\",\"position\":3,\"name\":\"MUTEK BCN &#8211; 2024 Qu\u00e9bec delegation\"}]},{\"@type\":\"WebSite\",\"@id\":\"https:\\\/\\\/effetquebec.ca\\\/en\\\/#website\",\"url\":\"https:\\\/\\\/effetquebec.ca\\\/en\\\/\",\"name\":\"L\u2019Effet Qu\u00e9bec\",\"description\":\"P\u00f4le d\u2019expertise en exportation\",\"publisher\":{\"@id\":\"https:\\\/\\\/effetquebec.ca\\\/en\\\/#organization\"},\"potentialAction\":[{\"@type\":\"SearchAction\",\"target\":{\"@type\":\"EntryPoint\",\"urlTemplate\":\"https:\\\/\\\/effetquebec.ca\\\/en\\\/?s={search_term_string}\"},\"query-input\":{\"@type\":\"PropertyValueSpecification\",\"valueRequired\":true,\"valueName\":\"search_term_string\"}}],\"inLanguage\":\"en-CA\"},{\"@type\":\"Organization\",\"@id\":\"https:\\\/\\\/effetquebec.ca\\\/en\\\/#organization\",\"name\":\"L\u2019Effet Qu\u00e9bec\",\"url\":\"https:\\\/\\\/effetquebec.ca\\\/en\\\/\",\"logo\":{\"@type\":\"ImageObject\",\"inLanguage\":\"en-CA\",\"@id\":\"https:\\\/\\\/effetquebec.ca\\\/en\\\/#\\\/schema\\\/logo\\\/image\\\/\",\"url\":\"https:\\\/\\\/effetquebec.ca\\\/wp-content\\\/uploads\\\/2026\\\/04\\\/EffetQuebec.LogoVertical.RGB_.Noir-fav-1.png\",\"contentUrl\":\"https:\\\/\\\/effetquebec.ca\\\/wp-content\\\/uploads\\\/2026\\\/04\\\/EffetQuebec.LogoVertical.RGB_.Noir-fav-1.png\",\"width\":512,\"height\":512,\"caption\":\"L\u2019Effet Qu\u00e9bec\"},\"image\":{\"@id\":\"https:\\\/\\\/effetquebec.ca\\\/en\\\/#\\\/schema\\\/logo\\\/image\\\/\"},\"sameAs\":[\"https:\\\/\\\/www.facebook.com\\\/XnQuebec\",\"https:\\\/\\\/www.instagram.com\\\/xnquebec\\\/\",\"https:\\\/\\\/www.linkedin.com\\\/company\\\/xnquebec\\\/\"]},{\"@type\":\"Person\",\"@id\":\"https:\\\/\\\/effetquebec.ca\\\/en\\\/#\\\/schema\\\/person\\\/65046d1429eeae5e00cba8b859caf4c7\",\"name\":\"machine\",\"image\":{\"@type\":\"ImageObject\",\"inLanguage\":\"en-CA\",\"@id\":\"https:\\\/\\\/secure.gravatar.com\\\/avatar\\\/989cc199fcd7f1dfa3046854ffac439e672a731bcecd727c82d195ff2248a714?s=96&d=mm&r=g\",\"url\":\"https:\\\/\\\/secure.gravatar.com\\\/avatar\\\/989cc199fcd7f1dfa3046854ffac439e672a731bcecd727c82d195ff2248a714?s=96&d=mm&r=g\",\"contentUrl\":\"https:\\\/\\\/secure.gravatar.com\\\/avatar\\\/989cc199fcd7f1dfa3046854ffac439e672a731bcecd727c82d195ff2248a714?s=96&d=mm&r=g\",\"caption\":\"machine\"},\"sameAs\":[\"http:\\\/\\\/effet-quebec.local\"]}]}<\/script>\n<!-- \/ Yoast SEO plugin. -->","yoast_head_json":{"title":"MUTEK BCN - 2024 Qu\u00e9bec delegation - L\u2019Effet Qu\u00e9bec","robots":{"index":"index","follow":"follow","max-snippet":"max-snippet:-1","max-image-preview":"max-image-preview:large","max-video-preview":"max-video-preview:-1"},"canonical":"https:\/\/effetquebec.ca\/en\/eventlist\/mutek-bcn-2024-quebec-delegation\/","og_locale":"en_US","og_type":"article","og_title":"MUTEK BCN - 2024 Qu\u00e9bec delegation - L\u2019Effet Qu\u00e9bec","og_description":"MUTEKBARCELONA 2024 MUTEK, in collaboration with l\u2019Effet Qu\u00e9bec &#8211; The Export expertise cluster, and the Qu\u00e9bec office in Barcelona, has put together a Qu\u00e9bec delegation of digital-content creators, producers, broadcasters, distributors, and cultural venues to take part in the MUTEK.ES anniversary edition. Come and be inspired, extend your professional network, and take advantage of this...","og_url":"https:\/\/effetquebec.ca\/en\/eventlist\/mutek-bcn-2024-quebec-delegation\/","og_site_name":"L\u2019Effet Qu\u00e9bec","article_publisher":"https:\/\/www.facebook.com\/XnQuebec","article_modified_time":"2024-03-26T13:48:13+00:00","og_image":[{"url":"https:\/\/effetquebec.ca\/wp-content\/uploads\/2024\/03\/MUTEK-ES-2024-top-sq.jpg","type":"","width":"","height":""}],"twitter_card":"summary_large_image","twitter_misc":{"Est. reading time":"10 minutes"},"schema":{"@context":"https:\/\/schema.org","@graph":[{"@type":"Article","@id":"https:\/\/effetquebec.ca\/en\/eventlist\/mutek-bcn-2024-quebec-delegation\/#article","isPartOf":{"@id":"https:\/\/effetquebec.ca\/en\/eventlist\/mutek-bcn-2024-quebec-delegation\/"},"author":{"name":"machine","@id":"https:\/\/effetquebec.ca\/en\/#\/schema\/person\/65046d1429eeae5e00cba8b859caf4c7"},"headline":"MUTEK BCN &#8211; 2024 Qu\u00e9bec delegation","datePublished":"2024-03-25T21:00:32+00:00","dateModified":"2024-03-26T13:48:13+00:00","mainEntityOfPage":{"@id":"https:\/\/effetquebec.ca\/en\/eventlist\/mutek-bcn-2024-quebec-delegation\/"},"wordCount":1926,"publisher":{"@id":"https:\/\/effetquebec.ca\/en\/#organization"},"image":{"@id":"https:\/\/effetquebec.ca\/en\/eventlist\/mutek-bcn-2024-quebec-delegation\/#primaryimage"},"thumbnailUrl":"https:\/\/effetquebec.ca\/wp-content\/uploads\/2024\/03\/MUTEK-ES-2024-top-sq.jpg","inLanguage":"en-CA"},{"@type":"WebPage","@id":"https:\/\/effetquebec.ca\/en\/eventlist\/mutek-bcn-2024-quebec-delegation\/","url":"https:\/\/effetquebec.ca\/en\/eventlist\/mutek-bcn-2024-quebec-delegation\/","name":"MUTEK BCN - 2024 Qu\u00e9bec delegation - L\u2019Effet Qu\u00e9bec","isPartOf":{"@id":"https:\/\/effetquebec.ca\/en\/#website"},"primaryImageOfPage":{"@id":"https:\/\/effetquebec.ca\/en\/eventlist\/mutek-bcn-2024-quebec-delegation\/#primaryimage"},"image":{"@id":"https:\/\/effetquebec.ca\/en\/eventlist\/mutek-bcn-2024-quebec-delegation\/#primaryimage"},"thumbnailUrl":"https:\/\/effetquebec.ca\/wp-content\/uploads\/2024\/03\/MUTEK-ES-2024-top-sq.jpg","datePublished":"2024-03-25T21:00:32+00:00","dateModified":"2024-03-26T13:48:13+00:00","breadcrumb":{"@id":"https:\/\/effetquebec.ca\/en\/eventlist\/mutek-bcn-2024-quebec-delegation\/#breadcrumb"},"inLanguage":"en-CA","potentialAction":[{"@type":"ReadAction","target":["https:\/\/effetquebec.ca\/en\/eventlist\/mutek-bcn-2024-quebec-delegation\/"]}]},{"@type":"ImageObject","inLanguage":"en-CA","@id":"https:\/\/effetquebec.ca\/en\/eventlist\/mutek-bcn-2024-quebec-delegation\/#primaryimage","url":"https:\/\/effetquebec.ca\/wp-content\/uploads\/2024\/03\/MUTEK-ES-2024-top-sq.jpg","contentUrl":"https:\/\/effetquebec.ca\/wp-content\/uploads\/2024\/03\/MUTEK-ES-2024-top-sq.jpg"},{"@type":"BreadcrumbList","@id":"https:\/\/effetquebec.ca\/en\/eventlist\/mutek-bcn-2024-quebec-delegation\/#breadcrumb","itemListElement":[{"@type":"ListItem","position":1,"name":"Accueil","item":"https:\/\/effetquebec.ca\/en\/"},{"@type":"ListItem","position":2,"name":"Events","item":"https:\/\/effetquebec.ca\/en\/eventlist\/"},{"@type":"ListItem","position":3,"name":"MUTEK BCN &#8211; 2024 Qu\u00e9bec delegation"}]},{"@type":"WebSite","@id":"https:\/\/effetquebec.ca\/en\/#website","url":"https:\/\/effetquebec.ca\/en\/","name":"L\u2019Effet Qu\u00e9bec","description":"P\u00f4le d\u2019expertise en exportation","publisher":{"@id":"https:\/\/effetquebec.ca\/en\/#organization"},"potentialAction":[{"@type":"SearchAction","target":{"@type":"EntryPoint","urlTemplate":"https:\/\/effetquebec.ca\/en\/?s={search_term_string}"},"query-input":{"@type":"PropertyValueSpecification","valueRequired":true,"valueName":"search_term_string"}}],"inLanguage":"en-CA"},{"@type":"Organization","@id":"https:\/\/effetquebec.ca\/en\/#organization","name":"L\u2019Effet Qu\u00e9bec","url":"https:\/\/effetquebec.ca\/en\/","logo":{"@type":"ImageObject","inLanguage":"en-CA","@id":"https:\/\/effetquebec.ca\/en\/#\/schema\/logo\/image\/","url":"https:\/\/effetquebec.ca\/wp-content\/uploads\/2026\/04\/EffetQuebec.LogoVertical.RGB_.Noir-fav-1.png","contentUrl":"https:\/\/effetquebec.ca\/wp-content\/uploads\/2026\/04\/EffetQuebec.LogoVertical.RGB_.Noir-fav-1.png","width":512,"height":512,"caption":"L\u2019Effet Qu\u00e9bec"},"image":{"@id":"https:\/\/effetquebec.ca\/en\/#\/schema\/logo\/image\/"},"sameAs":["https:\/\/www.facebook.com\/XnQuebec","https:\/\/www.instagram.com\/xnquebec\/","https:\/\/www.linkedin.com\/company\/xnquebec\/"]},{"@type":"Person","@id":"https:\/\/effetquebec.ca\/en\/#\/schema\/person\/65046d1429eeae5e00cba8b859caf4c7","name":"machine","image":{"@type":"ImageObject","inLanguage":"en-CA","@id":"https:\/\/secure.gravatar.com\/avatar\/989cc199fcd7f1dfa3046854ffac439e672a731bcecd727c82d195ff2248a714?s=96&d=mm&r=g","url":"https:\/\/secure.gravatar.com\/avatar\/989cc199fcd7f1dfa3046854ffac439e672a731bcecd727c82d195ff2248a714?s=96&d=mm&r=g","contentUrl":"https:\/\/secure.gravatar.com\/avatar\/989cc199fcd7f1dfa3046854ffac439e672a731bcecd727c82d195ff2248a714?s=96&d=mm&r=g","caption":"machine"},"sameAs":["http:\/\/effet-quebec.local"]}]}},"_links":{"self":[{"href":"https:\/\/effetquebec.ca\/en\/wp-json\/wp\/v2\/evenements\/16832","targetHints":{"allow":["GET"]}}],"collection":[{"href":"https:\/\/effetquebec.ca\/en\/wp-json\/wp\/v2\/evenements"}],"about":[{"href":"https:\/\/effetquebec.ca\/en\/wp-json\/wp\/v2\/types\/evenements"}],"author":[{"embeddable":true,"href":"https:\/\/effetquebec.ca\/en\/wp-json\/wp\/v2\/users\/1"}],"wp:attachment":[{"href":"https:\/\/effetquebec.ca\/en\/wp-json\/wp\/v2\/media?parent=16832"}],"curies":[{"name":"wp","href":"https:\/\/api.w.org\/{rel}","templated":true}]}}