{"id":17060,"date":"2024-06-02T23:03:17","date_gmt":"2024-06-03T03:03:17","guid":{"rendered":"https:\/\/effetquebec.ca\/?post_type=evenements&#038;p=17060"},"modified":"2024-06-03T10:58:24","modified_gmt":"2024-06-03T14:58:24","slug":"ecsite-delegation-quebecoise-2024","status":"publish","type":"evenements","link":"https:\/\/effetquebec.ca\/en\/eventlist\/ecsite-delegation-quebecoise-2024\/","title":{"rendered":"ECSITE &#8211; Qu\u00e9bec delegation 2024"},"content":{"rendered":"\n<div class=\"alignfull wp-block-ugb-container ugb-container ugb-4902473 ugb-container--v2 ugb-container--design-basic ugb-main-block\"><style>.ugb-4902473-wrapper.ugb-container__wrapper{background-color:#000000 !important}.ugb-4902473-wrapper.ugb-container__wrapper:before{background-color:#000000 !important}.ugb-4902473-content-wrapper > h1,.ugb-4902473-content-wrapper > h2,.ugb-4902473-content-wrapper > h3,.ugb-4902473-content-wrapper > h4,.ugb-4902473-content-wrapper > h5,.ugb-4902473-content-wrapper > h6{color:#ffffff}.ugb-4902473-content-wrapper > p,.ugb-4902473-content-wrapper > ol li,.ugb-4902473-content-wrapper > ul li{color:#ffffff}@media screen and (min-width:768px){.ugb-4902473-content-wrapper.ugb-container__content-wrapper{width:90% !important}.ugb-4902473.ugb-container{margin-top:0px !important;padding-top:0px !important;padding-right:0px !important;padding-bottom:35px !important;padding-left:0px !important}}@media screen and (min-width:768px){.ugb-4902473 > .ugb-inner-block > .ugb-block-content > *{padding-top:0px !important;padding-bottom:0px !important;padding-right:0px !important;padding-left:0px !important}}<\/style><div class=\"ugb-inner-block\"><div class=\"ugb-block-content\"><div class=\"ugb-container__wrapper ugb-4902473-wrapper ugb--shadow-0\"><div class=\"ugb-container__side\"><div class=\"ugb-container__content-wrapper ugb-4902473-content-wrapper\">\n<div class=\"alignwide wp-block-ugb-container ugb-container ugb-3b907d8 ugb-container--v2 ugb-container--design-basic ugb-main-block\"><style>.ugb-3b907d8-wrapper.ugb-container__wrapper{background-color:#000000 !important}.ugb-3b907d8-wrapper.ugb-container__wrapper:before{background-color:#000000 !important}.ugb-3b907d8 h1,.ugb-3b907d8 h2,.ugb-3b907d8 h3,.ugb-3b907d8 h4,.ugb-3b907d8 h5,.ugb-3b907d8 h6{color:#ffffff}.ugb-3b907d8 p,.ugb-3b907d8 li,.ugb-3b907d8 label,.ugb-3b907d8 table{color:#ffffff}.ugb-3b907d8-content-wrapper > h1,.ugb-3b907d8-content-wrapper > h2,.ugb-3b907d8-content-wrapper > h3,.ugb-3b907d8-content-wrapper > h4,.ugb-3b907d8-content-wrapper > h5,.ugb-3b907d8-content-wrapper > h6{color:#ffffff}.ugb-3b907d8-content-wrapper > p,.ugb-3b907d8-content-wrapper > ol li,.ugb-3b907d8-content-wrapper > ul li{color:#ffffff}@media screen and (min-width:768px){.ugb-3b907d8-content-wrapper.ugb-container__content-wrapper{width:90% !important}.ugb-3b907d8.ugb-container{margin-top:35px !important;margin-right:-113px !important;padding-top:35px !important;padding-right:35px !important;padding-bottom:35px !important;padding-left:35px !important}}@media screen and (min-width:768px){.ugb-3b907d8 > .ugb-inner-block > .ugb-block-content > *{padding-top:0px !important;padding-bottom:0px !important;padding-right:0px !important;padding-left:0px !important}}<\/style><div class=\"ugb-inner-block\"><div class=\"ugb-block-content\"><div class=\"ugb-container__wrapper ugb-3b907d8-wrapper ugb--shadow-0\"><div class=\"ugb-container__side\"><div class=\"ugb-container__content-wrapper ugb-3b907d8-content-wrapper\"><div class=\"wp-block-image is-style-default\">\n<figure data-wp-context=\"{&quot;imageId&quot;:&quot;69ee748fa0ed8&quot;}\" data-wp-interactive=\"core\/image\" data-wp-key=\"69ee748fa0ed8\" class=\"alignleft size-full is-resized wp-lightbox-container\"><img loading=\"lazy\" decoding=\"async\" width=\"1601\" height=\"1600\" data-wp-class--hide=\"state.isContentHidden\" data-wp-class--show=\"state.isContentVisible\" data-wp-init=\"callbacks.setButtonStyles\" data-wp-on--click=\"actions.showLightbox\" data-wp-on--load=\"callbacks.setButtonStyles\" data-wp-on-window--resize=\"callbacks.setButtonStyles\" src=\"https:\/\/effetquebec.ca\/wp-content\/uploads\/2024\/06\/EQ-Ecsite_Web-Banner_En_2024-06-03-1.jpg\" alt=\"\" class=\"wp-image-17206\" style=\"width:500px\" srcset=\"https:\/\/effetquebec.ca\/wp-content\/uploads\/2024\/06\/EQ-Ecsite_Web-Banner_En_2024-06-03-1.jpg 1601w, https:\/\/effetquebec.ca\/wp-content\/uploads\/2024\/06\/EQ-Ecsite_Web-Banner_En_2024-06-03-1-250x250.jpg 250w, https:\/\/effetquebec.ca\/wp-content\/uploads\/2024\/06\/EQ-Ecsite_Web-Banner_En_2024-06-03-1-700x700.jpg 700w, https:\/\/effetquebec.ca\/wp-content\/uploads\/2024\/06\/EQ-Ecsite_Web-Banner_En_2024-06-03-1-150x150.jpg 150w, https:\/\/effetquebec.ca\/wp-content\/uploads\/2024\/06\/EQ-Ecsite_Web-Banner_En_2024-06-03-1-768x768.jpg 768w, https:\/\/effetquebec.ca\/wp-content\/uploads\/2024\/06\/EQ-Ecsite_Web-Banner_En_2024-06-03-1-1536x1536.jpg 1536w, https:\/\/effetquebec.ca\/wp-content\/uploads\/2024\/06\/EQ-Ecsite_Web-Banner_En_2024-06-03-1-120x120.jpg 120w\" sizes=\"auto, (max-width: 1601px) 100vw, 1601px\" \/><button\n\t\t\tclass=\"lightbox-trigger\"\n\t\t\ttype=\"button\"\n\t\t\taria-haspopup=\"dialog\"\n\t\t\taria-label=\"Enlarge\"\n\t\t\tdata-wp-init=\"callbacks.initTriggerButton\"\n\t\t\tdata-wp-on--click=\"actions.showLightbox\"\n\t\t\tdata-wp-style--right=\"state.imageButtonRight\"\n\t\t\tdata-wp-style--top=\"state.imageButtonTop\"\n\t\t>\n\t\t\t<svg xmlns=\"http:\/\/www.w3.org\/2000\/svg\" width=\"12\" height=\"12\" fill=\"none\" viewBox=\"0 0 12 12\">\n\t\t\t\t<path fill=\"#fff\" d=\"M2 0a2 2 0 0 0-2 2v2h1.5V2a.5.5 0 0 1 .5-.5h2V0H2Zm2 10.5H2a.5.5 0 0 1-.5-.5V8H0v2a2 2 0 0 0 2 2h2v-1.5ZM8 12v-1.5h2a.5.5 0 0 0 .5-.5V8H12v2a2 2 0 0 1-2 2H8Zm2-12a2 2 0 0 1 2 2v2h-1.5V2a.5.5 0 0 0-.5-.5H8V0h2Z\" \/>\n\t\t\t<\/svg>\n\t\t<\/button><\/figure>\n<\/div>\n\n\n<h1 class=\"wp-block-heading has-x-large-font-size\">ECSITE <span style=\"color: #ffffff;\" class=\"ugb-highlight\">2024<\/span><\/h1>\n\n\n\n<p>From June 5th to June 8th, 2024, <br>Ljubljana, Slovenia.<\/p>\n\n\n\n<p>With the support of the Minist\u00e8re de la Culture et des Communications du Qu\u00e9bec (MCC), l&#8217;Effet Qu\u00e9bec (a project by Xn Qu\u00e9bec) is setting up a delegation of producers and cultural venues to promote and export Qu\u00e9bec talent to Europe.<\/p>\n\n\n\n<p>In addition to the conferences scheduled during the event, networking meetings organized by the various Qu\u00e9bec delegations and offices in Europe will be held to generate links with international professionals.<\/p>\n\n\n\n<div style=\"height:41px\" aria-hidden=\"true\" class=\"wp-block-spacer\"><\/div>\n<\/div><\/div><\/div><\/div><\/div><\/div>\n<\/div><\/div><\/div><\/div><\/div><\/div>\n\n\n\n<div style=\"height:32px\" aria-hidden=\"true\" class=\"wp-block-spacer\"><\/div>\n\n\n\n<div class=\"wp-block-columns alignwide are-vertically-aligned-center is-layout-flex wp-container-core-columns-is-layout-9d6595d7 wp-block-columns-is-layout-flex\">\n<div class=\"wp-block-column is-vertically-aligned-center is-layout-flow wp-block-column-is-layout-flow\"><div class=\"wp-block-image\">\n<figure class=\"aligncenter size-full is-resized\"><img loading=\"lazy\" decoding=\"async\" width=\"851\" height=\"324\" src=\"https:\/\/effetquebec.ca\/wp-content\/uploads\/2022\/04\/XnQUEBEC_FR_rgb.jpg\" alt=\"\" class=\"wp-image-6218\" style=\"width:192px;height:auto\" srcset=\"https:\/\/effetquebec.ca\/wp-content\/uploads\/2022\/04\/XnQUEBEC_FR_rgb.jpg 851w, https:\/\/effetquebec.ca\/wp-content\/uploads\/2022\/04\/XnQUEBEC_FR_rgb-250x95.jpg 250w, https:\/\/effetquebec.ca\/wp-content\/uploads\/2022\/04\/XnQUEBEC_FR_rgb-700x267.jpg 700w, https:\/\/effetquebec.ca\/wp-content\/uploads\/2022\/04\/XnQUEBEC_FR_rgb-768x292.jpg 768w, https:\/\/effetquebec.ca\/wp-content\/uploads\/2022\/04\/XnQUEBEC_FR_rgb-120x46.jpg 120w\" sizes=\"auto, (max-width: 851px) 100vw, 851px\" \/><\/figure>\n<\/div><\/div>\n\n\n\n<div class=\"wp-block-column is-vertically-aligned-center is-layout-flow wp-block-column-is-layout-flow\"><div class=\"wp-block-image\">\n<figure class=\"aligncenter size-full is-resized\"><img loading=\"lazy\" decoding=\"async\" width=\"449\" height=\"514\" src=\"https:\/\/effetquebec.ca\/wp-content\/uploads\/2023\/06\/logo-effet-quebec_BLACK-1.png\" alt=\"\" class=\"wp-image-14675\" style=\"aspect-ratio:0.8682170542635659;width:76px;height:auto\" srcset=\"https:\/\/effetquebec.ca\/wp-content\/uploads\/2023\/06\/logo-effet-quebec_BLACK-1.png 449w, https:\/\/effetquebec.ca\/wp-content\/uploads\/2023\/06\/logo-effet-quebec_BLACK-1-250x286.png 250w, https:\/\/effetquebec.ca\/wp-content\/uploads\/2023\/06\/logo-effet-quebec_BLACK-1-120x137.png 120w\" sizes=\"auto, (max-width: 449px) 100vw, 449px\" \/><\/figure>\n<\/div><\/div>\n\n\n\n<div class=\"wp-block-column is-vertically-aligned-center is-layout-flow wp-block-column-is-layout-flow\"><div class=\"wp-block-image\">\n<figure class=\"aligncenter size-full is-resized\"><img loading=\"lazy\" decoding=\"async\" width=\"550\" height=\"290\" src=\"https:\/\/effetquebec.ca\/wp-content\/uploads\/2024\/03\/Quebec-Logo-1.png\" alt=\"\" class=\"wp-image-16628\" style=\"width:197px;height:auto\" srcset=\"https:\/\/effetquebec.ca\/wp-content\/uploads\/2024\/03\/Quebec-Logo-1.png 550w, https:\/\/effetquebec.ca\/wp-content\/uploads\/2024\/03\/Quebec-Logo-1-250x132.png 250w, https:\/\/effetquebec.ca\/wp-content\/uploads\/2024\/03\/Quebec-Logo-1-120x63.png 120w\" sizes=\"auto, (max-width: 550px) 100vw, 550px\" \/><\/figure>\n<\/div><\/div>\n<\/div>\n\n\n\n<div class=\"wp-block-ugb-container ugb-container ugb-3da682a ugb-container--v2 ugb-container--design-plain ugb-main-block\"><style>@media screen and (min-width:768px){.ugb-3da682a-content-wrapper.ugb-container__content-wrapper{width:80% !important}}<\/style><div class=\"ugb-inner-block\"><div class=\"ugb-block-content\"><div class=\"ugb-container__wrapper ugb-3da682a-wrapper\"><div class=\"ugb-container__side\"><div class=\"ugb-container__content-wrapper ugb-3da682a-content-wrapper\">\n<div class=\"wp-block-ugb-accordion ugb-accordion ugb-b332568 ugb-accordion--v2 ugb-accordion--design-plain ugb-accordion--open ugb-main-block\" aria-expanded=\"true\"><style>.ugb-b332568 .ugb-accordion__heading{flex-direction:row-reverse}.ugb-b332568 .ugb-accordion__title{font-family:\"Archivo Black\",Sans-serif !important;font-size:26px !important;color:#000000}.ugb-b332568.ugb-accordion{opacity:1 !important}<\/style><div class=\"ugb-inner-block\"><div class=\"ugb-block-content\"><div class=\"ugb-accordion__item\"><div class=\"ugb-accordion__heading\" role=\"button\" tabindex=\"0\"><h4 class=\"ugb-accordion__title\">About ECSITE 2024<\/h4><svg viewBox=\"0 0 20 20\" xmlns=\"http:\/\/www.w3.org\/2000\/svg\" class=\"ugb-accordion__arrow\" width=\"20\" height=\"20\"><path d=\"M16.7 3.3L10 10 3.3 3.4 0 6.7l10 10v-.1l10-9.9z\"><\/path><\/svg><\/div><div class=\"ugb-accordion__content\" role=\"region\"><div class=\"ugb-accordion__content-inner\">\n<p>Ecsite is 320 member organizations, a commitment to 5 global challenges (including inclusion and equity, the climate crisis and biodiversity, and technological tools for the 21st century), 3 days of conferences and one day of workshops, over 1,000 scientific professionals including decision makers, more than 450 different institutions, over 47 countries represented, over 100 collaborative sessions, 65 booths, a wide range of social events and fostering a true community spirit!<\/p>\n<\/div><\/div><\/div><\/div><\/div><\/div>\n<\/div><\/div><\/div><\/div><\/div><\/div>\n\n\n\n<div class=\"wp-block-ugb-heading ugb-heading ugb-35d6d33 ugb-main-block ugb--has-custom-content-width\"><style>.ugb-35d6d33 .ugb-heading__title{font-size:32px !important;line-height:1.4em !important;text-align:left}.ugb-35d6d33 .ugb-heading__top-line{margin-left:0 !important;margin-right:auto !important}.ugb-35d6d33 .ugb-inner-block{text-align:left}.ugb-35d6d33.ugb-heading > .ugb-inner-block{max-width:80% !important}@media screen and (max-width:768px){.ugb-35d6d33 .ugb-heading__title{font-size:21px !important}}<\/style><div class=\"ugb-inner-block\"><div class=\"ugb-block-content\"><div class=\"ugb-heading__top-line\"><\/div><h2 class=\"ugb-heading__title\">Selection of studios and cultural venues participating in the mission<\/h2><\/div><\/div><\/div>\n\n\n\n<div class=\"alignfull wp-block-ugb-feature ugb-feature ugb-4633cab ugb-feature--v2 ugb-feature--design-half ugb-feature--invert ugb-main-block ugb-main-block--inner-full ugb--has-block-background\"><style>.ugb-4633cab .ugb-feature__item{border-radius:0px !important}.ugb-4633cab .ugb-feature__content{background-color:#000000 !important}.ugb-4633cab .ugb-feature__content:before{background-color:#000000 !important}.ugb-4633cab .ugb-feature__image{background-image:url(https:\/\/effetquebec.ca\/wp-content\/uploads\/2024\/05\/Material_Megaceta-_CREO_Still004.png)}.ugb-4633cab .ugb-feature__title{font-family:\"Archivo Black\",Sans-serif !important;font-weight:500 !important;color:var(--stk-global-color-88711,#313131)}.ugb-4633cab .ugb-feature__description{color:#ffffff;margin-bottom:16px !important}.ugb-4633cab .ugb-button .ugb-button--inner{font-family:\"Lato\",Sans-serif !important}.ugb-4633cab .ugb-button{background-color:var(--stk-global-color-37811,#732fb7);border-radius:100px !important}.ugb-4633cab .ugb-button .ugb-button--inner,.ugb-4633cab .ugb-button svg:not(.ugb-custom-icon){color:#ffffff !important}.ugb-4633cab .ugb-button:before{border-radius:100px !important}.ugb-4633cab .ugb-button-container{margin-bottom:50px !important}.ugb-4633cab.ugb-feature{background-color:rgba(0,0,0,1)}.ugb-4633cab{padding:0 !important}.ugb-4633cab.ugb-feature:before{background-color:#000000}@media screen and (min-width:768px){.ugb-4633cab.ugb-feature{margin-bottom:-29px !important;padding-right:0px !important;padding-left:0px !important}}<\/style><div class=\"ugb-inner-block ugb-inner-block--full\"><div class=\"ugb-block-content\"><div class=\"ugb-feature__item ugb--shadow-0\"><div class=\"ugb-feature__content\"><h3 class=\"ugb-feature__title\"><span style=\"\" class=\"ugb-highlight\"><font color=\"#ffffff\"><span style=\"font-size: 21.06px;\">CREO<\/span><\/font><\/span><\/h3><p class=\"ugb-feature__description\"><strong>Caroline Julien<\/strong> &#8211; CEO and Founder<br><strong>Michel Groulx<\/strong> &#8211; Producer<br><br>Featured projects:<br><strong><a href=\"https:\/\/megaceta.webflow.io\/\">M\u00e9gaceta<\/a><\/strong><br>Have you ever come face-to-face with a whale? It&#8217;s now possible thanks to MEGACETA, an immersive and interactive experience that allows visitors to play with the giants of the sea\u2026 without a virtual reality headset! Life-size projections of marine mammals offer a spectacular visual production that marries photorealistic 3D models with organic animation that has been thoroughly validated by a scientific committee. As well as offering an active and universal learning experience reaching the public without the need for words, this product is an ethical solution to the issues related to the captivity of marine mammals.<br><br><strong><a href=\"https:\/\/www.cosmocite.fr\/about\/\">Cosmocit\u00e9<\/a><\/strong><br>CREO participated in a prestigious international project aimed at creating a new planetarium and science centre in the Rh\u00f4ne-Alpes region, alongside the architecture firms Cardin Julien and Arcane Architectes. With the collaboration of Groupe DES, CREO has been the project manager for the new permanent exhibition, whose two themes are Earth and Space.<br><br>CREO is taking part in this conference (we look forward to seeing you there!):<br><strong><em>Creating a new science centre: Become the hero of the experience<\/em><\/strong><br>Date: June 6, 2024<br>Time: 12:00 PM<\/p><div class=\"ugb-button-container\"><a class=\"ugb-button ugb-button--size-small ugb--hover-effect-lift\" href=\"https:\/\/creo.ca\/en\/\" target=\"_blank\" rel=\"noopener noreferrer nofollow\" title=\"\"><span class=\"ugb-button--inner\">Read more<\/span><\/a><\/div><\/div><div class=\"ugb-feature__image\"><\/div><\/div><\/div><\/div><\/div>\n\n\n\n<div class=\"alignfull wp-block-ugb-feature ugb-feature ugb-05d1073 ugb-feature--v2 ugb-feature--design-half ugb-main-block ugb-main-block--inner-full ugb--has-block-background\"><style>.ugb-05d1073 .ugb-feature__item{border-radius:0px !important}.ugb-05d1073 .ugb-feature__content{background-color:#000000 !important}.ugb-05d1073 .ugb-feature__content:before{background-color:#000000 !important}.ugb-05d1073 .ugb-feature__image{background-image:url(https:\/\/effetquebec.ca\/wp-content\/uploads\/2024\/05\/gentilhomme-1920.jpg)}.ugb-05d1073 .ugb-feature__title{font-family:\"Archivo Black\",Sans-serif !important;font-weight:500 !important;color:var(--stk-global-color-88711,#313131)}.ugb-05d1073 .ugb-feature__description{color:#ffffff}.ugb-05d1073 .ugb-button .ugb-button--inner{font-family:\"Lato\",Sans-serif !important}.ugb-05d1073 .ugb-button{background-color:var(--stk-global-color-37811,#732fb7);border-radius:100px !important}.ugb-05d1073 .ugb-button .ugb-button--inner,.ugb-05d1073 .ugb-button svg:not(.ugb-custom-icon){color:#ffffff !important}.ugb-05d1073 .ugb-button:before{border-radius:100px !important}.ugb-05d1073 .ugb-button-container{margin-bottom:50px !important}.ugb-05d1073.ugb-feature{background-color:rgba(0,0,0,1)}.ugb-05d1073{padding:0 !important}.ugb-05d1073.ugb-feature:before{background-color:#000000}@media screen and (min-width:768px){.ugb-05d1073.ugb-feature{margin-bottom:-29px !important}}<\/style><div class=\"ugb-inner-block ugb-inner-block--full\"><div class=\"ugb-block-content\"><div class=\"ugb-feature__item ugb--shadow-0\"><div class=\"ugb-feature__content\"><h3 class=\"ugb-feature__title\"><span style=\"color: #ffffff;\" class=\"ugb-highlight\">Gentilhomme<\/span><\/h3><p class=\"ugb-feature__description\"><strong>Carolina Iregui<\/strong> &#8211; Project Manager<br><br>Featured projects:<br><strong><a href=\"https:\/\/gentilhomme.com\/en\/projects\/opal\/\">OPAL<br><\/a><\/strong>OPAL is an interactive installation showcasing the profound influence of ecosystem connections. Immerse yourself in the mesmerizing levitating artifact, crafted from an assortment of extraordinary materials and vibrant colors, seamlessly merging the realms of minerals, plants, and technology.<br><br><strong><a href=\"https:\/\/gentilhomme.com\/en\/projects\/gravity-orchestra\/\">Gravity Orchestra<br><\/a><\/strong>An interactive sound installation for SXSW 2022.<br>A playful metaphor for what we do as a company, Gravity Orchestra is an interactive sound installation designed to evoke your inner virtuoso. No musical experience is required to perform, while the well-experienced musician or composer finds new musical challenges and opportunities with the instruments. The instruments resonate during collisions between objects, sent directly from UNREAL.<br>Using simple wooden blocks to compose and conduct free-falling pinballs from above, the user can explore an infinite number of arrangements and styles, depending on their intuition.<\/p><div class=\"ugb-button-container\"><a class=\"ugb-button ugb-button--size-small ugb--hover-effect-lift\" href=\"https:\/\/gentilhomme.com\/en\/\" target=\"_blank\" rel=\"noopener noreferrer nofollow\" title=\"\"><span class=\"ugb-button--inner\">READ MORE<\/span><\/a><\/div><\/div><div class=\"ugb-feature__image\"><\/div><\/div><\/div><\/div><\/div>\n\n\n\n<div class=\"alignfull wp-block-ugb-feature ugb-feature ugb-acd8857 ugb-feature--v2 ugb-feature--design-half ugb-feature--invert ugb-main-block ugb-main-block--inner-full ugb--has-block-background\"><style>.ugb-acd8857 .ugb-feature__item{border-radius:2px !important}.ugb-acd8857 .ugb-feature__content{background-color:#000000 !important}.ugb-acd8857 .ugb-feature__content:before{background-color:#000000 !important}.ugb-acd8857 .ugb-feature__image{background-image:url(https:\/\/effetquebec.ca\/wp-content\/uploads\/2024\/05\/GSM-Musee-J.Armand-Bombardier-Edit_Olivier-Blouin.png)}.ugb-acd8857 .ugb-feature__title{font-family:\"Archivo Black\",Sans-serif !important;font-weight:500 !important;color:var(--stk-global-color-88711,#313131)}.ugb-acd8857 .ugb-feature__description{color:#ffffff;margin-bottom:12px !important}.ugb-acd8857 .ugb-button .ugb-button--inner{font-family:\"Lato\",Sans-serif !important}.ugb-acd8857 .ugb-button{background-color:var(--stk-global-color-37811,#732fb7);border-radius:100px !important}.ugb-acd8857 .ugb-button .ugb-button--inner,.ugb-acd8857 .ugb-button svg:not(.ugb-custom-icon){color:#ffffff !important}.ugb-acd8857 .ugb-button:before{border-radius:100px !important}.ugb-acd8857 .ugb-button-container{margin-bottom:50px !important}.ugb-acd8857.ugb-feature{background-color:rgba(0,0,0,1)}.ugb-acd8857{padding:0 !important}.ugb-acd8857.ugb-feature:before{background-color:#000000}@media screen and (min-width:768px){.ugb-acd8857.ugb-feature{margin-bottom:-29px !important;padding-right:35px !important;padding-left:35px !important}}<\/style><div class=\"ugb-inner-block ugb-inner-block--full\"><div class=\"ugb-block-content\"><div class=\"ugb-feature__item ugb--shadow-0\"><div class=\"ugb-feature__content\"><h3 class=\"ugb-feature__title\"><span style=\"color: #ffffff;\" class=\"ugb-highlight\">GSM Project<\/span><\/h3><p class=\"ugb-feature__description\"><strong>Erika Kiessner <\/strong>&#8211; Creative Director<br><strong>Fabien Laserre<\/strong> &#8211; Project Director<br><br>Featured projects:<br><a href=\"https:\/\/gsmproject.com\/en\/projects\/case-study\/museum-of-ingenuity-j-armand-bombardier\/\"><strong>Museum of Ingenuity J. Armand Bombardier<\/strong><\/a><br>First open to the public in 1971, the J. Armand Bombardier Museum at the corporate headquarters in Valcourt, Qu\u00e9bec, had been long overdue for a complete overhaul. In 2014, GSM Project began working with the Museum\u2019s team to develop a greatly expanded and improved permanent exhibit, updating the original snowmobile content and adding Bombardier\u2019s other branches, including recreational vehicles, public transportation, and aerospace engineering. This new content and collection, as well as biographical materials related to Joseph-Armand Bombardier himself, was tied together through the theme of ingenuity.<br><br><a href=\"https:\/\/gsmproject.com\/en\/projects\/case-study\/the-alaska-exhibition\/\"><strong>Alaska Gallery<\/strong><\/a><br>The re-envisioned exhibition presents a contemporary approach to the telling of Alaska\u2019s history through multiple voices and perspectives. Museum-goers are invited to consider for themselves what Alaska really is: what is real, what is myth, and what lives in the space in between. On view are more than 400 artifacts from the Anchorage Museum\u2019s collections, each telling a story of the lived experiences of Alaskans. The exhibition is also rich in multimedia content, featuring some 30 video productions that bring a human touch to the experience, and visitors also encounter plenty of opportunities to interact and engage.<br><br>Erika will be taking part in both conferences!<br><a href=\"https:\/\/ecsite2024.exordo.com\/programme\/session\/134\"><strong><em>Moving the needle: Helping visitors develop skills to address today\u2019s challenges<\/em><\/strong><\/a><br>Date: June 8, 2024<br>Time: 9:00 AM<br><strong><em><a href=\"https:\/\/ecsite2024.exordo.com\/programme\/session\/141\">House of Commons : The debate is on, take a stand!<\/a><\/em><\/strong><br>Date: June 8, 2024<br>Time: 4:30 PM<\/p><div class=\"ugb-button-container\"><a class=\"ugb-button ugb-button--size-small ugb--hover-effect-lift\" href=\"https:\/\/gsmproject.com\/en\/\" target=\"_blank\" rel=\"noopener noreferrer nofollow\" title=\"\"><span class=\"ugb-button--inner\">READ MORE<\/span><\/a><\/div><\/div><div class=\"ugb-feature__image\"><\/div><\/div><\/div><\/div><\/div>\n\n\n\n<div class=\"alignfull wp-block-ugb-feature ugb-feature ugb-6a40ecc ugb-feature--v2 ugb-feature--design-half ugb-main-block ugb-main-block--inner-full ugb--has-block-background\"><style>.ugb-6a40ecc .ugb-feature__item{border-radius:0px !important}.ugb-6a40ecc .ugb-feature__content{background-color:#000000 !important}.ugb-6a40ecc .ugb-feature__content:before{background-color:#000000 !important}.ugb-6a40ecc .ugb-feature__image{background-image:url(https:\/\/effetquebec.ca\/wp-content\/uploads\/2024\/05\/o_merde_1920.jpg)}.ugb-6a40ecc .ugb-feature__title{font-family:\"Archivo Black\",Sans-serif !important;font-weight:500 !important;color:var(--stk-global-color-88711,#313131)}.ugb-6a40ecc .ugb-feature__description{color:#ffffff}.ugb-6a40ecc .ugb-button .ugb-button--inner{font-family:\"Lato\",Sans-serif !important}.ugb-6a40ecc .ugb-button{background-color:var(--stk-global-color-37811,#732fb7);border-radius:100px !important}.ugb-6a40ecc .ugb-button .ugb-button--inner,.ugb-6a40ecc .ugb-button svg:not(.ugb-custom-icon){color:#ffffff !important}.ugb-6a40ecc .ugb-button:before{border-radius:100px !important}.ugb-6a40ecc .ugb-button-container{margin-bottom:50px !important}.ugb-6a40ecc.ugb-feature{background-color:rgba(0,0,0,1)}.ugb-6a40ecc{padding:0 !important}.ugb-6a40ecc.ugb-feature:before{background-color:#000000}@media screen and (min-width:768px){.ugb-6a40ecc.ugb-feature{margin-bottom:-29px !important}}<\/style><div class=\"ugb-inner-block ugb-inner-block--full\"><div class=\"ugb-block-content\"><div class=\"ugb-feature__item ugb--shadow-0\"><div class=\"ugb-feature__content\"><h3 class=\"ugb-feature__title\"><span style=\"color: #ffffff;\" class=\"ugb-highlight\">Mus\u00e9e de la civilisation<\/span><\/h3><p class=\"ugb-feature__description\"><strong>Catherine Benoit <\/strong>&#8211; Touring Exhibitions Outreach Officer<br><br>Featured project:<br><a href=\"https:\/\/mcq.org\/espace-professionnel\/expositions-itinerantes\/o-merde\/\"><strong>Brown Gold<\/strong><br><\/a>Dare to dive into a bold exhibition about human excrement! Taking an immersive, fun and engaging approach to an important issue with global implications, Brown Gold takes visitors on a journey into the environmental and social issues surrounding poop. As visitors make their way through the exhibition, exploring the intellectual and nuanced scientific discourse, they can expect a dramatic change in the way they perceive what is proving to be the world&#8217;s most underestimated and inexhaustible resource. The exhibition features 200 collection objects, artworks, an installation reconstituting various toilets from around the world, and the CACArcade, an artistic-entertainment and interactive experience focusing on the health issues surrounding the management of fecal matter in video games.<br><br>Don&#8217;t miss Catherine!<br><strong><em>Part 2 &#8211; What&#8217;s new in travelling exhibitions?<\/em><\/strong><br>Date: June 7, 2024<br>Time: 2:30 PM<\/p><div class=\"ugb-button-container\"><a class=\"ugb-button ugb-button--size-small ugb--hover-effect-lift\" href=\"https:\/\/mcq.org\/en\/\" target=\"_blank\" rel=\"noopener noreferrer\" title=\"\"><span class=\"ugb-button--inner\">READ MORE<\/span><\/a><\/div><\/div><div class=\"ugb-feature__image\"><\/div><\/div><\/div><\/div><\/div>\n\n\n\n<div class=\"alignfull wp-block-ugb-feature ugb-feature ugb-89bd40d ugb-feature--v2 ugb-feature--design-half ugb-feature--invert ugb-main-block ugb-main-block--inner-full ugb--has-block-background\"><style>.ugb-89bd40d .ugb-feature__item{border-radius:0px !important}.ugb-89bd40d .ugb-feature__content{background-color:#000000 !important}.ugb-89bd40d .ugb-feature__content:before{background-color:#000000 !important}.ugb-89bd40d .ugb-feature__image{background-image:url(https:\/\/effetquebec.ca\/wp-content\/uploads\/2024\/05\/OASIS-nv-1920.jpg)}.ugb-89bd40d .ugb-feature__title{font-family:\"Archivo Black\",Sans-serif !important;font-weight:500 !important;color:var(--stk-global-color-88711,#313131)}.ugb-89bd40d .ugb-feature__description{color:#ffffff}.ugb-89bd40d .ugb-button .ugb-button--inner{font-family:\"Lato\",Sans-serif !important}.ugb-89bd40d .ugb-button{background-color:var(--stk-global-color-37811,#732fb7);border-radius:100px !important}.ugb-89bd40d .ugb-button .ugb-button--inner,.ugb-89bd40d .ugb-button svg:not(.ugb-custom-icon){color:#ffffff !important}.ugb-89bd40d .ugb-button:before{border-radius:100px !important}.ugb-89bd40d .ugb-button-container{margin-bottom:50px !important}.ugb-89bd40d.ugb-feature{background-color:rgba(0,0,0,1)}.ugb-89bd40d{padding:0 !important}.ugb-89bd40d.ugb-feature:before{background-color:#000000}@media screen and (min-width:768px){.ugb-89bd40d.ugb-feature{margin-bottom:-29px !important}}<\/style><div class=\"ugb-inner-block ugb-inner-block--full\"><div class=\"ugb-block-content\"><div class=\"ugb-feature__item ugb--shadow-0\"><div class=\"ugb-feature__content\"><h3 class=\"ugb-feature__title\"><span style=\"color: #ffffff;\" class=\"ugb-highlight\">OASIS Immersive Studios<\/span><\/h3><p class=\"ugb-feature__description\"><strong>Nicolas Lassonde<\/strong> &#8211; Co-founder and VP Business Development<br><span style=\"color: #ffffff;\" class=\"ugb-highlight\"><br><\/span>Featured project: <br><span style=\"color: #ffffff;\" class=\"ugb-highlight\"><a href=\"https:\/\/oasis.im\/en\/root-for-nature\/\"><strong>Root for Nature<\/strong><br><\/a>A powerful, modern perspective on biodiversity. The program includes a sensory experience in the heart of nature, presented as never before, in a production designed to motivate visitors to take positive action in the face of major biodiversity issues. Root for Nature is intended to be a moment suspended in time, offering a moving spectacle that reminds us of the importance of preserving the magic of our beloved planet and reinforcing the will to meet COP15 commitments aimed at protecting 30% of all ecosystems by 2030. The Root for Nature immersive experience brings together several organizations committed to conservation and sustainable development, including the United Nations, the David Suzuki Foundation, the Workshops for biodiversity , the Age of Union Environmental Alliance, the Palais des congr\u00e8s de Montr\u00e9al, Tourisme Montr\u00e9al, WSP and National Geographic. The Experience is produced and traveled by OASIS Immersive Studios in collaboration with National Geographic.<\/span><\/p><div class=\"ugb-button-container\"><a class=\"ugb-button ugb-button--size-small ugb--hover-effect-lift\" href=\"https:\/\/oasis.im\/en\/\" target=\"_blank\" rel=\"noopener noreferrer nofollow\" title=\"\"><span class=\"ugb-button--inner\">READ MORE<\/span><\/a><\/div><\/div><div class=\"ugb-feature__image\"><\/div><\/div><\/div><\/div><\/div>\n\n\n\n<div class=\"alignfull wp-block-ugb-feature ugb-feature ugb-373f9bb ugb-feature--v2 ugb-feature--design-half ugb-main-block ugb-main-block--inner-full ugb--has-block-background\"><style>.ugb-373f9bb .ugb-feature__item{border-radius:0px !important}.ugb-373f9bb .ugb-feature__content{background-color:#000000 !important}.ugb-373f9bb .ugb-feature__content:before{background-color:#000000 !important}.ugb-373f9bb .ugb-feature__image{background-image:url(https:\/\/effetquebec.ca\/wp-content\/uploads\/2024\/05\/infinite-1920.jpg);background-position:top center !important}.ugb-373f9bb .ugb-feature__title{font-family:\"Archivo Black\",Sans-serif !important;font-weight:500 !important;color:var(--stk-global-color-88711,#313131)}.ugb-373f9bb .ugb-feature__description{color:#ffffff}.ugb-373f9bb .ugb-button .ugb-button--inner{font-family:\"Lato\",Sans-serif !important}.ugb-373f9bb .ugb-button{background-color:var(--stk-global-color-37811,#732fb7);border-radius:100px !important}.ugb-373f9bb .ugb-button .ugb-button--inner,.ugb-373f9bb .ugb-button svg:not(.ugb-custom-icon){color:#ffffff !important}.ugb-373f9bb .ugb-button:before{border-radius:100px !important}.ugb-373f9bb .ugb-button-container{margin-bottom:50px !important}.ugb-373f9bb.ugb-feature{background-color:rgba(0,0,0,1)}.ugb-373f9bb{padding:0 !important}.ugb-373f9bb.ugb-feature:before{background-color:#000000}@media screen and (min-width:768px){.ugb-373f9bb.ugb-feature{margin-bottom:-29px !important}}<\/style><div class=\"ugb-inner-block ugb-inner-block--full\"><div class=\"ugb-block-content\"><div class=\"ugb-feature__item ugb--shadow-0\"><div class=\"ugb-feature__content\"><h3 class=\"ugb-feature__title\"><span style=\"color: #ffffff;\" class=\"ugb-highlight\">PHI<\/span><\/h3><p class=\"ugb-feature__description\"><strong>Julie Tremblay <\/strong>&#8211; Executive Producer<br><br>Featured project:<br><a href=\"https:\/\/theinfiniteexperience.world\/\"><strong>Space Explorers: <\/strong>THE INFINITE<br><\/a>Space Explorers: THE INFINITE is a 60-minute immersive experience designed as a touring exhibition. The central theme of the experience is space exploration. Featuring new and exclusive content from the most ambitious new media project ever conducted in space, &#8220;Space Explorers: the ISS Experience&#8221; (Emmy\u00ae Winner) by Felix &amp; Paul Studios, in association with TIME Studios, and in partnership with NASA and the International Space Station (ISS) National Laboratory. This project consists of more than 200 hours of 3D-360\u00b0 immersive content filmed onboard the ISS and more than 16 hours of testimonials by astronauts. The recordings form the basis for the immersive story and narrative of THE INFINITE. As of today, Space Explorers: THE INFINITE is the biggest immersive experience on space exploration.<\/p><div class=\"ugb-button-container\"><a class=\"ugb-button ugb-button--size-small ugb--hover-effect-lift\" href=\"https:\/\/theinfiniteexperience.world\" target=\"_blank\" rel=\"noopener noreferrer nofollow\" title=\"\"><span class=\"ugb-button--inner\">READ MORE<\/span><\/a><\/div><\/div><div class=\"ugb-feature__image\"><\/div><\/div><\/div><\/div><\/div>\n\n\n\n<div class=\"alignfull wp-block-ugb-feature ugb-feature ugb-4d7e0ac ugb-feature--v2 ugb-feature--design-half ugb-feature--invert ugb-main-block ugb-main-block--inner-full ugb--has-block-background\"><style>.ugb-4d7e0ac .ugb-feature__item{border-radius:0px !important}.ugb-4d7e0ac .ugb-feature__content{background-color:#000000 !important}.ugb-4d7e0ac .ugb-feature__content:before{background-color:#000000 !important}.ugb-4d7e0ac .ugb-feature__image{background-image:url(https:\/\/effetquebec.ca\/wp-content\/uploads\/2024\/05\/QuantumRectangleHalfImages_WEB_00000-gigapixel-very_compressed-scale-4_00x.png)}.ugb-4d7e0ac .ugb-feature__title{font-family:\"Archivo Black\",Sans-serif !important;font-weight:500 !important;color:var(--stk-global-color-88711,#313131)}.ugb-4d7e0ac .ugb-feature__description{color:#ffffff}.ugb-4d7e0ac .ugb-button .ugb-button--inner{font-family:\"Lato\",Sans-serif !important}.ugb-4d7e0ac .ugb-button{background-color:var(--stk-global-color-37811,#732fb7);border-radius:100px !important}.ugb-4d7e0ac .ugb-button .ugb-button--inner,.ugb-4d7e0ac .ugb-button svg:not(.ugb-custom-icon){color:#ffffff !important}.ugb-4d7e0ac .ugb-button:before{border-radius:100px !important}.ugb-4d7e0ac .ugb-button-container{margin-bottom:50px !important}.ugb-4d7e0ac.ugb-feature{background-color:rgba(0,0,0,1)}.ugb-4d7e0ac{padding:0 !important}.ugb-4d7e0ac.ugb-feature:before{background-color:#000000}@media screen and (min-width:768px){.ugb-4d7e0ac.ugb-feature{margin-bottom:-29px !important}}<\/style><div class=\"ugb-inner-block ugb-inner-block--full\"><div class=\"ugb-block-content\"><div class=\"ugb-feature__item ugb--shadow-0\"><div class=\"ugb-feature__content\"><h3 class=\"ugb-feature__title\"><span style=\"color: #ffffff;\" class=\"ugb-highlight\">Supply + Demand<\/span><\/h3><p class=\"ugb-feature__description\"><strong>Madeleine Bernatchez<\/strong> &#8211; Artistic Director &#8211; Prop and Set Designer<br><strong>R\u00e9mi Lapointe<\/strong> &#8211; Director of Technology and Innovation<br><br>Featured projects:<br><a href=\"https:\/\/modular-system.ca\/\"><strong>Le Modular Exhibit System (MES)<\/strong><br><\/a>It&#8217;s not just another piece of equipment; it&#8217;s a true game-changer for the museum industry. Imagine exhibitions that seamlessly transform, engaging visitors in interactive journeys through history, science, and culture.<br>With the MES, flexibility is paramount. Its adaptable nature empowers museums and science centers to create unforgettable experiences tailored to their unique narratives and educational goals. From the projection surfaces to the interactive devices, the MES offers a space for creation, communication, and human connection where only imagination sets the limits.<br><br><strong><a href=\"https:\/\/supply-demand.ca\/en\/projects\">Original content available for distribution<\/a><\/strong><br>At Supply + Demand, we&#8217;re proud to present four original content experiences available for distribution.<\/p><div class=\"ugb-button-container\"><a class=\"ugb-button ugb-button--size-small ugb--hover-effect-lift\" href=\"https:\/\/supply-demand.ca\/en\" target=\"_blank\" rel=\"noopener noreferrer nofollow\" title=\"\"><span class=\"ugb-button--inner\">READ MORE<\/span><\/a><\/div><\/div><div class=\"ugb-feature__image\"><\/div><\/div><\/div><\/div><\/div>\n\n\n\n<div class=\"alignfull wp-block-ugb-feature ugb-feature ugb-e6524db ugb-feature--v2 ugb-feature--design-half ugb-main-block ugb-main-block--inner-full ugb--has-block-background\"><style>.ugb-e6524db .ugb-feature__item{border-radius:0px !important}.ugb-e6524db .ugb-feature__content{background-color:#000000 !important}.ugb-e6524db .ugb-feature__content:before{background-color:#000000 !important}.ugb-e6524db .ugb-feature__image{background-image:url(https:\/\/effetquebec.ca\/wp-content\/uploads\/2024\/05\/Explore-CDS_TKNL_Normand-Blouin_001-scaled.jpg)}.ugb-e6524db .ugb-feature__title{font-family:\"Archivo Black\",Sans-serif !important;font-weight:500 !important;color:var(--stk-global-color-88711,#313131)}.ugb-e6524db .ugb-feature__description{color:#ffffff}.ugb-e6524db .ugb-button .ugb-button--inner{font-family:\"Lato\",Sans-serif !important}.ugb-e6524db .ugb-button{background-color:var(--stk-global-color-37811,#732fb7);border-radius:100px !important}.ugb-e6524db .ugb-button .ugb-button--inner,.ugb-e6524db .ugb-button svg:not(.ugb-custom-icon){color:#ffffff !important}.ugb-e6524db .ugb-button:before{border-radius:100px !important}.ugb-e6524db .ugb-button-container{margin-bottom:50px !important}.ugb-e6524db.ugb-feature{background-color:rgba(0,0,0,1)}.ugb-e6524db{padding:0 !important}.ugb-e6524db.ugb-feature:before{background-color:#000000}@media screen and (min-width:768px){.ugb-e6524db.ugb-feature{margin-bottom:-29px !important}}<\/style><div class=\"ugb-inner-block ugb-inner-block--full\"><div class=\"ugb-block-content\"><div class=\"ugb-feature__item ugb--shadow-0\"><div class=\"ugb-feature__content\"><h3 class=\"ugb-feature__title\"><span style=\"color: #ffffff;\" class=\"ugb-highlight\">TKNL Experiences<\/span><\/h3><p class=\"ugb-feature__description\"><strong>Nathalie G\u00e9linas<\/strong> &#8211; Producer<br><strong>Nichola Lapierre<\/strong> &#8211; Producer<br><br>Featured project:<br><a href=\"https:\/\/www.montrealsciencecentre.com\/permanent-exhibition\/explore\"><strong>Explore &#8211; Montreal Science Centre<\/strong><br><\/a>Explore is a grand celebration of science! This vast, fun exhibition helps make a variety of scientific concepts more accessible to young visitors through more than 50 interactive digital, mechanical and electromechanical experiences! Playful and intuitive, it reveals the principles underpinning seven great themes of the scientific world: movement, air, light, water, geometry, matter, and of course code, the mysterious language behind all connected objects! In colorful spaces filled with surprises, visitors explore and experiment, sometimes on a tiny scale, sometimes using their entire bodies.<\/p><div class=\"ugb-button-container\"><a class=\"ugb-button ugb-button--size-small ugb--hover-effect-lift\" href=\"https:\/\/www.montrealsciencecentre.com\/permanent-exhibition\/explore\" rel=\"nofollow\" title=\"\"><span class=\"ugb-button--inner\">READ MORE<\/span><\/a><\/div><\/div><div class=\"ugb-feature__image\"><\/div><\/div><\/div><\/div><\/div>\n","protected":false},"excerpt":{"rendered":"ECSITE 2024","protected":false},"author":118,"featured_media":17184,"template":"","meta":{"_acf_changed":false,"_links_to":"","_links_to_target":""},"class_list":["post-17060","evenements","type-evenements","status-publish","has-post-thumbnail","hentry"],"featured_image_urls_v2":{"full":["https:\/\/effetquebec.ca\/wp-content\/uploads\/2024\/05\/EQ-Ecsite_Website-Banner.jpg",1601,1600,false],"thumbnail":["https:\/\/effetquebec.ca\/wp-content\/uploads\/2024\/05\/EQ-Ecsite_Website-Banner-150x150.jpg",150,150,true],"medium":["https:\/\/effetquebec.ca\/wp-content\/uploads\/2024\/05\/EQ-Ecsite_Website-Banner-250x250.jpg",250,250,true],"medium_large":["https:\/\/effetquebec.ca\/wp-content\/uploads\/2024\/05\/EQ-Ecsite_Website-Banner-768x768.jpg",768,768,true],"large":["https:\/\/effetquebec.ca\/wp-content\/uploads\/2024\/05\/EQ-Ecsite_Website-Banner-700x700.jpg",700,700,true],"1536x1536":["https:\/\/effetquebec.ca\/wp-content\/uploads\/2024\/05\/EQ-Ecsite_Website-Banner-1536x1536.jpg",1536,1536,true],"2048x2048":["https:\/\/effetquebec.ca\/wp-content\/uploads\/2024\/05\/EQ-Ecsite_Website-Banner.jpg",1601,1600,false],"small":["https:\/\/effetquebec.ca\/wp-content\/uploads\/2024\/05\/EQ-Ecsite_Website-Banner-120x120.jpg",120,120,true],"custom-size":["https:\/\/effetquebec.ca\/wp-content\/uploads\/2024\/05\/EQ-Ecsite_Website-Banner-700x200.jpg",700,200,true],"grille":["https:\/\/effetquebec.ca\/wp-content\/uploads\/2024\/05\/EQ-Ecsite_Website-Banner-800x450.jpg",800,450,true],"gform-image-choice-sm":["https:\/\/effetquebec.ca\/wp-content\/uploads\/2024\/05\/EQ-Ecsite_Website-Banner.jpg",300,300,false],"gform-image-choice-md":["https:\/\/effetquebec.ca\/wp-content\/uploads\/2024\/05\/EQ-Ecsite_Website-Banner.jpg",400,400,false],"gform-image-choice-lg":["https:\/\/effetquebec.ca\/wp-content\/uploads\/2024\/05\/EQ-Ecsite_Website-Banner.jpg",600,600,false]},"post_excerpt_stackable_v2":"ECSITE 2024","category_list_v2":"","author_info_v2":{"name":"Sara","url":"https:\/\/effetquebec.ca\/en\/author\/saraxnquebec-co\/"},"comments_num_v2":"0 comments","acf":[],"yoast_head":"<!-- This site is optimized with the Yoast SEO plugin v27.4 - https:\/\/yoast.com\/product\/yoast-seo-wordpress\/ -->\n<title>ECSITE - Qu\u00e9bec delegation 2024 - L\u2019Effet Qu\u00e9bec<\/title>\n<meta name=\"description\" content=\"Du 5 au 8 juin 2024, Ljubljana (SLOV\u00c9NIE).\" \/>\n<meta name=\"robots\" content=\"index, follow, max-snippet:-1, max-image-preview:large, max-video-preview:-1\" \/>\n<link rel=\"canonical\" href=\"https:\/\/effetquebec.ca\/en\/eventlist\/ecsite-delegation-quebecoise-2024\/\" \/>\n<meta property=\"og:locale\" content=\"en_US\" \/>\n<meta property=\"og:type\" content=\"article\" \/>\n<meta property=\"og:title\" content=\"ECSITE - Qu\u00e9bec delegation 2024 - L\u2019Effet Qu\u00e9bec\" \/>\n<meta property=\"og:description\" content=\"Du 5 au 8 juin 2024, Ljubljana (SLOV\u00c9NIE).\" \/>\n<meta property=\"og:url\" content=\"https:\/\/effetquebec.ca\/en\/eventlist\/ecsite-delegation-quebecoise-2024\/\" \/>\n<meta property=\"og:site_name\" content=\"L\u2019Effet Qu\u00e9bec\" \/>\n<meta property=\"article:publisher\" content=\"https:\/\/www.facebook.com\/XnQuebec\" \/>\n<meta property=\"article:modified_time\" content=\"2024-06-03T14:58:24+00:00\" \/>\n<meta property=\"og:image\" content=\"https:\/\/effetquebec.ca\/wp-content\/uploads\/2024\/05\/EQ-Ecsite_Website-Banner.jpg\" \/>\n\t<meta property=\"og:image:width\" content=\"1601\" \/>\n\t<meta property=\"og:image:height\" content=\"1600\" \/>\n\t<meta property=\"og:image:type\" content=\"image\/jpeg\" \/>\n<meta name=\"twitter:card\" content=\"summary_large_image\" \/>\n<meta name=\"twitter:label1\" content=\"Est. reading time\" \/>\n\t<meta name=\"twitter:data1\" content=\"7 minutes\" \/>\n<script type=\"application\/ld+json\" class=\"yoast-schema-graph\">{\"@context\":\"https:\\\/\\\/schema.org\",\"@graph\":[{\"@type\":\"Article\",\"@id\":\"https:\\\/\\\/effetquebec.ca\\\/en\\\/eventlist\\\/ecsite-delegation-quebecoise-2024\\\/#article\",\"isPartOf\":{\"@id\":\"https:\\\/\\\/effetquebec.ca\\\/en\\\/eventlist\\\/ecsite-delegation-quebecoise-2024\\\/\"},\"author\":{\"name\":\"Sara\",\"@id\":\"https:\\\/\\\/effetquebec.ca\\\/en\\\/#\\\/schema\\\/person\\\/940ef39453e3e18284e90f021ae27fae\"},\"headline\":\"ECSITE &#8211; Qu\u00e9bec delegation 2024\",\"datePublished\":\"2024-06-03T03:03:17+00:00\",\"dateModified\":\"2024-06-03T14:58:24+00:00\",\"mainEntityOfPage\":{\"@id\":\"https:\\\/\\\/effetquebec.ca\\\/en\\\/eventlist\\\/ecsite-delegation-quebecoise-2024\\\/\"},\"wordCount\":1437,\"publisher\":{\"@id\":\"https:\\\/\\\/effetquebec.ca\\\/en\\\/#organization\"},\"image\":{\"@id\":\"https:\\\/\\\/effetquebec.ca\\\/en\\\/eventlist\\\/ecsite-delegation-quebecoise-2024\\\/#primaryimage\"},\"thumbnailUrl\":\"https:\\\/\\\/effetquebec.ca\\\/wp-content\\\/uploads\\\/2024\\\/05\\\/EQ-Ecsite_Website-Banner.jpg\",\"inLanguage\":\"en-CA\"},{\"@type\":\"WebPage\",\"@id\":\"https:\\\/\\\/effetquebec.ca\\\/en\\\/eventlist\\\/ecsite-delegation-quebecoise-2024\\\/\",\"url\":\"https:\\\/\\\/effetquebec.ca\\\/en\\\/eventlist\\\/ecsite-delegation-quebecoise-2024\\\/\",\"name\":\"ECSITE - Qu\u00e9bec delegation 2024 - L\u2019Effet Qu\u00e9bec\",\"isPartOf\":{\"@id\":\"https:\\\/\\\/effetquebec.ca\\\/en\\\/#website\"},\"primaryImageOfPage\":{\"@id\":\"https:\\\/\\\/effetquebec.ca\\\/en\\\/eventlist\\\/ecsite-delegation-quebecoise-2024\\\/#primaryimage\"},\"image\":{\"@id\":\"https:\\\/\\\/effetquebec.ca\\\/en\\\/eventlist\\\/ecsite-delegation-quebecoise-2024\\\/#primaryimage\"},\"thumbnailUrl\":\"https:\\\/\\\/effetquebec.ca\\\/wp-content\\\/uploads\\\/2024\\\/05\\\/EQ-Ecsite_Website-Banner.jpg\",\"datePublished\":\"2024-06-03T03:03:17+00:00\",\"dateModified\":\"2024-06-03T14:58:24+00:00\",\"description\":\"Du 5 au 8 juin 2024, Ljubljana (SLOV\u00c9NIE).\",\"breadcrumb\":{\"@id\":\"https:\\\/\\\/effetquebec.ca\\\/en\\\/eventlist\\\/ecsite-delegation-quebecoise-2024\\\/#breadcrumb\"},\"inLanguage\":\"en-CA\",\"potentialAction\":[{\"@type\":\"ReadAction\",\"target\":[\"https:\\\/\\\/effetquebec.ca\\\/en\\\/eventlist\\\/ecsite-delegation-quebecoise-2024\\\/\"]}]},{\"@type\":\"ImageObject\",\"inLanguage\":\"en-CA\",\"@id\":\"https:\\\/\\\/effetquebec.ca\\\/en\\\/eventlist\\\/ecsite-delegation-quebecoise-2024\\\/#primaryimage\",\"url\":\"https:\\\/\\\/effetquebec.ca\\\/wp-content\\\/uploads\\\/2024\\\/05\\\/EQ-Ecsite_Website-Banner.jpg\",\"contentUrl\":\"https:\\\/\\\/effetquebec.ca\\\/wp-content\\\/uploads\\\/2024\\\/05\\\/EQ-Ecsite_Website-Banner.jpg\",\"width\":1601,\"height\":1600},{\"@type\":\"BreadcrumbList\",\"@id\":\"https:\\\/\\\/effetquebec.ca\\\/en\\\/eventlist\\\/ecsite-delegation-quebecoise-2024\\\/#breadcrumb\",\"itemListElement\":[{\"@type\":\"ListItem\",\"position\":1,\"name\":\"Accueil\",\"item\":\"https:\\\/\\\/effetquebec.ca\\\/en\\\/\"},{\"@type\":\"ListItem\",\"position\":2,\"name\":\"Events\",\"item\":\"https:\\\/\\\/effetquebec.ca\\\/en\\\/eventlist\\\/\"},{\"@type\":\"ListItem\",\"position\":3,\"name\":\"ECSITE &#8211; Qu\u00e9bec delegation 2024\"}]},{\"@type\":\"WebSite\",\"@id\":\"https:\\\/\\\/effetquebec.ca\\\/en\\\/#website\",\"url\":\"https:\\\/\\\/effetquebec.ca\\\/en\\\/\",\"name\":\"L\u2019Effet Qu\u00e9bec\",\"description\":\"P\u00f4le d\u2019expertise en exportation\",\"publisher\":{\"@id\":\"https:\\\/\\\/effetquebec.ca\\\/en\\\/#organization\"},\"potentialAction\":[{\"@type\":\"SearchAction\",\"target\":{\"@type\":\"EntryPoint\",\"urlTemplate\":\"https:\\\/\\\/effetquebec.ca\\\/en\\\/?s={search_term_string}\"},\"query-input\":{\"@type\":\"PropertyValueSpecification\",\"valueRequired\":true,\"valueName\":\"search_term_string\"}}],\"inLanguage\":\"en-CA\"},{\"@type\":\"Organization\",\"@id\":\"https:\\\/\\\/effetquebec.ca\\\/en\\\/#organization\",\"name\":\"L\u2019Effet Qu\u00e9bec\",\"url\":\"https:\\\/\\\/effetquebec.ca\\\/en\\\/\",\"logo\":{\"@type\":\"ImageObject\",\"inLanguage\":\"en-CA\",\"@id\":\"https:\\\/\\\/effetquebec.ca\\\/en\\\/#\\\/schema\\\/logo\\\/image\\\/\",\"url\":\"https:\\\/\\\/effetquebec.ca\\\/wp-content\\\/uploads\\\/2026\\\/04\\\/EffetQuebec.LogoVertical.RGB_.Noir-fav-1.png\",\"contentUrl\":\"https:\\\/\\\/effetquebec.ca\\\/wp-content\\\/uploads\\\/2026\\\/04\\\/EffetQuebec.LogoVertical.RGB_.Noir-fav-1.png\",\"width\":512,\"height\":512,\"caption\":\"L\u2019Effet Qu\u00e9bec\"},\"image\":{\"@id\":\"https:\\\/\\\/effetquebec.ca\\\/en\\\/#\\\/schema\\\/logo\\\/image\\\/\"},\"sameAs\":[\"https:\\\/\\\/www.facebook.com\\\/XnQuebec\",\"https:\\\/\\\/www.instagram.com\\\/xnquebec\\\/\",\"https:\\\/\\\/www.linkedin.com\\\/company\\\/xnquebec\\\/\"]},{\"@type\":\"Person\",\"@id\":\"https:\\\/\\\/effetquebec.ca\\\/en\\\/#\\\/schema\\\/person\\\/940ef39453e3e18284e90f021ae27fae\",\"name\":\"Sara\",\"image\":{\"@type\":\"ImageObject\",\"inLanguage\":\"en-CA\",\"@id\":\"https:\\\/\\\/secure.gravatar.com\\\/avatar\\\/2ac530a97fc9db59566fed92cc6d8dd1c6429dd06f37b16d3c1eb34cd2ef8ebf?s=96&d=mm&r=g\",\"url\":\"https:\\\/\\\/secure.gravatar.com\\\/avatar\\\/2ac530a97fc9db59566fed92cc6d8dd1c6429dd06f37b16d3c1eb34cd2ef8ebf?s=96&d=mm&r=g\",\"contentUrl\":\"https:\\\/\\\/secure.gravatar.com\\\/avatar\\\/2ac530a97fc9db59566fed92cc6d8dd1c6429dd06f37b16d3c1eb34cd2ef8ebf?s=96&d=mm&r=g\",\"caption\":\"Sara\"}}]}<\/script>\n<!-- \/ Yoast SEO plugin. -->","yoast_head_json":{"title":"ECSITE - Qu\u00e9bec delegation 2024 - L\u2019Effet Qu\u00e9bec","description":"Du 5 au 8 juin 2024, Ljubljana (SLOV\u00c9NIE).","robots":{"index":"index","follow":"follow","max-snippet":"max-snippet:-1","max-image-preview":"max-image-preview:large","max-video-preview":"max-video-preview:-1"},"canonical":"https:\/\/effetquebec.ca\/en\/eventlist\/ecsite-delegation-quebecoise-2024\/","og_locale":"en_US","og_type":"article","og_title":"ECSITE - Qu\u00e9bec delegation 2024 - L\u2019Effet Qu\u00e9bec","og_description":"Du 5 au 8 juin 2024, Ljubljana (SLOV\u00c9NIE).","og_url":"https:\/\/effetquebec.ca\/en\/eventlist\/ecsite-delegation-quebecoise-2024\/","og_site_name":"L\u2019Effet Qu\u00e9bec","article_publisher":"https:\/\/www.facebook.com\/XnQuebec","article_modified_time":"2024-06-03T14:58:24+00:00","og_image":[{"width":1601,"height":1600,"url":"https:\/\/effetquebec.ca\/wp-content\/uploads\/2024\/05\/EQ-Ecsite_Website-Banner.jpg","type":"image\/jpeg"}],"twitter_card":"summary_large_image","twitter_misc":{"Est. reading time":"7 minutes"},"schema":{"@context":"https:\/\/schema.org","@graph":[{"@type":"Article","@id":"https:\/\/effetquebec.ca\/en\/eventlist\/ecsite-delegation-quebecoise-2024\/#article","isPartOf":{"@id":"https:\/\/effetquebec.ca\/en\/eventlist\/ecsite-delegation-quebecoise-2024\/"},"author":{"name":"Sara","@id":"https:\/\/effetquebec.ca\/en\/#\/schema\/person\/940ef39453e3e18284e90f021ae27fae"},"headline":"ECSITE &#8211; Qu\u00e9bec delegation 2024","datePublished":"2024-06-03T03:03:17+00:00","dateModified":"2024-06-03T14:58:24+00:00","mainEntityOfPage":{"@id":"https:\/\/effetquebec.ca\/en\/eventlist\/ecsite-delegation-quebecoise-2024\/"},"wordCount":1437,"publisher":{"@id":"https:\/\/effetquebec.ca\/en\/#organization"},"image":{"@id":"https:\/\/effetquebec.ca\/en\/eventlist\/ecsite-delegation-quebecoise-2024\/#primaryimage"},"thumbnailUrl":"https:\/\/effetquebec.ca\/wp-content\/uploads\/2024\/05\/EQ-Ecsite_Website-Banner.jpg","inLanguage":"en-CA"},{"@type":"WebPage","@id":"https:\/\/effetquebec.ca\/en\/eventlist\/ecsite-delegation-quebecoise-2024\/","url":"https:\/\/effetquebec.ca\/en\/eventlist\/ecsite-delegation-quebecoise-2024\/","name":"ECSITE - Qu\u00e9bec delegation 2024 - L\u2019Effet Qu\u00e9bec","isPartOf":{"@id":"https:\/\/effetquebec.ca\/en\/#website"},"primaryImageOfPage":{"@id":"https:\/\/effetquebec.ca\/en\/eventlist\/ecsite-delegation-quebecoise-2024\/#primaryimage"},"image":{"@id":"https:\/\/effetquebec.ca\/en\/eventlist\/ecsite-delegation-quebecoise-2024\/#primaryimage"},"thumbnailUrl":"https:\/\/effetquebec.ca\/wp-content\/uploads\/2024\/05\/EQ-Ecsite_Website-Banner.jpg","datePublished":"2024-06-03T03:03:17+00:00","dateModified":"2024-06-03T14:58:24+00:00","description":"Du 5 au 8 juin 2024, Ljubljana (SLOV\u00c9NIE).","breadcrumb":{"@id":"https:\/\/effetquebec.ca\/en\/eventlist\/ecsite-delegation-quebecoise-2024\/#breadcrumb"},"inLanguage":"en-CA","potentialAction":[{"@type":"ReadAction","target":["https:\/\/effetquebec.ca\/en\/eventlist\/ecsite-delegation-quebecoise-2024\/"]}]},{"@type":"ImageObject","inLanguage":"en-CA","@id":"https:\/\/effetquebec.ca\/en\/eventlist\/ecsite-delegation-quebecoise-2024\/#primaryimage","url":"https:\/\/effetquebec.ca\/wp-content\/uploads\/2024\/05\/EQ-Ecsite_Website-Banner.jpg","contentUrl":"https:\/\/effetquebec.ca\/wp-content\/uploads\/2024\/05\/EQ-Ecsite_Website-Banner.jpg","width":1601,"height":1600},{"@type":"BreadcrumbList","@id":"https:\/\/effetquebec.ca\/en\/eventlist\/ecsite-delegation-quebecoise-2024\/#breadcrumb","itemListElement":[{"@type":"ListItem","position":1,"name":"Accueil","item":"https:\/\/effetquebec.ca\/en\/"},{"@type":"ListItem","position":2,"name":"Events","item":"https:\/\/effetquebec.ca\/en\/eventlist\/"},{"@type":"ListItem","position":3,"name":"ECSITE &#8211; Qu\u00e9bec delegation 2024"}]},{"@type":"WebSite","@id":"https:\/\/effetquebec.ca\/en\/#website","url":"https:\/\/effetquebec.ca\/en\/","name":"L\u2019Effet Qu\u00e9bec","description":"P\u00f4le d\u2019expertise en exportation","publisher":{"@id":"https:\/\/effetquebec.ca\/en\/#organization"},"potentialAction":[{"@type":"SearchAction","target":{"@type":"EntryPoint","urlTemplate":"https:\/\/effetquebec.ca\/en\/?s={search_term_string}"},"query-input":{"@type":"PropertyValueSpecification","valueRequired":true,"valueName":"search_term_string"}}],"inLanguage":"en-CA"},{"@type":"Organization","@id":"https:\/\/effetquebec.ca\/en\/#organization","name":"L\u2019Effet Qu\u00e9bec","url":"https:\/\/effetquebec.ca\/en\/","logo":{"@type":"ImageObject","inLanguage":"en-CA","@id":"https:\/\/effetquebec.ca\/en\/#\/schema\/logo\/image\/","url":"https:\/\/effetquebec.ca\/wp-content\/uploads\/2026\/04\/EffetQuebec.LogoVertical.RGB_.Noir-fav-1.png","contentUrl":"https:\/\/effetquebec.ca\/wp-content\/uploads\/2026\/04\/EffetQuebec.LogoVertical.RGB_.Noir-fav-1.png","width":512,"height":512,"caption":"L\u2019Effet Qu\u00e9bec"},"image":{"@id":"https:\/\/effetquebec.ca\/en\/#\/schema\/logo\/image\/"},"sameAs":["https:\/\/www.facebook.com\/XnQuebec","https:\/\/www.instagram.com\/xnquebec\/","https:\/\/www.linkedin.com\/company\/xnquebec\/"]},{"@type":"Person","@id":"https:\/\/effetquebec.ca\/en\/#\/schema\/person\/940ef39453e3e18284e90f021ae27fae","name":"Sara","image":{"@type":"ImageObject","inLanguage":"en-CA","@id":"https:\/\/secure.gravatar.com\/avatar\/2ac530a97fc9db59566fed92cc6d8dd1c6429dd06f37b16d3c1eb34cd2ef8ebf?s=96&d=mm&r=g","url":"https:\/\/secure.gravatar.com\/avatar\/2ac530a97fc9db59566fed92cc6d8dd1c6429dd06f37b16d3c1eb34cd2ef8ebf?s=96&d=mm&r=g","contentUrl":"https:\/\/secure.gravatar.com\/avatar\/2ac530a97fc9db59566fed92cc6d8dd1c6429dd06f37b16d3c1eb34cd2ef8ebf?s=96&d=mm&r=g","caption":"Sara"}}]}},"_links":{"self":[{"href":"https:\/\/effetquebec.ca\/en\/wp-json\/wp\/v2\/evenements\/17060","targetHints":{"allow":["GET"]}}],"collection":[{"href":"https:\/\/effetquebec.ca\/en\/wp-json\/wp\/v2\/evenements"}],"about":[{"href":"https:\/\/effetquebec.ca\/en\/wp-json\/wp\/v2\/types\/evenements"}],"author":[{"embeddable":true,"href":"https:\/\/effetquebec.ca\/en\/wp-json\/wp\/v2\/users\/118"}],"wp:featuredmedia":[{"embeddable":true,"href":"https:\/\/effetquebec.ca\/en\/wp-json\/wp\/v2\/media\/17184"}],"wp:attachment":[{"href":"https:\/\/effetquebec.ca\/en\/wp-json\/wp\/v2\/media?parent=17060"}],"curies":[{"name":"wp","href":"https:\/\/api.w.org\/{rel}","templated":true}]}}