{"id":17211,"date":"2024-06-04T09:34:19","date_gmt":"2024-06-04T13:34:19","guid":{"rendered":"https:\/\/effetquebec.ca\/?post_type=evenements&#038;p=17211"},"modified":"2024-06-05T09:58:43","modified_gmt":"2024-06-05T13:58:43","slug":"conference-ecsite-cap-sur-la-slovenie-pour-leffet-quebec","status":"publish","type":"evenements","link":"https:\/\/effetquebec.ca\/en\/eventlist\/conference-ecsite-cap-sur-la-slovenie-pour-leffet-quebec\/","title":{"rendered":"Conf\u00e9rence Ecsite : cap sur la Slov\u00e9nie pour l\u2019Effet Qu\u00e9bec"},"content":{"rendered":"\n<div class=\"alignfull wp-block-ugb-header ugb-header ugb-5f1ce6c ugb-header ugb-header--v3 ugb-header--design-plain ugb-main-block ugb-main-block--inner-full ugb--has-block-background ugb--has-background-overlay ugb--has-bottom-separator\"><style>.ugb-5f1ce6c .ugb-header__title{font-size:60px !important;color:#ffffff}.ugb-5f1ce6c .ugb-header__subtitle{font-size:18px !important;color:#ffffff}.ugb-5f1ce6c.ugb-header{min-height:100vh;background-color:#000000;background-image:url(https:\/\/effetquebec.ca\/wp-content\/uploads\/2024\/06\/1920-1080-recadrer-1.png);background-position:bottom center}.ugb-5f1ce6c.ugb-header:before{background-color:#000000;opacity:0.1}@media screen and (max-width:1025px){.ugb-5f1ce6c .ugb-header__title{font-size:35px !important}.ugb-5f1ce6c.ugb-header{min-height:60vh}}@media screen and (-ms-high-contrast:active),screen and (-ms-high-contrast:none){.ugb-5f1ce6c.ugb-header{height:100vh}}<\/style><div class=\"ugb-bottom-separator\"><div class=\"ugb-separator-wrapper\"><svg viewBox=\"0 0 1600 200\" filter=\"url(#slant-2-shadow_svg__a)\" enable-background=\"new 0 0 1600 200\" xmlns=\"http:\/\/www.w3.org\/2000\/svg\" class=\"ugb-separator__shadow\" preserveAspectRatio=\"none\" aria-hidden=\"true\"><filter id=\"slant-2-shadow_svg__a\"><feGaussianBlur in=\"SourceAlpha\" stdDeviation=\"4\"><\/feGaussianBlur><feComponentTransfer><feFuncA type=\"linear\" slope=\"0.4\"><\/feFuncA><\/feComponentTransfer><feMerge><feMergeNode><\/feMergeNode><feMergeNode in=\"SourceGraphic\"><\/feMergeNode><\/feMerge><\/filter><path class=\"slant-2-shadow_svg__st1\" d=\"M1610 39.2v12L800 170.1-10 51.2v-12l810 118.9 810-118.9z\"><\/path><\/svg><svg viewBox=\"0 0 1600 200\" xmlns=\"http:\/\/www.w3.org\/2000\/svg\" class=\"ugb-separator__layer-1\" preserveAspectRatio=\"none\" aria-hidden=\"true\"><path class=\"slant-2_svg__st1\" d=\"M1610 39.2V209H-10V39.2l810 118.9 810-118.9z\"><\/path><\/svg><\/div><\/div><div class=\"ugb-inner-block ugb-inner-block--full\"><div class=\"ugb-block-content\"><div class=\"ugb-header__item\"><div class=\"ugb-content-wrapper\"><h1 class=\"ugb-header__title\">Conf\u00e9rence Ecsite : cap sur la Slov\u00e9nie pour l\u2019Effet Qu\u00e9bec<\/h1><p class=\"ugb-header__subtitle\">Auteur : David Lamarre, agent de d\u00e9veloppement culturel num\u00e9rique<\/p><\/div><\/div><\/div><\/div><\/div>\n\n\n\n<div class=\"wp-block-columns is-layout-flex wp-container-core-columns-is-layout-9d6595d7 wp-block-columns-is-layout-flex\">\n<div class=\"wp-block-column is-layout-flow wp-block-column-is-layout-flow\" style=\"flex-basis:75%\">\n<div class=\"wp-block-group\"><div class=\"wp-block-group__inner-container is-layout-constrained wp-block-group-is-layout-constrained\">\n<div class=\"wp-block-group\"><div class=\"wp-block-group__inner-container is-layout-constrained wp-block-group-is-layout-constrained\">\n<div class=\"wp-block-ugb-heading ugb-heading ugb-5b9d0d6 ugb-main-block\"><style>.ugb-5b9d0d6 .ugb-heading__title{font-size:24px !important}<\/style><div class=\"ugb-inner-block\"><div class=\"ugb-block-content\"><h2 class=\"ugb-heading__title\">Conf\u00e9rence Ecsite : cap sur la Slov\u00e9nie pour l\u2019Effet Qu\u00e9bec<\/h2><div class=\"ugb-heading__bottom-line\"><\/div><\/div><\/div><\/div>\n<\/div><\/div>\n\n\n\n<p>L\u2019Effet Qu\u00e9bec se fera bient\u00f4t ressentir en Slov\u00e9nie, puisque le P\u00f4le d\u2019expertise en exportation initi\u00e9 par Xn Qu\u00e9bec accompagnera <a href=\"https:\/\/effetquebec.ca\/evenements\/ecsite-delegation-quebecoise-2024\/\">8 studios et lieux de culture \u00e0 la conf\u00e9rence Ecsite<\/a>.<\/p>\n\n\n\n<p>Cet \u00e9v\u00e9nement ambulatoire regroupant plus de 1000 professionnel.le.s provenant de 450 centres des sciences, mus\u00e9es d\u2019histoire naturelle, aquariums et autres parcs \u00e9ducatifs, s&#8217;arr\u00eatera \u00e0 Ljubljana du 5 au 8 juin.<\/p>\n\n\n\n<p>Pour mettre la table \u00e0 ce voyage d\u2019affaires, Isha Bottin de l\u2019Effet Qu\u00e9bec a anim\u00e9 une rencontre pr\u00e9paratoire o\u00f9 Michel Groulx, de CREO, a partag\u00e9 ses exp\u00e9riences v\u00e9cues lors d&#8217;\u00e9ditions pr\u00e9c\u00e9dentes. Producteur d\u2019installations interactives, il en sera \u00e0 sa 5e participation.<\/p>\n<\/div><\/div>\n<\/div>\n<\/div>\n\n\n\n<h3 class=\"wp-block-heading\">Ecsite, est-ce vraiment excitant?<\/h3>\n\n\n\n<div class=\"wp-block-columns is-layout-flex wp-container-core-columns-is-layout-9d6595d7 wp-block-columns-is-layout-flex\">\n<div class=\"wp-block-column is-layout-flow wp-block-column-is-layout-flow\" style=\"flex-basis:75%\">\n<div class=\"wp-block-group\"><div class=\"wp-block-group__inner-container is-layout-constrained wp-block-group-is-layout-constrained\">\n<p>Sans h\u00e9siter, Michel Groulx r\u00e9pond par l\u2019affirmative. \u00c0 ses yeux, Ecsite est la conf\u00e9rence la plus int\u00e9ressante parmi celles destin\u00e9es aux institutions qui partagent la passion de vulgariser les sciences pour le grand public.<\/p>\n\n\n\n<p>On y retrouve des repr\u00e9sentant.e.s de plus de 50 pays. Le contact avec des pairs provenant d\u2019autres cultures permet de d\u00e9couvrir des fa\u00e7ons de faire diff\u00e9rentes, autant au niveau mus\u00e9al qu\u2019\u00e9ducatif ou scientifique.<\/p>\n<\/div><\/div>\n<\/div>\n<\/div>\n\n\n\n<h3 class=\"wp-block-heading\">Qu\u2019est-ce qui distingue Ecsite?<\/h3>\n\n\n\n<div class=\"wp-block-columns is-layout-flex wp-container-core-columns-is-layout-9d6595d7 wp-block-columns-is-layout-flex\">\n<div class=\"wp-block-column is-layout-flow wp-block-column-is-layout-flow\" style=\"flex-basis:75%\">\n<div class=\"wp-block-group\"><div class=\"wp-block-group__inner-container is-layout-constrained wp-block-group-is-layout-constrained\">\n<p>\u00ab Ils essaient de sortir des sentiers battus \u00bb, note Michel Groulx.<\/p>\n\n\n\n<p>Certes, les conf\u00e9rences pr\u00e9sent\u00e9es lors de cet \u00e9v\u00e9nement, notamment celles offertes par des invit\u00e9.e.s vedettes, traitent de sujets captivants. Elles tendent toutefois \u00e0 surprendre aussi par leur format. En guise d\u2019exemple, il cite le panel nomm\u00e9 \u00ab <em>On Trial <\/em>\u00bb qui se veut le proc\u00e8s d\u2019une probl\u00e9matique commune aux centres de sciences. Des intervenant.e.s jouent alors les r\u00f4les de juges, de procureur.eure.s et d\u2019avocat.e.s de la d\u00e9fense afin de d\u00e9battre avec humour d\u2019une question \u00e9pineuse.<\/p>\n\n\n\n<p>Dans le m\u00eame ordre d\u2019id\u00e9es, soulignons que l\u2019\u00e9quipe de CREO a elle aussi fait preuve d\u2019originalit\u00e9 en s\u2019inspirant des \u00ab Livres dont vous \u00eates le h\u00e9ros \u00bb pour concevoir la conf\u00e9rence intitul\u00e9e <em>Creating a New Science Centre: Become the Hero of the Experience<\/em> qui sera pr\u00e9sent\u00e9e le 6 juin \u00e0 midi (heure locale).<\/p>\n<\/div><\/div>\n<\/div>\n<\/div>\n\n\n\n<h3 class=\"wp-block-heading\">\u00c0 quoi ressemble une journ\u00e9e \u00e0 Ecsite?<\/h3>\n\n\n\n<div class=\"wp-block-columns is-layout-flex wp-container-core-columns-is-layout-9d6595d7 wp-block-columns-is-layout-flex\">\n<div class=\"wp-block-column is-layout-flow wp-block-column-is-layout-flow\" style=\"flex-basis:75%\">\n<div class=\"wp-block-group\"><div class=\"wp-block-group__inner-container is-layout-constrained wp-block-group-is-layout-constrained\">\n<p>Michel Groulx r\u00e9pond en riant : \u00ab \u00e7a commence pas trop t\u00f4t le matin, parce que \u00e7a finit tard! \u00bb<\/p>\n\n\n\n<p>En effet, les trois jours de conf\u00e9rences se terminent par des activit\u00e9s sociales en soir\u00e9e. Le premier soir se tient un gala de remise de prix. La visite d\u2019un lieu culturel significatif se d\u00e9roule le second soir. Cette ann\u00e9e, les participant.e.s seront re\u00e7u.e.s \u00e0 l&#8217;iconique ch\u00e2teau de Ljubljana. Enfin, le troisi\u00e8me et dernier soir de l\u2019\u00e9v\u00e9nement est l\u2019occasion de faire un <em>party<\/em> d&#8217;au revoir.<\/p>\n\n\n\n<p>En journ\u00e9e, il y a plusieurs conf\u00e9rences int\u00e9ressantes qui se d\u00e9roulent en m\u00eame temps. \u00ab Il faut parfois faire des choix d\u00e9chirants \u00bb, explique Michel Groulx. Il insiste aussi sur l\u2019importance et la pertinence des pauses caf\u00e9 qui ponctuent la journ\u00e9e. C\u2019est d\u2019abord et avant tout une occasion de r\u00e9seauter avec les autres participant.e.s. C\u2019est aussi un moment permettant d\u2019aller visiter le salon des exposant.e.s qui regroupent des entreprises fournissant des services en lien avec la mus\u00e9ologie scientifique : architectes, designer.euse.s, fabricant.e.s, producteur.rice.s d\u2019exp\u00e9riences num\u00e9riques, etc.<\/p>\n\n\n\n<p>Fait \u00e0 noter : l\u2019Effet Qu\u00e9bec aura un kiosque dans le salon des exposant.e.s pour mettre en valeur les studios et lieux de cultures participant \u00e0 la mission.<\/p>\n\n\n\n<p>\u00ab Sans l&#8217;int\u00e9r\u00eat et le soutien financier du Minist\u00e8re de la Culture et des Communications du Qu\u00e9bec, nous n&#8217;aurions pas eu une si belle visibilit\u00e9, explique Isha Bottin, charg\u00e9e de projet international pour l\u2019Effet Qu\u00e9bec. On esp\u00e8re de nouveaux contacts et des rencontres fructueuses et prometteuses de collaborations \u00e0 venir! \u00bb<\/p>\n<\/div><\/div>\n<\/div>\n<\/div>\n\n\n\n<h3 class=\"wp-block-heading\">Des conseils pour les participant.e.s?<\/h3>\n\n\n\n<div class=\"wp-block-columns is-layout-flex wp-container-core-columns-is-layout-9d6595d7 wp-block-columns-is-layout-flex\">\n<div class=\"wp-block-column is-layout-flow wp-block-column-is-layout-flow\" style=\"flex-basis:75%\">\n<div class=\"wp-block-group\"><div class=\"wp-block-group__inner-container is-layout-constrained wp-block-group-is-layout-constrained\">\n<p>\u00ab Soyez ouverts! \u00bb, conseille d\u2019embl\u00e9e Michel Groulx. En effet, il invite les participant.e.s \u00e0 cibler des conf\u00e9rences qui sortent de l\u2019ordinaire et abordent des sujets inattendus.<\/p>\n\n\n\n<p>\u00ab N\u2019ayez pas peur d\u2019aller \u00e0 la rencontre des gens \u00bb, ajoute-t-il. Il rappelle que m\u00eame si l\u2019anglais n\u2019est pas notre premi\u00e8re langue, elle ne l\u2019est pas davantage pour la plupart des Europ\u00e9en.enne.s.<\/p>\n\n\n\n<div style=\"height:12px\" aria-hidden=\"true\" class=\"wp-block-spacer\"><\/div>\n\n\n\n<h3 class=\"wp-block-heading\">Le mot de la fin<\/h3>\n\n\n\n<div style=\"height:12px\" aria-hidden=\"true\" class=\"wp-block-spacer\"><\/div>\n\n\n\n<p>La pr\u00e9sence de l\u2019Effet Qu\u00e9bec \u00e0 Ecsite fait suite \u00e0 des missions commerciales et culturelles men\u00e9es avec succ\u00e8s \u00e0 Barcelone dans le cadre de MUTEK.ES et Austin pour SXSW.<\/p>\n\n\n\n<p>Depuis sa cr\u00e9ation, le P\u00f4le d\u2019expertise en exportation a accompagn\u00e9 les cr\u00e9ateur.rices d\u2019ici dans une douzaine d\u2019\u00e9v\u00e9nements de la sorte. Une raison d\u2019\u00eatre qui est encens\u00e9e par le producteur Michel Groulx. \u00ab Je pense que le Qu\u00e9bec a beaucoup \u00e0 offrir au reste du monde, autant en termes de mus\u00e9ologie qu\u2019en termes de production d\u2019exp\u00e9riences num\u00e9riques \u00bb, conclut-il.<\/p>\n\n\n\n<h3 class=\"wp-block-heading\">Remerciements<\/h3>\n\n\n\n<p>Les cercles de partage de l&#8217;Effet Qu\u00e9bec sont rendu possible gr\u00e2ce \u00e0 la collaboration du <a href=\"https:\/\/www.fondsquebecor.ca\/fr\/\">Fonds Qu\u00e9b\u00e9cor<\/a>.<\/p>\n<\/div><\/div>\n<\/div>\n<\/div>\n","protected":false},"excerpt":{"rendered":"L\u2019Effet Qu\u00e9bec se fera bient\u00f4t ressentir en Slov\u00e9nie, puisque le P\u00f4le d\u2019expertise en exportation initi\u00e9 par Xn Qu\u00e9bec accompagnera 8 studios et lieux de culture \u00e0 la conf\u00e9rence Ecsite.","protected":false},"author":106,"featured_media":17212,"template":"","meta":{"_acf_changed":false,"_links_to":"","_links_to_target":""},"class_list":["post-17211","evenements","type-evenements","status-publish","has-post-thumbnail","hentry"],"featured_image_urls_v2":{"full":["https:\/\/effetquebec.ca\/wp-content\/uploads\/2024\/06\/1920-1080-recadrer-1.png",1920,1080,false],"thumbnail":["https:\/\/effetquebec.ca\/wp-content\/uploads\/2024\/06\/1920-1080-recadrer-1-150x150.png",150,150,true],"medium":["https:\/\/effetquebec.ca\/wp-content\/uploads\/2024\/06\/1920-1080-recadrer-1-250x141.png",250,141,true],"medium_large":["https:\/\/effetquebec.ca\/wp-content\/uploads\/2024\/06\/1920-1080-recadrer-1-768x432.png",768,432,true],"large":["https:\/\/effetquebec.ca\/wp-content\/uploads\/2024\/06\/1920-1080-recadrer-1-700x394.png",700,394,true],"1536x1536":["https:\/\/effetquebec.ca\/wp-content\/uploads\/2024\/06\/1920-1080-recadrer-1-1536x864.png",1536,864,true],"2048x2048":["https:\/\/effetquebec.ca\/wp-content\/uploads\/2024\/06\/1920-1080-recadrer-1.png",1920,1080,false],"small":["https:\/\/effetquebec.ca\/wp-content\/uploads\/2024\/06\/1920-1080-recadrer-1-120x68.png",120,68,true],"custom-size":["https:\/\/effetquebec.ca\/wp-content\/uploads\/2024\/06\/1920-1080-recadrer-1-700x200.png",700,200,true],"grille":["https:\/\/effetquebec.ca\/wp-content\/uploads\/2024\/06\/1920-1080-recadrer-1-800x450.png",800,450,true],"gform-image-choice-sm":["https:\/\/effetquebec.ca\/wp-content\/uploads\/2024\/06\/1920-1080-recadrer-1.png",300,169,false],"gform-image-choice-md":["https:\/\/effetquebec.ca\/wp-content\/uploads\/2024\/06\/1920-1080-recadrer-1.png",400,225,false],"gform-image-choice-lg":["https:\/\/effetquebec.ca\/wp-content\/uploads\/2024\/06\/1920-1080-recadrer-1.png",600,338,false]},"post_excerpt_stackable_v2":"L\u2019Effet Qu\u00e9bec se fera bient\u00f4t ressentir en Slov\u00e9nie, puisque le P\u00f4le d\u2019expertise en exportation initi\u00e9 par Xn Qu\u00e9bec accompagnera 8 studios et lieux de culture \u00e0 la conf\u00e9rence Ecsite.","category_list_v2":"","author_info_v2":{"name":"David Lamarre","url":"https:\/\/effetquebec.ca\/en\/author\/david\/"},"comments_num_v2":"0 comments","acf":[],"yoast_head":"<!-- This site is optimized with the Yoast SEO plugin v27.5 - https:\/\/yoast.com\/product\/yoast-seo-wordpress\/ -->\n<title>Conf\u00e9rence Ecsite : cap sur la Slov\u00e9nie pour l\u2019Effet Qu\u00e9bec - L\u2019Effet Qu\u00e9bec<\/title>\n<meta name=\"description\" content=\"Du pitch \u00e0 l&#039;exportation: comment faire des affaires aux \u00c9tats-Unis, lorsqu\u2019on est un producteur qu\u00e9b\u00e9cois d&#039;exp\u00e9riences num\u00e9riques?\" \/>\n<meta name=\"robots\" content=\"index, follow, max-snippet:-1, max-image-preview:large, max-video-preview:-1\" \/>\n<link rel=\"canonical\" href=\"https:\/\/effetquebec.ca\/en\/eventlist\/conference-ecsite-cap-sur-la-slovenie-pour-leffet-quebec\/\" \/>\n<meta property=\"og:locale\" content=\"en_US\" \/>\n<meta property=\"og:type\" content=\"article\" \/>\n<meta property=\"og:title\" content=\"Conf\u00e9rence Ecsite : cap sur la Slov\u00e9nie pour l\u2019Effet Qu\u00e9bec - L\u2019Effet Qu\u00e9bec\" \/>\n<meta property=\"og:description\" content=\"Du pitch \u00e0 l&#039;exportation: comment faire des affaires aux \u00c9tats-Unis, lorsqu\u2019on est un producteur qu\u00e9b\u00e9cois d&#039;exp\u00e9riences num\u00e9riques?\" \/>\n<meta property=\"og:url\" content=\"https:\/\/effetquebec.ca\/en\/eventlist\/conference-ecsite-cap-sur-la-slovenie-pour-leffet-quebec\/\" \/>\n<meta property=\"og:site_name\" content=\"L\u2019Effet Qu\u00e9bec\" \/>\n<meta property=\"article:publisher\" content=\"https:\/\/www.facebook.com\/XnQuebec\" \/>\n<meta property=\"article:modified_time\" content=\"2024-06-05T13:58:43+00:00\" \/>\n<meta property=\"og:image\" content=\"https:\/\/effetquebec.ca\/wp-content\/uploads\/2024\/06\/1920-1080-recadrer-1.png\" \/>\n\t<meta property=\"og:image:width\" content=\"1920\" \/>\n\t<meta property=\"og:image:height\" content=\"1080\" \/>\n\t<meta property=\"og:image:type\" content=\"image\/png\" \/>\n<meta name=\"twitter:card\" content=\"summary_large_image\" \/>\n<meta name=\"twitter:label1\" content=\"Est. reading time\" \/>\n\t<meta name=\"twitter:data1\" content=\"5 minutes\" \/>\n<script type=\"application\/ld+json\" class=\"yoast-schema-graph\">{\"@context\":\"https:\\\/\\\/schema.org\",\"@graph\":[{\"@type\":\"Article\",\"@id\":\"https:\\\/\\\/effetquebec.ca\\\/en\\\/eventlist\\\/conference-ecsite-cap-sur-la-slovenie-pour-leffet-quebec\\\/#article\",\"isPartOf\":{\"@id\":\"https:\\\/\\\/effetquebec.ca\\\/en\\\/eventlist\\\/conference-ecsite-cap-sur-la-slovenie-pour-leffet-quebec\\\/\"},\"author\":{\"name\":\"David Lamarre\",\"@id\":\"https:\\\/\\\/effetquebec.ca\\\/en\\\/#\\\/schema\\\/person\\\/0e4294a33c177c281b4d82e0c16108bc\"},\"headline\":\"Conf\u00e9rence Ecsite : cap sur la Slov\u00e9nie pour l\u2019Effet Qu\u00e9bec\",\"datePublished\":\"2024-06-04T13:34:19+00:00\",\"dateModified\":\"2024-06-05T13:58:43+00:00\",\"mainEntityOfPage\":{\"@id\":\"https:\\\/\\\/effetquebec.ca\\\/en\\\/eventlist\\\/conference-ecsite-cap-sur-la-slovenie-pour-leffet-quebec\\\/\"},\"wordCount\":927,\"publisher\":{\"@id\":\"https:\\\/\\\/effetquebec.ca\\\/en\\\/#organization\"},\"image\":{\"@id\":\"https:\\\/\\\/effetquebec.ca\\\/en\\\/eventlist\\\/conference-ecsite-cap-sur-la-slovenie-pour-leffet-quebec\\\/#primaryimage\"},\"thumbnailUrl\":\"https:\\\/\\\/effetquebec.ca\\\/wp-content\\\/uploads\\\/2024\\\/06\\\/1920-1080-recadrer-1.png\",\"inLanguage\":\"en-CA\"},{\"@type\":\"WebPage\",\"@id\":\"https:\\\/\\\/effetquebec.ca\\\/en\\\/eventlist\\\/conference-ecsite-cap-sur-la-slovenie-pour-leffet-quebec\\\/\",\"url\":\"https:\\\/\\\/effetquebec.ca\\\/en\\\/eventlist\\\/conference-ecsite-cap-sur-la-slovenie-pour-leffet-quebec\\\/\",\"name\":\"Conf\u00e9rence Ecsite : cap sur la Slov\u00e9nie pour l\u2019Effet Qu\u00e9bec - L\u2019Effet Qu\u00e9bec\",\"isPartOf\":{\"@id\":\"https:\\\/\\\/effetquebec.ca\\\/en\\\/#website\"},\"primaryImageOfPage\":{\"@id\":\"https:\\\/\\\/effetquebec.ca\\\/en\\\/eventlist\\\/conference-ecsite-cap-sur-la-slovenie-pour-leffet-quebec\\\/#primaryimage\"},\"image\":{\"@id\":\"https:\\\/\\\/effetquebec.ca\\\/en\\\/eventlist\\\/conference-ecsite-cap-sur-la-slovenie-pour-leffet-quebec\\\/#primaryimage\"},\"thumbnailUrl\":\"https:\\\/\\\/effetquebec.ca\\\/wp-content\\\/uploads\\\/2024\\\/06\\\/1920-1080-recadrer-1.png\",\"datePublished\":\"2024-06-04T13:34:19+00:00\",\"dateModified\":\"2024-06-05T13:58:43+00:00\",\"description\":\"Du pitch \u00e0 l'exportation: comment faire des affaires aux \u00c9tats-Unis, lorsqu\u2019on est un producteur qu\u00e9b\u00e9cois d'exp\u00e9riences num\u00e9riques?\",\"breadcrumb\":{\"@id\":\"https:\\\/\\\/effetquebec.ca\\\/en\\\/eventlist\\\/conference-ecsite-cap-sur-la-slovenie-pour-leffet-quebec\\\/#breadcrumb\"},\"inLanguage\":\"en-CA\",\"potentialAction\":[{\"@type\":\"ReadAction\",\"target\":[\"https:\\\/\\\/effetquebec.ca\\\/en\\\/eventlist\\\/conference-ecsite-cap-sur-la-slovenie-pour-leffet-quebec\\\/\"]}]},{\"@type\":\"ImageObject\",\"inLanguage\":\"en-CA\",\"@id\":\"https:\\\/\\\/effetquebec.ca\\\/en\\\/eventlist\\\/conference-ecsite-cap-sur-la-slovenie-pour-leffet-quebec\\\/#primaryimage\",\"url\":\"https:\\\/\\\/effetquebec.ca\\\/wp-content\\\/uploads\\\/2024\\\/06\\\/1920-1080-recadrer-1.png\",\"contentUrl\":\"https:\\\/\\\/effetquebec.ca\\\/wp-content\\\/uploads\\\/2024\\\/06\\\/1920-1080-recadrer-1.png\",\"width\":1920,\"height\":1080},{\"@type\":\"BreadcrumbList\",\"@id\":\"https:\\\/\\\/effetquebec.ca\\\/en\\\/eventlist\\\/conference-ecsite-cap-sur-la-slovenie-pour-leffet-quebec\\\/#breadcrumb\",\"itemListElement\":[{\"@type\":\"ListItem\",\"position\":1,\"name\":\"Accueil\",\"item\":\"https:\\\/\\\/effetquebec.ca\\\/en\\\/\"},{\"@type\":\"ListItem\",\"position\":2,\"name\":\"Events\",\"item\":\"https:\\\/\\\/effetquebec.ca\\\/en\\\/eventlist\\\/\"},{\"@type\":\"ListItem\",\"position\":3,\"name\":\"Conf\u00e9rence Ecsite : cap sur la Slov\u00e9nie pour l\u2019Effet Qu\u00e9bec\"}]},{\"@type\":\"WebSite\",\"@id\":\"https:\\\/\\\/effetquebec.ca\\\/en\\\/#website\",\"url\":\"https:\\\/\\\/effetquebec.ca\\\/en\\\/\",\"name\":\"L\u2019Effet Qu\u00e9bec\",\"description\":\"P\u00f4le d\u2019expertise en exportation\",\"publisher\":{\"@id\":\"https:\\\/\\\/effetquebec.ca\\\/en\\\/#organization\"},\"potentialAction\":[{\"@type\":\"SearchAction\",\"target\":{\"@type\":\"EntryPoint\",\"urlTemplate\":\"https:\\\/\\\/effetquebec.ca\\\/en\\\/?s={search_term_string}\"},\"query-input\":{\"@type\":\"PropertyValueSpecification\",\"valueRequired\":true,\"valueName\":\"search_term_string\"}}],\"inLanguage\":\"en-CA\"},{\"@type\":\"Organization\",\"@id\":\"https:\\\/\\\/effetquebec.ca\\\/en\\\/#organization\",\"name\":\"L\u2019Effet Qu\u00e9bec\",\"url\":\"https:\\\/\\\/effetquebec.ca\\\/en\\\/\",\"logo\":{\"@type\":\"ImageObject\",\"inLanguage\":\"en-CA\",\"@id\":\"https:\\\/\\\/effetquebec.ca\\\/en\\\/#\\\/schema\\\/logo\\\/image\\\/\",\"url\":\"https:\\\/\\\/effetquebec.ca\\\/wp-content\\\/uploads\\\/2026\\\/04\\\/EffetQuebec.LogoVertical.RGB_.Noir-fav-1.png\",\"contentUrl\":\"https:\\\/\\\/effetquebec.ca\\\/wp-content\\\/uploads\\\/2026\\\/04\\\/EffetQuebec.LogoVertical.RGB_.Noir-fav-1.png\",\"width\":512,\"height\":512,\"caption\":\"L\u2019Effet Qu\u00e9bec\"},\"image\":{\"@id\":\"https:\\\/\\\/effetquebec.ca\\\/en\\\/#\\\/schema\\\/logo\\\/image\\\/\"},\"sameAs\":[\"https:\\\/\\\/www.facebook.com\\\/XnQuebec\",\"https:\\\/\\\/www.instagram.com\\\/xnquebec\\\/\",\"https:\\\/\\\/www.linkedin.com\\\/company\\\/xnquebec\\\/\"]},{\"@type\":\"Person\",\"@id\":\"https:\\\/\\\/effetquebec.ca\\\/en\\\/#\\\/schema\\\/person\\\/0e4294a33c177c281b4d82e0c16108bc\",\"name\":\"David Lamarre\",\"image\":{\"@type\":\"ImageObject\",\"inLanguage\":\"en-CA\",\"@id\":\"https:\\\/\\\/secure.gravatar.com\\\/avatar\\\/615248a3524da6cd8baf384ad5a563b4fdf9b01b6b8592b4856c3ab1dff647b9?s=96&d=mm&r=g\",\"url\":\"https:\\\/\\\/secure.gravatar.com\\\/avatar\\\/615248a3524da6cd8baf384ad5a563b4fdf9b01b6b8592b4856c3ab1dff647b9?s=96&d=mm&r=g\",\"contentUrl\":\"https:\\\/\\\/secure.gravatar.com\\\/avatar\\\/615248a3524da6cd8baf384ad5a563b4fdf9b01b6b8592b4856c3ab1dff647b9?s=96&d=mm&r=g\",\"caption\":\"David Lamarre\"}}]}<\/script>\n<!-- \/ Yoast SEO plugin. -->","yoast_head_json":{"title":"Conf\u00e9rence Ecsite : cap sur la Slov\u00e9nie pour l\u2019Effet Qu\u00e9bec - L\u2019Effet Qu\u00e9bec","description":"Du pitch \u00e0 l'exportation: comment faire des affaires aux \u00c9tats-Unis, lorsqu\u2019on est un producteur qu\u00e9b\u00e9cois d'exp\u00e9riences num\u00e9riques?","robots":{"index":"index","follow":"follow","max-snippet":"max-snippet:-1","max-image-preview":"max-image-preview:large","max-video-preview":"max-video-preview:-1"},"canonical":"https:\/\/effetquebec.ca\/en\/eventlist\/conference-ecsite-cap-sur-la-slovenie-pour-leffet-quebec\/","og_locale":"en_US","og_type":"article","og_title":"Conf\u00e9rence Ecsite : cap sur la Slov\u00e9nie pour l\u2019Effet Qu\u00e9bec - L\u2019Effet Qu\u00e9bec","og_description":"Du pitch \u00e0 l'exportation: comment faire des affaires aux \u00c9tats-Unis, lorsqu\u2019on est un producteur qu\u00e9b\u00e9cois d'exp\u00e9riences num\u00e9riques?","og_url":"https:\/\/effetquebec.ca\/en\/eventlist\/conference-ecsite-cap-sur-la-slovenie-pour-leffet-quebec\/","og_site_name":"L\u2019Effet Qu\u00e9bec","article_publisher":"https:\/\/www.facebook.com\/XnQuebec","article_modified_time":"2024-06-05T13:58:43+00:00","og_image":[{"width":1920,"height":1080,"url":"https:\/\/effetquebec.ca\/wp-content\/uploads\/2024\/06\/1920-1080-recadrer-1.png","type":"image\/png"}],"twitter_card":"summary_large_image","twitter_misc":{"Est. reading time":"5 minutes"},"schema":{"@context":"https:\/\/schema.org","@graph":[{"@type":"Article","@id":"https:\/\/effetquebec.ca\/en\/eventlist\/conference-ecsite-cap-sur-la-slovenie-pour-leffet-quebec\/#article","isPartOf":{"@id":"https:\/\/effetquebec.ca\/en\/eventlist\/conference-ecsite-cap-sur-la-slovenie-pour-leffet-quebec\/"},"author":{"name":"David Lamarre","@id":"https:\/\/effetquebec.ca\/en\/#\/schema\/person\/0e4294a33c177c281b4d82e0c16108bc"},"headline":"Conf\u00e9rence Ecsite : cap sur la Slov\u00e9nie pour l\u2019Effet Qu\u00e9bec","datePublished":"2024-06-04T13:34:19+00:00","dateModified":"2024-06-05T13:58:43+00:00","mainEntityOfPage":{"@id":"https:\/\/effetquebec.ca\/en\/eventlist\/conference-ecsite-cap-sur-la-slovenie-pour-leffet-quebec\/"},"wordCount":927,"publisher":{"@id":"https:\/\/effetquebec.ca\/en\/#organization"},"image":{"@id":"https:\/\/effetquebec.ca\/en\/eventlist\/conference-ecsite-cap-sur-la-slovenie-pour-leffet-quebec\/#primaryimage"},"thumbnailUrl":"https:\/\/effetquebec.ca\/wp-content\/uploads\/2024\/06\/1920-1080-recadrer-1.png","inLanguage":"en-CA"},{"@type":"WebPage","@id":"https:\/\/effetquebec.ca\/en\/eventlist\/conference-ecsite-cap-sur-la-slovenie-pour-leffet-quebec\/","url":"https:\/\/effetquebec.ca\/en\/eventlist\/conference-ecsite-cap-sur-la-slovenie-pour-leffet-quebec\/","name":"Conf\u00e9rence Ecsite : cap sur la Slov\u00e9nie pour l\u2019Effet Qu\u00e9bec - L\u2019Effet Qu\u00e9bec","isPartOf":{"@id":"https:\/\/effetquebec.ca\/en\/#website"},"primaryImageOfPage":{"@id":"https:\/\/effetquebec.ca\/en\/eventlist\/conference-ecsite-cap-sur-la-slovenie-pour-leffet-quebec\/#primaryimage"},"image":{"@id":"https:\/\/effetquebec.ca\/en\/eventlist\/conference-ecsite-cap-sur-la-slovenie-pour-leffet-quebec\/#primaryimage"},"thumbnailUrl":"https:\/\/effetquebec.ca\/wp-content\/uploads\/2024\/06\/1920-1080-recadrer-1.png","datePublished":"2024-06-04T13:34:19+00:00","dateModified":"2024-06-05T13:58:43+00:00","description":"Du pitch \u00e0 l'exportation: comment faire des affaires aux \u00c9tats-Unis, lorsqu\u2019on est un producteur qu\u00e9b\u00e9cois d'exp\u00e9riences num\u00e9riques?","breadcrumb":{"@id":"https:\/\/effetquebec.ca\/en\/eventlist\/conference-ecsite-cap-sur-la-slovenie-pour-leffet-quebec\/#breadcrumb"},"inLanguage":"en-CA","potentialAction":[{"@type":"ReadAction","target":["https:\/\/effetquebec.ca\/en\/eventlist\/conference-ecsite-cap-sur-la-slovenie-pour-leffet-quebec\/"]}]},{"@type":"ImageObject","inLanguage":"en-CA","@id":"https:\/\/effetquebec.ca\/en\/eventlist\/conference-ecsite-cap-sur-la-slovenie-pour-leffet-quebec\/#primaryimage","url":"https:\/\/effetquebec.ca\/wp-content\/uploads\/2024\/06\/1920-1080-recadrer-1.png","contentUrl":"https:\/\/effetquebec.ca\/wp-content\/uploads\/2024\/06\/1920-1080-recadrer-1.png","width":1920,"height":1080},{"@type":"BreadcrumbList","@id":"https:\/\/effetquebec.ca\/en\/eventlist\/conference-ecsite-cap-sur-la-slovenie-pour-leffet-quebec\/#breadcrumb","itemListElement":[{"@type":"ListItem","position":1,"name":"Accueil","item":"https:\/\/effetquebec.ca\/en\/"},{"@type":"ListItem","position":2,"name":"Events","item":"https:\/\/effetquebec.ca\/en\/eventlist\/"},{"@type":"ListItem","position":3,"name":"Conf\u00e9rence Ecsite : cap sur la Slov\u00e9nie pour l\u2019Effet Qu\u00e9bec"}]},{"@type":"WebSite","@id":"https:\/\/effetquebec.ca\/en\/#website","url":"https:\/\/effetquebec.ca\/en\/","name":"L\u2019Effet Qu\u00e9bec","description":"P\u00f4le d\u2019expertise en exportation","publisher":{"@id":"https:\/\/effetquebec.ca\/en\/#organization"},"potentialAction":[{"@type":"SearchAction","target":{"@type":"EntryPoint","urlTemplate":"https:\/\/effetquebec.ca\/en\/?s={search_term_string}"},"query-input":{"@type":"PropertyValueSpecification","valueRequired":true,"valueName":"search_term_string"}}],"inLanguage":"en-CA"},{"@type":"Organization","@id":"https:\/\/effetquebec.ca\/en\/#organization","name":"L\u2019Effet Qu\u00e9bec","url":"https:\/\/effetquebec.ca\/en\/","logo":{"@type":"ImageObject","inLanguage":"en-CA","@id":"https:\/\/effetquebec.ca\/en\/#\/schema\/logo\/image\/","url":"https:\/\/effetquebec.ca\/wp-content\/uploads\/2026\/04\/EffetQuebec.LogoVertical.RGB_.Noir-fav-1.png","contentUrl":"https:\/\/effetquebec.ca\/wp-content\/uploads\/2026\/04\/EffetQuebec.LogoVertical.RGB_.Noir-fav-1.png","width":512,"height":512,"caption":"L\u2019Effet Qu\u00e9bec"},"image":{"@id":"https:\/\/effetquebec.ca\/en\/#\/schema\/logo\/image\/"},"sameAs":["https:\/\/www.facebook.com\/XnQuebec","https:\/\/www.instagram.com\/xnquebec\/","https:\/\/www.linkedin.com\/company\/xnquebec\/"]},{"@type":"Person","@id":"https:\/\/effetquebec.ca\/en\/#\/schema\/person\/0e4294a33c177c281b4d82e0c16108bc","name":"David Lamarre","image":{"@type":"ImageObject","inLanguage":"en-CA","@id":"https:\/\/secure.gravatar.com\/avatar\/615248a3524da6cd8baf384ad5a563b4fdf9b01b6b8592b4856c3ab1dff647b9?s=96&d=mm&r=g","url":"https:\/\/secure.gravatar.com\/avatar\/615248a3524da6cd8baf384ad5a563b4fdf9b01b6b8592b4856c3ab1dff647b9?s=96&d=mm&r=g","contentUrl":"https:\/\/secure.gravatar.com\/avatar\/615248a3524da6cd8baf384ad5a563b4fdf9b01b6b8592b4856c3ab1dff647b9?s=96&d=mm&r=g","caption":"David Lamarre"}}]}},"_links":{"self":[{"href":"https:\/\/effetquebec.ca\/en\/wp-json\/wp\/v2\/evenements\/17211","targetHints":{"allow":["GET"]}}],"collection":[{"href":"https:\/\/effetquebec.ca\/en\/wp-json\/wp\/v2\/evenements"}],"about":[{"href":"https:\/\/effetquebec.ca\/en\/wp-json\/wp\/v2\/types\/evenements"}],"author":[{"embeddable":true,"href":"https:\/\/effetquebec.ca\/en\/wp-json\/wp\/v2\/users\/106"}],"wp:featuredmedia":[{"embeddable":true,"href":"https:\/\/effetquebec.ca\/en\/wp-json\/wp\/v2\/media\/17212"}],"wp:attachment":[{"href":"https:\/\/effetquebec.ca\/en\/wp-json\/wp\/v2\/media?parent=17211"}],"curies":[{"name":"wp","href":"https:\/\/api.w.org\/{rel}","templated":true}]}}