{"id":17272,"date":"2024-06-19T12:29:04","date_gmt":"2024-06-19T16:29:04","guid":{"rendered":"https:\/\/effetquebec.ca\/?post_type=evenements&#038;p=17272"},"modified":"2024-06-27T14:36:06","modified_gmt":"2024-06-27T18:36:06","slug":"spectacle-vivant-scenes-numeriques-svsn-delegation-quebecoise-2024","status":"publish","type":"evenements","link":"https:\/\/effetquebec.ca\/en\/eventlist\/spectacle-vivant-scenes-numeriques-svsn-delegation-quebecoise-2024\/","title":{"rendered":"Spectacle vivant, sc\u00e8nes num\u00e9riques (SVSN)\u00a0\u2013 D\u00e9l\u00e9gation qu\u00e9b\u00e9coise 2024"},"content":{"rendered":"\n<div class=\"alignfull wp-block-ugb-container ugb-container ugb-4902473 ugb-container--v2 ugb-container--design-basic ugb-main-block\"><style>.ugb-4902473-wrapper.ugb-container__wrapper{background-color:#000000 !important}.ugb-4902473-wrapper.ugb-container__wrapper:before{background-color:#000000 !important}.ugb-4902473-content-wrapper > h1,.ugb-4902473-content-wrapper > h2,.ugb-4902473-content-wrapper > h3,.ugb-4902473-content-wrapper > h4,.ugb-4902473-content-wrapper > h5,.ugb-4902473-content-wrapper > h6{color:#ffffff}.ugb-4902473-content-wrapper > p,.ugb-4902473-content-wrapper > ol li,.ugb-4902473-content-wrapper > ul li{color:#ffffff}@media screen and (min-width:768px){.ugb-4902473-content-wrapper.ugb-container__content-wrapper{width:90% !important}.ugb-4902473.ugb-container{margin-top:0px !important;padding-top:0px !important;padding-right:0px !important;padding-bottom:35px !important;padding-left:0px !important}}@media screen and (min-width:768px){.ugb-4902473 > .ugb-inner-block > .ugb-block-content > *{padding-top:0px !important;padding-bottom:0px !important;padding-right:0px !important;padding-left:0px !important}}<\/style><div class=\"ugb-inner-block\"><div class=\"ugb-block-content\"><div class=\"ugb-container__wrapper ugb-4902473-wrapper ugb--shadow-0\"><div class=\"ugb-container__side\"><div class=\"ugb-container__content-wrapper ugb-4902473-content-wrapper\">\n<div class=\"alignwide wp-block-ugb-container ugb-container ugb-3b907d8 ugb-container--v2 ugb-container--design-basic ugb-main-block\"><style>.ugb-3b907d8-wrapper.ugb-container__wrapper{background-color:#000000 !important}.ugb-3b907d8-wrapper.ugb-container__wrapper:before{background-color:#000000 !important}.ugb-3b907d8 h1,.ugb-3b907d8 h2,.ugb-3b907d8 h3,.ugb-3b907d8 h4,.ugb-3b907d8 h5,.ugb-3b907d8 h6{color:#ffffff}.ugb-3b907d8 p,.ugb-3b907d8 li,.ugb-3b907d8 label,.ugb-3b907d8 table{color:#ffffff}.ugb-3b907d8-content-wrapper > h1,.ugb-3b907d8-content-wrapper > h2,.ugb-3b907d8-content-wrapper > h3,.ugb-3b907d8-content-wrapper > h4,.ugb-3b907d8-content-wrapper > h5,.ugb-3b907d8-content-wrapper > h6{color:#ffffff}.ugb-3b907d8-content-wrapper > p,.ugb-3b907d8-content-wrapper > ol li,.ugb-3b907d8-content-wrapper > ul li{color:#ffffff}@media screen and (min-width:768px){.ugb-3b907d8-content-wrapper.ugb-container__content-wrapper{width:90% !important}.ugb-3b907d8.ugb-container{margin-top:35px !important;margin-right:-113px !important;padding-top:35px !important;padding-right:35px !important;padding-bottom:35px !important;padding-left:35px !important}}@media screen and (min-width:768px){.ugb-3b907d8 > .ugb-inner-block > .ugb-block-content > *{padding-top:0px !important;padding-bottom:0px !important;padding-right:0px !important;padding-left:0px !important}}<\/style><div class=\"ugb-inner-block\"><div class=\"ugb-block-content\"><div class=\"ugb-container__wrapper ugb-3b907d8-wrapper ugb--shadow-0\"><div class=\"ugb-container__side\"><div class=\"ugb-container__content-wrapper ugb-3b907d8-content-wrapper\"><div class=\"wp-block-image is-style-default\">\n<figure data-wp-context=\"{&quot;imageId&quot;:&quot;69f36febc5e2f&quot;}\" data-wp-interactive=\"core\/image\" data-wp-key=\"69f36febc5e2f\" class=\"alignleft size-full is-resized wp-lightbox-container\"><img loading=\"lazy\" decoding=\"async\" width=\"1080\" height=\"1080\" data-wp-class--hide=\"state.isContentHidden\" data-wp-class--show=\"state.isContentVisible\" data-wp-init=\"callbacks.setButtonStyles\" data-wp-on--click=\"actions.showLightbox\" data-wp-on--load=\"callbacks.setButtonStyles\" data-wp-on-window--resize=\"callbacks.setButtonStyles\" src=\"https:\/\/effetquebec.ca\/wp-content\/uploads\/2024\/06\/SVSN-1080.jpg\" alt=\"\" class=\"wp-image-17367\" style=\"width:500px\" srcset=\"https:\/\/effetquebec.ca\/wp-content\/uploads\/2024\/06\/SVSN-1080.jpg 1080w, https:\/\/effetquebec.ca\/wp-content\/uploads\/2024\/06\/SVSN-1080-250x250.jpg 250w, https:\/\/effetquebec.ca\/wp-content\/uploads\/2024\/06\/SVSN-1080-700x700.jpg 700w, https:\/\/effetquebec.ca\/wp-content\/uploads\/2024\/06\/SVSN-1080-150x150.jpg 150w, https:\/\/effetquebec.ca\/wp-content\/uploads\/2024\/06\/SVSN-1080-768x768.jpg 768w, https:\/\/effetquebec.ca\/wp-content\/uploads\/2024\/06\/SVSN-1080-120x120.jpg 120w\" sizes=\"auto, (max-width: 1080px) 100vw, 1080px\" \/><button\n\t\t\tclass=\"lightbox-trigger\"\n\t\t\ttype=\"button\"\n\t\t\taria-haspopup=\"dialog\"\n\t\t\taria-label=\"Enlarge\"\n\t\t\tdata-wp-init=\"callbacks.initTriggerButton\"\n\t\t\tdata-wp-on--click=\"actions.showLightbox\"\n\t\t\tdata-wp-style--right=\"state.imageButtonRight\"\n\t\t\tdata-wp-style--top=\"state.imageButtonTop\"\n\t\t>\n\t\t\t<svg xmlns=\"http:\/\/www.w3.org\/2000\/svg\" width=\"12\" height=\"12\" fill=\"none\" viewBox=\"0 0 12 12\">\n\t\t\t\t<path fill=\"#fff\" d=\"M2 0a2 2 0 0 0-2 2v2h1.5V2a.5.5 0 0 1 .5-.5h2V0H2Zm2 10.5H2a.5.5 0 0 1-.5-.5V8H0v2a2 2 0 0 0 2 2h2v-1.5ZM8 12v-1.5h2a.5.5 0 0 0 .5-.5V8H12v2a2 2 0 0 1-2 2H8Zm2-12a2 2 0 0 1 2 2v2h-1.5V2a.5.5 0 0 0-.5-.5H8V0h2Z\" \/>\n\t\t\t<\/svg>\n\t\t<\/button><\/figure>\n<\/div>\n\n\n<h1 class=\"wp-block-heading has-x-large-font-size\">SVSN <span style=\"color: #ffffff;\" class=\"ugb-highlight\">2024<\/span><\/h1>\n\n\n\n<p>Du 5 au 6 juillet 2024,<br>Avignon (FRANCE).<\/p>\n\n\n\n<p><br>L&#8217;Effet Qu\u00e9bec &#8211; P\u00f4le d&#8217;expertise en exportation met sur pied une premi\u00e8re mission exploratoire qu\u00e9b\u00e9coise de producteur.rice.s, diffuseur et lieu de culture d&#8217;exp\u00e9riences num\u00e9riques \u0153uvrant dans le secteur du spectacle et des arts vivants pour participer \u00e0 la 4e \u00e9dition des rencontres SVSN organis\u00e9es par l&#8217;agence de production artistique et d&#8217;innovation culturelle <strong>Dark Euphoria<\/strong> bas\u00e9e \u00e0 Marseille.<\/p>\n\n\n\n<p>En plus de rendez-vous professionnels programm\u00e9s ; des <em>pitchs<\/em>, des ateliers et des vitrines artistiques compl\u00e9teront les deux jours de cet \u00e9v\u00e9nement qui rassemble de beaux joueurs de ces deux secteurs d&#8217;activit\u00e9s.<\/p>\n\n\n\n<div style=\"height:41px\" aria-hidden=\"true\" class=\"wp-block-spacer\"><\/div>\n<\/div><\/div><\/div><\/div><\/div><\/div>\n<\/div><\/div><\/div><\/div><\/div><\/div>\n\n\n\n<div style=\"height:32px\" aria-hidden=\"true\" class=\"wp-block-spacer\"><\/div>\n\n\n\n<div class=\"wp-block-columns alignwide are-vertically-aligned-center is-layout-flex wp-container-core-columns-is-layout-9d6595d7 wp-block-columns-is-layout-flex\">\n<div class=\"wp-block-column is-vertically-aligned-center is-layout-flow wp-block-column-is-layout-flow\"><div class=\"wp-block-image\">\n<figure class=\"aligncenter size-full is-resized\"><img loading=\"lazy\" decoding=\"async\" width=\"851\" height=\"324\" src=\"https:\/\/effetquebec.ca\/wp-content\/uploads\/2022\/04\/XnQUEBEC_FR_rgb.jpg\" alt=\"\" class=\"wp-image-6218\" style=\"width:192px;height:auto\" srcset=\"https:\/\/effetquebec.ca\/wp-content\/uploads\/2022\/04\/XnQUEBEC_FR_rgb.jpg 851w, https:\/\/effetquebec.ca\/wp-content\/uploads\/2022\/04\/XnQUEBEC_FR_rgb-250x95.jpg 250w, https:\/\/effetquebec.ca\/wp-content\/uploads\/2022\/04\/XnQUEBEC_FR_rgb-700x267.jpg 700w, https:\/\/effetquebec.ca\/wp-content\/uploads\/2022\/04\/XnQUEBEC_FR_rgb-768x292.jpg 768w, https:\/\/effetquebec.ca\/wp-content\/uploads\/2022\/04\/XnQUEBEC_FR_rgb-120x46.jpg 120w\" sizes=\"auto, (max-width: 851px) 100vw, 851px\" \/><\/figure>\n<\/div><\/div>\n\n\n\n<div class=\"wp-block-column is-vertically-aligned-center is-layout-flow wp-block-column-is-layout-flow\"><div class=\"wp-block-image\">\n<figure class=\"aligncenter size-full is-resized\"><img loading=\"lazy\" decoding=\"async\" width=\"449\" height=\"514\" src=\"https:\/\/effetquebec.ca\/wp-content\/uploads\/2023\/06\/logo-effet-quebec_BLACK-1.png\" alt=\"\" class=\"wp-image-14675\" style=\"aspect-ratio:0.8682170542635659;width:76px;height:auto\" srcset=\"https:\/\/effetquebec.ca\/wp-content\/uploads\/2023\/06\/logo-effet-quebec_BLACK-1.png 449w, https:\/\/effetquebec.ca\/wp-content\/uploads\/2023\/06\/logo-effet-quebec_BLACK-1-250x286.png 250w, https:\/\/effetquebec.ca\/wp-content\/uploads\/2023\/06\/logo-effet-quebec_BLACK-1-120x137.png 120w\" sizes=\"auto, (max-width: 449px) 100vw, 449px\" \/><\/figure>\n<\/div><\/div>\n\n\n\n<div class=\"wp-block-column is-vertically-aligned-center is-layout-flow wp-block-column-is-layout-flow\"><div class=\"wp-block-image\">\n<figure class=\"aligncenter size-full is-resized\"><img loading=\"lazy\" decoding=\"async\" width=\"550\" height=\"290\" src=\"https:\/\/effetquebec.ca\/wp-content\/uploads\/2024\/03\/Quebec-Logo-1.png\" alt=\"\" class=\"wp-image-16628\" style=\"width:197px;height:auto\" srcset=\"https:\/\/effetquebec.ca\/wp-content\/uploads\/2024\/03\/Quebec-Logo-1.png 550w, https:\/\/effetquebec.ca\/wp-content\/uploads\/2024\/03\/Quebec-Logo-1-250x132.png 250w, https:\/\/effetquebec.ca\/wp-content\/uploads\/2024\/03\/Quebec-Logo-1-120x63.png 120w\" sizes=\"auto, (max-width: 550px) 100vw, 550px\" \/><\/figure>\n<\/div><\/div>\n<\/div>\n\n\n\n<div class=\"wp-block-ugb-container ugb-container ugb-3da682a ugb-container--v2 ugb-container--design-plain ugb-main-block\"><style>@media screen and (min-width:768px){.ugb-3da682a-content-wrapper.ugb-container__content-wrapper{width:80% !important}}<\/style><div class=\"ugb-inner-block\"><div class=\"ugb-block-content\"><div class=\"ugb-container__wrapper ugb-3da682a-wrapper\"><div class=\"ugb-container__side\"><div class=\"ugb-container__content-wrapper ugb-3da682a-content-wrapper\">\n<div class=\"wp-block-ugb-accordion ugb-accordion ugb-b332568 ugb-accordion--v2 ugb-accordion--design-plain ugb-accordion--open ugb-main-block\" aria-expanded=\"true\"><style>.ugb-b332568 .ugb-accordion__heading{flex-direction:row-reverse}.ugb-b332568 .ugb-accordion__title{font-family:\"Archivo Black\",Sans-serif !important;font-size:26px !important;color:#000000}.ugb-b332568.ugb-accordion{opacity:1 !important}<\/style><div class=\"ugb-inner-block\"><div class=\"ugb-block-content\"><div class=\"ugb-accordion__item\"><div class=\"ugb-accordion__heading\" role=\"button\" tabindex=\"0\"><h4 class=\"ugb-accordion__title\">\u00c0 propos des rencontres SVSN 2024<\/h4><svg viewBox=\"0 0 20 20\" xmlns=\"http:\/\/www.w3.org\/2000\/svg\" class=\"ugb-accordion__arrow\" width=\"20\" height=\"20\"><path d=\"M16.7 3.3L10 10 3.3 3.4 0 6.7l10 10v-.1l10-9.9z\"><\/path><\/svg><\/div><div class=\"ugb-accordion__content\" role=\"region\"><div class=\"ugb-accordion__content-inner\">\n<p>\u00c0 l\u2019initiative d\u2019un regroupement d\u2019acteur.rice.s de la R\u00e9gion Sud, les rencontres \u00ab Spectacle vivant, sc\u00e8nes num\u00e9riques \u00bb (SVSN) invitent les professionnel.le.s du spectacle et des arts vivants \u00e0 deux journ\u00e9es de rendez-vous professionnels, de <em>keynotes<\/em>, panels et <em>showcases<\/em> artistiques autour de la rencontre du spectacle vivant et des exp\u00e9riences num\u00e9riques, dans le cadre du Festival d\u2019Avignon.<\/p>\n\n\n\n<p>Apr\u00e8s 3 \u00e9ditions r\u00e9unissant plus de 700 participant.e.s, l\u2019\u00e9v\u00e9nement s\u2019inscrit d\u00e9sormais comme un temps fort d\u2019\u00e9changes et de mise en r\u00e9seau, et un r\u00e9el parcours d\u2019inspiration et de compr\u00e9hension des possibilit\u00e9s cr\u00e9atives offertes par les dispositifs immersifs et interactifs.<\/p>\n<\/div><\/div><\/div><\/div><\/div><\/div>\n\n\n\n<div class=\"wp-block-ugb-accordion ugb-accordion ugb-73195fd ugb-accordion--v2 ugb-accordion--design-plain ugb-accordion--open ugb-main-block\" aria-expanded=\"true\"><style>.ugb-73195fd .ugb-accordion__heading{flex-direction:row-reverse}.ugb-73195fd .ugb-accordion__title{font-family:\"Archivo Black\",Sans-serif !important;font-size:26px !important;color:#000000}.ugb-73195fd.ugb-accordion{opacity:1 !important}<\/style><div class=\"ugb-inner-block\"><div class=\"ugb-block-content\"><div class=\"ugb-accordion__item\"><div class=\"ugb-accordion__heading\" role=\"button\" tabindex=\"0\"><h4 class=\"ugb-accordion__title\">Le programme<\/h4><svg viewBox=\"0 0 20 20\" xmlns=\"http:\/\/www.w3.org\/2000\/svg\" class=\"ugb-accordion__arrow\" width=\"20\" height=\"20\"><path d=\"M16.7 3.3L10 10 3.3 3.4 0 6.7l10 10v-.1l10-9.9z\"><\/path><\/svg><\/div><div class=\"ugb-accordion__content\" role=\"region\"><div class=\"ugb-accordion__content-inner\">\n<p>Si vous voulez en savoir plus sur des expertises qu\u00e9b\u00e9coises, ne manquez pas ces deux conf\u00e9rences qui auront lieu le <strong>samedi 6 juillet <\/strong>:<br><br><strong>Des nouvelles \u00e9critures aux nouvelles formes sc\u00e9niques : quelles comp\u00e9tences ?<br><\/strong>Intervenant.e.s : <strong>Camille Duvelleroy (r\u00e9alisatrice), Antoine Vanel (BlindspOt) et Samuel T\u00e9treault (Les 7 Doigts)<\/strong>. <br>Mod\u00e9ration : <strong>G\u00e9raldine Farage (P\u00f4le Pixel)<\/strong> <br>Heure : <strong>14 h 45 &#8211; 16 h 00<\/strong><br>Lieu : Le Grenier \u00e0 Sel, Salle 00<\/p>\n\n\n\n<p><strong>Sc\u00e8nes r\u00e9elles VS sc\u00e8nes virtuelles : l&#8217;avenir du spectacle vivant sera-t-il hybride ?<\/strong><br>Intervenant.e.s : <strong>Alexandra Marin (SAT), Michel Reilhac (Venice Immersive) et Julie Peign\u00e9 (Th\u00e9\u00e2tre de la Ville)<\/strong>. <br>Mod\u00e9ration : <strong>Isha Bottin (Xn Qu\u00e9bec)<\/strong> <br>Heure : <strong>16 h 15 &#8211; 17 h 30<\/strong><br>Lieu : Le Grenier \u00e0 Sel, Salle 1<\/p>\n\n\n\n<p>D\u00e9couvrez l&#8217;int\u00e9gralit\u00e9 du <strong><a href=\"https:\/\/spectaclevivant-scenesnumeriques.fr\/programme-2024\/\" target=\"_blank\" rel=\"noreferrer noopener\">programme<\/a> <\/strong>\u00ab Spectacle vivant, sc\u00e8nes num\u00e9riques \u00bb dans le cadre du Festival d&#8217;Avignon les 5 et 6 juillet.<\/p>\n<\/div><\/div><\/div><\/div><\/div><\/div>\n<\/div><\/div><\/div><\/div><\/div><\/div>\n\n\n\n<div class=\"wp-block-ugb-heading ugb-heading ugb-35d6d33 ugb-main-block ugb--has-custom-content-width\"><style>.ugb-35d6d33 .ugb-heading__title{font-size:32px !important;line-height:1.4em !important;text-align:left}.ugb-35d6d33 .ugb-heading__top-line{margin-left:0 !important;margin-right:auto !important}.ugb-35d6d33 .ugb-inner-block{text-align:left}.ugb-35d6d33.ugb-heading > .ugb-inner-block{max-width:80% !important}@media screen and (max-width:768px){.ugb-35d6d33 .ugb-heading__title{font-size:21px !important}}<\/style><div class=\"ugb-inner-block\"><div class=\"ugb-block-content\"><div class=\"ugb-heading__top-line\"><\/div><h2 class=\"ugb-heading__title\">S\u00e9lection des studios et lieu de culture qu\u00e9b\u00e9cois comme participants \u00e0 la mission<\/h2><\/div><\/div><\/div>\n\n\n\n<div class=\"alignfull wp-block-ugb-feature ugb-feature ugb-4633cab ugb-feature--v2 ugb-feature--design-half ugb-feature--invert ugb-main-block ugb-main-block--inner-full ugb--has-block-background\"><style>.ugb-4633cab .ugb-feature__item{border-radius:0px !important}.ugb-4633cab .ugb-feature__content{background-color:#000000 !important}.ugb-4633cab .ugb-feature__content:before{background-color:#000000 !important}.ugb-4633cab .ugb-feature__image{background-image:url(https:\/\/effetquebec.ca\/wp-content\/uploads\/2024\/06\/Touch-photobyDahliaKatz-4221-scaled.jpg)}.ugb-4633cab .ugb-feature__title{font-family:\"Archivo Black\",Sans-serif !important;font-weight:500 !important;color:var(--stk-global-color-88711,#313131)}.ugb-4633cab .ugb-feature__description{color:#ffffff;margin-bottom:16px !important}.ugb-4633cab .ugb-button .ugb-button--inner{font-family:\"Lato\",Sans-serif !important}.ugb-4633cab .ugb-button{background-color:var(--stk-global-color-37811,#732fb7);border-radius:100px !important}.ugb-4633cab .ugb-button .ugb-button--inner,.ugb-4633cab .ugb-button svg:not(.ugb-custom-icon){color:#ffffff !important}.ugb-4633cab .ugb-button:before{border-radius:100px !important}.ugb-4633cab .ugb-button-container{margin-bottom:50px !important}.ugb-4633cab.ugb-feature{background-color:rgba(0,0,0,1)}.ugb-4633cab{padding:0 !important}.ugb-4633cab.ugb-feature:before{background-color:#000000}@media screen and (min-width:768px){.ugb-4633cab.ugb-feature{margin-bottom:-29px !important;padding-right:0px !important;padding-left:0px !important}}<\/style><div class=\"ugb-inner-block ugb-inner-block--full\"><div class=\"ugb-block-content\"><div class=\"ugb-feature__item ugb--shadow-0\"><div class=\"ugb-feature__content\"><h3 class=\"ugb-feature__title\"><span style=\"\" class=\"ugb-highlight\"><font color=\"#ffffff\"><span style=\"font-size: 21.06px;\">mirari<\/span><\/font><\/span><\/h3><p class=\"ugb-feature__description\"><strong>Thomas Payette <\/strong> &#8211; Co-Fondateur et Directeur de Cr\u00e9ation<br><br><strong>mirari<\/strong> imagine des espaces, des installations et des \u0153uvres qui transforment la perception du public. Notre \u00e9quipe de cr\u00e9ateurs et de cr\u00e9atrices tire ce savoir-faire de sa profonde exp\u00e9rience dans le monde des arts vivants et de sa conviction qu\u2019art et culture sont vecteurs de changement .<br><br>Projets mis de l&#8217;avant : <br><a href=\"https:\/\/mirari.art\/projets\/touch\/\" target=\"_blank\" rel=\"noreferrer noopener\"><strong>TOUCH<\/strong><br><\/a>TOUCH est une pi\u00e8ce chor\u00e9graphique \u00e0 mi-chemin entre exp\u00e9rience multi-sensorielle et ballet contemporain. Co-cr\u00e9\u00e9e par Guillaume C\u00f4t\u00e9 et Thomas Payette (mirari), ce spectacle \u00e9blouissant a \u00e9t\u00e9 salu\u00e9 par la critique \u00e0 sa cr\u00e9ation en 2021, \u00e0 Toronto. En usant de technologies \u00e0 la fine pointe et d\u2019un \u00e9lan artistique touchant, le spectacle explore les relations interpersonnelles et le toucher. <br><br><strong><a href=\"https:\/\/mirari.art\/projets\/duo\/\" target=\"_blank\" rel=\"noreferrer noopener\">DUO<\/a><\/strong><br>Duo est une installation num\u00e9rique qui pose un regard sur les limitations d\u00e9coulant des bouleversements que nous vivons. Cette \u0153uvre expose l\u2019impossible rencontre entre deux protagonistes, face \u00e0 face, seuls dans leur \u00e9cran respectif.<br>Au rythme de la musique envo\u00fbtante sign\u00e9e <em>Dear Criminals<\/em>, les danseurs nous entra\u00eenent dans une gestuelle d\u00e9sireuse de rapprochement o\u00f9 le regard du public compl\u00e8te le lien entre les deux \u00e9crans.<\/p><div class=\"ugb-button-container\"><a class=\"ugb-button ugb-button--size-small ugb--hover-effect-lift\" href=\"https:\/\/mirari.art\/\" target=\"_blank\" rel=\"noopener noreferrer nofollow\" title=\"\"><span class=\"ugb-button--inner\">En savoir plus<\/span><\/a><\/div><\/div><div class=\"ugb-feature__image\"><\/div><\/div><\/div><\/div><\/div>\n\n\n\n<div class=\"alignfull wp-block-ugb-feature ugb-feature ugb-05d1073 ugb-feature--v2 ugb-feature--design-half ugb-main-block ugb-main-block--inner-full ugb--has-block-background\"><style>.ugb-05d1073 .ugb-feature__item{border-radius:0px !important}.ugb-05d1073 .ugb-feature__content{background-color:#000000 !important}.ugb-05d1073 .ugb-feature__content:before{background-color:#000000 !important}.ugb-05d1073 .ugb-feature__image{background-image:url(https:\/\/effetquebec.ca\/wp-content\/uploads\/2024\/06\/wonders-within-2.jpg)}.ugb-05d1073 .ugb-feature__title{font-family:\"Archivo Black\",Sans-serif !important;font-weight:500 !important;color:var(--stk-global-color-88711,#313131)}.ugb-05d1073 .ugb-feature__description{color:#ffffff}.ugb-05d1073 .ugb-button .ugb-button--inner{font-family:\"Lato\",Sans-serif !important}.ugb-05d1073 .ugb-button{background-color:var(--stk-global-color-37811,#732fb7);border-radius:100px !important}.ugb-05d1073 .ugb-button .ugb-button--inner,.ugb-05d1073 .ugb-button svg:not(.ugb-custom-icon){color:#ffffff !important}.ugb-05d1073 .ugb-button:before{border-radius:100px !important}.ugb-05d1073 .ugb-button-container{margin-bottom:50px !important}.ugb-05d1073.ugb-feature{background-color:rgba(0,0,0,1)}.ugb-05d1073{padding:0 !important}.ugb-05d1073.ugb-feature:before{background-color:#000000}@media screen and (min-width:768px){.ugb-05d1073.ugb-feature{margin-bottom:-29px !important}}<\/style><div class=\"ugb-inner-block ugb-inner-block--full\"><div class=\"ugb-block-content\"><div class=\"ugb-feature__item ugb--shadow-0\"><div class=\"ugb-feature__content\"><h3 class=\"ugb-feature__title\"><span style=\"color: #ffffff;\" class=\"ugb-highlight\">Les 7 Doigts<\/span> <span style=\"color: #ffffff;\" class=\"ugb-highlight\">de la main<\/span><\/h3><p class=\"ugb-feature__description\"><strong>Samuel T\u00e9treault <\/strong>&#8211; Cofondateur, Directeur Cr\u00e9atif et Artistique<br><br><strong>Les 7 doigts de la main<\/strong> est un collectif de cr\u00e9ateurs comme aucun autre. En 2002, ses 7 fondateurs ont entrepris de red\u00e9finir le cirque contemporain \u00e0 partir de son essence et d\u2019explorer les possibilit\u00e9s infinies offertes par le m\u00e9lange des disciplines artistiques. Chacune de leurs cr\u00e9ations est une nouvelle \u00e9pop\u00e9e cr\u00e9ative, m\u00e9lange subtil d\u2019acrobaties et de th\u00e9\u00e2tralit\u00e9.<br><br>Projets mis de l&#8217;avant :<br><strong><a href=\"https:\/\/7doigts.com\/\" target=\"_blank\" rel=\"noreferrer noopener\">WONDERS WiTHiN &#8211; L\u2019Odyss\u00e9e du Nombre d\u2019Or<br><\/a><\/strong>Un parcours immersif qui r\u00e9v\u00e8le les liens universels qui nous unissent aux autres, au monde et au potentiel merveilleux en chacun.e de nous.<br>Fruit d\u2019une collaboration entre Les 7 doigts de la main et PHI Studio, <em>WONDERS WiTHiN<\/em> est une exp\u00e9rience in situ s\u2019\u00e9talant sur 12 000 pi2 qui combine r\u00e9alit\u00e9 mixte, performances acrobatiques et narration interactive.<br><br><strong><a href=\"https:\/\/7doigts.com\/spectacles\/creations\/carry-me-home\" target=\"_blank\" rel=\"noreferrer noopener\">Carry Me Home<\/a><\/strong><br>Les 7 Doigts et Shocap Entertainment combinent leur exp\u00e9rience du spectacle vivant et de la production d\u2019exp\u00e9rience virtuelle pour r\u00e9aliser le premier spectacle de cirque au monde \u00e0 la fois pr\u00e9sent\u00e9 en salle devant public et diffus\u00e9 en temps r\u00e9el sur une plateforme interactive de jeux vid\u00e9o en ligne.<br>Gr\u00e2ce aux technologies de capture de mouvements en temps r\u00e9el et de r\u00e9alit\u00e9 virtuelle, <em>Carry Me Home<\/em> invite le public \u00e0 un concert inspirant et fascinant, combinaison de musique, de cirque et de film d\u2019animation 3D.<\/p><div class=\"ugb-button-container\"><a class=\"ugb-button ugb-button--size-small ugb--hover-effect-lift\" href=\"https:\/\/7doigts.com\/\" target=\"_blank\" rel=\"noopener noreferrer nofollow\" title=\"\"><span class=\"ugb-button--inner\">En savoir plus<\/span><\/a><\/div><\/div><div class=\"ugb-feature__image\"><\/div><\/div><\/div><\/div><\/div>\n\n\n\n<div class=\"alignfull wp-block-ugb-feature ugb-feature ugb-acd8857 ugb-feature--v2 ugb-feature--design-half ugb-feature--invert ugb-main-block ugb-main-block--inner-full ugb--has-block-background\"><style>.ugb-acd8857 .ugb-feature__item{border-radius:2px !important}.ugb-acd8857 .ugb-feature__content{background-color:#000000 !important}.ugb-acd8857 .ugb-feature__content:before{background-color:#000000 !important}.ugb-acd8857 .ugb-feature__image{background-image:url(https:\/\/effetquebec.ca\/wp-content\/uploads\/2024\/06\/biliminaletat_six-credits-Myriam-Menard-2022-scaled.jpg)}.ugb-acd8857 .ugb-feature__title{font-family:\"Archivo Black\",Sans-serif !important;font-weight:500 !important;color:var(--stk-global-color-88711,#313131)}.ugb-acd8857 .ugb-feature__description{color:#ffffff;margin-bottom:12px !important}.ugb-acd8857 .ugb-button .ugb-button--inner{font-family:\"Lato\",Sans-serif !important}.ugb-acd8857 .ugb-button{background-color:var(--stk-global-color-37811,#732fb7);border-radius:100px !important}.ugb-acd8857 .ugb-button .ugb-button--inner,.ugb-acd8857 .ugb-button svg:not(.ugb-custom-icon){color:#ffffff !important}.ugb-acd8857 .ugb-button:before{border-radius:100px !important}.ugb-acd8857 .ugb-button-container{margin-bottom:50px !important}.ugb-acd8857.ugb-feature{background-color:rgba(0,0,0,1)}.ugb-acd8857{padding:0 !important}.ugb-acd8857.ugb-feature:before{background-color:#000000}@media screen and (min-width:768px){.ugb-acd8857.ugb-feature{margin-bottom:-29px !important;padding-right:35px !important;padding-left:35px !important}}<\/style><div class=\"ugb-inner-block ugb-inner-block--full\"><div class=\"ugb-block-content\"><div class=\"ugb-feature__item ugb--shadow-0\"><div class=\"ugb-feature__content\"><h3 class=\"ugb-feature__title\"><span style=\"color: #ffffff;\" class=\"ugb-highlight\">Soci\u00e9t\u00e9 des arts technologiques<\/span><\/h3><p class=\"ugb-feature__description\"><strong>Alexandra Marin<\/strong> &#8211; Gestionnaire de services en R&amp;D<br><br>Fond\u00e9e en 1996, la <strong><a href=\"https:\/\/sat.qc.ca\/\">Soci\u00e9t\u00e9 de<\/a><a href=\"https:\/\/sat.qc.ca\/\" target=\"_blank\" rel=\"noreferrer noopener\">s arts technologiques [SAT]<\/a><\/strong> est une organisation \u00e0 but non lucratif d\u00e9di\u00e9e au d\u00e9veloppement et au soutien de la culture num\u00e9rique. La SAT est reconnue internationalement pour son r\u00f4le actif et pr\u00e9curseur dans le d\u00e9veloppement de technologies pour la cr\u00e9ation immersive, la t\u00e9l\u00e9pr\u00e9sence et les r\u00e9alit\u00e9s mixtes. Sa transdisciplinarit\u00e9 et sa mission hybride en font un organisme unique en son genre \u00e0 Montr\u00e9al et ailleurs dans le monde.<br><br>Projet mis de l&#8217;avant : <br><strong>Bo\u00eete \u00e0 outils pour des performances connect\u00e9es et multi-sites : <br><\/strong>La Soci\u00e9t\u00e9 des arts technologiques (SAT) et Moment Factory collaborent dans le cadre d&#8217;un projet d\u2019innovation ax\u00e9 sur la th\u00e9matique de l\u2019hybridation artistique.<br>En associant leurs comp\u00e9tences cr\u00e9atives et techniques, les \u00e9quipes de la SAT et de Moment Factory explorent divers aspects de l\u2019hybridation dans le contexte de la production de performances artistiques. L&#8217;objectif de cette collaboration est de d\u00e9velopper une bo\u00eete \u00e0 outils partag\u00e9e pour concevoir et r\u00e9aliser des performances augment\u00e9es multi-sites.<br>Au cours de cette premi\u00e8re ann\u00e9e de collaboration, nous nous interrogerons sur des questions telles que :<br>Quelles approches et strat\u00e9gies faut-il adopter pour donner aux participant.e.s &#8211; artistes et publics &#8211; le sentiment que, bien que s\u00e9par\u00e9.e.s g\u00e9ographiquement, iels sont r\u00e9uni.e.s pour vivre une exp\u00e9rience artistique commune?<br><\/p><div class=\"ugb-button-container\"><a class=\"ugb-button ugb-button--size-small ugb--hover-effect-lift\" href=\"https:\/\/sat.qc.ca\/\" target=\"_blank\" rel=\"noopener noreferrer nofollow\" title=\"\"><span class=\"ugb-button--inner\">En savoir plus<\/span><\/a><\/div><\/div><div class=\"ugb-feature__image\"><\/div><\/div><\/div><\/div><\/div>\n\n\n\n<div class=\"alignfull wp-block-ugb-feature ugb-feature ugb-8d3a3d5 ugb-feature--v2 ugb-feature--design-half ugb-main-block ugb-main-block--inner-full ugb--has-block-background\"><style>.ugb-8d3a3d5 .ugb-feature__item{border-radius:0px !important}.ugb-8d3a3d5 .ugb-feature__content{background-color:#000000 !important}.ugb-8d3a3d5 .ugb-feature__content:before{background-color:#000000 !important}.ugb-8d3a3d5 .ugb-feature__image{background-image:url(https:\/\/effetquebec.ca\/wp-content\/uploads\/2024\/06\/LACTIVITE_Chante-avec-moi\u00a9Gilles-Renaud-scaled.jpg)}.ugb-8d3a3d5 .ugb-feature__title{font-family:\"Archivo Black\",Sans-serif !important;font-weight:500 !important;color:var(--stk-global-color-88711,#313131)}.ugb-8d3a3d5 .ugb-feature__description{color:#ffffff}.ugb-8d3a3d5 .ugb-button .ugb-button--inner{font-family:\"Lato\",Sans-serif !important}.ugb-8d3a3d5 .ugb-button{background-color:var(--stk-global-color-37811,#732fb7);border-radius:100px !important}.ugb-8d3a3d5 .ugb-button .ugb-button--inner,.ugb-8d3a3d5 .ugb-button svg:not(.ugb-custom-icon){color:#ffffff !important}.ugb-8d3a3d5 .ugb-button:before{border-radius:100px !important}.ugb-8d3a3d5 .ugb-button-container{margin-bottom:50px !important}.ugb-8d3a3d5.ugb-feature{background-color:rgba(0,0,0,1)}.ugb-8d3a3d5{padding:0 !important}.ugb-8d3a3d5.ugb-feature:before{background-color:#000000}@media screen and (min-width:768px){.ugb-8d3a3d5.ugb-feature{margin-bottom:-29px !important}}<\/style><div class=\"ugb-inner-block ugb-inner-block--full\"><div class=\"ugb-block-content\"><div class=\"ugb-feature__item ugb--shadow-0\"><div class=\"ugb-feature__content\"><h3 class=\"ugb-feature__title\"><span style=\"color: #ffffff;\" class=\"ugb-highlight\">L&#8217;ACTIVIT\u00c9<\/span><\/h3><p class=\"ugb-feature__description\"><strong>Isabelle Brodeur <\/strong>&#8211; Codirectrice g\u00e9n\u00e9rale et Productrice num\u00e9rique<br><strong>Olivier Choini\u00e8re<\/strong> &#8211; Codirecteur g\u00e9n\u00e9ral et Directeur artistique<br><br>Fond\u00e9e en 2000 \u00e0 Montr\u00e9al, <strong><a href=\"https:\/\/www.lactivite.com\/\" target=\"_blank\" rel=\"noreferrer noopener\">L\u2019ACTIVIT\u00c9<\/a><\/strong> est la plateforme de cr\u00e9ation de l\u2019auteur et metteur en sc\u00e8ne Olivier Choini\u00e8re. Elle a pour mandat de cr\u00e9er, de produire et de diffuser des spectacles en salle et hors les murs.<br><br>\u00c0 chaque spectacle, L\u2019ACTIVIT\u00c9 s\u2019applique \u00e0 se renouveler. Th\u00e9\u00e2tre \u00e0 texte, \u00e9v\u00e9nements de prise de parole, \u00e9criture de plateau, th\u00e9\u00e2tre musical, performances en ext\u00e9rieur, d\u00e9ambulations sonores ; chaque spectacle d\u00e9tourne de diff\u00e9rentes formes de mani\u00e8re \u00e0 d\u00e9jouer les attentes du public et le plonger dans son pr\u00e9sent et ce, au c\u0153ur de la repr\u00e9sentation. 2024 est marqu\u00e9 par l\u2019arriv\u00e9e d\u2019Isabelle Brodeur comme codirectrice g\u00e9n\u00e9rale de L&#8217;ACTIVIT\u00c9. Avec plus de 20 ans d\u2019exp\u00e9rience dans le domaine des arts vivants, ayant collabor\u00e9 avec nos plus grands metteurs en sc\u00e8ne, elle \u0153uvre maintenant comme productrice d\u2019exp\u00e9riences num\u00e9riques.<br><br>Elle se joint \u00e0 Olivier Choini\u00e8re pour aborder de front la rencontre entre les arts vivants et les arts num\u00e9riques, en poursuivant la lanc\u00e9e de L\u2019ACTIVIT\u00c9, dans sa recherche constante \u00e0 d\u00e9placer le r\u00f4le du public pour le rendre actif, en le transformant en spect-acteur.<br><\/p><div class=\"ugb-button-container\"><a class=\"ugb-button ugb-button--size-small ugb--hover-effect-lift\" href=\"https:\/\/www.lactivite.com\/\" target=\"_blank\" rel=\"noopener noreferrer nofollow\" title=\"\"><span class=\"ugb-button--inner\">En savoir plus<\/span><\/a><\/div><\/div><div class=\"ugb-feature__image\"><\/div><\/div><\/div><\/div><\/div>\n","protected":false},"excerpt":{"rendered":"D\u00e9couvrez la s\u00e9lection des studios et lieu de culture participants \u00e0 la mission.","protected":false},"author":118,"featured_media":17367,"template":"","meta":{"_acf_changed":false,"_links_to":"","_links_to_target":""},"class_list":["post-17272","evenements","type-evenements","status-publish","has-post-thumbnail","hentry"],"featured_image_urls_v2":{"full":["https:\/\/effetquebec.ca\/wp-content\/uploads\/2024\/06\/SVSN-1080.jpg",1080,1080,false],"thumbnail":["https:\/\/effetquebec.ca\/wp-content\/uploads\/2024\/06\/SVSN-1080-150x150.jpg",150,150,true],"medium":["https:\/\/effetquebec.ca\/wp-content\/uploads\/2024\/06\/SVSN-1080-250x250.jpg",250,250,true],"medium_large":["https:\/\/effetquebec.ca\/wp-content\/uploads\/2024\/06\/SVSN-1080-768x768.jpg",768,768,true],"large":["https:\/\/effetquebec.ca\/wp-content\/uploads\/2024\/06\/SVSN-1080-700x700.jpg",700,700,true],"1536x1536":["https:\/\/effetquebec.ca\/wp-content\/uploads\/2024\/06\/SVSN-1080.jpg",1080,1080,false],"2048x2048":["https:\/\/effetquebec.ca\/wp-content\/uploads\/2024\/06\/SVSN-1080.jpg",1080,1080,false],"small":["https:\/\/effetquebec.ca\/wp-content\/uploads\/2024\/06\/SVSN-1080-120x120.jpg",120,120,true],"custom-size":["https:\/\/effetquebec.ca\/wp-content\/uploads\/2024\/06\/SVSN-1080-700x200.jpg",700,200,true],"grille":["https:\/\/effetquebec.ca\/wp-content\/uploads\/2024\/06\/SVSN-1080-800x450.jpg",800,450,true],"gform-image-choice-sm":["https:\/\/effetquebec.ca\/wp-content\/uploads\/2024\/06\/SVSN-1080.jpg",300,300,false],"gform-image-choice-md":["https:\/\/effetquebec.ca\/wp-content\/uploads\/2024\/06\/SVSN-1080.jpg",400,400,false],"gform-image-choice-lg":["https:\/\/effetquebec.ca\/wp-content\/uploads\/2024\/06\/SVSN-1080.jpg",600,600,false]},"post_excerpt_stackable_v2":"D\u00e9couvrez la s\u00e9lection des studios et lieu de culture participants \u00e0 la mission.","category_list_v2":"","author_info_v2":{"name":"Sara","url":"https:\/\/effetquebec.ca\/en\/author\/saraxnquebec-co\/"},"comments_num_v2":"0 comments","acf":[],"yoast_head":"<!-- This site is optimized with the Yoast SEO plugin v27.5 - https:\/\/yoast.com\/product\/yoast-seo-wordpress\/ -->\n<title>Spectacle vivant, sc\u00e8nes num\u00e9riques (SVSN)\u00a0\u2013 D\u00e9l\u00e9gation qu\u00e9b\u00e9coise 2024 - L\u2019Effet Qu\u00e9bec<\/title>\n<meta name=\"description\" content=\"Du 5 au 8 juin 2024, Avignon (FRANCE).\" \/>\n<meta name=\"robots\" content=\"index, follow, max-snippet:-1, max-image-preview:large, max-video-preview:-1\" \/>\n<link rel=\"canonical\" href=\"https:\/\/effetquebec.ca\/en\/eventlist\/spectacle-vivant-scenes-numeriques-svsn-delegation-quebecoise-2024\/\" \/>\n<meta property=\"og:locale\" content=\"en_US\" \/>\n<meta property=\"og:type\" content=\"article\" \/>\n<meta property=\"og:title\" content=\"Spectacle vivant, sc\u00e8nes num\u00e9riques (SVSN)\u00a0\u2013 D\u00e9l\u00e9gation qu\u00e9b\u00e9coise 2024 - L\u2019Effet Qu\u00e9bec\" \/>\n<meta property=\"og:description\" content=\"Du 5 au 8 juin 2024, Avignon (FRANCE).\" \/>\n<meta property=\"og:url\" content=\"https:\/\/effetquebec.ca\/en\/eventlist\/spectacle-vivant-scenes-numeriques-svsn-delegation-quebecoise-2024\/\" \/>\n<meta property=\"og:site_name\" content=\"L\u2019Effet Qu\u00e9bec\" \/>\n<meta property=\"article:publisher\" content=\"https:\/\/www.facebook.com\/XnQuebec\" \/>\n<meta property=\"article:modified_time\" content=\"2024-06-27T18:36:06+00:00\" \/>\n<meta property=\"og:image\" content=\"https:\/\/effetquebec.ca\/wp-content\/uploads\/2024\/06\/SVSN-1080.jpg\" \/>\n\t<meta property=\"og:image:width\" content=\"1080\" \/>\n\t<meta property=\"og:image:height\" content=\"1080\" \/>\n\t<meta property=\"og:image:type\" content=\"image\/jpeg\" \/>\n<meta name=\"twitter:card\" content=\"summary_large_image\" \/>\n<meta name=\"twitter:label1\" content=\"Est. reading time\" \/>\n\t<meta name=\"twitter:data1\" content=\"7 minutes\" \/>\n<script type=\"application\/ld+json\" class=\"yoast-schema-graph\">{\"@context\":\"https:\\\/\\\/schema.org\",\"@graph\":[{\"@type\":\"Article\",\"@id\":\"https:\\\/\\\/effetquebec.ca\\\/en\\\/eventlist\\\/spectacle-vivant-scenes-numeriques-svsn-delegation-quebecoise-2024\\\/#article\",\"isPartOf\":{\"@id\":\"https:\\\/\\\/effetquebec.ca\\\/en\\\/eventlist\\\/spectacle-vivant-scenes-numeriques-svsn-delegation-quebecoise-2024\\\/\"},\"author\":{\"name\":\"Sara\",\"@id\":\"https:\\\/\\\/effetquebec.ca\\\/en\\\/#\\\/schema\\\/person\\\/940ef39453e3e18284e90f021ae27fae\"},\"headline\":\"Spectacle vivant, sc\u00e8nes num\u00e9riques (SVSN)\u00a0\u2013 D\u00e9l\u00e9gation qu\u00e9b\u00e9coise 2024\",\"datePublished\":\"2024-06-19T16:29:04+00:00\",\"dateModified\":\"2024-06-27T18:36:06+00:00\",\"mainEntityOfPage\":{\"@id\":\"https:\\\/\\\/effetquebec.ca\\\/en\\\/eventlist\\\/spectacle-vivant-scenes-numeriques-svsn-delegation-quebecoise-2024\\\/\"},\"wordCount\":1363,\"publisher\":{\"@id\":\"https:\\\/\\\/effetquebec.ca\\\/en\\\/#organization\"},\"image\":{\"@id\":\"https:\\\/\\\/effetquebec.ca\\\/en\\\/eventlist\\\/spectacle-vivant-scenes-numeriques-svsn-delegation-quebecoise-2024\\\/#primaryimage\"},\"thumbnailUrl\":\"https:\\\/\\\/effetquebec.ca\\\/wp-content\\\/uploads\\\/2024\\\/06\\\/SVSN-1080.jpg\",\"inLanguage\":\"en-CA\"},{\"@type\":\"WebPage\",\"@id\":\"https:\\\/\\\/effetquebec.ca\\\/en\\\/eventlist\\\/spectacle-vivant-scenes-numeriques-svsn-delegation-quebecoise-2024\\\/\",\"url\":\"https:\\\/\\\/effetquebec.ca\\\/en\\\/eventlist\\\/spectacle-vivant-scenes-numeriques-svsn-delegation-quebecoise-2024\\\/\",\"name\":\"Spectacle vivant, sc\u00e8nes num\u00e9riques (SVSN)\u00a0\u2013 D\u00e9l\u00e9gation qu\u00e9b\u00e9coise 2024 - L\u2019Effet Qu\u00e9bec\",\"isPartOf\":{\"@id\":\"https:\\\/\\\/effetquebec.ca\\\/en\\\/#website\"},\"primaryImageOfPage\":{\"@id\":\"https:\\\/\\\/effetquebec.ca\\\/en\\\/eventlist\\\/spectacle-vivant-scenes-numeriques-svsn-delegation-quebecoise-2024\\\/#primaryimage\"},\"image\":{\"@id\":\"https:\\\/\\\/effetquebec.ca\\\/en\\\/eventlist\\\/spectacle-vivant-scenes-numeriques-svsn-delegation-quebecoise-2024\\\/#primaryimage\"},\"thumbnailUrl\":\"https:\\\/\\\/effetquebec.ca\\\/wp-content\\\/uploads\\\/2024\\\/06\\\/SVSN-1080.jpg\",\"datePublished\":\"2024-06-19T16:29:04+00:00\",\"dateModified\":\"2024-06-27T18:36:06+00:00\",\"description\":\"Du 5 au 8 juin 2024, Avignon (FRANCE).\",\"breadcrumb\":{\"@id\":\"https:\\\/\\\/effetquebec.ca\\\/en\\\/eventlist\\\/spectacle-vivant-scenes-numeriques-svsn-delegation-quebecoise-2024\\\/#breadcrumb\"},\"inLanguage\":\"en-CA\",\"potentialAction\":[{\"@type\":\"ReadAction\",\"target\":[\"https:\\\/\\\/effetquebec.ca\\\/en\\\/eventlist\\\/spectacle-vivant-scenes-numeriques-svsn-delegation-quebecoise-2024\\\/\"]}]},{\"@type\":\"ImageObject\",\"inLanguage\":\"en-CA\",\"@id\":\"https:\\\/\\\/effetquebec.ca\\\/en\\\/eventlist\\\/spectacle-vivant-scenes-numeriques-svsn-delegation-quebecoise-2024\\\/#primaryimage\",\"url\":\"https:\\\/\\\/effetquebec.ca\\\/wp-content\\\/uploads\\\/2024\\\/06\\\/SVSN-1080.jpg\",\"contentUrl\":\"https:\\\/\\\/effetquebec.ca\\\/wp-content\\\/uploads\\\/2024\\\/06\\\/SVSN-1080.jpg\",\"width\":1080,\"height\":1080},{\"@type\":\"BreadcrumbList\",\"@id\":\"https:\\\/\\\/effetquebec.ca\\\/en\\\/eventlist\\\/spectacle-vivant-scenes-numeriques-svsn-delegation-quebecoise-2024\\\/#breadcrumb\",\"itemListElement\":[{\"@type\":\"ListItem\",\"position\":1,\"name\":\"Accueil\",\"item\":\"https:\\\/\\\/effetquebec.ca\\\/en\\\/\"},{\"@type\":\"ListItem\",\"position\":2,\"name\":\"Events\",\"item\":\"https:\\\/\\\/effetquebec.ca\\\/en\\\/eventlist\\\/\"},{\"@type\":\"ListItem\",\"position\":3,\"name\":\"Spectacle vivant, sc\u00e8nes num\u00e9riques (SVSN)\u00a0\u2013 D\u00e9l\u00e9gation qu\u00e9b\u00e9coise 2024\"}]},{\"@type\":\"WebSite\",\"@id\":\"https:\\\/\\\/effetquebec.ca\\\/en\\\/#website\",\"url\":\"https:\\\/\\\/effetquebec.ca\\\/en\\\/\",\"name\":\"L\u2019Effet Qu\u00e9bec\",\"description\":\"P\u00f4le d\u2019expertise en exportation\",\"publisher\":{\"@id\":\"https:\\\/\\\/effetquebec.ca\\\/en\\\/#organization\"},\"potentialAction\":[{\"@type\":\"SearchAction\",\"target\":{\"@type\":\"EntryPoint\",\"urlTemplate\":\"https:\\\/\\\/effetquebec.ca\\\/en\\\/?s={search_term_string}\"},\"query-input\":{\"@type\":\"PropertyValueSpecification\",\"valueRequired\":true,\"valueName\":\"search_term_string\"}}],\"inLanguage\":\"en-CA\"},{\"@type\":\"Organization\",\"@id\":\"https:\\\/\\\/effetquebec.ca\\\/en\\\/#organization\",\"name\":\"L\u2019Effet Qu\u00e9bec\",\"url\":\"https:\\\/\\\/effetquebec.ca\\\/en\\\/\",\"logo\":{\"@type\":\"ImageObject\",\"inLanguage\":\"en-CA\",\"@id\":\"https:\\\/\\\/effetquebec.ca\\\/en\\\/#\\\/schema\\\/logo\\\/image\\\/\",\"url\":\"https:\\\/\\\/effetquebec.ca\\\/wp-content\\\/uploads\\\/2026\\\/04\\\/EffetQuebec.LogoVertical.RGB_.Noir-fav-1.png\",\"contentUrl\":\"https:\\\/\\\/effetquebec.ca\\\/wp-content\\\/uploads\\\/2026\\\/04\\\/EffetQuebec.LogoVertical.RGB_.Noir-fav-1.png\",\"width\":512,\"height\":512,\"caption\":\"L\u2019Effet Qu\u00e9bec\"},\"image\":{\"@id\":\"https:\\\/\\\/effetquebec.ca\\\/en\\\/#\\\/schema\\\/logo\\\/image\\\/\"},\"sameAs\":[\"https:\\\/\\\/www.facebook.com\\\/XnQuebec\",\"https:\\\/\\\/www.instagram.com\\\/xnquebec\\\/\",\"https:\\\/\\\/www.linkedin.com\\\/company\\\/xnquebec\\\/\"]},{\"@type\":\"Person\",\"@id\":\"https:\\\/\\\/effetquebec.ca\\\/en\\\/#\\\/schema\\\/person\\\/940ef39453e3e18284e90f021ae27fae\",\"name\":\"Sara\",\"image\":{\"@type\":\"ImageObject\",\"inLanguage\":\"en-CA\",\"@id\":\"https:\\\/\\\/secure.gravatar.com\\\/avatar\\\/2ac530a97fc9db59566fed92cc6d8dd1c6429dd06f37b16d3c1eb34cd2ef8ebf?s=96&d=mm&r=g\",\"url\":\"https:\\\/\\\/secure.gravatar.com\\\/avatar\\\/2ac530a97fc9db59566fed92cc6d8dd1c6429dd06f37b16d3c1eb34cd2ef8ebf?s=96&d=mm&r=g\",\"contentUrl\":\"https:\\\/\\\/secure.gravatar.com\\\/avatar\\\/2ac530a97fc9db59566fed92cc6d8dd1c6429dd06f37b16d3c1eb34cd2ef8ebf?s=96&d=mm&r=g\",\"caption\":\"Sara\"}}]}<\/script>\n<!-- \/ Yoast SEO plugin. -->","yoast_head_json":{"title":"Spectacle vivant, sc\u00e8nes num\u00e9riques (SVSN)\u00a0\u2013 D\u00e9l\u00e9gation qu\u00e9b\u00e9coise 2024 - L\u2019Effet Qu\u00e9bec","description":"Du 5 au 8 juin 2024, Avignon (FRANCE).","robots":{"index":"index","follow":"follow","max-snippet":"max-snippet:-1","max-image-preview":"max-image-preview:large","max-video-preview":"max-video-preview:-1"},"canonical":"https:\/\/effetquebec.ca\/en\/eventlist\/spectacle-vivant-scenes-numeriques-svsn-delegation-quebecoise-2024\/","og_locale":"en_US","og_type":"article","og_title":"Spectacle vivant, sc\u00e8nes num\u00e9riques (SVSN)\u00a0\u2013 D\u00e9l\u00e9gation qu\u00e9b\u00e9coise 2024 - L\u2019Effet Qu\u00e9bec","og_description":"Du 5 au 8 juin 2024, Avignon (FRANCE).","og_url":"https:\/\/effetquebec.ca\/en\/eventlist\/spectacle-vivant-scenes-numeriques-svsn-delegation-quebecoise-2024\/","og_site_name":"L\u2019Effet Qu\u00e9bec","article_publisher":"https:\/\/www.facebook.com\/XnQuebec","article_modified_time":"2024-06-27T18:36:06+00:00","og_image":[{"width":1080,"height":1080,"url":"https:\/\/effetquebec.ca\/wp-content\/uploads\/2024\/06\/SVSN-1080.jpg","type":"image\/jpeg"}],"twitter_card":"summary_large_image","twitter_misc":{"Est. reading time":"7 minutes"},"schema":{"@context":"https:\/\/schema.org","@graph":[{"@type":"Article","@id":"https:\/\/effetquebec.ca\/en\/eventlist\/spectacle-vivant-scenes-numeriques-svsn-delegation-quebecoise-2024\/#article","isPartOf":{"@id":"https:\/\/effetquebec.ca\/en\/eventlist\/spectacle-vivant-scenes-numeriques-svsn-delegation-quebecoise-2024\/"},"author":{"name":"Sara","@id":"https:\/\/effetquebec.ca\/en\/#\/schema\/person\/940ef39453e3e18284e90f021ae27fae"},"headline":"Spectacle vivant, sc\u00e8nes num\u00e9riques (SVSN)\u00a0\u2013 D\u00e9l\u00e9gation qu\u00e9b\u00e9coise 2024","datePublished":"2024-06-19T16:29:04+00:00","dateModified":"2024-06-27T18:36:06+00:00","mainEntityOfPage":{"@id":"https:\/\/effetquebec.ca\/en\/eventlist\/spectacle-vivant-scenes-numeriques-svsn-delegation-quebecoise-2024\/"},"wordCount":1363,"publisher":{"@id":"https:\/\/effetquebec.ca\/en\/#organization"},"image":{"@id":"https:\/\/effetquebec.ca\/en\/eventlist\/spectacle-vivant-scenes-numeriques-svsn-delegation-quebecoise-2024\/#primaryimage"},"thumbnailUrl":"https:\/\/effetquebec.ca\/wp-content\/uploads\/2024\/06\/SVSN-1080.jpg","inLanguage":"en-CA"},{"@type":"WebPage","@id":"https:\/\/effetquebec.ca\/en\/eventlist\/spectacle-vivant-scenes-numeriques-svsn-delegation-quebecoise-2024\/","url":"https:\/\/effetquebec.ca\/en\/eventlist\/spectacle-vivant-scenes-numeriques-svsn-delegation-quebecoise-2024\/","name":"Spectacle vivant, sc\u00e8nes num\u00e9riques (SVSN)\u00a0\u2013 D\u00e9l\u00e9gation qu\u00e9b\u00e9coise 2024 - L\u2019Effet Qu\u00e9bec","isPartOf":{"@id":"https:\/\/effetquebec.ca\/en\/#website"},"primaryImageOfPage":{"@id":"https:\/\/effetquebec.ca\/en\/eventlist\/spectacle-vivant-scenes-numeriques-svsn-delegation-quebecoise-2024\/#primaryimage"},"image":{"@id":"https:\/\/effetquebec.ca\/en\/eventlist\/spectacle-vivant-scenes-numeriques-svsn-delegation-quebecoise-2024\/#primaryimage"},"thumbnailUrl":"https:\/\/effetquebec.ca\/wp-content\/uploads\/2024\/06\/SVSN-1080.jpg","datePublished":"2024-06-19T16:29:04+00:00","dateModified":"2024-06-27T18:36:06+00:00","description":"Du 5 au 8 juin 2024, Avignon (FRANCE).","breadcrumb":{"@id":"https:\/\/effetquebec.ca\/en\/eventlist\/spectacle-vivant-scenes-numeriques-svsn-delegation-quebecoise-2024\/#breadcrumb"},"inLanguage":"en-CA","potentialAction":[{"@type":"ReadAction","target":["https:\/\/effetquebec.ca\/en\/eventlist\/spectacle-vivant-scenes-numeriques-svsn-delegation-quebecoise-2024\/"]}]},{"@type":"ImageObject","inLanguage":"en-CA","@id":"https:\/\/effetquebec.ca\/en\/eventlist\/spectacle-vivant-scenes-numeriques-svsn-delegation-quebecoise-2024\/#primaryimage","url":"https:\/\/effetquebec.ca\/wp-content\/uploads\/2024\/06\/SVSN-1080.jpg","contentUrl":"https:\/\/effetquebec.ca\/wp-content\/uploads\/2024\/06\/SVSN-1080.jpg","width":1080,"height":1080},{"@type":"BreadcrumbList","@id":"https:\/\/effetquebec.ca\/en\/eventlist\/spectacle-vivant-scenes-numeriques-svsn-delegation-quebecoise-2024\/#breadcrumb","itemListElement":[{"@type":"ListItem","position":1,"name":"Accueil","item":"https:\/\/effetquebec.ca\/en\/"},{"@type":"ListItem","position":2,"name":"Events","item":"https:\/\/effetquebec.ca\/en\/eventlist\/"},{"@type":"ListItem","position":3,"name":"Spectacle vivant, sc\u00e8nes num\u00e9riques (SVSN)\u00a0\u2013 D\u00e9l\u00e9gation qu\u00e9b\u00e9coise 2024"}]},{"@type":"WebSite","@id":"https:\/\/effetquebec.ca\/en\/#website","url":"https:\/\/effetquebec.ca\/en\/","name":"L\u2019Effet Qu\u00e9bec","description":"P\u00f4le d\u2019expertise en exportation","publisher":{"@id":"https:\/\/effetquebec.ca\/en\/#organization"},"potentialAction":[{"@type":"SearchAction","target":{"@type":"EntryPoint","urlTemplate":"https:\/\/effetquebec.ca\/en\/?s={search_term_string}"},"query-input":{"@type":"PropertyValueSpecification","valueRequired":true,"valueName":"search_term_string"}}],"inLanguage":"en-CA"},{"@type":"Organization","@id":"https:\/\/effetquebec.ca\/en\/#organization","name":"L\u2019Effet Qu\u00e9bec","url":"https:\/\/effetquebec.ca\/en\/","logo":{"@type":"ImageObject","inLanguage":"en-CA","@id":"https:\/\/effetquebec.ca\/en\/#\/schema\/logo\/image\/","url":"https:\/\/effetquebec.ca\/wp-content\/uploads\/2026\/04\/EffetQuebec.LogoVertical.RGB_.Noir-fav-1.png","contentUrl":"https:\/\/effetquebec.ca\/wp-content\/uploads\/2026\/04\/EffetQuebec.LogoVertical.RGB_.Noir-fav-1.png","width":512,"height":512,"caption":"L\u2019Effet Qu\u00e9bec"},"image":{"@id":"https:\/\/effetquebec.ca\/en\/#\/schema\/logo\/image\/"},"sameAs":["https:\/\/www.facebook.com\/XnQuebec","https:\/\/www.instagram.com\/xnquebec\/","https:\/\/www.linkedin.com\/company\/xnquebec\/"]},{"@type":"Person","@id":"https:\/\/effetquebec.ca\/en\/#\/schema\/person\/940ef39453e3e18284e90f021ae27fae","name":"Sara","image":{"@type":"ImageObject","inLanguage":"en-CA","@id":"https:\/\/secure.gravatar.com\/avatar\/2ac530a97fc9db59566fed92cc6d8dd1c6429dd06f37b16d3c1eb34cd2ef8ebf?s=96&d=mm&r=g","url":"https:\/\/secure.gravatar.com\/avatar\/2ac530a97fc9db59566fed92cc6d8dd1c6429dd06f37b16d3c1eb34cd2ef8ebf?s=96&d=mm&r=g","contentUrl":"https:\/\/secure.gravatar.com\/avatar\/2ac530a97fc9db59566fed92cc6d8dd1c6429dd06f37b16d3c1eb34cd2ef8ebf?s=96&d=mm&r=g","caption":"Sara"}}]}},"_links":{"self":[{"href":"https:\/\/effetquebec.ca\/en\/wp-json\/wp\/v2\/evenements\/17272","targetHints":{"allow":["GET"]}}],"collection":[{"href":"https:\/\/effetquebec.ca\/en\/wp-json\/wp\/v2\/evenements"}],"about":[{"href":"https:\/\/effetquebec.ca\/en\/wp-json\/wp\/v2\/types\/evenements"}],"author":[{"embeddable":true,"href":"https:\/\/effetquebec.ca\/en\/wp-json\/wp\/v2\/users\/118"}],"wp:featuredmedia":[{"embeddable":true,"href":"https:\/\/effetquebec.ca\/en\/wp-json\/wp\/v2\/media\/17367"}],"wp:attachment":[{"href":"https:\/\/effetquebec.ca\/en\/wp-json\/wp\/v2\/media?parent=17272"}],"curies":[{"name":"wp","href":"https:\/\/api.w.org\/{rel}","templated":true}]}}