{"id":17820,"date":"2024-10-01T16:31:16","date_gmt":"2024-10-01T20:31:16","guid":{"rendered":"https:\/\/effetquebec.ca\/?post_type=evenements&#038;p=17820"},"modified":"2026-04-13T14:16:32","modified_gmt":"2026-04-13T18:16:32","slug":"mutek-mx-quebec-professional-delegation-2024","status":"publish","type":"evenements","link":"https:\/\/effetquebec.ca\/en\/eventlist\/mutek-mx-quebec-professional-delegation-2024\/","title":{"rendered":"MUTEK MX &#8211; Qu\u00e9bec Professional Delegation 2024"},"content":{"rendered":"\n<div class=\"alignfull wp-block-ugb-container ugb-container ugb-4902473 ugb-container--v2 ugb-container--design-basic ugb-main-block\"><style>.ugb-4902473-wrapper.ugb-container__wrapper{background-color:#000000 !important}.ugb-4902473-wrapper.ugb-container__wrapper:before{background-color:#000000 !important}.ugb-4902473-content-wrapper > h1,.ugb-4902473-content-wrapper > h2,.ugb-4902473-content-wrapper > h3,.ugb-4902473-content-wrapper > h4,.ugb-4902473-content-wrapper > h5,.ugb-4902473-content-wrapper > h6{color:#ffffff}.ugb-4902473-content-wrapper > p,.ugb-4902473-content-wrapper > ol li,.ugb-4902473-content-wrapper > ul li{color:#ffffff}@media screen and (min-width:768px){.ugb-4902473-content-wrapper.ugb-container__content-wrapper{width:90% !important}.ugb-4902473.ugb-container{margin-top:0px !important;padding-top:0px !important;padding-right:0px !important;padding-bottom:35px !important;padding-left:0px !important}}@media screen and (min-width:768px){.ugb-4902473 > .ugb-inner-block > .ugb-block-content > *{padding-top:0px !important;padding-bottom:0px !important;padding-right:0px !important;padding-left:0px !important}}<\/style><div class=\"ugb-inner-block\"><div class=\"ugb-block-content\"><div class=\"ugb-container__wrapper ugb-4902473-wrapper ugb--shadow-0\"><div class=\"ugb-container__side\"><div class=\"ugb-container__content-wrapper ugb-4902473-content-wrapper\">\n<div class=\"alignwide wp-block-ugb-container ugb-container ugb-3b907d8 ugb-container--v2 ugb-container--design-basic ugb-main-block\"><style>.ugb-3b907d8-wrapper.ugb-container__wrapper{background-color:#000000 !important}.ugb-3b907d8-wrapper.ugb-container__wrapper:before{background-color:#000000 !important}.ugb-3b907d8 h1,.ugb-3b907d8 h2,.ugb-3b907d8 h3,.ugb-3b907d8 h4,.ugb-3b907d8 h5,.ugb-3b907d8 h6{color:#ffffff}.ugb-3b907d8 p,.ugb-3b907d8 li,.ugb-3b907d8 label,.ugb-3b907d8 table{color:#ffffff}.ugb-3b907d8-content-wrapper > h1,.ugb-3b907d8-content-wrapper > h2,.ugb-3b907d8-content-wrapper > h3,.ugb-3b907d8-content-wrapper > h4,.ugb-3b907d8-content-wrapper > h5,.ugb-3b907d8-content-wrapper > h6{color:#ffffff}.ugb-3b907d8-content-wrapper > p,.ugb-3b907d8-content-wrapper > ol li,.ugb-3b907d8-content-wrapper > ul li{color:#ffffff}@media screen and (min-width:768px){.ugb-3b907d8-content-wrapper.ugb-container__content-wrapper{width:90% !important}.ugb-3b907d8.ugb-container{margin-top:35px !important;margin-right:-113px !important;padding-top:35px !important;padding-right:35px !important;padding-bottom:35px !important;padding-left:35px !important}}@media screen and (min-width:768px){.ugb-3b907d8 > .ugb-inner-block > .ugb-block-content > *{padding-top:0px !important;padding-bottom:0px !important;padding-right:0px !important;padding-left:0px !important}}<\/style><div class=\"ugb-inner-block\"><div class=\"ugb-block-content\"><div class=\"ugb-container__wrapper ugb-3b907d8-wrapper ugb--shadow-0\"><div class=\"ugb-container__side\"><div class=\"ugb-container__content-wrapper ugb-3b907d8-content-wrapper\"><div class=\"wp-block-image is-style-default\">\n<figure data-wp-context=\"{&quot;imageId&quot;:&quot;69f36e6c7056b&quot;}\" data-wp-interactive=\"core\/image\" data-wp-key=\"69f36e6c7056b\" class=\"alignleft size-full is-resized wp-lightbox-container\"><img loading=\"lazy\" decoding=\"async\" width=\"1080\" height=\"1080\" data-wp-class--hide=\"state.isContentHidden\" data-wp-class--show=\"state.isContentVisible\" data-wp-init=\"callbacks.setButtonStyles\" data-wp-on--click=\"actions.showLightbox\" data-wp-on--load=\"callbacks.setButtonStyles\" data-wp-on-window--resize=\"callbacks.setButtonStyles\" src=\"https:\/\/effetquebec.ca\/wp-content\/uploads\/2024\/10\/MUTEK-MEX-ANG-1.png\" alt=\"\" class=\"wp-image-18057\" style=\"width:500px\" srcset=\"https:\/\/effetquebec.ca\/wp-content\/uploads\/2024\/10\/MUTEK-MEX-ANG-1.png 1080w, https:\/\/effetquebec.ca\/wp-content\/uploads\/2024\/10\/MUTEK-MEX-ANG-1-250x250.png 250w, https:\/\/effetquebec.ca\/wp-content\/uploads\/2024\/10\/MUTEK-MEX-ANG-1-700x700.png 700w, https:\/\/effetquebec.ca\/wp-content\/uploads\/2024\/10\/MUTEK-MEX-ANG-1-150x150.png 150w, https:\/\/effetquebec.ca\/wp-content\/uploads\/2024\/10\/MUTEK-MEX-ANG-1-768x768.png 768w, https:\/\/effetquebec.ca\/wp-content\/uploads\/2024\/10\/MUTEK-MEX-ANG-1-120x120.png 120w\" sizes=\"auto, (max-width: 1080px) 100vw, 1080px\" \/><button\n\t\t\tclass=\"lightbox-trigger\"\n\t\t\ttype=\"button\"\n\t\t\taria-haspopup=\"dialog\"\n\t\t\taria-label=\"Enlarge\"\n\t\t\tdata-wp-init=\"callbacks.initTriggerButton\"\n\t\t\tdata-wp-on--click=\"actions.showLightbox\"\n\t\t\tdata-wp-style--right=\"state.imageButtonRight\"\n\t\t\tdata-wp-style--top=\"state.imageButtonTop\"\n\t\t>\n\t\t\t<svg xmlns=\"http:\/\/www.w3.org\/2000\/svg\" width=\"12\" height=\"12\" fill=\"none\" viewBox=\"0 0 12 12\">\n\t\t\t\t<path fill=\"#fff\" d=\"M2 0a2 2 0 0 0-2 2v2h1.5V2a.5.5 0 0 1 .5-.5h2V0H2Zm2 10.5H2a.5.5 0 0 1-.5-.5V8H0v2a2 2 0 0 0 2 2h2v-1.5ZM8 12v-1.5h2a.5.5 0 0 0 .5-.5V8H12v2a2 2 0 0 1-2 2H8Zm2-12a2 2 0 0 1 2 2v2h-1.5V2a.5.5 0 0 0-.5-.5H8V0h2Z\" \/>\n\t\t\t<\/svg>\n\t\t<\/button><\/figure>\n<\/div>\n\n\n<h1 class=\"wp-block-heading has-x-large-font-size\">MUTEK MEXICO 2024<\/h1>\n\n\n\n<p>October 14-18, 2024,<br>Mexico City (Mexico).<\/p>\n\n\n\n<p><br>MUTEK Montr\u00e9al, in collaboration with l&#8217;Effet Qu\u00e9bec (an initiative of Xn Qu\u00e9bec), the Minist\u00e8re de la Culture et des Communications (MCC), the SODEC, the D\u00e9l\u00e9gation g\u00e9n\u00e9rale du Qu\u00e9bec \u00e0 Mexico, the Ville de Montr\u00e9al and Investissement Qu\u00e9bec International is setting up a Qu\u00e9bec delegation of studio producers, creators, broadcasters, distributors and cultural venues of digital creativity to take part in the 20th anniversary edition of MUTEK MX.<\/p>\n\n\n\n<p>In addition to festival activities, four days of meetings, exchanges, pitches, personalized B2Bs and visits will be held to generate links with the local creative ecosystem as well as with international professionals taking part in the event.<\/p>\n\n\n\n<p>This project is made possible with the financial support of the Minist\u00e8re de la Culture et des Communications (MCC) and the SODEC.<\/p>\n\n\n\n<div style=\"height:41px\" aria-hidden=\"true\" class=\"wp-block-spacer\"><\/div>\n<\/div><\/div><\/div><\/div><\/div><\/div>\n<\/div><\/div><\/div><\/div><\/div><\/div>\n\n\n\n<div style=\"height:32px\" aria-hidden=\"true\" class=\"wp-block-spacer\"><\/div>\n\n\n\n<div class=\"wp-block-columns alignwide are-vertically-aligned-center is-layout-flex wp-container-core-columns-is-layout-9d6595d7 wp-block-columns-is-layout-flex\">\n<div class=\"wp-block-column is-vertically-aligned-center is-layout-flow wp-block-column-is-layout-flow\"><div class=\"wp-block-image\">\n<figure class=\"aligncenter size-full is-resized\"><a href=\"https:\/\/montreal.mutek.org\/fr\"><img loading=\"lazy\" decoding=\"async\" width=\"1940\" height=\"329\" src=\"https:\/\/effetquebec.ca\/wp-content\/uploads\/2024\/03\/LOGO_MUTEK_2017.png\" alt=\"\" class=\"wp-image-16604\" style=\"width:192px;height:auto\" srcset=\"https:\/\/effetquebec.ca\/wp-content\/uploads\/2024\/03\/LOGO_MUTEK_2017.png 1940w, https:\/\/effetquebec.ca\/wp-content\/uploads\/2024\/03\/LOGO_MUTEK_2017-250x42.png 250w, https:\/\/effetquebec.ca\/wp-content\/uploads\/2024\/03\/LOGO_MUTEK_2017-700x119.png 700w, https:\/\/effetquebec.ca\/wp-content\/uploads\/2024\/03\/LOGO_MUTEK_2017-768x130.png 768w, https:\/\/effetquebec.ca\/wp-content\/uploads\/2024\/03\/LOGO_MUTEK_2017-1536x260.png 1536w, https:\/\/effetquebec.ca\/wp-content\/uploads\/2024\/03\/LOGO_MUTEK_2017-120x20.png 120w\" sizes=\"auto, (max-width: 1940px) 100vw, 1940px\" \/><\/a><\/figure>\n<\/div><\/div>\n\n\n\n<div class=\"wp-block-column is-vertically-aligned-center is-layout-flow wp-block-column-is-layout-flow\"><div class=\"wp-block-image\">\n<figure class=\"aligncenter size-full is-resized\"><a href=\"https:\/\/www.xnquebec.co\/\"><img loading=\"lazy\" decoding=\"async\" width=\"851\" height=\"324\" src=\"https:\/\/effetquebec.ca\/wp-content\/uploads\/2022\/04\/XnQUEBEC_FR_rgb.jpg\" alt=\"\" class=\"wp-image-6218\" style=\"width:192px;height:auto\" srcset=\"https:\/\/effetquebec.ca\/wp-content\/uploads\/2022\/04\/XnQUEBEC_FR_rgb.jpg 851w, https:\/\/effetquebec.ca\/wp-content\/uploads\/2022\/04\/XnQUEBEC_FR_rgb-250x95.jpg 250w, https:\/\/effetquebec.ca\/wp-content\/uploads\/2022\/04\/XnQUEBEC_FR_rgb-700x267.jpg 700w, https:\/\/effetquebec.ca\/wp-content\/uploads\/2022\/04\/XnQUEBEC_FR_rgb-768x292.jpg 768w, https:\/\/effetquebec.ca\/wp-content\/uploads\/2022\/04\/XnQUEBEC_FR_rgb-120x46.jpg 120w\" sizes=\"auto, (max-width: 851px) 100vw, 851px\" \/><\/a><\/figure>\n<\/div><\/div>\n\n\n\n<div class=\"wp-block-column is-vertically-aligned-center is-layout-flow wp-block-column-is-layout-flow\"><div class=\"wp-block-image\">\n<figure class=\"aligncenter size-full is-resized\"><img loading=\"lazy\" decoding=\"async\" width=\"449\" height=\"514\" src=\"https:\/\/effetquebec.ca\/wp-content\/uploads\/2023\/06\/logo-effet-quebec_BLACK-1.png\" alt=\"\" class=\"wp-image-14675\" style=\"aspect-ratio:0.8682170542635659;width:76px;height:auto\" srcset=\"https:\/\/effetquebec.ca\/wp-content\/uploads\/2023\/06\/logo-effet-quebec_BLACK-1.png 449w, https:\/\/effetquebec.ca\/wp-content\/uploads\/2023\/06\/logo-effet-quebec_BLACK-1-250x286.png 250w, https:\/\/effetquebec.ca\/wp-content\/uploads\/2023\/06\/logo-effet-quebec_BLACK-1-120x137.png 120w\" sizes=\"auto, (max-width: 449px) 100vw, 449px\" \/><\/figure>\n<\/div><\/div>\n\n\n\n<div class=\"wp-block-column is-vertically-aligned-center is-layout-flow wp-block-column-is-layout-flow\"><div class=\"wp-block-image\">\n<figure class=\"aligncenter size-full is-resized\"><img loading=\"lazy\" decoding=\"async\" width=\"550\" height=\"290\" src=\"https:\/\/effetquebec.ca\/wp-content\/uploads\/2024\/03\/Quebec-Logo-1.png\" alt=\"\" class=\"wp-image-16628\" style=\"width:197px;height:auto\" srcset=\"https:\/\/effetquebec.ca\/wp-content\/uploads\/2024\/03\/Quebec-Logo-1.png 550w, https:\/\/effetquebec.ca\/wp-content\/uploads\/2024\/03\/Quebec-Logo-1-250x132.png 250w, https:\/\/effetquebec.ca\/wp-content\/uploads\/2024\/03\/Quebec-Logo-1-120x63.png 120w\" sizes=\"auto, (max-width: 550px) 100vw, 550px\" \/><\/figure>\n<\/div><\/div>\n\n\n\n<div class=\"wp-block-column is-vertically-aligned-center is-layout-flow wp-block-column-is-layout-flow\"><div class=\"wp-block-image\">\n<figure class=\"aligncenter size-full is-resized\"><img loading=\"lazy\" decoding=\"async\" width=\"1566\" height=\"334\" src=\"https:\/\/effetquebec.ca\/wp-content\/uploads\/2024\/10\/ville-montreal-logo-vdm.jpg\" alt=\"\" class=\"wp-image-20235\" style=\"width:165px;height:auto\" srcset=\"https:\/\/effetquebec.ca\/wp-content\/uploads\/2024\/10\/ville-montreal-logo-vdm.jpg 1566w, https:\/\/effetquebec.ca\/wp-content\/uploads\/2024\/10\/ville-montreal-logo-vdm-250x53.jpg 250w, https:\/\/effetquebec.ca\/wp-content\/uploads\/2024\/10\/ville-montreal-logo-vdm-700x149.jpg 700w, https:\/\/effetquebec.ca\/wp-content\/uploads\/2024\/10\/ville-montreal-logo-vdm-768x164.jpg 768w, https:\/\/effetquebec.ca\/wp-content\/uploads\/2024\/10\/ville-montreal-logo-vdm-1536x328.jpg 1536w, https:\/\/effetquebec.ca\/wp-content\/uploads\/2024\/10\/ville-montreal-logo-vdm-120x26.jpg 120w\" sizes=\"auto, (max-width: 1566px) 100vw, 1566px\" \/><\/figure>\n<\/div><\/div>\n<\/div>\n\n\n\n<div class=\"wp-block-ugb-container ugb-container ugb-3da682a ugb-container--v2 ugb-container--design-plain ugb-main-block\"><style>@media screen and (min-width:768px){.ugb-3da682a-content-wrapper.ugb-container__content-wrapper{width:80% !important}}<\/style><div class=\"ugb-inner-block\"><div class=\"ugb-block-content\"><div class=\"ugb-container__wrapper ugb-3da682a-wrapper\"><div class=\"ugb-container__side\"><div class=\"ugb-container__content-wrapper ugb-3da682a-content-wrapper\">\n<div class=\"wp-block-ugb-accordion ugb-accordion ugb-b332568 ugb-accordion--v2 ugb-accordion--design-plain ugb-accordion--open ugb-main-block\" aria-expanded=\"true\"><style>.ugb-b332568 .ugb-accordion__heading{flex-direction:row-reverse}.ugb-b332568 .ugb-accordion__title{font-family:\"Archivo Black\",Sans-serif !important;font-size:26px !important;color:#000000}.ugb-b332568.ugb-accordion{opacity:1 !important}<\/style><div class=\"ugb-inner-block\"><div class=\"ugb-block-content\"><div class=\"ugb-accordion__item\"><div class=\"ugb-accordion__heading\" role=\"button\" tabindex=\"0\"><h4 class=\"ugb-accordion__title\">ABOUT MUTEK MX<\/h4><svg xmlns=\"http:\/\/www.w3.org\/2000\/svg\" viewBox=\"0 0 20 20\" class=\"ugb-accordion__arrow\" width=\"20\" height=\"20\"><path d=\"M16.7 3.3L10 10 3.3 3.4 0 6.7l10 10v-.1l10-9.9z\"><\/path><\/svg><\/div><div class=\"ugb-accordion__content\" role=\"region\"><div class=\"ugb-accordion__content-inner\">\n<p>For 20 years now, MUTEK has been fostering connections between Montr\u00e9al and Mexico, as well as between Qu\u00e9bec, Mexico, and Latin America. The anniversary edition will take place from October 7 to 20, 2024.<\/p>\n\n\n\n<p>Year after year, <a href=\"https:\/\/mexico.mutek.org\/en\" target=\"_blank\" rel=\"noreferrer noopener\">MUTEK MX<\/a> has renewed its commitment to developing avant-garde and bold programming, contributing to positioning Mexico City as a platform for exchanging new trends in digital creativity and technology, both locally and internationally. For Qu\u00e9bec creators, the event provides a privileged landing point in Latin America while connecting them to global artistic currents.<\/p>\n<\/div><\/div><\/div><\/div><\/div><\/div>\n<\/div><\/div><\/div><\/div><\/div><\/div>\n\n\n\n<div class=\"wp-block-ugb-heading ugb-heading ugb-35d6d33 ugb-main-block ugb--has-custom-content-width\"><style>.ugb-35d6d33 .ugb-heading__title{font-size:32px !important;line-height:1.4em !important;text-align:left}.ugb-35d6d33 .ugb-heading__top-line{margin-left:0 !important;margin-right:auto !important}.ugb-35d6d33 .ugb-inner-block{text-align:left}.ugb-35d6d33.ugb-heading > .ugb-inner-block{max-width:80% !important}@media screen and (max-width:768px){.ugb-35d6d33 .ugb-heading__title{font-size:21px !important}}<\/style><div class=\"ugb-inner-block\"><div class=\"ugb-block-content\"><div class=\"ugb-heading__top-line\"><\/div><h2 class=\"ugb-heading__title\">Selection of studios, producers, broadcasters and cultural venues participating in the mission<\/h2><\/div><\/div><\/div>\n\n\n\n<div class=\"alignfull wp-block-ugb-feature ugb-feature ugb-4633cab ugb-feature--v2 ugb-feature--design-half ugb-feature--invert ugb-main-block ugb-main-block--inner-full ugb--has-block-background\"><style>.ugb-4633cab .ugb-feature__item{border-radius:0px !important}.ugb-4633cab .ugb-feature__content{background-color:#000000 !important}.ugb-4633cab .ugb-feature__content:before{background-color:#000000 !important}.ugb-4633cab .ugb-feature__image{background-image:url(https:\/\/effetquebec.ca\/wp-content\/uploads\/2024\/10\/00-choix-1-Projet-VULNERABLE--scaled.jpg)}.ugb-4633cab .ugb-feature__title{font-family:\"Archivo Black\",Sans-serif !important;font-weight:500 !important;color:var(--stk-global-color-88711,#313131)}.ugb-4633cab .ugb-feature__description{color:#ffffff;margin-bottom:16px !important}.ugb-4633cab .ugb-button .ugb-button--inner{font-family:\"Lato\",Sans-serif !important}.ugb-4633cab .ugb-button{background-color:var(--stk-global-color-37811,#732fb7);border-radius:100px !important}.ugb-4633cab .ugb-button .ugb-button--inner,.ugb-4633cab .ugb-button svg:not(.ugb-custom-icon){color:#ffffff !important}.ugb-4633cab .ugb-button:before{border-radius:100px !important}.ugb-4633cab .ugb-button-container{margin-bottom:50px !important}.ugb-4633cab.ugb-feature{background-color:rgba(0,0,0,1)}.ugb-4633cab{padding:0 !important}.ugb-4633cab.ugb-feature:before{background-color:#000000}@media screen and (min-width:768px){.ugb-4633cab.ugb-feature{margin-bottom:-29px !important;padding-right:0px !important;padding-left:0px !important}}<\/style><div class=\"ugb-inner-block ugb-inner-block--full\"><div class=\"ugb-block-content\"><div class=\"ugb-feature__item ugb--shadow-0\"><div class=\"ugb-feature__content\"><h3 class=\"ugb-feature__title\"><span style=\"\" class=\"ugb-highlight\"><font color=\"#ffffff\"><span style=\"font-size: 21.06px;\">4D ART<\/span><\/font><\/span><\/h3><p class=\"ugb-feature__description\"><strong>Michel Lemieux <\/strong> &#8211; Co-artistic Director, General Director Strategy (he\/him)<br><strong>Denis Morin<\/strong> &#8211; Operations Director (he\/him)<br><strong><br>Innovative living and digital art company since 1983<\/strong><br>According to Albert Einstein, time is the fourth dimension. In this day and age of digital speed, we often only slip to the surface of things. The mission of 4D ART is first to stop a little, to take the time to explore the depths of the human soul.<br><br>Founded by&nbsp;<a href=\"https:\/\/4dart.com\/en\/team\/biography\/michel-lemieux\/\">Michel Lemieux<\/a>&nbsp;in Montr\u00e9al in 1983, the multidisciplinary artistic company 4D ART already has about fifty original productions in its repertoire. First recognized worldwide, Michel Lemieux&#8217;s solo shows establish the creative identity of 4D ART.<br><br>Since the arrival of&nbsp;<a href=\"https:\/\/4dart.com\/en\/team\/biography\/victor-pilon\/\">Victor Pilon<\/a>&nbsp;as co-director of the company with Michel Lemieux, their unique work merges theatre, performance, dance, music, cinema, visual arts and digital arts. The tandem has created mesmerizing creations that magnify reality through the virtual, multiplying the performing arts to new media.<br><br>Since 2019, the two artistic co-directors have mainly created solo works. Victor Pilon addresses performance, while Michel Lemieux works on digital installations and experiences in virtual and augmented reality.<br>In a constantly renewed transdisciplinary movement, 4D ART is totally in line with current artistic relevance.<br>Lemieux and Pilon\u2019s avant-garde creations have been acclaimed around the world for more than 40 years, both nationally and internationally.<br><br>Featured projects: <br><strong>LE MIROIR DES JOURS<\/strong><br>Digital theatrical installation<br><br><strong>VULNERABLE<\/strong><br>Interactive digital installation<br><\/p><div class=\"ugb-button-container\"><a class=\"ugb-button ugb-button--size-small ugb--hover-effect-lift\" href=\"https:\/\/4dart.com\/en\/\" target=\"_blank\" rel=\"noopener noreferrer nofollow\" title=\"\"><span class=\"ugb-button--inner\">Read more<\/span><\/a><\/div><\/div><div class=\"ugb-feature__image\"><\/div><\/div><\/div><\/div><\/div>\n\n\n\n<div class=\"alignfull wp-block-ugb-feature ugb-feature ugb-6f63d73 ugb-feature--v2 ugb-feature--design-half ugb-main-block ugb-main-block--inner-full ugb--has-block-background\"><style>.ugb-6f63d73 .ugb-feature__item{border-radius:0px !important}.ugb-6f63d73 .ugb-feature__content{background-color:#000000 !important}.ugb-6f63d73 .ugb-feature__content:before{background-color:#000000 !important}.ugb-6f63d73 .ugb-feature__image{background-image:url(https:\/\/effetquebec.ca\/wp-content\/uploads\/2024\/09\/simulator-amelie.png)}.ugb-6f63d73 .ugb-feature__title{font-family:\"Archivo Black\",Sans-serif !important;font-weight:500 !important;color:var(--stk-global-color-88711,#313131)}.ugb-6f63d73 .ugb-feature__description{color:#ffffff}.ugb-6f63d73.ugb-feature{background-color:rgba(0,0,0,1)}.ugb-6f63d73{padding:0 !important}.ugb-6f63d73.ugb-feature:before{background-color:#000000}@media screen and (min-width:768px){.ugb-6f63d73.ugb-feature{margin-bottom:-29px !important}}<\/style><div class=\"ugb-inner-block ugb-inner-block--full\"><div class=\"ugb-block-content\"><div class=\"ugb-feature__item ugb--shadow-0\"><div class=\"ugb-feature__content\"><h3 class=\"ugb-feature__title\"><span style=\"color: #ffffff;\" class=\"ugb-highlight\">Am\u00e9lie Barrette<\/span><\/h3><p class=\"ugb-feature__description\">Director, Editor<br><br>An emerging documentary filmmaker and editor, she is currently developing her first XR project, <em>Projet SimUlator<\/em>, in collaboration with XR producer Laurence Wells (art et essai).<br><br>Featured project:<br><strong><em>PROJET SIMULATOR<\/em><br><\/strong><em>Projet SimUlator<\/em> is an hybrid immersive experience merging documentary and virtual reality developed by Am\u00e9lie Barrette and Laurence Wells (art et essai). This project aims to validate and educate trans and non-trans audiences, offering a reflection on gender and identity through the prism of video games.<br><br>In the current sociopolitical climate, this use of a platform as open and inclusive as <em>Projet SimUlator<\/em> is anything but trivial. Whether we\u2019re talking about the increasingly restrictive laws in the United States or the \u201cComit\u00e9 des sages\u201d in Qu\u00e9bec, the rights of 2SLGBTQIA+ community members are constantly being questioned and governed by external authorities.<br><br>Providing a space for such testimonies and telling these stories through queer voices is of utmost importance. <em>Projet SimUlator <\/em>contributes to the fight against the wave of homophobia and transphobia currently sweeping the world, all with a gentle, eclectic, and original approach.<br><\/p><\/div><div class=\"ugb-feature__image\"><\/div><\/div><\/div><\/div><\/div>\n\n\n\n<div class=\"alignfull wp-block-ugb-feature ugb-feature ugb-c067f90 ugb-feature--v2 ugb-feature--design-half ugb-feature--invert ugb-main-block ugb-main-block--inner-full ugb--has-block-background\"><style>.ugb-c067f90 .ugb-feature__item{border-radius:2px !important}.ugb-c067f90 .ugb-feature__content{background-color:#000000 !important}.ugb-c067f90 .ugb-feature__content:before{background-color:#000000 !important}.ugb-c067f90 .ugb-feature__image{background-image:url(https:\/\/effetquebec.ca\/wp-content\/uploads\/2024\/09\/bodies-of-water.png)}.ugb-c067f90 .ugb-feature__title{font-family:\"Archivo Black\",Sans-serif !important;font-weight:500 !important;color:var(--stk-global-color-88711,#313131)}.ugb-c067f90 .ugb-feature__description{color:#ffffff;margin-bottom:12px !important}.ugb-c067f90 .ugb-button .ugb-button--inner{font-family:\"Lato\",Sans-serif !important}.ugb-c067f90 .ugb-button{background-color:var(--stk-global-color-37811,#732fb7);border-radius:100px !important}.ugb-c067f90 .ugb-button .ugb-button--inner,.ugb-c067f90 .ugb-button svg:not(.ugb-custom-icon){color:#ffffff !important}.ugb-c067f90 .ugb-button:before{border-radius:100px !important}.ugb-c067f90 .ugb-button-container{margin-bottom:50px !important}.ugb-c067f90.ugb-feature{background-color:rgba(0,0,0,1)}.ugb-c067f90{padding:0 !important}.ugb-c067f90.ugb-feature:before{background-color:#000000}@media screen and (min-width:768px){.ugb-c067f90.ugb-feature{margin-bottom:-29px !important;padding-right:35px !important;padding-left:35px !important}}<\/style><div class=\"ugb-inner-block ugb-inner-block--full\"><div class=\"ugb-block-content\"><div class=\"ugb-feature__item ugb--shadow-0\"><div class=\"ugb-feature__content\"><h3 class=\"ugb-feature__title\"><span style=\"color: #ffffff;\" class=\"ugb-highlight\">art et essai<\/span><\/h3><p class=\"ugb-feature__description\"><strong>Laurence<\/strong> <strong>Wells<\/strong> &#8211; Producer<br><br>art et essai is a production company based in Montr\u00e9al that explores the imagination through films, series, and virtual reality, that take both fictional and documentary approaches. Our mission is to tell human stories that step out of the ordinary, and in any and all possible formats.<br><br>Featured projects:<br><a href=\"https:\/\/www.artessai.ca\/en\/immersive\/bodiesofwater\" target=\"_blank\" rel=\"noreferrer noopener\"><strong>BODIES OF WATER<\/strong><\/a><br>Bodies of Water brings together the worlds of contemporary dance and architectural projections in an innovative and sensory experience at the heart of the urban space. This is a diptych of the VR 360 project <em>Une eau la nuit<\/em> &#8211; Bodies of Water, presented in the official competition at Venice Immersive 2024.<br><br><strong>PROJET SIMULATOR<br><\/strong>Projet SimUlator is an hybrid immersive experience merging documentary and virtual reality developed by Am\u00e9lie Barrette and Laurence Wells (art et essai). This project aims to validate and educate trans and non-trans audiences, offering a reflection on gender and identity through the prism of video games.<br><\/p><div class=\"ugb-button-container\"><a class=\"ugb-button ugb-button--size-small ugb--hover-effect-lift\" href=\"https:\/\/www.artessai.ca\/en\/home\" target=\"_blank\" rel=\"noopener noreferrer nofollow\" title=\"\"><span class=\"ugb-button--inner\">Read more<\/span><\/a><\/div><\/div><div class=\"ugb-feature__image\"><\/div><\/div><\/div><\/div><\/div>\n\n\n\n<div class=\"alignfull wp-block-ugb-feature ugb-feature ugb-90b2844 ugb-feature--v2 ugb-feature--design-half ugb-main-block ugb-main-block--inner-full ugb--has-block-background\"><style>.ugb-90b2844 .ugb-feature__item{border-radius:2px !important}.ugb-90b2844 .ugb-feature__content{background-color:#000000 !important}.ugb-90b2844 .ugb-feature__content:before{background-color:#000000 !important}.ugb-90b2844 .ugb-feature__image{background-image:url(https:\/\/effetquebec.ca\/wp-content\/uploads\/2024\/09\/1920-1080-atypic-labs.png);background-repeat:no-repeat !important}.ugb-90b2844 .ugb-feature__title{font-family:\"Archivo Black\",Sans-serif !important;font-weight:500 !important;color:var(--stk-global-color-88711,#313131)}.ugb-90b2844 .ugb-feature__description{color:#ffffff;margin-bottom:12px !important}.ugb-90b2844 .ugb-button .ugb-button--inner{font-family:\"Lato\",Sans-serif !important}.ugb-90b2844 .ugb-button{background-color:var(--stk-global-color-37811,#732fb7);border-radius:100px !important}.ugb-90b2844 .ugb-button .ugb-button--inner,.ugb-90b2844 .ugb-button svg:not(.ugb-custom-icon){color:#ffffff !important}.ugb-90b2844 .ugb-button:before{border-radius:100px !important}.ugb-90b2844 .ugb-button-container{margin-bottom:50px !important}.ugb-90b2844.ugb-feature{background-color:rgba(0,0,0,1)}.ugb-90b2844{padding:0 !important}.ugb-90b2844.ugb-feature:before{background-color:#000000}@media screen and (min-width:768px){.ugb-90b2844.ugb-feature{margin-bottom:-29px !important;padding-right:35px !important;padding-left:35px !important}}<\/style><div class=\"ugb-inner-block ugb-inner-block--full\"><div class=\"ugb-block-content\"><div class=\"ugb-feature__item ugb--shadow-0\"><div class=\"ugb-feature__content\"><h3 class=\"ugb-feature__title\"><span style=\"color: #ffffff;\" class=\"ugb-highlight\">Atypic Labs<\/span><\/h3><p class=\"ugb-feature__description\"><strong>Alfonso Hern\u00e1ndez <\/strong>&#8211; Founder<br><br>Alfonso Hern\u00e1ndez, a Mexico-born creative professional based in Montr\u00e9al, sees tremendous opportunities in bridging Qu\u00e9bec and Mexico digital creativity industries. He believes thoughtfully applied technology and play unlock human potential, fostering connection, vulnerability, and creative expression. With this vision, Alfonso founded Atypic Labs, a studio that designs interactive installations and experiential journeys to inspire creativity, reflection, and human connection. From events and museums to augmented public spaces, Atypic Labs uses creativity, technology, and storytelling to craft transformative experiences. Guided by an intentional &#8220;emotional signature,&#8221; they create deeper connections and maximize the Return on Experience for their clients.<br><br>Featured projects:<br><strong><a href=\"https:\/\/hello.atypiclabs.com\/lightpaint\" target=\"_blank\" rel=\"noreferrer noopener\">LIGHT PAINTING<\/a><\/strong><br>This interactive installation invites participants to play, create, and be fully present as they explore light painting. Using portable lights and wireless controls, they can effortlessly create artistic pieces while experimenting fearlessly\u2014knowing that any creative &#8220;mistakes&#8221; can be undone without consequence. The process encourages creativity, embodiment, and fun, allowing participants to focus on their expression rather than the technology. <br><br><a href=\"https:\/\/hello.atypiclabs.com\/gatherings\"><strong>AGORA COWORK<\/strong><\/a><br>Atypic Labs offers a new approach to post-COVID hybrid work by creating connected virtual coworking spaces that restore the spontaneous interactions typical of in-person settings, such as those at the coffee corner. Through an innovative online platform, users can enjoy a seamless coworking experience, featuring personalized private rooms and opportunities for non-intrusive informal exchanges. <br><\/p><div class=\"ugb-button-container\"><a class=\"ugb-button ugb-button--size-small ugb--hover-effect-lift\" href=\"https:\/\/hello.atypiclabs.com\/\" target=\"_blank\" rel=\"noopener noreferrer nofollow\" title=\"\"><span class=\"ugb-button--inner\">Read more<\/span><\/a><\/div><\/div><div class=\"ugb-feature__image\"><\/div><\/div><\/div><\/div><\/div>\n\n\n\n<div class=\"alignfull wp-block-ugb-feature ugb-feature ugb-56d1482 ugb-feature--v2 ugb-feature--design-half ugb-feature--invert ugb-main-block ugb-main-block--inner-full ugb--has-block-background\"><style>.ugb-56d1482 .ugb-feature__item{border-radius:2px !important}.ugb-56d1482 .ugb-feature__content{background-color:#000000 !important}.ugb-56d1482 .ugb-feature__content:before{background-color:#000000 !important}.ugb-56d1482 .ugb-feature__image{background-image:url(https:\/\/effetquebec.ca\/wp-content\/uploads\/2024\/09\/cren-1920-2024.jpg)}.ugb-56d1482 .ugb-feature__title{font-family:\"Archivo Black\",Sans-serif !important;font-weight:500 !important;color:var(--stk-global-color-88711,#313131)}.ugb-56d1482 .ugb-feature__description{color:#ffffff;margin-bottom:12px !important}.ugb-56d1482 .ugb-button .ugb-button--inner{font-family:\"Lato\",Sans-serif !important}.ugb-56d1482 .ugb-button{background-color:var(--stk-global-color-37811,#732fb7);border-radius:100px !important}.ugb-56d1482 .ugb-button .ugb-button--inner,.ugb-56d1482 .ugb-button svg:not(.ugb-custom-icon){color:#ffffff !important}.ugb-56d1482 .ugb-button:before{border-radius:100px !important}.ugb-56d1482 .ugb-button-container{margin-bottom:50px !important}.ugb-56d1482.ugb-feature{background-color:rgba(0,0,0,1)}.ugb-56d1482{padding:0 !important}.ugb-56d1482.ugb-feature:before{background-color:#000000}@media screen and (min-width:768px){.ugb-56d1482.ugb-feature{margin-bottom:-29px !important;padding-right:35px !important;padding-left:35px !important}}<\/style><div class=\"ugb-inner-block ugb-inner-block--full\"><div class=\"ugb-block-content\"><div class=\"ugb-feature__item ugb--shadow-0\"><div class=\"ugb-feature__content\"><h3 class=\"ugb-feature__title\"><span style=\"color: #ffffff;\" class=\"ugb-highlight\">\u00c7REN<\/span><\/h3><p class=\"ugb-feature__description\"><strong>Azad Jamagocyan<\/strong> &#8211; Founder &amp; Director of Creative Production<br><br>\u00c7REN is a creative production studio specializing in immersive experiences, visual storytelling and concept-driven content for cultural, commercial and public audiences.<br><br>Featured project:<br><strong>Multi-Site Experiential Campaign for Groupe Mach<br><\/strong><br>A public engagement experience deployed across multiple shopping centres in Qu\u00e9bec, combining audience participation, experiential storytelling and large-scale creative production.<br><\/p><div class=\"ugb-button-container\"><a class=\"ugb-button ugb-button--size-small ugb--hover-effect-lift\" href=\"https:\/\/www.crenstudios.com\/\" target=\"_blank\" rel=\"noopener noreferrer\" title=\"\"><span class=\"ugb-button--inner\">Read more<\/span><\/a><\/div><\/div><div class=\"ugb-feature__image\"><\/div><\/div><\/div><\/div><\/div>\n\n\n\n<div class=\"alignfull wp-block-ugb-feature ugb-feature ugb-e6f2935 ugb-feature--v2 ugb-feature--design-half ugb-main-block ugb-main-block--inner-full ugb--has-block-background\"><style>.ugb-e6f2935 .ugb-feature__item{border-radius:0px !important}.ugb-e6f2935 .ugb-feature__content{background-color:#000000 !important}.ugb-e6f2935 .ugb-feature__content:before{background-color:#000000 !important}.ugb-e6f2935 .ugb-feature__image{background-image:url(https:\/\/effetquebec.ca\/wp-content\/uploads\/2024\/09\/1920-1080-galella.png)}.ugb-e6f2935 .ugb-feature__title{font-family:\"Archivo Black\",Sans-serif !important;font-weight:500 !important;color:var(--stk-global-color-88711,#313131)}.ugb-e6f2935 .ugb-feature__description{color:#ffffff}.ugb-e6f2935 .ugb-button .ugb-button--inner{font-family:\"Lato\",Sans-serif !important}.ugb-e6f2935 .ugb-button{background-color:var(--stk-global-color-37811,#732fb7);border-radius:100px !important}.ugb-e6f2935 .ugb-button .ugb-button--inner,.ugb-e6f2935 .ugb-button svg:not(.ugb-custom-icon){color:#ffffff !important}.ugb-e6f2935 .ugb-button:before{border-radius:100px !important}.ugb-e6f2935 .ugb-button-container{margin-bottom:50px !important}.ugb-e6f2935.ugb-feature{background-color:rgba(0,0,0,1)}.ugb-e6f2935{padding:0 !important}.ugb-e6f2935.ugb-feature:before{background-color:#000000}@media screen and (min-width:768px){.ugb-e6f2935.ugb-feature{margin-bottom:-29px !important}}<\/style><div class=\"ugb-inner-block ugb-inner-block--full\"><div class=\"ugb-block-content\"><div class=\"ugb-feature__item ugb--shadow-0\"><div class=\"ugb-feature__content\"><h3 class=\"ugb-feature__title\"><span style=\"color: #ffffff;\" class=\"ugb-highlight\">Galella Place &amp; Culture<\/span> <\/h3><p class=\"ugb-feature__description\"><strong>St\u00e9phanie Galella<\/strong> &#8211; Art &amp; Environmental Design Advisor, MASc Environmental Design (Built Heritage)<br><br>Galella Place &amp; Culture develops contextualized exhibition projects of art and digital creation with the aims to implement a compelling mode to interpret tangible and intangible heritage significance of built spaces and open-air places. The founder of this young business, Stephanie Galella, promotes and connects local and international creatives with special places of presentation through a tailored private art commission and management approach which involves key-actors from the private sector (Real-Estate, businesses, individuals), the Art World, and Environmental Design professionals.<br><\/p><div class=\"ugb-button-container\"><a class=\"ugb-button ugb-button--size-small ugb--hover-effect-lift\" href=\"https:\/\/www.linkedin.com\/company\/st%C3%A9phanie-galella-place-culture\/\" target=\"_blank\" rel=\"noopener noreferrer nofollow\" title=\"\"><span class=\"ugb-button--inner\">Read more<\/span><\/a><\/div><\/div><div class=\"ugb-feature__image\"><\/div><\/div><\/div><\/div><\/div>\n\n\n\n<div class=\"alignfull wp-block-ugb-feature ugb-feature ugb-2dc21f0 ugb-feature--v2 ugb-feature--design-half ugb-feature--invert ugb-main-block ugb-main-block--inner-full ugb--has-block-background\"><style>.ugb-2dc21f0 .ugb-feature__item{border-radius:2px !important}.ugb-2dc21f0 .ugb-feature__content{background-color:#000000 !important}.ugb-2dc21f0 .ugb-feature__content:before{background-color:#000000 !important}.ugb-2dc21f0 .ugb-feature__image{background-image:url(https:\/\/effetquebec.ca\/wp-content\/uploads\/2024\/10\/Bebe-symphonique-e1644954958636.webp)}.ugb-2dc21f0 .ugb-feature__title{font-family:\"Archivo Black\",Sans-serif !important;font-weight:500 !important;color:var(--stk-global-color-88711,#313131)}.ugb-2dc21f0 .ugb-feature__description{color:#ffffff;margin-bottom:12px !important}.ugb-2dc21f0 .ugb-button .ugb-button--inner{font-family:\"Lato\",Sans-serif !important}.ugb-2dc21f0 .ugb-button{background-color:var(--stk-global-color-37811,#732fb7);border-radius:100px !important}.ugb-2dc21f0 .ugb-button .ugb-button--inner,.ugb-2dc21f0 .ugb-button svg:not(.ugb-custom-icon){color:#ffffff !important}.ugb-2dc21f0 .ugb-button:before{border-radius:100px !important}.ugb-2dc21f0 .ugb-button-container{margin-bottom:50px !important}.ugb-2dc21f0.ugb-feature{background-color:rgba(0,0,0,1)}.ugb-2dc21f0{padding:0 !important}.ugb-2dc21f0.ugb-feature:before{background-color:#000000}@media screen and (min-width:768px){.ugb-2dc21f0.ugb-feature{margin-bottom:-29px !important;padding-right:35px !important;padding-left:35px !important}}<\/style><div class=\"ugb-inner-block ugb-inner-block--full\"><div class=\"ugb-block-content\"><div class=\"ugb-feature__item ugb--shadow-0\"><div class=\"ugb-feature__content\"><h3 class=\"ugb-feature__title\"><span style=\"color: #ffffff;\" class=\"ugb-highlight\">GSI musique<\/span><\/h3><p class=\"ugb-feature__description\"><strong>Ren\u00e9e Villemaire<\/strong> &#8211; Director of National and International Business Development<br><br>Founded in 1983, GSI Musique has acquired a unique expertise and know-how in the design and production of major event shows and multiplatform projects. The company, which has produced the successes Montr\u00e9al symphonique, B\u00e9b\u00e9 symphonique and Harmonium symphonique, among others, is known for its bold, innovative and unifying proposals that combine orchestral music, visual arts and technology to provide immersive experiences for audiences of all ages.<br><br>Featured project:<br><strong><a href=\"https:\/\/www.bebesymphonique.com\/en\/home.html\" target=\"_blank\" rel=\"noreferrer noopener\">B\u00c9B\u00c9 SYMPHONIQUE<\/a><br><\/strong>The audio album and fulldome immersive film B\u00e9b\u00e9 symphonique draws on the richness and power of orchestral music to create special moments of connection between babies and their parents, while promoting the neurological development of toddlers.<br>The project is based on seven instrumental pieces composed by Simon Leclerc to comfort and stimulate young children. B\u00e9b\u00e9 symphonique is an original idea of Artistic Director Nicolas Lemieux.<br><\/p><div class=\"ugb-button-container\"><a class=\"ugb-button ugb-button--size-small ugb--hover-effect-lift\" href=\"https:\/\/www.bebesymphonique.com\/en\/home.html\" target=\"_blank\" rel=\"noopener noreferrer\" title=\"\"><span class=\"ugb-button--inner\">Read more<\/span><\/a><\/div><\/div><div class=\"ugb-feature__image\"><\/div><\/div><\/div><\/div><\/div>\n\n\n\n<div class=\"alignfull wp-block-ugb-feature ugb-feature ugb-0bfc7aa ugb-feature--v2 ugb-feature--design-half ugb-main-block ugb-main-block--inner-full ugb--has-block-background\"><style>.ugb-0bfc7aa .ugb-feature__item{border-radius:0px !important}.ugb-0bfc7aa .ugb-feature__content{background-color:#000000 !important}.ugb-0bfc7aa .ugb-feature__content:before{background-color:#000000 !important}.ugb-0bfc7aa .ugb-feature__image{background-image:url(https:\/\/effetquebec.ca\/wp-content\/uploads\/2024\/09\/1920-1080-lucion.png)}.ugb-0bfc7aa .ugb-feature__title{font-family:\"Archivo Black\",Sans-serif !important;font-weight:500 !important;color:var(--stk-global-color-88711,#313131)}.ugb-0bfc7aa .ugb-feature__description{color:#ffffff}.ugb-0bfc7aa .ugb-button .ugb-button--inner{font-family:\"Lato\",Sans-serif !important}.ugb-0bfc7aa .ugb-button{background-color:var(--stk-global-color-37811,#732fb7);border-radius:100px !important}.ugb-0bfc7aa .ugb-button .ugb-button--inner,.ugb-0bfc7aa .ugb-button svg:not(.ugb-custom-icon){color:#ffffff !important}.ugb-0bfc7aa .ugb-button:before{border-radius:100px !important}.ugb-0bfc7aa .ugb-button-container{margin-bottom:50px !important}.ugb-0bfc7aa.ugb-feature{background-color:rgba(0,0,0,1)}.ugb-0bfc7aa{padding:0 !important}.ugb-0bfc7aa.ugb-feature:before{background-color:#000000}@media screen and (min-width:768px){.ugb-0bfc7aa.ugb-feature{margin-bottom:-29px !important}}<\/style><div class=\"ugb-inner-block ugb-inner-block--full\"><div class=\"ugb-block-content\"><div class=\"ugb-feature__item ugb--shadow-0\"><div class=\"ugb-feature__content\"><h3 class=\"ugb-feature__title\"><span style=\"color: #ffffff;\" class=\"ugb-highlight\">Lucion<\/span> <\/h3><p class=\"ugb-feature__description\"><strong>Bernard Duguay<\/strong> &#8211; President, Creative Director<br><br>Lucion is a digital arts studio specializing in immersive public art installations.<br><br>Featured projects:<br><strong><a href=\"https:\/\/lucion.ca\/en\/\">N\u00d6KTURN<\/a><\/strong> <br>N\u00d6KTURN is an immersive, interactive exhibition centered on sustainability. Whether staged outdoors in a city\u2019s natural green space or indoors at a museum, it presents a fictional narrative about a flourishing humanoid community that demonstrates the potential of sustainable living.<br><br><strong><a href=\"https:\/\/lucion.ca\/en\/moongarden\/\">moonGARDEN<br><\/a><\/strong>moonGarden is a public art installation composed of oversized vinyl spheres from 6&#8242; to 30&#8242; in diameter, showcasing shadow theaters and custom-made imagery. Content is often prepared by local residents to reflect their realities, hopes and dreams.<br><\/p><div class=\"ugb-button-container\"><a class=\"ugb-button ugb-button--size-small ugb--hover-effect-lift\" href=\"https:\/\/lucion.ca\/en\/\" target=\"_blank\" rel=\"noopener noreferrer nofollow\" title=\"\"><span class=\"ugb-button--inner\">Read more<\/span><\/a><\/div><\/div><div class=\"ugb-feature__image\"><\/div><\/div><\/div><\/div><\/div>\n\n\n\n<div class=\"alignfull wp-block-ugb-feature ugb-feature ugb-1950769 ugb-feature--v2 ugb-feature--design-half ugb-feature--invert ugb-main-block ugb-main-block--inner-full ugb--has-block-background\"><style>.ugb-1950769 .ugb-feature__item{border-radius:2px !important}.ugb-1950769 .ugb-feature__content{background-color:#000000 !important}.ugb-1950769 .ugb-feature__content:before{background-color:#000000 !important}.ugb-1950769 .ugb-feature__image{background-image:url(https:\/\/effetquebec.ca\/wp-content\/uploads\/2024\/09\/toruk-normal12.jpg)}.ugb-1950769 .ugb-feature__title{font-family:\"Archivo Black\",Sans-serif !important;font-weight:500 !important;color:var(--stk-global-color-88711,#313131)}.ugb-1950769 .ugb-feature__description{color:#ffffff;margin-bottom:12px !important}.ugb-1950769 .ugb-button .ugb-button--inner{font-family:\"Lato\",Sans-serif !important}.ugb-1950769 .ugb-button{background-color:var(--stk-global-color-37811,#732fb7);border-radius:100px !important}.ugb-1950769 .ugb-button .ugb-button--inner,.ugb-1950769 .ugb-button svg:not(.ugb-custom-icon){color:#ffffff !important}.ugb-1950769 .ugb-button:before{border-radius:100px !important}.ugb-1950769 .ugb-button-container{margin-bottom:50px !important}.ugb-1950769.ugb-feature{background-color:rgba(0,0,0,1)}.ugb-1950769{padding:0 !important}.ugb-1950769.ugb-feature:before{background-color:#000000}@media screen and (min-width:768px){.ugb-1950769.ugb-feature{margin-bottom:-29px !important;padding-right:35px !important;padding-left:35px !important}}<\/style><div class=\"ugb-inner-block ugb-inner-block--full\"><div class=\"ugb-block-content\"><div class=\"ugb-feature__item ugb--shadow-0\"><div class=\"ugb-feature__content\"><h3 class=\"ugb-feature__title\"><span style=\"color: #ffffff;\" class=\"ugb-highlight\">Normal Studio<\/span><\/h3><p class=\"ugb-feature__description\"><strong>Val\u00e9ria Petit <\/strong>&#8211; Director of Creative Content<br><br>Normal Studio is a multidisciplinary creative studio founded in Montr\u00e9al in 2009. The studio brings together over 30 creators, producers, and multimedia artists, specializing in transforming imaginative concepts into impactful realities. Normal Studio stands out for its collaborative approach, integrating design, technology, and production to create bold multimedia environments. The studio has completed over 300 projects in the fields of performing arts, entertainment, and public installations, working with partners such as Cirque du Soleil and the Orchestre Symphonique de Montr\u00e9al.<br><br>Featured projects:<br><strong>TORUK<\/strong><br>Normal Studio played a key role in creating set design and projections for TORUK \u2013 The First Flight, a collaboration between AVATAR and Cirque du Soleil. Working with multimedia directors Michel Lemieux and Victor Pilon, we brought Pandora to life, showcasing the Floating Mountains, Omaticaya Hometree, and more through synchronized projections.<br>A state-of-the-art tracking system added real-time effects, extending projections into the audience for an immersive experience. TORUK blends technology and artistry seamlessly, exemplifying our ability to create immersive theatrical experiences.<br><br><a href=\"https:\/\/normal.studio\/en\/projects\/beyond-van-gogh\/\" target=\"_blank\" rel=\"noreferrer noopener\"><strong>S\u00c9RIE BEYOND<\/strong><br><\/a>The Beyond series aims to transport the viewer to a place beyond the everyday, where the familiar becomes improbable. Transposing the works of Vincent Van Gogh and Claude Monet on a large scale, these immersive experiences create worlds with new perspectives, allowing viewers to explore these worlds of color and light in a new way.<br><\/p><div class=\"ugb-button-container\"><a class=\"ugb-button ugb-button--size-small ugb--hover-effect-lift\" href=\"https:\/\/normal.studio\/en\/\" target=\"_blank\" rel=\"noopener noreferrer nofollow\" title=\"\"><span class=\"ugb-button--inner\">Read more<\/span><\/a><\/div><\/div><div class=\"ugb-feature__image\"><\/div><\/div><\/div><\/div><\/div>\n\n\n\n<div class=\"alignfull wp-block-ugb-feature ugb-feature ugb-05d1073 ugb-feature--v2 ugb-feature--design-half ugb-main-block ugb-main-block--inner-full ugb--has-block-background\"><style>.ugb-05d1073 .ugb-feature__item{border-radius:0px !important}.ugb-05d1073 .ugb-feature__content{background-color:#000000 !important}.ugb-05d1073 .ugb-feature__content:before{background-color:#000000 !important}.ugb-05d1073 .ugb-feature__image{background-image:url(https:\/\/effetquebec.ca\/wp-content\/uploads\/2024\/09\/1920-1080-mutek-mx.jpg)}.ugb-05d1073 .ugb-feature__title{font-family:\"Archivo Black\",Sans-serif !important;font-weight:500 !important;color:var(--stk-global-color-88711,#313131)}.ugb-05d1073 .ugb-feature__description{color:#ffffff}.ugb-05d1073 .ugb-button .ugb-button--inner{font-family:\"Lato\",Sans-serif !important}.ugb-05d1073 .ugb-button{background-color:var(--stk-global-color-37811,#732fb7);border-radius:100px !important}.ugb-05d1073 .ugb-button .ugb-button--inner,.ugb-05d1073 .ugb-button svg:not(.ugb-custom-icon){color:#ffffff !important}.ugb-05d1073 .ugb-button:before{border-radius:100px !important}.ugb-05d1073 .ugb-button-container{margin-bottom:50px !important}.ugb-05d1073.ugb-feature{background-color:rgba(0,0,0,1)}.ugb-05d1073{padding:0 !important}.ugb-05d1073.ugb-feature:before{background-color:#000000}@media screen and (min-width:768px){.ugb-05d1073.ugb-feature{margin-bottom:-29px !important}}<\/style><div class=\"ugb-inner-block ugb-inner-block--full\"><div class=\"ugb-block-content\"><div class=\"ugb-feature__item ugb--shadow-0\"><div class=\"ugb-feature__content\"><h3 class=\"ugb-feature__title\"><span style=\"color: #ffffff;\" class=\"ugb-highlight\">MUTEK Montr\u00e9al &#8211; International Festival of Digital Creativity and Electronic Music<\/span><\/h3><p class=\"ugb-feature__description\"><strong>Alain Mongeau <\/strong>&#8211; Founder, Artistic direction, General direction<br><br>MUTEK Montr\u00e9al Edition 26: 2025, a New Cycle. <br>The 25th edition of MUTEK Montr\u00e9al comes to a close today, marking a quarter-century of inspiration, reflection and creativity. This anniversary symbolises much more than a simple celebration: it&#8217;s the opening of a new era. This new era is justified by the profound transformations we have initiated this year. Whether through the increased integration of emerging technologies, the emphasis on inclusivity, or the exploration of new artistic forms. It&#8217;s a commitment not just to follow trends, but to anticipate and shape them. True to our innovative spirit, we open ourselves to new paths, inviting you to explore uncharted waters and give free rein to your emotions. <br><br>The time has come to embark on the next cycle. The Festival continues to transform itself, building a global ecosystem of artistic ideas and proposals, in which every participant plays a pivotal role. We are called to be part of a pluralistic whole, to imagine futures that open up new opportunities for future generations.<br><\/p><div class=\"ugb-button-container\"><a class=\"ugb-button ugb-button--size-small ugb--hover-effect-lift\" href=\"https:\/\/montreal.mutek.org\/\" target=\"_blank\" rel=\"noopener noreferrer nofollow\" title=\"\"><span class=\"ugb-button--inner\">Read more<\/span><\/a><\/div><\/div><div class=\"ugb-feature__image\"><\/div><\/div><\/div><\/div><\/div>\n\n\n\n<div class=\"alignfull wp-block-ugb-feature ugb-feature ugb-f1bb937 ugb-feature--v2 ugb-feature--design-half ugb-feature--invert ugb-main-block ugb-main-block--inner-full ugb--has-block-background\"><style>.ugb-f1bb937 .ugb-feature__item{border-radius:0px !important}.ugb-f1bb937 .ugb-feature__content{background-color:#000000 !important}.ugb-f1bb937 .ugb-feature__content:before{background-color:#000000 !important}.ugb-f1bb937 .ugb-feature__image{background-image:url(https:\/\/effetquebec.ca\/wp-content\/uploads\/2024\/09\/Duetti_-Mobili-Musicali_Daily-tous-les-jours_VillageNumerique\u00a9Remi-Hermoso1-scaled.jpg)}.ugb-f1bb937 .ugb-feature__title{font-family:\"Archivo Black\",Sans-serif !important;font-weight:500 !important;color:var(--stk-global-color-88711,#313131)}.ugb-f1bb937 .ugb-feature__description{color:#ffffff}.ugb-f1bb937 .ugb-button .ugb-button--inner{font-family:\"Lato\",Sans-serif !important}.ugb-f1bb937 .ugb-button{background-color:var(--stk-global-color-37811,#732fb7);border-radius:100px !important}.ugb-f1bb937 .ugb-button .ugb-button--inner,.ugb-f1bb937 .ugb-button svg:not(.ugb-custom-icon){color:#ffffff !important}.ugb-f1bb937 .ugb-button:before{border-radius:100px !important}.ugb-f1bb937 .ugb-button-container{margin-bottom:50px !important}.ugb-f1bb937.ugb-feature{background-color:rgba(0,0,0,1)}.ugb-f1bb937{padding:0 !important}.ugb-f1bb937.ugb-feature:before{background-color:#000000}@media screen and (min-width:768px){.ugb-f1bb937.ugb-feature{margin-bottom:-29px !important}}<\/style><div class=\"ugb-inner-block ugb-inner-block--full\"><div class=\"ugb-block-content\"><div class=\"ugb-feature__item ugb--shadow-0\"><div class=\"ugb-feature__content\"><h3 class=\"ugb-feature__title\"><span style=\"color: #ffffff;\" class=\"ugb-highlight\">MUTEK &#8211; Village num\u00e9rique<\/span><\/h3><p class=\"ugb-feature__description\"><strong>Mika\u00ebl Frascadore<\/strong> &#8211; Executive Producer<br><br>MUTEK is a not-for-profit organization dedicated to the dissemination and development of digital creativity in sound, music, and audio-visual art.<br><br>Featured project:<br><strong><a href=\"https:\/\/village-numerique.mutek.org\/en\" target=\"_blank\" rel=\"noreferrer noopener\">VILLAGE NUM\u00c9RIQUE<\/a><\/strong><a href=\"https:\/\/village-numerique.mutek.org\/en\" target=\"_blank\" rel=\"noreferrer noopener\"><br><\/a>A free circuit through 23 original digital art installations: discover, among other things, virtual reality installations, wall projections, and interactive creations.<br><\/p><div class=\"ugb-button-container\"><a class=\"ugb-button ugb-button--size-small ugb--hover-effect-lift\" href=\"https:\/\/village-numerique.mutek.org\/en\" target=\"_blank\" rel=\"noopener noreferrer nofollow\" title=\"\"><span class=\"ugb-button--inner\">Read more<\/span><\/a><\/div><\/div><div class=\"ugb-feature__image\"><\/div><\/div><\/div><\/div><\/div>\n\n\n\n<div class=\"alignfull wp-block-ugb-feature ugb-feature ugb-49581d4 ugb-feature--v2 ugb-feature--design-half ugb-main-block ugb-main-block--inner-full ugb--has-block-background\"><style>.ugb-49581d4 .ugb-feature__item{border-radius:2px !important}.ugb-49581d4 .ugb-feature__content{background-color:#000000 !important}.ugb-49581d4 .ugb-feature__content:before{background-color:#000000 !important}.ugb-49581d4 .ugb-feature__image{background-image:url(https:\/\/effetquebec.ca\/wp-content\/uploads\/2024\/09\/1920-1080-phi.png)}.ugb-49581d4 .ugb-feature__title{font-family:\"Archivo Black\",Sans-serif !important;font-weight:500 !important;color:var(--stk-global-color-88711,#313131)}.ugb-49581d4 .ugb-feature__description{color:#ffffff;margin-bottom:12px !important}.ugb-49581d4 .ugb-button .ugb-button--inner{font-family:\"Lato\",Sans-serif !important}.ugb-49581d4 .ugb-button{background-color:var(--stk-global-color-37811,#732fb7);border-radius:100px !important}.ugb-49581d4 .ugb-button .ugb-button--inner,.ugb-49581d4 .ugb-button svg:not(.ugb-custom-icon){color:#ffffff !important}.ugb-49581d4 .ugb-button:before{border-radius:100px !important}.ugb-49581d4 .ugb-button-container{margin-bottom:50px !important}.ugb-49581d4.ugb-feature{background-color:rgba(0,0,0,1)}.ugb-49581d4{padding:0 !important}.ugb-49581d4.ugb-feature:before{background-color:#000000}@media screen and (min-width:768px){.ugb-49581d4.ugb-feature{margin-bottom:-29px !important;padding-right:35px !important;padding-left:35px !important}}<\/style><div class=\"ugb-inner-block ugb-inner-block--full\"><div class=\"ugb-block-content\"><div class=\"ugb-feature__item ugb--shadow-0\"><div class=\"ugb-feature__content\"><h3 class=\"ugb-feature__title\"><span style=\"color: #ffffff;\" class=\"ugb-highlight\">PHI<\/span><\/h3><p class=\"ugb-feature__description\"><strong>Renelle Desjardins Chiasson<\/strong> &#8211; Director of Programming<br><br>PHI is a multidisciplinary organization positioned at the intersection of art, film, music, design and technology. Offering a panoramic perspective of radical ideas focused on collective experience, social impact, and audience interactivity, PHI is committed to future generations of art consumption. PHI consists of the <a href=\"https:\/\/phi.ca\/en\/centre\/\">PHI Centre<\/a>, <a href=\"https:\/\/phi.ca\/en\/studio\/\">PHI Studio<\/a>, artist-in-residence programs, and <a href=\"https:\/\/phi.ca\/en\/foundation\/\">PHI Foundation<\/a> for Contemporary Art.<br><\/p><div class=\"ugb-button-container\"><a class=\"ugb-button ugb-button--size-small ugb--hover-effect-lift\" href=\"https:\/\/phi.ca\/en\/\" target=\"_blank\" rel=\"noopener noreferrer nofollow\" title=\"\"><span class=\"ugb-button--inner\">Read more<\/span><\/a><\/div><\/div><div class=\"ugb-feature__image\"><\/div><\/div><\/div><\/div><\/div>\n\n\n\n<div class=\"alignfull wp-block-ugb-feature ugb-feature ugb-4193b9a ugb-feature--v2 ugb-feature--design-half ugb-feature--invert ugb-main-block ugb-main-block--inner-full ugb--has-block-background\"><style>.ugb-4193b9a .ugb-feature__item{border-radius:0px !important}.ugb-4193b9a .ugb-feature__content{background-color:#000000 !important}.ugb-4193b9a .ugb-feature__content:before{background-color:#000000 !important}.ugb-4193b9a .ugb-feature__image{background-image:url(https:\/\/effetquebec.ca\/wp-content\/uploads\/2024\/09\/PLAYBOX_4PLAYER_03.png)}.ugb-4193b9a .ugb-feature__title{font-family:\"Archivo Black\",Sans-serif !important;font-weight:500 !important;color:var(--stk-global-color-88711,#313131)}.ugb-4193b9a .ugb-feature__description{color:#ffffff}.ugb-4193b9a .ugb-button .ugb-button--inner{font-family:\"Lato\",Sans-serif !important}.ugb-4193b9a .ugb-button{background-color:var(--stk-global-color-37811,#732fb7);border-radius:100px !important}.ugb-4193b9a .ugb-button .ugb-button--inner,.ugb-4193b9a .ugb-button svg:not(.ugb-custom-icon){color:#ffffff !important}.ugb-4193b9a .ugb-button:before{border-radius:100px !important}.ugb-4193b9a .ugb-button-container{margin-bottom:50px !important}.ugb-4193b9a.ugb-feature{background-color:rgba(0,0,0,1)}.ugb-4193b9a{padding:0 !important}.ugb-4193b9a.ugb-feature:before{background-color:#000000}@media screen and (min-width:768px){.ugb-4193b9a.ugb-feature{margin-bottom:-29px !important}}<\/style><div class=\"ugb-inner-block ugb-inner-block--full\"><div class=\"ugb-block-content\"><div class=\"ugb-feature__item ugb--shadow-0\"><div class=\"ugb-feature__content\"><h3 class=\"ugb-feature__title\"><span style=\"color: #ffffff;\" class=\"ugb-highlight\">Playmind<\/span><\/h3><p class=\"ugb-feature__description\"><strong>Emmanuel S\u00e9vigny<\/strong> &#8211; CEO<br><br>Playmind is an award-winning entertainment studio. Our mission is to develop and deploy innovative entertainment experiences.<br><br>Featured projects:<br><a href=\"https:\/\/playmind.com\/products\/playbox\/\"><strong>PLAYBOX<\/strong><\/a><br>PLAYBOX is an immersive and interactive ball-toss attraction.<br><br><a href=\"https:\/\/playmind.com\/products\/playbooth\/\"><strong>PLAYBOOTH<\/strong><\/a><br>The PLAYBOOTH is a miniature haunted house attraction that packs hair raising jump scares.<br><\/p><div class=\"ugb-button-container\"><a class=\"ugb-button ugb-button--size-small ugb--hover-effect-lift\" href=\"https:\/\/playmind.com\/\" target=\"_blank\" rel=\"noopener noreferrer nofollow\" title=\"\"><span class=\"ugb-button--inner\">Read more<\/span><\/a><\/div><\/div><div class=\"ugb-feature__image\"><\/div><\/div><\/div><\/div><\/div>\n\n\n\n<div class=\"alignfull wp-block-ugb-feature ugb-feature ugb-f17a589 ugb-feature--v2 ugb-feature--design-half ugb-main-block ugb-main-block--inner-full ugb--has-block-background\"><style>.ugb-f17a589 .ugb-feature__item{border-radius:2px !important}.ugb-f17a589 .ugb-feature__content{background-color:#000000 !important}.ugb-f17a589 .ugb-feature__content:before{background-color:#000000 !important}.ugb-f17a589 .ugb-feature__image{background-image:url(https:\/\/effetquebec.ca\/wp-content\/uploads\/2024\/09\/Echo-Le-chant-de-linconnu-de-Mathias-Gmachl-Luminotherapie-12e-edition-\u00a9-Ulysse-Lemerise-OSA_Images_WEB.jpg)}.ugb-f17a589 .ugb-feature__title{font-family:\"Archivo Black\",Sans-serif !important;font-weight:500 !important;color:var(--stk-global-color-88711,#313131)}.ugb-f17a589 .ugb-feature__description{color:#ffffff;margin-bottom:12px !important}.ugb-f17a589 .ugb-button .ugb-button--inner{font-family:\"Lato\",Sans-serif !important}.ugb-f17a589 .ugb-button{background-color:var(--stk-global-color-37811,#732fb7);border-radius:100px !important}.ugb-f17a589 .ugb-button .ugb-button--inner,.ugb-f17a589 .ugb-button svg:not(.ugb-custom-icon){color:#ffffff !important}.ugb-f17a589 .ugb-button:before{border-radius:100px !important}.ugb-f17a589 .ugb-button-container{margin-bottom:50px !important}.ugb-f17a589.ugb-feature{background-color:rgba(0,0,0,1)}.ugb-f17a589{padding:0 !important}.ugb-f17a589.ugb-feature:before{background-color:#000000}@media screen and (min-width:768px){.ugb-f17a589.ugb-feature{margin-bottom:-29px !important;padding-right:35px !important;padding-left:35px !important}}<\/style><div class=\"ugb-inner-block ugb-inner-block--full\"><div class=\"ugb-block-content\"><div class=\"ugb-feature__item ugb--shadow-0\"><div class=\"ugb-feature__content\"><h3 class=\"ugb-feature__title\"><font color=\"#ffffff\">Quartier des spectacles international (QDSi)<\/font><\/h3><p class=\"ugb-feature__description\"><strong>Guillaume Aniort\u00e9<\/strong> &#8211; Executive Director<br><br>QDSi produce and rent inspiring art installations that are greatly appreciated everywhere they are presented. Thanks to our extensive experience in the Quartier des Spectacles \u2013 the downtown entertainment district in Montr\u00e9al, Canada \u2013 our works spark the imagination and engage the public in unforgettable luminous, auditory and participatory experiences.<br><br>Featured project:<br><a href=\"https:\/\/qdsinternational.com\/en\/installations\/echoes-a-voice-from-uncharted-waters\/\"><strong>ECHOES \u2013 A VOICE FROM UNCHARTED WATER<\/strong><\/a><br>A veritable life-size sculpture of light and sound, Echo offers an unusual encounter with a whale that reacts with the presence of spectators. <br><\/p><div class=\"ugb-button-container\"><a class=\"ugb-button ugb-button--size-small ugb--hover-effect-lift\" href=\"https:\/\/qdsinternational.com\/en\/\" target=\"_blank\" rel=\"noopener noreferrer nofollow\" title=\"\"><span class=\"ugb-button--inner\">Read more<\/span><\/a><\/div><\/div><div class=\"ugb-feature__image\"><\/div><\/div><\/div><\/div><\/div>\n\n\n\n<div class=\"alignfull wp-block-ugb-feature ugb-feature ugb-4b70553 ugb-feature--v2 ugb-feature--design-half ugb-feature--invert ugb-main-block ugb-main-block--inner-full ugb--has-block-background\"><style>.ugb-4b70553 .ugb-feature__item{border-radius:0px !important}.ugb-4b70553 .ugb-feature__content{background-color:#000000 !important}.ugb-4b70553 .ugb-feature__content:before{background-color:#000000 !important}.ugb-4b70553 .ugb-feature__image{background-image:url(https:\/\/effetquebec.ca\/wp-content\/uploads\/2024\/09\/1920-1080_SAT.png)}.ugb-4b70553 .ugb-feature__title{font-family:\"Archivo Black\",Sans-serif !important;font-weight:500 !important;color:var(--stk-global-color-88711,#313131)}.ugb-4b70553 .ugb-feature__description{color:#ffffff}.ugb-4b70553 .ugb-button .ugb-button--inner{font-family:\"Lato\",Sans-serif !important}.ugb-4b70553 .ugb-button{background-color:var(--stk-global-color-37811,#732fb7);border-radius:100px !important}.ugb-4b70553 .ugb-button .ugb-button--inner,.ugb-4b70553 .ugb-button svg:not(.ugb-custom-icon){color:#ffffff !important}.ugb-4b70553 .ugb-button:before{border-radius:100px !important}.ugb-4b70553 .ugb-button-container{margin-bottom:50px !important}.ugb-4b70553.ugb-feature{background-color:rgba(0,0,0,1)}.ugb-4b70553{padding:0 !important}.ugb-4b70553.ugb-feature:before{background-color:#000000}@media screen and (min-width:768px){.ugb-4b70553.ugb-feature{margin-bottom:-29px !important}}<\/style><div class=\"ugb-inner-block ugb-inner-block--full\"><div class=\"ugb-block-content\"><div class=\"ugb-feature__item ugb--shadow-0\"><div class=\"ugb-feature__content\"><h3 class=\"ugb-feature__title\"><span style=\"color: #ffffff;\" class=\"ugb-highlight\">Soci\u00e9t\u00e9 des arts technologiques (SAT)<\/span><\/h3><p class=\"ugb-feature__description\"><strong>Paule Mainville <\/strong>&#8211; Production Manager<br><strong>Pia Balthazar<\/strong> &#8211; Directress of arts-sciences development<br><br>Founded in 1996, the Society for Arts and Technology [SAT] is a non-profit organization dedicated to digital culture. With its triple mission as a center for the arts, training and research, the SAT is a gathering space for diverse talent, curiosity, and knowledge. It is recognized internationally for its active, leading role in developing technologies for immersive creation, mixed realities and telepresence. The Society for Arts and Technology is a place of collective learning that holds the promise of exploring technology to infuse it with more meaning, magic and humanity.<br><br>Featured project:<br><a href=\"https:\/\/sat.qc.ca\/en\/events\/panorama-im-feeling-lucky\/\"><strong>Panorama : I&#8217;m Feeling Lucky<\/strong><\/a><br>An infinitely evolving sonic and visual environment inspired by 19th century panorama painting.<br>Created by Canadian artists Timothy Thomasson and Tatum Wilson, Panorama: I\u2019m Feeling Lucky is a real-time computer-generated fulldome animation that questions relationships to image, geography, virtual space, historical media technology, and mass data collection systems.<br><\/p><div class=\"ugb-button-container\"><a class=\"ugb-button ugb-button--size-small ugb--hover-effect-lift\" href=\"https:\/\/sat.qc.ca\/en\/\" target=\"_blank\" rel=\"noopener noreferrer nofollow\" title=\"\"><span class=\"ugb-button--inner\">Read more<\/span><\/a><\/div><\/div><div class=\"ugb-feature__image\"><\/div><\/div><\/div><\/div><\/div>\n\n\n\n<div class=\"alignfull wp-block-ugb-feature ugb-feature ugb-0713298 ugb-feature--v2 ugb-feature--design-half ugb-main-block ugb-main-block--inner-full ugb--has-block-background\"><style>.ugb-0713298 .ugb-feature__item{border-radius:2px !important}.ugb-0713298 .ugb-feature__content{background-color:#000000 !important}.ugb-0713298 .ugb-feature__content:before{background-color:#000000 !important}.ugb-0713298 .ugb-feature__image{background-image:url(https:\/\/effetquebec.ca\/wp-content\/uploads\/2024\/10\/beats-transversal-1920.jpg)}.ugb-0713298 .ugb-feature__title{font-family:\"Archivo Black\",Sans-serif !important;font-weight:500 !important;color:var(--stk-global-color-88711,#313131)}.ugb-0713298 .ugb-feature__description{color:#ffffff;margin-bottom:12px !important}.ugb-0713298 .ugb-button .ugb-button--inner{font-family:\"Lato\",Sans-serif !important}.ugb-0713298 .ugb-button{background-color:var(--stk-global-color-37811,#732fb7);border-radius:100px !important}.ugb-0713298 .ugb-button .ugb-button--inner,.ugb-0713298 .ugb-button svg:not(.ugb-custom-icon){color:#ffffff !important}.ugb-0713298 .ugb-button:before{border-radius:100px !important}.ugb-0713298 .ugb-button-container{margin-bottom:50px !important}.ugb-0713298.ugb-feature{background-color:rgba(0,0,0,1)}.ugb-0713298{padding:0 !important}.ugb-0713298.ugb-feature:before{background-color:#000000}@media screen and (min-width:768px){.ugb-0713298.ugb-feature{margin-bottom:-29px !important;padding-right:35px !important;padding-left:35px !important}}<\/style><div class=\"ugb-inner-block ugb-inner-block--full\"><div class=\"ugb-block-content\"><div class=\"ugb-feature__item ugb--shadow-0\"><div class=\"ugb-feature__content\"><h3 class=\"ugb-feature__title\"><font color=\"#ffffff\">TRANSVERSAL<\/font><\/h3><p class=\"ugb-feature__description\"><strong>Hamie Robitaille <\/strong>&#8211; Co-Founder, Creative Director<br><br>TRANSVERSAL is an immersive and interactive creation studio specializing in connected objects.<br><br>Featured projects:<br><a href=\"https:\/\/docs.google.com\/presentation\/d\/1DLG2kuWXYs1p12_DTKsC8bwB-lXhwSWS7dQDQ8V5kSg\/pub?start=false&amp;loop=false&amp;delayms=3000&amp;slide=id.g1f2c5bf5fcc_0_65\"><strong>Parallels \u2014 Interactive Installation<\/strong><br><\/a>Parall\u00e8les is a light and interactive installation for public space, which invites contemplation, play and reflection.<br><br><a style=\"\" href=\"https:\/\/beatscollective.net\/en\/home\/\"><strong><b>BEATS 180<\/b> \u2014 Multimedia<\/strong><\/a><br>BEATS is a show at the crossroads of contemporary dance, digital arts and design created to question our relationship with work and technology.<br><\/p><div class=\"ugb-button-container\"><a class=\"ugb-button ugb-button--size-small ugb--hover-effect-lift\" href=\"https:\/\/www.transversal.works\/\" target=\"_blank\" rel=\"noopener noreferrer nofollow\" title=\"\"><span class=\"ugb-button--inner\">Read more<\/span><\/a><\/div><\/div><div class=\"ugb-feature__image\"><\/div><\/div><\/div><\/div><\/div>\n\n\n\n<div class=\"alignfull wp-block-ugb-feature ugb-feature ugb-006cc5b ugb-feature--v2 ugb-feature--design-half ugb-feature--invert ugb-main-block ugb-main-block--inner-full ugb--has-block-background\"><style>.ugb-006cc5b .ugb-feature__item{border-radius:0px !important}.ugb-006cc5b .ugb-feature__content{background-color:#000000 !important}.ugb-006cc5b .ugb-feature__content:before{background-color:#000000 !important}.ugb-006cc5b .ugb-feature__image{background-image:url(https:\/\/effetquebec.ca\/wp-content\/uploads\/2024\/09\/1920-1080-jackalope.jpg)}.ugb-006cc5b .ugb-feature__title{font-family:\"Archivo Black\",Sans-serif !important;font-weight:500 !important;color:var(--stk-global-color-88711,#313131)}.ugb-006cc5b .ugb-feature__description{color:#ffffff}.ugb-006cc5b .ugb-button .ugb-button--inner{font-family:\"Lato\",Sans-serif !important}.ugb-006cc5b .ugb-button{background-color:var(--stk-global-color-37811,#732fb7);border-radius:100px !important}.ugb-006cc5b .ugb-button .ugb-button--inner,.ugb-006cc5b .ugb-button svg:not(.ugb-custom-icon){color:#ffffff !important}.ugb-006cc5b .ugb-button:before{border-radius:100px !important}.ugb-006cc5b .ugb-button-container{margin-bottom:50px !important}.ugb-006cc5b.ugb-feature{background-color:rgba(0,0,0,1)}.ugb-006cc5b{padding:0 !important}.ugb-006cc5b.ugb-feature:before{background-color:#000000}@media screen and (min-width:768px){.ugb-006cc5b.ugb-feature{margin-bottom:-29px !important}}<\/style><div class=\"ugb-inner-block ugb-inner-block--full\"><div class=\"ugb-block-content\"><div class=\"ugb-feature__item ugb--shadow-0\"><div class=\"ugb-feature__content\"><h3 class=\"ugb-feature__title\"><span style=\"color: #ffffff;\" class=\"ugb-highlight\">Tribu<\/span><\/h3><p class=\"ugb-feature__description\"><strong>Amelie Gravel  <\/strong>&#8211; Director, Business Development<br><strong>Micah Desforges<\/strong> &#8211; Founder, CEO<br> <br>Tribu creates unifying events that inspire people and position its clients as leaders in their respective industries. The company produces its own major events primarily in Canada, including JACKALOPE FEST, APIK, and BARBEGAZI, which attract tens of thousands of spectators and over 2,000 athletes each year. Tribu stands out with concepts that place both the athlete\/participants and the spectator at the heart of the experience. TRIBU also offers content creation and brand experience services to event sponsors and corporate clients. <br><br>Featured projects:<br><strong><a href=\"https:\/\/jackalope.tribu.co\/\">Jackalope Fest &#8211; Action sports Festival<\/a><\/strong><br>The ultimate meeting point for adrenaline enthusiasts in Canada and the USA! It&#8217;s a gathering of communities that allows for a great time while witnessing international skateboarding and climbing competitions. Also featured are base jump demonstrations, freestyle motocross, and much more. Jackalope is the only event of its kind to operate on both sides of the border and also produces a series of smaller-scale qualification events, Jackalope Block Party.<br><\/p><div class=\"ugb-button-container\"><a class=\"ugb-button ugb-button--size-small ugb--hover-effect-lift\" href=\"https:\/\/jackalope.tribu.co\/\" target=\"_blank\" rel=\"noopener noreferrer nofollow\" title=\"\"><span class=\"ugb-button--inner\">Read more<\/span><\/a><\/div><\/div><div class=\"ugb-feature__image\"><\/div><\/div><\/div><\/div><\/div>\n\n\n\n<div class=\"alignfull wp-block-ugb-feature ugb-feature ugb-93b0c34 ugb-feature--v2 ugb-feature--design-half ugb-main-block ugb-main-block--inner-full ugb--has-block-background\"><style>.ugb-93b0c34 .ugb-feature__item{border-radius:2px !important}.ugb-93b0c34 .ugb-feature__content{background-color:#000000 !important}.ugb-93b0c34 .ugb-feature__content:before{background-color:#000000 !important}.ugb-93b0c34 .ugb-feature__image{background-image:url(https:\/\/effetquebec.ca\/wp-content\/uploads\/2024\/09\/00-choix-1-Quentin-Larue-scaled.jpg)}.ugb-93b0c34 .ugb-feature__title{font-family:\"Archivo Black\",Sans-serif !important;font-weight:500 !important;color:var(--stk-global-color-88711,#313131)}.ugb-93b0c34 .ugb-feature__description{color:#ffffff;margin-bottom:12px !important}.ugb-93b0c34 .ugb-button .ugb-button--inner{font-family:\"Lato\",Sans-serif !important}.ugb-93b0c34 .ugb-button{background-color:var(--stk-global-color-37811,#732fb7);border-radius:100px !important}.ugb-93b0c34 .ugb-button .ugb-button--inner,.ugb-93b0c34 .ugb-button svg:not(.ugb-custom-icon){color:#ffffff !important}.ugb-93b0c34 .ugb-button:before{border-radius:100px !important}.ugb-93b0c34 .ugb-button-container{margin-bottom:50px !important}.ugb-93b0c34.ugb-feature{background-color:rgba(0,0,0,1)}.ugb-93b0c34{padding:0 !important}.ugb-93b0c34.ugb-feature:before{background-color:#000000}@media screen and (min-width:768px){.ugb-93b0c34.ugb-feature{margin-bottom:-29px !important;padding-right:35px !important;padding-left:35px !important}}<\/style><div class=\"ugb-inner-block ugb-inner-block--full\"><div class=\"ugb-block-content\"><div class=\"ugb-feature__item ugb--shadow-0\"><div class=\"ugb-feature__content\"><h3 class=\"ugb-feature__title\"><font color=\"#ffffff\">Urcisse<\/font><\/h3><p class=\"ugb-feature__description\"><strong>Quentin Larue<\/strong> &#8211; President<br><br>Urcisse is a Techno and House music Label and I am a Techno and House producer and event planner.<br><br>Featured project:<br><strong><a href=\"https:\/\/soundcloud.com\/queenie_jr?utm_source=clipboard&amp;utm_medium=text&amp;utm_campaign=social_sharing\">PURE SINGLE E<\/a><a href=\"https:\/\/soundcloud.com\/queenie_jr?utm_source=clipboard&amp;utm_medium=text&amp;utm_campaign=social_sharing\" target=\"_blank\" rel=\"noreferrer noopener\">P<\/a><\/strong><br>Pure Singe EP is a 2000s progressive house and techno inspired compilation and set that his focused on creating a new world in the club by emphasizing on the dancer experience with strong visuals, staging, ambiant odors with a rainforest like space\u2026 The goal of this project his to strike a greater emotion for the club goers than the regular Friday night experience by doing a heavier work on artistic direction. The product itself will be a 8-12 track album and a 3-5 hour DJ set.<br><\/p><div class=\"ugb-button-container\"><a class=\"ugb-button ugb-button--size-small ugb--hover-effect-lift\" href=\"https:\/\/soundcloud.com\/queenie_jr?utm_source=clipboard&amp;utm_medium=text&amp;utm_campaign=social_sharing\" target=\"_blank\" rel=\"noopener noreferrer nofollow\" title=\"\"><span class=\"ugb-button--inner\">Read more<\/span><\/a><\/div><\/div><div class=\"ugb-feature__image\"><\/div><\/div><\/div><\/div><\/div>\n\n\n\n<div class=\"alignfull wp-block-ugb-feature ugb-feature ugb-3629e32 ugb-feature--v2 ugb-feature--design-half ugb-feature--invert ugb-main-block ugb-main-block--inner-full ugb--has-block-background\"><style>.ugb-3629e32 .ugb-feature__item{border-radius:2px !important}.ugb-3629e32 .ugb-feature__content{background-color:#000000 !important}.ugb-3629e32 .ugb-feature__content:before{background-color:#000000 !important}.ugb-3629e32 .ugb-feature__image{background-image:url(https:\/\/effetquebec.ca\/wp-content\/uploads\/2024\/10\/Copie-de-VMS-VR_Screenshot-11.jpg)}.ugb-3629e32 .ugb-feature__title{font-family:\"Archivo Black\",Sans-serif !important;font-weight:500 !important;color:var(--stk-global-color-88711,#313131)}.ugb-3629e32 .ugb-feature__description{color:#ffffff;margin-bottom:12px !important}.ugb-3629e32 .ugb-button .ugb-button--inner{font-family:\"Lato\",Sans-serif !important}.ugb-3629e32 .ugb-button{background-color:var(--stk-global-color-37811,#732fb7);border-radius:100px !important}.ugb-3629e32 .ugb-button .ugb-button--inner,.ugb-3629e32 .ugb-button svg:not(.ugb-custom-icon){color:#ffffff !important}.ugb-3629e32 .ugb-button:before{border-radius:100px !important}.ugb-3629e32 .ugb-button-container{margin-bottom:50px !important}.ugb-3629e32.ugb-feature{background-color:rgba(0,0,0,1)}.ugb-3629e32{padding:0 !important}.ugb-3629e32.ugb-feature:before{background-color:#000000}@media screen and (min-width:768px){.ugb-3629e32.ugb-feature{margin-bottom:-29px !important;padding-right:35px !important;padding-left:35px !important}}<\/style><div class=\"ugb-inner-block ugb-inner-block--full\"><div class=\"ugb-block-content\"><div class=\"ugb-feature__item ugb--shadow-0\"><div class=\"ugb-feature__content\"><h3 class=\"ugb-feature__title\"><font color=\"#ffffff\">Vivid Memory Studios (VMS)<\/font><\/h3><p class=\"ugb-feature__description\"><strong>Samuel Vignola <\/strong>&#8211; President, Chief Creative Officer<br><strong>Chad Concepcion<\/strong> &#8211; Partner, Chief Art Director<br><br>Vivid Memory is a creative studio that transcends music stories through immersive installations, stage design, and most recently immersive music videos. VMS collaborates with artists to create and produce interactive story-driven experiences where music and innovation are at the center stage of all projects.<br><br>Featured projects:<br><strong>EPISTOLARY<br><\/strong>Epistolary is an immersive and innovative fusion of music, video, and virtual reality, created in collaboration with Quebecois artist KROY, Vivid Memory Studios, and Archiv VR. This groundbreaking event marks the first Quebecois virtual music video, propelling the music industry into new horizons.<br><br><strong>DEEP HERTZ<\/strong> <br>Deep Hertz is an immersive and interactive work that comes to life at the crossroads of physical structures, projections, lights, and audiovisual elements.<br>Deep Hertz is an energetic evolution powered by sound that passes through five stages of transformation: birth, learning, growth, maturity, and rebirth. The number &#8216;5&#8217; symbolizes change and influences the structure of the work.<br><\/p><div class=\"ugb-button-container\"><a class=\"ugb-button ugb-button--size-small ugb--hover-effect-lift\" href=\"https:\/\/vividmemorystudios.com\/\" target=\"_blank\" rel=\"noopener noreferrer nofollow\" title=\"\"><span class=\"ugb-button--inner\">Read more<\/span><\/a><\/div><\/div><div class=\"ugb-feature__image\"><\/div><\/div><\/div><\/div><\/div>\n\n\n\n<div class=\"alignfull wp-block-ugb-feature ugb-feature ugb-a5fa817 ugb-feature--v2 ugb-feature--design-half ugb-main-block ugb-main-block--inner-full ugb--has-block-background\"><style>.ugb-a5fa817 .ugb-feature__item{border-radius:0px !important}.ugb-a5fa817 .ugb-feature__content{background-color:#000000 !important}.ugb-a5fa817 .ugb-feature__content:before{background-color:#000000 !important}.ugb-a5fa817 .ugb-feature__image{background-image:url(https:\/\/effetquebec.ca\/wp-content\/uploads\/2024\/09\/1920-1080-xyz.jpg)}.ugb-a5fa817 .ugb-feature__title{font-family:\"Archivo Black\",Sans-serif !important;font-weight:500 !important;color:var(--stk-global-color-88711,#313131)}.ugb-a5fa817 .ugb-feature__description{color:#ffffff}.ugb-a5fa817 .ugb-button .ugb-button--inner{font-family:\"Lato\",Sans-serif !important}.ugb-a5fa817 .ugb-button{background-color:var(--stk-global-color-37811,#732fb7);border-radius:100px !important}.ugb-a5fa817 .ugb-button .ugb-button--inner,.ugb-a5fa817 .ugb-button svg:not(.ugb-custom-icon){color:#ffffff !important}.ugb-a5fa817 .ugb-button:before{border-radius:100px !important}.ugb-a5fa817 .ugb-button-container{margin-bottom:50px !important}.ugb-a5fa817.ugb-feature{background-color:rgba(0,0,0,1)}.ugb-a5fa817{padding:0 !important}.ugb-a5fa817.ugb-feature:before{background-color:#000000}@media screen and (min-width:768px){.ugb-a5fa817.ugb-feature{margin-bottom:-29px !important}}<\/style><div class=\"ugb-inner-block ugb-inner-block--full\"><div class=\"ugb-block-content\"><div class=\"ugb-feature__item ugb--shadow-0\"><div class=\"ugb-feature__content\"><h3 class=\"ugb-feature__title\"><span style=\"color: #ffffff;\" class=\"ugb-highlight\">XYZ Technologies<\/span><\/h3><p class=\"ugb-feature__description\"><strong>Jacques Larue<\/strong> &#8211; General Manager, Partner<br><br>XYZ Technologies specializes in audiovisual and experiential design, offering a full range of technological and artistic solutions. Our integrated service offering leverages leading technological innovations to create truly one-of-a-kind experiences. Since 2004, our teams have had the privilege of collaborating with numerous organizations around the world. Our expertise is embodied by the technology experts and artists who merge their skills to elevate the quality of every project. We are dedicated to creating audiovisual solutions, supplying pro-AV equipment, programming top-tier multimedia solutions and managing the maintenance of our installations.<br><br>Featured projects:<br><a href=\"https:\/\/bourgdepabos.com\/fantom-la-chasse\/\"><strong>Fant\u00f6m : La Chasse<\/strong><\/a><br>Have you always dreamed of being a ghost hunter?<br>Prepare for a completely new experience, unique in Quebec, with Fant\u00f6m: The Hunt.<br>Equipped with detection binoculars, you will roam the forest in search of lost souls haunting the archaeological site of the Bourg de Pabos. This immersive activity takes the form of a small-group competition with the goal of accumulating more points than your partners.<br>Each encounter offers fascinating stories and anecdotes, making this ghost hunt a playful way to explore the past and experience Quebec&#8217;s history.<br><br><strong><a href=\"https:\/\/youtu.be\/nFJ0TEPt4jw\">URA &#8211; La C\u00e9l\u00e9bration de l&#8217;eau<\/a><\/strong><br>An odyssey to the sources of life. Ura will immerse you in an adventure where the power of water will take on a new meaning.<br>In Chandler, on the coast of the Bourg de Pabos, Lamia invites you on the water trail. This mysterious woman will give you the keys to eight stations placed here and there, along your path.<br>Inside these stations, you will live amazing experiences. Never again, will you see water in the same way\u2026<br><\/p><div class=\"ugb-button-container\"><a class=\"ugb-button ugb-button--size-small ugb--hover-effect-lift\" href=\"https:\/\/www.xyztechnologies.com\/en\/\" target=\"_blank\" rel=\"noopener noreferrer nofollow\" title=\"\"><span class=\"ugb-button--inner\">Read more<\/span><\/a><\/div><\/div><div class=\"ugb-feature__image\"><\/div><\/div><\/div><\/div><\/div>\n","protected":false},"excerpt":{"rendered":"D\u00e9couvrez la s\u00e9lection des studios et lieu de culture participants \u00e0 la mission.","protected":false},"author":118,"featured_media":17633,"template":"","meta":{"_acf_changed":false,"_links_to":"","_links_to_target":""},"class_list":["post-17820","evenements","type-evenements","status-publish","has-post-thumbnail","hentry"],"featured_image_urls_v2":{"full":["https:\/\/effetquebec.ca\/wp-content\/uploads\/2024\/09\/Choix-site-EQ.png",1080,1080,false],"thumbnail":["https:\/\/effetquebec.ca\/wp-content\/uploads\/2024\/09\/Choix-site-EQ-150x150.png",150,150,true],"medium":["https:\/\/effetquebec.ca\/wp-content\/uploads\/2024\/09\/Choix-site-EQ-250x250.png",250,250,true],"medium_large":["https:\/\/effetquebec.ca\/wp-content\/uploads\/2024\/09\/Choix-site-EQ-768x768.png",768,768,true],"large":["https:\/\/effetquebec.ca\/wp-content\/uploads\/2024\/09\/Choix-site-EQ-700x700.png",700,700,true],"1536x1536":["https:\/\/effetquebec.ca\/wp-content\/uploads\/2024\/09\/Choix-site-EQ.png",1080,1080,false],"2048x2048":["https:\/\/effetquebec.ca\/wp-content\/uploads\/2024\/09\/Choix-site-EQ.png",1080,1080,false],"small":["https:\/\/effetquebec.ca\/wp-content\/uploads\/2024\/09\/Choix-site-EQ-120x120.png",120,120,true],"custom-size":["https:\/\/effetquebec.ca\/wp-content\/uploads\/2024\/09\/Choix-site-EQ-700x200.png",700,200,true],"grille":["https:\/\/effetquebec.ca\/wp-content\/uploads\/2024\/09\/Choix-site-EQ-800x450.png",800,450,true],"gform-image-choice-sm":["https:\/\/effetquebec.ca\/wp-content\/uploads\/2024\/09\/Choix-site-EQ.png",300,300,false],"gform-image-choice-md":["https:\/\/effetquebec.ca\/wp-content\/uploads\/2024\/09\/Choix-site-EQ.png",400,400,false],"gform-image-choice-lg":["https:\/\/effetquebec.ca\/wp-content\/uploads\/2024\/09\/Choix-site-EQ.png",600,600,false]},"post_excerpt_stackable_v2":"D\u00e9couvrez la s\u00e9lection des studios et lieu de culture participants \u00e0 la mission.","category_list_v2":"","author_info_v2":{"name":"Sara","url":"https:\/\/effetquebec.ca\/en\/author\/saraxnquebec-co\/"},"comments_num_v2":"0 comments","acf":[],"yoast_head":"<!-- This site is optimized with the Yoast SEO plugin v27.5 - https:\/\/yoast.com\/product\/yoast-seo-wordpress\/ -->\n<title>MUTEK MX - Qu\u00e9bec Professional Delegation 2024 - L\u2019Effet Qu\u00e9bec<\/title>\n<meta name=\"description\" content=\"Du 15 au 18 octobre 2024, Mexico (MEXIQUE).\" \/>\n<meta name=\"robots\" content=\"index, follow, max-snippet:-1, max-image-preview:large, max-video-preview:-1\" \/>\n<link rel=\"canonical\" href=\"https:\/\/effetquebec.ca\/en\/eventlist\/mutek-mx-quebec-professional-delegation-2024\/\" \/>\n<meta property=\"og:locale\" content=\"en_US\" \/>\n<meta property=\"og:type\" content=\"article\" \/>\n<meta property=\"og:title\" content=\"MUTEK MX - Qu\u00e9bec Professional Delegation 2024 - L\u2019Effet Qu\u00e9bec\" \/>\n<meta property=\"og:description\" content=\"Du 15 au 18 octobre 2024, Mexico (MEXIQUE).\" \/>\n<meta property=\"og:url\" content=\"https:\/\/effetquebec.ca\/en\/eventlist\/mutek-mx-quebec-professional-delegation-2024\/\" \/>\n<meta property=\"og:site_name\" content=\"L\u2019Effet Qu\u00e9bec\" \/>\n<meta property=\"article:publisher\" content=\"https:\/\/www.facebook.com\/XnQuebec\" \/>\n<meta property=\"article:modified_time\" content=\"2026-04-13T18:16:32+00:00\" \/>\n<meta property=\"og:image\" content=\"https:\/\/effetquebec.ca\/wp-content\/uploads\/2024\/09\/Choix-site-EQ.png\" \/>\n\t<meta property=\"og:image:width\" content=\"1080\" \/>\n\t<meta property=\"og:image:height\" content=\"1080\" \/>\n\t<meta property=\"og:image:type\" content=\"image\/png\" \/>\n<meta name=\"twitter:card\" content=\"summary_large_image\" \/>\n<meta name=\"twitter:label1\" content=\"Est. reading time\" \/>\n\t<meta name=\"twitter:data1\" content=\"7 minutes\" \/>\n<script type=\"application\/ld+json\" class=\"yoast-schema-graph\">{\"@context\":\"https:\\\/\\\/schema.org\",\"@graph\":[{\"@type\":\"Article\",\"@id\":\"https:\\\/\\\/effetquebec.ca\\\/en\\\/eventlist\\\/mutek-mx-quebec-professional-delegation-2024\\\/#article\",\"isPartOf\":{\"@id\":\"https:\\\/\\\/effetquebec.ca\\\/en\\\/eventlist\\\/mutek-mx-quebec-professional-delegation-2024\\\/\"},\"author\":{\"name\":\"Sara\",\"@id\":\"https:\\\/\\\/effetquebec.ca\\\/en\\\/#\\\/schema\\\/person\\\/940ef39453e3e18284e90f021ae27fae\"},\"headline\":\"MUTEK MX &#8211; Qu\u00e9bec Professional Delegation 2024\",\"datePublished\":\"2024-10-01T20:31:16+00:00\",\"dateModified\":\"2026-04-13T18:16:32+00:00\",\"mainEntityOfPage\":{\"@id\":\"https:\\\/\\\/effetquebec.ca\\\/en\\\/eventlist\\\/mutek-mx-quebec-professional-delegation-2024\\\/\"},\"wordCount\":3152,\"publisher\":{\"@id\":\"https:\\\/\\\/effetquebec.ca\\\/en\\\/#organization\"},\"image\":{\"@id\":\"https:\\\/\\\/effetquebec.ca\\\/en\\\/eventlist\\\/mutek-mx-quebec-professional-delegation-2024\\\/#primaryimage\"},\"thumbnailUrl\":\"https:\\\/\\\/effetquebec.ca\\\/wp-content\\\/uploads\\\/2024\\\/09\\\/Choix-site-EQ.png\",\"inLanguage\":\"en-CA\"},{\"@type\":\"WebPage\",\"@id\":\"https:\\\/\\\/effetquebec.ca\\\/en\\\/eventlist\\\/mutek-mx-quebec-professional-delegation-2024\\\/\",\"url\":\"https:\\\/\\\/effetquebec.ca\\\/en\\\/eventlist\\\/mutek-mx-quebec-professional-delegation-2024\\\/\",\"name\":\"MUTEK MX - Qu\u00e9bec Professional Delegation 2024 - L\u2019Effet Qu\u00e9bec\",\"isPartOf\":{\"@id\":\"https:\\\/\\\/effetquebec.ca\\\/en\\\/#website\"},\"primaryImageOfPage\":{\"@id\":\"https:\\\/\\\/effetquebec.ca\\\/en\\\/eventlist\\\/mutek-mx-quebec-professional-delegation-2024\\\/#primaryimage\"},\"image\":{\"@id\":\"https:\\\/\\\/effetquebec.ca\\\/en\\\/eventlist\\\/mutek-mx-quebec-professional-delegation-2024\\\/#primaryimage\"},\"thumbnailUrl\":\"https:\\\/\\\/effetquebec.ca\\\/wp-content\\\/uploads\\\/2024\\\/09\\\/Choix-site-EQ.png\",\"datePublished\":\"2024-10-01T20:31:16+00:00\",\"dateModified\":\"2026-04-13T18:16:32+00:00\",\"description\":\"Du 15 au 18 octobre 2024, Mexico (MEXIQUE).\",\"breadcrumb\":{\"@id\":\"https:\\\/\\\/effetquebec.ca\\\/en\\\/eventlist\\\/mutek-mx-quebec-professional-delegation-2024\\\/#breadcrumb\"},\"inLanguage\":\"en-CA\",\"potentialAction\":[{\"@type\":\"ReadAction\",\"target\":[\"https:\\\/\\\/effetquebec.ca\\\/en\\\/eventlist\\\/mutek-mx-quebec-professional-delegation-2024\\\/\"]}]},{\"@type\":\"ImageObject\",\"inLanguage\":\"en-CA\",\"@id\":\"https:\\\/\\\/effetquebec.ca\\\/en\\\/eventlist\\\/mutek-mx-quebec-professional-delegation-2024\\\/#primaryimage\",\"url\":\"https:\\\/\\\/effetquebec.ca\\\/wp-content\\\/uploads\\\/2024\\\/09\\\/Choix-site-EQ.png\",\"contentUrl\":\"https:\\\/\\\/effetquebec.ca\\\/wp-content\\\/uploads\\\/2024\\\/09\\\/Choix-site-EQ.png\",\"width\":1080,\"height\":1080},{\"@type\":\"BreadcrumbList\",\"@id\":\"https:\\\/\\\/effetquebec.ca\\\/en\\\/eventlist\\\/mutek-mx-quebec-professional-delegation-2024\\\/#breadcrumb\",\"itemListElement\":[{\"@type\":\"ListItem\",\"position\":1,\"name\":\"Accueil\",\"item\":\"https:\\\/\\\/effetquebec.ca\\\/en\\\/\"},{\"@type\":\"ListItem\",\"position\":2,\"name\":\"Events\",\"item\":\"https:\\\/\\\/effetquebec.ca\\\/en\\\/eventlist\\\/\"},{\"@type\":\"ListItem\",\"position\":3,\"name\":\"MUTEK MX &#8211; Qu\u00e9bec Professional Delegation 2024\"}]},{\"@type\":\"WebSite\",\"@id\":\"https:\\\/\\\/effetquebec.ca\\\/en\\\/#website\",\"url\":\"https:\\\/\\\/effetquebec.ca\\\/en\\\/\",\"name\":\"L\u2019Effet Qu\u00e9bec\",\"description\":\"P\u00f4le d\u2019expertise en exportation\",\"publisher\":{\"@id\":\"https:\\\/\\\/effetquebec.ca\\\/en\\\/#organization\"},\"potentialAction\":[{\"@type\":\"SearchAction\",\"target\":{\"@type\":\"EntryPoint\",\"urlTemplate\":\"https:\\\/\\\/effetquebec.ca\\\/en\\\/?s={search_term_string}\"},\"query-input\":{\"@type\":\"PropertyValueSpecification\",\"valueRequired\":true,\"valueName\":\"search_term_string\"}}],\"inLanguage\":\"en-CA\"},{\"@type\":\"Organization\",\"@id\":\"https:\\\/\\\/effetquebec.ca\\\/en\\\/#organization\",\"name\":\"L\u2019Effet Qu\u00e9bec\",\"url\":\"https:\\\/\\\/effetquebec.ca\\\/en\\\/\",\"logo\":{\"@type\":\"ImageObject\",\"inLanguage\":\"en-CA\",\"@id\":\"https:\\\/\\\/effetquebec.ca\\\/en\\\/#\\\/schema\\\/logo\\\/image\\\/\",\"url\":\"https:\\\/\\\/effetquebec.ca\\\/wp-content\\\/uploads\\\/2026\\\/04\\\/EffetQuebec.LogoVertical.RGB_.Noir-fav-1.png\",\"contentUrl\":\"https:\\\/\\\/effetquebec.ca\\\/wp-content\\\/uploads\\\/2026\\\/04\\\/EffetQuebec.LogoVertical.RGB_.Noir-fav-1.png\",\"width\":512,\"height\":512,\"caption\":\"L\u2019Effet Qu\u00e9bec\"},\"image\":{\"@id\":\"https:\\\/\\\/effetquebec.ca\\\/en\\\/#\\\/schema\\\/logo\\\/image\\\/\"},\"sameAs\":[\"https:\\\/\\\/www.facebook.com\\\/XnQuebec\",\"https:\\\/\\\/www.instagram.com\\\/xnquebec\\\/\",\"https:\\\/\\\/www.linkedin.com\\\/company\\\/xnquebec\\\/\"]},{\"@type\":\"Person\",\"@id\":\"https:\\\/\\\/effetquebec.ca\\\/en\\\/#\\\/schema\\\/person\\\/940ef39453e3e18284e90f021ae27fae\",\"name\":\"Sara\",\"image\":{\"@type\":\"ImageObject\",\"inLanguage\":\"en-CA\",\"@id\":\"https:\\\/\\\/secure.gravatar.com\\\/avatar\\\/2ac530a97fc9db59566fed92cc6d8dd1c6429dd06f37b16d3c1eb34cd2ef8ebf?s=96&d=mm&r=g\",\"url\":\"https:\\\/\\\/secure.gravatar.com\\\/avatar\\\/2ac530a97fc9db59566fed92cc6d8dd1c6429dd06f37b16d3c1eb34cd2ef8ebf?s=96&d=mm&r=g\",\"contentUrl\":\"https:\\\/\\\/secure.gravatar.com\\\/avatar\\\/2ac530a97fc9db59566fed92cc6d8dd1c6429dd06f37b16d3c1eb34cd2ef8ebf?s=96&d=mm&r=g\",\"caption\":\"Sara\"}}]}<\/script>\n<!-- \/ Yoast SEO plugin. -->","yoast_head_json":{"title":"MUTEK MX - Qu\u00e9bec Professional Delegation 2024 - L\u2019Effet Qu\u00e9bec","description":"Du 15 au 18 octobre 2024, Mexico (MEXIQUE).","robots":{"index":"index","follow":"follow","max-snippet":"max-snippet:-1","max-image-preview":"max-image-preview:large","max-video-preview":"max-video-preview:-1"},"canonical":"https:\/\/effetquebec.ca\/en\/eventlist\/mutek-mx-quebec-professional-delegation-2024\/","og_locale":"en_US","og_type":"article","og_title":"MUTEK MX - Qu\u00e9bec Professional Delegation 2024 - L\u2019Effet Qu\u00e9bec","og_description":"Du 15 au 18 octobre 2024, Mexico (MEXIQUE).","og_url":"https:\/\/effetquebec.ca\/en\/eventlist\/mutek-mx-quebec-professional-delegation-2024\/","og_site_name":"L\u2019Effet Qu\u00e9bec","article_publisher":"https:\/\/www.facebook.com\/XnQuebec","article_modified_time":"2026-04-13T18:16:32+00:00","og_image":[{"width":1080,"height":1080,"url":"https:\/\/effetquebec.ca\/wp-content\/uploads\/2024\/09\/Choix-site-EQ.png","type":"image\/png"}],"twitter_card":"summary_large_image","twitter_misc":{"Est. reading time":"7 minutes"},"schema":{"@context":"https:\/\/schema.org","@graph":[{"@type":"Article","@id":"https:\/\/effetquebec.ca\/en\/eventlist\/mutek-mx-quebec-professional-delegation-2024\/#article","isPartOf":{"@id":"https:\/\/effetquebec.ca\/en\/eventlist\/mutek-mx-quebec-professional-delegation-2024\/"},"author":{"name":"Sara","@id":"https:\/\/effetquebec.ca\/en\/#\/schema\/person\/940ef39453e3e18284e90f021ae27fae"},"headline":"MUTEK MX &#8211; Qu\u00e9bec Professional Delegation 2024","datePublished":"2024-10-01T20:31:16+00:00","dateModified":"2026-04-13T18:16:32+00:00","mainEntityOfPage":{"@id":"https:\/\/effetquebec.ca\/en\/eventlist\/mutek-mx-quebec-professional-delegation-2024\/"},"wordCount":3152,"publisher":{"@id":"https:\/\/effetquebec.ca\/en\/#organization"},"image":{"@id":"https:\/\/effetquebec.ca\/en\/eventlist\/mutek-mx-quebec-professional-delegation-2024\/#primaryimage"},"thumbnailUrl":"https:\/\/effetquebec.ca\/wp-content\/uploads\/2024\/09\/Choix-site-EQ.png","inLanguage":"en-CA"},{"@type":"WebPage","@id":"https:\/\/effetquebec.ca\/en\/eventlist\/mutek-mx-quebec-professional-delegation-2024\/","url":"https:\/\/effetquebec.ca\/en\/eventlist\/mutek-mx-quebec-professional-delegation-2024\/","name":"MUTEK MX - Qu\u00e9bec Professional Delegation 2024 - L\u2019Effet Qu\u00e9bec","isPartOf":{"@id":"https:\/\/effetquebec.ca\/en\/#website"},"primaryImageOfPage":{"@id":"https:\/\/effetquebec.ca\/en\/eventlist\/mutek-mx-quebec-professional-delegation-2024\/#primaryimage"},"image":{"@id":"https:\/\/effetquebec.ca\/en\/eventlist\/mutek-mx-quebec-professional-delegation-2024\/#primaryimage"},"thumbnailUrl":"https:\/\/effetquebec.ca\/wp-content\/uploads\/2024\/09\/Choix-site-EQ.png","datePublished":"2024-10-01T20:31:16+00:00","dateModified":"2026-04-13T18:16:32+00:00","description":"Du 15 au 18 octobre 2024, Mexico (MEXIQUE).","breadcrumb":{"@id":"https:\/\/effetquebec.ca\/en\/eventlist\/mutek-mx-quebec-professional-delegation-2024\/#breadcrumb"},"inLanguage":"en-CA","potentialAction":[{"@type":"ReadAction","target":["https:\/\/effetquebec.ca\/en\/eventlist\/mutek-mx-quebec-professional-delegation-2024\/"]}]},{"@type":"ImageObject","inLanguage":"en-CA","@id":"https:\/\/effetquebec.ca\/en\/eventlist\/mutek-mx-quebec-professional-delegation-2024\/#primaryimage","url":"https:\/\/effetquebec.ca\/wp-content\/uploads\/2024\/09\/Choix-site-EQ.png","contentUrl":"https:\/\/effetquebec.ca\/wp-content\/uploads\/2024\/09\/Choix-site-EQ.png","width":1080,"height":1080},{"@type":"BreadcrumbList","@id":"https:\/\/effetquebec.ca\/en\/eventlist\/mutek-mx-quebec-professional-delegation-2024\/#breadcrumb","itemListElement":[{"@type":"ListItem","position":1,"name":"Accueil","item":"https:\/\/effetquebec.ca\/en\/"},{"@type":"ListItem","position":2,"name":"Events","item":"https:\/\/effetquebec.ca\/en\/eventlist\/"},{"@type":"ListItem","position":3,"name":"MUTEK MX &#8211; Qu\u00e9bec Professional Delegation 2024"}]},{"@type":"WebSite","@id":"https:\/\/effetquebec.ca\/en\/#website","url":"https:\/\/effetquebec.ca\/en\/","name":"L\u2019Effet Qu\u00e9bec","description":"P\u00f4le d\u2019expertise en exportation","publisher":{"@id":"https:\/\/effetquebec.ca\/en\/#organization"},"potentialAction":[{"@type":"SearchAction","target":{"@type":"EntryPoint","urlTemplate":"https:\/\/effetquebec.ca\/en\/?s={search_term_string}"},"query-input":{"@type":"PropertyValueSpecification","valueRequired":true,"valueName":"search_term_string"}}],"inLanguage":"en-CA"},{"@type":"Organization","@id":"https:\/\/effetquebec.ca\/en\/#organization","name":"L\u2019Effet Qu\u00e9bec","url":"https:\/\/effetquebec.ca\/en\/","logo":{"@type":"ImageObject","inLanguage":"en-CA","@id":"https:\/\/effetquebec.ca\/en\/#\/schema\/logo\/image\/","url":"https:\/\/effetquebec.ca\/wp-content\/uploads\/2026\/04\/EffetQuebec.LogoVertical.RGB_.Noir-fav-1.png","contentUrl":"https:\/\/effetquebec.ca\/wp-content\/uploads\/2026\/04\/EffetQuebec.LogoVertical.RGB_.Noir-fav-1.png","width":512,"height":512,"caption":"L\u2019Effet Qu\u00e9bec"},"image":{"@id":"https:\/\/effetquebec.ca\/en\/#\/schema\/logo\/image\/"},"sameAs":["https:\/\/www.facebook.com\/XnQuebec","https:\/\/www.instagram.com\/xnquebec\/","https:\/\/www.linkedin.com\/company\/xnquebec\/"]},{"@type":"Person","@id":"https:\/\/effetquebec.ca\/en\/#\/schema\/person\/940ef39453e3e18284e90f021ae27fae","name":"Sara","image":{"@type":"ImageObject","inLanguage":"en-CA","@id":"https:\/\/secure.gravatar.com\/avatar\/2ac530a97fc9db59566fed92cc6d8dd1c6429dd06f37b16d3c1eb34cd2ef8ebf?s=96&d=mm&r=g","url":"https:\/\/secure.gravatar.com\/avatar\/2ac530a97fc9db59566fed92cc6d8dd1c6429dd06f37b16d3c1eb34cd2ef8ebf?s=96&d=mm&r=g","contentUrl":"https:\/\/secure.gravatar.com\/avatar\/2ac530a97fc9db59566fed92cc6d8dd1c6429dd06f37b16d3c1eb34cd2ef8ebf?s=96&d=mm&r=g","caption":"Sara"}}]}},"_links":{"self":[{"href":"https:\/\/effetquebec.ca\/en\/wp-json\/wp\/v2\/evenements\/17820","targetHints":{"allow":["GET"]}}],"collection":[{"href":"https:\/\/effetquebec.ca\/en\/wp-json\/wp\/v2\/evenements"}],"about":[{"href":"https:\/\/effetquebec.ca\/en\/wp-json\/wp\/v2\/types\/evenements"}],"author":[{"embeddable":true,"href":"https:\/\/effetquebec.ca\/en\/wp-json\/wp\/v2\/users\/118"}],"wp:featuredmedia":[{"embeddable":true,"href":"https:\/\/effetquebec.ca\/en\/wp-json\/wp\/v2\/media\/17633"}],"wp:attachment":[{"href":"https:\/\/effetquebec.ca\/en\/wp-json\/wp\/v2\/media?parent=17820"}],"curies":[{"name":"wp","href":"https:\/\/api.w.org\/{rel}","templated":true}]}}