{"id":18454,"date":"2024-10-01T11:30:33","date_gmt":"2024-10-01T15:30:33","guid":{"rendered":"https:\/\/effetquebec.ca\/?post_type=evenements&#038;p=18454"},"modified":"2025-02-14T13:39:20","modified_gmt":"2025-02-14T18:39:20","slug":"leffet-quebec-senvole-vers-mutek-mexico","status":"publish","type":"evenements","link":"https:\/\/effetquebec.ca\/en\/eventlist\/leffet-quebec-senvole-vers-mutek-mexico\/","title":{"rendered":"L\u2019Effet Qu\u00e9bec s\u2019envole vers MUTEK M\u00e9xico"},"content":{"rendered":"\n<div class=\"alignfull wp-block-ugb-header ugb-header ugb-5f1ce6c ugb-header ugb-header--v3 ugb-header--design-plain ugb-main-block ugb-main-block--inner-full ugb--has-block-background ugb--has-background-overlay ugb--has-bottom-separator\"><style>.ugb-5f1ce6c .ugb-header__title{font-size:60px !important;color:#ffffff}.ugb-5f1ce6c .ugb-header__subtitle{font-size:18px !important;color:#ffffff}.ugb-5f1ce6c.ugb-header{min-height:100vh;background-color:#000000;background-image:url(https:\/\/effetquebec.ca\/wp-content\/uploads\/2024\/10\/pexels-alexwolfmx-square.png);background-position:bottom center}.ugb-5f1ce6c.ugb-header:before{background-color:#000000;opacity:0.1}@media screen and (max-width:1025px){.ugb-5f1ce6c .ugb-header__title{font-size:35px !important}.ugb-5f1ce6c.ugb-header{min-height:60vh}}@media screen and (-ms-high-contrast:active),screen and (-ms-high-contrast:none){.ugb-5f1ce6c.ugb-header{height:100vh}}<\/style><div class=\"ugb-bottom-separator\"><div class=\"ugb-separator-wrapper\"><svg viewBox=\"0 0 1600 200\" filter=\"url(#slant-2-shadow_svg__a)\" enable-background=\"new 0 0 1600 200\" xmlns=\"http:\/\/www.w3.org\/2000\/svg\" class=\"ugb-separator__shadow\" preserveAspectRatio=\"none\" aria-hidden=\"true\"><filter id=\"slant-2-shadow_svg__a\"><feGaussianBlur in=\"SourceAlpha\" stdDeviation=\"4\"><\/feGaussianBlur><feComponentTransfer><feFuncA type=\"linear\" slope=\"0.4\"><\/feFuncA><\/feComponentTransfer><feMerge><feMergeNode><\/feMergeNode><feMergeNode in=\"SourceGraphic\"><\/feMergeNode><\/feMerge><\/filter><path class=\"slant-2-shadow_svg__st1\" d=\"M1610 39.2v12L800 170.1-10 51.2v-12l810 118.9 810-118.9z\"><\/path><\/svg><svg viewBox=\"0 0 1600 200\" xmlns=\"http:\/\/www.w3.org\/2000\/svg\" class=\"ugb-separator__layer-1\" preserveAspectRatio=\"none\" aria-hidden=\"true\"><path class=\"slant-2_svg__st1\" d=\"M1610 39.2V209H-10V39.2l810 118.9 810-118.9z\"><\/path><\/svg><\/div><\/div><div class=\"ugb-inner-block ugb-inner-block--full\"><div class=\"ugb-block-content\"><div class=\"ugb-header__item\"><div class=\"ugb-content-wrapper\"><h1 class=\"ugb-header__title\">L\u2019Effet Qu\u00e9bec s\u2019envole vers MUTEK M\u00e9xico<\/h1><p class=\"ugb-header__subtitle\">Auteur : David Lamarre, agent de d\u00e9veloppement culturel num\u00e9rique<\/p><\/div><\/div><\/div><\/div><\/div>\n\n\n\n<div class=\"wp-block-columns is-layout-flex wp-container-core-columns-is-layout-9d6595d7 wp-block-columns-is-layout-flex\">\n<div class=\"wp-block-column is-layout-flow wp-block-column-is-layout-flow\" style=\"flex-basis:75%\">\n<div class=\"wp-block-group\"><div class=\"wp-block-group__inner-container is-layout-constrained wp-block-group-is-layout-constrained\">\n<div class=\"wp-block-group\"><div class=\"wp-block-group__inner-container is-layout-constrained wp-block-group-is-layout-constrained\">\n<div class=\"wp-block-ugb-heading ugb-heading ugb-5b9d0d6 ugb-main-block\"><style>.ugb-5b9d0d6 .ugb-heading__title{font-size:24px !important}<\/style><div class=\"ugb-inner-block\"><div class=\"ugb-block-content\"><h2 class=\"ugb-heading__title\">L\u2019Effet Qu\u00e9bec s\u2019envole vers MUTEK M\u00e9xico<\/h2><div class=\"ugb-heading__bottom-line\"><\/div><\/div><\/div><\/div>\n<\/div><\/div>\n\n\n\n<p>En 2003, soit trois ans \u00e0 peine apr\u00e8s la fondation du festival MUTEK \u00e0 Montr\u00e9al, se tenait la premi\u00e8re \u00e9dition de MUTEK M\u00e9xico. Alors que cet \u00e9v\u00e9nement populaire c\u00e9l\u00e8bre cette ann\u00e9e sa 20e \u00e9dition, une d\u00e9l\u00e9gation de studios d\u2019exp\u00e9riences num\u00e9riques d\u2019ici s\u2019appr\u00eate \u00e0 voyager dans la capitale mexicaine pour participer aux festivit\u00e9s.<\/p>\n\n\n\n<p>En pr\u00e9vision de cette mission organis\u00e9e par MUTEK et L\u2019Effet Qu\u00e9bec (une initiative de Xn Qu\u00e9bec), les repr\u00e9sentants des entreprises s\u00e9lectionn\u00e9es \u00e9taient invit\u00e9s chez Z\u00fa pour en apprendre davantage sur le march\u00e9 mexicain de la cr\u00e9ativit\u00e9 num\u00e9rique. La rencontre a permis \u00e0 Roberto Lopez de Siete Media et \u00e0 Mathieu St-Arnaud de Normal Studio de partager avec le groupe leurs connaissances du march\u00e9 mexicain.<\/p>\n\n\n\n<p>Retour sur un cercle de partage \u00e0 la fois cordial et captivant.<\/p>\n<\/div><\/div>\n<\/div>\n<\/div>\n\n\n\n<div class=\"wp-block-columns is-layout-flex wp-container-core-columns-is-layout-9d6595d7 wp-block-columns-is-layout-flex\">\n<div class=\"wp-block-column is-layout-flow wp-block-column-is-layout-flow\" style=\"flex-basis:75%\">\n<div class=\"wp-block-group\"><div class=\"wp-block-group__inner-container is-layout-constrained wp-block-group-is-layout-constrained\">\n<h3 class=\"wp-block-heading\">\u00c0 Mexico, tout est plus gros !<\/h3>\n\n\n\n<p>Selon Roberto Lopez, Mexico est une ville bouillante d\u2019activit\u00e9 o\u00f9 l\u2019\u00e9v\u00e9nementiel occupe une place importante. Il souligne : \u00ab Quand vous pensez \u00e0 un \u00e9v\u00e9nement \u00e0 Mexico, voyez grand! Les foules sont immenses. Les \u00e9v\u00e9nements sont \u00e9normes! \u00bb<\/p>\n\n\n\n<p>Il ne faut donc pas s\u2019\u00e9tonner si, \u00e0 ses yeux, l\u2019industrie du spectacle constitue l\u2019un des deux secteurs d\u2019activit\u00e9s qui offrent les meilleures opportunit\u00e9s pour les producteurs et productrices d\u2019exp\u00e9riences num\u00e9riques d\u2019ici.<\/p>\n\n\n\n<p>L\u2019autre, sans surprise, est l\u2019industrie du tourisme. Notons que ce secteur cl\u00e9 de l\u2019\u00e9conomie mexicaine compte pour plus de 8 % du PIB du pays. Roberto Lopez rapporte que la concurrence est f\u00e9roce entre les diff\u00e9rentes r\u00e9gions du Mexique pour attirer des visiteurs. Pour tirer son \u00e9pingle du jeu dans ce secteur, il encourage les studios \u00e0 entrer en contact avec les offices de tourisme des diff\u00e9rentes r\u00e9gions mexicaines, ou m\u00eame les diff\u00e9rentes cha\u00eenes d\u2019h\u00f4tels.<\/p>\n<\/div><\/div>\n<\/div>\n<\/div>\n\n\n\n<figure class=\"wp-block-image size-large\"><img loading=\"lazy\" decoding=\"async\" width=\"700\" height=\"394\" src=\"https:\/\/effetquebec.ca\/wp-content\/uploads\/2024\/10\/mutek-mx-1-700x394.jpg\" alt=\"\" class=\"wp-image-18467\" srcset=\"https:\/\/effetquebec.ca\/wp-content\/uploads\/2024\/10\/mutek-mx-1-700x394.jpg 700w, https:\/\/effetquebec.ca\/wp-content\/uploads\/2024\/10\/mutek-mx-1-250x141.jpg 250w, https:\/\/effetquebec.ca\/wp-content\/uploads\/2024\/10\/mutek-mx-1-768x432.jpg 768w, https:\/\/effetquebec.ca\/wp-content\/uploads\/2024\/10\/mutek-mx-1-1536x864.jpg 1536w, https:\/\/effetquebec.ca\/wp-content\/uploads\/2024\/10\/mutek-mx-1-120x68.jpg 120w, https:\/\/effetquebec.ca\/wp-content\/uploads\/2024\/10\/mutek-mx-1-800x450.jpg 800w, https:\/\/effetquebec.ca\/wp-content\/uploads\/2024\/10\/mutek-mx-1.jpg 1920w\" sizes=\"auto, (max-width: 700px) 100vw, 700px\" \/><figcaption class=\"wp-element-caption\">Roberto Lopez et Mathieu St-Arnaud<\/figcaption><\/figure>\n\n\n\n<div class=\"wp-block-columns is-layout-flex wp-container-core-columns-is-layout-9d6595d7 wp-block-columns-is-layout-flex\">\n<div class=\"wp-block-column is-layout-flow wp-block-column-is-layout-flow\" style=\"flex-basis:75%\">\n<div class=\"wp-block-group\"><div class=\"wp-block-group__inner-container is-layout-constrained wp-block-group-is-layout-constrained\">\n<h3 class=\"wp-block-heading\">Une cr\u00e9ativit\u00e9 d\u00e9bordante<\/h3>\n\n\n\n<p>Mathieu St-Arnaud d\u00e9crit ainsi la culture mexicaine : \u00ab tr\u00e8s ouverte, tr\u00e8s passionn\u00e9e, tr\u00e8s cr\u00e9ative \u00bb. Il rench\u00e9rit sur ce dernier point en notant qu\u2019on retrouve un \u00e9norme bassin de cr\u00e9ateurs et cr\u00e9atrices talentueux dans ce pays de pr\u00e8s de 128 millions d\u2019habitants. C\u2019est pour cette raison qu\u2019il privil\u00e9gie la collaboration dans son approche avec des partenaires d\u2019affaires mexicains. Plus encore, il note des affinit\u00e9s entre les peuples qu\u00e9b\u00e9cois et mexicains. \u00ab C\u2019est un \u201cfit\u201d naturel. J\u2019ai eu de belles conversations et de belles connexions avec les gens l\u00e0-bas. \u00bb<\/p>\n\n\n\n<p>Il note aussi que les budgets sont souvent plus bas que pour des projets financ\u00e9s ici. Une information corrobor\u00e9e par Roberto Lopez qui note qu\u2019aux yeux des Mexicains, \u00e7a co\u00fbte cher de faire affaire avec des studios qu\u00e9b\u00e9cois.<\/p>\n\n\n\n<p>Mathieu St-Arnaud encourage d\u2019adapter les projets au budget de la client\u00e8le mexicaine, tout en soulignant que compl\u00e9ter des contrats de plus petite envergure peut d\u00e9boucher sur des ententes plus lucratives dans le futur.<\/p>\n\n\n\n<p>Il ajoute aussi que la cl\u00e9 du succ\u00e8s lorsqu\u2019on organise des \u00e9v\u00e9nements au Mexique est de s\u2019associer avec des gens passionn\u00e9s qui connaissent bien leur march\u00e9 local.<\/p>\n<\/div><\/div>\n<\/div>\n<\/div>\n\n\n\n<div class=\"wp-block-columns is-layout-flex wp-container-core-columns-is-layout-9d6595d7 wp-block-columns-is-layout-flex\">\n<div class=\"wp-block-column is-layout-flow wp-block-column-is-layout-flow\" style=\"flex-basis:75%\">\n<div class=\"wp-block-group\"><div class=\"wp-block-group__inner-container is-layout-constrained wp-block-group-is-layout-constrained\">\n<h3 class=\"wp-block-heading\">Bon \u00e0 savoir quand on fait des affaires au Mexique<\/h3>\n\n\n\n<p>Les deux intervenants ont partag\u00e9 une s\u00e9rie de conseils pratiques lorsqu\u2019il est temps de nouer des ententes avec des partenaires mexicains.<\/p>\n\n\n\n<p>D\u2019abord, il mentionne qu\u2019il n\u2019est pas inhabituel de commencer un projet sans avoir un contrat sign\u00e9 en bonne et due forme et que parfois, les paiements tardent un peu \u00e0 \u00eatre effectu\u00e9s. Ensuite, il rappelle aussi qu\u2019il faut tenir compte des \u00e9carts entre les diff\u00e9rents fuseaux horaires.<\/p>\n\n\n\n<p>Sur une note positive, il mentionne que la nourriture mexicaine est excellente, ce dont convient volontiers Mathieu St-Arnaud. Qui plus est, Roberto Lopez indique que \u00ab de nombreuses conversations importantes se d\u00e9roulent autour d\u2019une table, avec de la bonne nourriture et une bouteille de mezcal \u00bb.<\/p>\n<\/div><\/div>\n<\/div>\n<\/div>\n\n\n\n<div class=\"wp-block-columns is-layout-flex wp-container-core-columns-is-layout-9d6595d7 wp-block-columns-is-layout-flex\">\n<div class=\"wp-block-column is-layout-flow wp-block-column-is-layout-flow\" style=\"flex-basis:75%\">\n<div class=\"wp-block-group\"><div class=\"wp-block-group__inner-container is-layout-constrained wp-block-group-is-layout-constrained\">\n<h3 class=\"wp-block-heading\">Remerciements<\/h3>\n\n\n\n<p>Les cercles de partage de l&#8217;Effet Qu\u00e9bec sont rendu possible gr\u00e2ce \u00e0 la collaboration du <a href=\"https:\/\/www.fondsquebecor.ca\/fr\/\">Fonds Qu\u00e9b\u00e9cor<\/a>.<\/p>\n<\/div><\/div>\n<\/div>\n<\/div>\n","protected":false},"excerpt":{"rendered":"En pr\u00e9vision de cette mission organis\u00e9e par MUTEK et L\u2019Effet Qu\u00e9bec, les repr\u00e9sentants des entreprises s\u00e9lectionn\u00e9es \u00e9taient invit\u00e9s chez Z\u00fa pour en apprendre davantage sur le march\u00e9 mexicain de la cr\u00e9ativit\u00e9 num\u00e9rique. ","protected":false},"author":106,"featured_media":18459,"template":"","meta":{"_acf_changed":false,"_links_to":"","_links_to_target":""},"class_list":["post-18454","evenements","type-evenements","status-publish","has-post-thumbnail","hentry"],"featured_image_urls_v2":{"full":["https:\/\/effetquebec.ca\/wp-content\/uploads\/2024\/10\/pexels-alexwolfmx-14071000.png",1920,1080,false],"thumbnail":["https:\/\/effetquebec.ca\/wp-content\/uploads\/2024\/10\/pexels-alexwolfmx-14071000-150x150.png",150,150,true],"medium":["https:\/\/effetquebec.ca\/wp-content\/uploads\/2024\/10\/pexels-alexwolfmx-14071000-250x141.png",250,141,true],"medium_large":["https:\/\/effetquebec.ca\/wp-content\/uploads\/2024\/10\/pexels-alexwolfmx-14071000-768x432.png",768,432,true],"large":["https:\/\/effetquebec.ca\/wp-content\/uploads\/2024\/10\/pexels-alexwolfmx-14071000-700x394.png",700,394,true],"1536x1536":["https:\/\/effetquebec.ca\/wp-content\/uploads\/2024\/10\/pexels-alexwolfmx-14071000-1536x864.png",1536,864,true],"2048x2048":["https:\/\/effetquebec.ca\/wp-content\/uploads\/2024\/10\/pexels-alexwolfmx-14071000.png",1920,1080,false],"small":["https:\/\/effetquebec.ca\/wp-content\/uploads\/2024\/10\/pexels-alexwolfmx-14071000-120x68.png",120,68,true],"custom-size":["https:\/\/effetquebec.ca\/wp-content\/uploads\/2024\/10\/pexels-alexwolfmx-14071000-700x200.png",700,200,true],"grille":["https:\/\/effetquebec.ca\/wp-content\/uploads\/2024\/10\/pexels-alexwolfmx-14071000-800x450.png",800,450,true],"gform-image-choice-sm":["https:\/\/effetquebec.ca\/wp-content\/uploads\/2024\/10\/pexels-alexwolfmx-14071000.png",300,169,false],"gform-image-choice-md":["https:\/\/effetquebec.ca\/wp-content\/uploads\/2024\/10\/pexels-alexwolfmx-14071000.png",400,225,false],"gform-image-choice-lg":["https:\/\/effetquebec.ca\/wp-content\/uploads\/2024\/10\/pexels-alexwolfmx-14071000.png",600,338,false]},"post_excerpt_stackable_v2":"En pr\u00e9vision de cette mission organis\u00e9e par MUTEK et L\u2019Effet Qu\u00e9bec, les repr\u00e9sentants des entreprises s\u00e9lectionn\u00e9es \u00e9taient invit\u00e9s chez Z\u00fa pour en apprendre davantage sur le march\u00e9 mexicain de la cr\u00e9ativit\u00e9 num\u00e9rique. ","category_list_v2":"","author_info_v2":{"name":"David Lamarre","url":"https:\/\/effetquebec.ca\/en\/author\/david\/"},"comments_num_v2":"0 comments","acf":[],"yoast_head":"<!-- This site is optimized with the Yoast SEO plugin v27.4 - https:\/\/yoast.com\/product\/yoast-seo-wordpress\/ -->\n<title>L\u2019Effet Qu\u00e9bec s\u2019envole vers MUTEK M\u00e9xico - L\u2019Effet Qu\u00e9bec<\/title>\n<meta name=\"description\" content=\"Du pitch \u00e0 l&#039;exportation: comment faire des affaires aux \u00c9tats-Unis, lorsqu\u2019on est un producteur qu\u00e9b\u00e9cois d&#039;exp\u00e9riences num\u00e9riques?\" \/>\n<meta name=\"robots\" content=\"index, follow, max-snippet:-1, max-image-preview:large, max-video-preview:-1\" \/>\n<link rel=\"canonical\" href=\"https:\/\/effetquebec.ca\/en\/eventlist\/leffet-quebec-senvole-vers-mutek-mexico\/\" \/>\n<meta property=\"og:locale\" content=\"en_US\" \/>\n<meta property=\"og:type\" content=\"article\" \/>\n<meta property=\"og:title\" content=\"L\u2019Effet Qu\u00e9bec s\u2019envole vers MUTEK M\u00e9xico - L\u2019Effet Qu\u00e9bec\" \/>\n<meta property=\"og:description\" content=\"Du pitch \u00e0 l&#039;exportation: comment faire des affaires aux \u00c9tats-Unis, lorsqu\u2019on est un producteur qu\u00e9b\u00e9cois d&#039;exp\u00e9riences num\u00e9riques?\" \/>\n<meta property=\"og:url\" content=\"https:\/\/effetquebec.ca\/en\/eventlist\/leffet-quebec-senvole-vers-mutek-mexico\/\" \/>\n<meta property=\"og:site_name\" content=\"L\u2019Effet Qu\u00e9bec\" \/>\n<meta property=\"article:publisher\" content=\"https:\/\/www.facebook.com\/XnQuebec\" \/>\n<meta property=\"article:modified_time\" content=\"2025-02-14T18:39:20+00:00\" \/>\n<meta property=\"og:image\" content=\"https:\/\/effetquebec.ca\/wp-content\/uploads\/2024\/10\/pexels-alexwolfmx-14071000-700x394.png\" \/>\n\t<meta property=\"og:image:width\" content=\"700\" \/>\n\t<meta property=\"og:image:height\" content=\"394\" \/>\n\t<meta property=\"og:image:type\" content=\"image\/png\" \/>\n<meta name=\"twitter:card\" content=\"summary_large_image\" \/>\n<meta name=\"twitter:label1\" content=\"Est. reading time\" \/>\n\t<meta name=\"twitter:data1\" content=\"4 minutes\" \/>\n<script type=\"application\/ld+json\" class=\"yoast-schema-graph\">{\"@context\":\"https:\\\/\\\/schema.org\",\"@graph\":[{\"@type\":\"Article\",\"@id\":\"https:\\\/\\\/effetquebec.ca\\\/en\\\/eventlist\\\/leffet-quebec-senvole-vers-mutek-mexico\\\/#article\",\"isPartOf\":{\"@id\":\"https:\\\/\\\/effetquebec.ca\\\/en\\\/eventlist\\\/leffet-quebec-senvole-vers-mutek-mexico\\\/\"},\"author\":{\"name\":\"David Lamarre\",\"@id\":\"https:\\\/\\\/effetquebec.ca\\\/en\\\/#\\\/schema\\\/person\\\/0e4294a33c177c281b4d82e0c16108bc\"},\"headline\":\"L\u2019Effet Qu\u00e9bec s\u2019envole vers MUTEK M\u00e9xico\",\"datePublished\":\"2024-10-01T15:30:33+00:00\",\"dateModified\":\"2025-02-14T18:39:20+00:00\",\"mainEntityOfPage\":{\"@id\":\"https:\\\/\\\/effetquebec.ca\\\/en\\\/eventlist\\\/leffet-quebec-senvole-vers-mutek-mexico\\\/\"},\"wordCount\":739,\"publisher\":{\"@id\":\"https:\\\/\\\/effetquebec.ca\\\/en\\\/#organization\"},\"image\":{\"@id\":\"https:\\\/\\\/effetquebec.ca\\\/en\\\/eventlist\\\/leffet-quebec-senvole-vers-mutek-mexico\\\/#primaryimage\"},\"thumbnailUrl\":\"https:\\\/\\\/effetquebec.ca\\\/wp-content\\\/uploads\\\/2024\\\/10\\\/pexels-alexwolfmx-14071000.png\",\"inLanguage\":\"en-CA\"},{\"@type\":\"WebPage\",\"@id\":\"https:\\\/\\\/effetquebec.ca\\\/en\\\/eventlist\\\/leffet-quebec-senvole-vers-mutek-mexico\\\/\",\"url\":\"https:\\\/\\\/effetquebec.ca\\\/en\\\/eventlist\\\/leffet-quebec-senvole-vers-mutek-mexico\\\/\",\"name\":\"L\u2019Effet Qu\u00e9bec s\u2019envole vers MUTEK M\u00e9xico - L\u2019Effet Qu\u00e9bec\",\"isPartOf\":{\"@id\":\"https:\\\/\\\/effetquebec.ca\\\/en\\\/#website\"},\"primaryImageOfPage\":{\"@id\":\"https:\\\/\\\/effetquebec.ca\\\/en\\\/eventlist\\\/leffet-quebec-senvole-vers-mutek-mexico\\\/#primaryimage\"},\"image\":{\"@id\":\"https:\\\/\\\/effetquebec.ca\\\/en\\\/eventlist\\\/leffet-quebec-senvole-vers-mutek-mexico\\\/#primaryimage\"},\"thumbnailUrl\":\"https:\\\/\\\/effetquebec.ca\\\/wp-content\\\/uploads\\\/2024\\\/10\\\/pexels-alexwolfmx-14071000.png\",\"datePublished\":\"2024-10-01T15:30:33+00:00\",\"dateModified\":\"2025-02-14T18:39:20+00:00\",\"description\":\"Du pitch \u00e0 l'exportation: comment faire des affaires aux \u00c9tats-Unis, lorsqu\u2019on est un producteur qu\u00e9b\u00e9cois d'exp\u00e9riences num\u00e9riques?\",\"breadcrumb\":{\"@id\":\"https:\\\/\\\/effetquebec.ca\\\/en\\\/eventlist\\\/leffet-quebec-senvole-vers-mutek-mexico\\\/#breadcrumb\"},\"inLanguage\":\"en-CA\",\"potentialAction\":[{\"@type\":\"ReadAction\",\"target\":[\"https:\\\/\\\/effetquebec.ca\\\/en\\\/eventlist\\\/leffet-quebec-senvole-vers-mutek-mexico\\\/\"]}]},{\"@type\":\"ImageObject\",\"inLanguage\":\"en-CA\",\"@id\":\"https:\\\/\\\/effetquebec.ca\\\/en\\\/eventlist\\\/leffet-quebec-senvole-vers-mutek-mexico\\\/#primaryimage\",\"url\":\"https:\\\/\\\/effetquebec.ca\\\/wp-content\\\/uploads\\\/2024\\\/10\\\/pexels-alexwolfmx-14071000.png\",\"contentUrl\":\"https:\\\/\\\/effetquebec.ca\\\/wp-content\\\/uploads\\\/2024\\\/10\\\/pexels-alexwolfmx-14071000.png\",\"width\":1920,\"height\":1080},{\"@type\":\"BreadcrumbList\",\"@id\":\"https:\\\/\\\/effetquebec.ca\\\/en\\\/eventlist\\\/leffet-quebec-senvole-vers-mutek-mexico\\\/#breadcrumb\",\"itemListElement\":[{\"@type\":\"ListItem\",\"position\":1,\"name\":\"Accueil\",\"item\":\"https:\\\/\\\/effetquebec.ca\\\/en\\\/\"},{\"@type\":\"ListItem\",\"position\":2,\"name\":\"Events\",\"item\":\"https:\\\/\\\/effetquebec.ca\\\/en\\\/eventlist\\\/\"},{\"@type\":\"ListItem\",\"position\":3,\"name\":\"L\u2019Effet Qu\u00e9bec s\u2019envole vers MUTEK M\u00e9xico\"}]},{\"@type\":\"WebSite\",\"@id\":\"https:\\\/\\\/effetquebec.ca\\\/en\\\/#website\",\"url\":\"https:\\\/\\\/effetquebec.ca\\\/en\\\/\",\"name\":\"L\u2019Effet Qu\u00e9bec\",\"description\":\"P\u00f4le d\u2019expertise en exportation\",\"publisher\":{\"@id\":\"https:\\\/\\\/effetquebec.ca\\\/en\\\/#organization\"},\"potentialAction\":[{\"@type\":\"SearchAction\",\"target\":{\"@type\":\"EntryPoint\",\"urlTemplate\":\"https:\\\/\\\/effetquebec.ca\\\/en\\\/?s={search_term_string}\"},\"query-input\":{\"@type\":\"PropertyValueSpecification\",\"valueRequired\":true,\"valueName\":\"search_term_string\"}}],\"inLanguage\":\"en-CA\"},{\"@type\":\"Organization\",\"@id\":\"https:\\\/\\\/effetquebec.ca\\\/en\\\/#organization\",\"name\":\"L\u2019Effet Qu\u00e9bec\",\"url\":\"https:\\\/\\\/effetquebec.ca\\\/en\\\/\",\"logo\":{\"@type\":\"ImageObject\",\"inLanguage\":\"en-CA\",\"@id\":\"https:\\\/\\\/effetquebec.ca\\\/en\\\/#\\\/schema\\\/logo\\\/image\\\/\",\"url\":\"https:\\\/\\\/effetquebec.ca\\\/wp-content\\\/uploads\\\/2026\\\/04\\\/EffetQuebec.LogoVertical.RGB_.Noir-fav-1.png\",\"contentUrl\":\"https:\\\/\\\/effetquebec.ca\\\/wp-content\\\/uploads\\\/2026\\\/04\\\/EffetQuebec.LogoVertical.RGB_.Noir-fav-1.png\",\"width\":512,\"height\":512,\"caption\":\"L\u2019Effet Qu\u00e9bec\"},\"image\":{\"@id\":\"https:\\\/\\\/effetquebec.ca\\\/en\\\/#\\\/schema\\\/logo\\\/image\\\/\"},\"sameAs\":[\"https:\\\/\\\/www.facebook.com\\\/XnQuebec\",\"https:\\\/\\\/www.instagram.com\\\/xnquebec\\\/\",\"https:\\\/\\\/www.linkedin.com\\\/company\\\/xnquebec\\\/\"]},{\"@type\":\"Person\",\"@id\":\"https:\\\/\\\/effetquebec.ca\\\/en\\\/#\\\/schema\\\/person\\\/0e4294a33c177c281b4d82e0c16108bc\",\"name\":\"David Lamarre\",\"image\":{\"@type\":\"ImageObject\",\"inLanguage\":\"en-CA\",\"@id\":\"https:\\\/\\\/secure.gravatar.com\\\/avatar\\\/615248a3524da6cd8baf384ad5a563b4fdf9b01b6b8592b4856c3ab1dff647b9?s=96&d=mm&r=g\",\"url\":\"https:\\\/\\\/secure.gravatar.com\\\/avatar\\\/615248a3524da6cd8baf384ad5a563b4fdf9b01b6b8592b4856c3ab1dff647b9?s=96&d=mm&r=g\",\"contentUrl\":\"https:\\\/\\\/secure.gravatar.com\\\/avatar\\\/615248a3524da6cd8baf384ad5a563b4fdf9b01b6b8592b4856c3ab1dff647b9?s=96&d=mm&r=g\",\"caption\":\"David Lamarre\"}}]}<\/script>\n<!-- \/ Yoast SEO plugin. -->","yoast_head_json":{"title":"L\u2019Effet Qu\u00e9bec s\u2019envole vers MUTEK M\u00e9xico - L\u2019Effet Qu\u00e9bec","description":"Du pitch \u00e0 l'exportation: comment faire des affaires aux \u00c9tats-Unis, lorsqu\u2019on est un producteur qu\u00e9b\u00e9cois d'exp\u00e9riences num\u00e9riques?","robots":{"index":"index","follow":"follow","max-snippet":"max-snippet:-1","max-image-preview":"max-image-preview:large","max-video-preview":"max-video-preview:-1"},"canonical":"https:\/\/effetquebec.ca\/en\/eventlist\/leffet-quebec-senvole-vers-mutek-mexico\/","og_locale":"en_US","og_type":"article","og_title":"L\u2019Effet Qu\u00e9bec s\u2019envole vers MUTEK M\u00e9xico - L\u2019Effet Qu\u00e9bec","og_description":"Du pitch \u00e0 l'exportation: comment faire des affaires aux \u00c9tats-Unis, lorsqu\u2019on est un producteur qu\u00e9b\u00e9cois d'exp\u00e9riences num\u00e9riques?","og_url":"https:\/\/effetquebec.ca\/en\/eventlist\/leffet-quebec-senvole-vers-mutek-mexico\/","og_site_name":"L\u2019Effet Qu\u00e9bec","article_publisher":"https:\/\/www.facebook.com\/XnQuebec","article_modified_time":"2025-02-14T18:39:20+00:00","og_image":[{"width":700,"height":394,"url":"https:\/\/effetquebec.ca\/wp-content\/uploads\/2024\/10\/pexels-alexwolfmx-14071000-700x394.png","type":"image\/png"}],"twitter_card":"summary_large_image","twitter_misc":{"Est. reading time":"4 minutes"},"schema":{"@context":"https:\/\/schema.org","@graph":[{"@type":"Article","@id":"https:\/\/effetquebec.ca\/en\/eventlist\/leffet-quebec-senvole-vers-mutek-mexico\/#article","isPartOf":{"@id":"https:\/\/effetquebec.ca\/en\/eventlist\/leffet-quebec-senvole-vers-mutek-mexico\/"},"author":{"name":"David Lamarre","@id":"https:\/\/effetquebec.ca\/en\/#\/schema\/person\/0e4294a33c177c281b4d82e0c16108bc"},"headline":"L\u2019Effet Qu\u00e9bec s\u2019envole vers MUTEK M\u00e9xico","datePublished":"2024-10-01T15:30:33+00:00","dateModified":"2025-02-14T18:39:20+00:00","mainEntityOfPage":{"@id":"https:\/\/effetquebec.ca\/en\/eventlist\/leffet-quebec-senvole-vers-mutek-mexico\/"},"wordCount":739,"publisher":{"@id":"https:\/\/effetquebec.ca\/en\/#organization"},"image":{"@id":"https:\/\/effetquebec.ca\/en\/eventlist\/leffet-quebec-senvole-vers-mutek-mexico\/#primaryimage"},"thumbnailUrl":"https:\/\/effetquebec.ca\/wp-content\/uploads\/2024\/10\/pexels-alexwolfmx-14071000.png","inLanguage":"en-CA"},{"@type":"WebPage","@id":"https:\/\/effetquebec.ca\/en\/eventlist\/leffet-quebec-senvole-vers-mutek-mexico\/","url":"https:\/\/effetquebec.ca\/en\/eventlist\/leffet-quebec-senvole-vers-mutek-mexico\/","name":"L\u2019Effet Qu\u00e9bec s\u2019envole vers MUTEK M\u00e9xico - L\u2019Effet Qu\u00e9bec","isPartOf":{"@id":"https:\/\/effetquebec.ca\/en\/#website"},"primaryImageOfPage":{"@id":"https:\/\/effetquebec.ca\/en\/eventlist\/leffet-quebec-senvole-vers-mutek-mexico\/#primaryimage"},"image":{"@id":"https:\/\/effetquebec.ca\/en\/eventlist\/leffet-quebec-senvole-vers-mutek-mexico\/#primaryimage"},"thumbnailUrl":"https:\/\/effetquebec.ca\/wp-content\/uploads\/2024\/10\/pexels-alexwolfmx-14071000.png","datePublished":"2024-10-01T15:30:33+00:00","dateModified":"2025-02-14T18:39:20+00:00","description":"Du pitch \u00e0 l'exportation: comment faire des affaires aux \u00c9tats-Unis, lorsqu\u2019on est un producteur qu\u00e9b\u00e9cois d'exp\u00e9riences num\u00e9riques?","breadcrumb":{"@id":"https:\/\/effetquebec.ca\/en\/eventlist\/leffet-quebec-senvole-vers-mutek-mexico\/#breadcrumb"},"inLanguage":"en-CA","potentialAction":[{"@type":"ReadAction","target":["https:\/\/effetquebec.ca\/en\/eventlist\/leffet-quebec-senvole-vers-mutek-mexico\/"]}]},{"@type":"ImageObject","inLanguage":"en-CA","@id":"https:\/\/effetquebec.ca\/en\/eventlist\/leffet-quebec-senvole-vers-mutek-mexico\/#primaryimage","url":"https:\/\/effetquebec.ca\/wp-content\/uploads\/2024\/10\/pexels-alexwolfmx-14071000.png","contentUrl":"https:\/\/effetquebec.ca\/wp-content\/uploads\/2024\/10\/pexels-alexwolfmx-14071000.png","width":1920,"height":1080},{"@type":"BreadcrumbList","@id":"https:\/\/effetquebec.ca\/en\/eventlist\/leffet-quebec-senvole-vers-mutek-mexico\/#breadcrumb","itemListElement":[{"@type":"ListItem","position":1,"name":"Accueil","item":"https:\/\/effetquebec.ca\/en\/"},{"@type":"ListItem","position":2,"name":"Events","item":"https:\/\/effetquebec.ca\/en\/eventlist\/"},{"@type":"ListItem","position":3,"name":"L\u2019Effet Qu\u00e9bec s\u2019envole vers MUTEK M\u00e9xico"}]},{"@type":"WebSite","@id":"https:\/\/effetquebec.ca\/en\/#website","url":"https:\/\/effetquebec.ca\/en\/","name":"L\u2019Effet Qu\u00e9bec","description":"P\u00f4le d\u2019expertise en exportation","publisher":{"@id":"https:\/\/effetquebec.ca\/en\/#organization"},"potentialAction":[{"@type":"SearchAction","target":{"@type":"EntryPoint","urlTemplate":"https:\/\/effetquebec.ca\/en\/?s={search_term_string}"},"query-input":{"@type":"PropertyValueSpecification","valueRequired":true,"valueName":"search_term_string"}}],"inLanguage":"en-CA"},{"@type":"Organization","@id":"https:\/\/effetquebec.ca\/en\/#organization","name":"L\u2019Effet Qu\u00e9bec","url":"https:\/\/effetquebec.ca\/en\/","logo":{"@type":"ImageObject","inLanguage":"en-CA","@id":"https:\/\/effetquebec.ca\/en\/#\/schema\/logo\/image\/","url":"https:\/\/effetquebec.ca\/wp-content\/uploads\/2026\/04\/EffetQuebec.LogoVertical.RGB_.Noir-fav-1.png","contentUrl":"https:\/\/effetquebec.ca\/wp-content\/uploads\/2026\/04\/EffetQuebec.LogoVertical.RGB_.Noir-fav-1.png","width":512,"height":512,"caption":"L\u2019Effet Qu\u00e9bec"},"image":{"@id":"https:\/\/effetquebec.ca\/en\/#\/schema\/logo\/image\/"},"sameAs":["https:\/\/www.facebook.com\/XnQuebec","https:\/\/www.instagram.com\/xnquebec\/","https:\/\/www.linkedin.com\/company\/xnquebec\/"]},{"@type":"Person","@id":"https:\/\/effetquebec.ca\/en\/#\/schema\/person\/0e4294a33c177c281b4d82e0c16108bc","name":"David Lamarre","image":{"@type":"ImageObject","inLanguage":"en-CA","@id":"https:\/\/secure.gravatar.com\/avatar\/615248a3524da6cd8baf384ad5a563b4fdf9b01b6b8592b4856c3ab1dff647b9?s=96&d=mm&r=g","url":"https:\/\/secure.gravatar.com\/avatar\/615248a3524da6cd8baf384ad5a563b4fdf9b01b6b8592b4856c3ab1dff647b9?s=96&d=mm&r=g","contentUrl":"https:\/\/secure.gravatar.com\/avatar\/615248a3524da6cd8baf384ad5a563b4fdf9b01b6b8592b4856c3ab1dff647b9?s=96&d=mm&r=g","caption":"David Lamarre"}}]}},"_links":{"self":[{"href":"https:\/\/effetquebec.ca\/en\/wp-json\/wp\/v2\/evenements\/18454","targetHints":{"allow":["GET"]}}],"collection":[{"href":"https:\/\/effetquebec.ca\/en\/wp-json\/wp\/v2\/evenements"}],"about":[{"href":"https:\/\/effetquebec.ca\/en\/wp-json\/wp\/v2\/types\/evenements"}],"author":[{"embeddable":true,"href":"https:\/\/effetquebec.ca\/en\/wp-json\/wp\/v2\/users\/106"}],"wp:featuredmedia":[{"embeddable":true,"href":"https:\/\/effetquebec.ca\/en\/wp-json\/wp\/v2\/media\/18459"}],"wp:attachment":[{"href":"https:\/\/effetquebec.ca\/en\/wp-json\/wp\/v2\/media?parent=18454"}],"curies":[{"name":"wp","href":"https:\/\/api.w.org\/{rel}","templated":true}]}}