{"id":19665,"date":"2025-03-31T14:08:41","date_gmt":"2025-03-31T18:08:41","guid":{"rendered":"https:\/\/effetquebec.ca\/?post_type=evenements&#038;p=19665"},"modified":"2025-03-31T14:47:39","modified_gmt":"2025-03-31T18:47:39","slug":"faire-des-affaires-aux-etats-unis-en-2025-conseils-pratiques","status":"publish","type":"evenements","link":"https:\/\/effetquebec.ca\/en\/eventlist\/faire-des-affaires-aux-etats-unis-en-2025-conseils-pratiques\/","title":{"rendered":"Faire des affaires aux \u00c9tats-Unis en 2025 : conseils pratiques"},"content":{"rendered":"\n<div class=\"alignfull wp-block-ugb-header ugb-header ugb-5f1ce6c ugb-header ugb-header--v3 ugb-header--design-plain ugb-main-block ugb-main-block--inner-full ugb--has-block-background ugb--has-background-overlay ugb--has-bottom-separator\"><style>.ugb-5f1ce6c .ugb-header__title{font-size:60px !important;color:#ffffff}.ugb-5f1ce6c .ugb-header__subtitle{font-size:18px !important;color:#ffffff}.ugb-5f1ce6c.ugb-header{min-height:100vh;background-color:#000000;background-image:url(https:\/\/effetquebec.ca\/wp-content\/uploads\/2025\/03\/pexels-thomas-k-268383750-28449348-e1743443626953.jpg);background-position:bottom center}.ugb-5f1ce6c.ugb-header:before{background-color:#000000;opacity:0.6}@media screen and (max-width:1025px){.ugb-5f1ce6c .ugb-header__title{font-size:35px !important}.ugb-5f1ce6c.ugb-header{min-height:60vh}}@media screen and (-ms-high-contrast:active),screen and (-ms-high-contrast:none){.ugb-5f1ce6c.ugb-header{height:100vh}}<\/style><div class=\"ugb-bottom-separator\"><div class=\"ugb-separator-wrapper\"><svg xmlns=\"http:\/\/www.w3.org\/2000\/svg\" viewBox=\"0 0 1600 200\" filter=\"url(#slant-2-shadow_svg__a)\" enable-background=\"new 0 0 1600 200\" class=\"ugb-separator__shadow\" preserveAspectRatio=\"none\" aria-hidden=\"true\"><filter id=\"slant-2-shadow_svg__a\"><feGaussianBlur in=\"SourceAlpha\" stdDeviation=\"4\"><\/feGaussianBlur><feComponentTransfer><feFuncA type=\"linear\" slope=\"0.4\"><\/feFuncA><\/feComponentTransfer><feMerge><feMergeNode><\/feMergeNode><feMergeNode in=\"SourceGraphic\"><\/feMergeNode><\/feMerge><\/filter><path class=\"slant-2-shadow_svg__st1\" d=\"M1610 39.2v12L800 170.1-10 51.2v-12l810 118.9 810-118.9z\"><\/path><\/svg><svg xmlns=\"http:\/\/www.w3.org\/2000\/svg\" viewBox=\"0 0 1600 200\" class=\"ugb-separator__layer-1\" preserveAspectRatio=\"none\" aria-hidden=\"true\"><path class=\"slant-2_svg__st1\" d=\"M1610 39.2V209H-10V39.2l810 118.9 810-118.9z\"><\/path><\/svg><\/div><\/div><div class=\"ugb-inner-block ugb-inner-block--full\"><div class=\"ugb-block-content\"><div class=\"ugb-header__item\"><div class=\"ugb-content-wrapper\"><h1 class=\"ugb-header__title\">Faire des affaires aux \u00c9tats-Unis en 2025 : conseils pratiques<\/h1><p class=\"ugb-header__subtitle\">Auteur : David Lamarre, agent de d\u00e9veloppement culturel num\u00e9rique<\/p><\/div><\/div><\/div><\/div><\/div>\n\n\n\n<div class=\"wp-block-columns is-layout-flex wp-container-core-columns-is-layout-9d6595d7 wp-block-columns-is-layout-flex\">\n<div class=\"wp-block-column is-layout-flow wp-block-column-is-layout-flow\" style=\"flex-basis:75%\">\n<div class=\"wp-block-group\"><div class=\"wp-block-group__inner-container is-layout-constrained wp-block-group-is-layout-constrained\">\n<div class=\"wp-block-group\"><div class=\"wp-block-group__inner-container is-layout-constrained wp-block-group-is-layout-constrained\">\n<div class=\"wp-block-ugb-heading ugb-heading ugb-5b9d0d6 ugb-main-block\"><style>.ugb-5b9d0d6 .ugb-heading__title{font-size:24px !important}<\/style><div class=\"ugb-inner-block\"><div class=\"ugb-block-content\"><h2 class=\"ugb-heading__title\">Un partage de bonnes pratiques, offert par Dominic Cousineau, directeur principal, Export, march\u00e9 des \u00c9tats-Unis chez Investissement Qu\u00e9bec International<\/h2><div class=\"ugb-heading__bottom-line\"><\/div><\/div><\/div><\/div>\n<\/div><\/div>\n\n\n\n<p>Plusieurs studios qu\u00e9b\u00e9cois producteurs d\u2019exp\u00e9riences num\u00e9riques ont particip\u00e9 \u00e0 l&#8217;important festival SXSW, qui se tenait \u00e0 Austin, au Texas, du 7 au 15 mars 2025.<\/p>\n\n\n\n<p>Cet \u00e9v\u00e9nement phare des industries cr\u00e9atives et culturelles est une plaque tournante mondiale pour les producteur.rice.s, acheteur.euse.s et distributeur.rice.s de projets num\u00e9riques.<\/p>\n\n\n\n<p>Dominic Cousineau, directeur principal, Export, march\u00e9 des \u00c9tats-Unis chez Investissement Qu\u00e9bec International, a profit\u00e9 de la tenue d\u2019une rencontre pr\u00e9paratoire \u00e0 cette mission commerciale pour offrir aux futur.e.s festivalier.\u00e8re.s une pr\u00e9sentation sur les enjeux \u00e0 pr\u00e9voir.<\/p>\n\n\n\n<p>Chiffres \u00e0 l\u2019appui, il a abord\u00e9 les questions des \u00e9changes commerciaux entre le Canada et les \u00c9tats-Unis, du fonctionnement des tarifs douaniers et de l\u2019Accord Canada-\u00c9tats-Unis-Mexique (ACEUM).<\/p>\n\n\n\n<p>Retour sur cette discussion enrichissante, organis\u00e9e par L\u2019Effet Qu\u00e9bec et Hub Montr\u00e9al, avec le soutien du Fonds Qu\u00e9becor, le 13 f\u00e9vrier dernier.<\/p>\n<\/div><\/div>\n<\/div>\n<\/div>\n\n\n\n<div class=\"wp-block-columns is-layout-flex wp-container-core-columns-is-layout-9d6595d7 wp-block-columns-is-layout-flex\">\n<div class=\"wp-block-column is-layout-flow wp-block-column-is-layout-flow\" style=\"flex-basis:75%\">\n<div class=\"wp-block-group\"><div class=\"wp-block-group__inner-container is-layout-constrained wp-block-group-is-layout-constrained\">\n<h3 class=\"wp-block-heading\">D\u2019\u00e9gal \u00e0 \u00e9gal<\/h3>\n\n\n\n<p>D\u2019embl\u00e9e, Dominic Cousineau a d\u00e9construit le mythe selon lequel le Canada b\u00e9n\u00e9ficierait d\u2019un d\u00e9s\u00e9quilibre abusif dans ses \u00e9changes commerciaux avec son voisin du Sud. Il a mentionn\u00e9 qu\u2019en faisant abstraction du secteur de l\u2019\u00e9nergie, ce sont les Am\u00e9ricains qui ont enregistr\u00e9 un exc\u00e9dent commercial de biens d\u2019environ 40 G$ CA en 2023. \u00c0 titre de comparaison, au cours de la m\u00eame p\u00e9riode, les \u00c9tats-Unis ont observ\u00e9 des d\u00e9ficits de 206 G$ CA avec le Mexique et de 376 G$ CA avec la Chine.<\/p>\n\n\n\n<p>Il a aussi insist\u00e9 sur un point essentiel : \u00ab Le Canada est le plus important client des \u00c9tats-Unis. &nbsp; La Chine, le Japon, la France et le Royaume Uni ach\u00e8tent moins que nous\u2026 ensemble ! \u00bb Ainsi, le Canada est le plus grand march\u00e9 d\u2019exportation pour 36 des 50 \u00c9tats am\u00e9ricains.<\/p>\n<\/div><\/div>\n<\/div>\n<\/div>\n\n\n\n<div class=\"wp-block-columns is-layout-flex wp-container-core-columns-is-layout-9d6595d7 wp-block-columns-is-layout-flex\">\n<div class=\"wp-block-column is-layout-flow wp-block-column-is-layout-flow\" style=\"flex-basis:75%\">\n<div class=\"wp-block-group\"><div class=\"wp-block-group__inner-container is-layout-constrained wp-block-group-is-layout-constrained\">\n<h3 class=\"wp-block-heading\">L\u2019impact des tarifs<\/h3>\n\n\n\n<p>Dominic Cousineau a d\u2019abord pris soin d\u2019expliquer ce qu\u2019est un tarif. \u00ab C\u2019est un droit appliqu\u00e9 aux marchandises \u00e0 leur importation. \u00bb Il a aussi pr\u00e9cis\u00e9 que, dans le cadre de l\u2019ACEUM, les biens num\u00e9riques ne font pas l\u2019objet de tarifs.<\/p>\n\n\n\n<p>Citant les chiffres fournis par plusieurs \u00e9conomistes, dont Stephen Tapp, \u00e9conomiste en chef de la Chambre de commerce du Canada, Dominic Cousineau a soutenu qu\u2019il semblait avoir un consensus sur le fait que l\u2019imposition de tarifs de 25 % des deux c\u00f4t\u00e9s de la fronti\u00e8re ferait chuter le produit int\u00e9rieur brut des \u00c9tats-Unis et du Canada.<\/p>\n\n\n\n<p>L\u2019adoption de telles mesures aurait \u00e9galement, selon plusieurs experts, un impact sur le taux de change. On peut pr\u00e9voir une d\u00e9valuation de la devise canadienne par rapport au dollar am\u00e9ricain.<\/p>\n<\/div><\/div>\n<\/div>\n<\/div>\n\n\n\n<div class=\"wp-block-columns is-layout-flex wp-container-core-columns-is-layout-9d6595d7 wp-block-columns-is-layout-flex\">\n<div class=\"wp-block-column is-layout-flow wp-block-column-is-layout-flow\" style=\"flex-basis:75%\">\n<div class=\"wp-block-group\"><div class=\"wp-block-group__inner-container is-layout-constrained wp-block-group-is-layout-constrained\">\n<h3 class=\"wp-block-heading\">Des conseils pratiques<\/h3>\n\n\n\n<p>Dominic Cousineau a pr\u00e9cis\u00e9 que les tarifs ne s\u2019appliquent qu&#8217;aux biens. Ils ne concernent pas les services. Il encourage donc les producteur.rice.s d\u2019exp\u00e9riences num\u00e9riques qui incluent \u00e0 la fois des produits et des services dans leur offre \u00e0 consulter un.e sp\u00e9cialiste en droits tarifaires pour s\u2019assurer de facturer ad\u00e9quatement leurs client.e.s advenant l\u2019imposition de tarifs.<\/p>\n\n\n\n<p>Dans le m\u00eame ordre d\u2019id\u00e9es, il a rappel\u00e9 que, en temps normal, les tarifs douaniers doivent \u00eatre r\u00e9gl\u00e9s par l\u2019acheteur.rice. Cependant, certains contrats peuvent inclure une clause qui exige que le paiement de ces droits soit effectu\u00e9 \u00e0 la livraison. Une fois de plus, un.e sp\u00e9cialiste en droits tarifaires pourra \u00e9claircir cette question.<\/p>\n\n\n\n<p>Enfin, il a recommand\u00e9 de ne pas aborder les sujets des \u00e9lections r\u00e9centes, ni les pr\u00e9f\u00e9rences politiques, avec de potentiels partenaires am\u00e9ricains. Ces questions divisent, que l\u2019on se trouve dans un \u00c9tat rouge comme le Texas ou dans un \u00c9tat bleu comme le Vermont. Il est pr\u00e9f\u00e9rable de se concentrer sur ce qui nous rapproche en tant que voisins et alli\u00e9s de longue date.<\/p>\n<\/div><\/div>\n<\/div>\n<\/div>\n\n\n\n<div class=\"wp-block-columns is-layout-flex wp-container-core-columns-is-layout-9d6595d7 wp-block-columns-is-layout-flex\">\n<div class=\"wp-block-column is-layout-flow wp-block-column-is-layout-flow\" style=\"flex-basis:75%\">\n<div class=\"wp-block-group\"><div class=\"wp-block-group__inner-container is-layout-constrained wp-block-group-is-layout-constrained\">\n<h3 class=\"wp-block-heading\">Pour aller plus loin<\/h3>\n\n\n\n<p>La discussion men\u00e9e par Dominic Cousineau a offert <a href=\"https:\/\/effetquebec.ca\/quebecsxsw2025\/\">\u00e0 la d\u00e9l\u00e9gation qu\u00e9b\u00e9coise<\/a> des pistes essentielles pour mieux comprendre les enjeux \u00e9conomiques et les r\u00e9alit\u00e9s du march\u00e9 am\u00e9ricain.<\/p>\n\n\n\n<p>De plus, pour mieux cerner les opportunit\u00e9s d\u2019affaires aux \u00c9tats-Unis, L\u2019Effet Qu\u00e9bec a rendu disponible, au cours des derniers mois, trois recherches approfondies:<\/p>\n\n\n\n<ul class=\"wp-block-list\">\n<li><a href=\"https:\/\/effetquebec.ca\/etudes\/etude-marches-americains-version-complete\/\"><strong>Une analyse de 10 march\u00e9s am\u00e9ricains<\/strong><\/a> qui fournit des donn\u00e9es cl\u00e9s sur le contexte commercial et les tendances du secteur;<\/li>\n\n\n\n<li><a href=\"https:\/\/effetquebec.ca\/etudes\/etude-installations-interactives\/\"><strong>Une \u00e9tude sur le potentiel des installations interactives<\/strong><\/a>, id\u00e9ale pour les cr\u00e9ateurs qui souhaitent innover et se d\u00e9marquer sur la sc\u00e8ne internationale;<\/li>\n\n\n\n<li><a href=\"https:\/\/effetquebec.ca\/etudes\/resume-etude-experiences-immersives\/\"><strong>Une \u00e9tude sur le potentiel des exp\u00e9riences immersives en Europe et en Am\u00e9rique du Nord<\/strong><\/a>, qui offre un regard strat\u00e9gique sur les tendances et les march\u00e9s porteurs.<\/li>\n<\/ul>\n\n\n\n<p>Ces trois \u00e9tudes constituent d&#8217;excellentes lectures pour un voyage d\u2019affaires aux \u00c9tats-Unis, offrant des informations pr\u00e9cieuses pour optimiser sa pr\u00e9sence et ses rencontres sur place.<\/p>\n\n\n\n<p><\/p>\n\n\n\n<p><\/p>\n<\/div><\/div>\n<\/div>\n<\/div>\n\n\n\n<div class=\"wp-block-columns is-layout-flex wp-container-core-columns-is-layout-9d6595d7 wp-block-columns-is-layout-flex\">\n<div class=\"wp-block-column is-layout-flow wp-block-column-is-layout-flow\" style=\"flex-basis:75%\">\n<div class=\"wp-block-group\"><div class=\"wp-block-group__inner-container is-layout-constrained wp-block-group-is-layout-constrained\">\n<h3 class=\"wp-block-heading\">Remerciements<\/h3>\n\n\n\n<p>Les cercles de partage de l&#8217;Effet Qu\u00e9bec sont rendu possible gr\u00e2ce \u00e0 la collaboration du <a href=\"https:\/\/www.fondsquebecor.ca\/fr\/\">Fonds Qu\u00e9b\u00e9cor<\/a>.<\/p>\n\n\n\n<p>Cr\u00e9dit photo: <a href=\"https:\/\/www.pexels.com\/fr-fr\/photo\/drapeaux-du-canada-et-des-etats-unis-a-harbor-beach-28449348\/\">Thomas K<\/a> sur Pexels<\/p>\n<\/div><\/div>\n<\/div>\n<\/div>\n\n\n\n<p><\/p>\n","protected":false},"excerpt":{"rendered":"Dominic Cousineau, directeur principal, Export, march\u00e9 des \u00c9tats-Unis chez Investissement Qu\u00e9bec International, nous informe d&#8217;enjeux \u00e0 pr\u00e9voir.","protected":false},"author":106,"featured_media":19666,"template":"","meta":{"_acf_changed":false,"_links_to":"","_links_to_target":""},"class_list":["post-19665","evenements","type-evenements","status-publish","has-post-thumbnail","hentry"],"featured_image_urls_v2":{"full":["https:\/\/effetquebec.ca\/wp-content\/uploads\/2025\/03\/pexels-thomas-k-268383750-28449348-e1743443626953.jpg",3914,2204,false],"thumbnail":["https:\/\/effetquebec.ca\/wp-content\/uploads\/2025\/03\/pexels-thomas-k-268383750-28449348-e1743443626953-150x150.jpg",150,150,true],"medium":["https:\/\/effetquebec.ca\/wp-content\/uploads\/2025\/03\/pexels-thomas-k-268383750-28449348-e1743443626953-250x141.jpg",250,141,true],"medium_large":["https:\/\/effetquebec.ca\/wp-content\/uploads\/2025\/03\/pexels-thomas-k-268383750-28449348-e1743443626953-768x432.jpg",768,432,true],"large":["https:\/\/effetquebec.ca\/wp-content\/uploads\/2025\/03\/pexels-thomas-k-268383750-28449348-e1743443626953-700x394.jpg",700,394,true],"1536x1536":["https:\/\/effetquebec.ca\/wp-content\/uploads\/2025\/03\/pexels-thomas-k-268383750-28449348-e1743443626953-1536x865.jpg",1536,865,true],"2048x2048":["https:\/\/effetquebec.ca\/wp-content\/uploads\/2025\/03\/pexels-thomas-k-268383750-28449348-e1743443626953-2048x1153.jpg",2048,1153,true],"small":["https:\/\/effetquebec.ca\/wp-content\/uploads\/2025\/03\/pexels-thomas-k-268383750-28449348-e1743443626953-120x68.jpg",120,68,true],"custom-size":["https:\/\/effetquebec.ca\/wp-content\/uploads\/2025\/03\/pexels-thomas-k-268383750-28449348-e1743443626953-700x200.jpg",700,200,true],"grille":["https:\/\/effetquebec.ca\/wp-content\/uploads\/2025\/03\/pexels-thomas-k-268383750-28449348-e1743443626953-800x450.jpg",800,450,true],"gform-image-choice-sm":["https:\/\/effetquebec.ca\/wp-content\/uploads\/2025\/03\/pexels-thomas-k-268383750-28449348-e1743443626953-300x300.jpg",300,300,true],"gform-image-choice-md":["https:\/\/effetquebec.ca\/wp-content\/uploads\/2025\/03\/pexels-thomas-k-268383750-28449348-e1743443626953-400x400.jpg",400,400,true],"gform-image-choice-lg":["https:\/\/effetquebec.ca\/wp-content\/uploads\/2025\/03\/pexels-thomas-k-268383750-28449348-e1743443626953-600x600.jpg",600,600,true]},"post_excerpt_stackable_v2":"Dominic Cousineau, directeur principal, Export, march\u00e9 des \u00c9tats-Unis chez Investissement Qu\u00e9bec International, nous informe d&#8217;enjeux \u00e0 pr\u00e9voir.","category_list_v2":"","author_info_v2":{"name":"David Lamarre","url":"https:\/\/effetquebec.ca\/en\/author\/david\/"},"comments_num_v2":"0 comments","acf":[],"yoast_head":"<!-- This site is optimized with the Yoast SEO plugin v27.4 - https:\/\/yoast.com\/product\/yoast-seo-wordpress\/ -->\n<title>Faire des affaires aux \u00c9tats-Unis en 2025 : conseils pratiques - L\u2019Effet Qu\u00e9bec<\/title>\n<meta name=\"description\" content=\"Dominic Cousineau, directeur principal, Export, march\u00e9 des \u00c9tats-Unis chez Investissement Qu\u00e9bec International, nous informe d&#039;enjeux \u00e0 pr\u00e9voir.\" \/>\n<meta name=\"robots\" content=\"index, follow, max-snippet:-1, max-image-preview:large, max-video-preview:-1\" \/>\n<link rel=\"canonical\" href=\"https:\/\/effetquebec.ca\/en\/eventlist\/faire-des-affaires-aux-etats-unis-en-2025-conseils-pratiques\/\" \/>\n<meta property=\"og:locale\" content=\"en_US\" \/>\n<meta property=\"og:type\" content=\"article\" \/>\n<meta property=\"og:title\" content=\"Faire des affaires aux \u00c9tats-Unis en 2025 : conseils pratiques - L\u2019Effet Qu\u00e9bec\" \/>\n<meta property=\"og:description\" content=\"Dominic Cousineau, directeur principal, Export, march\u00e9 des \u00c9tats-Unis chez Investissement Qu\u00e9bec International, nous informe d&#039;enjeux \u00e0 pr\u00e9voir.\" \/>\n<meta property=\"og:url\" content=\"https:\/\/effetquebec.ca\/en\/eventlist\/faire-des-affaires-aux-etats-unis-en-2025-conseils-pratiques\/\" \/>\n<meta property=\"og:site_name\" content=\"L\u2019Effet Qu\u00e9bec\" \/>\n<meta property=\"article:publisher\" content=\"https:\/\/www.facebook.com\/XnQuebec\" \/>\n<meta property=\"article:modified_time\" content=\"2025-03-31T18:47:39+00:00\" \/>\n<meta property=\"og:image\" content=\"https:\/\/effetquebec.ca\/wp-content\/uploads\/2025\/03\/pexels-thomas-k-268383750-28449348-e1743443626953.jpg\" \/>\n\t<meta property=\"og:image:width\" content=\"3914\" \/>\n\t<meta property=\"og:image:height\" content=\"2204\" \/>\n\t<meta property=\"og:image:type\" content=\"image\/jpeg\" \/>\n<meta name=\"twitter:card\" content=\"summary_large_image\" \/>\n<meta name=\"twitter:label1\" content=\"Est. reading time\" \/>\n\t<meta name=\"twitter:data1\" content=\"4 minutes\" \/>\n<script type=\"application\/ld+json\" class=\"yoast-schema-graph\">{\"@context\":\"https:\\\/\\\/schema.org\",\"@graph\":[{\"@type\":\"Article\",\"@id\":\"https:\\\/\\\/effetquebec.ca\\\/en\\\/eventlist\\\/faire-des-affaires-aux-etats-unis-en-2025-conseils-pratiques\\\/#article\",\"isPartOf\":{\"@id\":\"https:\\\/\\\/effetquebec.ca\\\/en\\\/eventlist\\\/faire-des-affaires-aux-etats-unis-en-2025-conseils-pratiques\\\/\"},\"author\":{\"name\":\"David Lamarre\",\"@id\":\"https:\\\/\\\/effetquebec.ca\\\/en\\\/#\\\/schema\\\/person\\\/0e4294a33c177c281b4d82e0c16108bc\"},\"headline\":\"Faire des affaires aux \u00c9tats-Unis en 2025 : conseils pratiques\",\"datePublished\":\"2025-03-31T18:08:41+00:00\",\"dateModified\":\"2025-03-31T18:47:39+00:00\",\"mainEntityOfPage\":{\"@id\":\"https:\\\/\\\/effetquebec.ca\\\/en\\\/eventlist\\\/faire-des-affaires-aux-etats-unis-en-2025-conseils-pratiques\\\/\"},\"wordCount\":899,\"publisher\":{\"@id\":\"https:\\\/\\\/effetquebec.ca\\\/en\\\/#organization\"},\"image\":{\"@id\":\"https:\\\/\\\/effetquebec.ca\\\/en\\\/eventlist\\\/faire-des-affaires-aux-etats-unis-en-2025-conseils-pratiques\\\/#primaryimage\"},\"thumbnailUrl\":\"https:\\\/\\\/effetquebec.ca\\\/wp-content\\\/uploads\\\/2025\\\/03\\\/pexels-thomas-k-268383750-28449348-e1743443626953.jpg\",\"inLanguage\":\"en-CA\"},{\"@type\":\"WebPage\",\"@id\":\"https:\\\/\\\/effetquebec.ca\\\/en\\\/eventlist\\\/faire-des-affaires-aux-etats-unis-en-2025-conseils-pratiques\\\/\",\"url\":\"https:\\\/\\\/effetquebec.ca\\\/en\\\/eventlist\\\/faire-des-affaires-aux-etats-unis-en-2025-conseils-pratiques\\\/\",\"name\":\"Faire des affaires aux \u00c9tats-Unis en 2025 : conseils pratiques - L\u2019Effet Qu\u00e9bec\",\"isPartOf\":{\"@id\":\"https:\\\/\\\/effetquebec.ca\\\/en\\\/#website\"},\"primaryImageOfPage\":{\"@id\":\"https:\\\/\\\/effetquebec.ca\\\/en\\\/eventlist\\\/faire-des-affaires-aux-etats-unis-en-2025-conseils-pratiques\\\/#primaryimage\"},\"image\":{\"@id\":\"https:\\\/\\\/effetquebec.ca\\\/en\\\/eventlist\\\/faire-des-affaires-aux-etats-unis-en-2025-conseils-pratiques\\\/#primaryimage\"},\"thumbnailUrl\":\"https:\\\/\\\/effetquebec.ca\\\/wp-content\\\/uploads\\\/2025\\\/03\\\/pexels-thomas-k-268383750-28449348-e1743443626953.jpg\",\"datePublished\":\"2025-03-31T18:08:41+00:00\",\"dateModified\":\"2025-03-31T18:47:39+00:00\",\"description\":\"Dominic Cousineau, directeur principal, Export, march\u00e9 des \u00c9tats-Unis chez Investissement Qu\u00e9bec International, nous informe d'enjeux \u00e0 pr\u00e9voir.\",\"breadcrumb\":{\"@id\":\"https:\\\/\\\/effetquebec.ca\\\/en\\\/eventlist\\\/faire-des-affaires-aux-etats-unis-en-2025-conseils-pratiques\\\/#breadcrumb\"},\"inLanguage\":\"en-CA\",\"potentialAction\":[{\"@type\":\"ReadAction\",\"target\":[\"https:\\\/\\\/effetquebec.ca\\\/en\\\/eventlist\\\/faire-des-affaires-aux-etats-unis-en-2025-conseils-pratiques\\\/\"]}]},{\"@type\":\"ImageObject\",\"inLanguage\":\"en-CA\",\"@id\":\"https:\\\/\\\/effetquebec.ca\\\/en\\\/eventlist\\\/faire-des-affaires-aux-etats-unis-en-2025-conseils-pratiques\\\/#primaryimage\",\"url\":\"https:\\\/\\\/effetquebec.ca\\\/wp-content\\\/uploads\\\/2025\\\/03\\\/pexels-thomas-k-268383750-28449348-e1743443626953.jpg\",\"contentUrl\":\"https:\\\/\\\/effetquebec.ca\\\/wp-content\\\/uploads\\\/2025\\\/03\\\/pexels-thomas-k-268383750-28449348-e1743443626953.jpg\",\"width\":3914,\"height\":2204},{\"@type\":\"BreadcrumbList\",\"@id\":\"https:\\\/\\\/effetquebec.ca\\\/en\\\/eventlist\\\/faire-des-affaires-aux-etats-unis-en-2025-conseils-pratiques\\\/#breadcrumb\",\"itemListElement\":[{\"@type\":\"ListItem\",\"position\":1,\"name\":\"Accueil\",\"item\":\"https:\\\/\\\/effetquebec.ca\\\/en\\\/\"},{\"@type\":\"ListItem\",\"position\":2,\"name\":\"Events\",\"item\":\"https:\\\/\\\/effetquebec.ca\\\/en\\\/eventlist\\\/\"},{\"@type\":\"ListItem\",\"position\":3,\"name\":\"Faire des affaires aux \u00c9tats-Unis en 2025 : conseils pratiques\"}]},{\"@type\":\"WebSite\",\"@id\":\"https:\\\/\\\/effetquebec.ca\\\/en\\\/#website\",\"url\":\"https:\\\/\\\/effetquebec.ca\\\/en\\\/\",\"name\":\"L\u2019Effet Qu\u00e9bec\",\"description\":\"P\u00f4le d\u2019expertise en exportation\",\"publisher\":{\"@id\":\"https:\\\/\\\/effetquebec.ca\\\/en\\\/#organization\"},\"potentialAction\":[{\"@type\":\"SearchAction\",\"target\":{\"@type\":\"EntryPoint\",\"urlTemplate\":\"https:\\\/\\\/effetquebec.ca\\\/en\\\/?s={search_term_string}\"},\"query-input\":{\"@type\":\"PropertyValueSpecification\",\"valueRequired\":true,\"valueName\":\"search_term_string\"}}],\"inLanguage\":\"en-CA\"},{\"@type\":\"Organization\",\"@id\":\"https:\\\/\\\/effetquebec.ca\\\/en\\\/#organization\",\"name\":\"L\u2019Effet Qu\u00e9bec\",\"url\":\"https:\\\/\\\/effetquebec.ca\\\/en\\\/\",\"logo\":{\"@type\":\"ImageObject\",\"inLanguage\":\"en-CA\",\"@id\":\"https:\\\/\\\/effetquebec.ca\\\/en\\\/#\\\/schema\\\/logo\\\/image\\\/\",\"url\":\"https:\\\/\\\/effetquebec.ca\\\/wp-content\\\/uploads\\\/2026\\\/04\\\/EffetQuebec.LogoVertical.RGB_.Noir-fav-1.png\",\"contentUrl\":\"https:\\\/\\\/effetquebec.ca\\\/wp-content\\\/uploads\\\/2026\\\/04\\\/EffetQuebec.LogoVertical.RGB_.Noir-fav-1.png\",\"width\":512,\"height\":512,\"caption\":\"L\u2019Effet Qu\u00e9bec\"},\"image\":{\"@id\":\"https:\\\/\\\/effetquebec.ca\\\/en\\\/#\\\/schema\\\/logo\\\/image\\\/\"},\"sameAs\":[\"https:\\\/\\\/www.facebook.com\\\/XnQuebec\",\"https:\\\/\\\/www.instagram.com\\\/xnquebec\\\/\",\"https:\\\/\\\/www.linkedin.com\\\/company\\\/xnquebec\\\/\"]},{\"@type\":\"Person\",\"@id\":\"https:\\\/\\\/effetquebec.ca\\\/en\\\/#\\\/schema\\\/person\\\/0e4294a33c177c281b4d82e0c16108bc\",\"name\":\"David Lamarre\",\"image\":{\"@type\":\"ImageObject\",\"inLanguage\":\"en-CA\",\"@id\":\"https:\\\/\\\/secure.gravatar.com\\\/avatar\\\/615248a3524da6cd8baf384ad5a563b4fdf9b01b6b8592b4856c3ab1dff647b9?s=96&d=mm&r=g\",\"url\":\"https:\\\/\\\/secure.gravatar.com\\\/avatar\\\/615248a3524da6cd8baf384ad5a563b4fdf9b01b6b8592b4856c3ab1dff647b9?s=96&d=mm&r=g\",\"contentUrl\":\"https:\\\/\\\/secure.gravatar.com\\\/avatar\\\/615248a3524da6cd8baf384ad5a563b4fdf9b01b6b8592b4856c3ab1dff647b9?s=96&d=mm&r=g\",\"caption\":\"David Lamarre\"}}]}<\/script>\n<!-- \/ Yoast SEO plugin. -->","yoast_head_json":{"title":"Faire des affaires aux \u00c9tats-Unis en 2025 : conseils pratiques - L\u2019Effet Qu\u00e9bec","description":"Dominic Cousineau, directeur principal, Export, march\u00e9 des \u00c9tats-Unis chez Investissement Qu\u00e9bec International, nous informe d'enjeux \u00e0 pr\u00e9voir.","robots":{"index":"index","follow":"follow","max-snippet":"max-snippet:-1","max-image-preview":"max-image-preview:large","max-video-preview":"max-video-preview:-1"},"canonical":"https:\/\/effetquebec.ca\/en\/eventlist\/faire-des-affaires-aux-etats-unis-en-2025-conseils-pratiques\/","og_locale":"en_US","og_type":"article","og_title":"Faire des affaires aux \u00c9tats-Unis en 2025 : conseils pratiques - L\u2019Effet Qu\u00e9bec","og_description":"Dominic Cousineau, directeur principal, Export, march\u00e9 des \u00c9tats-Unis chez Investissement Qu\u00e9bec International, nous informe d'enjeux \u00e0 pr\u00e9voir.","og_url":"https:\/\/effetquebec.ca\/en\/eventlist\/faire-des-affaires-aux-etats-unis-en-2025-conseils-pratiques\/","og_site_name":"L\u2019Effet Qu\u00e9bec","article_publisher":"https:\/\/www.facebook.com\/XnQuebec","article_modified_time":"2025-03-31T18:47:39+00:00","og_image":[{"width":3914,"height":2204,"url":"https:\/\/effetquebec.ca\/wp-content\/uploads\/2025\/03\/pexels-thomas-k-268383750-28449348-e1743443626953.jpg","type":"image\/jpeg"}],"twitter_card":"summary_large_image","twitter_misc":{"Est. reading time":"4 minutes"},"schema":{"@context":"https:\/\/schema.org","@graph":[{"@type":"Article","@id":"https:\/\/effetquebec.ca\/en\/eventlist\/faire-des-affaires-aux-etats-unis-en-2025-conseils-pratiques\/#article","isPartOf":{"@id":"https:\/\/effetquebec.ca\/en\/eventlist\/faire-des-affaires-aux-etats-unis-en-2025-conseils-pratiques\/"},"author":{"name":"David Lamarre","@id":"https:\/\/effetquebec.ca\/en\/#\/schema\/person\/0e4294a33c177c281b4d82e0c16108bc"},"headline":"Faire des affaires aux \u00c9tats-Unis en 2025 : conseils pratiques","datePublished":"2025-03-31T18:08:41+00:00","dateModified":"2025-03-31T18:47:39+00:00","mainEntityOfPage":{"@id":"https:\/\/effetquebec.ca\/en\/eventlist\/faire-des-affaires-aux-etats-unis-en-2025-conseils-pratiques\/"},"wordCount":899,"publisher":{"@id":"https:\/\/effetquebec.ca\/en\/#organization"},"image":{"@id":"https:\/\/effetquebec.ca\/en\/eventlist\/faire-des-affaires-aux-etats-unis-en-2025-conseils-pratiques\/#primaryimage"},"thumbnailUrl":"https:\/\/effetquebec.ca\/wp-content\/uploads\/2025\/03\/pexels-thomas-k-268383750-28449348-e1743443626953.jpg","inLanguage":"en-CA"},{"@type":"WebPage","@id":"https:\/\/effetquebec.ca\/en\/eventlist\/faire-des-affaires-aux-etats-unis-en-2025-conseils-pratiques\/","url":"https:\/\/effetquebec.ca\/en\/eventlist\/faire-des-affaires-aux-etats-unis-en-2025-conseils-pratiques\/","name":"Faire des affaires aux \u00c9tats-Unis en 2025 : conseils pratiques - L\u2019Effet Qu\u00e9bec","isPartOf":{"@id":"https:\/\/effetquebec.ca\/en\/#website"},"primaryImageOfPage":{"@id":"https:\/\/effetquebec.ca\/en\/eventlist\/faire-des-affaires-aux-etats-unis-en-2025-conseils-pratiques\/#primaryimage"},"image":{"@id":"https:\/\/effetquebec.ca\/en\/eventlist\/faire-des-affaires-aux-etats-unis-en-2025-conseils-pratiques\/#primaryimage"},"thumbnailUrl":"https:\/\/effetquebec.ca\/wp-content\/uploads\/2025\/03\/pexels-thomas-k-268383750-28449348-e1743443626953.jpg","datePublished":"2025-03-31T18:08:41+00:00","dateModified":"2025-03-31T18:47:39+00:00","description":"Dominic Cousineau, directeur principal, Export, march\u00e9 des \u00c9tats-Unis chez Investissement Qu\u00e9bec International, nous informe d'enjeux \u00e0 pr\u00e9voir.","breadcrumb":{"@id":"https:\/\/effetquebec.ca\/en\/eventlist\/faire-des-affaires-aux-etats-unis-en-2025-conseils-pratiques\/#breadcrumb"},"inLanguage":"en-CA","potentialAction":[{"@type":"ReadAction","target":["https:\/\/effetquebec.ca\/en\/eventlist\/faire-des-affaires-aux-etats-unis-en-2025-conseils-pratiques\/"]}]},{"@type":"ImageObject","inLanguage":"en-CA","@id":"https:\/\/effetquebec.ca\/en\/eventlist\/faire-des-affaires-aux-etats-unis-en-2025-conseils-pratiques\/#primaryimage","url":"https:\/\/effetquebec.ca\/wp-content\/uploads\/2025\/03\/pexels-thomas-k-268383750-28449348-e1743443626953.jpg","contentUrl":"https:\/\/effetquebec.ca\/wp-content\/uploads\/2025\/03\/pexels-thomas-k-268383750-28449348-e1743443626953.jpg","width":3914,"height":2204},{"@type":"BreadcrumbList","@id":"https:\/\/effetquebec.ca\/en\/eventlist\/faire-des-affaires-aux-etats-unis-en-2025-conseils-pratiques\/#breadcrumb","itemListElement":[{"@type":"ListItem","position":1,"name":"Accueil","item":"https:\/\/effetquebec.ca\/en\/"},{"@type":"ListItem","position":2,"name":"Events","item":"https:\/\/effetquebec.ca\/en\/eventlist\/"},{"@type":"ListItem","position":3,"name":"Faire des affaires aux \u00c9tats-Unis en 2025 : conseils pratiques"}]},{"@type":"WebSite","@id":"https:\/\/effetquebec.ca\/en\/#website","url":"https:\/\/effetquebec.ca\/en\/","name":"L\u2019Effet Qu\u00e9bec","description":"P\u00f4le d\u2019expertise en exportation","publisher":{"@id":"https:\/\/effetquebec.ca\/en\/#organization"},"potentialAction":[{"@type":"SearchAction","target":{"@type":"EntryPoint","urlTemplate":"https:\/\/effetquebec.ca\/en\/?s={search_term_string}"},"query-input":{"@type":"PropertyValueSpecification","valueRequired":true,"valueName":"search_term_string"}}],"inLanguage":"en-CA"},{"@type":"Organization","@id":"https:\/\/effetquebec.ca\/en\/#organization","name":"L\u2019Effet Qu\u00e9bec","url":"https:\/\/effetquebec.ca\/en\/","logo":{"@type":"ImageObject","inLanguage":"en-CA","@id":"https:\/\/effetquebec.ca\/en\/#\/schema\/logo\/image\/","url":"https:\/\/effetquebec.ca\/wp-content\/uploads\/2026\/04\/EffetQuebec.LogoVertical.RGB_.Noir-fav-1.png","contentUrl":"https:\/\/effetquebec.ca\/wp-content\/uploads\/2026\/04\/EffetQuebec.LogoVertical.RGB_.Noir-fav-1.png","width":512,"height":512,"caption":"L\u2019Effet Qu\u00e9bec"},"image":{"@id":"https:\/\/effetquebec.ca\/en\/#\/schema\/logo\/image\/"},"sameAs":["https:\/\/www.facebook.com\/XnQuebec","https:\/\/www.instagram.com\/xnquebec\/","https:\/\/www.linkedin.com\/company\/xnquebec\/"]},{"@type":"Person","@id":"https:\/\/effetquebec.ca\/en\/#\/schema\/person\/0e4294a33c177c281b4d82e0c16108bc","name":"David Lamarre","image":{"@type":"ImageObject","inLanguage":"en-CA","@id":"https:\/\/secure.gravatar.com\/avatar\/615248a3524da6cd8baf384ad5a563b4fdf9b01b6b8592b4856c3ab1dff647b9?s=96&d=mm&r=g","url":"https:\/\/secure.gravatar.com\/avatar\/615248a3524da6cd8baf384ad5a563b4fdf9b01b6b8592b4856c3ab1dff647b9?s=96&d=mm&r=g","contentUrl":"https:\/\/secure.gravatar.com\/avatar\/615248a3524da6cd8baf384ad5a563b4fdf9b01b6b8592b4856c3ab1dff647b9?s=96&d=mm&r=g","caption":"David Lamarre"}}]}},"_links":{"self":[{"href":"https:\/\/effetquebec.ca\/en\/wp-json\/wp\/v2\/evenements\/19665","targetHints":{"allow":["GET"]}}],"collection":[{"href":"https:\/\/effetquebec.ca\/en\/wp-json\/wp\/v2\/evenements"}],"about":[{"href":"https:\/\/effetquebec.ca\/en\/wp-json\/wp\/v2\/types\/evenements"}],"author":[{"embeddable":true,"href":"https:\/\/effetquebec.ca\/en\/wp-json\/wp\/v2\/users\/106"}],"wp:featuredmedia":[{"embeddable":true,"href":"https:\/\/effetquebec.ca\/en\/wp-json\/wp\/v2\/media\/19666"}],"wp:attachment":[{"href":"https:\/\/effetquebec.ca\/en\/wp-json\/wp\/v2\/media?parent=19665"}],"curies":[{"name":"wp","href":"https:\/\/api.w.org\/{rel}","templated":true}]}}