{"id":19939,"date":"2025-06-20T09:31:25","date_gmt":"2025-06-20T13:31:25","guid":{"rendered":"https:\/\/effetquebec.ca\/?post_type=evenements&#038;p=19939"},"modified":"2025-07-03T16:03:42","modified_gmt":"2025-07-03T20:03:42","slug":"spectacle-vivant-scenes-numeriques-svsn-quebec-delegation-2025","status":"publish","type":"evenements","link":"https:\/\/effetquebec.ca\/en\/eventlist\/spectacle-vivant-scenes-numeriques-svsn-quebec-delegation-2025\/","title":{"rendered":"Spectacle vivant, sc\u00e8nes num\u00e9riques (SVSN)\u00a0\u2013 Quebec delegation 2025"},"content":{"rendered":"\n<div class=\"alignfull wp-block-ugb-container ugb-container ugb-4902473 ugb-container--v2 ugb-container--design-basic ugb-main-block\"><style>.ugb-4902473-wrapper.ugb-container__wrapper{background-color:#000000 !important}.ugb-4902473-wrapper.ugb-container__wrapper:before{background-color:#000000 !important}.ugb-4902473-content-wrapper > h1,.ugb-4902473-content-wrapper > h2,.ugb-4902473-content-wrapper > h3,.ugb-4902473-content-wrapper > h4,.ugb-4902473-content-wrapper > h5,.ugb-4902473-content-wrapper > h6{color:#ffffff}.ugb-4902473-content-wrapper > p,.ugb-4902473-content-wrapper > ol li,.ugb-4902473-content-wrapper > ul li{color:#ffffff}@media screen and (min-width:768px){.ugb-4902473-content-wrapper.ugb-container__content-wrapper{width:90% !important}.ugb-4902473.ugb-container{margin-top:0px !important;padding-top:0px !important;padding-right:0px !important;padding-bottom:35px !important;padding-left:0px !important}}@media screen and (min-width:768px){.ugb-4902473 > .ugb-inner-block > .ugb-block-content > *{padding-top:0px !important;padding-bottom:0px !important;padding-right:0px !important;padding-left:0px !important}}<\/style><div class=\"ugb-inner-block\"><div class=\"ugb-block-content\"><div class=\"ugb-container__wrapper ugb-4902473-wrapper ugb--shadow-0\"><div class=\"ugb-container__side\"><div class=\"ugb-container__content-wrapper ugb-4902473-content-wrapper\">\n<div class=\"alignwide wp-block-ugb-container ugb-container ugb-3b907d8 ugb-container--v2 ugb-container--design-basic ugb-main-block\"><style>.ugb-3b907d8-wrapper.ugb-container__wrapper{background-color:#000000 !important}.ugb-3b907d8-wrapper.ugb-container__wrapper:before{background-color:#000000 !important}.ugb-3b907d8 h1,.ugb-3b907d8 h2,.ugb-3b907d8 h3,.ugb-3b907d8 h4,.ugb-3b907d8 h5,.ugb-3b907d8 h6{color:#ffffff}.ugb-3b907d8 p,.ugb-3b907d8 li,.ugb-3b907d8 label,.ugb-3b907d8 table{color:#ffffff}.ugb-3b907d8-content-wrapper > h1,.ugb-3b907d8-content-wrapper > h2,.ugb-3b907d8-content-wrapper > h3,.ugb-3b907d8-content-wrapper > h4,.ugb-3b907d8-content-wrapper > h5,.ugb-3b907d8-content-wrapper > h6{color:#ffffff}.ugb-3b907d8-content-wrapper > p,.ugb-3b907d8-content-wrapper > ol li,.ugb-3b907d8-content-wrapper > ul li{color:#ffffff}@media screen and (min-width:768px){.ugb-3b907d8-content-wrapper.ugb-container__content-wrapper{width:90% !important}.ugb-3b907d8.ugb-container{margin-top:35px !important;margin-right:-113px !important;padding-top:35px !important;padding-right:35px !important;padding-bottom:35px !important;padding-left:35px !important}}@media screen and (min-width:768px){.ugb-3b907d8 > .ugb-inner-block > .ugb-block-content > *{padding-top:0px !important;padding-bottom:0px !important;padding-right:0px !important;padding-left:0px !important}}<\/style><div class=\"ugb-inner-block\"><div class=\"ugb-block-content\"><div class=\"ugb-container__wrapper ugb-3b907d8-wrapper ugb--shadow-0\"><div class=\"ugb-container__side\"><div class=\"ugb-container__content-wrapper ugb-3b907d8-content-wrapper\"><div class=\"wp-block-image is-style-default\">\n<figure data-wp-context=\"{&quot;imageId&quot;:&quot;69ee74901a6c1&quot;}\" data-wp-interactive=\"core\/image\" data-wp-key=\"69ee74901a6c1\" class=\"alignleft size-full is-resized wp-lightbox-container\"><img loading=\"lazy\" decoding=\"async\" width=\"1080\" height=\"1080\" data-wp-class--hide=\"state.isContentHidden\" data-wp-class--show=\"state.isContentVisible\" data-wp-init=\"callbacks.setButtonStyles\" data-wp-on--click=\"actions.showLightbox\" data-wp-on--load=\"callbacks.setButtonStyles\" data-wp-on-window--resize=\"callbacks.setButtonStyles\" src=\"https:\/\/effetquebec.ca\/wp-content\/uploads\/2025\/06\/SVSN25-1080X1080-en.jpg\" alt=\"\" class=\"wp-image-19944\" style=\"width:500px\" srcset=\"https:\/\/effetquebec.ca\/wp-content\/uploads\/2025\/06\/SVSN25-1080X1080-en.jpg 1080w, https:\/\/effetquebec.ca\/wp-content\/uploads\/2025\/06\/SVSN25-1080X1080-en-250x250.jpg 250w, https:\/\/effetquebec.ca\/wp-content\/uploads\/2025\/06\/SVSN25-1080X1080-en-700x700.jpg 700w, https:\/\/effetquebec.ca\/wp-content\/uploads\/2025\/06\/SVSN25-1080X1080-en-150x150.jpg 150w, https:\/\/effetquebec.ca\/wp-content\/uploads\/2025\/06\/SVSN25-1080X1080-en-768x768.jpg 768w, https:\/\/effetquebec.ca\/wp-content\/uploads\/2025\/06\/SVSN25-1080X1080-en-120x120.jpg 120w\" sizes=\"auto, (max-width: 1080px) 100vw, 1080px\" \/><button\n\t\t\tclass=\"lightbox-trigger\"\n\t\t\ttype=\"button\"\n\t\t\taria-haspopup=\"dialog\"\n\t\t\taria-label=\"Enlarge\"\n\t\t\tdata-wp-init=\"callbacks.initTriggerButton\"\n\t\t\tdata-wp-on--click=\"actions.showLightbox\"\n\t\t\tdata-wp-style--right=\"state.imageButtonRight\"\n\t\t\tdata-wp-style--top=\"state.imageButtonTop\"\n\t\t>\n\t\t\t<svg xmlns=\"http:\/\/www.w3.org\/2000\/svg\" width=\"12\" height=\"12\" fill=\"none\" viewBox=\"0 0 12 12\">\n\t\t\t\t<path fill=\"#fff\" d=\"M2 0a2 2 0 0 0-2 2v2h1.5V2a.5.5 0 0 1 .5-.5h2V0H2Zm2 10.5H2a.5.5 0 0 1-.5-.5V8H0v2a2 2 0 0 0 2 2h2v-1.5ZM8 12v-1.5h2a.5.5 0 0 0 .5-.5V8H12v2a2 2 0 0 1-2 2H8Zm2-12a2 2 0 0 1 2 2v2h-1.5V2a.5.5 0 0 0-.5-.5H8V0h2Z\" \/>\n\t\t\t<\/svg>\n\t\t<\/button><\/figure>\n<\/div>\n\n\n<h1 class=\"wp-block-heading has-x-large-font-size\">SVSN <span style=\"color: #ffffff;\" class=\"ugb-highlight\">202<\/span>5<\/h1>\n\n\n\n<p>July 7-8, 2025<br>Avignon (FRANCE).<\/p>\n\n\n\n<p><br>L&#8217;Effet Qu\u00e9bec &#8211; Export expertise cluster, in collaboration with the Soci\u00e9t\u00e9 de d\u00e9veloppement des entreprises culturelles (SODEC), is putting together a Quebec delegation of producers, presenters and venues of digital experiences in the performing arts to take part in the <a href=\"https:\/\/spectaclevivant-scenesnumeriques.fr\/?lang=en\">5th edition of SVSN<\/a>.<\/p>\n\n\n\n<p>In addition to the scheduled business meetings, pitch sessions, workshops and artistic showcases will round off the two-day event, which brings together top players from both sectors.<\/p>\n\n\n\n<div style=\"height:41px\" aria-hidden=\"true\" class=\"wp-block-spacer\"><\/div>\n<\/div><\/div><\/div><\/div><\/div><\/div>\n<\/div><\/div><\/div><\/div><\/div><\/div>\n\n\n\n<div style=\"height:32px\" aria-hidden=\"true\" class=\"wp-block-spacer\"><\/div>\n\n\n\n<div class=\"wp-block-columns alignwide are-vertically-aligned-center is-layout-flex wp-container-core-columns-is-layout-9d6595d7 wp-block-columns-is-layout-flex\">\n<div class=\"wp-block-column is-vertically-aligned-center is-layout-flow wp-block-column-is-layout-flow\"><div class=\"wp-block-image\">\n<figure class=\"aligncenter size-full is-resized\"><img loading=\"lazy\" decoding=\"async\" width=\"851\" height=\"324\" src=\"https:\/\/effetquebec.ca\/wp-content\/uploads\/2022\/04\/XnQUEBEC_FR_rgb.jpg\" alt=\"\" class=\"wp-image-6218\" style=\"width:192px;height:auto\" srcset=\"https:\/\/effetquebec.ca\/wp-content\/uploads\/2022\/04\/XnQUEBEC_FR_rgb.jpg 851w, https:\/\/effetquebec.ca\/wp-content\/uploads\/2022\/04\/XnQUEBEC_FR_rgb-250x95.jpg 250w, https:\/\/effetquebec.ca\/wp-content\/uploads\/2022\/04\/XnQUEBEC_FR_rgb-700x267.jpg 700w, https:\/\/effetquebec.ca\/wp-content\/uploads\/2022\/04\/XnQUEBEC_FR_rgb-768x292.jpg 768w, https:\/\/effetquebec.ca\/wp-content\/uploads\/2022\/04\/XnQUEBEC_FR_rgb-120x46.jpg 120w\" sizes=\"auto, (max-width: 851px) 100vw, 851px\" \/><\/figure>\n<\/div><\/div>\n\n\n\n<div class=\"wp-block-column is-vertically-aligned-center is-layout-flow wp-block-column-is-layout-flow\"><div class=\"wp-block-image\">\n<figure class=\"aligncenter size-full is-resized\"><img loading=\"lazy\" decoding=\"async\" width=\"449\" height=\"514\" src=\"https:\/\/effetquebec.ca\/wp-content\/uploads\/2023\/06\/logo-effet-quebec_BLACK-1.png\" alt=\"\" class=\"wp-image-14675\" style=\"aspect-ratio:0.8682170542635659;width:76px;height:auto\" srcset=\"https:\/\/effetquebec.ca\/wp-content\/uploads\/2023\/06\/logo-effet-quebec_BLACK-1.png 449w, https:\/\/effetquebec.ca\/wp-content\/uploads\/2023\/06\/logo-effet-quebec_BLACK-1-250x286.png 250w, https:\/\/effetquebec.ca\/wp-content\/uploads\/2023\/06\/logo-effet-quebec_BLACK-1-120x137.png 120w\" sizes=\"auto, (max-width: 449px) 100vw, 449px\" \/><\/figure>\n<\/div><\/div>\n\n\n\n<div class=\"wp-block-column is-vertically-aligned-center is-layout-flow wp-block-column-is-layout-flow\"><div class=\"wp-block-image\">\n<figure class=\"aligncenter size-full is-resized\"><img loading=\"lazy\" decoding=\"async\" width=\"550\" height=\"290\" src=\"https:\/\/effetquebec.ca\/wp-content\/uploads\/2024\/03\/Quebec-Logo-1.png\" alt=\"\" class=\"wp-image-16628\" style=\"width:197px;height:auto\" srcset=\"https:\/\/effetquebec.ca\/wp-content\/uploads\/2024\/03\/Quebec-Logo-1.png 550w, https:\/\/effetquebec.ca\/wp-content\/uploads\/2024\/03\/Quebec-Logo-1-250x132.png 250w, https:\/\/effetquebec.ca\/wp-content\/uploads\/2024\/03\/Quebec-Logo-1-120x63.png 120w\" sizes=\"auto, (max-width: 550px) 100vw, 550px\" \/><\/figure>\n<\/div><\/div>\n<\/div>\n\n\n\n<div class=\"wp-block-ugb-container ugb-container ugb-3da682a ugb-container--v2 ugb-container--design-plain ugb-main-block\"><style>@media screen and (min-width:768px){.ugb-3da682a-content-wrapper.ugb-container__content-wrapper{width:80% !important}}<\/style><div class=\"ugb-inner-block\"><div class=\"ugb-block-content\"><div class=\"ugb-container__wrapper ugb-3da682a-wrapper\"><div class=\"ugb-container__side\"><div class=\"ugb-container__content-wrapper ugb-3da682a-content-wrapper\">\n<div class=\"wp-block-ugb-accordion ugb-accordion ugb-b332568 ugb-accordion--v2 ugb-accordion--design-plain ugb-accordion--open ugb-main-block\" aria-expanded=\"true\"><style>.ugb-b332568 .ugb-accordion__heading{flex-direction:row-reverse}.ugb-b332568 .ugb-accordion__title{font-family:\"Archivo Black\",Sans-serif !important;font-size:26px !important;color:#000000}.ugb-b332568.ugb-accordion{opacity:1 !important}<\/style><div class=\"ugb-inner-block\"><div class=\"ugb-block-content\"><div class=\"ugb-accordion__item\"><div class=\"ugb-accordion__heading\" role=\"button\" tabindex=\"0\"><h4 class=\"ugb-accordion__title\">About SVSN 2025<\/h4><svg xmlns=\"http:\/\/www.w3.org\/2000\/svg\" viewBox=\"0 0 20 20\" class=\"ugb-accordion__arrow\" width=\"20\" height=\"20\"><path d=\"M16.7 3.3L10 10 3.3 3.4 0 6.7l10 10v-.1l10-9.9z\"><\/path><\/svg><\/div><div class=\"ugb-accordion__content\" role=\"region\"><div class=\"ugb-accordion__content-inner\">\n<p>At the initiative of a group of players from the South of France (Dark Euphoria, Le Grenier \u00e0 Sel, la Villa Cr\u00e9ative, Avignon Universit\u00e9) and in partnership with the prestigious Avignon Festival, the Spectacle Vivant, Sc\u00e8nes Num\u00e9riques (SVSN) meetings invite professionals in the performing arts to consider issues of digital transition and innovation (augmented and virtual stages, immersive theater, hybrid forms, interactive devices, participatory performances, etc.).<\/p>\n\n\n\n<p>Bringing together over 900 participants in the last four years, SVSN has become a key forum for exchange and networking, and a real source of inspiration and understanding of the creative possibilities offered by immersive and interactive devices.<\/p>\n<\/div><\/div><\/div><\/div><\/div><\/div>\n\n\n\n<div class=\"wp-block-ugb-accordion ugb-accordion ugb-73195fd ugb-accordion--v2 ugb-accordion--design-plain ugb-accordion--open ugb-main-block\" aria-expanded=\"true\"><style>.ugb-73195fd .ugb-accordion__heading{flex-direction:row-reverse}.ugb-73195fd .ugb-accordion__title{font-family:\"Archivo Black\",Sans-serif !important;font-size:26px !important;color:#000000}.ugb-73195fd.ugb-accordion{opacity:1 !important}<\/style><div class=\"ugb-inner-block\"><div class=\"ugb-block-content\"><div class=\"ugb-accordion__item\"><div class=\"ugb-accordion__heading\" role=\"button\" tabindex=\"0\"><h4 class=\"ugb-accordion__title\">Program<\/h4><svg xmlns=\"http:\/\/www.w3.org\/2000\/svg\" viewBox=\"0 0 20 20\" class=\"ugb-accordion__arrow\" width=\"20\" height=\"20\"><path d=\"M16.7 3.3L10 10 3.3 3.4 0 6.7l10 10v-.1l10-9.9z\"><\/path><\/svg><\/div><div class=\"ugb-accordion__content\" role=\"region\"><div class=\"ugb-accordion__content-inner\">\n<p>Discover the full <a href=\"https:\/\/spectaclevivant-scenesnumeriques.fr\/program-2025\/?lang=en\">SVSN program<\/a> as part of the Avignon Festival on July 7 and 8.<\/p>\n<\/div><\/div><\/div><\/div><\/div><\/div>\n\n\n\n<div class=\"wp-block-ugb-accordion ugb-accordion ugb-4fe2502 ugb-accordion--v2 ugb-accordion--design-plain ugb-accordion--open ugb-main-block\" aria-expanded=\"true\"><style>.ugb-4fe2502 .ugb-accordion__heading{flex-direction:row-reverse}.ugb-4fe2502 .ugb-accordion__title{font-family:\"Archivo Black\",Sans-serif !important;font-size:26px !important;color:#000000}.ugb-4fe2502.ugb-accordion{opacity:1 !important}<\/style><div class=\"ugb-inner-block\"><div class=\"ugb-block-content\"><div class=\"ugb-accordion__item\"><div class=\"ugb-accordion__heading\" role=\"button\" tabindex=\"0\"><h4 class=\"ugb-accordion__title\">OFF-SVSN presentation<\/h4><svg xmlns=\"http:\/\/www.w3.org\/2000\/svg\" viewBox=\"0 0 20 20\" class=\"ugb-accordion__arrow\" width=\"20\" height=\"20\"><path d=\"M16.7 3.3L10 10 3.3 3.4 0 6.7l10 10v-.1l10-9.9z\"><\/path><\/svg><\/div><div class=\"ugb-accordion__content\" role=\"region\"><div class=\"ugb-accordion__content-inner\">\n<figure class=\"wp-block-image size-large\"><img loading=\"lazy\" decoding=\"async\" width=\"700\" height=\"467\" src=\"https:\/\/effetquebec.ca\/wp-content\/uploads\/2025\/06\/scenic-700x467.jpeg\" alt=\"\u00a9 Marianne Quintal-\u00c9mard\" class=\"wp-image-19989\" srcset=\"https:\/\/effetquebec.ca\/wp-content\/uploads\/2025\/06\/scenic-700x467.jpeg 700w, https:\/\/effetquebec.ca\/wp-content\/uploads\/2025\/06\/scenic-250x167.jpeg 250w, https:\/\/effetquebec.ca\/wp-content\/uploads\/2025\/06\/scenic-768x512.jpeg 768w, https:\/\/effetquebec.ca\/wp-content\/uploads\/2025\/06\/scenic-1536x1024.jpeg 1536w, https:\/\/effetquebec.ca\/wp-content\/uploads\/2025\/06\/scenic-120x80.jpeg 120w, https:\/\/effetquebec.ca\/wp-content\/uploads\/2025\/06\/scenic.jpeg 1920w\" sizes=\"auto, (max-width: 700px) 100vw, 700px\" \/><figcaption class=\"wp-element-caption\">\u00a9 Marianne Quintal-\u00c9mard<\/figcaption><\/figure>\n\n\n\n<p><strong>Les lieux des possibles : t\u00e9l\u00e9pr\u00e9sence et fabrique sc\u00e9nique \u00e0 distance<\/strong><br><strong>July 9, 10 to 11 a.m. | Gallery 4, Villa Cr\u00e9ative<br><\/strong>Plunge into the heart of theatrical creation in the age of telepresence!<br>This presentation explores the possibilities offered by connected spaces for the contemporary stage, thanks to <em><a href=\"https:\/\/telepresence-scenic.ca\/en\">Scenic<\/a><\/em>, an immersive device developed by the Society for Arts and Technology (SAT) in Montreal. Designed to foster remote co-creation in real time, this technology opens up new avenues for artistic collaboration.<br>The project presented, winner of the Villa Cr\u00e9ative &#8211; D4 Avocats Associ\u00e9s prize, will come to life this October between Avignon and Quebec, during the F\u00eate de la science.<\/p>\n\n\n\n<p>With Julien Blais, artist-researcher at Universit\u00e9 de Laval, Claire Paillon, Strategic Development Advisor at SAT and Cyrielle Garson, Lecturer in Theatre and English Studies and Director of the Master of Theatre (alternance) at Avignon Universit\u00e9.<\/p>\n\n\n\n<div class=\"wp-block-buttons has-custom-font-size has-medium-font-size is-layout-flex wp-block-buttons-is-layout-flex\">\n<div class=\"wp-block-button\"><a class=\"wp-block-button__link has-white-color has-text-color has-background has-link-color has-custom-font-size wp-element-button\" href=\"https:\/\/my.weezevent.com\/les-lieux-des-possibles-telepresence-et-fabrique-scenique-a-distance\" style=\"border-radius:5px;background:linear-gradient(135deg,rgb(115,47,183) 0%,rgb(208,61,198) 100%);font-size:15px\">REGISTER<\/a><\/div>\n<\/div>\n\n\n\n<p><br><\/p>\n<\/div><\/div><\/div><\/div><\/div><\/div>\n<\/div><\/div><\/div><\/div><\/div><\/div>\n\n\n\n<div class=\"wp-block-ugb-heading ugb-heading ugb-35d6d33 ugb-main-block ugb--has-custom-content-width\"><style>.ugb-35d6d33 .ugb-heading__title{font-size:32px !important;line-height:1.4em !important;text-align:left}.ugb-35d6d33 .ugb-heading__top-line{margin-left:0 !important;margin-right:auto !important}.ugb-35d6d33 .ugb-inner-block{text-align:left}.ugb-35d6d33.ugb-heading > .ugb-inner-block{max-width:80% !important}@media screen and (max-width:768px){.ugb-35d6d33 .ugb-heading__title{font-size:21px !important}}<\/style><div class=\"ugb-inner-block\"><div class=\"ugb-block-content\"><div class=\"ugb-heading__top-line\"><\/div><h2 class=\"ugb-heading__title\">Selection of Quebec studios and cultural venues<\/h2><\/div><\/div><\/div>\n\n\n\n<div class=\"alignfull wp-block-ugb-feature ugb-feature ugb-4633cab ugb-feature--v2 ugb-feature--design-half ugb-feature--invert ugb-main-block ugb-main-block--inner-full ugb--has-block-background\"><style>.ugb-4633cab .ugb-feature__item{border-radius:0px !important}.ugb-4633cab .ugb-feature__content{background-color:#000000 !important}.ugb-4633cab .ugb-feature__content:before{background-color:#000000 !important}.ugb-4633cab .ugb-feature__image{background-image:url(https:\/\/effetquebec.ca\/wp-content\/uploads\/2025\/06\/Copie-de-Copie-de-LaboUQAT2021_PetitTheatre2021_Credits_ElisabethCarrier_3358.jpg)}.ugb-4633cab .ugb-feature__title{font-family:\"Archivo Black\",Sans-serif !important;font-weight:500 !important;color:var(--stk-global-color-88711,#313131)}.ugb-4633cab .ugb-feature__description{color:#ffffff;margin-bottom:16px !important}.ugb-4633cab .ugb-button .ugb-button--inner{font-family:\"Lato\",Sans-serif !important}.ugb-4633cab .ugb-button{background-color:var(--stk-global-color-37811,#732fb7);border-radius:100px !important}.ugb-4633cab .ugb-button .ugb-button--inner,.ugb-4633cab .ugb-button svg:not(.ugb-custom-icon){color:#ffffff !important}.ugb-4633cab .ugb-button:before{border-radius:100px !important}.ugb-4633cab .ugb-button-container{margin-bottom:50px !important}.ugb-4633cab.ugb-feature{background-color:rgba(0,0,0,1)}.ugb-4633cab{padding:0 !important}.ugb-4633cab.ugb-feature:before{background-color:#000000}@media screen and (min-width:768px){.ugb-4633cab.ugb-feature{margin-bottom:-29px !important;padding-right:0px !important;padding-left:0px !important}}<\/style><div class=\"ugb-inner-block ugb-inner-block--full\"><div class=\"ugb-block-content\"><div class=\"ugb-feature__item ugb--shadow-0\"><div class=\"ugb-feature__content\"><h3 class=\"ugb-feature__title\"><span style=\"\" class=\"ugb-highlight\"><font color=\"#ffffff\"><span style=\"font-size: 21.06px;\">Les Zybrides \/ Petit Th\u00e9\u00e2tre du Vieux Noranda<\/span><\/font><\/span><\/h3><p class=\"ugb-feature__description\"><strong>Rosalie Chartier-Lacombe<\/strong> &#8211; General Director Petit Th\u00e9\u00e2tre du Vieux Noranda<br><br>Les Zybrides is a multidisciplinary creative company specializing in performing arts and technology located in Rouyn-Noranda, Quebec. We own the Petit Th\u00e9\u00e2tre du Vieux Noranda, a space for creation, dissemination, and knowledge transfer. Specializing in the integration of technology into the performing arts, we explore new forms of writing and performance, and we aim to be a point of convergence between digital tools and the performing arts. Since 2016, we have been supporting and developing the Hub Avantage num\u00e9rique, which is virtual, physical, and mobile, and aims to develop the creative and technological ecosystem of the Crescent Bor\u00e9al (Abitibi-T\u00e9miscamingue, Northern Quebec, and French-speaking Ontario).<br><br>Featured projects:<br><a href=\"https:\/\/avantagenumerique.org\/\"><strong><em>Le Hub Avantage num\u00e9rique<\/em><\/strong><br><\/a>Avantage num\u00e9rique is a virtual, physical, and mobile hub serving the cultural, business, and knowledge sectors. It aims to develop the creative, entrepreneurial, and technological ecosystem of the Boreal Crescent.<br><br><a href=\"https:\/\/petittheatre.org\/laboratoire-dinteractivite-en-arts-vivants\/\"><strong><em>Laboratoire d\u2019interactivit\u00e9 dans les arts vivants<\/em><\/strong><br><\/a>Since 2018, the Interactivity in the Performing Arts Lab has brought together performing artists and technocreatives for a week of co-creation and technological exploration. Each lab is preceded by four preparatory meetings. At the end of the lab, there is a public presentation that allows for user surveys. A summary video of the week and photos are provided to participants so they can include them in their portfolios. All projects can also be found on avnu.ca.<\/p><div class=\"ugb-button-container\"><a class=\"ugb-button ugb-button--size-small ugb--hover-effect-lift\" href=\"https:\/\/petittheatre.org\/\" target=\"_blank\" rel=\"noopener noreferrer nofollow\" title=\"\"><span class=\"ugb-button--inner\">Read more<\/span><\/a><\/div><\/div><div class=\"ugb-feature__image\"><\/div><\/div><\/div><\/div><\/div>\n\n\n\n<div class=\"alignfull wp-block-ugb-feature ugb-feature ugb-05d1073 ugb-feature--v2 ugb-feature--design-half ugb-main-block ugb-main-block--inner-full ugb--has-block-background\"><style>.ugb-05d1073 .ugb-feature__item{border-radius:0px !important}.ugb-05d1073 .ugb-feature__content{background-color:#000000 !important}.ugb-05d1073 .ugb-feature__content:before{background-color:#000000 !important}.ugb-05d1073 .ugb-feature__image{background-image:url(https:\/\/effetquebec.ca\/wp-content\/uploads\/2025\/06\/20250328-phi.jpg)}.ugb-05d1073 .ugb-feature__title{font-family:\"Archivo Black\",Sans-serif !important;font-weight:500 !important;color:var(--stk-global-color-88711,#313131)}.ugb-05d1073 .ugb-feature__description{color:#ffffff}.ugb-05d1073 .ugb-button .ugb-button--inner{font-family:\"Lato\",Sans-serif !important}.ugb-05d1073 .ugb-button{background-color:var(--stk-global-color-37811,#732fb7);border-radius:100px !important}.ugb-05d1073 .ugb-button .ugb-button--inner,.ugb-05d1073 .ugb-button svg:not(.ugb-custom-icon){color:#ffffff !important}.ugb-05d1073 .ugb-button:before{border-radius:100px !important}.ugb-05d1073 .ugb-button-container{margin-bottom:50px !important}.ugb-05d1073.ugb-feature{background-color:rgba(0,0,0,1)}.ugb-05d1073{padding:0 !important}.ugb-05d1073.ugb-feature:before{background-color:#000000}@media screen and (min-width:768px){.ugb-05d1073.ugb-feature{margin-bottom:-29px !important}}<\/style><div class=\"ugb-inner-block ugb-inner-block--full\"><div class=\"ugb-block-content\"><div class=\"ugb-feature__item ugb--shadow-0\"><div class=\"ugb-feature__content\"><h3 class=\"ugb-feature__title\"><span style=\"color: #ffffff;\" class=\"stk-highlight\">PHI<\/span><\/h3><p class=\"ugb-feature__description\"><strong>Myriam<\/strong> <strong>Achard <\/strong>&#8211; Chief New Media Partnerships and PR<br><br>Founded and directed by Phoebe Greenberg in Montreal, PHI is a multidisciplinary cultural hub at the intersection of art, technology, and music. Focused on the future of art and its audiences, PHI champions radical ideas through collective experiences, social engagement, and audience interactivity. PHI offers a dynamic and diverse program that includes exhibitions, performances, installations, immersive experiences and artist-in-residence programs, fostering unexpected encounters between artists and audiences. Committed to creation, dissemination, and support for contemporary artistic practices, PHI stands as a leading cultural destination in the heart of Old Montreal.<br><br>Featured project:<br><strong><a href=\"https:\/\/phi.ca\/en\/studio\/works\/blur\/\">BLUR<\/a><\/strong><br>Blur announces a new myth for the modern age, where science has changed how we think about life and death. With the advent of cloning and advancements in resurrection biology, we\u2019re dissolving the boundaries separating the living from the dead\u2014the natural from the artificial. This extended reality theatrical production unfolds as a dreamscape, shifting subtly between the real and the virtual world as participants are taken on a journey of reflection on grief and eternality.<\/p><div class=\"ugb-button-container\"><a class=\"ugb-button ugb-button--size-small ugb--hover-effect-lift\" href=\"https:\/\/phi.ca\/en\/\" target=\"_blank\" rel=\"noopener noreferrer nofollow\" title=\"\"><span class=\"ugb-button--inner\">Read more<\/span><\/a><\/div><\/div><div class=\"ugb-feature__image\"><\/div><\/div><\/div><\/div><\/div>\n\n\n\n<div class=\"alignfull wp-block-ugb-feature ugb-feature ugb-acd8857 ugb-feature--v2 ugb-feature--design-half ugb-feature--invert ugb-main-block ugb-main-block--inner-full ugb--has-block-background\"><style>.ugb-acd8857 .ugb-feature__item{border-radius:2px !important}.ugb-acd8857 .ugb-feature__content{background-color:#000000 !important}.ugb-acd8857 .ugb-feature__content:before{background-color:#000000 !important}.ugb-acd8857 .ugb-feature__image{background-image:url(https:\/\/effetquebec.ca\/wp-content\/uploads\/2025\/06\/2019_01_20-Bluff_Credit-Jules-Delorge.jpeg)}.ugb-acd8857 .ugb-feature__title{font-family:\"Archivo Black\",Sans-serif !important;font-weight:500 !important;color:var(--stk-global-color-88711,#313131)}.ugb-acd8857 .ugb-feature__description{color:#ffffff;margin-bottom:12px !important}.ugb-acd8857 .ugb-button .ugb-button--inner{font-family:\"Lato\",Sans-serif !important}.ugb-acd8857 .ugb-button{background-color:var(--stk-global-color-37811,#732fb7);border-radius:100px !important}.ugb-acd8857 .ugb-button .ugb-button--inner,.ugb-acd8857 .ugb-button svg:not(.ugb-custom-icon){color:#ffffff !important}.ugb-acd8857 .ugb-button:before{border-radius:100px !important}.ugb-acd8857 .ugb-button-container{margin-bottom:50px !important}.ugb-acd8857.ugb-feature{background-color:rgba(0,0,0,1)}.ugb-acd8857{padding:0 !important}.ugb-acd8857.ugb-feature:before{background-color:#000000}@media screen and (min-width:768px){.ugb-acd8857.ugb-feature{margin-bottom:-29px !important;padding-right:35px !important;padding-left:35px !important}}<\/style><div class=\"ugb-inner-block ugb-inner-block--full\"><div class=\"ugb-block-content\"><div class=\"ugb-feature__item ugb--shadow-0\"><div class=\"ugb-feature__content\"><h3 class=\"ugb-feature__title\"><span style=\"color: #ffffff;\" class=\"ugb-highlight\">Soci\u00e9t\u00e9 des arts technologiques<\/span><\/h3><p class=\"ugb-feature__description\"><strong>Claire<\/strong> <strong>Paillon<\/strong> &#8211; Strategic development advisor<br><br>Founded in 1996, the Society for Arts and Technology [SAT] is a non-profit organization dedicated to the development and support of digital culture. The SAT is internationally recognized for its pioneering role in the development of technologies for immersive creation, telepresence and mixed reality. Its transdisciplinarity and hybrid mission make it a unique organization of its kind in the world. A space for experimentation and collective learning, the SAT supports the emergence of new forms of creativity and encourages transdisciplinarity, the sharing of knowledge and the dissemination of digital culture in all its forms.<br><br>Featured project:<br><a href=\"https:\/\/telepresence-scenic.ca\/en\"><strong><em>Scenic<\/em><\/strong> <strong><em>telepresence<\/em><\/strong><br><\/a>Scenic is a remote co-creation tool that promotes the emergence of new artistic practices in telepresence and facilitates cultural exchanges. Our vision is a network of connected cultural spaces that invites creators to reinvent the performing arts, by promoting local cultures and minimizing travel. For the public, it allows local access to avant-garde interactive creations.<\/p><div class=\"ugb-button-container\"><a class=\"ugb-button ugb-button--size-small ugb--hover-effect-lift\" href=\"https:\/\/sat.qc.ca\/en\/\" target=\"_blank\" rel=\"noopener noreferrer nofollow\" title=\"\"><span class=\"ugb-button--inner\">Read more<\/span><\/a><\/div><\/div><div class=\"ugb-feature__image\"><\/div><\/div><\/div><\/div><\/div>\n\n\n\n<div class=\"alignfull wp-block-ugb-feature ugb-feature ugb-8d3a3d5 ugb-feature--v2 ugb-feature--design-half ugb-main-block ugb-main-block--inner-full ugb--has-block-background\"><style>.ugb-8d3a3d5 .ugb-feature__item{border-radius:0px !important}.ugb-8d3a3d5 .ugb-feature__content{background-color:#000000 !important}.ugb-8d3a3d5 .ugb-feature__content:before{background-color:#000000 !important}.ugb-8d3a3d5 .ugb-feature__image{background-image:url(https:\/\/effetquebec.ca\/wp-content\/uploads\/2025\/06\/XR_02_zoo-coulertv.jpg)}.ugb-8d3a3d5 .ugb-feature__title{font-family:\"Archivo Black\",Sans-serif !important;font-weight:500 !important;color:var(--stk-global-color-88711,#313131)}.ugb-8d3a3d5 .ugb-feature__description{color:#ffffff}.ugb-8d3a3d5 .ugb-button .ugb-button--inner{font-family:\"Lato\",Sans-serif !important}.ugb-8d3a3d5 .ugb-button{background-color:var(--stk-global-color-37811,#732fb7);border-radius:100px !important}.ugb-8d3a3d5 .ugb-button .ugb-button--inner,.ugb-8d3a3d5 .ugb-button svg:not(.ugb-custom-icon){color:#ffffff !important}.ugb-8d3a3d5 .ugb-button:before{border-radius:100px !important}.ugb-8d3a3d5 .ugb-button-container{margin-bottom:50px !important}.ugb-8d3a3d5.ugb-feature{background-color:rgba(0,0,0,1)}.ugb-8d3a3d5{padding:0 !important}.ugb-8d3a3d5.ugb-feature:before{background-color:#000000}@media screen and (min-width:768px){.ugb-8d3a3d5.ugb-feature{margin-bottom:-29px !important}}<\/style><div class=\"ugb-inner-block ugb-inner-block--full\"><div class=\"ugb-block-content\"><div class=\"ugb-feature__item ugb--shadow-0\"><div class=\"ugb-feature__content\"><h3 class=\"ugb-feature__title\"><span style=\"color: #ffffff;\" class=\"ugb-highlight\">Couleur.tv<\/span><\/h3><p class=\"ugb-feature__description\"><strong>Francis G\u00e9linas<\/strong> &#8211; Producer, Director<br><br>Since its founding in 2006, the projects haven\u2019t stopped coming: artist videos, video game promotions, music performances, multi-projector immersive documentaries, hybrid web series, animated TV shows, museum installations, and personal films \u2014 to name just a few. Many of these projects have been recognized in competitions and by industry peers. At Couleur.tv, reinventing ourselves with every new project is a point of pride \u2014 it\u2019s our guiding principle. For over 18 years, Couleur.tv has been turning madness into pixels.<br><br>Featured project:<br><em><strong>R\u00e9alit\u00e9s parall\u00e8les XR, volet th\u00e9\u00e2tre augment\u00e9<\/strong><br><\/em>R\u00e9alit\u00e9s parall\u00e8les XR is a technological extension of the theatrical production R\u00e9alit\u00e9s parall\u00e8les by Th\u00e9\u00e2tre de la Pire Esp\u00e8ce. This mixed reality companion experience, designed for the Meta Quest 3 headset, will tour alongside the show in 2026\u20132027, allowing audiences to immerse themselves in the world of the play from the inside.<\/p><div class=\"ugb-button-container\"><a class=\"ugb-button ugb-button--size-small ugb--hover-effect-lift\" href=\"https:\/\/couleur.tv\/en\/\" target=\"_blank\" rel=\"noopener noreferrer nofollow\" title=\"\"><span class=\"ugb-button--inner\">Read more<\/span><\/a><\/div><\/div><div class=\"ugb-feature__image\"><\/div><\/div><\/div><\/div><\/div>\n\n\n\n<div class=\"alignfull wp-block-ugb-feature ugb-feature ugb-f96e242 ugb-feature--v2 ugb-feature--design-half ugb-feature--invert ugb-main-block ugb-main-block--inner-full ugb--has-block-background\"><style>.ugb-f96e242 .ugb-feature__item{border-radius:2px !important}.ugb-f96e242 .ugb-feature__content{background-color:#000000 !important}.ugb-f96e242 .ugb-feature__content:before{background-color:#000000 !important}.ugb-f96e242 .ugb-feature__image{background-image:url(https:\/\/effetquebec.ca\/wp-content\/uploads\/2025\/06\/IMAGES-SVSN-EPICENTRE-juin_2025-1_Page_4.jpg)}.ugb-f96e242 .ugb-feature__title{font-family:\"Archivo Black\",Sans-serif !important;font-weight:500 !important;color:var(--stk-global-color-88711,#313131)}.ugb-f96e242 .ugb-feature__description{color:#ffffff;margin-bottom:12px !important}.ugb-f96e242 .ugb-button .ugb-button--inner{font-family:\"Lato\",Sans-serif !important}.ugb-f96e242 .ugb-button{background-color:var(--stk-global-color-37811,#732fb7);border-radius:100px !important}.ugb-f96e242 .ugb-button .ugb-button--inner,.ugb-f96e242 .ugb-button svg:not(.ugb-custom-icon){color:#ffffff !important}.ugb-f96e242 .ugb-button:before{border-radius:100px !important}.ugb-f96e242 .ugb-button-container{margin-bottom:50px !important}.ugb-f96e242.ugb-feature{background-color:rgba(0,0,0,1)}.ugb-f96e242{padding:0 !important}.ugb-f96e242.ugb-feature:before{background-color:#000000}@media screen and (min-width:768px){.ugb-f96e242.ugb-feature{margin-bottom:-29px !important;padding-right:35px !important;padding-left:35px !important}}<\/style><div class=\"ugb-inner-block ugb-inner-block--full\"><div class=\"ugb-block-content\"><div class=\"ugb-feature__item ugb--shadow-0\"><div class=\"ugb-feature__content\"><h3 class=\"ugb-feature__title\"><span style=\"color: #ffffff;\" class=\"ugb-highlight\">CoLAB studios<\/span><\/h3><p class=\"ugb-feature__description\"><strong>Isabelle Brodeur <\/strong>&#8211; Producer<br><strong>Nadine Marchand <\/strong>&#8211; Strategist, development and project management \/ marketing and communications<br><br>CoLAB Studios develops and produces works that combine the digital arts.<br><br>Featured project:<br>EPICENTER<br>EPICENTER is a multi-user augmented reality experience distinguished by its interactive and narrative approach, drawing on the evocative power of the theatrical univers of writer and director Olivier Choini\u00e8re.<br>In this experience, visitors take on the role of consumers in the supermarket of their dreams. The products come to life, revealing their secrets, while the thoughts of employees and other consumers are heard. This narrative device invites the audience to explore contemporary consumption dynamics in a playful and critical way, while blurring the lines between reality and fiction.<\/p><div class=\"ugb-button-container\"><a class=\"ugb-button ugb-button--size-small ugb--hover-effect-lift\" href=\"https:\/\/colabstudios.ca\/\" target=\"_blank\" rel=\"noopener noreferrer nofollow\" title=\"\"><span class=\"ugb-button--inner\">Read more<\/span><\/a><\/div><\/div><div class=\"ugb-feature__image\"><\/div><\/div><\/div><\/div><\/div>\n\n\n\n<div class=\"alignfull wp-block-ugb-feature ugb-feature ugb-2e6eb97 ugb-feature--v2 ugb-feature--design-half ugb-main-block ugb-main-block--inner-full ugb--has-block-background\"><style>.ugb-2e6eb97 .ugb-feature__item{border-radius:2px !important}.ugb-2e6eb97 .ugb-feature__content{background-color:#000000 !important}.ugb-2e6eb97 .ugb-feature__content:before{background-color:#000000 !important}.ugb-2e6eb97 .ugb-feature__image{background-image:url(https:\/\/effetquebec.ca\/wp-content\/uploads\/2025\/06\/Coyote-Comeau-1.jpg)}.ugb-2e6eb97 .ugb-feature__title{font-family:\"Archivo Black\",Sans-serif !important;font-weight:500 !important;color:var(--stk-global-color-88711,#313131)}.ugb-2e6eb97 .ugb-feature__description{color:#ffffff;margin-bottom:12px !important}.ugb-2e6eb97 .ugb-button .ugb-button--inner{font-family:\"Lato\",Sans-serif !important}.ugb-2e6eb97 .ugb-button{background-color:var(--stk-global-color-37811,#732fb7);border-radius:100px !important}.ugb-2e6eb97 .ugb-button .ugb-button--inner,.ugb-2e6eb97 .ugb-button svg:not(.ugb-custom-icon){color:#ffffff !important}.ugb-2e6eb97 .ugb-button:before{border-radius:100px !important}.ugb-2e6eb97 .ugb-button-container{margin-bottom:50px !important}.ugb-2e6eb97.ugb-feature{background-color:rgba(0,0,0,1)}.ugb-2e6eb97{padding:0 !important}.ugb-2e6eb97.ugb-feature:before{background-color:#000000}@media screen and (min-width:768px){.ugb-2e6eb97.ugb-feature{margin-bottom:-29px !important;padding-right:35px !important;padding-left:35px !important}}<\/style><div class=\"ugb-inner-block ugb-inner-block--full\"><div class=\"ugb-block-content\"><div class=\"ugb-feature__item ugb--shadow-0\"><div class=\"ugb-feature__content\"><h3 class=\"ugb-feature__title\"><span style=\"color: #ffffff;\" class=\"ugb-highlight\">Transistor M\u00e9dia<\/span><\/h3><p class=\"ugb-feature__description\"><strong>Julien Morissette <\/strong>&#8211; Artistic Director<br><br>Founded in 2017, Transistor Media creates and distributes audio art, particularly podcasting, but also audio installations. Now one of the most senior podcasting studios in Quebec, we are proudly based in Gatineau, a stone&#8217;s throw away from Ottawa, where we work with artists and organizations from across Canada.<br><br>Featured project:<br><a href=\"https:\/\/transistor.media\/projets\/projets-sceniques\/\"><strong>La disparition de Coyote Comeau<br><\/strong><\/a>The Disappearance of Coyote Comeau is a theatrical and sonic journey through the tumultuous life of Coyote Comeau. An outstanding wrestler from Maniwaki in the 1950s, he made Quebec history with his flamboyant victories and mysterious disappearance.<br>Almost seventy years later, host Julien Morissette sets out on the trail of this famous brawler with the help of historian Laurent Turcot, the duo behind the investigative podcast Captives (Annie Laurin and Mich\u00e8le Ouellette) and actors Marc Beaupr\u00e9, Sophie Cadieux, \u00c9milie Bibeau and Samian.<br><br><strong><a href=\"https:\/\/transistor.media\/projets\/projets-sceniques\/\">Hant\u00e9es : le poltergeist de la ferme Dagg<br><\/a><\/strong>The Outaouais region abounds in haunted houses and inexplicable paranormal phenomena. In the podcast Hant\u00e9es, host Julien Morissette sheds light on reports of mysterious events through archives and testimonials from local citizens.<br>In this story, brought to life on stage with immersive sound accompaniment, University of Ottawa journalism student Flavie Demers-C\u00f4t\u00e9 puts the Haunted team on the trail of Percy F. Woodcock and the region&#8217;s most famous paranormal story: the Dagg Farm poltergeist. Who are the people who live on this haunted site? The host hopes to untangle the tangles between the dark stories of today and those of the last century.<\/p><div class=\"ugb-button-container\"><a class=\"ugb-button ugb-button--size-small ugb--hover-effect-lift\" href=\"https:\/\/transistor.media\/\" target=\"_blank\" rel=\"noopener noreferrer nofollow\" title=\"\"><span class=\"ugb-button--inner\">Read more<\/span><\/a><\/div><\/div><div class=\"ugb-feature__image\"><\/div><\/div><\/div><\/div><\/div>\n","protected":false},"excerpt":{"rendered":"D\u00e9couvrez la s\u00e9lection des studios et lieu de culture participants \u00e0 la mission.","protected":false},"author":118,"featured_media":19944,"template":"","meta":{"_acf_changed":false,"_links_to":"","_links_to_target":""},"class_list":["post-19939","evenements","type-evenements","status-publish","has-post-thumbnail","hentry"],"featured_image_urls_v2":{"full":["https:\/\/effetquebec.ca\/wp-content\/uploads\/2025\/06\/SVSN25-1080X1080-en.jpg",1080,1080,false],"thumbnail":["https:\/\/effetquebec.ca\/wp-content\/uploads\/2025\/06\/SVSN25-1080X1080-en-150x150.jpg",150,150,true],"medium":["https:\/\/effetquebec.ca\/wp-content\/uploads\/2025\/06\/SVSN25-1080X1080-en-250x250.jpg",250,250,true],"medium_large":["https:\/\/effetquebec.ca\/wp-content\/uploads\/2025\/06\/SVSN25-1080X1080-en-768x768.jpg",768,768,true],"large":["https:\/\/effetquebec.ca\/wp-content\/uploads\/2025\/06\/SVSN25-1080X1080-en-700x700.jpg",700,700,true],"1536x1536":["https:\/\/effetquebec.ca\/wp-content\/uploads\/2025\/06\/SVSN25-1080X1080-en.jpg",1080,1080,false],"2048x2048":["https:\/\/effetquebec.ca\/wp-content\/uploads\/2025\/06\/SVSN25-1080X1080-en.jpg",1080,1080,false],"small":["https:\/\/effetquebec.ca\/wp-content\/uploads\/2025\/06\/SVSN25-1080X1080-en-120x120.jpg",120,120,true],"custom-size":["https:\/\/effetquebec.ca\/wp-content\/uploads\/2025\/06\/SVSN25-1080X1080-en-700x200.jpg",700,200,true],"grille":["https:\/\/effetquebec.ca\/wp-content\/uploads\/2025\/06\/SVSN25-1080X1080-en-800x450.jpg",800,450,true],"gform-image-choice-sm":["https:\/\/effetquebec.ca\/wp-content\/uploads\/2025\/06\/SVSN25-1080X1080-en.jpg",300,300,false],"gform-image-choice-md":["https:\/\/effetquebec.ca\/wp-content\/uploads\/2025\/06\/SVSN25-1080X1080-en.jpg",400,400,false],"gform-image-choice-lg":["https:\/\/effetquebec.ca\/wp-content\/uploads\/2025\/06\/SVSN25-1080X1080-en.jpg",600,600,false]},"post_excerpt_stackable_v2":"D\u00e9couvrez la s\u00e9lection des studios et lieu de culture participants \u00e0 la mission.","category_list_v2":"","author_info_v2":{"name":"Sara","url":"https:\/\/effetquebec.ca\/en\/author\/saraxnquebec-co\/"},"comments_num_v2":"0 comments","acf":[],"yoast_head":"<!-- This site is optimized with the Yoast SEO plugin v27.4 - https:\/\/yoast.com\/product\/yoast-seo-wordpress\/ -->\n<title>Spectacle vivant, sc\u00e8nes num\u00e9riques (SVSN)\u00a0\u2013 Quebec delegation 2025 - L\u2019Effet Qu\u00e9bec<\/title>\n<meta name=\"description\" content=\"Du 5 au 8 juin 2024, Avignon (FRANCE).\" \/>\n<meta name=\"robots\" content=\"index, follow, max-snippet:-1, max-image-preview:large, max-video-preview:-1\" \/>\n<link rel=\"canonical\" href=\"https:\/\/effetquebec.ca\/en\/eventlist\/spectacle-vivant-scenes-numeriques-svsn-quebec-delegation-2025\/\" \/>\n<meta property=\"og:locale\" content=\"en_US\" \/>\n<meta property=\"og:type\" content=\"article\" \/>\n<meta property=\"og:title\" content=\"Spectacle vivant, sc\u00e8nes num\u00e9riques (SVSN)\u00a0\u2013 Quebec delegation 2025 - L\u2019Effet Qu\u00e9bec\" \/>\n<meta property=\"og:description\" content=\"Du 5 au 8 juin 2024, Avignon (FRANCE).\" \/>\n<meta property=\"og:url\" content=\"https:\/\/effetquebec.ca\/en\/eventlist\/spectacle-vivant-scenes-numeriques-svsn-quebec-delegation-2025\/\" \/>\n<meta property=\"og:site_name\" content=\"L\u2019Effet Qu\u00e9bec\" \/>\n<meta property=\"article:publisher\" content=\"https:\/\/www.facebook.com\/XnQuebec\" \/>\n<meta property=\"article:modified_time\" content=\"2025-07-03T20:03:42+00:00\" \/>\n<meta property=\"og:image\" content=\"https:\/\/effetquebec.ca\/wp-content\/uploads\/2025\/06\/SVSN25-1080X1080-en.jpg\" \/>\n\t<meta property=\"og:image:width\" content=\"1080\" \/>\n\t<meta property=\"og:image:height\" content=\"1080\" \/>\n\t<meta property=\"og:image:type\" content=\"image\/jpeg\" \/>\n<meta name=\"twitter:card\" content=\"summary_large_image\" \/>\n<meta name=\"twitter:label1\" content=\"Est. reading time\" \/>\n\t<meta name=\"twitter:data1\" content=\"7 minutes\" \/>\n<script type=\"application\/ld+json\" class=\"yoast-schema-graph\">{\"@context\":\"https:\\\/\\\/schema.org\",\"@graph\":[{\"@type\":\"Article\",\"@id\":\"https:\\\/\\\/effetquebec.ca\\\/en\\\/eventlist\\\/spectacle-vivant-scenes-numeriques-svsn-quebec-delegation-2025\\\/#article\",\"isPartOf\":{\"@id\":\"https:\\\/\\\/effetquebec.ca\\\/en\\\/eventlist\\\/spectacle-vivant-scenes-numeriques-svsn-quebec-delegation-2025\\\/\"},\"author\":{\"name\":\"Sara\",\"@id\":\"https:\\\/\\\/effetquebec.ca\\\/en\\\/#\\\/schema\\\/person\\\/940ef39453e3e18284e90f021ae27fae\"},\"headline\":\"Spectacle vivant, sc\u00e8nes num\u00e9riques (SVSN)\u00a0\u2013 Quebec delegation 2025\",\"datePublished\":\"2025-06-20T13:31:25+00:00\",\"dateModified\":\"2025-07-03T20:03:42+00:00\",\"mainEntityOfPage\":{\"@id\":\"https:\\\/\\\/effetquebec.ca\\\/en\\\/eventlist\\\/spectacle-vivant-scenes-numeriques-svsn-quebec-delegation-2025\\\/\"},\"wordCount\":1508,\"publisher\":{\"@id\":\"https:\\\/\\\/effetquebec.ca\\\/en\\\/#organization\"},\"image\":{\"@id\":\"https:\\\/\\\/effetquebec.ca\\\/en\\\/eventlist\\\/spectacle-vivant-scenes-numeriques-svsn-quebec-delegation-2025\\\/#primaryimage\"},\"thumbnailUrl\":\"https:\\\/\\\/effetquebec.ca\\\/wp-content\\\/uploads\\\/2025\\\/06\\\/SVSN25-1080X1080-en.jpg\",\"inLanguage\":\"en-CA\"},{\"@type\":\"WebPage\",\"@id\":\"https:\\\/\\\/effetquebec.ca\\\/en\\\/eventlist\\\/spectacle-vivant-scenes-numeriques-svsn-quebec-delegation-2025\\\/\",\"url\":\"https:\\\/\\\/effetquebec.ca\\\/en\\\/eventlist\\\/spectacle-vivant-scenes-numeriques-svsn-quebec-delegation-2025\\\/\",\"name\":\"Spectacle vivant, sc\u00e8nes num\u00e9riques (SVSN)\u00a0\u2013 Quebec delegation 2025 - L\u2019Effet Qu\u00e9bec\",\"isPartOf\":{\"@id\":\"https:\\\/\\\/effetquebec.ca\\\/en\\\/#website\"},\"primaryImageOfPage\":{\"@id\":\"https:\\\/\\\/effetquebec.ca\\\/en\\\/eventlist\\\/spectacle-vivant-scenes-numeriques-svsn-quebec-delegation-2025\\\/#primaryimage\"},\"image\":{\"@id\":\"https:\\\/\\\/effetquebec.ca\\\/en\\\/eventlist\\\/spectacle-vivant-scenes-numeriques-svsn-quebec-delegation-2025\\\/#primaryimage\"},\"thumbnailUrl\":\"https:\\\/\\\/effetquebec.ca\\\/wp-content\\\/uploads\\\/2025\\\/06\\\/SVSN25-1080X1080-en.jpg\",\"datePublished\":\"2025-06-20T13:31:25+00:00\",\"dateModified\":\"2025-07-03T20:03:42+00:00\",\"description\":\"Du 5 au 8 juin 2024, Avignon (FRANCE).\",\"breadcrumb\":{\"@id\":\"https:\\\/\\\/effetquebec.ca\\\/en\\\/eventlist\\\/spectacle-vivant-scenes-numeriques-svsn-quebec-delegation-2025\\\/#breadcrumb\"},\"inLanguage\":\"en-CA\",\"potentialAction\":[{\"@type\":\"ReadAction\",\"target\":[\"https:\\\/\\\/effetquebec.ca\\\/en\\\/eventlist\\\/spectacle-vivant-scenes-numeriques-svsn-quebec-delegation-2025\\\/\"]}]},{\"@type\":\"ImageObject\",\"inLanguage\":\"en-CA\",\"@id\":\"https:\\\/\\\/effetquebec.ca\\\/en\\\/eventlist\\\/spectacle-vivant-scenes-numeriques-svsn-quebec-delegation-2025\\\/#primaryimage\",\"url\":\"https:\\\/\\\/effetquebec.ca\\\/wp-content\\\/uploads\\\/2025\\\/06\\\/SVSN25-1080X1080-en.jpg\",\"contentUrl\":\"https:\\\/\\\/effetquebec.ca\\\/wp-content\\\/uploads\\\/2025\\\/06\\\/SVSN25-1080X1080-en.jpg\",\"width\":1080,\"height\":1080},{\"@type\":\"BreadcrumbList\",\"@id\":\"https:\\\/\\\/effetquebec.ca\\\/en\\\/eventlist\\\/spectacle-vivant-scenes-numeriques-svsn-quebec-delegation-2025\\\/#breadcrumb\",\"itemListElement\":[{\"@type\":\"ListItem\",\"position\":1,\"name\":\"Accueil\",\"item\":\"https:\\\/\\\/effetquebec.ca\\\/en\\\/\"},{\"@type\":\"ListItem\",\"position\":2,\"name\":\"Events\",\"item\":\"https:\\\/\\\/effetquebec.ca\\\/en\\\/eventlist\\\/\"},{\"@type\":\"ListItem\",\"position\":3,\"name\":\"Spectacle vivant, sc\u00e8nes num\u00e9riques (SVSN)\u00a0\u2013 Quebec delegation 2025\"}]},{\"@type\":\"WebSite\",\"@id\":\"https:\\\/\\\/effetquebec.ca\\\/en\\\/#website\",\"url\":\"https:\\\/\\\/effetquebec.ca\\\/en\\\/\",\"name\":\"L\u2019Effet Qu\u00e9bec\",\"description\":\"P\u00f4le d\u2019expertise en exportation\",\"publisher\":{\"@id\":\"https:\\\/\\\/effetquebec.ca\\\/en\\\/#organization\"},\"potentialAction\":[{\"@type\":\"SearchAction\",\"target\":{\"@type\":\"EntryPoint\",\"urlTemplate\":\"https:\\\/\\\/effetquebec.ca\\\/en\\\/?s={search_term_string}\"},\"query-input\":{\"@type\":\"PropertyValueSpecification\",\"valueRequired\":true,\"valueName\":\"search_term_string\"}}],\"inLanguage\":\"en-CA\"},{\"@type\":\"Organization\",\"@id\":\"https:\\\/\\\/effetquebec.ca\\\/en\\\/#organization\",\"name\":\"L\u2019Effet Qu\u00e9bec\",\"url\":\"https:\\\/\\\/effetquebec.ca\\\/en\\\/\",\"logo\":{\"@type\":\"ImageObject\",\"inLanguage\":\"en-CA\",\"@id\":\"https:\\\/\\\/effetquebec.ca\\\/en\\\/#\\\/schema\\\/logo\\\/image\\\/\",\"url\":\"https:\\\/\\\/effetquebec.ca\\\/wp-content\\\/uploads\\\/2026\\\/04\\\/EffetQuebec.LogoVertical.RGB_.Noir-fav-1.png\",\"contentUrl\":\"https:\\\/\\\/effetquebec.ca\\\/wp-content\\\/uploads\\\/2026\\\/04\\\/EffetQuebec.LogoVertical.RGB_.Noir-fav-1.png\",\"width\":512,\"height\":512,\"caption\":\"L\u2019Effet Qu\u00e9bec\"},\"image\":{\"@id\":\"https:\\\/\\\/effetquebec.ca\\\/en\\\/#\\\/schema\\\/logo\\\/image\\\/\"},\"sameAs\":[\"https:\\\/\\\/www.facebook.com\\\/XnQuebec\",\"https:\\\/\\\/www.instagram.com\\\/xnquebec\\\/\",\"https:\\\/\\\/www.linkedin.com\\\/company\\\/xnquebec\\\/\"]},{\"@type\":\"Person\",\"@id\":\"https:\\\/\\\/effetquebec.ca\\\/en\\\/#\\\/schema\\\/person\\\/940ef39453e3e18284e90f021ae27fae\",\"name\":\"Sara\",\"image\":{\"@type\":\"ImageObject\",\"inLanguage\":\"en-CA\",\"@id\":\"https:\\\/\\\/secure.gravatar.com\\\/avatar\\\/2ac530a97fc9db59566fed92cc6d8dd1c6429dd06f37b16d3c1eb34cd2ef8ebf?s=96&d=mm&r=g\",\"url\":\"https:\\\/\\\/secure.gravatar.com\\\/avatar\\\/2ac530a97fc9db59566fed92cc6d8dd1c6429dd06f37b16d3c1eb34cd2ef8ebf?s=96&d=mm&r=g\",\"contentUrl\":\"https:\\\/\\\/secure.gravatar.com\\\/avatar\\\/2ac530a97fc9db59566fed92cc6d8dd1c6429dd06f37b16d3c1eb34cd2ef8ebf?s=96&d=mm&r=g\",\"caption\":\"Sara\"}}]}<\/script>\n<!-- \/ Yoast SEO plugin. -->","yoast_head_json":{"title":"Spectacle vivant, sc\u00e8nes num\u00e9riques (SVSN)\u00a0\u2013 Quebec delegation 2025 - L\u2019Effet Qu\u00e9bec","description":"Du 5 au 8 juin 2024, Avignon (FRANCE).","robots":{"index":"index","follow":"follow","max-snippet":"max-snippet:-1","max-image-preview":"max-image-preview:large","max-video-preview":"max-video-preview:-1"},"canonical":"https:\/\/effetquebec.ca\/en\/eventlist\/spectacle-vivant-scenes-numeriques-svsn-quebec-delegation-2025\/","og_locale":"en_US","og_type":"article","og_title":"Spectacle vivant, sc\u00e8nes num\u00e9riques (SVSN)\u00a0\u2013 Quebec delegation 2025 - L\u2019Effet Qu\u00e9bec","og_description":"Du 5 au 8 juin 2024, Avignon (FRANCE).","og_url":"https:\/\/effetquebec.ca\/en\/eventlist\/spectacle-vivant-scenes-numeriques-svsn-quebec-delegation-2025\/","og_site_name":"L\u2019Effet Qu\u00e9bec","article_publisher":"https:\/\/www.facebook.com\/XnQuebec","article_modified_time":"2025-07-03T20:03:42+00:00","og_image":[{"width":1080,"height":1080,"url":"https:\/\/effetquebec.ca\/wp-content\/uploads\/2025\/06\/SVSN25-1080X1080-en.jpg","type":"image\/jpeg"}],"twitter_card":"summary_large_image","twitter_misc":{"Est. reading time":"7 minutes"},"schema":{"@context":"https:\/\/schema.org","@graph":[{"@type":"Article","@id":"https:\/\/effetquebec.ca\/en\/eventlist\/spectacle-vivant-scenes-numeriques-svsn-quebec-delegation-2025\/#article","isPartOf":{"@id":"https:\/\/effetquebec.ca\/en\/eventlist\/spectacle-vivant-scenes-numeriques-svsn-quebec-delegation-2025\/"},"author":{"name":"Sara","@id":"https:\/\/effetquebec.ca\/en\/#\/schema\/person\/940ef39453e3e18284e90f021ae27fae"},"headline":"Spectacle vivant, sc\u00e8nes num\u00e9riques (SVSN)\u00a0\u2013 Quebec delegation 2025","datePublished":"2025-06-20T13:31:25+00:00","dateModified":"2025-07-03T20:03:42+00:00","mainEntityOfPage":{"@id":"https:\/\/effetquebec.ca\/en\/eventlist\/spectacle-vivant-scenes-numeriques-svsn-quebec-delegation-2025\/"},"wordCount":1508,"publisher":{"@id":"https:\/\/effetquebec.ca\/en\/#organization"},"image":{"@id":"https:\/\/effetquebec.ca\/en\/eventlist\/spectacle-vivant-scenes-numeriques-svsn-quebec-delegation-2025\/#primaryimage"},"thumbnailUrl":"https:\/\/effetquebec.ca\/wp-content\/uploads\/2025\/06\/SVSN25-1080X1080-en.jpg","inLanguage":"en-CA"},{"@type":"WebPage","@id":"https:\/\/effetquebec.ca\/en\/eventlist\/spectacle-vivant-scenes-numeriques-svsn-quebec-delegation-2025\/","url":"https:\/\/effetquebec.ca\/en\/eventlist\/spectacle-vivant-scenes-numeriques-svsn-quebec-delegation-2025\/","name":"Spectacle vivant, sc\u00e8nes num\u00e9riques (SVSN)\u00a0\u2013 Quebec delegation 2025 - L\u2019Effet Qu\u00e9bec","isPartOf":{"@id":"https:\/\/effetquebec.ca\/en\/#website"},"primaryImageOfPage":{"@id":"https:\/\/effetquebec.ca\/en\/eventlist\/spectacle-vivant-scenes-numeriques-svsn-quebec-delegation-2025\/#primaryimage"},"image":{"@id":"https:\/\/effetquebec.ca\/en\/eventlist\/spectacle-vivant-scenes-numeriques-svsn-quebec-delegation-2025\/#primaryimage"},"thumbnailUrl":"https:\/\/effetquebec.ca\/wp-content\/uploads\/2025\/06\/SVSN25-1080X1080-en.jpg","datePublished":"2025-06-20T13:31:25+00:00","dateModified":"2025-07-03T20:03:42+00:00","description":"Du 5 au 8 juin 2024, Avignon (FRANCE).","breadcrumb":{"@id":"https:\/\/effetquebec.ca\/en\/eventlist\/spectacle-vivant-scenes-numeriques-svsn-quebec-delegation-2025\/#breadcrumb"},"inLanguage":"en-CA","potentialAction":[{"@type":"ReadAction","target":["https:\/\/effetquebec.ca\/en\/eventlist\/spectacle-vivant-scenes-numeriques-svsn-quebec-delegation-2025\/"]}]},{"@type":"ImageObject","inLanguage":"en-CA","@id":"https:\/\/effetquebec.ca\/en\/eventlist\/spectacle-vivant-scenes-numeriques-svsn-quebec-delegation-2025\/#primaryimage","url":"https:\/\/effetquebec.ca\/wp-content\/uploads\/2025\/06\/SVSN25-1080X1080-en.jpg","contentUrl":"https:\/\/effetquebec.ca\/wp-content\/uploads\/2025\/06\/SVSN25-1080X1080-en.jpg","width":1080,"height":1080},{"@type":"BreadcrumbList","@id":"https:\/\/effetquebec.ca\/en\/eventlist\/spectacle-vivant-scenes-numeriques-svsn-quebec-delegation-2025\/#breadcrumb","itemListElement":[{"@type":"ListItem","position":1,"name":"Accueil","item":"https:\/\/effetquebec.ca\/en\/"},{"@type":"ListItem","position":2,"name":"Events","item":"https:\/\/effetquebec.ca\/en\/eventlist\/"},{"@type":"ListItem","position":3,"name":"Spectacle vivant, sc\u00e8nes num\u00e9riques (SVSN)\u00a0\u2013 Quebec delegation 2025"}]},{"@type":"WebSite","@id":"https:\/\/effetquebec.ca\/en\/#website","url":"https:\/\/effetquebec.ca\/en\/","name":"L\u2019Effet Qu\u00e9bec","description":"P\u00f4le d\u2019expertise en exportation","publisher":{"@id":"https:\/\/effetquebec.ca\/en\/#organization"},"potentialAction":[{"@type":"SearchAction","target":{"@type":"EntryPoint","urlTemplate":"https:\/\/effetquebec.ca\/en\/?s={search_term_string}"},"query-input":{"@type":"PropertyValueSpecification","valueRequired":true,"valueName":"search_term_string"}}],"inLanguage":"en-CA"},{"@type":"Organization","@id":"https:\/\/effetquebec.ca\/en\/#organization","name":"L\u2019Effet Qu\u00e9bec","url":"https:\/\/effetquebec.ca\/en\/","logo":{"@type":"ImageObject","inLanguage":"en-CA","@id":"https:\/\/effetquebec.ca\/en\/#\/schema\/logo\/image\/","url":"https:\/\/effetquebec.ca\/wp-content\/uploads\/2026\/04\/EffetQuebec.LogoVertical.RGB_.Noir-fav-1.png","contentUrl":"https:\/\/effetquebec.ca\/wp-content\/uploads\/2026\/04\/EffetQuebec.LogoVertical.RGB_.Noir-fav-1.png","width":512,"height":512,"caption":"L\u2019Effet Qu\u00e9bec"},"image":{"@id":"https:\/\/effetquebec.ca\/en\/#\/schema\/logo\/image\/"},"sameAs":["https:\/\/www.facebook.com\/XnQuebec","https:\/\/www.instagram.com\/xnquebec\/","https:\/\/www.linkedin.com\/company\/xnquebec\/"]},{"@type":"Person","@id":"https:\/\/effetquebec.ca\/en\/#\/schema\/person\/940ef39453e3e18284e90f021ae27fae","name":"Sara","image":{"@type":"ImageObject","inLanguage":"en-CA","@id":"https:\/\/secure.gravatar.com\/avatar\/2ac530a97fc9db59566fed92cc6d8dd1c6429dd06f37b16d3c1eb34cd2ef8ebf?s=96&d=mm&r=g","url":"https:\/\/secure.gravatar.com\/avatar\/2ac530a97fc9db59566fed92cc6d8dd1c6429dd06f37b16d3c1eb34cd2ef8ebf?s=96&d=mm&r=g","contentUrl":"https:\/\/secure.gravatar.com\/avatar\/2ac530a97fc9db59566fed92cc6d8dd1c6429dd06f37b16d3c1eb34cd2ef8ebf?s=96&d=mm&r=g","caption":"Sara"}}]}},"_links":{"self":[{"href":"https:\/\/effetquebec.ca\/en\/wp-json\/wp\/v2\/evenements\/19939","targetHints":{"allow":["GET"]}}],"collection":[{"href":"https:\/\/effetquebec.ca\/en\/wp-json\/wp\/v2\/evenements"}],"about":[{"href":"https:\/\/effetquebec.ca\/en\/wp-json\/wp\/v2\/types\/evenements"}],"author":[{"embeddable":true,"href":"https:\/\/effetquebec.ca\/en\/wp-json\/wp\/v2\/users\/118"}],"wp:featuredmedia":[{"embeddable":true,"href":"https:\/\/effetquebec.ca\/en\/wp-json\/wp\/v2\/media\/19944"}],"wp:attachment":[{"href":"https:\/\/effetquebec.ca\/en\/wp-json\/wp\/v2\/media?parent=19939"}],"curies":[{"name":"wp","href":"https:\/\/api.w.org\/{rel}","templated":true}]}}