{"id":20126,"date":"2025-09-24T17:28:37","date_gmt":"2025-09-24T21:28:37","guid":{"rendered":"https:\/\/effetquebec.ca\/?post_type=evenements&#038;p=20126"},"modified":"2025-09-29T10:30:34","modified_gmt":"2025-09-29T14:30:34","slug":"mutek-mx-quebec-professional-delegation-2025","status":"publish","type":"evenements","link":"https:\/\/effetquebec.ca\/en\/eventlist\/mutek-mx-quebec-professional-delegation-2025\/","title":{"rendered":"MUTEK MX &#8211; Qu\u00e9bec Professional Delegation 2025"},"content":{"rendered":"\n<div class=\"alignfull wp-block-ugb-container ugb-container ugb-4902473 ugb-container--v2 ugb-container--design-basic ugb-main-block\"><style>.ugb-4902473-wrapper.ugb-container__wrapper{background-color:#000000 !important}.ugb-4902473-wrapper.ugb-container__wrapper:before{background-color:#000000 !important}.ugb-4902473-content-wrapper > h1,.ugb-4902473-content-wrapper > h2,.ugb-4902473-content-wrapper > h3,.ugb-4902473-content-wrapper > h4,.ugb-4902473-content-wrapper > h5,.ugb-4902473-content-wrapper > h6{color:#ffffff}.ugb-4902473-content-wrapper > p,.ugb-4902473-content-wrapper > ol li,.ugb-4902473-content-wrapper > ul li{color:#ffffff}@media screen and (min-width:768px){.ugb-4902473-content-wrapper.ugb-container__content-wrapper{width:90% !important}.ugb-4902473.ugb-container{margin-top:0px !important;padding-top:0px !important;padding-right:0px !important;padding-bottom:35px !important;padding-left:0px !important}}@media screen and (min-width:768px){.ugb-4902473 > .ugb-inner-block > .ugb-block-content > *{padding-top:0px !important;padding-bottom:0px !important;padding-right:0px !important;padding-left:0px !important}}<\/style><div class=\"ugb-inner-block\"><div class=\"ugb-block-content\"><div class=\"ugb-container__wrapper ugb-4902473-wrapper ugb--shadow-0\"><div class=\"ugb-container__side\"><div class=\"ugb-container__content-wrapper ugb-4902473-content-wrapper\">\n<div class=\"alignwide wp-block-ugb-container ugb-container ugb-3b907d8 ugb-container--v2 ugb-container--design-basic ugb-main-block\"><style>.ugb-3b907d8-wrapper.ugb-container__wrapper{background-color:#000000 !important}.ugb-3b907d8-wrapper.ugb-container__wrapper:before{background-color:#000000 !important}.ugb-3b907d8 h1,.ugb-3b907d8 h2,.ugb-3b907d8 h3,.ugb-3b907d8 h4,.ugb-3b907d8 h5,.ugb-3b907d8 h6{color:#ffffff}.ugb-3b907d8 p,.ugb-3b907d8 li,.ugb-3b907d8 label,.ugb-3b907d8 table{color:#ffffff}.ugb-3b907d8-content-wrapper > h1,.ugb-3b907d8-content-wrapper > h2,.ugb-3b907d8-content-wrapper > h3,.ugb-3b907d8-content-wrapper > h4,.ugb-3b907d8-content-wrapper > h5,.ugb-3b907d8-content-wrapper > h6{color:#ffffff}.ugb-3b907d8-content-wrapper > p,.ugb-3b907d8-content-wrapper > ol li,.ugb-3b907d8-content-wrapper > ul li{color:#ffffff}@media screen and (min-width:768px){.ugb-3b907d8-content-wrapper.ugb-container__content-wrapper{width:90% !important}.ugb-3b907d8.ugb-container{margin-top:35px !important;margin-right:-113px !important;padding-top:35px !important;padding-right:35px !important;padding-bottom:35px !important;padding-left:35px !important}}@media screen and (min-width:768px){.ugb-3b907d8 > .ugb-inner-block > .ugb-block-content > *{padding-top:0px !important;padding-bottom:0px !important;padding-right:0px !important;padding-left:0px !important}}<\/style><div class=\"ugb-inner-block\"><div class=\"ugb-block-content\"><div class=\"ugb-container__wrapper ugb-3b907d8-wrapper ugb--shadow-0\"><div class=\"ugb-container__side\"><div class=\"ugb-container__content-wrapper ugb-3b907d8-content-wrapper\"><div class=\"wp-block-image is-style-default\">\n<figure data-wp-context=\"{&quot;imageId&quot;:&quot;69f37443d9822&quot;}\" data-wp-interactive=\"core\/image\" data-wp-key=\"69f37443d9822\" class=\"alignleft size-full is-resized wp-lightbox-container\"><img loading=\"lazy\" decoding=\"async\" width=\"1080\" height=\"1080\" data-wp-class--hide=\"state.isContentHidden\" data-wp-class--show=\"state.isContentVisible\" data-wp-init=\"callbacks.setButtonStyles\" data-wp-on--click=\"actions.showLightbox\" data-wp-on--load=\"callbacks.setButtonStyles\" data-wp-on-window--resize=\"callbacks.setButtonStyles\" src=\"https:\/\/effetquebec.ca\/wp-content\/uploads\/2025\/09\/MUTEK-MEX-EN-2025.png\" alt=\"\" class=\"wp-image-20154\" style=\"width:500px\" srcset=\"https:\/\/effetquebec.ca\/wp-content\/uploads\/2025\/09\/MUTEK-MEX-EN-2025.png 1080w, https:\/\/effetquebec.ca\/wp-content\/uploads\/2025\/09\/MUTEK-MEX-EN-2025-250x250.png 250w, https:\/\/effetquebec.ca\/wp-content\/uploads\/2025\/09\/MUTEK-MEX-EN-2025-700x700.png 700w, https:\/\/effetquebec.ca\/wp-content\/uploads\/2025\/09\/MUTEK-MEX-EN-2025-150x150.png 150w, https:\/\/effetquebec.ca\/wp-content\/uploads\/2025\/09\/MUTEK-MEX-EN-2025-768x768.png 768w, https:\/\/effetquebec.ca\/wp-content\/uploads\/2025\/09\/MUTEK-MEX-EN-2025-120x120.png 120w\" sizes=\"auto, (max-width: 1080px) 100vw, 1080px\" \/><button\n\t\t\tclass=\"lightbox-trigger\"\n\t\t\ttype=\"button\"\n\t\t\taria-haspopup=\"dialog\"\n\t\t\taria-label=\"Enlarge\"\n\t\t\tdata-wp-init=\"callbacks.initTriggerButton\"\n\t\t\tdata-wp-on--click=\"actions.showLightbox\"\n\t\t\tdata-wp-style--right=\"state.imageButtonRight\"\n\t\t\tdata-wp-style--top=\"state.imageButtonTop\"\n\t\t>\n\t\t\t<svg xmlns=\"http:\/\/www.w3.org\/2000\/svg\" width=\"12\" height=\"12\" fill=\"none\" viewBox=\"0 0 12 12\">\n\t\t\t\t<path fill=\"#fff\" d=\"M2 0a2 2 0 0 0-2 2v2h1.5V2a.5.5 0 0 1 .5-.5h2V0H2Zm2 10.5H2a.5.5 0 0 1-.5-.5V8H0v2a2 2 0 0 0 2 2h2v-1.5ZM8 12v-1.5h2a.5.5 0 0 0 .5-.5V8H12v2a2 2 0 0 1-2 2H8Zm2-12a2 2 0 0 1 2 2v2h-1.5V2a.5.5 0 0 0-.5-.5H8V0h2Z\" \/>\n\t\t\t<\/svg>\n\t\t<\/button><\/figure>\n<\/div>\n\n\n<h1 class=\"wp-block-heading has-x-large-font-size\">MUTEK MEXICO 2025<\/h1>\n\n\n\n<p>October 8-11, 2025,<br>Mexico City (Mexico).<\/p>\n\n\n\n<p><br>L&#8217;Effet Qu\u00e9bec \u2014an initiative of Xn Qu\u00e9bec\u2014in collaboration with MUTEK Montreal is organizing a second-year Quebec delegation of studio producers, creators, broadcasters, distributors, and cultural venues dedicated to digital creativity to participate in MUTEK Mexico 2025.<\/p>\n\n\n\n<p>In addition to the activities planned as part of the festival, personalized B2B meetings and visits to studios and cultural venues will be organized to foster connections with the Mexican creative ecosystem.<\/p>\n\n\n\n<p>The delegation receives financial support from SODEC and the CMF, and is organized with the support of the D\u00e9l\u00e9gation g\u00e9n\u00e9rale du Qu\u00e9bec \u00e0 Mexico, MUTEK Mexico and the Centro de Cultura Digital. <\/p>\n\n\n\n<div style=\"height:41px\" aria-hidden=\"true\" class=\"wp-block-spacer\"><\/div>\n<\/div><\/div><\/div><\/div><\/div><\/div>\n<\/div><\/div><\/div><\/div><\/div><\/div>\n\n\n\n<div style=\"height:32px\" aria-hidden=\"true\" class=\"wp-block-spacer\"><\/div>\n\n\n\n<div class=\"wp-block-columns alignwide are-vertically-aligned-center is-layout-flex wp-container-core-columns-is-layout-9d6595d7 wp-block-columns-is-layout-flex\">\n<div class=\"wp-block-column is-vertically-aligned-center is-layout-flow wp-block-column-is-layout-flow\"><div class=\"wp-block-image\">\n<figure class=\"aligncenter size-full is-resized\"><a href=\"https:\/\/montreal.mutek.org\/fr\"><img loading=\"lazy\" decoding=\"async\" width=\"1940\" height=\"329\" src=\"https:\/\/effetquebec.ca\/wp-content\/uploads\/2024\/03\/LOGO_MUTEK_2017.png\" alt=\"\" class=\"wp-image-16604\" style=\"width:192px;height:auto\" srcset=\"https:\/\/effetquebec.ca\/wp-content\/uploads\/2024\/03\/LOGO_MUTEK_2017.png 1940w, https:\/\/effetquebec.ca\/wp-content\/uploads\/2024\/03\/LOGO_MUTEK_2017-250x42.png 250w, https:\/\/effetquebec.ca\/wp-content\/uploads\/2024\/03\/LOGO_MUTEK_2017-700x119.png 700w, https:\/\/effetquebec.ca\/wp-content\/uploads\/2024\/03\/LOGO_MUTEK_2017-768x130.png 768w, https:\/\/effetquebec.ca\/wp-content\/uploads\/2024\/03\/LOGO_MUTEK_2017-1536x260.png 1536w, https:\/\/effetquebec.ca\/wp-content\/uploads\/2024\/03\/LOGO_MUTEK_2017-120x20.png 120w\" sizes=\"auto, (max-width: 1940px) 100vw, 1940px\" \/><\/a><\/figure>\n<\/div><\/div>\n\n\n\n<div class=\"wp-block-column is-vertically-aligned-center is-layout-flow wp-block-column-is-layout-flow\"><div class=\"wp-block-image\">\n<figure class=\"aligncenter size-full is-resized\"><a href=\"https:\/\/www.xnquebec.co\/\"><img loading=\"lazy\" decoding=\"async\" width=\"851\" height=\"324\" src=\"https:\/\/effetquebec.ca\/wp-content\/uploads\/2022\/04\/XnQUEBEC_FR_rgb.jpg\" alt=\"\" class=\"wp-image-6218\" style=\"width:192px;height:auto\" srcset=\"https:\/\/effetquebec.ca\/wp-content\/uploads\/2022\/04\/XnQUEBEC_FR_rgb.jpg 851w, https:\/\/effetquebec.ca\/wp-content\/uploads\/2022\/04\/XnQUEBEC_FR_rgb-250x95.jpg 250w, https:\/\/effetquebec.ca\/wp-content\/uploads\/2022\/04\/XnQUEBEC_FR_rgb-700x267.jpg 700w, https:\/\/effetquebec.ca\/wp-content\/uploads\/2022\/04\/XnQUEBEC_FR_rgb-768x292.jpg 768w, https:\/\/effetquebec.ca\/wp-content\/uploads\/2022\/04\/XnQUEBEC_FR_rgb-120x46.jpg 120w\" sizes=\"auto, (max-width: 851px) 100vw, 851px\" \/><\/a><\/figure>\n<\/div><\/div>\n\n\n\n<div class=\"wp-block-column is-vertically-aligned-center is-layout-flow wp-block-column-is-layout-flow\"><div class=\"wp-block-image\">\n<figure class=\"aligncenter size-full is-resized\"><img loading=\"lazy\" decoding=\"async\" width=\"449\" height=\"514\" src=\"https:\/\/effetquebec.ca\/wp-content\/uploads\/2023\/06\/logo-effet-quebec_BLACK-1.png\" alt=\"\" class=\"wp-image-14675\" style=\"aspect-ratio:0.8682170542635659;width:76px;height:auto\" srcset=\"https:\/\/effetquebec.ca\/wp-content\/uploads\/2023\/06\/logo-effet-quebec_BLACK-1.png 449w, https:\/\/effetquebec.ca\/wp-content\/uploads\/2023\/06\/logo-effet-quebec_BLACK-1-250x286.png 250w, https:\/\/effetquebec.ca\/wp-content\/uploads\/2023\/06\/logo-effet-quebec_BLACK-1-120x137.png 120w\" sizes=\"auto, (max-width: 449px) 100vw, 449px\" \/><\/figure>\n<\/div><\/div>\n\n\n\n<div class=\"wp-block-column is-vertically-aligned-center is-layout-flow wp-block-column-is-layout-flow\"><div class=\"wp-block-image\">\n<figure class=\"aligncenter size-full is-resized\"><img loading=\"lazy\" decoding=\"async\" width=\"3468\" height=\"896\" src=\"https:\/\/effetquebec.ca\/wp-content\/uploads\/2025\/09\/CMF-Logo-Sponsorship-BIL-F-2C-Horiz-Blue-P2935Black-POS-RGB.png\" alt=\"\" class=\"wp-image-20056\" style=\"width:197px;height:auto\" srcset=\"https:\/\/effetquebec.ca\/wp-content\/uploads\/2025\/09\/CMF-Logo-Sponsorship-BIL-F-2C-Horiz-Blue-P2935Black-POS-RGB.png 3468w, https:\/\/effetquebec.ca\/wp-content\/uploads\/2025\/09\/CMF-Logo-Sponsorship-BIL-F-2C-Horiz-Blue-P2935Black-POS-RGB-250x65.png 250w, https:\/\/effetquebec.ca\/wp-content\/uploads\/2025\/09\/CMF-Logo-Sponsorship-BIL-F-2C-Horiz-Blue-P2935Black-POS-RGB-700x181.png 700w, https:\/\/effetquebec.ca\/wp-content\/uploads\/2025\/09\/CMF-Logo-Sponsorship-BIL-F-2C-Horiz-Blue-P2935Black-POS-RGB-768x198.png 768w, https:\/\/effetquebec.ca\/wp-content\/uploads\/2025\/09\/CMF-Logo-Sponsorship-BIL-F-2C-Horiz-Blue-P2935Black-POS-RGB-1536x397.png 1536w, https:\/\/effetquebec.ca\/wp-content\/uploads\/2025\/09\/CMF-Logo-Sponsorship-BIL-F-2C-Horiz-Blue-P2935Black-POS-RGB-2048x529.png 2048w, https:\/\/effetquebec.ca\/wp-content\/uploads\/2025\/09\/CMF-Logo-Sponsorship-BIL-F-2C-Horiz-Blue-P2935Black-POS-RGB-120x31.png 120w\" sizes=\"auto, (max-width: 3468px) 100vw, 3468px\" \/><\/figure>\n<\/div><\/div>\n\n\n\n<div class=\"wp-block-column is-vertically-aligned-center is-layout-flow wp-block-column-is-layout-flow\"><div class=\"wp-block-image\">\n<figure class=\"aligncenter size-full is-resized\"><img loading=\"lazy\" decoding=\"async\" width=\"550\" height=\"290\" src=\"https:\/\/effetquebec.ca\/wp-content\/uploads\/2024\/03\/Quebec-Logo-1.png\" alt=\"\" class=\"wp-image-16628\" style=\"width:197px;height:auto\" srcset=\"https:\/\/effetquebec.ca\/wp-content\/uploads\/2024\/03\/Quebec-Logo-1.png 550w, https:\/\/effetquebec.ca\/wp-content\/uploads\/2024\/03\/Quebec-Logo-1-250x132.png 250w, https:\/\/effetquebec.ca\/wp-content\/uploads\/2024\/03\/Quebec-Logo-1-120x63.png 120w\" sizes=\"auto, (max-width: 550px) 100vw, 550px\" \/><\/figure>\n<\/div><\/div>\n<\/div>\n\n\n\n<div class=\"wp-block-ugb-container ugb-container ugb-3da682a ugb-container--v2 ugb-container--design-plain ugb-main-block\"><style>@media screen and (min-width:768px){.ugb-3da682a-content-wrapper.ugb-container__content-wrapper{width:80% !important}}<\/style><div class=\"ugb-inner-block\"><div class=\"ugb-block-content\"><div class=\"ugb-container__wrapper ugb-3da682a-wrapper\"><div class=\"ugb-container__side\"><div class=\"ugb-container__content-wrapper ugb-3da682a-content-wrapper\">\n<div class=\"wp-block-ugb-accordion ugb-accordion ugb-b332568 ugb-accordion--v2 ugb-accordion--design-plain ugb-accordion--open ugb-main-block\" aria-expanded=\"true\"><style>.ugb-b332568 .ugb-accordion__heading{flex-direction:row-reverse}.ugb-b332568 .ugb-accordion__title{font-family:\"Archivo Black\",Sans-serif !important;font-size:26px !important;color:#000000}.ugb-b332568.ugb-accordion{opacity:1 !important}<\/style><div class=\"ugb-inner-block\"><div class=\"ugb-block-content\"><div class=\"ugb-accordion__item\"><div class=\"ugb-accordion__heading\" role=\"button\" tabindex=\"0\"><h4 class=\"ugb-accordion__title\">ABOUT MUTEK MX<\/h4><svg xmlns=\"http:\/\/www.w3.org\/2000\/svg\" viewBox=\"0 0 20 20\" class=\"ugb-accordion__arrow\" width=\"20\" height=\"20\"><path d=\"M16.7 3.3L10 10 3.3 3.4 0 6.7l10 10v-.1l10-9.9z\"><\/path><\/svg><\/div><div class=\"ugb-accordion__content\" role=\"region\"><div class=\"ugb-accordion__content-inner\">\n<p>For more than 20 years now, <a href=\"https:\/\/montreal.mutek.org\/\">MUTEK<\/a>, the international festival of digital creativity, has been fostering ties between Montreal and Mexico City, and between Quebec, Mexico, and Latin America.<\/p>\n\n\n\n<p>Year after year, <a href=\"https:\/\/mexico.mutek.org\/en\">MUTEK Mexico<\/a> has renewed its commitment to developing cutting-edge and daring programming, helping to position Mexico City as a platform for exchange around new trends in digital creativity and technology, both locally and internationally. <br>For Quebec creators, the event provides a privileged landing point in Latin America while connecting them to global artistic trends.<\/p>\n<\/div><\/div><\/div><\/div><\/div><\/div>\n<\/div><\/div><\/div><\/div><\/div><\/div>\n\n\n\n<div class=\"wp-block-ugb-heading ugb-heading ugb-35d6d33 ugb-main-block ugb--has-custom-content-width\"><style>.ugb-35d6d33 .ugb-heading__title{font-size:32px !important;line-height:1.4em !important;text-align:left}.ugb-35d6d33 .ugb-heading__top-line{margin-left:0 !important;margin-right:auto !important}.ugb-35d6d33 .ugb-inner-block{text-align:left}.ugb-35d6d33.ugb-heading > .ugb-inner-block{max-width:80% !important}@media screen and (max-width:768px){.ugb-35d6d33 .ugb-heading__title{font-size:21px !important}}<\/style><div class=\"ugb-inner-block\"><div class=\"ugb-block-content\"><div class=\"ugb-heading__top-line\"><\/div><h2 class=\"ugb-heading__title\">Selection of studios, producers, broadcasters and cultural venues participating in the mission<\/h2><\/div><\/div><\/div>\n\n\n\n<div class=\"alignfull wp-block-ugb-feature ugb-feature ugb-4633cab ugb-feature--v2 ugb-feature--design-half ugb-feature--invert ugb-main-block ugb-main-block--inner-full ugb--has-block-background\"><style>.ugb-4633cab .ugb-feature__item{border-radius:0px !important}.ugb-4633cab .ugb-feature__content{background-color:#000000 !important}.ugb-4633cab .ugb-feature__content:before{background-color:#000000 !important}.ugb-4633cab .ugb-feature__image{background-image:url(https:\/\/effetquebec.ca\/wp-content\/uploads\/2025\/09\/TRACES_Horizontal-10_Courtesy-of-Couzin-Films_141306-5920x2880-1.png)}.ugb-4633cab .ugb-feature__title{font-family:\"Archivo Black\",Sans-serif !important;font-weight:500 !important;color:var(--stk-global-color-88711,#313131)}.ugb-4633cab .ugb-feature__description{color:#ffffff;margin-bottom:16px !important}.ugb-4633cab .ugb-button .ugb-button--inner{font-family:\"Lato\",Sans-serif !important}.ugb-4633cab .ugb-button{background-color:var(--stk-global-color-37811,#732fb7);border-radius:100px !important}.ugb-4633cab .ugb-button .ugb-button--inner,.ugb-4633cab .ugb-button svg:not(.ugb-custom-icon){color:#ffffff !important}.ugb-4633cab .ugb-button:before{border-radius:100px !important}.ugb-4633cab .ugb-button-container{margin-bottom:50px !important}.ugb-4633cab.ugb-feature{background-color:rgba(0,0,0,1)}.ugb-4633cab{padding:0 !important}.ugb-4633cab.ugb-feature:before{background-color:#000000}@media screen and (min-width:768px){.ugb-4633cab.ugb-feature{padding-right:0px !important;padding-left:0px !important}}<\/style><div class=\"ugb-inner-block ugb-inner-block--full\"><div class=\"ugb-block-content\"><div class=\"ugb-feature__item ugb--shadow-0\"><div class=\"ugb-feature__content\"><h3 class=\"ugb-feature__title\"><span style=\"\" class=\"ugb-highlight\"><font color=\"#ffffff\"><span style=\"font-size: 21.06px;\">COUZIN FILMS<\/span><\/font><\/span><\/h3><p class=\"ugb-feature__description\"><strong>Ziad Touma <\/strong> &#8211; President \/ Producer<br><strong><br><\/strong>Based in Montreal, Couzin Studio recently premiered at SXSW XR Competition 2025 the LBE VR experience TRACES: The Grief Processor, by Vali Fugulin, also selected at BIFAN (Seoul) and nominated for Best XR Experience at the Games for Change Awards (NYC). In 2021, it launched the interactive VR experience The Passengers, directed by Ziad Touma, that won the Canadian Screen Award for Best Interactive Fiction and competed at Tribeca, SXSW, Cannes XR, Kaohsiung, etc. Couzin Studio is currently developing the Caribbean-themed VR project Naniki by Oonya Kempadoo.<br><br><br>Featured projects: <br><strong><a href=\"https:\/\/www.couzinfilms.com\/en\/productions\/traces\">Traces: The Grief Processor<br><\/a><\/strong>Traces: The Grief Processor, is a multi-user interactive VR experience inviting you to poetically explore your grief\u2014whether from the loss of a friendship, a home, a dream, or even a a loved one\u2014in a personalized and introspective way. Led by a ritualist and shaped by the creator\u2019s personal journey, the experience unfolds within a dreamlike forest, where each step gently unveils a new facet of grief. In this space, grief is not just something to overcome but rather something to be acknowledged, expressed, and integrated into the fabric of life. A playful yet profound documentary-based odyssey, Traces guides its participants through the universal complexities of loss, helping them emerge with a renewed sense of emotional insight, resilience and connection. Location-based free-roaming 25 min. VR experience for 2 to 4 simultaneous users.<br><br><strong>Naniki<\/strong><br>Naniki is a large-scale VR experience adapted from Oonya Kempadoo\u2019s award-winning novel. It immerses participants in the love story of Amana (sea being) and Skelele (sky being), accompanied by their animal guides, the Naniki (meaning &#8220;active spirit&#8221; in Ta\u00edno).<br>The narrative unfolds in a vibrant coral reef, futuristic Caribbean cities, and ancestral pasts through art and ritual, culminating in a carnival. An environmental crisis transforms the journey into one of collective care and renewal, requiring interaction. The project is rooted in Caribbean heritage and aims to convey themes of spirit, resilience, and ecological awareness.<br><\/p><div class=\"ugb-button-container\"><a class=\"ugb-button ugb-button--size-small ugb--hover-effect-lift\" href=\"https:\/\/www.couzinfilms.com\/en\" target=\"_blank\" rel=\"noopener noreferrer nofollow\" title=\"\"><span class=\"ugb-button--inner\">Read more<\/span><\/a><\/div><\/div><div class=\"ugb-feature__image\"><\/div><\/div><\/div><\/div><\/div>\n\n\n\n<div class=\"alignfull wp-block-ugb-feature ugb-feature ugb-2dc21f0 ugb-feature--v2 ugb-feature--design-half ugb-main-block ugb-main-block--inner-full ugb--has-block-background\"><style>.ugb-2dc21f0 .ugb-feature__item{border-radius:2px !important}.ugb-2dc21f0 .ugb-feature__content{background-color:#000000 !important}.ugb-2dc21f0 .ugb-feature__content:before{background-color:#000000 !important}.ugb-2dc21f0 .ugb-feature__image{background-image:url(https:\/\/effetquebec.ca\/wp-content\/uploads\/2025\/09\/Portfolio_mi-2020-1536x1536-1.webp)}.ugb-2dc21f0 .ugb-feature__title{font-family:\"Archivo Black\",Sans-serif !important;font-weight:500 !important;color:var(--stk-global-color-88711,#313131)}.ugb-2dc21f0 .ugb-feature__description{color:#ffffff;margin-bottom:12px !important}.ugb-2dc21f0 .ugb-button .ugb-button--inner{font-family:\"Lato\",Sans-serif !important}.ugb-2dc21f0 .ugb-button{background-color:var(--stk-global-color-37811,#732fb7);border-radius:100px !important}.ugb-2dc21f0 .ugb-button .ugb-button--inner,.ugb-2dc21f0 .ugb-button svg:not(.ugb-custom-icon){color:#ffffff !important}.ugb-2dc21f0 .ugb-button:before{border-radius:100px !important}.ugb-2dc21f0 .ugb-button-container{margin-bottom:50px !important}.ugb-2dc21f0.ugb-feature{background-color:rgba(0,0,0,1)}.ugb-2dc21f0{padding:0 !important}.ugb-2dc21f0.ugb-feature:before{background-color:#000000}@media screen and (min-width:768px){.ugb-2dc21f0.ugb-feature{padding-right:35px !important;padding-left:35px !important}}<\/style><div class=\"ugb-inner-block ugb-inner-block--full\"><div class=\"ugb-block-content\"><div class=\"ugb-feature__item ugb--shadow-0\"><div class=\"ugb-feature__content\"><h3 class=\"ugb-feature__title\"><span style=\"color: #ffffff;\" class=\"ugb-highlight\">Isotone<\/span><\/h3><p class=\"ugb-feature__description\"><strong>Hugo Fournier<\/strong> &#8211; Co-founder\/AV Artist<br><br>Isotone Studio, founded in 2018 in Montr\u00e9al, is a creative company specializing in the design of immersive audiovisual experiences and innovative digital projects. Originating as an artists\u2019 collective, the studio combines research-creation, performance, and technological design to reach audiences in Quebec and abroad. Hugo Fournier, co-founder and artist, plays a key role in the studio\u2019s artistic direction and project development. His expertise in digital tools and his sensitive, creative approach shape the studio\u2019s distinctive identity and sustained growth.<br><br>Featured projects:<br><strong>Surface Healing<br><\/strong>Surface Healing Live AV : Blurring the lines between physical immersion and emotional healing, Mok-T and Bar Rubinstein present Surface Healing, an audiovisual odyssey. Inspired by the dive reflex and the calming depths of \u201cdeep\u201d music, the duo navigates between introspection and bursts of light, exploring resilience, community, and the dancefloor\u2019s quiet power to heal.<br><br><strong><a href=\"https:\/\/village-numerique.mutek.org\/en\/circuit\/dialogues-by-isotone\">Dialogues<\/a><\/strong><br>Dialogues (2019) invites us into a sensitive immersion where four voices \u2013 two adults familiar with improvisation and two younger novices \u2013 converse with a piano. This polyphony explores self-confidence through hesitation, instinctive impulses, and shades of gender. Each voice embodies an inner facet, between tension and harmony, sketching a path toward self-acceptance. In this suspended space, respect and listening become golden rules, opening the way to experiencing unity within diversity.<br><\/p><div class=\"ugb-button-container\"><a class=\"ugb-button ugb-button--size-small ugb--hover-effect-lift\" href=\"https:\/\/www.isotonestudio.com\/\" target=\"_blank\" rel=\"noopener noreferrer\" title=\"\"><span class=\"ugb-button--inner\">Read more<\/span><\/a><\/div><\/div><div class=\"ugb-feature__image\"><\/div><\/div><\/div><\/div><\/div>\n\n\n\n<div class=\"alignfull wp-block-ugb-feature ugb-feature ugb-0bfc7aa ugb-feature--v2 ugb-feature--design-half ugb-feature--invert ugb-main-block ugb-main-block--inner-full ugb--has-block-background\"><style>.ugb-0bfc7aa .ugb-feature__item{border-radius:0px !important}.ugb-0bfc7aa .ugb-feature__content{background-color:#000000 !important}.ugb-0bfc7aa .ugb-feature__content:before{background-color:#000000 !important}.ugb-0bfc7aa .ugb-feature__image{background-image:url(https:\/\/effetquebec.ca\/wp-content\/uploads\/2025\/09\/BLF25ap_0115-1.jpg)}.ugb-0bfc7aa .ugb-feature__title{font-family:\"Archivo Black\",Sans-serif !important;font-weight:500 !important;color:var(--stk-global-color-88711,#313131)}.ugb-0bfc7aa .ugb-feature__description{color:#ffffff}.ugb-0bfc7aa .ugb-button .ugb-button--inner{font-family:\"Lato\",Sans-serif !important}.ugb-0bfc7aa .ugb-button{background-color:var(--stk-global-color-37811,#732fb7);border-radius:100px !important}.ugb-0bfc7aa .ugb-button .ugb-button--inner,.ugb-0bfc7aa .ugb-button svg:not(.ugb-custom-icon){color:#ffffff !important}.ugb-0bfc7aa .ugb-button:before{border-radius:100px !important}.ugb-0bfc7aa .ugb-button-container{margin-bottom:50px !important}.ugb-0bfc7aa.ugb-feature{background-color:rgba(0,0,0,1)}.ugb-0bfc7aa{padding:0 !important}.ugb-0bfc7aa.ugb-feature:before{background-color:#000000}<\/style><div class=\"ugb-inner-block ugb-inner-block--full\"><div class=\"ugb-block-content\"><div class=\"ugb-feature__item ugb--shadow-0\"><div class=\"ugb-feature__content\"><h3 class=\"ugb-feature__title\"><span style=\"color: #ffffff;\" class=\"stk-highlight\">Ottomata<\/span><\/h3><p class=\"ugb-feature__description\"><strong>Alexandra Papouin<\/strong> &#8211; Business Development Manager<br><br>We\u2019re Ottomata, a Montreal-based experiential design studio founded in 2017. We craft interactive installations and immersive journeys that put physicality at the centre of the story. Using mapping, lasers, holograms, and motion tracking, we invite audiences to play, move, and co-create.<br>Our works tour the globe \u2014 from museums to major festivals \u2014 turning any space into a shared, sustainable, and accessible experience.<br><br>Featured project:<br><a href=\"https:\/\/ottomata.com\/en\/tetra\"><strong>TETRA<\/strong> <\/a><br>TETRA (2024) is an interactive installation that transforms a simple surface into a playful, sensory canvas. A large suspended stretchable screen, rear-projected and touch-sensitive, comes to life through contact; hands, bodies, or even unexpected objects.<br>Every touch triggers real-time visual and sonic reactions: colors ripple, shapes morph, sound responds. Little by little, the piece evolves through the audience\u2019s gestures. Immersive and collective, TETRA invites each participant to influence the whole.<br>No explanations, no wearable tech, TETRA is accessible to all, from kids to adults. It draws you in intuitively, at your own pace. The installation sparks freeform exploration, letting each visitor discover their own way of engaging.<br><\/p><div class=\"ugb-button-container\"><a class=\"ugb-button ugb-button--size-small ugb--hover-effect-lift\" href=\"https:\/\/ottomata.com\/en\/\" target=\"_blank\" rel=\"noopener noreferrer nofollow\" title=\"\"><span class=\"ugb-button--inner\">Read more<\/span><\/a><\/div><\/div><div class=\"ugb-feature__image\"><\/div><\/div><\/div><\/div><\/div>\n\n\n\n<div class=\"alignfull wp-block-ugb-feature ugb-feature ugb-49581d4 ugb-feature--v2 ugb-feature--design-half ugb-main-block ugb-main-block--inner-full ugb--has-block-background\"><style>.ugb-49581d4 .ugb-feature__item{border-radius:2px !important}.ugb-49581d4 .ugb-feature__content{background-color:#000000 !important}.ugb-49581d4 .ugb-feature__content:before{background-color:#000000 !important}.ugb-49581d4 .ugb-feature__image{background-image:url(https:\/\/effetquebec.ca\/wp-content\/uploads\/2024\/09\/1920-1080-phi.png)}.ugb-49581d4 .ugb-feature__title{font-family:\"Archivo Black\",Sans-serif !important;font-weight:500 !important;color:var(--stk-global-color-88711,#313131)}.ugb-49581d4 .ugb-feature__description{color:#ffffff;margin-bottom:12px !important}.ugb-49581d4 .ugb-button .ugb-button--inner{font-family:\"Lato\",Sans-serif !important}.ugb-49581d4 .ugb-button{background-color:var(--stk-global-color-37811,#732fb7);border-radius:100px !important}.ugb-49581d4 .ugb-button .ugb-button--inner,.ugb-49581d4 .ugb-button svg:not(.ugb-custom-icon){color:#ffffff !important}.ugb-49581d4 .ugb-button:before{border-radius:100px !important}.ugb-49581d4 .ugb-button-container{margin-bottom:50px !important}.ugb-49581d4.ugb-feature{background-color:rgba(0,0,0,1)}.ugb-49581d4{padding:0 !important}.ugb-49581d4.ugb-feature:before{background-color:#000000}@media screen and (min-width:768px){.ugb-49581d4.ugb-feature{padding-right:35px !important;padding-left:35px !important}}<\/style><div class=\"ugb-inner-block ugb-inner-block--full\"><div class=\"ugb-block-content\"><div class=\"ugb-feature__item ugb--shadow-0\"><div class=\"ugb-feature__content\"><h3 class=\"ugb-feature__title\"><span style=\"color: #ffffff;\" class=\"ugb-highlight\">PHI<\/span><\/h3><p class=\"ugb-feature__description\"><strong>Renelle Desjardins Chiasson<\/strong> &#8211; Director of Programming<br><br>PHI is a multidisciplinary organization positioned at the intersection of art, film, music, design and technology. Offering a panoramic perspective of radical ideas focused on collective experience, social impact, and audience interactivity, PHI is committed to future generations of art consumption. PHI consists of the <a href=\"https:\/\/phi.ca\/en\/centre\/\">PHI Centre<\/a>, <a href=\"https:\/\/phi.ca\/en\/studio\/\">PHI Studio<\/a>, artist-in-residence programs, and <a href=\"https:\/\/phi.ca\/en\/foundation\/\">PHI Foundation<\/a> for Contemporary Art.<br><\/p><div class=\"ugb-button-container\"><a class=\"ugb-button ugb-button--size-small ugb--hover-effect-lift\" href=\"https:\/\/phi.ca\/en\/\" target=\"_blank\" rel=\"noopener noreferrer nofollow\" title=\"\"><span class=\"ugb-button--inner\">Read more<\/span><\/a><\/div><\/div><div class=\"ugb-feature__image\"><\/div><\/div><\/div><\/div><\/div>\n\n\n\n<div class=\"alignfull wp-block-ugb-feature ugb-feature ugb-a5fa817 ugb-feature--v2 ugb-feature--design-half ugb-feature--invert ugb-main-block ugb-main-block--inner-full ugb--has-block-background\"><style>.ugb-a5fa817 .ugb-feature__item{border-radius:0px !important}.ugb-a5fa817 .ugb-feature__content{background-color:#000000 !important}.ugb-a5fa817 .ugb-feature__content:before{background-color:#000000 !important}.ugb-a5fa817 .ugb-feature__image{background-image:url(https:\/\/effetquebec.ca\/wp-content\/uploads\/2025\/09\/Roger_stlaurent_photographe_20240921_0057_HiRes_mod2.jpg)}.ugb-a5fa817 .ugb-feature__title{font-family:\"Archivo Black\",Sans-serif !important;font-weight:500 !important;color:var(--stk-global-color-88711,#313131)}.ugb-a5fa817 .ugb-feature__description{color:#ffffff}.ugb-a5fa817 .ugb-button .ugb-button--inner{font-family:\"Lato\",Sans-serif !important}.ugb-a5fa817 .ugb-button{background-color:var(--stk-global-color-37811,#732fb7);border-radius:100px !important}.ugb-a5fa817 .ugb-button .ugb-button--inner,.ugb-a5fa817 .ugb-button svg:not(.ugb-custom-icon){color:#ffffff !important}.ugb-a5fa817 .ugb-button:before{border-radius:100px !important}.ugb-a5fa817 .ugb-button-container{margin-bottom:50px !important}.ugb-a5fa817.ugb-feature{background-color:rgba(0,0,0,1)}.ugb-a5fa817{padding:0 !important}.ugb-a5fa817.ugb-feature:before{background-color:#000000}<\/style><div class=\"ugb-inner-block ugb-inner-block--full\"><div class=\"ugb-block-content\"><div class=\"ugb-feature__item ugb--shadow-0\"><div class=\"ugb-feature__content\"><h3 class=\"ugb-feature__title\"><span style=\"color: #ffffff;\" class=\"ugb-highlight\">XYZ Technologies<\/span><\/h3><p class=\"ugb-feature__description\"><strong>Jacques Larue<\/strong> &#8211; General Manager, Partner<br><br>XYZ Technologies specializes in audiovisual and experiential design, offering a full range of technological and artistic solutions. Our integrated service offering leverages leading technological innovations to create truly one-of-a-kind experiences. Since 2004, our teams have had the privilege of collaborating with numerous organizations around the world.<br><br>Featured project:<br><a href=\"https:\/\/xyztechnologies.com\/en\/realisations\/cap-au-large\/\"><strong>Cap au large &#8211; Exp\u00e9rience 4D<\/strong> <br><\/a>La Rivi\u00e8re-au-Renard, a village of 3,000 residents in Gasp\u00e9, is showcasing its living heritage to attract visitors. Known for its commercial fishing, it partnered with XYZ Technologies to design a multisensory immersive experience. This initiative places audiences in the fishermen\u2019s daily lives through a 20-minute documentary screened in a custom 4D theater. XYZ Technologies oversaw the design, production, and integration, once again demonstrating its unique expertise in delivering turnkey projects of all scales.<br><br><\/p><div class=\"ugb-button-container\"><a class=\"ugb-button ugb-button--size-small ugb--hover-effect-lift\" href=\"https:\/\/www.xyztechnologies.com\/en\/\" target=\"_blank\" rel=\"noopener noreferrer nofollow\" title=\"\"><span class=\"ugb-button--inner\">Read more<\/span><\/a><\/div><\/div><div class=\"ugb-feature__image\"><\/div><\/div><\/div><\/div><\/div>\n","protected":false},"excerpt":{"rendered":"D\u00e9couvrez la s\u00e9lection des studios et lieu de culture participants \u00e0 la mission.","protected":false},"author":118,"featured_media":20154,"template":"","meta":{"_acf_changed":false,"_links_to":"","_links_to_target":""},"class_list":["post-20126","evenements","type-evenements","status-publish","has-post-thumbnail","hentry"],"featured_image_urls_v2":{"full":["https:\/\/effetquebec.ca\/wp-content\/uploads\/2025\/09\/MUTEK-MEX-EN-2025.png",1080,1080,false],"thumbnail":["https:\/\/effetquebec.ca\/wp-content\/uploads\/2025\/09\/MUTEK-MEX-EN-2025-150x150.png",150,150,true],"medium":["https:\/\/effetquebec.ca\/wp-content\/uploads\/2025\/09\/MUTEK-MEX-EN-2025-250x250.png",250,250,true],"medium_large":["https:\/\/effetquebec.ca\/wp-content\/uploads\/2025\/09\/MUTEK-MEX-EN-2025-768x768.png",768,768,true],"large":["https:\/\/effetquebec.ca\/wp-content\/uploads\/2025\/09\/MUTEK-MEX-EN-2025-700x700.png",700,700,true],"1536x1536":["https:\/\/effetquebec.ca\/wp-content\/uploads\/2025\/09\/MUTEK-MEX-EN-2025.png",1080,1080,false],"2048x2048":["https:\/\/effetquebec.ca\/wp-content\/uploads\/2025\/09\/MUTEK-MEX-EN-2025.png",1080,1080,false],"small":["https:\/\/effetquebec.ca\/wp-content\/uploads\/2025\/09\/MUTEK-MEX-EN-2025-120x120.png",120,120,true],"custom-size":["https:\/\/effetquebec.ca\/wp-content\/uploads\/2025\/09\/MUTEK-MEX-EN-2025-700x200.png",700,200,true],"grille":["https:\/\/effetquebec.ca\/wp-content\/uploads\/2025\/09\/MUTEK-MEX-EN-2025-800x450.png",800,450,true],"gform-image-choice-sm":["https:\/\/effetquebec.ca\/wp-content\/uploads\/2025\/09\/MUTEK-MEX-EN-2025.png",300,300,false],"gform-image-choice-md":["https:\/\/effetquebec.ca\/wp-content\/uploads\/2025\/09\/MUTEK-MEX-EN-2025.png",400,400,false],"gform-image-choice-lg":["https:\/\/effetquebec.ca\/wp-content\/uploads\/2025\/09\/MUTEK-MEX-EN-2025.png",600,600,false]},"post_excerpt_stackable_v2":"D\u00e9couvrez la s\u00e9lection des studios et lieu de culture participants \u00e0 la mission.","category_list_v2":"","author_info_v2":{"name":"Sara","url":"https:\/\/effetquebec.ca\/en\/author\/saraxnquebec-co\/"},"comments_num_v2":"0 comments","acf":[],"yoast_head":"<!-- This site is optimized with the Yoast SEO plugin v27.5 - https:\/\/yoast.com\/product\/yoast-seo-wordpress\/ -->\n<title>MUTEK MX - Qu\u00e9bec Professional Delegation 2025 - L\u2019Effet Qu\u00e9bec<\/title>\n<meta name=\"description\" content=\"Du 15 au 18 octobre 2024, Mexico (MEXIQUE).\" \/>\n<meta name=\"robots\" content=\"index, follow, max-snippet:-1, max-image-preview:large, max-video-preview:-1\" \/>\n<link rel=\"canonical\" href=\"https:\/\/effetquebec.ca\/en\/eventlist\/mutek-mx-quebec-professional-delegation-2025\/\" \/>\n<meta property=\"og:locale\" content=\"en_US\" \/>\n<meta property=\"og:type\" content=\"article\" \/>\n<meta property=\"og:title\" content=\"MUTEK MX - Qu\u00e9bec Professional Delegation 2025 - L\u2019Effet Qu\u00e9bec\" \/>\n<meta property=\"og:description\" content=\"Du 15 au 18 octobre 2024, Mexico (MEXIQUE).\" \/>\n<meta property=\"og:url\" content=\"https:\/\/effetquebec.ca\/en\/eventlist\/mutek-mx-quebec-professional-delegation-2025\/\" \/>\n<meta property=\"og:site_name\" content=\"L\u2019Effet Qu\u00e9bec\" \/>\n<meta property=\"article:publisher\" content=\"https:\/\/www.facebook.com\/XnQuebec\" \/>\n<meta property=\"article:modified_time\" content=\"2025-09-29T14:30:34+00:00\" \/>\n<meta property=\"og:image\" content=\"https:\/\/effetquebec.ca\/wp-content\/uploads\/2025\/09\/MUTEK-MEX-EN-2025.png\" \/>\n\t<meta property=\"og:image:width\" content=\"1080\" \/>\n\t<meta property=\"og:image:height\" content=\"1080\" \/>\n\t<meta property=\"og:image:type\" content=\"image\/png\" \/>\n<meta name=\"twitter:card\" content=\"summary_large_image\" \/>\n<meta name=\"twitter:label1\" content=\"Est. reading time\" \/>\n\t<meta name=\"twitter:data1\" content=\"7 minutes\" \/>\n<script type=\"application\/ld+json\" class=\"yoast-schema-graph\">{\"@context\":\"https:\\\/\\\/schema.org\",\"@graph\":[{\"@type\":\"Article\",\"@id\":\"https:\\\/\\\/effetquebec.ca\\\/en\\\/eventlist\\\/mutek-mx-quebec-professional-delegation-2025\\\/#article\",\"isPartOf\":{\"@id\":\"https:\\\/\\\/effetquebec.ca\\\/en\\\/eventlist\\\/mutek-mx-quebec-professional-delegation-2025\\\/\"},\"author\":{\"name\":\"Sara\",\"@id\":\"https:\\\/\\\/effetquebec.ca\\\/en\\\/#\\\/schema\\\/person\\\/940ef39453e3e18284e90f021ae27fae\"},\"headline\":\"MUTEK MX &#8211; Qu\u00e9bec Professional Delegation 2025\",\"datePublished\":\"2025-09-24T21:28:37+00:00\",\"dateModified\":\"2025-09-29T14:30:34+00:00\",\"mainEntityOfPage\":{\"@id\":\"https:\\\/\\\/effetquebec.ca\\\/en\\\/eventlist\\\/mutek-mx-quebec-professional-delegation-2025\\\/\"},\"wordCount\":1152,\"publisher\":{\"@id\":\"https:\\\/\\\/effetquebec.ca\\\/en\\\/#organization\"},\"image\":{\"@id\":\"https:\\\/\\\/effetquebec.ca\\\/en\\\/eventlist\\\/mutek-mx-quebec-professional-delegation-2025\\\/#primaryimage\"},\"thumbnailUrl\":\"https:\\\/\\\/effetquebec.ca\\\/wp-content\\\/uploads\\\/2025\\\/09\\\/MUTEK-MEX-EN-2025.png\",\"inLanguage\":\"en-CA\"},{\"@type\":\"WebPage\",\"@id\":\"https:\\\/\\\/effetquebec.ca\\\/en\\\/eventlist\\\/mutek-mx-quebec-professional-delegation-2025\\\/\",\"url\":\"https:\\\/\\\/effetquebec.ca\\\/en\\\/eventlist\\\/mutek-mx-quebec-professional-delegation-2025\\\/\",\"name\":\"MUTEK MX - Qu\u00e9bec Professional Delegation 2025 - L\u2019Effet Qu\u00e9bec\",\"isPartOf\":{\"@id\":\"https:\\\/\\\/effetquebec.ca\\\/en\\\/#website\"},\"primaryImageOfPage\":{\"@id\":\"https:\\\/\\\/effetquebec.ca\\\/en\\\/eventlist\\\/mutek-mx-quebec-professional-delegation-2025\\\/#primaryimage\"},\"image\":{\"@id\":\"https:\\\/\\\/effetquebec.ca\\\/en\\\/eventlist\\\/mutek-mx-quebec-professional-delegation-2025\\\/#primaryimage\"},\"thumbnailUrl\":\"https:\\\/\\\/effetquebec.ca\\\/wp-content\\\/uploads\\\/2025\\\/09\\\/MUTEK-MEX-EN-2025.png\",\"datePublished\":\"2025-09-24T21:28:37+00:00\",\"dateModified\":\"2025-09-29T14:30:34+00:00\",\"description\":\"Du 15 au 18 octobre 2024, Mexico (MEXIQUE).\",\"breadcrumb\":{\"@id\":\"https:\\\/\\\/effetquebec.ca\\\/en\\\/eventlist\\\/mutek-mx-quebec-professional-delegation-2025\\\/#breadcrumb\"},\"inLanguage\":\"en-CA\",\"potentialAction\":[{\"@type\":\"ReadAction\",\"target\":[\"https:\\\/\\\/effetquebec.ca\\\/en\\\/eventlist\\\/mutek-mx-quebec-professional-delegation-2025\\\/\"]}]},{\"@type\":\"ImageObject\",\"inLanguage\":\"en-CA\",\"@id\":\"https:\\\/\\\/effetquebec.ca\\\/en\\\/eventlist\\\/mutek-mx-quebec-professional-delegation-2025\\\/#primaryimage\",\"url\":\"https:\\\/\\\/effetquebec.ca\\\/wp-content\\\/uploads\\\/2025\\\/09\\\/MUTEK-MEX-EN-2025.png\",\"contentUrl\":\"https:\\\/\\\/effetquebec.ca\\\/wp-content\\\/uploads\\\/2025\\\/09\\\/MUTEK-MEX-EN-2025.png\",\"width\":1080,\"height\":1080},{\"@type\":\"BreadcrumbList\",\"@id\":\"https:\\\/\\\/effetquebec.ca\\\/en\\\/eventlist\\\/mutek-mx-quebec-professional-delegation-2025\\\/#breadcrumb\",\"itemListElement\":[{\"@type\":\"ListItem\",\"position\":1,\"name\":\"Accueil\",\"item\":\"https:\\\/\\\/effetquebec.ca\\\/en\\\/\"},{\"@type\":\"ListItem\",\"position\":2,\"name\":\"Events\",\"item\":\"https:\\\/\\\/effetquebec.ca\\\/en\\\/eventlist\\\/\"},{\"@type\":\"ListItem\",\"position\":3,\"name\":\"MUTEK MX &#8211; Qu\u00e9bec Professional Delegation 2025\"}]},{\"@type\":\"WebSite\",\"@id\":\"https:\\\/\\\/effetquebec.ca\\\/en\\\/#website\",\"url\":\"https:\\\/\\\/effetquebec.ca\\\/en\\\/\",\"name\":\"L\u2019Effet Qu\u00e9bec\",\"description\":\"P\u00f4le d\u2019expertise en exportation\",\"publisher\":{\"@id\":\"https:\\\/\\\/effetquebec.ca\\\/en\\\/#organization\"},\"potentialAction\":[{\"@type\":\"SearchAction\",\"target\":{\"@type\":\"EntryPoint\",\"urlTemplate\":\"https:\\\/\\\/effetquebec.ca\\\/en\\\/?s={search_term_string}\"},\"query-input\":{\"@type\":\"PropertyValueSpecification\",\"valueRequired\":true,\"valueName\":\"search_term_string\"}}],\"inLanguage\":\"en-CA\"},{\"@type\":\"Organization\",\"@id\":\"https:\\\/\\\/effetquebec.ca\\\/en\\\/#organization\",\"name\":\"L\u2019Effet Qu\u00e9bec\",\"url\":\"https:\\\/\\\/effetquebec.ca\\\/en\\\/\",\"logo\":{\"@type\":\"ImageObject\",\"inLanguage\":\"en-CA\",\"@id\":\"https:\\\/\\\/effetquebec.ca\\\/en\\\/#\\\/schema\\\/logo\\\/image\\\/\",\"url\":\"https:\\\/\\\/effetquebec.ca\\\/wp-content\\\/uploads\\\/2026\\\/04\\\/EffetQuebec.LogoVertical.RGB_.Noir-fav-1.png\",\"contentUrl\":\"https:\\\/\\\/effetquebec.ca\\\/wp-content\\\/uploads\\\/2026\\\/04\\\/EffetQuebec.LogoVertical.RGB_.Noir-fav-1.png\",\"width\":512,\"height\":512,\"caption\":\"L\u2019Effet Qu\u00e9bec\"},\"image\":{\"@id\":\"https:\\\/\\\/effetquebec.ca\\\/en\\\/#\\\/schema\\\/logo\\\/image\\\/\"},\"sameAs\":[\"https:\\\/\\\/www.facebook.com\\\/XnQuebec\",\"https:\\\/\\\/www.instagram.com\\\/xnquebec\\\/\",\"https:\\\/\\\/www.linkedin.com\\\/company\\\/xnquebec\\\/\"]},{\"@type\":\"Person\",\"@id\":\"https:\\\/\\\/effetquebec.ca\\\/en\\\/#\\\/schema\\\/person\\\/940ef39453e3e18284e90f021ae27fae\",\"name\":\"Sara\",\"image\":{\"@type\":\"ImageObject\",\"inLanguage\":\"en-CA\",\"@id\":\"https:\\\/\\\/secure.gravatar.com\\\/avatar\\\/2ac530a97fc9db59566fed92cc6d8dd1c6429dd06f37b16d3c1eb34cd2ef8ebf?s=96&d=mm&r=g\",\"url\":\"https:\\\/\\\/secure.gravatar.com\\\/avatar\\\/2ac530a97fc9db59566fed92cc6d8dd1c6429dd06f37b16d3c1eb34cd2ef8ebf?s=96&d=mm&r=g\",\"contentUrl\":\"https:\\\/\\\/secure.gravatar.com\\\/avatar\\\/2ac530a97fc9db59566fed92cc6d8dd1c6429dd06f37b16d3c1eb34cd2ef8ebf?s=96&d=mm&r=g\",\"caption\":\"Sara\"}}]}<\/script>\n<!-- \/ Yoast SEO plugin. -->","yoast_head_json":{"title":"MUTEK MX - Qu\u00e9bec Professional Delegation 2025 - L\u2019Effet Qu\u00e9bec","description":"Du 15 au 18 octobre 2024, Mexico (MEXIQUE).","robots":{"index":"index","follow":"follow","max-snippet":"max-snippet:-1","max-image-preview":"max-image-preview:large","max-video-preview":"max-video-preview:-1"},"canonical":"https:\/\/effetquebec.ca\/en\/eventlist\/mutek-mx-quebec-professional-delegation-2025\/","og_locale":"en_US","og_type":"article","og_title":"MUTEK MX - Qu\u00e9bec Professional Delegation 2025 - L\u2019Effet Qu\u00e9bec","og_description":"Du 15 au 18 octobre 2024, Mexico (MEXIQUE).","og_url":"https:\/\/effetquebec.ca\/en\/eventlist\/mutek-mx-quebec-professional-delegation-2025\/","og_site_name":"L\u2019Effet Qu\u00e9bec","article_publisher":"https:\/\/www.facebook.com\/XnQuebec","article_modified_time":"2025-09-29T14:30:34+00:00","og_image":[{"width":1080,"height":1080,"url":"https:\/\/effetquebec.ca\/wp-content\/uploads\/2025\/09\/MUTEK-MEX-EN-2025.png","type":"image\/png"}],"twitter_card":"summary_large_image","twitter_misc":{"Est. reading time":"7 minutes"},"schema":{"@context":"https:\/\/schema.org","@graph":[{"@type":"Article","@id":"https:\/\/effetquebec.ca\/en\/eventlist\/mutek-mx-quebec-professional-delegation-2025\/#article","isPartOf":{"@id":"https:\/\/effetquebec.ca\/en\/eventlist\/mutek-mx-quebec-professional-delegation-2025\/"},"author":{"name":"Sara","@id":"https:\/\/effetquebec.ca\/en\/#\/schema\/person\/940ef39453e3e18284e90f021ae27fae"},"headline":"MUTEK MX &#8211; Qu\u00e9bec Professional Delegation 2025","datePublished":"2025-09-24T21:28:37+00:00","dateModified":"2025-09-29T14:30:34+00:00","mainEntityOfPage":{"@id":"https:\/\/effetquebec.ca\/en\/eventlist\/mutek-mx-quebec-professional-delegation-2025\/"},"wordCount":1152,"publisher":{"@id":"https:\/\/effetquebec.ca\/en\/#organization"},"image":{"@id":"https:\/\/effetquebec.ca\/en\/eventlist\/mutek-mx-quebec-professional-delegation-2025\/#primaryimage"},"thumbnailUrl":"https:\/\/effetquebec.ca\/wp-content\/uploads\/2025\/09\/MUTEK-MEX-EN-2025.png","inLanguage":"en-CA"},{"@type":"WebPage","@id":"https:\/\/effetquebec.ca\/en\/eventlist\/mutek-mx-quebec-professional-delegation-2025\/","url":"https:\/\/effetquebec.ca\/en\/eventlist\/mutek-mx-quebec-professional-delegation-2025\/","name":"MUTEK MX - Qu\u00e9bec Professional Delegation 2025 - L\u2019Effet Qu\u00e9bec","isPartOf":{"@id":"https:\/\/effetquebec.ca\/en\/#website"},"primaryImageOfPage":{"@id":"https:\/\/effetquebec.ca\/en\/eventlist\/mutek-mx-quebec-professional-delegation-2025\/#primaryimage"},"image":{"@id":"https:\/\/effetquebec.ca\/en\/eventlist\/mutek-mx-quebec-professional-delegation-2025\/#primaryimage"},"thumbnailUrl":"https:\/\/effetquebec.ca\/wp-content\/uploads\/2025\/09\/MUTEK-MEX-EN-2025.png","datePublished":"2025-09-24T21:28:37+00:00","dateModified":"2025-09-29T14:30:34+00:00","description":"Du 15 au 18 octobre 2024, Mexico (MEXIQUE).","breadcrumb":{"@id":"https:\/\/effetquebec.ca\/en\/eventlist\/mutek-mx-quebec-professional-delegation-2025\/#breadcrumb"},"inLanguage":"en-CA","potentialAction":[{"@type":"ReadAction","target":["https:\/\/effetquebec.ca\/en\/eventlist\/mutek-mx-quebec-professional-delegation-2025\/"]}]},{"@type":"ImageObject","inLanguage":"en-CA","@id":"https:\/\/effetquebec.ca\/en\/eventlist\/mutek-mx-quebec-professional-delegation-2025\/#primaryimage","url":"https:\/\/effetquebec.ca\/wp-content\/uploads\/2025\/09\/MUTEK-MEX-EN-2025.png","contentUrl":"https:\/\/effetquebec.ca\/wp-content\/uploads\/2025\/09\/MUTEK-MEX-EN-2025.png","width":1080,"height":1080},{"@type":"BreadcrumbList","@id":"https:\/\/effetquebec.ca\/en\/eventlist\/mutek-mx-quebec-professional-delegation-2025\/#breadcrumb","itemListElement":[{"@type":"ListItem","position":1,"name":"Accueil","item":"https:\/\/effetquebec.ca\/en\/"},{"@type":"ListItem","position":2,"name":"Events","item":"https:\/\/effetquebec.ca\/en\/eventlist\/"},{"@type":"ListItem","position":3,"name":"MUTEK MX &#8211; Qu\u00e9bec Professional Delegation 2025"}]},{"@type":"WebSite","@id":"https:\/\/effetquebec.ca\/en\/#website","url":"https:\/\/effetquebec.ca\/en\/","name":"L\u2019Effet Qu\u00e9bec","description":"P\u00f4le d\u2019expertise en exportation","publisher":{"@id":"https:\/\/effetquebec.ca\/en\/#organization"},"potentialAction":[{"@type":"SearchAction","target":{"@type":"EntryPoint","urlTemplate":"https:\/\/effetquebec.ca\/en\/?s={search_term_string}"},"query-input":{"@type":"PropertyValueSpecification","valueRequired":true,"valueName":"search_term_string"}}],"inLanguage":"en-CA"},{"@type":"Organization","@id":"https:\/\/effetquebec.ca\/en\/#organization","name":"L\u2019Effet Qu\u00e9bec","url":"https:\/\/effetquebec.ca\/en\/","logo":{"@type":"ImageObject","inLanguage":"en-CA","@id":"https:\/\/effetquebec.ca\/en\/#\/schema\/logo\/image\/","url":"https:\/\/effetquebec.ca\/wp-content\/uploads\/2026\/04\/EffetQuebec.LogoVertical.RGB_.Noir-fav-1.png","contentUrl":"https:\/\/effetquebec.ca\/wp-content\/uploads\/2026\/04\/EffetQuebec.LogoVertical.RGB_.Noir-fav-1.png","width":512,"height":512,"caption":"L\u2019Effet Qu\u00e9bec"},"image":{"@id":"https:\/\/effetquebec.ca\/en\/#\/schema\/logo\/image\/"},"sameAs":["https:\/\/www.facebook.com\/XnQuebec","https:\/\/www.instagram.com\/xnquebec\/","https:\/\/www.linkedin.com\/company\/xnquebec\/"]},{"@type":"Person","@id":"https:\/\/effetquebec.ca\/en\/#\/schema\/person\/940ef39453e3e18284e90f021ae27fae","name":"Sara","image":{"@type":"ImageObject","inLanguage":"en-CA","@id":"https:\/\/secure.gravatar.com\/avatar\/2ac530a97fc9db59566fed92cc6d8dd1c6429dd06f37b16d3c1eb34cd2ef8ebf?s=96&d=mm&r=g","url":"https:\/\/secure.gravatar.com\/avatar\/2ac530a97fc9db59566fed92cc6d8dd1c6429dd06f37b16d3c1eb34cd2ef8ebf?s=96&d=mm&r=g","contentUrl":"https:\/\/secure.gravatar.com\/avatar\/2ac530a97fc9db59566fed92cc6d8dd1c6429dd06f37b16d3c1eb34cd2ef8ebf?s=96&d=mm&r=g","caption":"Sara"}}]}},"_links":{"self":[{"href":"https:\/\/effetquebec.ca\/en\/wp-json\/wp\/v2\/evenements\/20126","targetHints":{"allow":["GET"]}}],"collection":[{"href":"https:\/\/effetquebec.ca\/en\/wp-json\/wp\/v2\/evenements"}],"about":[{"href":"https:\/\/effetquebec.ca\/en\/wp-json\/wp\/v2\/types\/evenements"}],"author":[{"embeddable":true,"href":"https:\/\/effetquebec.ca\/en\/wp-json\/wp\/v2\/users\/118"}],"wp:featuredmedia":[{"embeddable":true,"href":"https:\/\/effetquebec.ca\/en\/wp-json\/wp\/v2\/media\/20154"}],"wp:attachment":[{"href":"https:\/\/effetquebec.ca\/en\/wp-json\/wp\/v2\/media?parent=20126"}],"curies":[{"name":"wp","href":"https:\/\/api.w.org\/{rel}","templated":true}]}}