{"id":5764,"date":"2022-02-08T15:44:38","date_gmt":"2022-02-08T15:44:38","guid":{"rendered":"https:\/\/effetquebec.ca\/?post_type=evenements&#038;p=5764"},"modified":"2022-02-10T18:28:40","modified_gmt":"2022-02-10T18:28:40","slug":"compte-rendu-de-sundance-new-frontier-2022","status":"publish","type":"evenements","link":"https:\/\/effetquebec.ca\/en\/eventlist\/compte-rendu-de-sundance-new-frontier-2022\/","title":{"rendered":"Compte rendu de Sundance New Frontier 2022"},"content":{"rendered":"\n<div class=\"alignfull wp-block-ugb-header ugb-header ugb-77c54c1 ugb-header ugb-header--v3 ugb-header--design-basic ugb-main-block ugb-main-block--inner-wide ugb--has-block-background\"><style>.ugb-77c54c1 .ugb-header__item{border-radius:0px !important;border-style:solid !important;border-color:#ffffff !important;border-top-width:1px !important;border-right-width:1px !important;border-bottom-width:1px !important;border-left-width:1px !important;background-color:#000000 !important;background-image:url(https:\/\/effetquebec.ca\/wp-content\/uploads\/2022\/02\/2022sundance-film-festival-new-frontier-.webp)}.ugb-77c54c1 .ugb-header__item:before{background-color:#000000 !important;opacity:0.5}.ugb-77c54c1 .ugb-header__title{color:#ffffff;text-align:left !important}.ugb-77c54c1 .ugb-inner-block{text-align:left}.ugb-77c54c1.ugb-header{background-color:#000000}.ugb-77c54c1.ugb-header:before{background-color:#000000}@media screen and (max-width:768px){.ugb-77c54c1 .ugb-header__title{font-size:48px !important}}<\/style><div class=\"ugb-inner-block ugb-inner-block--wide\"><div class=\"ugb-block-content\"><div class=\"ugb-header__item ugb--shadow-0 ugb--has-background-overlay\"><div class=\"ugb-content-wrapper\"><h1 class=\"ugb-header__title\"><strong>SUNDANCE NEW FRONTIER 2022<\/strong><\/h1><\/div><\/div><\/div><\/div><\/div>\n\n\n\n<div class=\"wp-block-ugb-container ugb-container ugb-f429229 ugb-container--v2 ugb-container--design-basic ugb-main-block\"><style>.ugb-f429229-wrapper.ugb-container__wrapper{border-radius:0px !important;padding-top:0 !important;padding-bottom:0 !important}.ugb-f429229-wrapper > .ugb-container__side{padding-top:35px !important;padding-bottom:35px !important;align-items:flex-end !important}.ugb-f429229 .ugb-inner-block{text-align:left}@media screen and (min-width:768px){.ugb-f429229-content-wrapper.ugb-container__content-wrapper{width:73% !important}}<\/style><div class=\"ugb-inner-block\"><div class=\"ugb-block-content\"><div class=\"ugb-container__wrapper ugb-f429229-wrapper ugb--shadow-0\"><div class=\"ugb-container__side\"><div class=\"ugb-container__content-wrapper ugb-f429229-content-wrapper\">\n<p>Cette ann\u00e9e encore, la section Sundance<a href=\"https:\/\/newfrontier.sundance.org\/intro\" target=\"_blank\" rel=\"noreferrer noopener\"> New Frontier<\/a> se d\u00e9roulait en format virtuel. Du 20 au 28 janvier dernier, le public \u00e9tait invit\u00e9 sur le <em>Spaceship<\/em>, un espace WebXR qui propose des espaces sociaux, une salle de projection, ainsi qu\u2019une galerie remplie d\u2019\u0153uvres qui cherchent \u00e0 repousser les fronti\u00e8res de leur m\u00e9dium respectif. Retour sur cet \u00e9v\u00e9nement qui marque le d\u00e9but de l\u2019ann\u00e9e 2022 et sur certaines des tendances qui se dessinent.<\/p>\n<\/div><\/div><\/div><\/div><\/div><\/div>\n\n\n\n<div class=\"wp-block-group alignwide\"><div class=\"wp-block-group__inner-container is-layout-flow wp-block-group-is-layout-flow\">\n<div class=\"alignwide wp-block-ugb-image-box ugb-image-box ugb-1c61610 ugb-image-box--v4 ugb-image-box--columns-2 ugb-image-box--design-basic ugb-image-box--align-center ugb-main-block\"><style>.ugb-1c61610 .ugb-image-box__box{border-radius:0px !important}.ugb-1c61610 .ugb-image-box__item{height:350px !important;justify-content:center !important}.ugb-1c61610 .ugb-image-box__item1 .ugb-image-box__image{background-image:url(https:\/\/effetquebec.ca\/wp-content\/uploads\/2022\/02\/sundance-film-festival-new-frontier-2022.jpg)}.ugb-1c61610 .ugb-image-box__item2 .ugb-image-box__image{background-image:url(https:\/\/effetquebec.ca\/wp-content\/uploads\/2022\/02\/new-frontier-festival-2022.gif)}.ugb-1c61610 .ugb-inner-block{text-align:center}.ugb-1c61610 .ugb-block-content{column-gap:10px !important}@media screen and (min-width:768px){.ugb-1c61610 > .ugb-inner-block > .ugb-block-content > *{justify-content:center}}@media screen and (min-width:768px) and (max-width:1025px){.ugb-1c61610 .ugb-image-box__item{height:300px !important}}@media screen and (max-width:768px){.ugb-1c61610 .ugb-image-box__item{height:300px !important}}<\/style><div class=\"ugb-inner-block\"><div class=\"ugb-block-content\"><div class=\"ugb-image-box__item ugb-image-box__item1 ugb-image-box__box ugb--shadow-0\"><div class=\"ugb-image-box__box ugb-image-box__image-wrapper\"><div class=\"ugb-image-box__box ugb-image-box__image\" role=\"img\" aria-label=\" Sundance New Frontier\"><\/div><\/div><div class=\"ugb-image-box__content\"><div class=\"ugb-image-box__header\"><div class=\"ugb-image-box__subtitle\"><mark style=\"background-color:rgba(0, 0, 0, 0)\" class=\"has-inline-color has-white-color\"> <em>Sundance New Frontier<\/em><\/mark><\/div><\/div><\/div><\/div><div class=\"ugb-image-box__item ugb-image-box__item2 ugb-image-box__box ugb--shadow-0\"><div class=\"ugb-image-box__box ugb-image-box__image-wrapper\"><div class=\"ugb-image-box__box ugb-image-box__image\" role=\"img\" aria-label=\"Sundance New Frontier\"><\/div><\/div><div class=\"ugb-image-box__content\"><div class=\"ugb-image-box__header\"><div class=\"ugb-image-box__subtitle\"><em>Sundance New Frontier<\/em><\/div><\/div><\/div><\/div><\/div><\/div><\/div>\n<\/div><\/div>\n\n\n\n<div class=\"wp-block-ugb-container ugb-container ugb-915cbd8 ugb-container--v2 ugb-container--design-basic ugb-main-block\"><style>.ugb-915cbd8-wrapper.ugb-container__wrapper{border-radius:0px !important;padding-top:0 !important;padding-bottom:0 !important}.ugb-915cbd8-wrapper > .ugb-container__side{padding-top:35px !important;padding-bottom:35px !important;align-items:flex-end !important}.ugb-915cbd8 .ugb-inner-block{text-align:left}@media screen and (min-width:768px){.ugb-915cbd8-content-wrapper.ugb-container__content-wrapper{width:73% !important}}<\/style><div class=\"ugb-inner-block\"><div class=\"ugb-block-content\"><div class=\"ugb-container__wrapper ugb-915cbd8-wrapper ugb--shadow-0\"><div class=\"ugb-container__side\"><div class=\"ugb-container__content-wrapper ugb-915cbd8-content-wrapper\">\n<p>Apr\u00e8s avoir \u00e9t\u00e9 l&#8217;un des derniers \u00e9v\u00e9nements \u00e0 pouvoir se d\u00e9rouler en personne en 2020, c&#8217;est en janvier 2021 que <a href=\"https:\/\/festival.sundance.org\/\" target=\"_blank\" rel=\"noreferrer noopener\">Sundance<\/a> propose pour la premi\u00e8re fois une formule virtuelle de son festival, la m\u00eame que le festival reprend cette ann\u00e9e. Plus sp\u00e9cifiquement, toutes les \u0153uvres de la portion New Frontier&nbsp;\u2014&nbsp;d\u00e9di\u00e9e aux \u0153uvres immersives, interactives et \u00e0 tout ce que j\u2019appellerais encore les nouveaux m\u00e9dias&nbsp;\u2014&nbsp;sont pr\u00e9sent\u00e9es sur cette fameuse station spatiale en orbite de la terre et accessible partout dans le monde, moyennant une connexion Internet et une passe \u00ab&nbsp;<em>explorer&nbsp;\u00bb<\/em> de $50 USD.<\/p>\n\n\n\n<p>La galerie contient toutes les \u0153uvres de la s\u00e9lection, organis\u00e9es en fonction de leur m\u00e9dium&nbsp;: r\u00e9alit\u00e9 virtuelle, augment\u00e9e ou mixte, Web, etc. Or, celle-ci n\u2019est qu\u2019une vitrine vers tous les projets qui doivent \u00eatre t\u00e9l\u00e9charg\u00e9s individuellement sur des plateformes diverses. En termes de r\u00e9alit\u00e9 virtuelle, par exemple, certains projets devaient \u00eatre install\u00e9s sur un ordinateur Windows connect\u00e9 \u00e0 un casque PCVR alors que d\u2019autres \u00e9taient exclusifs aux casques Quest. C\u2019est encore l\u00e0 l\u2019un des plus gros probl\u00e8mes d\u2019un festival virtuel&nbsp;: la gestion du mat\u00e9riel et des probl\u00e8mes techniques qui doit \u00eatre prise en charge par tout un chacun. Sans pouvoir accompagner chaque membre du public, comme ce serait le cas sur place, un festival comme Sundance (mais aussi Tribeca, Cannes, NewImages, etc.) doit pouvoir compter sur leur d\u00e9brouillardise. Quelqu\u2019un qui n\u2019aurait qu\u2019un ordinateur Apple ou qu\u2019un casque Quest, comme c\u2019est mon cas, doit savoir trouver des solutions originales pour acc\u00e9der \u00e0 toute la programmation. Ces p\u00e9pins techniques s\u2019ajoutent aux enjeux qu\u2019on rencontre dans n\u2019importe quel festival, virtuel ou en pr\u00e9sentiel&nbsp;: conflits d\u2019horaire, places limit\u00e9es, etc.<\/p>\n<\/div><\/div><\/div><\/div><\/div><\/div>\n\n\n\n<div class=\"alignwide wp-block-ugb-image-box ugb-image-box ugb-49a62a2 ugb-image-box--v4 ugb-image-box--columns-2 ugb-image-box--design-basic ugb-image-box--align-center ugb-main-block\"><style>.ugb-49a62a2 .ugb-image-box__box{border-radius:0px !important}.ugb-49a62a2 .ugb-image-box__item{height:350px !important;justify-content:center !important}.ugb-49a62a2 .ugb-image-box__item1 .ugb-image-box__image{background-image:url(https:\/\/effetquebec.ca\/wp-content\/uploads\/2022\/02\/On-the-morning-you-wake-Sundance-2022-6.png)}.ugb-49a62a2 .ugb-image-box__item2 .ugb-image-box__image{background-image:url(https:\/\/effetquebec.ca\/wp-content\/uploads\/2022\/02\/On-the-morning-you-wake-Sundance-2022-5.png)}.ugb-49a62a2 .ugb-image-box__description{color:#ffffff !important}.ugb-49a62a2 .ugb-inner-block{text-align:center}.ugb-49a62a2 .ugb-block-content{column-gap:10px !important}@media screen and (min-width:768px){.ugb-49a62a2.ugb-image-box{margin-top:45px !important;margin-bottom:45px !important}.ugb-49a62a2 > .ugb-inner-block > .ugb-block-content > *{justify-content:center}}@media screen and (min-width:768px) and (max-width:1025px){.ugb-49a62a2 .ugb-image-box__item{height:300px !important}}@media screen and (max-width:768px){.ugb-49a62a2 .ugb-image-box__item{height:300px !important}}<\/style><div class=\"ugb-inner-block\"><div class=\"ugb-block-content\"><div class=\"ugb-image-box__item ugb-image-box__item1 ugb-image-box__box ugb--shadow-0\"><div class=\"ugb-image-box__box ugb-image-box__image-wrapper\"><div class=\"ugb-image-box__box ugb-image-box__image\" role=\"img\" aria-label=\"On the morning you wake (to the end of the world) \"><\/div><\/div><div class=\"ugb-image-box__content\"><p class=\"ugb-image-box__description\"><em>On the morning you wake (to the end of the world) <\/em><\/p><\/div><\/div><div class=\"ugb-image-box__item ugb-image-box__item2 ugb-image-box__box ugb--shadow-0\"><div class=\"ugb-image-box__box ugb-image-box__image-wrapper\"><div class=\"ugb-image-box__box ugb-image-box__image\" role=\"img\" aria-label=\"On the morning you wake (to the end of the world) \"><\/div><\/div><div class=\"ugb-image-box__content\"><p class=\"ugb-image-box__description\"><em>On the morning you wake (to the end of the world) <\/em><\/p><\/div><\/div><\/div><\/div><\/div>\n\n\n\n<div class=\"wp-block-ugb-container ugb-container ugb-4ae5c99 ugb-container--v2 ugb-container--design-basic ugb-main-block\"><style>.ugb-4ae5c99-wrapper.ugb-container__wrapper{border-radius:0px !important;padding-top:0 !important;padding-bottom:0 !important}.ugb-4ae5c99-wrapper > .ugb-container__side{padding-top:35px !important;padding-bottom:35px !important;align-items:flex-end !important}.ugb-4ae5c99 .ugb-inner-block{text-align:left}@media screen and (min-width:768px){.ugb-4ae5c99-content-wrapper.ugb-container__content-wrapper{width:73% !important}}<\/style><div class=\"ugb-inner-block\"><div class=\"ugb-block-content\"><div class=\"ugb-container__wrapper ugb-4ae5c99-wrapper ugb--shadow-0\"><div class=\"ugb-container__side\"><div class=\"ugb-container__content-wrapper ugb-4ae5c99-content-wrapper\">\n<p>C&#8217;est donc avec un Quest 2 connect\u00e9 \u00e0 une machine Windows virtuelle que je me suis dirig\u00e9 vers la section r\u00e9alit\u00e9 virtuelle de la galerie pour d\u00e9couvrir certains des meilleurs projets de la s\u00e9lection New Frontier. <a href=\"https:\/\/www.onthemorningyouwake.com\/\" target=\"_blank\" rel=\"noreferrer noopener\"><em>On the morning you wake (to the end of the world)<\/em><\/a> est un projet sign\u00e9 par<em> <\/em>certains des m\u00eames individus qui nous avaient donn\u00e9 <em>Notes on Blindness<\/em> il y a quelques ann\u00e9es. <em>On the morning you wake<\/em> relate le matin, en janvier 2018, o\u00f9 tous les habitants d\u2019Hawa\u00ef ont re\u00e7u une alerte au missile balistique qui s\u2019est av\u00e9r\u00e9e \u00eatre une erreur. Le projet propose une s\u00e9rie de t\u00e9moignages qui mettent en perspective le sentiment de panique ressenti ce matin fatidique. Tout au long de l\u2019\u0153uvre, des sc\u00e8nes tourn\u00e9es en capture volum\u00e9trique illustrent et accentuent ces propos. hawa\u00efens. <\/p>\n\n\n\n<p>Certaines personnes, <a href=\"https:\/\/noproscenium.com\/sundance-new-frontier-diaries-2022-updated-1-20-22-c8dca70825a8\" target=\"_blank\" rel=\"noreferrer noopener\">comme Katrhyn Yu du balado <em>No Proscenium<\/em><\/a>, ont dit du projet qu\u2019il nous mettait \u00ab&nbsp;dans la peau&nbsp;\u00bb des citoyens hawa\u00efens.Or, ce dernier ne nous met pas litt\u00e9ralement dans la t\u00eate de l\u2019un des intervenants, comme c\u2019\u00e9tait le cas dans <em>Notes on Blindness<\/em>. En tant qu\u2019observateurs externes, nous ne faisons que t\u00e9moigner de ce qui nous est racont\u00e9, comme il se doit d\u2019une \u0153uvre aux vis\u00e9es documentaires. Seul le temps nous dira si l\u2019impact de ce nouveau projet sera le m\u00eame que celui de ce dernier, mais il est \u00e9vident&nbsp;\u2014&nbsp;vu la couverture m\u00e9diatique qu\u2019il se m\u00e9rite d\u00e9j\u00e0&nbsp;\u2014&nbsp;qu\u2019il vaudra la peine de suivre de pr\u00e8s l\u2019\u00e9volution du projet, de m\u00eame que celle des prochains \u00e9pisodes.<\/p>\n<\/div><\/div><\/div><\/div><\/div><\/div>\n\n\n\n<div class=\"alignwide wp-block-ugb-image-box ugb-image-box ugb-dd2463a ugb-image-box--v4 ugb-image-box--columns-2 ugb-image-box--design-basic ugb-image-box--align-center ugb-main-block\"><style>.ugb-dd2463a .ugb-image-box__box{border-radius:0px !important}.ugb-dd2463a .ugb-image-box__item{height:350px !important;justify-content:center !important}.ugb-dd2463a .ugb-image-box__item1 .ugb-image-box__image{background-image:url(https:\/\/effetquebec.ca\/wp-content\/uploads\/2022\/02\/Flat-earth-VR-Sundance-2022.png)}.ugb-dd2463a .ugb-image-box__item2 .ugb-image-box__image{background-image:url(https:\/\/effetquebec.ca\/wp-content\/uploads\/2022\/02\/Flat-earth-VR-Sundance-20223.png)}.ugb-dd2463a .ugb-image-box__description{color:#ffffff !important}.ugb-dd2463a .ugb-inner-block{text-align:center}.ugb-dd2463a .ugb-block-content{column-gap:10px !important}@media screen and (min-width:768px){.ugb-dd2463a.ugb-image-box{margin-top:45px !important;margin-bottom:45px !important}.ugb-dd2463a > .ugb-inner-block > .ugb-block-content > *{justify-content:center}}@media screen and (min-width:768px) and (max-width:1025px){.ugb-dd2463a .ugb-image-box__item{height:300px !important}}@media screen and (max-width:768px){.ugb-dd2463a .ugb-image-box__item{height:300px !important}}<\/style><div class=\"ugb-inner-block\"><div class=\"ugb-block-content\"><div class=\"ugb-image-box__item ugb-image-box__item1 ugb-image-box__box ugb--shadow-0\"><div class=\"ugb-image-box__box ugb-image-box__image-wrapper\"><div class=\"ugb-image-box__box ugb-image-box__image\" role=\"img\" aria-label=\"Flat Earth VR\"><\/div><\/div><div class=\"ugb-image-box__content\"><p class=\"ugb-image-box__description\"><em>Flat Earth VR<\/em><\/p><\/div><\/div><div class=\"ugb-image-box__item ugb-image-box__item2 ugb-image-box__box ugb--shadow-0\"><div class=\"ugb-image-box__box ugb-image-box__image-wrapper\"><div class=\"ugb-image-box__box ugb-image-box__image\" role=\"img\" aria-label=\"Flat Earth VR\"><\/div><\/div><div class=\"ugb-image-box__content\"><p class=\"ugb-image-box__description\"><em>Flat Earth VR<\/em><\/p><\/div><\/div><\/div><\/div><\/div>\n\n\n\n<div class=\"wp-block-ugb-container ugb-container ugb-5c41700 ugb-container--v2 ugb-container--design-basic ugb-main-block\"><style>.ugb-5c41700-wrapper.ugb-container__wrapper{border-radius:0px !important;padding-top:0 !important;padding-bottom:0 !important}.ugb-5c41700-wrapper > .ugb-container__side{padding-top:35px !important;padding-bottom:35px !important;align-items:flex-end !important}.ugb-5c41700 .ugb-inner-block{text-align:left}@media screen and (min-width:768px){.ugb-5c41700-content-wrapper.ugb-container__content-wrapper{width:73% !important}}<\/style><div class=\"ugb-inner-block\"><div class=\"ugb-block-content\"><div class=\"ugb-container__wrapper ugb-5c41700-wrapper ugb--shadow-0\"><div class=\"ugb-container__side\"><div class=\"ugb-container__content-wrapper ugb-5c41700-content-wrapper\">\n<p id=\"6e46\">Changeant compl\u00e8tement de registre, Lucas Rizzotto nous met dans la peau d\u2019un adepte de la conspiration de la Terre Plate dans <a href=\"https:\/\/festival.sundance.org\/program\/#new-frontier-info\/61ae1e9114aef70c6f1c54ab\" target=\"_blank\" rel=\"noreferrer noopener\"><em>Flat Earth VR<\/em><\/a>. Alors qu\u2019on a longtemps parl\u00e9 du potentiel de la r\u00e9alit\u00e9 virtuelle comme \u00ab&nbsp;<a href=\"https:\/\/medium.com\/regards-et-impressions\/quelle-machine-a-empathie-3855b78410bd\" target=\"_blank\" rel=\"noreferrer noopener\">machine \u00e0 empathie&nbsp;<\/a>\u00bb, capable de nous mettre dans la peau d\u2019autrui, ici le r\u00e9alisateur pousse l\u2019id\u00e9e vers l\u2019absurde en proposant de nous faire vivre un voyage en orbite de la terre afin de voir la Terre \u00ab&nbsp;telle qu\u2019elle est r\u00e9ellement&nbsp;\u00bb selon ce groupuscule, \u00e0 savoir plate. Puisqu\u2019il faut le voir pour le croire, Rizzotto nous assoit dans une fus\u00e9e vol\u00e9e \u00e0 la NASA et nous emm\u00e8ne faire un tour tout autour de la plan\u00e8te. C\u2019est ainsi que l\u2019\u0153uvre nous fait voyager vers l\u2019espace avec l\u2019aide d\u2019un ordinateur de bord bien rigolo et d\u2019une paire de cam\u00e9ras qui nous permettent de documenter nos trouvailles. Malheureusement, une fois le voyage termin\u00e9, nos cam\u00e9ras sont confisqu\u00e9es et toutes les preuves r\u00e9colt\u00e9es durant le trajet sont perdues \u00e0 jamais; une fin appropri\u00e9e pour cette mission absurde. Empreint d\u2019humour comme tous les projets de Rizzotto, <em>Flat Earth VR<\/em> \u00e9tait une bouff\u00e9e d\u2019air frais bien m\u00e9rit\u00e9e apr\u00e8s certains des autres projets pr\u00e9sent\u00e9s \u00e0 Sundance, comme <em>On the morning you wake<\/em> et sa menace apocalyptique.<\/p>\n<\/div><\/div><\/div><\/div><\/div><\/div>\n\n\n\n<div class=\"alignwide wp-block-ugb-image-box ugb-image-box ugb-1f20596 ugb-image-box--v4 ugb-image-box--columns-1 ugb-image-box--design-basic ugb-image-box--align-center ugb-main-block\"><style>.ugb-1f20596 .ugb-image-box__box{border-radius:0px !important}.ugb-1f20596 .ugb-image-box__item{height:350px !important;justify-content:center !important}.ugb-1f20596 .ugb-image-box__item1 .ugb-image-box__image{background-image:url(https:\/\/effetquebec.ca\/wp-content\/uploads\/2022\/02\/Child-o-empire.jpg)}.ugb-1f20596 .ugb-image-box__item2 .ugb-image-box__image{background-image:url(https:\/\/effetquebec.ca\/wp-content\/uploads\/2021\/08\/THE_INFINITE_rendering_lobby-1-1536x865-1.jpg)}.ugb-1f20596 .ugb-image-box__description{color:#ffffff !important}.ugb-1f20596 .ugb-inner-block{text-align:center}.ugb-1f20596 .ugb-block-content{column-gap:10px !important}@media screen and (min-width:768px){.ugb-1f20596.ugb-image-box{margin-top:45px !important;margin-bottom:45px !important}.ugb-1f20596 > .ugb-inner-block > .ugb-block-content > *{justify-content:center}}@media screen and (min-width:768px) and (max-width:1025px){.ugb-1f20596 .ugb-image-box__item{height:300px !important}}@media screen and (max-width:768px){.ugb-1f20596 .ugb-image-box__item{height:300px !important}}<\/style><div class=\"ugb-inner-block\"><div class=\"ugb-block-content\"><div class=\"ugb-image-box__item ugb-image-box__item1 ugb-image-box__box ugb--shadow-0\"><div class=\"ugb-image-box__box ugb-image-box__image-wrapper\"><div class=\"ugb-image-box__box ugb-image-box__image\" role=\"img\" aria-label=\"Child of empire\"><\/div><\/div><div class=\"ugb-image-box__content\"><p class=\"ugb-image-box__description\"><em>Child of empire<\/em><\/p><\/div><\/div><\/div><\/div><\/div>\n\n\n\n<div class=\"wp-block-ugb-container ugb-container ugb-a72ddd8 ugb-container--v2 ugb-container--design-basic ugb-main-block\"><style>.ugb-a72ddd8-wrapper.ugb-container__wrapper{border-radius:0px !important;padding-top:0 !important;padding-bottom:0 !important}.ugb-a72ddd8-wrapper > .ugb-container__side{padding-top:35px !important;padding-bottom:35px !important;align-items:flex-end !important}.ugb-a72ddd8 .ugb-inner-block{text-align:left}@media screen and (min-width:768px){.ugb-a72ddd8-content-wrapper.ugb-container__content-wrapper{width:73% !important}}<\/style><div class=\"ugb-inner-block\"><div class=\"ugb-block-content\"><div class=\"ugb-container__wrapper ugb-a72ddd8-wrapper ugb--shadow-0\"><div class=\"ugb-container__side\"><div class=\"ugb-container__content-wrapper ugb-a72ddd8-content-wrapper\">\n<p>Alors que les cam\u00e9ras de <em>Flat Earth VR<\/em> ne servent intentionnellement \u00e0 rien, je ne peux pas dire que les interactions de <em>Child of Empire <\/em>se m\u00e9ritent le m\u00eame b\u00e9n\u00e9fice du doute. Dans cette exp\u00e9rience en r\u00e9alit\u00e9 virtuelle pour casque Quest, on nous raconte la plus grande migration forc\u00e9e de l\u2019histoire de l\u2019humanit\u00e9, \u00e0 savoir celle caus\u00e9e lors de la cr\u00e9ation du Pakistan en 1947. Je suis g\u00ean\u00e9 d\u2019avouer que l\u2019\u0153uvre m\u2019en a appris beaucoup sur l\u2019histoire de la colonisation britannique en Inde et sur les violences v\u00e9cues par le peuple du sous-continent au lendemain de la partition du pays. En ce sens, le projet est tr\u00e8s important et j\u2019esp\u00e8re qu\u2019il circulera largement. Or, tout au long de l\u2019exp\u00e9rience je me suis demand\u00e9 pourquoi on m\u2019avait donn\u00e9 des mains et pourquoi on me demandait d\u2019interagir. Peut-\u00eatre qu\u2019il ne s\u2019agissait que d\u2019une premi\u00e8re version d\u2019un projet qui, lors de sa sortie officielle, proposera des interactions plus originales et, surtout, plus justifi\u00e9es. Cependant, pour l\u2019instant <em>Child of Empire<\/em> me laisse sur ma faim et me convainc une fois de plus qu\u2019il ne faut pas ajouter des interactions seulement pour en ajouter.&nbsp;<\/p>\n<\/div><\/div><\/div><\/div><\/div><\/div>\n\n\n\n<div class=\"alignwide wp-block-ugb-image-box ugb-image-box ugb-5a3e7d1 ugb-image-box--v4 ugb-image-box--columns-2 ugb-image-box--design-basic ugb-image-box--align-center ugb-main-block\"><style>.ugb-5a3e7d1 .ugb-image-box__box{border-radius:0px !important}.ugb-5a3e7d1 .ugb-image-box__item{height:350px !important;justify-content:center !important}.ugb-5a3e7d1 .ugb-image-box__item1 .ugb-image-box__image{background-image:url(https:\/\/effetquebec.ca\/wp-content\/uploads\/2022\/02\/THIS-IS-NOT-A-CEREMONY.png)}.ugb-5a3e7d1 .ugb-image-box__item2 .ugb-image-box__image{background-image:url(https:\/\/effetquebec.ca\/wp-content\/uploads\/2022\/02\/THIS-IS-NOT-A-CEREMONY_002.png)}.ugb-5a3e7d1 .ugb-image-box__description{color:#ffffff !important}.ugb-5a3e7d1 .ugb-inner-block{text-align:center}.ugb-5a3e7d1 .ugb-block-content{column-gap:10px !important}@media screen and (min-width:768px){.ugb-5a3e7d1.ugb-image-box{margin-top:45px !important;margin-bottom:45px !important}.ugb-5a3e7d1 > .ugb-inner-block > .ugb-block-content > *{justify-content:center}}@media screen and (min-width:768px) and (max-width:1025px){.ugb-5a3e7d1 .ugb-image-box__item{height:300px !important}}@media screen and (max-width:768px){.ugb-5a3e7d1 .ugb-image-box__item{height:300px !important}}<\/style><div class=\"ugb-inner-block\"><div class=\"ugb-block-content\"><div class=\"ugb-image-box__item ugb-image-box__item1 ugb-image-box__box ugb--shadow-0\"><div class=\"ugb-image-box__box ugb-image-box__image-wrapper\"><div class=\"ugb-image-box__box ugb-image-box__image\" role=\"img\" aria-label=\"This is not a ceremony&nbsp;\"><\/div><\/div><div class=\"ugb-image-box__content\"><p class=\"ugb-image-box__description\"><em>This is not a ceremony<\/em>&nbsp;<\/p><\/div><\/div><div class=\"ugb-image-box__item ugb-image-box__item2 ugb-image-box__box ugb--shadow-0\"><div class=\"ugb-image-box__box ugb-image-box__image-wrapper\"><div class=\"ugb-image-box__box ugb-image-box__image\" role=\"img\" aria-label=\"This is not a ceremony&nbsp;\"><\/div><\/div><div class=\"ugb-image-box__content\"><p class=\"ugb-image-box__description\"><em>This is not a ceremony<\/em>&nbsp;<\/p><\/div><\/div><\/div><\/div><\/div>\n\n\n\n<div class=\"wp-block-ugb-container ugb-container ugb-f8744d4 ugb-container--v2 ugb-container--design-basic ugb-main-block\"><style>.ugb-f8744d4-wrapper.ugb-container__wrapper{border-radius:0px !important;padding-top:0 !important;padding-bottom:0 !important}.ugb-f8744d4-wrapper > .ugb-container__side{padding-top:35px !important;padding-bottom:35px !important;align-items:flex-end !important}.ugb-f8744d4 .ugb-inner-block{text-align:left}@media screen and (min-width:768px){.ugb-f8744d4-content-wrapper.ugb-container__content-wrapper{width:73% !important}}<\/style><div class=\"ugb-inner-block\"><div class=\"ugb-block-content\"><div class=\"ugb-container__wrapper ugb-f8744d4-wrapper ugb--shadow-0\"><div class=\"ugb-container__side\"><div class=\"ugb-container__content-wrapper ugb-f8744d4-content-wrapper\">\n<p>Pour terminer ce survol des exp\u00e9riences immersives au festival Sundance, parlons de <a href=\"https:\/\/espacemedia.onf.ca\/epk\/ceci-nest-pas-une-ceremonie\/\" target=\"_blank\" rel=\"noreferrer noopener\"><em>This is not a Ceremony<\/em><\/a>. Dans son premier projet \u00e0 titre de r\u00e9alisateur, Ahnahktsipiitaa (Colin Van Loon) demande \u00e0 son public d\u2019\u00eatre t\u00e9moin, non pas d\u2019une c\u00e9r\u00e9monie comme le titre l\u2019indique, mais bien de certaines des atrocit\u00e9s commises envers les peuples autochtones du Canada. Encore une fois, il ne s\u2019agit pas de se mettre dans la peau d\u2019un individu qui aurait v\u00e9cu ces violences. En tant que film 360\u00b0, le projet ne nous demande pas non plus d\u2019interagir (inutilement ou pas). Simplement, l\u2019\u0153uvre nous demande de reconna\u00eetre la position de t\u00e9moin qu\u2019elle nous attribue et d\u2019\u00e9couter les t\u00e9moignages des deux intervenants.<\/p>\n<\/div><\/div><\/div><\/div><\/div><\/div>\n\n\n\n<div class=\"wp-block-ugb-container ugb-container ugb-1c17f1a ugb-container--v2 ugb-container--design-basic ugb-main-block\"><style>.ugb-1c17f1a-wrapper.ugb-container__wrapper{border-radius:0px !important;padding-top:0 !important;padding-bottom:0 !important}.ugb-1c17f1a-wrapper > .ugb-container__side{padding-top:35px !important;padding-bottom:35px !important;align-items:flex-end !important}.ugb-1c17f1a .ugb-inner-block{text-align:left}@media screen and (min-width:768px){.ugb-1c17f1a-content-wrapper.ugb-container__content-wrapper{width:74% !important}}<\/style><div class=\"ugb-inner-block\"><div class=\"ugb-block-content\"><div class=\"ugb-container__wrapper ugb-1c17f1a-wrapper ugb--shadow-0\"><div class=\"ugb-container__side\"><div class=\"ugb-container__content-wrapper ugb-1c17f1a-content-wrapper\">\n<blockquote class=\"wp-block-quote is-layout-flow wp-block-quote-is-layout-flow\"><p><strong>Maintenant que vous savez, que vous comptez faire \u00e0 ce propos ?<\/strong><\/p><cite>This is not a Ceremony<\/cite><\/blockquote>\n<\/div><\/div><\/div><\/div><\/div><\/div>\n\n\n\n<div class=\"wp-block-ugb-container ugb-container ugb-465931b ugb-container--v2 ugb-container--design-basic ugb-main-block\"><style>.ugb-465931b-wrapper.ugb-container__wrapper{border-radius:0px !important;padding-top:0 !important;padding-bottom:0 !important}.ugb-465931b-wrapper > .ugb-container__side{padding-top:35px !important;padding-bottom:35px !important;align-items:flex-end !important}.ugb-465931b .ugb-inner-block{text-align:left}@media screen and (min-width:768px){.ugb-465931b-content-wrapper.ugb-container__content-wrapper{width:74% !important}}<\/style><div class=\"ugb-inner-block\"><div class=\"ugb-block-content\"><div class=\"ugb-container__wrapper ugb-465931b-wrapper ugb--shadow-0\"><div class=\"ugb-container__side\"><div class=\"ugb-container__content-wrapper ugb-465931b-content-wrapper\">\n<p>Chaque ann\u00e9e, la s\u00e9lection Sundance New Frontier propose des \u0153uvres novatrices. Or, on peut s\u2019imaginer que les limitations impos\u00e9es par la pand\u00e9mie s\u2019\u00e9tendent \u00e9galement au type d\u2019\u0153uvres qui peuvent \u00eatre pr\u00e9sent\u00e9es. Dans un premier temps, il arrive que des \u0153uvres ne puissent pas \u00eatre r\u00e9pertori\u00e9es sur les plateformes qu\u2019utilisent ces festivals, le plus souvent en raison des r\u00e8gles de contenus. C\u2019\u00e9tait le cas de <a href=\"https:\/\/pavilion.taicca.tw\/portfolio-item\/2021_efm_32\/\" target=\"_blank\" rel=\"noreferrer noopener\"><em>In the Mist<\/em>,<em> <\/em><\/a>qui n\u2019avait pu \u00eatre pr\u00e9sent\u00e9 que sur place \u00e0 Venise lors de la Biennale en septembre 2021. En raison du contenu de l\u2019\u0153uvre, celle-ci n\u2019avait pas pu \u00eatre pr\u00e9sent\u00e9e en ligne comme tout le reste de la s\u00e9lection du festival de Venise. M\u00eame le <a href=\"https:\/\/nouveaucinema.ca\/fr\/films\/in-the-mist\" target=\"_blank\" rel=\"noreferrer noopener\">Festival du Nouveau Cin\u00e9ma<\/a>, qui avait s\u00e9lectionn\u00e9 le projet pour son festival du mois d\u2019octobre, n\u2019a pas pu pr\u00e9senter le projet, et ce, m\u00eame sur place au Centre PHI.<\/p>\n\n\n\n<p>Lors d\u2019une entrevue au mois d\u2019avril 2021, Shari Frilot (responsable du programme Sundance New Frontier) m\u2019expliquait \u00e9galement \u00eatre soucieuse du type d\u2019\u0153uvre qu\u2019elle pouvait pr\u00e9senter dans ces conditions virtuelles. Sans l\u2019encadrement qu\u2019il lui est possible d\u2019offrir sur place, Frilot reconna\u00eet qu\u2019il faut parfois faire plus attention.&nbsp;<\/p>\n\n\n\n<p>Alors que ces nouveaux m\u00e9dias se d\u00e9veloppent encore, le r\u00f4le d\u2019accompagnement des festivals est encore et toujours primordial.<\/p>\n<\/div><\/div><\/div><\/div><\/div><\/div>\n","protected":false},"excerpt":{"rendered":"Retour sur cet \u00e9v\u00e9nement qui marque le d\u00e9but de l\u2019ann\u00e9e 2022 et sur certaines des tendances qui se dessinent.","protected":false},"author":118,"featured_media":5768,"template":"","meta":{"_acf_changed":false,"_links_to":"","_links_to_target":""},"class_list":["post-5764","evenements","type-evenements","status-publish","has-post-thumbnail","hentry"],"featured_image_urls_v2":{"full":["https:\/\/effetquebec.ca\/wp-content\/uploads\/2022\/02\/2022sundance-film-festival-new-frontier-.webp",940,526,false],"thumbnail":["https:\/\/effetquebec.ca\/wp-content\/uploads\/2022\/02\/2022sundance-film-festival-new-frontier--150x150.webp",150,150,true],"medium":["https:\/\/effetquebec.ca\/wp-content\/uploads\/2022\/02\/2022sundance-film-festival-new-frontier--250x140.webp",250,140,true],"medium_large":["https:\/\/effetquebec.ca\/wp-content\/uploads\/2022\/02\/2022sundance-film-festival-new-frontier--768x430.webp",768,430,true],"large":["https:\/\/effetquebec.ca\/wp-content\/uploads\/2022\/02\/2022sundance-film-festival-new-frontier--700x392.webp",700,392,true],"1536x1536":["https:\/\/effetquebec.ca\/wp-content\/uploads\/2022\/02\/2022sundance-film-festival-new-frontier-.webp",940,526,false],"2048x2048":["https:\/\/effetquebec.ca\/wp-content\/uploads\/2022\/02\/2022sundance-film-festival-new-frontier-.webp",940,526,false],"small":["https:\/\/effetquebec.ca\/wp-content\/uploads\/2022\/02\/2022sundance-film-festival-new-frontier--120x67.webp",120,67,true],"custom-size":["https:\/\/effetquebec.ca\/wp-content\/uploads\/2022\/02\/2022sundance-film-festival-new-frontier--700x200.webp",700,200,true],"grille":["https:\/\/effetquebec.ca\/wp-content\/uploads\/2022\/02\/2022sundance-film-festival-new-frontier--800x450.webp",800,450,true],"gform-image-choice-sm":["https:\/\/effetquebec.ca\/wp-content\/uploads\/2022\/02\/2022sundance-film-festival-new-frontier-.webp",300,168,false],"gform-image-choice-md":["https:\/\/effetquebec.ca\/wp-content\/uploads\/2022\/02\/2022sundance-film-festival-new-frontier-.webp",400,224,false],"gform-image-choice-lg":["https:\/\/effetquebec.ca\/wp-content\/uploads\/2022\/02\/2022sundance-film-festival-new-frontier-.webp",600,336,false]},"post_excerpt_stackable_v2":"Retour sur cet \u00e9v\u00e9nement qui marque le d\u00e9but de l\u2019ann\u00e9e 2022 et sur certaines des tendances qui se dessinent.","category_list_v2":"","author_info_v2":{"name":"Sara","url":"https:\/\/effetquebec.ca\/en\/author\/saraxnquebec-co\/"},"comments_num_v2":"0 comments","acf":[],"yoast_head":"<!-- This site is optimized with the Yoast SEO plugin v27.5 - https:\/\/yoast.com\/product\/yoast-seo-wordpress\/ -->\n<title>Compte rendu de Sundance New Frontier 2022 - L\u2019Effet Qu\u00e9bec<\/title>\n<meta name=\"description\" content=\"Retour l&#039;\u00e9v\u00e9nement cette nouvelle \u00e9dition du Sundance New Frontier et sur certaines des tendances qui se dessinent.\" \/>\n<meta name=\"robots\" content=\"index, follow, max-snippet:-1, max-image-preview:large, max-video-preview:-1\" \/>\n<link rel=\"canonical\" href=\"https:\/\/effetquebec.ca\/en\/eventlist\/compte-rendu-de-sundance-new-frontier-2022\/\" \/>\n<meta property=\"og:locale\" content=\"en_US\" \/>\n<meta property=\"og:type\" content=\"article\" \/>\n<meta property=\"og:title\" content=\"Compte rendu de Sundance New Frontier 2022\" \/>\n<meta property=\"og:description\" content=\"Retour sur cet \u00e9v\u00e9nement qui marque le d\u00e9but de l\u2019ann\u00e9e 2022 et sur certaines des tendances qui se dessinent.\" \/>\n<meta property=\"og:url\" content=\"https:\/\/effetquebec.ca\/en\/eventlist\/compte-rendu-de-sundance-new-frontier-2022\/\" \/>\n<meta property=\"og:site_name\" content=\"L\u2019Effet Qu\u00e9bec\" \/>\n<meta property=\"article:publisher\" content=\"https:\/\/www.facebook.com\/XnQuebec\" \/>\n<meta property=\"article:modified_time\" content=\"2022-02-10T18:28:40+00:00\" \/>\n<meta property=\"og:image\" content=\"https:\/\/effetquebec.ca\/wp-content\/uploads\/2022\/02\/sundance-film-festival-new-frontier-2022.jpg\" \/>\n\t<meta property=\"og:image:width\" content=\"630\" \/>\n\t<meta property=\"og:image:height\" content=\"420\" \/>\n\t<meta property=\"og:image:type\" content=\"image\/jpeg\" \/>\n<meta name=\"twitter:card\" content=\"summary_large_image\" \/>\n<meta name=\"twitter:image\" content=\"https:\/\/effetquebec.ca\/wp-content\/uploads\/2022\/02\/sundance-film-festival-new-frontier-2022.jpg\" \/>\n<meta name=\"twitter:label1\" content=\"Est. reading time\" \/>\n\t<meta name=\"twitter:data1\" content=\"7 minutes\" \/>\n<script type=\"application\/ld+json\" class=\"yoast-schema-graph\">{\"@context\":\"https:\\\/\\\/schema.org\",\"@graph\":[{\"@type\":\"Article\",\"@id\":\"https:\\\/\\\/effetquebec.ca\\\/en\\\/eventlist\\\/compte-rendu-de-sundance-new-frontier-2022\\\/#article\",\"isPartOf\":{\"@id\":\"https:\\\/\\\/effetquebec.ca\\\/en\\\/eventlist\\\/compte-rendu-de-sundance-new-frontier-2022\\\/\"},\"author\":{\"name\":\"Sara\",\"@id\":\"https:\\\/\\\/effetquebec.ca\\\/en\\\/#\\\/schema\\\/person\\\/940ef39453e3e18284e90f021ae27fae\"},\"headline\":\"Compte rendu de Sundance New Frontier 2022\",\"datePublished\":\"2022-02-08T15:44:38+00:00\",\"dateModified\":\"2022-02-10T18:28:40+00:00\",\"mainEntityOfPage\":{\"@id\":\"https:\\\/\\\/effetquebec.ca\\\/en\\\/eventlist\\\/compte-rendu-de-sundance-new-frontier-2022\\\/\"},\"wordCount\":1597,\"publisher\":{\"@id\":\"https:\\\/\\\/effetquebec.ca\\\/en\\\/#organization\"},\"image\":{\"@id\":\"https:\\\/\\\/effetquebec.ca\\\/en\\\/eventlist\\\/compte-rendu-de-sundance-new-frontier-2022\\\/#primaryimage\"},\"thumbnailUrl\":\"https:\\\/\\\/effetquebec.ca\\\/wp-content\\\/uploads\\\/2022\\\/02\\\/2022sundance-film-festival-new-frontier-.webp\",\"inLanguage\":\"en-CA\"},{\"@type\":\"WebPage\",\"@id\":\"https:\\\/\\\/effetquebec.ca\\\/en\\\/eventlist\\\/compte-rendu-de-sundance-new-frontier-2022\\\/\",\"url\":\"https:\\\/\\\/effetquebec.ca\\\/en\\\/eventlist\\\/compte-rendu-de-sundance-new-frontier-2022\\\/\",\"name\":\"Compte rendu de Sundance New Frontier 2022 - L\u2019Effet Qu\u00e9bec\",\"isPartOf\":{\"@id\":\"https:\\\/\\\/effetquebec.ca\\\/en\\\/#website\"},\"primaryImageOfPage\":{\"@id\":\"https:\\\/\\\/effetquebec.ca\\\/en\\\/eventlist\\\/compte-rendu-de-sundance-new-frontier-2022\\\/#primaryimage\"},\"image\":{\"@id\":\"https:\\\/\\\/effetquebec.ca\\\/en\\\/eventlist\\\/compte-rendu-de-sundance-new-frontier-2022\\\/#primaryimage\"},\"thumbnailUrl\":\"https:\\\/\\\/effetquebec.ca\\\/wp-content\\\/uploads\\\/2022\\\/02\\\/2022sundance-film-festival-new-frontier-.webp\",\"datePublished\":\"2022-02-08T15:44:38+00:00\",\"dateModified\":\"2022-02-10T18:28:40+00:00\",\"description\":\"Retour l'\u00e9v\u00e9nement cette nouvelle \u00e9dition du Sundance New Frontier et sur certaines des tendances qui se dessinent.\",\"breadcrumb\":{\"@id\":\"https:\\\/\\\/effetquebec.ca\\\/en\\\/eventlist\\\/compte-rendu-de-sundance-new-frontier-2022\\\/#breadcrumb\"},\"inLanguage\":\"en-CA\",\"potentialAction\":[{\"@type\":\"ReadAction\",\"target\":[\"https:\\\/\\\/effetquebec.ca\\\/en\\\/eventlist\\\/compte-rendu-de-sundance-new-frontier-2022\\\/\"]}]},{\"@type\":\"ImageObject\",\"inLanguage\":\"en-CA\",\"@id\":\"https:\\\/\\\/effetquebec.ca\\\/en\\\/eventlist\\\/compte-rendu-de-sundance-new-frontier-2022\\\/#primaryimage\",\"url\":\"https:\\\/\\\/effetquebec.ca\\\/wp-content\\\/uploads\\\/2022\\\/02\\\/2022sundance-film-festival-new-frontier-.webp\",\"contentUrl\":\"https:\\\/\\\/effetquebec.ca\\\/wp-content\\\/uploads\\\/2022\\\/02\\\/2022sundance-film-festival-new-frontier-.webp\",\"width\":940,\"height\":526},{\"@type\":\"BreadcrumbList\",\"@id\":\"https:\\\/\\\/effetquebec.ca\\\/en\\\/eventlist\\\/compte-rendu-de-sundance-new-frontier-2022\\\/#breadcrumb\",\"itemListElement\":[{\"@type\":\"ListItem\",\"position\":1,\"name\":\"Accueil\",\"item\":\"https:\\\/\\\/effetquebec.ca\\\/en\\\/\"},{\"@type\":\"ListItem\",\"position\":2,\"name\":\"Events\",\"item\":\"https:\\\/\\\/effetquebec.ca\\\/en\\\/eventlist\\\/\"},{\"@type\":\"ListItem\",\"position\":3,\"name\":\"Compte rendu de Sundance New Frontier 2022\"}]},{\"@type\":\"WebSite\",\"@id\":\"https:\\\/\\\/effetquebec.ca\\\/en\\\/#website\",\"url\":\"https:\\\/\\\/effetquebec.ca\\\/en\\\/\",\"name\":\"L\u2019Effet Qu\u00e9bec\",\"description\":\"P\u00f4le d\u2019expertise en exportation\",\"publisher\":{\"@id\":\"https:\\\/\\\/effetquebec.ca\\\/en\\\/#organization\"},\"potentialAction\":[{\"@type\":\"SearchAction\",\"target\":{\"@type\":\"EntryPoint\",\"urlTemplate\":\"https:\\\/\\\/effetquebec.ca\\\/en\\\/?s={search_term_string}\"},\"query-input\":{\"@type\":\"PropertyValueSpecification\",\"valueRequired\":true,\"valueName\":\"search_term_string\"}}],\"inLanguage\":\"en-CA\"},{\"@type\":\"Organization\",\"@id\":\"https:\\\/\\\/effetquebec.ca\\\/en\\\/#organization\",\"name\":\"L\u2019Effet Qu\u00e9bec\",\"url\":\"https:\\\/\\\/effetquebec.ca\\\/en\\\/\",\"logo\":{\"@type\":\"ImageObject\",\"inLanguage\":\"en-CA\",\"@id\":\"https:\\\/\\\/effetquebec.ca\\\/en\\\/#\\\/schema\\\/logo\\\/image\\\/\",\"url\":\"https:\\\/\\\/effetquebec.ca\\\/wp-content\\\/uploads\\\/2026\\\/04\\\/EffetQuebec.LogoVertical.RGB_.Noir-fav-1.png\",\"contentUrl\":\"https:\\\/\\\/effetquebec.ca\\\/wp-content\\\/uploads\\\/2026\\\/04\\\/EffetQuebec.LogoVertical.RGB_.Noir-fav-1.png\",\"width\":512,\"height\":512,\"caption\":\"L\u2019Effet Qu\u00e9bec\"},\"image\":{\"@id\":\"https:\\\/\\\/effetquebec.ca\\\/en\\\/#\\\/schema\\\/logo\\\/image\\\/\"},\"sameAs\":[\"https:\\\/\\\/www.facebook.com\\\/XnQuebec\",\"https:\\\/\\\/www.instagram.com\\\/xnquebec\\\/\",\"https:\\\/\\\/www.linkedin.com\\\/company\\\/xnquebec\\\/\"]},{\"@type\":\"Person\",\"@id\":\"https:\\\/\\\/effetquebec.ca\\\/en\\\/#\\\/schema\\\/person\\\/940ef39453e3e18284e90f021ae27fae\",\"name\":\"Sara\",\"image\":{\"@type\":\"ImageObject\",\"inLanguage\":\"en-CA\",\"@id\":\"https:\\\/\\\/secure.gravatar.com\\\/avatar\\\/2ac530a97fc9db59566fed92cc6d8dd1c6429dd06f37b16d3c1eb34cd2ef8ebf?s=96&d=mm&r=g\",\"url\":\"https:\\\/\\\/secure.gravatar.com\\\/avatar\\\/2ac530a97fc9db59566fed92cc6d8dd1c6429dd06f37b16d3c1eb34cd2ef8ebf?s=96&d=mm&r=g\",\"contentUrl\":\"https:\\\/\\\/secure.gravatar.com\\\/avatar\\\/2ac530a97fc9db59566fed92cc6d8dd1c6429dd06f37b16d3c1eb34cd2ef8ebf?s=96&d=mm&r=g\",\"caption\":\"Sara\"}}]}<\/script>\n<!-- \/ Yoast SEO plugin. -->","yoast_head_json":{"title":"Compte rendu de Sundance New Frontier 2022 - L\u2019Effet Qu\u00e9bec","description":"Retour l'\u00e9v\u00e9nement cette nouvelle \u00e9dition du Sundance New Frontier et sur certaines des tendances qui se dessinent.","robots":{"index":"index","follow":"follow","max-snippet":"max-snippet:-1","max-image-preview":"max-image-preview:large","max-video-preview":"max-video-preview:-1"},"canonical":"https:\/\/effetquebec.ca\/en\/eventlist\/compte-rendu-de-sundance-new-frontier-2022\/","og_locale":"en_US","og_type":"article","og_title":"Compte rendu de Sundance New Frontier 2022","og_description":"Retour sur cet \u00e9v\u00e9nement qui marque le d\u00e9but de l\u2019ann\u00e9e 2022 et sur certaines des tendances qui se dessinent.","og_url":"https:\/\/effetquebec.ca\/en\/eventlist\/compte-rendu-de-sundance-new-frontier-2022\/","og_site_name":"L\u2019Effet Qu\u00e9bec","article_publisher":"https:\/\/www.facebook.com\/XnQuebec","article_modified_time":"2022-02-10T18:28:40+00:00","og_image":[{"width":630,"height":420,"url":"https:\/\/effetquebec.ca\/wp-content\/uploads\/2022\/02\/sundance-film-festival-new-frontier-2022.jpg","type":"image\/jpeg"}],"twitter_card":"summary_large_image","twitter_image":"https:\/\/effetquebec.ca\/wp-content\/uploads\/2022\/02\/sundance-film-festival-new-frontier-2022.jpg","twitter_misc":{"Est. reading time":"7 minutes"},"schema":{"@context":"https:\/\/schema.org","@graph":[{"@type":"Article","@id":"https:\/\/effetquebec.ca\/en\/eventlist\/compte-rendu-de-sundance-new-frontier-2022\/#article","isPartOf":{"@id":"https:\/\/effetquebec.ca\/en\/eventlist\/compte-rendu-de-sundance-new-frontier-2022\/"},"author":{"name":"Sara","@id":"https:\/\/effetquebec.ca\/en\/#\/schema\/person\/940ef39453e3e18284e90f021ae27fae"},"headline":"Compte rendu de Sundance New Frontier 2022","datePublished":"2022-02-08T15:44:38+00:00","dateModified":"2022-02-10T18:28:40+00:00","mainEntityOfPage":{"@id":"https:\/\/effetquebec.ca\/en\/eventlist\/compte-rendu-de-sundance-new-frontier-2022\/"},"wordCount":1597,"publisher":{"@id":"https:\/\/effetquebec.ca\/en\/#organization"},"image":{"@id":"https:\/\/effetquebec.ca\/en\/eventlist\/compte-rendu-de-sundance-new-frontier-2022\/#primaryimage"},"thumbnailUrl":"https:\/\/effetquebec.ca\/wp-content\/uploads\/2022\/02\/2022sundance-film-festival-new-frontier-.webp","inLanguage":"en-CA"},{"@type":"WebPage","@id":"https:\/\/effetquebec.ca\/en\/eventlist\/compte-rendu-de-sundance-new-frontier-2022\/","url":"https:\/\/effetquebec.ca\/en\/eventlist\/compte-rendu-de-sundance-new-frontier-2022\/","name":"Compte rendu de Sundance New Frontier 2022 - L\u2019Effet Qu\u00e9bec","isPartOf":{"@id":"https:\/\/effetquebec.ca\/en\/#website"},"primaryImageOfPage":{"@id":"https:\/\/effetquebec.ca\/en\/eventlist\/compte-rendu-de-sundance-new-frontier-2022\/#primaryimage"},"image":{"@id":"https:\/\/effetquebec.ca\/en\/eventlist\/compte-rendu-de-sundance-new-frontier-2022\/#primaryimage"},"thumbnailUrl":"https:\/\/effetquebec.ca\/wp-content\/uploads\/2022\/02\/2022sundance-film-festival-new-frontier-.webp","datePublished":"2022-02-08T15:44:38+00:00","dateModified":"2022-02-10T18:28:40+00:00","description":"Retour l'\u00e9v\u00e9nement cette nouvelle \u00e9dition du Sundance New Frontier et sur certaines des tendances qui se dessinent.","breadcrumb":{"@id":"https:\/\/effetquebec.ca\/en\/eventlist\/compte-rendu-de-sundance-new-frontier-2022\/#breadcrumb"},"inLanguage":"en-CA","potentialAction":[{"@type":"ReadAction","target":["https:\/\/effetquebec.ca\/en\/eventlist\/compte-rendu-de-sundance-new-frontier-2022\/"]}]},{"@type":"ImageObject","inLanguage":"en-CA","@id":"https:\/\/effetquebec.ca\/en\/eventlist\/compte-rendu-de-sundance-new-frontier-2022\/#primaryimage","url":"https:\/\/effetquebec.ca\/wp-content\/uploads\/2022\/02\/2022sundance-film-festival-new-frontier-.webp","contentUrl":"https:\/\/effetquebec.ca\/wp-content\/uploads\/2022\/02\/2022sundance-film-festival-new-frontier-.webp","width":940,"height":526},{"@type":"BreadcrumbList","@id":"https:\/\/effetquebec.ca\/en\/eventlist\/compte-rendu-de-sundance-new-frontier-2022\/#breadcrumb","itemListElement":[{"@type":"ListItem","position":1,"name":"Accueil","item":"https:\/\/effetquebec.ca\/en\/"},{"@type":"ListItem","position":2,"name":"Events","item":"https:\/\/effetquebec.ca\/en\/eventlist\/"},{"@type":"ListItem","position":3,"name":"Compte rendu de Sundance New Frontier 2022"}]},{"@type":"WebSite","@id":"https:\/\/effetquebec.ca\/en\/#website","url":"https:\/\/effetquebec.ca\/en\/","name":"L\u2019Effet Qu\u00e9bec","description":"P\u00f4le d\u2019expertise en exportation","publisher":{"@id":"https:\/\/effetquebec.ca\/en\/#organization"},"potentialAction":[{"@type":"SearchAction","target":{"@type":"EntryPoint","urlTemplate":"https:\/\/effetquebec.ca\/en\/?s={search_term_string}"},"query-input":{"@type":"PropertyValueSpecification","valueRequired":true,"valueName":"search_term_string"}}],"inLanguage":"en-CA"},{"@type":"Organization","@id":"https:\/\/effetquebec.ca\/en\/#organization","name":"L\u2019Effet Qu\u00e9bec","url":"https:\/\/effetquebec.ca\/en\/","logo":{"@type":"ImageObject","inLanguage":"en-CA","@id":"https:\/\/effetquebec.ca\/en\/#\/schema\/logo\/image\/","url":"https:\/\/effetquebec.ca\/wp-content\/uploads\/2026\/04\/EffetQuebec.LogoVertical.RGB_.Noir-fav-1.png","contentUrl":"https:\/\/effetquebec.ca\/wp-content\/uploads\/2026\/04\/EffetQuebec.LogoVertical.RGB_.Noir-fav-1.png","width":512,"height":512,"caption":"L\u2019Effet Qu\u00e9bec"},"image":{"@id":"https:\/\/effetquebec.ca\/en\/#\/schema\/logo\/image\/"},"sameAs":["https:\/\/www.facebook.com\/XnQuebec","https:\/\/www.instagram.com\/xnquebec\/","https:\/\/www.linkedin.com\/company\/xnquebec\/"]},{"@type":"Person","@id":"https:\/\/effetquebec.ca\/en\/#\/schema\/person\/940ef39453e3e18284e90f021ae27fae","name":"Sara","image":{"@type":"ImageObject","inLanguage":"en-CA","@id":"https:\/\/secure.gravatar.com\/avatar\/2ac530a97fc9db59566fed92cc6d8dd1c6429dd06f37b16d3c1eb34cd2ef8ebf?s=96&d=mm&r=g","url":"https:\/\/secure.gravatar.com\/avatar\/2ac530a97fc9db59566fed92cc6d8dd1c6429dd06f37b16d3c1eb34cd2ef8ebf?s=96&d=mm&r=g","contentUrl":"https:\/\/secure.gravatar.com\/avatar\/2ac530a97fc9db59566fed92cc6d8dd1c6429dd06f37b16d3c1eb34cd2ef8ebf?s=96&d=mm&r=g","caption":"Sara"}}]}},"_links":{"self":[{"href":"https:\/\/effetquebec.ca\/en\/wp-json\/wp\/v2\/evenements\/5764","targetHints":{"allow":["GET"]}}],"collection":[{"href":"https:\/\/effetquebec.ca\/en\/wp-json\/wp\/v2\/evenements"}],"about":[{"href":"https:\/\/effetquebec.ca\/en\/wp-json\/wp\/v2\/types\/evenements"}],"author":[{"embeddable":true,"href":"https:\/\/effetquebec.ca\/en\/wp-json\/wp\/v2\/users\/118"}],"wp:featuredmedia":[{"embeddable":true,"href":"https:\/\/effetquebec.ca\/en\/wp-json\/wp\/v2\/media\/5768"}],"wp:attachment":[{"href":"https:\/\/effetquebec.ca\/en\/wp-json\/wp\/v2\/media?parent=5764"}],"curies":[{"name":"wp","href":"https:\/\/api.w.org\/{rel}","templated":true}]}}