{"id":6067,"date":"2021-11-03T13:53:00","date_gmt":"2021-11-03T13:53:00","guid":{"rendered":"https:\/\/effetquebec.ca\/?post_type=tendances&#038;p=6067"},"modified":"2022-03-17T13:55:05","modified_gmt":"2022-03-17T13:55:05","slug":"what-roles-do-creators-and-artists-play-in-our-cities-urban-development","status":"publish","type":"tendances","link":"https:\/\/effetquebec.ca\/en\/trends\/what-roles-do-creators-and-artists-play-in-our-cities-urban-development\/","title":{"rendered":"What roles do creators and artists play in our cities&#8217; urban development?"},"content":{"rendered":"\n<div class=\"alignfull wp-block-ugb-feature ugb-feature ugb-2843aef ugb-feature--v2 ugb-feature--design-overlap-bg2 ugb-feature--invert ugb-main-block ugb-main-block--inner-wide ugb--has-block-background\"><style>.ugb-2843aef .ugb-feature__content{border-radius:0px !important;background-color:rgba(0,0,0,1) !important;width:500px !important;transform:translateY(100px) !important}.ugb-2843aef .ugb-feature__content:before{background-color:#000000 !important}.ugb-2843aef .ugb-feature__image{background-image:url(https:\/\/effetquebec.ca\/wp-content\/uploads\/2021\/11\/DUOO_Julia-Marois06-scaled-1-700x467.jpg);border-radius:0px !important}.ugb-2843aef .ugb-feature__item{height:650px !important;margin-bottom:100px !important}.ugb-2843aef .ugb-feature__title{font-size:27px !important;line-height:1.6em !important;color:#ffffff}.ugb-2843aef.ugb-feature{background-color:#000000}.ugb-2843aef.ugb-feature:before{background-color:#000000}<\/style><div class=\"ugb-inner-block ugb-inner-block--wide\"><div class=\"ugb-block-content\"><div class=\"ugb-feature__item\"><div class=\"ugb-feature__content ugb--shadow-0\"><h1 class=\"ugb-feature__title\">What roles do creators and artists play in our cities&#8217; urban development?<\/h1><\/div><div class=\"ugb-feature__image\"><\/div><\/div><\/div><\/div><\/div>\n\n\n\n<div class=\"wp-block-ugb-columns ugb-columns ugb-2aa83c6 ugb-columns--design-plain ugb-columns--columns-2 ugb-main-block\"><style>.ugb-2aa83c6 > .ugb-inner-block > .ugb-block-content > .ugb-columns__item{grid-template-columns:0.48fr 1.52fr !important}.ugb-2aa83c6-content-wrapper{grid-column-gap:64px !important}<\/style><div class=\"ugb-inner-block\"><div class=\"ugb-block-content\"><div class=\"ugb-columns__item ugb-2aa83c6-content-wrapper\">\n<div class=\"wp-block-ugb-column ugb-column ugb-e005807 ugb-column--design-plain ugb-main-block\"><style>.ugb-e005807 p,.ugb-e005807 li,.ugb-e005807 label,.ugb-e005807 table{color:var(--stk-global-color-37811,#732fb7)}.ugb-e005807 a,.ugb-e005807 a:visited,.ugb-e005807 a:focus{color:var(--stk-global-color-37811,#732fb7)}.ugb-e005807 a:hover{color:var(--stk-global-color-76034,#d03dc6)}.ugb-e005807-column-wrapper > * > p,.ugb-e005807-column-wrapper > * > ol li,.ugb-e005807-column-wrapper > * > ul li{color:var(--stk-global-color-37811,#732fb7)}.ugb-e005807 .ugb-inner-block{text-align:left}@media screen and (min-width:768px){.ugb-e005807.ugb-column{padding-top:20px !important;padding-bottom:20px !important}}@media screen and (max-width:768px){.ugb-e005807 .ugb-inner-block{text-align:center}}<\/style><div class=\"ugb-inner-block\"><div class=\"ugb-block-content\"><div class=\"ugb-column__item ugb-e005807-column-wrapper\"><div class=\"ugb-column__content-wrapper\">\n<div class=\"wp-block-group\"><div class=\"wp-block-group__inner-container is-layout-flow wp-block-group-is-layout-flow\">\n<div class=\"wp-block-ugb-icon-list ugb-icon-list ugb-3cefc40 ugb-icon-list--v2 ugb-main-block\"><style>.ugb-3cefc40 li{margin-bottom:20px !important}.ugb-3cefc40 li::before{background-image:url('data:image\/svg+xml;base64,PHN2ZyB4bWxucz0iaHR0cDovL3d3dy53My5vcmcvMjAwMC9zdmciIHZpZXdCb3g9IjAgMCAxOTAgMTkwIj48cG9seWdvbiBwb2ludHM9IjE3My44LDI4LjQgNjAuNCwxNDEuOCAxNS43LDk3LjIgNS4xLDEwNy44IDYwLjQsMTYzIDE4NC40LDM5IDE3My44LDI4LjQiLz48L3N2Zz4=')}.ugb-3cefc40 li:nth-child(1):before{background-image:url('data:image\/svg+xml;base64,PHN2ZyBkYXRhLXByZWZpeD0iZmFzIiBkYXRhLWljb249ImRvd25sb2FkIiBjbGFzcz0ic3ZnLWlubGluZS0tZmEgZmEtZG93bmxvYWQgZmEtdy0xNiIgcm9sZT0iaW1nIiB4bWxucz0iaHR0cDovL3d3dy53My5vcmcvMjAwMC9zdmciIHZpZXdCb3g9IjAgMCA1MTIgNTEyIj48cGF0aCBmaWxsPSJjdXJyZW50Q29sb3IiIGQ9Ik0yMTYgMGg4MGMxMy4zIDAgMjQgMTAuNyAyNCAyNHYxNjhoODcuN2MxNy44IDAgMjYuNyAyMS41IDE0LjEgMzQuMUwyNjkuNyAzNzguM2MtNy41IDcuNS0xOS44IDcuNS0yNy4zIDBMOTAuMSAyMjYuMWMtMTIuNi0xMi42LTMuNy0zNC4xIDE0LjEtMzQuMUgxOTJWMjRjMC0xMy4zIDEwLjctMjQgMjQtMjR6bTI5NiAzNzZ2MTEyYzAgMTMuMy0xMC43IDI0LTI0IDI0SDI0Yy0xMy4zIDAtMjQtMTAuNy0yNC0yNFYzNzZjMC0xMy4zIDEwLjctMjQgMjQtMjRoMTQ2LjdsNDkgNDljMjAuMSAyMC4xIDUyLjUgMjAuMSA3Mi42IDBsNDktNDlINDg4YzEzLjMgMCAyNCAxMC43IDI0IDI0em0tMTI0IDg4YzAtMTEtOS0yMC0yMC0yMHMtMjAgOS0yMCAyMCA5IDIwIDIwIDIwIDIwLTkgMjAtMjB6bTY0IDBjMC0xMS05LTIwLTIwLTIwcy0yMCA5LTIwIDIwIDkgMjAgMjAgMjAgMjAtOSAyMC0yMHoiLz48L3N2Zz4=')}.ugb-3cefc40 li:nth-child(2):before{background-image:url('data:image\/svg+xml;base64,PHN2ZyBkYXRhLXByZWZpeD0iZmFzIiBkYXRhLWljb249ImRvd25sb2FkIiBjbGFzcz0ic3ZnLWlubGluZS0tZmEgZmEtZG93bmxvYWQgZmEtdy0xNiIgcm9sZT0iaW1nIiB4bWxucz0iaHR0cDovL3d3dy53My5vcmcvMjAwMC9zdmciIHZpZXdCb3g9IjAgMCA1MTIgNTEyIj48cGF0aCBmaWxsPSJjdXJyZW50Q29sb3IiIGQ9Ik0yMTYgMGg4MGMxMy4zIDAgMjQgMTAuNyAyNCAyNHYxNjhoODcuN2MxNy44IDAgMjYuNyAyMS41IDE0LjEgMzQuMUwyNjkuNyAzNzguM2MtNy41IDcuNS0xOS44IDcuNS0yNy4zIDBMOTAuMSAyMjYuMWMtMTIuNi0xMi42LTMuNy0zNC4xIDE0LjEtMzQuMUgxOTJWMjRjMC0xMy4zIDEwLjctMjQgMjQtMjR6bTI5NiAzNzZ2MTEyYzAgMTMuMy0xMC43IDI0LTI0IDI0SDI0Yy0xMy4zIDAtMjQtMTAuNy0yNC0yNFYzNzZjMC0xMy4zIDEwLjctMjQgMjQtMjRoMTQ2LjdsNDkgNDljMjAuMSAyMC4xIDUyLjUgMjAuMSA3Mi42IDBsNDktNDlINDg4YzEzLjMgMCAyNCAxMC43IDI0IDI0em0tMTI0IDg4YzAtMTEtOS0yMC0yMC0yMHMtMjAgOS0yMCAyMCA5IDIwIDIwIDIwIDIwLTkgMjAtMjB6bTY0IDBjMC0xMS05LTIwLTIwLTIwcy0yMCA5LTIwIDIwIDkgMjAgMjAgMjAgMjAtOSAyMC0yMHoiLz48L3N2Zz4=')}.ugb-3cefc40 li:nth-child(3):before{background-image:url('data:image\/svg+xml;base64,PHN2ZyBkYXRhLXByZWZpeD0iZmFzIiBkYXRhLWljb249InBsYXkiIGNsYXNzPSJzdmctaW5saW5lLS1mYSBmYS1wbGF5IGZhLXctMTQiIHJvbGU9ImltZyIgeG1sbnM9Imh0dHA6Ly93d3cudzMub3JnLzIwMDAvc3ZnIiB2aWV3Qm94PSIwIDAgNDQ4IDUxMiI+PHBhdGggZmlsbD0iY3VycmVudENvbG9yIiBkPSJNNDI0LjQgMjE0LjdMNzIuNCA2LjZDNDMuOC0xMC4zIDAgNi4xIDAgNDcuOVY0NjRjMCAzNy41IDQwLjcgNjAuMSA3Mi40IDQxLjNsMzUyLTIwOGMzMS40LTE4LjUgMzEuNS02NC4xIDAtODIuNnoiLz48L3N2Zz4=')}.ugb-3cefc40 li:nth-child(4):before{background-image:url('data:image\/svg+xml;base64,PHN2ZyBkYXRhLXByZWZpeD0iZmFzIiBkYXRhLWljb249InBsYXkiIGNsYXNzPSJzdmctaW5saW5lLS1mYSBmYS1wbGF5IGZhLXctMTQiIHJvbGU9ImltZyIgeG1sbnM9Imh0dHA6Ly93d3cudzMub3JnLzIwMDAvc3ZnIiB2aWV3Qm94PSIwIDAgNDQ4IDUxMiI+PHBhdGggZmlsbD0iY3VycmVudENvbG9yIiBkPSJNNDI0LjQgMjE0LjdMNzIuNCA2LjZDNDMuOC0xMC4zIDAgNi4xIDAgNDcuOVY0NjRjMCAzNy41IDQwLjcgNjAuMSA3Mi40IDQxLjNsMzUyLTIwOGMzMS40LTE4LjUgMzEuNS02NC4xIDAtODIuNnoiLz48L3N2Zz4=')}.ugb-3cefc40 li ul{margin-bottom:20px !important}.ugb-3cefc40.ugb-icon-list ul{columns:1}<\/style><div class=\"ugb-inner-block\"><div class=\"ugb-block-content\"><ul><li><\/li><li><a href=\"https:\/\/effetquebec.ca\/repertoire-entreprises\/?_secteurs=espace-public\" target=\"_blank\" rel=\"noreferrer noopener\">Discover studios that play in the public space<\/a><\/li><li><a href=\"https:\/\/nodeforum.org\/announcements\/creating-cities\/\" target=\"_blank\" rel=\"noreferrer noopener\">Watch the conference<\/a><\/li><\/ul><\/div><\/div><\/div>\n<\/div><\/div>\n<\/div><\/div><\/div><\/div><\/div>\n\n\n\n<div class=\"wp-block-ugb-column ugb-column ugb-89fa6fe ugb-column--design-plain ugb-main-block\"><style>@media screen and (min-width:768px){.ugb-89fa6fe.ugb-column{margin-bottom:60px !important}}<\/style><div class=\"ugb-inner-block\"><div class=\"ugb-block-content\"><div class=\"ugb-column__item ugb-89fa6fe-column-wrapper\"><div class=\"ugb-column__content-wrapper\">\n<p><em><em>This text follows NODE\u2019s \u201cCreating Cities,\u201d an international conference that took place on Friday, October 22, 2021 and that addressed the role of art, culture, and creative industries in urban spaces. This was a hybrid event with live broadcasting by NODE and the Qu\u00e9bec government.<\/em>.<\/em><\/p>\n\n\n\n<div class=\"wp-block-ugb-divider ugb-divider ugb-0094b18 ugb-divider--v2 ugb-divider--design-basic ugb-main-block\"><style>.ugb-0094b18 hr.ugb-divider__hr{margin-left:0 !important;margin-right:auto !important}.ugb-0094b18 .ugb-inner-block{text-align:left}<\/style><div class=\"ugb-inner-block\"><div class=\"ugb-block-content\"><hr class=\"ugb-divider__hr\"\/><\/div><\/div><\/div>\n\n\n\n<p><strong><strong>\u201cHow do artists and urban spaces interact?\u201d<\/strong><\/strong><\/p>\n\n\n\n<p><strong><strong>\u201cHow do creative people shape our cities and what stimuli can they provide for urban development?\u201d<\/strong><\/strong><\/p>\n\n\n\n<p>These are the questions tackled head on by the speakers invited to the \u201cCreating Cities\u201d conference organized by the <a href=\"https:\/\/nodeforum.org\/\" target=\"_blank\" rel=\"noreferrer noopener\">NODE Forum for Digital Arts<\/a>&nbsp;and the Qu\u00e9bec government on the occasion of Canada\u2019s presence as guest of honour at the 2020-21 <a href=\"https:\/\/www.buchmesse.de\/en\" target=\"_blank\" rel=\"noreferrer noopener\">Frankfurt<\/a> Book Fair, on October 22, 2021.<\/p>\n\n\n\n<p>To provide an overview of these complex issues, the organizers opted for <strong>three different angles of approach from two geographical locations<\/strong>. In this way, they provided a platform for planners working in government agencies, creators of art installations for public spaces, and representatives of organizations that link planners with creators.&nbsp;<\/p>\n\n\n\n<p>For each of the three parts of the conference, speakers from Qu\u00e9bec and the state of Hesse in Germany were called to the microphone.<\/p>\n<\/div><\/div><\/div><\/div><\/div>\n<\/div><\/div><\/div><\/div>\n\n\n\n<div class=\"alignwide wp-block-ugb-image-box ugb-image-box ugb-49a62a2 ugb-image-box--v4 ugb-image-box--columns-2 ugb-image-box--design-basic ugb-image-box--align-center ugb-main-block\"><style>.ugb-49a62a2 .ugb-image-box__box{border-radius:0px !important}.ugb-49a62a2 .ugb-image-box__item{height:400px !important;justify-content:center !important}.ugb-49a62a2 .ugb-image-box__item1 .ugb-image-box__image{background-image:url(https:\/\/effetquebec.ca\/wp-content\/uploads\/2021\/11\/DUOO_Julia-Marois-mirari-scaled-1.jpg)}.ugb-49a62a2 .ugb-image-box__item2 .ugb-image-box__image{background-image:url(https:\/\/effetquebec.ca\/wp-content\/uploads\/2021\/11\/La-Sentinelle_10_credit-Giacomo-Ferron-scaled-1.jpeg)}.ugb-49a62a2 .ugb-image-box__description{color:#ffffff !important}.ugb-49a62a2 .ugb-inner-block{text-align:center}.ugb-49a62a2 .ugb-block-content{column-gap:10px !important}@media screen and (min-width:768px){.ugb-49a62a2.ugb-image-box{margin-top:45px !important;margin-bottom:45px !important}.ugb-49a62a2 > .ugb-inner-block > .ugb-block-content > *{justify-content:center}}@media screen and (min-width:768px) and (max-width:1025px){.ugb-49a62a2 .ugb-image-box__item{height:300px !important}}@media screen and (max-width:768px){.ugb-49a62a2 .ugb-image-box__item{height:300px !important}}<\/style><div class=\"ugb-inner-block\"><div class=\"ugb-block-content\"><div class=\"ugb-image-box__item ugb-image-box__item1 ugb-image-box__box ugb--shadow-0\"><div class=\"ugb-image-box__box ugb-image-box__image-wrapper\"><div class=\"ugb-image-box__box ugb-image-box__image\" role=\"img\" aria-label=\"DUO MIRARI\"><\/div><\/div><div class=\"ugb-image-box__content\"><p class=\"ugb-image-box__description\"><br>DUO <br>MIRARI<\/p><\/div><a class=\"ugb-image-box__overlay-link\" href=\"https:\/\/effetquebec.ca\/entreprises\/mirari\/\" target=\"_blank\" rel=\"noopener noreferrer\" title=\"DUO MIRARI\" aria-label=\"DUO MIRARI\"><\/a><\/div><div class=\"ugb-image-box__item ugb-image-box__item2 ugb-image-box__box ugb--shadow-0\"><div class=\"ugb-image-box__box ugb-image-box__image-wrapper\"><div class=\"ugb-image-box__box ugb-image-box__image\" role=\"img\" aria-label=\"La sentinelleLa Bo\u00eete Interactive\"><\/div><\/div><div class=\"ugb-image-box__content\"><p class=\"ugb-image-box__description\">La sentinelle<br>La Bo\u00eete Interactive<\/p><\/div><a class=\"ugb-image-box__overlay-link\" href=\"https:\/\/effetquebec.ca\/entreprises\/la-boite-interactive\/\" target=\"_blank\" rel=\"noopener noreferrer\" title=\"La sentinelleLa Bo\u00eete Interactive\" aria-label=\"La sentinelleLa Bo\u00eete Interactive\"><\/a><\/div><\/div><\/div><\/div>\n\n\n\n<div class=\"wp-block-ugb-container ugb-container ugb-a72ddd8 ugb-container--v2 ugb-container--design-basic ugb-main-block\"><style>.ugb-a72ddd8-wrapper.ugb-container__wrapper{border-radius:0px !important;padding-top:0 !important;padding-bottom:0 !important}.ugb-a72ddd8-wrapper > .ugb-container__side{padding-top:35px !important;padding-bottom:35px !important;align-items:flex-end !important}.ugb-a72ddd8 .ugb-inner-block{text-align:left}@media screen and (min-width:768px){.ugb-a72ddd8-content-wrapper.ugb-container__content-wrapper{width:73% !important}}<\/style><div class=\"ugb-inner-block\"><div class=\"ugb-block-content\"><div class=\"ugb-container__wrapper ugb-a72ddd8-wrapper ugb--shadow-0\"><div class=\"ugb-container__side\"><div class=\"ugb-container__content-wrapper ugb-a72ddd8-content-wrapper\">\n<h2 class=\"wp-block-heading\" style=\"font-size:25px\">Planners &#8211; visionaries of the image and perception of the cities <\/h2>\n\n\n\n<div class=\"wp-block-ugb-divider ugb-divider ugb-38ac0ae ugb-divider--v2 ugb-divider--design-basic ugb-main-block\"><style>.ugb-38ac0ae hr.ugb-divider__hr{margin-left:0 !important;margin-right:auto !important}.ugb-38ac0ae .ugb-inner-block{text-align:left}<\/style><div class=\"ugb-inner-block\"><div class=\"ugb-block-content\"><hr class=\"ugb-divider__hr\"\/><\/div><\/div><\/div>\n\n\n\n<p><strong>Speakers<\/strong>: <\/p>\n\n\n\n<p><strong>Catherine Lareau<\/strong> : Commissioner for economic development, creative and cultural sector,&nbsp;<a href=\"https:\/\/montreal.ca\/\">Ville de Montr\u00e9al<\/a> (City of Montr\u00e9al)<\/p>\n\n\n\n<p><strong>Caroline Romahn<\/strong> : Head of the department of culture at the Hessian ministry of higher education, research and the arts<\/p>\n\n\n\n<p><strong>Matthias Pees<\/strong> : Artistic director and manager of the K\u00fcnstlerhaus Mousonturm<\/p>\n\n\n\n<p><strong>Rolf Kr\u00e4mer<\/strong> : Head of start-ups, cultural and creative industries at the Hessian ministry of economic affairs<\/p>\n\n\n\n<div class=\"wp-block-ugb-divider ugb-divider ugb-8f39cab ugb-divider--v2 ugb-divider--design-basic ugb-main-block\"><style>.ugb-8f39cab hr.ugb-divider__hr{margin-left:0 !important;margin-right:auto !important}.ugb-8f39cab .ugb-inner-block{text-align:left}<\/style><div class=\"ugb-inner-block\"><div class=\"ugb-block-content\"><hr class=\"ugb-divider__hr\"\/><\/div><\/div><\/div>\n\n\n\n<blockquote class=\"wp-block-ugb-blockquote ugb-blockquote ugb-03dda6e ugb-blockquote--v3 ugb-blockquote--design-plain ugb-blockquote--small-quote ugb-main-block\"><style>.ugb-03dda6e .ugb-blockquote__quote{fill:#000000 !important;width:40px !important;height:40px !important}.ugb-03dda6e .ugb-inner-block{text-align:center}<\/style><div class=\"ugb-inner-block\"><div class=\"ugb-block-content\"><div class=\"ugb-blockquote__item\"><svg viewbox=\"0 0 50 50\" xmlns=\"http:\/\/www.w3.org\/2000\/svg\" class=\"ugb-blockquote__quote\" width=\"40\" height=\"40\"><path d=\"M20.8 44.5H0V23.7L9.3 5.5h7.3L12 23.7h8.8v20.8zm29.2 0H29.2V23.7l9.3-18.1h7.3l-4.6 18.1H50v20.8z\"><\/path><\/svg><div class=\"ugb-blockquote__content\"><p class=\"ugb-blockquote__text\"><em><em>I believe that cities all over the world are facing the same problem regarding their development. [\u2026] In this digital age, city centres are set to change fundamentally, moving away from their traditional role as commercial spaces.<\/em><\/em><\/p><\/div><\/div><\/div><\/div><\/blockquote>\n\n\n\n<p>This is how Rolf Kr\u00e4mer, Head of start-ups, cultural and creative industries at the Hessian ministry of economic affairs, laid the groundwork for the discussion.<\/p>\n\n\n\n<p>Speaking via videoconference, the second speaker, Catherine Lareau of the City of Montr\u00e9al, expressed her agreement. She even insisted that <strong>digital changes were precipitated by the public health crisis<\/strong>. Since \u201c<strong>every crisis raises new opportunities<\/strong>,\u201d the last few months have been \u201ca good time to learn, improve, and create.\u201d<\/p>\n\n\n\n<p>After identifying three major impacts the crisis had at the cultural and creative level, namely, the vulnerability into which it plunged creators, the closing of cultural venues, and the shutting down of borders, the team at the City of Montr\u00e9al implemented a recovery plan.<\/p>\n\n\n\n<p>This strategy relied on <strong>new forms of expression and socialization<\/strong> enabled by digital works:<\/p>\n\n\n\n<ul class=\"wp-block-list\"><li>First, existing works were deployed again, but in <strong>new, more outlying areas<\/strong> that were not used to being exposed to such creations<\/li><\/ul>\n\n\n\n<ul class=\"wp-block-list\"><li>Second, a call for projects was launched to <strong>encourage collaboration<\/strong> between digital creative studios and the traditional artistic community<\/li><\/ul>\n\n\n\n<ul class=\"wp-block-list\"><li><strong><strong>Playful projects<\/strong> <\/strong>that did not fit into the previous two categories were also supported and developed to make the city\u2019s public spaces more fun<\/li><\/ul>\n<\/div><\/div><\/div><\/div><\/div><\/div>\n\n\n\n<figure class=\"wp-block-embed is-type-video is-provider-youtube wp-block-embed-youtube wp-embed-aspect-16-9 wp-has-aspect-ratio\"><div class=\"wp-block-embed__wrapper\">\n<iframe loading=\"lazy\" title=\"La Station de l&#039;avenir\" width=\"900\" height=\"506\" src=\"https:\/\/www.youtube.com\/embed\/jlGowj08x-o?feature=oembed\" frameborder=\"0\" allow=\"accelerometer; autoplay; clipboard-write; encrypted-media; gyroscope; picture-in-picture\" allowfullscreen><\/iframe>\n<\/div><\/figure>\n\n\n\n<div class=\"wp-block-ugb-container ugb-container ugb-8b67fda ugb-container--v2 ugb-container--design-basic ugb-main-block\"><style>.ugb-8b67fda-wrapper.ugb-container__wrapper{border-radius:0px !important;padding-top:0 !important;padding-bottom:0 !important}.ugb-8b67fda-wrapper > .ugb-container__side{padding-top:35px !important;padding-bottom:35px !important;align-items:flex-end !important}.ugb-8b67fda .ugb-inner-block{text-align:left}@media screen and (min-width:768px){.ugb-8b67fda-content-wrapper.ugb-container__content-wrapper{width:73% !important}}<\/style><div class=\"ugb-inner-block\"><div class=\"ugb-block-content\"><div class=\"ugb-container__wrapper ugb-8b67fda-wrapper ugb--shadow-0\"><div class=\"ugb-container__side\"><div class=\"ugb-container__content-wrapper ugb-8b67fda-content-wrapper\">\n<p>\u201cIn all, more than one hundred projects were submitted,\u201d stated Catherine Lareau. From this lot, she chose to mention an installation titled&nbsp;\u201c<em>Duo\u201d by<\/em>&nbsp;<a href=\"https:\/\/effetquebec.ca\/en\/entreprises\/mirari\/\">Mirari<\/a>, adding that this work won an award&nbsp;at the prestigious <a href=\"https:\/\/numix.ca\/\" target=\"_blank\" rel=\"noreferrer noopener\">PRIX NUMIX<\/a> gala. <\/p>\n\n\n\n<p>In closing, Catherine Lareau explained that the selected artists had benefited because they retained <strong>intellectual property rights<\/strong> for their subsidized works and gained credibility and visibility by working with the City of Montr\u00e9al.<\/p>\n\n\n\n<p>In the discussion that concluded this part of the conference, Mathias Pees revealed that following his visit to Qu\u00e9bec on the fringes of Festival TransAm\u00e9riques, he was struck by the extent of <strong>Montreal\u2019s<\/strong> \u201c<strong>extraordinary display of creativity in public spaces.\u201d<\/strong><\/p>\n\n\n\n<p>To which Catherine Lareau added: \u201cWe try to be as creative in our work as creators are in theirs.\u201d<\/p>\n<\/div><\/div><\/div><\/div><\/div><\/div>\n\n\n\n<div class=\"alignwide wp-block-ugb-image-box ugb-image-box ugb-1f20596 ugb-image-box--v4 ugb-image-box--columns-2 ugb-image-box--design-basic ugb-image-box--align-center ugb-main-block\"><style>.ugb-1f20596 .ugb-image-box__box{border-radius:0px !important}.ugb-1f20596 .ugb-image-box__item{height:400px !important;justify-content:center !important}.ugb-1f20596 .ugb-image-box__item1 .ugb-image-box__image{background-image:url(https:\/\/effetquebec.ca\/wp-content\/uploads\/2021\/11\/Augmented-games-grid-interactive-1-960x510-1.jpg)}.ugb-1f20596 .ugb-image-box__item2 .ugb-image-box__image{background-image:url(https:\/\/effetquebec.ca\/wp-content\/uploads\/2021\/11\/pqdssplinterwebmars-03-2021viviengaumand-39-1.jpg)}.ugb-1f20596 .ugb-image-box__description{color:#ffffff !important}.ugb-1f20596 .ugb-inner-block{text-align:center}.ugb-1f20596 .ugb-block-content{column-gap:10px !important}@media screen and (min-width:768px){.ugb-1f20596.ugb-image-box{margin-top:45px !important;margin-bottom:45px !important}.ugb-1f20596 > .ugb-inner-block > .ugb-block-content > *{justify-content:center}}@media screen and (min-width:768px) and (max-width:1025px){.ugb-1f20596 .ugb-image-box__item{height:300px !important}}@media screen and (max-width:768px){.ugb-1f20596 .ugb-image-box__item{height:300px !important}}<\/style><div class=\"ugb-inner-block\"><div class=\"ugb-block-content\"><div class=\"ugb-image-box__item ugb-image-box__item1 ugb-image-box__box ugb--shadow-0\"><div class=\"ugb-image-box__box ugb-image-box__image-wrapper\"><div class=\"ugb-image-box__box ugb-image-box__image\" role=\"img\" aria-label=\"GRiD - The PONG Game In Real LifeMOMENT FACTORY\"><\/div><\/div><div class=\"ugb-image-box__content\"><p class=\"ugb-image-box__description\">GRiD &#8211; The PONG Game In Real Life<br>MOMENT FACTORY<\/p><\/div><a class=\"ugb-image-box__overlay-link\" href=\"https:\/\/effetquebec.ca\/entreprises\/moment-factory\/\" target=\"_blank\" rel=\"noopener noreferrer\" title=\"GRiD - The PONG Game In Real LifeMOMENT FACTORY\" aria-label=\"GRiD - The PONG Game In Real LifeMOMENT FACTORY\"><\/a><\/div><div class=\"ugb-image-box__item ugb-image-box__item2 ugb-image-box__box ugb--shadow-0\"><div class=\"ugb-image-box__box ugb-image-box__image-wrapper\"><div class=\"ugb-image-box__box ugb-image-box__image\" role=\"img\" aria-label=\"SplinterOTTOMATA\"><\/div><\/div><div class=\"ugb-image-box__content\"><p class=\"ugb-image-box__description\">Splinter<br>OTTOMATA<\/p><\/div><a class=\"ugb-image-box__overlay-link\" href=\"https:\/\/effetquebec.ca\/entreprises\/ottomata\/\" target=\"_blank\" rel=\"noopener noreferrer\" title=\"SplinterOTTOMATA\" aria-label=\"SplinterOTTOMATA\"><\/a><\/div><\/div><\/div><\/div>\n\n\n\n<div class=\"wp-block-ugb-container ugb-container ugb-ffdde8b ugb-container--v2 ugb-container--design-basic ugb-main-block\"><style>.ugb-ffdde8b-wrapper.ugb-container__wrapper{border-radius:0px !important;padding-top:0 !important;padding-bottom:0 !important}.ugb-ffdde8b-wrapper > .ugb-container__side{padding-top:35px !important;padding-bottom:35px !important;align-items:flex-end !important}.ugb-ffdde8b .ugb-inner-block{text-align:left}@media screen and (min-width:768px){.ugb-ffdde8b-content-wrapper.ugb-container__content-wrapper{width:73% !important}}<\/style><div class=\"ugb-inner-block\"><div class=\"ugb-block-content\"><div class=\"ugb-container__wrapper ugb-ffdde8b-wrapper ugb--shadow-0\"><div class=\"ugb-container__side\"><div class=\"ugb-container__content-wrapper ugb-ffdde8b-content-wrapper\">\n<h2 class=\"wp-block-heading\" style=\"font-size:25px\">Curators and cultural mediators: project instigators who turn cities into webs<\/h2>\n\n\n\n<div class=\"wp-block-ugb-divider ugb-divider ugb-f678287 ugb-divider--v2 ugb-divider--design-basic ugb-main-block\"><style>.ugb-f678287 hr.ugb-divider__hr{margin-left:0 !important;margin-right:auto !important}.ugb-f678287 .ugb-inner-block{text-align:left}<\/style><div class=\"ugb-inner-block\"><div class=\"ugb-block-content\"><hr class=\"ugb-divider__hr\"\/><\/div><\/div><\/div>\n\n\n\n<p><strong>Speakers<\/strong>: <\/p>\n\n\n\n<p><strong>Guillaume Aniort\u00e9<\/strong> : Executive advisor on international and strategic development, Quartier des spectacles (Entertainment District) Partnership<\/p>\n\n\n\n<p><strong>Ellen Blumenstein<\/strong> : Curator, HafenCity<\/p>\n\n\n\n<p><strong>F\u00e9lix Hevelke<\/strong> : Cultural anthropologist, art historian, cultural manager<\/p>\n\n\n\n<p><strong>Aileen Treusch<\/strong> : Curator, Founder of faktory, producer, researcher<\/p>\n\n\n\n<div class=\"wp-block-ugb-divider ugb-divider ugb-6c61de4 ugb-divider--v2 ugb-divider--design-basic ugb-main-block\"><style>.ugb-6c61de4 hr.ugb-divider__hr{margin-left:0 !important;margin-right:auto !important}.ugb-6c61de4 .ugb-inner-block{text-align:left}<\/style><div class=\"ugb-inner-block\"><div class=\"ugb-block-content\"><hr class=\"ugb-divider__hr\"\/><\/div><\/div><\/div>\n\n\n\n<p>The emphasis in the second part of the conference was on the role of institutions that act as \u201cglue between planners and artists.\u201d<\/p>\n\n\n\n<p>It was in this capacity that Guillaume Aniort\u00e9, representing Montr\u00e9al\u2019s&nbsp;<a href=\"https:\/\/www.quartierdesspectacles.com\/en\/\" target=\"_blank\" rel=\"noreferrer noopener\">Quartier des Spectacles<\/a>&nbsp;(Entertainment District), took the microphone in Frankfurt.<\/p>\n\n\n\n<p>He mentioned that&nbsp;<strong>interactive installations in public spaces \u201cmake people happy by playing with culture.<\/strong>\u201d As an illustration of this point, he described \u201cThe Loop,\u201d which was premiered at Quartier des spectacles and is now being presented in Frankfurt in conjunction with the latest edition of the International Book Fair.&nbsp;<\/p>\n\n\n\n<p>\u201cWhy not export our installations?\u201d he asked. He went even further by sharing his wish list: \u201cto co-invest, co-create, develop ties, and share experiences\u201d with representatives from other major world cities.<\/p>\n\n\n\n<p>In fact, one such representative was also present at the event, namely, Ellen Blumenstein, from&nbsp;<a href=\"https:\/\/imaginethecity.de\/en\" target=\"_blank\" rel=\"noreferrer noopener\">Imagine the City<\/a>, an organization based in Hamburg. In answer to the question \u201cWhat does it take to create a city\u2019s image?\u201d she said that a city\u2019s <strong>media image<\/strong>, which is disseminated on social media, is&nbsp;<strong>as important as its physical image<\/strong>, which can be appreciated onsite.<\/p>\n\n\n\n<p>In the conversation among the curators and cultural mediators, Guillaume Aniort\u00e9 returned to this point to say that what makes a city\u2019s signage successful is its <strong>attachment to its own nature.<\/strong>&nbsp;He pointed out that Montr\u00e9al\u2019s Entertainment District uses a red dot to identify key locations on its territory, and that this red dot is directly inspired by the district\u2019s past as a \u201cred-light district.\u201d<\/p>\n\n\n\n<p>On the role of artists in their community, Aileen Treusch stressed that \u201cartists are not just there to decorate cities. We need their creative approach to think outside the box.\u201d<br>Ellen Blumenstein said that public art \u201cgenerated much more interest and achieved greater outreach\u201d than works presented in museums. According to her, only 1.7% of the population visit museums while<strong>&nbsp;20 to 30% interact with works located in public spaces<\/strong>.<\/p>\n<\/div><\/div><\/div><\/div><\/div><\/div>\n\n\n\n<div class=\"alignwide wp-block-ugb-image-box ugb-image-box ugb-c8e00a3 ugb-image-box--v4 ugb-image-box--columns-2 ugb-image-box--design-basic ugb-image-box--align-center ugb-main-block\"><style>.ugb-c8e00a3 .ugb-image-box__box{border-radius:0px !important}.ugb-c8e00a3 .ugb-image-box__item{height:400px !important;justify-content:center !important}.ugb-c8e00a3 .ugb-image-box__item1 .ugb-image-box__image{background-image:url(https:\/\/effetquebec.ca\/wp-content\/uploads\/2021\/11\/mg_0191.jpg)}.ugb-c8e00a3 .ugb-image-box__item2 .ugb-image-box__image{background-image:url(https:\/\/effetquebec.ca\/wp-content\/uploads\/2021\/11\/CNC_Nantes_01_1920x1080.jpg)}.ugb-c8e00a3 .ugb-image-box__description{color:#ffffff !important}.ugb-c8e00a3 .ugb-inner-block{text-align:center}.ugb-c8e00a3 .ugb-block-content{column-gap:10px !important}@media screen and (min-width:768px){.ugb-c8e00a3.ugb-image-box{margin-top:45px !important;margin-bottom:45px !important}.ugb-c8e00a3 > .ugb-inner-block > .ugb-block-content > *{justify-content:center}}@media screen and (min-width:768px) and (max-width:1025px){.ugb-c8e00a3 .ugb-image-box__item{height:300px !important}}@media screen and (max-width:768px){.ugb-c8e00a3 .ugb-image-box__item{height:300px !important}}<\/style><div class=\"ugb-inner-block\"><div class=\"ugb-block-content\"><div class=\"ugb-image-box__item ugb-image-box__item1 ugb-image-box__box ugb--shadow-0\"><div class=\"ugb-image-box__box ugb-image-box__image-wrapper\"><div class=\"ugb-image-box__box ugb-image-box__image\" role=\"img\" aria-label=\"The artistic disciplinesGENTILHOMME\"><\/div><\/div><div class=\"ugb-image-box__content\"><p class=\"ugb-image-box__description\">The artistic disciplines<br>GENTILHOMME<\/p><\/div><a class=\"ugb-image-box__overlay-link\" href=\"https:\/\/effetquebec.ca\/entreprises\/gentilhomme\/\" target=\"_blank\" rel=\"noopener noreferrer\" title=\"The artistic disciplinesGENTILHOMME\" aria-label=\"The artistic disciplinesGENTILHOMME\"><\/a><\/div><div class=\"ugb-image-box__item ugb-image-box__item2 ugb-image-box__box ugb--shadow-0\"><div class=\"ugb-image-box__box ugb-image-box__image-wrapper\"><div class=\"ugb-image-box__box ugb-image-box__image\" role=\"img\" aria-label=\"Control no controlIREGULAR\"><\/div><\/div><div class=\"ugb-image-box__content\"><p class=\"ugb-image-box__description\">Control no control<br>IREGULAR<\/p><\/div><a class=\"ugb-image-box__overlay-link\" href=\"https:\/\/effetquebec.ca\/entreprises\/iregular\/\" target=\"_blank\" rel=\"noopener noreferrer\" title=\"Control no controlIREGULAR\" aria-label=\"Control no controlIREGULAR\"><\/a><\/div><\/div><\/div><\/div>\n\n\n\n<div class=\"wp-block-ugb-container ugb-container ugb-d98e49b ugb-container--v2 ugb-container--design-basic ugb-main-block\"><style>.ugb-d98e49b-wrapper.ugb-container__wrapper{border-radius:0px !important;padding-top:0 !important;padding-bottom:0 !important}.ugb-d98e49b-wrapper > .ugb-container__side{padding-top:35px !important;padding-bottom:35px !important;align-items:flex-end !important}.ugb-d98e49b .ugb-inner-block{text-align:left}@media screen and (min-width:768px){.ugb-d98e49b-content-wrapper.ugb-container__content-wrapper{width:73% !important}}<\/style><div class=\"ugb-inner-block\"><div class=\"ugb-block-content\"><div class=\"ugb-container__wrapper ugb-d98e49b-wrapper ugb--shadow-0\"><div class=\"ugb-container__side\"><div class=\"ugb-container__content-wrapper ugb-d98e49b-content-wrapper\">\n<h2 class=\"wp-block-heading\" style=\"font-size:25px\">The creators: the art of imaginig and building memorable moments <\/h2>\n\n\n\n<div class=\"wp-block-ugb-divider ugb-divider ugb-4dcb20c ugb-divider--v2 ugb-divider--design-basic ugb-main-block\"><style>.ugb-4dcb20c hr.ugb-divider__hr{margin-left:0 !important;margin-right:auto !important}.ugb-4dcb20c .ugb-inner-block{text-align:left}<\/style><div class=\"ugb-inner-block\"><div class=\"ugb-block-content\"><hr class=\"ugb-divider__hr\"\/><\/div><\/div><\/div>\n\n\n\n<p><strong>Speakers: <\/strong><\/p>\n\n\n\n<p><strong>Olivier Girouard :<\/strong> <strong>Visual a<\/strong>rtist, Ekumen<\/p>\n\n\n\n<p><strong>Thomas Payette:<\/strong>  Co-founder and creative director, Mirari<\/p>\n\n\n\n<p><strong>Berndt Jasper et M\u00f3ka Farkas<\/strong> : Baltic Raw Org (BRO)<\/p>\n\n\n\n<p><strong>Stefan Weil :<\/strong> Chief Creative Officer, Atelier Markgraph<\/p>\n\n\n\n<div class=\"wp-block-ugb-divider ugb-divider ugb-077f1dc ugb-divider--v2 ugb-divider--design-basic ugb-main-block\"><style>.ugb-077f1dc hr.ugb-divider__hr{margin-left:0 !important;margin-right:auto !important}.ugb-077f1dc .ugb-inner-block{text-align:left}<\/style><div class=\"ugb-inner-block\"><div class=\"ugb-block-content\"><hr class=\"ugb-divider__hr\"\/><\/div><\/div><\/div>\n\n\n\n<p>C\u2019\u00e9tait ensuite au tour des artistes de prendre la parole. Olivier Then came the artists\u2019 turn to speak. Olivier Girouard, from Montr\u00e9al studio Ekumen, was the first to take the stage.<\/p>\n\n\n\n<p>He began by demystifying public space installations by reminding us that the same tools were used to works for large indoor venues and outdoor public spaces.<\/p>\n\n\n\n<p>\u00c0 titre de l\u2019un deAs one of the creators of&nbsp;<a href=\"https:\/\/www.ekumen.com\/loop\/index.php?lang=EN\" target=\"_blank\" rel=\"noreferrer noopener\"><em>The Loop<\/em><\/a>, he said he was pleased that his work would be shown on the fringe of the Frankfurt Book Fair.<\/p>\n\n\n\n<p>He went on to explain how exports were part of his artistic process. So much so that his most recent creation, \u201cSpacetime,\u201d incorporates the notion of export by linking live connected benches between two public squares in two different cities.<\/p>\n\n\n\n<p>Olivier Girouard passed the microphone on to Thomas Payette of the Mirari studio, who stated that the works he designs for public spaces are built for travel. Indeed, he stated that the equipment can be dismantled and reassembled and that it can withstand the vagaries of the weather.<\/p>\n\n\n\n<p>Regarding \u201cDuo,\u201d he is particularly proud to have \u201cbrought contemporary dance into the public space. This brings discoverability to this often neglected discipline.\u201d<\/p>\n\n\n\n<p>To present the German point of view, Berndt Jasper and M\u00f3ka Farkas of the <a href=\"http:\/\/www.balticraw.org\/\" target=\"_blank\" rel=\"noreferrer noopener\">Baltic Raw Org<\/a>&nbsp;collective presented their success stories such as the Wowtecture event where iconic buildings from around the world were reproduced in plywood. Berndt Jasper took the opportunity to explain that \u201c<strong>modern cities need icons<\/strong>.\u201d<\/p>\n\n\n\n<p>\u00c0 son tour, Stefan Weil chanta les louanges de la cr\u00e9ativit\u00e9 canadienne, For his part, Stefan Weil also sang the praises of Canadian creativity, underlining that he was greatly impressed by what he saw during his visit to <a href=\"https:\/\/effetquebec.ca\/en\/entreprises\/mutek\/\" target=\"_blank\" rel=\"noreferrer noopener\">Mutek.<\/a>&nbsp;He also noted that the interactive installations are \u201clike a playground for adults, and maybe for children too. In fact, for everyone!\u201d<\/p>\n\n\n\n<p>In the conversation concluding this section, Olivier Girouard defined his role as \u201cgetting people out, making them feel good, and generating curiosity.\u201d He added:<\/p>\n\n\n\n<blockquote class=\"wp-block-ugb-blockquote ugb-blockquote ugb-bf7ec7d ugb-blockquote--v3 ugb-blockquote--design-plain ugb-blockquote--small-quote ugb-main-block\"><style>.ugb-bf7ec7d .ugb-blockquote__quote{fill:#000000 !important;width:40px !important;height:40px !important}.ugb-bf7ec7d .ugb-inner-block{text-align:center}<\/style><div class=\"ugb-inner-block\"><div class=\"ugb-block-content\"><div class=\"ugb-blockquote__item\"><svg viewbox=\"0 0 50 50\" xmlns=\"http:\/\/www.w3.org\/2000\/svg\" class=\"ugb-blockquote__quote\" width=\"40\" height=\"40\"><path d=\"M20.8 44.5H0V23.7L9.3 5.5h7.3L12 23.7h8.8v20.8zm29.2 0H29.2V23.7l9.3-18.1h7.3l-4.6 18.1H50v20.8z\"><\/path><\/svg><div class=\"ugb-blockquote__content\"><p class=\"ugb-blockquote__text\"><em>I think we all live \u2013 alone \u2013 in front of our screens. To go out and interact with tangible works in physical spaces creates a spark. It inspires people to reconnect with their environment.<\/em><\/p><\/div><\/div><\/div><\/div><\/blockquote>\n\n\n\n<p>Thomas Payette stressed that \u201cworks in public spaces need a lot of resources. We need the right funding.\u201d But because of the way funding is distributed, however, \u201cwe can\u2019t take the bold step of putting projects forward. We can only respond to calls for projects.\u201d<\/p>\n\n\n\n<p>A member of the audience then raised the issue of measuring the success of interactive facilities. Thomas Payette answered with a single word: \u201cInstagram.\u201d Indeed, the popular impact of a work can be gauged by the interactions it generates on social media.<\/p>\n\n\n\n<p>However, he reminds us that every creative project involves risk. \u201cIt may not work.\u201d Olivier Girouard added that \u201cThe first iteration is always a prototype. <strong>And I like to think of my city as a prototype as well<\/strong>.\u201d<\/p>\n<\/div><\/div><\/div><\/div><\/div><\/div>\n\n\n\n<div class=\"alignwide wp-block-ugb-image-box ugb-image-box ugb-b0aa6b1 ugb-image-box--v4 ugb-image-box--columns-2 ugb-image-box--design-basic ugb-image-box--align-center ugb-main-block\"><style>.ugb-b0aa6b1 .ugb-image-box__box{border-radius:0px !important}.ugb-b0aa6b1 .ugb-image-box__item{height:400px !important;justify-content:center !important}.ugb-b0aa6b1 .ugb-image-box__item1 .ugb-image-box__image{background-image:url(https:\/\/effetquebec.ca\/wp-content\/uploads\/2021\/11\/Lumino_effetdomino_ingridingrid-\u00a9-Nicolas-Gouin-lHibou.jpg)}.ugb-b0aa6b1 .ugb-image-box__item2 .ugb-image-box__image{background-image:url(https:\/\/effetquebec.ca\/wp-content\/uploads\/2021\/11\/wlak-walk-dance-daily-tous-les-jours.jpg)}.ugb-b0aa6b1 .ugb-image-box__description{color:#ffffff !important}.ugb-b0aa6b1 .ugb-inner-block{text-align:center}.ugb-b0aa6b1 .ugb-block-content{column-gap:10px !important}@media screen and (min-width:768px){.ugb-b0aa6b1.ugb-image-box{margin-top:45px !important;margin-bottom:45px !important}.ugb-b0aa6b1 > .ugb-inner-block > .ugb-block-content > *{justify-content:center}}@media screen and (min-width:768px) and (max-width:1025px){.ugb-b0aa6b1 .ugb-image-box__item{height:300px !important}}@media screen and (max-width:768px){.ugb-b0aa6b1 .ugb-image-box__item{height:300px !important}}<\/style><div class=\"ugb-inner-block\"><div class=\"ugb-block-content\"><div class=\"ugb-image-box__item ugb-image-box__item1 ugb-image-box__box ugb--shadow-0\"><div class=\"ugb-image-box__box ugb-image-box__image-wrapper\"><div class=\"ugb-image-box__box ugb-image-box__image\" role=\"img\" aria-label=\"Effet DominoIngrid Ingrid\"><\/div><\/div><div class=\"ugb-image-box__content\"><p class=\"ugb-image-box__description\">Effet Domino<br>Ingrid Ingrid<\/p><\/div><a class=\"ugb-image-box__overlay-link\" href=\"https:\/\/effetquebec.ca\/entreprises\/creos\/\" target=\"_blank\" rel=\"noopener noreferrer\" title=\"Effet DominoIngrid Ingrid\" aria-label=\"Effet DominoIngrid Ingrid\"><\/a><\/div><div class=\"ugb-image-box__item ugb-image-box__item2 ugb-image-box__box ugb--shadow-0\"><div class=\"ugb-image-box__box ugb-image-box__image-wrapper\"><div class=\"ugb-image-box__box ugb-image-box__image\" role=\"img\" aria-label=\"Marche marche danse : Daily Tous les jours\"><\/div><\/div><div class=\"ugb-image-box__content\"><p class=\"ugb-image-box__description\">Marche marche danse : <br>Daily Tous les jours<\/p><\/div><a class=\"ugb-image-box__overlay-link\" href=\"https:\/\/effetquebec.ca\/entreprises\/daily-tous-les-jours\/\" target=\"_blank\" rel=\"noopener noreferrer\" title=\"Marche marche danse : Daily Tous les jours\" aria-label=\"Marche marche danse : Daily Tous les jours\"><\/a><\/div><\/div><\/div><\/div>\n\n\n\n<div class=\"wp-block-ugb-container ugb-container ugb-226f004 ugb-container--v2 ugb-container--design-basic ugb-main-block\"><style>.ugb-226f004-wrapper.ugb-container__wrapper{border-radius:0px !important;padding-top:0 !important;padding-bottom:0 !important}.ugb-226f004-wrapper > .ugb-container__side{padding-top:35px !important;padding-bottom:35px !important;align-items:flex-end !important}.ugb-226f004 .ugb-inner-block{text-align:left}@media screen and (min-width:768px){.ugb-226f004-content-wrapper.ugb-container__content-wrapper{width:73% !important}}<\/style><div class=\"ugb-inner-block\"><div class=\"ugb-block-content\"><div class=\"ugb-container__wrapper ugb-226f004-wrapper ugb--shadow-0\"><div class=\"ugb-container__side\"><div class=\"ugb-container__content-wrapper ugb-226f004-content-wrapper\">\n<div class=\"wp-block-ugb-divider ugb-divider ugb-fa94100 ugb-divider--v2 ugb-divider--design-basic ugb-main-block\"><style>.ugb-fa94100 hr.ugb-divider__hr{margin-left:0 !important;margin-right:auto !important}.ugb-fa94100 .ugb-inner-block{text-align:left}<\/style><div class=\"ugb-inner-block\"><div class=\"ugb-block-content\"><hr class=\"ugb-divider__hr\"\/><\/div><\/div><\/div>\n\n\n\n<p><strong><strong>About NODE<\/strong><\/strong><\/p>\n\n\n\n<p>NODE Verein zur F\u00f6rderung Digitaler Kultur e.V. is a non-profit, volunteer-based organization based in Frankfurt that was founded in 2010. Since its foundation, its board of directors has been led by David Br\u00fcll and Sebastian Oschatz. The board and the organization\u2019s many honorary team members and workshop facilitators believe in the spirit of sharing knowledge and sharing ideas.<\/p>\n\n\n\n<p>Its mission: celebrate culture, arts, and technology. It is a place of open exchange and critical discourse for all.<\/p>\n<\/div><\/div><\/div><\/div><\/div><\/div>\n","protected":false},"excerpt":{"rendered":"How do artists and urban spaces interact? How do creative people shape our cities and what stimuli can they provide for urban development?","protected":false},"author":118,"featured_media":5037,"template":"","meta":{"_acf_changed":false,"_links_to":"","_links_to_target":""},"class_list":["post-6067","tendances","type-tendances","status-publish","has-post-thumbnail","hentry"],"featured_image_urls_v2":{"full":["https:\/\/effetquebec.ca\/wp-content\/uploads\/2021\/11\/DUOO_Julia-Marois06-scaled-1.jpg",2560,1707,false],"thumbnail":["https:\/\/effetquebec.ca\/wp-content\/uploads\/2021\/11\/DUOO_Julia-Marois06-scaled-1-150x150.jpg",150,150,true],"medium":["https:\/\/effetquebec.ca\/wp-content\/uploads\/2021\/11\/DUOO_Julia-Marois06-scaled-1-250x167.jpg",250,167,true],"medium_large":["https:\/\/effetquebec.ca\/wp-content\/uploads\/2021\/11\/DUOO_Julia-Marois06-scaled-1-768x512.jpg",768,512,true],"large":["https:\/\/effetquebec.ca\/wp-content\/uploads\/2021\/11\/DUOO_Julia-Marois06-scaled-1-700x467.jpg",700,467,true],"1536x1536":["https:\/\/effetquebec.ca\/wp-content\/uploads\/2021\/11\/DUOO_Julia-Marois06-scaled-1-1536x1024.jpg",1536,1024,true],"2048x2048":["https:\/\/effetquebec.ca\/wp-content\/uploads\/2021\/11\/DUOO_Julia-Marois06-scaled-1-2048x1366.jpg",2048,1366,true],"small":["https:\/\/effetquebec.ca\/wp-content\/uploads\/2021\/11\/DUOO_Julia-Marois06-scaled-1-120x80.jpg",120,80,true],"custom-size":["https:\/\/effetquebec.ca\/wp-content\/uploads\/2021\/11\/DUOO_Julia-Marois06-scaled-1-700x200.jpg",700,200,true],"grille":["https:\/\/effetquebec.ca\/wp-content\/uploads\/2021\/11\/DUOO_Julia-Marois06-scaled-1-800x450.jpg",800,450,true],"gform-image-choice-sm":["https:\/\/effetquebec.ca\/wp-content\/uploads\/2021\/11\/DUOO_Julia-Marois06-scaled-1.jpg",300,200,false],"gform-image-choice-md":["https:\/\/effetquebec.ca\/wp-content\/uploads\/2021\/11\/DUOO_Julia-Marois06-scaled-1.jpg",400,267,false],"gform-image-choice-lg":["https:\/\/effetquebec.ca\/wp-content\/uploads\/2021\/11\/DUOO_Julia-Marois06-scaled-1.jpg",600,400,false]},"post_excerpt_stackable_v2":"How do artists and urban spaces interact? How do creative people shape our cities and what stimuli can they provide for urban development?","category_list_v2":"","author_info_v2":{"name":"Sara","url":"https:\/\/effetquebec.ca\/en\/author\/saraxnquebec-co\/"},"comments_num_v2":"0 comments","acf":[],"yoast_head":"<!-- This site is optimized with the Yoast SEO plugin v27.4 - https:\/\/yoast.com\/product\/yoast-seo-wordpress\/ -->\n<title>What roles do creators and artists play in our cities&#039; urban development? - L\u2019Effet Qu\u00e9bec<\/title>\n<meta name=\"robots\" content=\"index, follow, max-snippet:-1, max-image-preview:large, max-video-preview:-1\" \/>\n<link rel=\"canonical\" href=\"https:\/\/effetquebec.ca\/en\/trends\/what-roles-do-creators-and-artists-play-in-our-cities-urban-development\/\" \/>\n<meta property=\"og:locale\" content=\"en_US\" \/>\n<meta property=\"og:type\" content=\"article\" \/>\n<meta property=\"og:title\" content=\"What roles do creators and artists play in our cities&#039; urban development? - L\u2019Effet Qu\u00e9bec\" \/>\n<meta property=\"og:description\" content=\"How do artists and urban spaces interact? How do creative people shape our cities and what stimuli can they provide for urban development?\" \/>\n<meta property=\"og:url\" content=\"https:\/\/effetquebec.ca\/en\/trends\/what-roles-do-creators-and-artists-play-in-our-cities-urban-development\/\" \/>\n<meta property=\"og:site_name\" content=\"L\u2019Effet Qu\u00e9bec\" \/>\n<meta property=\"article:publisher\" content=\"https:\/\/www.facebook.com\/XnQuebec\" \/>\n<meta property=\"article:modified_time\" content=\"2022-03-17T13:55:05+00:00\" \/>\n<meta property=\"og:image\" content=\"https:\/\/effetquebec.ca\/wp-content\/uploads\/2021\/11\/DUOO_Julia-Marois06-scaled-1.jpg\" \/>\n\t<meta property=\"og:image:width\" content=\"2560\" \/>\n\t<meta property=\"og:image:height\" content=\"1707\" \/>\n\t<meta property=\"og:image:type\" content=\"image\/jpeg\" \/>\n<meta name=\"twitter:card\" content=\"summary_large_image\" \/>\n<meta name=\"twitter:label1\" content=\"Est. reading time\" \/>\n\t<meta name=\"twitter:data1\" content=\"9 minutes\" \/>\n<script type=\"application\/ld+json\" class=\"yoast-schema-graph\">{\"@context\":\"https:\\\/\\\/schema.org\",\"@graph\":[{\"@type\":\"WebPage\",\"@id\":\"https:\\\/\\\/effetquebec.ca\\\/en\\\/trends\\\/what-roles-do-creators-and-artists-play-in-our-cities-urban-development\\\/\",\"url\":\"https:\\\/\\\/effetquebec.ca\\\/en\\\/trends\\\/what-roles-do-creators-and-artists-play-in-our-cities-urban-development\\\/\",\"name\":\"What roles do creators and artists play in our cities' urban development? - L\u2019Effet Qu\u00e9bec\",\"isPartOf\":{\"@id\":\"https:\\\/\\\/effetquebec.ca\\\/en\\\/#website\"},\"primaryImageOfPage\":{\"@id\":\"https:\\\/\\\/effetquebec.ca\\\/en\\\/trends\\\/what-roles-do-creators-and-artists-play-in-our-cities-urban-development\\\/#primaryimage\"},\"image\":{\"@id\":\"https:\\\/\\\/effetquebec.ca\\\/en\\\/trends\\\/what-roles-do-creators-and-artists-play-in-our-cities-urban-development\\\/#primaryimage\"},\"thumbnailUrl\":\"https:\\\/\\\/effetquebec.ca\\\/wp-content\\\/uploads\\\/2021\\\/11\\\/DUOO_Julia-Marois06-scaled-1.jpg\",\"datePublished\":\"2021-11-03T13:53:00+00:00\",\"dateModified\":\"2022-03-17T13:55:05+00:00\",\"breadcrumb\":{\"@id\":\"https:\\\/\\\/effetquebec.ca\\\/en\\\/trends\\\/what-roles-do-creators-and-artists-play-in-our-cities-urban-development\\\/#breadcrumb\"},\"inLanguage\":\"en-CA\",\"potentialAction\":[{\"@type\":\"ReadAction\",\"target\":[\"https:\\\/\\\/effetquebec.ca\\\/en\\\/trends\\\/what-roles-do-creators-and-artists-play-in-our-cities-urban-development\\\/\"]}]},{\"@type\":\"ImageObject\",\"inLanguage\":\"en-CA\",\"@id\":\"https:\\\/\\\/effetquebec.ca\\\/en\\\/trends\\\/what-roles-do-creators-and-artists-play-in-our-cities-urban-development\\\/#primaryimage\",\"url\":\"https:\\\/\\\/effetquebec.ca\\\/wp-content\\\/uploads\\\/2021\\\/11\\\/DUOO_Julia-Marois06-scaled-1.jpg\",\"contentUrl\":\"https:\\\/\\\/effetquebec.ca\\\/wp-content\\\/uploads\\\/2021\\\/11\\\/DUOO_Julia-Marois06-scaled-1.jpg\",\"width\":2560,\"height\":1707},{\"@type\":\"BreadcrumbList\",\"@id\":\"https:\\\/\\\/effetquebec.ca\\\/en\\\/trends\\\/what-roles-do-creators-and-artists-play-in-our-cities-urban-development\\\/#breadcrumb\",\"itemListElement\":[{\"@type\":\"ListItem\",\"position\":1,\"name\":\"Accueil\",\"item\":\"https:\\\/\\\/effetquebec.ca\\\/en\\\/\"},{\"@type\":\"ListItem\",\"position\":2,\"name\":\"Trends\",\"item\":\"https:\\\/\\\/effetquebec.ca\\\/en\\\/trends\\\/\"},{\"@type\":\"ListItem\",\"position\":3,\"name\":\"What roles do creators and artists play in our cities&#8217; urban development?\"}]},{\"@type\":\"WebSite\",\"@id\":\"https:\\\/\\\/effetquebec.ca\\\/en\\\/#website\",\"url\":\"https:\\\/\\\/effetquebec.ca\\\/en\\\/\",\"name\":\"L\u2019Effet Qu\u00e9bec\",\"description\":\"P\u00f4le d\u2019expertise en exportation\",\"publisher\":{\"@id\":\"https:\\\/\\\/effetquebec.ca\\\/en\\\/#organization\"},\"potentialAction\":[{\"@type\":\"SearchAction\",\"target\":{\"@type\":\"EntryPoint\",\"urlTemplate\":\"https:\\\/\\\/effetquebec.ca\\\/en\\\/?s={search_term_string}\"},\"query-input\":{\"@type\":\"PropertyValueSpecification\",\"valueRequired\":true,\"valueName\":\"search_term_string\"}}],\"inLanguage\":\"en-CA\"},{\"@type\":\"Organization\",\"@id\":\"https:\\\/\\\/effetquebec.ca\\\/en\\\/#organization\",\"name\":\"L\u2019Effet Qu\u00e9bec\",\"url\":\"https:\\\/\\\/effetquebec.ca\\\/en\\\/\",\"logo\":{\"@type\":\"ImageObject\",\"inLanguage\":\"en-CA\",\"@id\":\"https:\\\/\\\/effetquebec.ca\\\/en\\\/#\\\/schema\\\/logo\\\/image\\\/\",\"url\":\"https:\\\/\\\/effetquebec.ca\\\/wp-content\\\/uploads\\\/2026\\\/04\\\/EffetQuebec.LogoVertical.RGB_.Noir-fav-1.png\",\"contentUrl\":\"https:\\\/\\\/effetquebec.ca\\\/wp-content\\\/uploads\\\/2026\\\/04\\\/EffetQuebec.LogoVertical.RGB_.Noir-fav-1.png\",\"width\":512,\"height\":512,\"caption\":\"L\u2019Effet Qu\u00e9bec\"},\"image\":{\"@id\":\"https:\\\/\\\/effetquebec.ca\\\/en\\\/#\\\/schema\\\/logo\\\/image\\\/\"},\"sameAs\":[\"https:\\\/\\\/www.facebook.com\\\/XnQuebec\",\"https:\\\/\\\/www.instagram.com\\\/xnquebec\\\/\",\"https:\\\/\\\/www.linkedin.com\\\/company\\\/xnquebec\\\/\"]}]}<\/script>\n<!-- \/ Yoast SEO plugin. -->","yoast_head_json":{"title":"What roles do creators and artists play in our cities' urban development? - L\u2019Effet Qu\u00e9bec","robots":{"index":"index","follow":"follow","max-snippet":"max-snippet:-1","max-image-preview":"max-image-preview:large","max-video-preview":"max-video-preview:-1"},"canonical":"https:\/\/effetquebec.ca\/en\/trends\/what-roles-do-creators-and-artists-play-in-our-cities-urban-development\/","og_locale":"en_US","og_type":"article","og_title":"What roles do creators and artists play in our cities' urban development? - L\u2019Effet Qu\u00e9bec","og_description":"How do artists and urban spaces interact? How do creative people shape our cities and what stimuli can they provide for urban development?","og_url":"https:\/\/effetquebec.ca\/en\/trends\/what-roles-do-creators-and-artists-play-in-our-cities-urban-development\/","og_site_name":"L\u2019Effet Qu\u00e9bec","article_publisher":"https:\/\/www.facebook.com\/XnQuebec","article_modified_time":"2022-03-17T13:55:05+00:00","og_image":[{"width":2560,"height":1707,"url":"https:\/\/effetquebec.ca\/wp-content\/uploads\/2021\/11\/DUOO_Julia-Marois06-scaled-1.jpg","type":"image\/jpeg"}],"twitter_card":"summary_large_image","twitter_misc":{"Est. reading time":"9 minutes"},"schema":{"@context":"https:\/\/schema.org","@graph":[{"@type":"WebPage","@id":"https:\/\/effetquebec.ca\/en\/trends\/what-roles-do-creators-and-artists-play-in-our-cities-urban-development\/","url":"https:\/\/effetquebec.ca\/en\/trends\/what-roles-do-creators-and-artists-play-in-our-cities-urban-development\/","name":"What roles do creators and artists play in our cities' urban development? - L\u2019Effet Qu\u00e9bec","isPartOf":{"@id":"https:\/\/effetquebec.ca\/en\/#website"},"primaryImageOfPage":{"@id":"https:\/\/effetquebec.ca\/en\/trends\/what-roles-do-creators-and-artists-play-in-our-cities-urban-development\/#primaryimage"},"image":{"@id":"https:\/\/effetquebec.ca\/en\/trends\/what-roles-do-creators-and-artists-play-in-our-cities-urban-development\/#primaryimage"},"thumbnailUrl":"https:\/\/effetquebec.ca\/wp-content\/uploads\/2021\/11\/DUOO_Julia-Marois06-scaled-1.jpg","datePublished":"2021-11-03T13:53:00+00:00","dateModified":"2022-03-17T13:55:05+00:00","breadcrumb":{"@id":"https:\/\/effetquebec.ca\/en\/trends\/what-roles-do-creators-and-artists-play-in-our-cities-urban-development\/#breadcrumb"},"inLanguage":"en-CA","potentialAction":[{"@type":"ReadAction","target":["https:\/\/effetquebec.ca\/en\/trends\/what-roles-do-creators-and-artists-play-in-our-cities-urban-development\/"]}]},{"@type":"ImageObject","inLanguage":"en-CA","@id":"https:\/\/effetquebec.ca\/en\/trends\/what-roles-do-creators-and-artists-play-in-our-cities-urban-development\/#primaryimage","url":"https:\/\/effetquebec.ca\/wp-content\/uploads\/2021\/11\/DUOO_Julia-Marois06-scaled-1.jpg","contentUrl":"https:\/\/effetquebec.ca\/wp-content\/uploads\/2021\/11\/DUOO_Julia-Marois06-scaled-1.jpg","width":2560,"height":1707},{"@type":"BreadcrumbList","@id":"https:\/\/effetquebec.ca\/en\/trends\/what-roles-do-creators-and-artists-play-in-our-cities-urban-development\/#breadcrumb","itemListElement":[{"@type":"ListItem","position":1,"name":"Accueil","item":"https:\/\/effetquebec.ca\/en\/"},{"@type":"ListItem","position":2,"name":"Trends","item":"https:\/\/effetquebec.ca\/en\/trends\/"},{"@type":"ListItem","position":3,"name":"What roles do creators and artists play in our cities&#8217; urban development?"}]},{"@type":"WebSite","@id":"https:\/\/effetquebec.ca\/en\/#website","url":"https:\/\/effetquebec.ca\/en\/","name":"L\u2019Effet Qu\u00e9bec","description":"P\u00f4le d\u2019expertise en exportation","publisher":{"@id":"https:\/\/effetquebec.ca\/en\/#organization"},"potentialAction":[{"@type":"SearchAction","target":{"@type":"EntryPoint","urlTemplate":"https:\/\/effetquebec.ca\/en\/?s={search_term_string}"},"query-input":{"@type":"PropertyValueSpecification","valueRequired":true,"valueName":"search_term_string"}}],"inLanguage":"en-CA"},{"@type":"Organization","@id":"https:\/\/effetquebec.ca\/en\/#organization","name":"L\u2019Effet Qu\u00e9bec","url":"https:\/\/effetquebec.ca\/en\/","logo":{"@type":"ImageObject","inLanguage":"en-CA","@id":"https:\/\/effetquebec.ca\/en\/#\/schema\/logo\/image\/","url":"https:\/\/effetquebec.ca\/wp-content\/uploads\/2026\/04\/EffetQuebec.LogoVertical.RGB_.Noir-fav-1.png","contentUrl":"https:\/\/effetquebec.ca\/wp-content\/uploads\/2026\/04\/EffetQuebec.LogoVertical.RGB_.Noir-fav-1.png","width":512,"height":512,"caption":"L\u2019Effet Qu\u00e9bec"},"image":{"@id":"https:\/\/effetquebec.ca\/en\/#\/schema\/logo\/image\/"},"sameAs":["https:\/\/www.facebook.com\/XnQuebec","https:\/\/www.instagram.com\/xnquebec\/","https:\/\/www.linkedin.com\/company\/xnquebec\/"]}]}},"_links":{"self":[{"href":"https:\/\/effetquebec.ca\/en\/wp-json\/wp\/v2\/tendances\/6067","targetHints":{"allow":["GET"]}}],"collection":[{"href":"https:\/\/effetquebec.ca\/en\/wp-json\/wp\/v2\/tendances"}],"about":[{"href":"https:\/\/effetquebec.ca\/en\/wp-json\/wp\/v2\/types\/tendances"}],"author":[{"embeddable":true,"href":"https:\/\/effetquebec.ca\/en\/wp-json\/wp\/v2\/users\/118"}],"wp:featuredmedia":[{"embeddable":true,"href":"https:\/\/effetquebec.ca\/en\/wp-json\/wp\/v2\/media\/5037"}],"wp:attachment":[{"href":"https:\/\/effetquebec.ca\/en\/wp-json\/wp\/v2\/media?parent=6067"}],"curies":[{"name":"wp","href":"https:\/\/api.w.org\/{rel}","templated":true}]}}